{"id":61113,"date":"2012-11-22T00:00:00","date_gmt":"2012-11-21T23:00:00","guid":{"rendered":"https:\/\/dev.institutchiaribcn.com\/testimonios\/sabine-bergmann-escoliose-idiopatica-siringomielia-idiopatica-retrocesso-odontoide-impresao-basilar-e-mielopatia\/"},"modified":"2026-03-20T10:45:55","modified_gmt":"2026-03-20T09:45:55","slug":"sabine-bergmann-escoliose-idiopatica-siringomielia-idiopatica-retrocesso-odontoide-impresao-basilar-e-mielopatia","status":"publish","type":"testimonios","link":"https:\/\/institutchiaribcn.com\/pt\/sabine-bergmann-escoliose-idiopatica-siringomielia-idiopatica-retrocesso-odontoide-impresao-basilar-e-mielopatia\/","title":{"rendered":"Sabine Bergmann. Escoliose idiop\u00e1tica, Siringomielia idiop\u00e1tica, Retrocesso Odontoide, Impres\u00e3o Basilar e Mielopat\u00eda."},"content":{"rendered":"<p>&nbsp;<\/p>\n<p style=\"text-align: justify;\"><strong>Data de interven\u00e7\u00e3o: Setembro 2012<\/strong><\/p>\n<p style=\"text-align: justify;\">Ol\u00e1 desde Berlim, o meu nome \u00e9 Sabine Bergmann e tenho 50 anos.<\/p>\n<p style=\"text-align: justify;\">Desde a minha inf\u00e2ncia tenho escoliose (30 \u00b0). Esta tratou-se \u00a0intensamente a partir dos 12 anos ate o final da fase de crescimento com fisioterapia. Ent\u00e3o disseram que si fizera algum desporto na \u201cvelhice\u201d tinha problemas.<\/p>\n<p style=\"text-align: justify;\">Aos vinte anos tive uma dura queda sob o c\u00f3ccix (dor \u00e0 data) e, em 1994, um traumatismo cervical grave. Desde ent\u00e3o, sempre tinha de lidar com vertigens, n\u00e1usea, dist\u00farbios visuais, dores de cabe\u00e7a e tens\u00e3o muscular. N\u00e3o posso usar\u00a0 \u00f3culos de leitura, porque depois pioram as mol\u00e9stias.<\/p>\n<p style=\"text-align: justify;\">Desde 1999 devido a escoliose, tamb\u00e9m apareceu o desconforto na regi\u00e3o lombar com irradia\u00e7\u00e3o para as pernas e fun\u00e7\u00e3o da bexiga ficava prejudicada. Fazia tratamentos de infiltra\u00e7\u00e3o seguidos por tomografia computadorizada, medicamentos incont\u00e1veis, e tratamentos de fisioterapia intensivos e de reabilita\u00e7\u00e3o. Propuseram-me operar a escoliose, mas ent\u00e3o eu n\u00e3o estava convencida.<\/p>\n<p style=\"text-align: justify;\">Nos \u00faltimos anos, todos estes inconvenientes intensificavam-se cada vez mais. E a minha qualidade de vida foi ficando pior. Somente fazendo alguns exerc\u00edcios leves para estabilizar os m\u00fasculos era imposs\u00edvel porque a coluna cervical, dorsal e lombar sempre ficavam afetadas. Caminhar ou fazer ciclismo sempre me causavam problemas extremos. At\u00e9 mesmo uma visita no cinema poderia \u201cbloquear o meu pesco\u00e7o. A vida di\u00e1ria tornou-se um problema. O meu sistema nervoso vegetativo estava completamente revolto. Durante o dia, fazendo esfor\u00e7os normais, tamb\u00e9m teve problemas com a coluna cervical, muitas vezes dores de cabe\u00e7a, nas pernas e p\u00e9s, coluna vertebral e costelas, muitas vezes ficava desesperada \u00e0 noite por causa da dor. O Yoga ajudava um pouco \u00e0s vezes, sobre tudo mentalmente. Osteopatas aliviavam-me periodicamente (cada tr\u00eas semanas e nas situa\u00e7\u00f5es agudas). Mas depois dum curto per\u00edodo de tempo e \/ ou um m\u00e1 movimento tudo voltava.<\/p>\n<p style=\"text-align: justify;\">Apesar destes tratamentos bons, a \u00a0noite apareciam problemas circulat\u00f3rios, taquicardia e zumbidos. Muitas vezes dormia apenas duas ou tr\u00eas horas, e n\u00e3o podia seguir. Ao virar-me ficava aliviada uma coisa, mas apareciam outras dores. Tentei muitas almofadas incont\u00e1veis. A manh\u00e3 ficava sempre dolorida e querendo saber como fazer para sobreviver o dia, o trabalho e a rotina di\u00e1ria. Todo o meu corpo falhava cada vez mas.<\/p>\n<p style=\"text-align: justify;\">Hoje eu me pergunto como suportei tudo isso.<\/p>\n<p style=\"text-align: justify;\">Os resultados novos revelaram discopatias com mielopatia, retrocesso odontoide com impress\u00e3o basilar e a s\u00edndrome da art\u00e9ria vertebral.<\/p>\n<p style=\"text-align: justify;\">Em Junho de 2012 estava outra vez olhando na internet e encontrei este site. Fiquei, e ainda fico, impressionada com a abordagem que uma s\u00edndrome de trac\u00e7\u00e3o medular (causada pelo grosso filum terminale), foi a causa da minha escoliose e les\u00f5es secund\u00e1rias, igual que o fato de que o transtorno causado pelo traumatismo n\u00e3o melhorou mesmo depois de 18 anos e que os profissionais da minha cidade s\u00f3 me ajudavam apenas temporariamente.<\/p>\n<p style=\"text-align: justify;\">Imediatamente enviei um e-mail para Barcelona e recebei a resposta em alem\u00e3o da amig\u00e1vel Sra. Kuhn.. Ent\u00e3o, tudo aconteceu muito r\u00e1pido e foi operada o 27 de Setembro de 2012 pelo Dr. Royo e a\u00a0 Dra. Saavedra . A decis\u00e3o de voar para Barcelona e operar-me fui muito f\u00e1cil. J\u00e1 desde a\u00a0 dist\u00e2ncia estava absolutamente segura de estar fazendo tudo bem, na visita pr\u00e9-operat\u00f3ria, um dia antes da interven\u00e7\u00e3o planeada, estive completamente calmada, sem d\u00favidas e animada pela equipe e a sua concorr\u00eancia. Senti que nunca antes tinha-me explorado t\u00e3o bem e t\u00e3o completamente.<\/p>\n<p style=\"text-align: justify;\">A opera\u00e7\u00e3o correu bem e no dia seguinte, voltei para casa. Imediatamente ap\u00f3s a cirurgia senti que minhas v\u00e9rtebras cervicais ficavam melhor \u201cparadas\u201d. Quatro horas depois verificaram os mesmos reflexos que antes da cirurgia. Os resultados foram sensacionais, a for\u00e7a tinha aumentado quatro quilos em cada m\u00e3o ap\u00f3s essas poucas horas.<\/p>\n<p style=\"text-align: justify;\">Quando acordei ap\u00f3s a primeira noite ap\u00f3s a cirurgia, caiam-me l\u00e1grimas de alegria \u2013 tinha dormido bem pela primeira vez em anos.<\/p>\n<p style=\"text-align: justify;\">Agora, sete semanas ap\u00f3s a opera\u00e7\u00e3o, olho com prazer no futuro. O mundo \u00e9 fant\u00e1stico quando voc\u00ea est\u00e1 descansado. Agora algumas vezes tenho problemas com a circula\u00e7\u00e3o ou zumbidos \u00e0 noite, mas de maneira reduzida. J\u00e1 n\u00e3o tenho c\u00e3ibras nos p\u00e9 e na perna, tonturas e n\u00e1useas apenas raramente. Dor nas costas e dor na perna voltam as vezes para um momento e ent\u00e3o desaparecem! Todas estas mol\u00e9stias \u00a0antes me acompanhavam constantemente. O meu osteopata diz, que fico mais direita e que nota uma mudan\u00e7a positiva!<\/p>\n<p style=\"text-align: justify;\">Agora eu estou lutando para reembolso pelo seguro da sa\u00fade. O pre\u00e7o de interven\u00e7\u00e3o n\u00e3o foi\u00a0 nada para o que eu ganhei. \u00c9 uma pena que a burocracia do sistema da sa\u00fade alem\u00e3o impedem o reembolso, mesmo que o sucesso \u00e9 vis\u00edvel e mensur\u00e1vel e que a sec\u00e7\u00e3o do filum terminale \u00e8 \u00f3tima para muitos pacientes com escoliose, Arnold Chiari e siringomielia e assim se minimizariam\/evitariam custos dos tratamentos anteriores. Mas continuo lutando ajunto com a \u00a0associa\u00e7\u00e3o internacional de pacientes AI.SAC.SI.SCO (Associa\u00e7\u00e3o Internacional Arnold Chiari I \u2013 Siringomielia \u2013 Escoliose Filum-Tomizados).<\/p>\n<p style=\"text-align: justify;\">OBRIGADA ao equipe do Institut\u00a0<strong>Chiari &amp; Siringomielia &amp; Escoliosis de Barcelona (ICSEB)\u00a0<\/strong><\/p>\n<p style=\"text-align: justify;\">Sou uma pessoa feliz novamente \u2013 poderia abra\u00e7ar o mundo inteiro de tanta felicidade!<\/p>\n<p style=\"text-align: justify;\">Sabine Bergmann (sabberg@gmx.de), Novembro 2012<\/p>\n","protected":false},"featured_media":61114,"template":"","tipos-de-testimonio":[395],"class_list":["post-61113","testimonios","type-testimonios","status-publish","has-post-thumbnail","hentry","tipos-de-testimonio-depoimentos-escoliose-idiopatica"],"yoast_head":"<!-- This site is optimized with the Yoast SEO plugin v27.4 - https:\/\/yoast.com\/product\/yoast-seo-wordpress\/ -->\n<title>Sabine Bergmann: siringomielia e escoliose | ICSEB<\/title>\n<meta name=\"description\" content=\"Data de interven\u00e7\u00e3o: Setembro 2012 Ol\u00e1 desde Berlim, o meu nome \u00e9 Sabine Bergmann e tenho 50 anos. Desde a minha inf\u00e2ncia tenho... \u00a0 Ver mais \u2192\" \/>\n<meta name=\"robots\" content=\"index, follow, max-snippet:-1, max-image-preview:large, max-video-preview:-1\" \/>\n<link rel=\"canonical\" href=\"https:\/\/institutchiaribcn.com\/pt\/sabine-bergmann-escoliose-idiopatica-siringomielia-idiopatica-retrocesso-odontoide-impresao-basilar-e-mielopatia\/\" \/>\n<meta property=\"og:locale\" content=\"pt_PT\" \/>\n<meta property=\"og:type\" content=\"article\" \/>\n<meta property=\"og:title\" content=\"Sabine Bergmann: siringomielia e escoliose | ICSEB\" \/>\n<meta property=\"og:description\" content=\"Data de interven\u00e7\u00e3o: Setembro 2012 Ol\u00e1 desde Berlim, o meu nome \u00e9 Sabine Bergmann e tenho 50 anos. Desde a minha inf\u00e2ncia tenho... \u00a0 Ver mais \u2192\" \/>\n<meta property=\"og:url\" content=\"https:\/\/institutchiaribcn.com\/pt\/sabine-bergmann-escoliose-idiopatica-siringomielia-idiopatica-retrocesso-odontoide-impresao-basilar-e-mielopatia\/\" \/>\n<meta property=\"og:site_name\" content=\"Institut Chiari\" \/>\n<meta property=\"article:modified_time\" content=\"2026-03-20T09:45:55+00:00\" \/>\n<meta property=\"og:image\" content=\"https:\/\/institutchiaribcn.com\/wp-content\/uploads\/2025\/09\/SabineBergmann-7.jpg\" \/>\n\t<meta property=\"og:image:width\" content=\"200\" \/>\n\t<meta property=\"og:image:height\" content=\"200\" \/>\n\t<meta property=\"og:image:type\" content=\"image\/jpeg\" \/>\n<meta name=\"twitter:card\" content=\"summary_large_image\" \/>\n<meta name=\"twitter:label1\" content=\"Tempo estimado de leitura\" \/>\n\t<meta name=\"twitter:data1\" content=\"5 minutos\" \/>\n<script type=\"application\/ld+json\" class=\"yoast-schema-graph\">{\"@context\":\"https:\\\/\\\/schema.org\",\"@graph\":[{\"@type\":\"WebPage\",\"@id\":\"https:\\\/\\\/institutchiaribcn.com\\\/pt\\\/sabine-bergmann-escoliose-idiopatica-siringomielia-idiopatica-retrocesso-odontoide-impresao-basilar-e-mielopatia\\\/\",\"url\":\"https:\\\/\\\/institutchiaribcn.com\\\/pt\\\/sabine-bergmann-escoliose-idiopatica-siringomielia-idiopatica-retrocesso-odontoide-impresao-basilar-e-mielopatia\\\/\",\"name\":\"Sabine Bergmann: siringomielia e escoliose | ICSEB\",\"isPartOf\":{\"@id\":\"https:\\\/\\\/institutchiaribcn.com\\\/pt\\\/#website\"},\"primaryImageOfPage\":{\"@id\":\"https:\\\/\\\/institutchiaribcn.com\\\/pt\\\/sabine-bergmann-escoliose-idiopatica-siringomielia-idiopatica-retrocesso-odontoide-impresao-basilar-e-mielopatia\\\/#primaryimage\"},\"image\":{\"@id\":\"https:\\\/\\\/institutchiaribcn.com\\\/pt\\\/sabine-bergmann-escoliose-idiopatica-siringomielia-idiopatica-retrocesso-odontoide-impresao-basilar-e-mielopatia\\\/#primaryimage\"},\"thumbnailUrl\":\"https:\\\/\\\/institutchiaribcn.com\\\/wp-content\\\/uploads\\\/2025\\\/09\\\/SabineBergmann-7.jpg\",\"datePublished\":\"2012-11-21T23:00:00+00:00\",\"dateModified\":\"2026-03-20T09:45:55+00:00\",\"description\":\"Data de interven\u00e7\u00e3o: Setembro 2012 Ol\u00e1 desde Berlim, o meu nome \u00e9 Sabine Bergmann e tenho 50 anos. Desde a minha inf\u00e2ncia tenho... \u00a0 Ver mais \u2192\",\"breadcrumb\":{\"@id\":\"https:\\\/\\\/institutchiaribcn.com\\\/pt\\\/sabine-bergmann-escoliose-idiopatica-siringomielia-idiopatica-retrocesso-odontoide-impresao-basilar-e-mielopatia\\\/#breadcrumb\"},\"inLanguage\":\"pt-PT\",\"potentialAction\":[{\"@type\":\"ReadAction\",\"target\":[\"https:\\\/\\\/institutchiaribcn.com\\\/pt\\\/sabine-bergmann-escoliose-idiopatica-siringomielia-idiopatica-retrocesso-odontoide-impresao-basilar-e-mielopatia\\\/\"]}]},{\"@type\":\"ImageObject\",\"inLanguage\":\"pt-PT\",\"@id\":\"https:\\\/\\\/institutchiaribcn.com\\\/pt\\\/sabine-bergmann-escoliose-idiopatica-siringomielia-idiopatica-retrocesso-odontoide-impresao-basilar-e-mielopatia\\\/#primaryimage\",\"url\":\"https:\\\/\\\/institutchiaribcn.com\\\/wp-content\\\/uploads\\\/2025\\\/09\\\/SabineBergmann-7.jpg\",\"contentUrl\":\"https:\\\/\\\/institutchiaribcn.com\\\/wp-content\\\/uploads\\\/2025\\\/09\\\/SabineBergmann-7.jpg\",\"width\":200,\"height\":200},{\"@type\":\"BreadcrumbList\",\"@id\":\"https:\\\/\\\/institutchiaribcn.com\\\/pt\\\/sabine-bergmann-escoliose-idiopatica-siringomielia-idiopatica-retrocesso-odontoide-impresao-basilar-e-mielopatia\\\/#breadcrumb\",\"itemListElement\":[{\"@type\":\"ListItem\",\"position\":1,\"name\":\"Portada\",\"item\":\"https:\\\/\\\/institutchiaribcn.com\\\/pt\\\/\"},{\"@type\":\"ListItem\",\"position\":2,\"name\":\"Testimonios\",\"item\":\"https:\\\/\\\/institutchiaribcn.com\\\/pt\\\/testimonios\\\/\"},{\"@type\":\"ListItem\",\"position\":3,\"name\":\"Sabine Bergmann. Escoliose idiop\u00e1tica, Siringomielia idiop\u00e1tica, Retrocesso Odontoide, Impres\u00e3o Basilar e Mielopat\u00eda.\"}]},{\"@type\":\"WebSite\",\"@id\":\"https:\\\/\\\/institutchiaribcn.com\\\/pt\\\/#website\",\"url\":\"https:\\\/\\\/institutchiaribcn.com\\\/pt\\\/\",\"name\":\"Institut Chiari de Barcelona\",\"description\":\"\",\"publisher\":{\"@id\":\"https:\\\/\\\/institutchiaribcn.com\\\/pt\\\/#organization\"},\"potentialAction\":[{\"@type\":\"SearchAction\",\"target\":{\"@type\":\"EntryPoint\",\"urlTemplate\":\"https:\\\/\\\/institutchiaribcn.com\\\/pt\\\/?s={search_term_string}\"},\"query-input\":{\"@type\":\"PropertyValueSpecification\",\"valueRequired\":true,\"valueName\":\"search_term_string\"}}],\"inLanguage\":\"pt-PT\"},{\"@type\":\"Organization\",\"@id\":\"https:\\\/\\\/institutchiaribcn.com\\\/pt\\\/#organization\",\"name\":\"Institut Chiari de Barcelona\",\"url\":\"https:\\\/\\\/institutchiaribcn.com\\\/pt\\\/\",\"logo\":{\"@type\":\"ImageObject\",\"inLanguage\":\"pt-PT\",\"@id\":\"https:\\\/\\\/institutchiaribcn.com\\\/pt\\\/#\\\/schema\\\/logo\\\/image\\\/\",\"url\":\"https:\\\/\\\/institutchiaribcn.com\\\/wp-content\\\/uploads\\\/2025\\\/10\\\/cropped-cropped-icsebNavLogo-1.png\",\"contentUrl\":\"https:\\\/\\\/institutchiaribcn.com\\\/wp-content\\\/uploads\\\/2025\\\/10\\\/cropped-cropped-icsebNavLogo-1.png\",\"width\":245,\"height\":99,\"caption\":\"Institut Chiari de Barcelona\"},\"image\":{\"@id\":\"https:\\\/\\\/institutchiaribcn.com\\\/pt\\\/#\\\/schema\\\/logo\\\/image\\\/\"}}]}<\/script>\n<!-- \/ Yoast SEO plugin. -->","yoast_head_json":{"title":"Sabine Bergmann: siringomielia e escoliose | ICSEB","description":"Data de interven\u00e7\u00e3o: Setembro 2012 Ol\u00e1 desde Berlim, o meu nome \u00e9 Sabine Bergmann e tenho 50 anos. Desde a minha inf\u00e2ncia tenho... \u00a0 Ver mais \u2192","robots":{"index":"index","follow":"follow","max-snippet":"max-snippet:-1","max-image-preview":"max-image-preview:large","max-video-preview":"max-video-preview:-1"},"canonical":"https:\/\/institutchiaribcn.com\/pt\/sabine-bergmann-escoliose-idiopatica-siringomielia-idiopatica-retrocesso-odontoide-impresao-basilar-e-mielopatia\/","og_locale":"pt_PT","og_type":"article","og_title":"Sabine Bergmann: siringomielia e escoliose | ICSEB","og_description":"Data de interven\u00e7\u00e3o: Setembro 2012 Ol\u00e1 desde Berlim, o meu nome \u00e9 Sabine Bergmann e tenho 50 anos. Desde a minha inf\u00e2ncia tenho... \u00a0 Ver mais \u2192","og_url":"https:\/\/institutchiaribcn.com\/pt\/sabine-bergmann-escoliose-idiopatica-siringomielia-idiopatica-retrocesso-odontoide-impresao-basilar-e-mielopatia\/","og_site_name":"Institut Chiari","article_modified_time":"2026-03-20T09:45:55+00:00","og_image":[{"width":200,"height":200,"url":"https:\/\/institutchiaribcn.com\/wp-content\/uploads\/2025\/09\/SabineBergmann-7.jpg","type":"image\/jpeg"}],"twitter_card":"summary_large_image","twitter_misc":{"Tempo estimado de leitura":"5 minutos"},"schema":{"@context":"https:\/\/schema.org","@graph":[{"@type":"WebPage","@id":"https:\/\/institutchiaribcn.com\/pt\/sabine-bergmann-escoliose-idiopatica-siringomielia-idiopatica-retrocesso-odontoide-impresao-basilar-e-mielopatia\/","url":"https:\/\/institutchiaribcn.com\/pt\/sabine-bergmann-escoliose-idiopatica-siringomielia-idiopatica-retrocesso-odontoide-impresao-basilar-e-mielopatia\/","name":"Sabine Bergmann: siringomielia e escoliose | ICSEB","isPartOf":{"@id":"https:\/\/institutchiaribcn.com\/pt\/#website"},"primaryImageOfPage":{"@id":"https:\/\/institutchiaribcn.com\/pt\/sabine-bergmann-escoliose-idiopatica-siringomielia-idiopatica-retrocesso-odontoide-impresao-basilar-e-mielopatia\/#primaryimage"},"image":{"@id":"https:\/\/institutchiaribcn.com\/pt\/sabine-bergmann-escoliose-idiopatica-siringomielia-idiopatica-retrocesso-odontoide-impresao-basilar-e-mielopatia\/#primaryimage"},"thumbnailUrl":"https:\/\/institutchiaribcn.com\/wp-content\/uploads\/2025\/09\/SabineBergmann-7.jpg","datePublished":"2012-11-21T23:00:00+00:00","dateModified":"2026-03-20T09:45:55+00:00","description":"Data de interven\u00e7\u00e3o: Setembro 2012 Ol\u00e1 desde Berlim, o meu nome \u00e9 Sabine Bergmann e tenho 50 anos. Desde a minha inf\u00e2ncia tenho... \u00a0 Ver mais \u2192","breadcrumb":{"@id":"https:\/\/institutchiaribcn.com\/pt\/sabine-bergmann-escoliose-idiopatica-siringomielia-idiopatica-retrocesso-odontoide-impresao-basilar-e-mielopatia\/#breadcrumb"},"inLanguage":"pt-PT","potentialAction":[{"@type":"ReadAction","target":["https:\/\/institutchiaribcn.com\/pt\/sabine-bergmann-escoliose-idiopatica-siringomielia-idiopatica-retrocesso-odontoide-impresao-basilar-e-mielopatia\/"]}]},{"@type":"ImageObject","inLanguage":"pt-PT","@id":"https:\/\/institutchiaribcn.com\/pt\/sabine-bergmann-escoliose-idiopatica-siringomielia-idiopatica-retrocesso-odontoide-impresao-basilar-e-mielopatia\/#primaryimage","url":"https:\/\/institutchiaribcn.com\/wp-content\/uploads\/2025\/09\/SabineBergmann-7.jpg","contentUrl":"https:\/\/institutchiaribcn.com\/wp-content\/uploads\/2025\/09\/SabineBergmann-7.jpg","width":200,"height":200},{"@type":"BreadcrumbList","@id":"https:\/\/institutchiaribcn.com\/pt\/sabine-bergmann-escoliose-idiopatica-siringomielia-idiopatica-retrocesso-odontoide-impresao-basilar-e-mielopatia\/#breadcrumb","itemListElement":[{"@type":"ListItem","position":1,"name":"Portada","item":"https:\/\/institutchiaribcn.com\/pt\/"},{"@type":"ListItem","position":2,"name":"Testimonios","item":"https:\/\/institutchiaribcn.com\/pt\/testimonios\/"},{"@type":"ListItem","position":3,"name":"Sabine Bergmann. Escoliose idiop\u00e1tica, Siringomielia idiop\u00e1tica, Retrocesso Odontoide, Impres\u00e3o Basilar e Mielopat\u00eda."}]},{"@type":"WebSite","@id":"https:\/\/institutchiaribcn.com\/pt\/#website","url":"https:\/\/institutchiaribcn.com\/pt\/","name":"Institut Chiari de Barcelona","description":"","publisher":{"@id":"https:\/\/institutchiaribcn.com\/pt\/#organization"},"potentialAction":[{"@type":"SearchAction","target":{"@type":"EntryPoint","urlTemplate":"https:\/\/institutchiaribcn.com\/pt\/?s={search_term_string}"},"query-input":{"@type":"PropertyValueSpecification","valueRequired":true,"valueName":"search_term_string"}}],"inLanguage":"pt-PT"},{"@type":"Organization","@id":"https:\/\/institutchiaribcn.com\/pt\/#organization","name":"Institut Chiari de Barcelona","url":"https:\/\/institutchiaribcn.com\/pt\/","logo":{"@type":"ImageObject","inLanguage":"pt-PT","@id":"https:\/\/institutchiaribcn.com\/pt\/#\/schema\/logo\/image\/","url":"https:\/\/institutchiaribcn.com\/wp-content\/uploads\/2025\/10\/cropped-cropped-icsebNavLogo-1.png","contentUrl":"https:\/\/institutchiaribcn.com\/wp-content\/uploads\/2025\/10\/cropped-cropped-icsebNavLogo-1.png","width":245,"height":99,"caption":"Institut Chiari de Barcelona"},"image":{"@id":"https:\/\/institutchiaribcn.com\/pt\/#\/schema\/logo\/image\/"}}]}},"_links":{"self":[{"href":"https:\/\/institutchiaribcn.com\/pt\/wp-json\/wp\/v2\/testimonios\/61113","targetHints":{"allow":["GET"]}}],"collection":[{"href":"https:\/\/institutchiaribcn.com\/pt\/wp-json\/wp\/v2\/testimonios"}],"about":[{"href":"https:\/\/institutchiaribcn.com\/pt\/wp-json\/wp\/v2\/types\/testimonios"}],"wp:featuredmedia":[{"embeddable":true,"href":"https:\/\/institutchiaribcn.com\/pt\/wp-json\/wp\/v2\/media\/61114"}],"wp:attachment":[{"href":"https:\/\/institutchiaribcn.com\/pt\/wp-json\/wp\/v2\/media?parent=61113"}],"wp:term":[{"taxonomy":"tipos-de-testimonio","embeddable":true,"href":"https:\/\/institutchiaribcn.com\/pt\/wp-json\/wp\/v2\/tipos-de-testimonio?post=61113"}],"curies":[{"name":"wp","href":"https:\/\/api.w.org\/{rel}","templated":true}]}}