{"id":15160,"date":"2026-03-20T00:00:53","date_gmt":"2026-03-19T23:00:53","guid":{"rendered":"https:\/\/dev.institutchiaribcn.com\/enfermedades\/sindrome-de-fadiga-cronica-ou-encefalomielite-mialgica\/"},"modified":"2026-04-09T14:10:24","modified_gmt":"2026-04-09T12:10:24","slug":"sindrome-fadiga-cronica-encefalomielite-mialgica","status":"publish","type":"enfermedades","link":"https:\/\/institutchiaribcn.com\/pt\/sindrome-fadiga-cronica-encefalomielite-mialgica\/","title":{"rendered":"S\u00edndrome de Fadiga Cr\u00f4nica"},"content":{"rendered":"<p><strong>\u00daltima atualiza\u00e7\u00e3o: 20\/03\/2026, <\/strong><a href=\"https:\/\/institutchiaribcn.com\/pt\/equipe-clinica\/\" target=\"_blank\" rel=\"noopener noreferrer\"><strong>Dr. Miguel B. Royo Salvador<\/strong><\/a>, <strong>n\u00famero de registro m\u00e9dico: 10389. Neurocirurgi\u00e3o e Neurologista.<\/strong><\/p>\n<h2><strong>Defini\u00e7\u00e3o<\/strong><\/h2>\n<p style=\"text-align: justify;\">A S\u00edndrome de Fadiga Cr\u00f4nica (SFC) ou Encefalite Mi\u00e1lgica (EnM) \u00e9 uma doen\u00e7a grave. Trata-se de um transtorno complexo e de larga dura\u00e7\u00e3o, que pode afetar muitos sistemas do organismo. Caracteriza-se por uma fadiga extrema, que n\u00e3o melhora com o descanso e que implica a dificuldade para a realiza\u00e7\u00e3o de atividades normais, impedindo o(a) paciente, inclusive, se levantar da cama. Tamb\u00e9m \u00e9 definida como \u201cDoen\u00e7a sist\u00eamica por intoler\u00e2ncia ao esfor\u00e7o\u201d.<\/p>\n<p>A partir de 1984, as S\u00edndromes de Sensibilidade Central s\u00e3o propostas como conceito patol\u00f3gico, que engloba diversos processos com caracter\u00edsticas comuns, entre os quais est\u00e3o a S\u00edndrome de Fadiga Cr\u00f4nica ou Encefalite Mi\u00e1lgica e a Fibromialgia.<\/p>\n<div align=\"center\"><img decoding=\"async\" class=\"aligncenter size-full wp-image-8328 img-responsive\" src=\"https:\/\/institutchiaribcn.com\/wp-content\/uploads\/2020\/03\/Sindrome-de-Fatiga-Cronica-o-Encefalomielitis-Mialgica.png\" alt=\"\" \/><\/div>\n<p style=\"text-align: center;\"><em>Fig.1<\/em><\/p>\n<hr \/>\n<h2><strong>Sintomas<\/strong><\/h2>\n<p style=\"text-align: justify;\">A S\u00edndrome de Fadiga Cr\u00f4nica ou Encefalite Mi\u00e1lgica se caracteriza por um quadro cl\u00ednico, que pode incluir alguns dos seguintes sintomas: <strong>cansa\u00e7o severo ou esgotamento extremo, que dura mais de 24 horas depois de algum epis\u00f3dio de esfor\u00e7o f\u00edsico; mal-estar ou fadiga ap\u00f3s esfor\u00e7os f\u00edsicos, com piora dos sintomas; dor articular ou muscular sem causa aparente; dores de cabe\u00e7a; dificuldade para se concentrar; perda de mem\u00f3ria; ins\u00f4nia; sono n\u00e3o reparador; tonturas; dor de garganta e discreto aumento ou dor dos g\u00e2nglios linf\u00e1ticos.<\/strong><\/p>\n<div style=\"padding: 10px;\"><\/div>\n<hr \/>\n<h2><strong>Diagn\u00f3stico<\/strong><\/h2>\n<p style=\"text-align: justify;\">At\u00e9 agora, era um diagn\u00f3stico de exclus\u00e3o, definido a partir uma s\u00e9rie de exames, que permitiam descartar outras patologias com sintomas similares.<\/p>\n<p>Para concluir o diagn\u00f3stico por exclus\u00e3o, \u00e9 necess\u00e1rio que a fadiga tenha se apresentado nos \u00faltimos seis meses e esteja relacionada a, pelo menos, quatro dos sintomas mencionados.<\/p>\n<p>Al\u00e9m disso, existem v\u00e1rios crit\u00e9rios para considerar a exist\u00eancia de uma S\u00edndrome de Fadiga Cr\u00f4nica ou Encefalite Mi\u00e1lgica: crit\u00e9rio Fukuda 1994, Canadian Consensus Criteria (CCC) 2003 e Myalgic Encephalomyelitis-International Consensus Criteria (ME-ICC) 2011.<br \/>\nSegundo Nakatomi Y. 2018, com a tomografia da emiss\u00e3o de p\u00f3sitrons (PET), foi demonstrada a exist\u00eancia de uma neuro-inflama\u00e7\u00e3o muito extensa nas \u00e1reas cerebrais dos pacientes diagnosticados de S\u00edndrome de Fadiga Cr\u00f4nica ou Encefalite Mi\u00e1lgica, que est\u00e1 ligada \u00e0 gravidade dos seus sintomas neuropsicol\u00f3gicos.<\/p>\n<p>Baseando-se nas descobertas cient\u00edficas sobre a Fibromialgia (link), o pertencimento desta \u00faltima ao mesmo grupo da S\u00edndrome de Fadiga Cr\u00f4nica ou Encefalite Mi\u00e1lgica e a observa\u00e7\u00e3o de v\u00e1rios casos co-diagnosticados de Doen\u00e7a do Filum, o m\u00e9todo Filum System\u00ae sugere que se proceda uma Resson\u00e2ncia Magn\u00e9tica (RM) encef\u00e1lica e da coluna vertebral.<\/p>\n<p>Mediante uma RM, \u00e9 poss\u00edvel comprovar a prov\u00e1vel presen\u00e7a de sinais, que indiquem uma tra\u00e7\u00e3o an\u00f4mala da medula espinhal, como poss\u00edvel altera\u00e7\u00e3o correlativa e vis\u00edvel nas neuro-imagens. Al\u00e9m disso, se recomenda fazer uma tomografia por emiss\u00e3o de p\u00f3sitrons (PET) encef\u00e1lica.<\/p>\n<div style=\"padding: 10px;\"><\/div>\n<hr \/>\n<h2><strong>Causas<\/strong><\/h2>\n<p style=\"text-align: justify;\">Atualmente, as causas espec\u00edficas da S\u00edndrome de Fadiga Cr\u00f4nica ou Encefalite Mi\u00e1lgica s\u00e3o desconhecidas.<\/p>\n<p>Em rela\u00e7\u00e3o \u00e0s pesquisas sobre a mesma, os(as) especialistas consideram que uma pr\u00e9-disposi\u00e7\u00e3o cong\u00eanita a este transtorno poderia, mais tarde, se manifestar devido a uma combina\u00e7\u00e3o de fatores. Alguns poss\u00edveis fatores causais a serem pesquisados, segundo os(as) especialista, s\u00e3o os seguintes\uff1a<\/p>\n<ul>\n<li><strong>Infec\u00e7\u00f5es virais:<\/strong> j\u00e1 que foram detectados diversos casos de aparecimento da S\u00edndrome depois de uma infec\u00e7\u00e3o viral.<\/li>\n<li><strong>Problemas ou mudan\u00e7as do sistema imunit\u00e1rio:<\/strong> pois se observou que o sistema imunit\u00e1rio dos(as) pacientes com a S\u00edndrome de Fadiga Cr\u00f4nica ou Encefalite Mi\u00e1lgica parece estar afetado.<\/li>\n<li>Desequil\u00edbrios hormonais.<\/li>\n<\/ul>\n<p><strong>&#8211; Segundo o m\u00e9todo m\u00e9dico Filum System<sup>\u00ae<\/sup>:<\/strong><\/p>\n<p style=\"text-align: justify;\">Devido \u00e0s \u00faltimas descobertas sobre a Fibromialgia e a sua poss\u00edvel pr\u00e9-disposi\u00e7\u00e3o &#8211; causada pela tra\u00e7\u00e3o anormal da medula, provocada por um Filum Terminale excessivamente curto ou tenso-, tamb\u00e9m se sugere levar em conta a poss\u00edvel presen\u00e7a de uma tra\u00e7\u00e3o an\u00f4mala em casos de S\u00edndrome de Fadiga Cr\u00f4nica ou Encefalite Mi\u00e1lgica, enquanto patologia do mesmo grupo da Fibromialgia.<\/p>\n<p>&nbsp;<\/p>\n<hr \/>\n<h2><strong>Fatores de Risco<\/strong><\/h2>\n<p style=\"text-align: justify;\">Entre os fatores de risco relacionados \u00e0 S\u00edndrome de Fadiga Cr\u00f4nica ou Encefalite Mi\u00e1lgica, se reconhecem, principalmente, os seguintes:<\/p>\n<ul>\n<li><strong>Idade:<\/strong> j\u00e1 que esta s\u00edndrome pode afetar a pacientes adultos(as) de qualquer idade, mas se observa que a sua incid\u00eancia aumenta especialmente entre os 40 e os 50 anos.<\/li>\n<li><strong>Sexo feminino:<\/strong> pois as mulheres costumam ter este diagn\u00f3stico com mais frequ\u00eancia do que os homens. No entanto, por ser uma doen\u00e7a de recente classifica\u00e7\u00e3o, ainda n\u00e3o est\u00e1 comprovado se isto pode ser devido a uma maior tend\u00eancia entre pacientes do sexo feminino de referir os seus sintomas.<\/li>\n<li><strong>Estresse:<\/strong> uma vez que foi constatado que o estresse f\u00edsico ou mental pode ser um fator que desencadeia a S\u00edndrome de Fadiga Cr\u00f4nica ou Encefalite Mi\u00e1lgica.<\/li>\n<li><strong>Fatores gen\u00e9ticos\/ Antecedentes familiares:<\/strong> j\u00e1 que os membros de uma mesma fam\u00edlia, \u00e0s vezes, t\u00eam a S\u00edndrome e, por esta raz\u00e3o, h\u00e1 pesquisas em andamento para saber se a gen\u00e9tica poderia ter participa\u00e7\u00e3o na S\u00edndrome de Fadiga Cr\u00f4nica ou Encefalite Mi\u00e1lgica.<\/li>\n<\/ul>\n<p style=\"text-align: justify;\">O Filum System<sup>\u00ae<\/sup> considera tamb\u00e9m uma poss\u00edvel correla\u00e7\u00e3o entre a S\u00edndrome de Fadiga Cr\u00f4nica ou Encefalite Mi\u00e1lgica e a tra\u00e7\u00e3o caudal -produzida por um Filum terminale excessivamente tenso- \u00e0 qual denominamos \u201cDoen\u00e7a do Filum\u201d e que consiste em uma patologia cong\u00eanita, que se pode transmitir entre familiares.<\/p>\n<div style=\"padding: 10px;\"><\/div>\n<hr \/>\n<h2><strong>Complica\u00e7\u00f5es<\/strong><\/h2>\n<p style=\"text-align: justify;\">As principais complica\u00e7\u00f5es observadas nos casos diagnosticados de S\u00edndrome de Fadiga Cr\u00f4nica ou Encefalite Mi\u00e1lgica s\u00e3o as seguintes:<\/p>\n<ul>\n<li><strong>Depress\u00e3o:<\/strong> O esgotamento extremo e o cansa\u00e7o generalizado, juntamente com outros sintomas e, especialmente, a dor cr\u00f4nica que afeta os(as) pacientes, podem participar no aparecimento de uma depress\u00e3o.<\/li>\n<li><strong>Isolamento social:<\/strong> Devido \u00e0s dificuldades para se manter uma vida normal, ao mal-estar f\u00edsico e \u00e0s limita\u00e7\u00f5es que a fadiga cr\u00f4nica pode causar no dia-a-dia dos(as) pacientes, estes(as) acabam, frequentemente, se isolando socialmente.<\/li>\n<li><strong>Piora da qualidade de vida:<\/strong> Com o avan\u00e7o da doen\u00e7a, se observa nos\/nas pacientes uma perda de qualidade de vida.<\/li>\n<\/ul>\n<p>&nbsp;<\/p>\n<hr \/>\n<h2><strong>Tratamentos<\/strong><\/h2>\n<p style=\"text-align: justify;\">N\u00e3o existe um tratamento reconhecido para curar a S\u00edndrome de Fadiga Cr\u00f4nica ou Encefalite Mi\u00e1lgica. Atualmente, os tratamentos mais efetivos est\u00e3o enfocados no al\u00edvio dos sintomas, tais como:<\/p>\n<ul>\n<li>Treinamento cognitivo<\/li>\n<li>Exerc\u00edcios graduais<\/li>\n<li>Estrat\u00e9gias mediante rotinas regulares, relaxamento e t\u00e9cnicas para dormir mais e melhor.<\/li>\n<li>Tratamentos do sono<\/li>\n<li>Tratamentos da dor<\/li>\n<li>Dieta equilibrada<\/li>\n<\/ul>\n<p style=\"text-align: justify;\">Em rela\u00e7\u00e3o \u00e0 nossa especialidade, a neurocirurgia, a partir de um estudo publicado pelo Dr. Mantia e colaboradores em 2015 baseado na aplica\u00e7\u00e3o do Filum System\u00ae, se comprovou que a abordagem cir\u00fargica de alguns casos de Fibromialgia, antes da fisioterapia, pode beneficiar os(as) pacientes, sempre que se confirme, previamente, a exist\u00eancia de sinais da Doen\u00e7a do Filum.<\/p>\n<p>Ainda n\u00e3o se sabe se isto pode ser atribu\u00eddo a um subgrupo de S\u00edndromes de Sensibilidade Central ou a interpreta\u00e7\u00f5es diagn\u00f3sticas equivocadas, mas, em v\u00e1rios casos co-diagnosticados de S\u00edndrome de Fadiga Cr\u00f4nica ou Encefalite Mi\u00e1lgica, se observou a presen\u00e7a da tra\u00e7\u00e3o caudal an\u00f4mala do sistema nervoso. Por esta raz\u00e3o, este fen\u00f4meno est\u00e1 sendo estudado. Recomendamos comprovar se os sinais da Doen\u00e7a do Filum foram detectados nos(as) pacientes para poder aplicar o tratamento neurocir\u00fargico antes do sintom\u00e1tico.<\/p>\n<p>Desde 1993, com a publica\u00e7\u00e3o da tese de doutorado do Dr. Royo Salvador, que relaciona a tra\u00e7\u00e3o caudal de todo o sistema nervoso pelo <em>filum terminale<\/em> \u00e0 causa de v\u00e1rias patologias que fazem parte da Doen\u00e7a do Filum, se fez um <strong>novo tratamento<\/strong>&#8211; neste caso etiol\u00f3gico ou quanto \u00e0 <em>causa<\/em>&#8211; j\u00e1 que ao se <strong>seccionar cirurgicamente o filum terminale<\/strong>, se elimina a for\u00e7a de tra\u00e7\u00e3o medular caudal respons\u00e1vel pelo mecanismo patol\u00f3gico da mesma.<\/p>\n<p>A nossa t\u00e9cnica de sec\u00e7\u00e3o do Filum terminale \u00e9 minimamente invasiva e se costuma indicar em todos os casos de Doen\u00e7a do Filum o quanto antes, j\u00e1 que tal tratamento tem riscos m\u00ednimos e ainda det\u00e9m a evolu\u00e7\u00e3o da doen\u00e7a.<\/p>\n<div style=\"padding: 10px;\"><\/div>\n<hr \/>\n<h2><strong>Sec\u00e7\u00e3o do Filum Terminale minimamente invasiva do Filum System<sup>\u00ae<\/sup><\/strong><\/h2>\n<div class=\"row\">\n<div class=\"col-md-12\">\n<div class=\"boxAdvantages barAdvantages\">\n<div align=\"center\"><\/div>\n<h3><strong>Vantagens<\/strong><\/h3>\n<p style=\"text-align: justify; padding-left: 30px;\">1. Elimina a tra\u00e7\u00e3o da medula espinhal provocada pelo ligamento Filum terminale, quando este \u00e9 muito curto ou tenso.<\/p>\n<p style=\"text-align: justify; padding-left: 30px;\">2. Com a t\u00e9cnica cir\u00fargica minimamente invasiva exclusiva do ICSEB, o tempo cir\u00fargico \u00e9 de 45 minutos. A interna\u00e7\u00e3o hospitalar dura poucas horas. A anestesia costuma ser local. O p\u00f3s-operat\u00f3rio geralmente \u00e9 curto e sem limita\u00e7\u00f5es. Em geral, n\u00e3o h\u00e1 interna\u00e7\u00e3o na Unidade de Terapia Intensiva (UTI) e tampouco se costumam fazer transfus\u00f5es de sangue.<\/p>\n<p style=\"text-align: justify; padding-left: 30px;\">3. A aplica\u00e7\u00e3o do nosso tratamento tem um \u00edndice de mortalidade de 0%, sem sequelas.<\/p>\n<p style=\"text-align: justify; padding-left: 30px;\">4. Melhora os sintomas e det\u00e9m a evolu\u00e7\u00e3o nas patologias relacionadas \u00e0 Doen\u00e7a do Filum.<\/p>\n<\/div>\n<\/div>\n<\/div>\n<div style=\"padding: 10px;\"><\/div>\n<hr \/>\n<h2><strong>Resultados<\/strong><\/h2>\n<p style=\"text-align: justify;\">Com o m\u00e9todo do Filum System<sup>\u00ae<\/sup>, j\u00e1 foram operados mais de 1.700 pacientes com a Doen\u00e7a do Filum e a S\u00edndrome Neuro Cr\u00e2nio Vertebral, eliminando a causa e estagnando a evolu\u00e7\u00e3o da doen\u00e7a e o conflito mec\u00e2nico no sistema nervoso, com excelentes resultados e um alto \u00edndice de satisfa\u00e7\u00e3o entre os\/as pacientes.<\/p>\n<p>Entre pacientes com Fibromialgia submetidos(as) ao tratamento cir\u00fargico de Sec\u00e7\u00e3o do Filum Terminale, segundo o m\u00e9todo Filum System\u00ae, e que, posteriormente, fizeram fisioterapia, foi poss\u00edvel observar que a maioria teve uma melhora significativa em compara\u00e7\u00e3o com os(as) pacientes que somente se submeteram a sess\u00f5es de fisioterapia.<\/p>\n<p>Em diversos casos, os(as) pacientes tamb\u00e9m tinham a S\u00edndrome de Fadiga Cr\u00f4nica ou Encefalite Mi\u00e1lgica co-diagnosticada com a Doen\u00e7a do Filum e\/ou Fibromialgia<\/p>\n<p>&nbsp;<\/p>\n<hr \/>\n<h2><strong>Refer\u00eancias Bibliogr\u00e1ficas:<\/strong><\/h2>\n<ol>\n<li style=\"font-size: 16px; font-weight: 300; text-align: justify;\"><a href=\"http:\/\/iacfsme.org\/portals\/0\/pdf\/Primer_Post_2014_conference.pdf\">IACFS\/ME: Primer for Clinical Practitioners . Members of the IACFS\/ME Primer Writing Committee, Fred Friedberg, Ph.D., Chairperson Stony Brook, 2014, New York, USA.<\/a><\/li>\n<li style=\"font-size: 16px; font-weight: 300; text-align: justify;\">Yunus, M. B. (2007). <a href=\"https:\/\/www.ncbi.nlm.nih.gov\/pubmed\/17602995\">Role of central sensitization in symptoms beyond muscle pain, and the evaluation of a patient with widespread pain<\/a>. Best Practice &amp; Research Clinical Rheumatology, 21(3), 481-497.<\/li>\n<li style=\"font-size: 16px; font-weight: 300; text-align: justify;\">Nakatomi Y, Mizuno K, Ishii A, Wada Y, Tanaka M, Tazawa S, Onoe K, Fukuda S, Kawabe J, Takahashi K, et al. J Neuroinflammation in Patients with Chronic Fatigue Syndrome\/Myalgic Encephalomyelitis: An C-(R)-PK11195 PET Study. Nucl Med. 2014 Jun; 55(6): 945-50. Epub 2014 Mar 24.<\/li>\n<li style=\"font-size: 16px; font-weight: 300; text-align: justify;\">Dr. Miguel B. Royo Salvador (1996), <a href=\"https:\/\/institutchiaribcn.com\/pdf\/publicaciones\/dr-royo\/Siringomielia-escoliosis-malformacion-Arnold_Chiari-idiopatica.pdf\" target=\"_blank\" rel=\"noopener noreferrer\"><strong>Siringomielia<\/strong>, <strong>escoliosis<\/strong> y malformaci\u00f3n de <strong>Arnold-Chiari<\/strong> idiop\u00e1ticas, etiolog\u00eda com\u00fan (PDF).<\/a> REV NEUROL (Barc); 24 (132): 937-959.<\/li>\n<li style=\"font-size: 16px; font-weight: 300; text-align: justify;\">Dr. Miguel B. Royo Salvador (1996), <a href=\"https:\/\/institutchiaribcn.com\/pdf\/publicaciones\/dr-royo\/platibasia-impresion-basilar-retroceso-odontoideo.pdf\" target=\"_blank\" rel=\"noopener noreferrer\"><strong>Platibasia<\/strong>, impresi\u00f3n basilar, retroceso odontoideo y kinking del tronco cerebral, etiolog\u00eda com\u00fan con la <strong>siringomielia<\/strong>, <strong>escoliosis<\/strong> y <strong>malformaci\u00f3n de Arnold-Chiari<\/strong> idiop\u00e1ticas (PDF).<\/a> REV NEUROL (Barc); 24 (134): 1241-1250<\/li>\n<li style=\"font-size: 16px; font-weight: 300; text-align: justify;\">Dr. Miguel B. Royo Salvador (1997), <a href=\"https:\/\/institutchiaribcn.com\/pdf\/publicaciones\/dr-royo\/Nuevo-tratamiento-sirignomielia-escoliosis-malformacion-Arnold_Chiari.pdf \" target=\"_blank\" rel=\"noopener noreferrer\">Nuevo tratamiento quir\u00fargico para la <strong>siringomielia<\/strong>, la <strong>escoliosis<\/strong>, la <strong>malformaci\u00f3n de Arnold-Chiari<\/strong>, el kinking del tronco cerebral, el retroceso odontoideo, la impresi\u00f3n basilar y la platibasia idiop\u00e1ticas (PDF).<\/a> REV NEUROL; 25 (140): 523-530<\/li>\n<li>M. B. Royo-Salvador, J. Sol\u00e9-Llenas, J. M. Dom\u00e9nech, and R. Gonz\u00e1lez-Adrio, (2005) <a href=\"https:\/\/institutchiaribcn.com\/pdf\/publicaciones\/dr-royo\/results-filum-in-20-patients.pdf \" target=\"_blank\" rel=\"noopener noreferrer\">&#8220;Results of the section of the <strong>filum terminale<\/strong> in 20 patients with <strong>syringomyelia<\/strong>, scoliosis and <strong>Chiari malformation<\/strong>&#8220;.(PDF).<\/a> Acta Neurochir (Wien) 147: 515\u2013523.<\/li>\n<li style=\"font-size: 16px; font-weight: 300; text-align: justify;\">M. B. Royo-Salvador (1992), <a href=\"https:\/\/institutchiaribcn.com\/pdf\/publicaciones\/dr-royo\/tesis_doctoral-Aportacion-etiologia-Siringomielia.pdf\" target=\"_blank\" rel=\"noopener noreferrer\">&#8220;Aportaci\u00f3n a la etiolog\u00eda de la <strong>siringomielia<\/strong>&#8220;, Tesis doctoral (PDF).<\/a> Universidad Aut\u00f3noma de Barcelona.<\/li>\n<li style=\"font-size: 16px; font-weight: 300; text-align: justify;\">M. B. Royo-Salvador (2014), <a href=\"https:\/\/institutchiaribcn.com\/commons\/pdf\/publicaciones\/dr-royo\/filum-system-bibliography.pdf\" target=\"_blank\" rel=\"noopener noreferrer\">&#8220;Filum System<sup>\u00ae<\/sup> Bibliography&#8221; (PDF).<\/a><\/li>\n<li style=\"font-size: 16px; font-weight: 300; text-align: justify;\">M. B. Royo-Salvador (2014), <a href=\"https:\/\/institutchiaribcn.com\/ca\/filum-system-guia-breve\/\" target=\"_blank\" rel=\"noopener noreferrer\">&#8220;Filum System<sup>\u00ae<\/sup> Gu\u00eda Breve&#8221;.<\/a><\/li>\n<\/ol>\n<hr \/>\n<p><button class=\"btn-full btn btn-primary fade-hover\" type=\"button\" data-toggle=\"collapse\" data-target=\"#collapseExample\" aria-expanded=\"false\" aria-controls=\"collapseExample\" aria-label=\"Left Align\">Ver mais<\/button><\/p>\n<div id=\"collapseExample\" class=\"collapse\">\n<div class=\"well\">\n<hr \/>\n<h2><strong>Doen\u00e7a do Filum<\/strong><\/h2>\n<p style=\"text-align: justify;\">Ap\u00f3s as pesquisas do Dr. Royo Salvador (1992), com a sua tese de doutorado, se demonstrou que v\u00e1rias patologias de causa desconhecida -como a Angula\u00e7\u00e3o do tronco cerebral, a Invagina\u00e7\u00e3o Basilar, a S\u00edndrome de Arnold Chiari I, a Siringomielia e a Escoliose idiop\u00e1ticas, a Platibasia e a Retroflex\u00e3o do Processo Odont\u00f3ide- fazem parte de um mesmo grupo de enfermidades com a mesma causa: a tra\u00e7\u00e3o da medula espinhal e de todo o sistema nervoso, constituindo um novo conceito de patologia, denominada Doen\u00e7a do Filum. Quando o conflito mec\u00e2nico n\u00e3o \u00e9 de causa cong\u00eanita, se trata da S\u00edndrome Neuro-cr\u00e2nio-vertebral.<\/p>\n<p>O conflito mec\u00e2nico que determina a for\u00e7a de tra\u00e7\u00e3o de todo o sistema nervoso na Doen\u00e7a do Filum se apresenta em todos os embri\u00f5es humanos. Em maior ou em menor medida, todos sofrem as suas consequ\u00eancias, podendo se manifestar de diversas formas e com as mais variadas intensidades.<\/p>\n<p>Dentro do conceito da Doen\u00e7a do Filum, tamb\u00e9m est\u00e3o envolvidas, por terem a mesma causa, outras patologias, como as h\u00e9rnias de disco vertebrais, algumas s\u00edndromes de insufici\u00eancia vascular cerebral, as s\u00edndromes facet\u00e1ria e de Baastrup, a Fibromialgia, a Fadiga cr\u00f4nica, a Enurese noturna, a incontin\u00eancia urin\u00e1ria e as paraparesias.<\/p>\n<p>Para definir o diagn\u00f3stico, orientar o tratamento e fazer o acompanhamento da Doen\u00e7a do Filum, foi criado um m\u00e9todo m\u00e9dico: o <a href=\"https:\/\/institutchiaribcn.com\/pt\/apresentacao-filum-system\/\"><strong>Filum System<sup>\u00ae<\/sup>.<\/strong> <\/a><\/p>\n<\/div>\n<\/div>\n","protected":false},"featured_media":1533,"template":"","class_list":["post-15160","enfermedades","type-enfermedades","status-publish","has-post-thumbnail","hentry"],"yoast_head":"<!-- This site is optimized with the Yoast SEO plugin v27.4 - https:\/\/yoast.com\/product\/yoast-seo-wordpress\/ -->\n<title>S\u00edndrome de Fadiga Cr\u00f4nica | Institut Chiari Barcelona<\/title>\n<meta name=\"description\" content=\"A s\u00edndrome da fadiga cr\u00f3nica \u00e9 uma perturba\u00e7\u00e3o complexa e de longa dura\u00e7\u00e3o que pode afetar v\u00e1rios sistemas do corpo.\" \/>\n<meta name=\"robots\" content=\"index, follow, max-snippet:-1, max-image-preview:large, max-video-preview:-1\" \/>\n<link rel=\"canonical\" href=\"https:\/\/institutchiaribcn.com\/pt\/sindrome-fadiga-cronica-encefalomielite-mialgica\/\" \/>\n<meta property=\"og:locale\" content=\"pt_PT\" \/>\n<meta property=\"og:type\" content=\"article\" \/>\n<meta property=\"og:title\" content=\"S\u00edndrome de Fadiga Cr\u00f4nica | Institut Chiari Barcelona\" \/>\n<meta property=\"og:description\" content=\"A s\u00edndrome da fadiga cr\u00f3nica \u00e9 uma perturba\u00e7\u00e3o complexa e de longa dura\u00e7\u00e3o que pode afetar v\u00e1rios sistemas do corpo.\" \/>\n<meta property=\"og:url\" content=\"https:\/\/institutchiaribcn.com\/pt\/sindrome-fadiga-cronica-encefalomielite-mialgica\/\" \/>\n<meta property=\"og:site_name\" content=\"Institut Chiari\" \/>\n<meta property=\"article:modified_time\" content=\"2026-04-09T12:10:24+00:00\" \/>\n<meta property=\"og:image\" content=\"https:\/\/institutchiaribcn.com\/wp-content\/uploads\/2025\/06\/Fatiga-Cronica-o-Encefalomielitis-Mialgica-1.jpg\" \/>\n\t<meta property=\"og:image:width\" content=\"845\" \/>\n\t<meta property=\"og:image:height\" content=\"377\" \/>\n\t<meta property=\"og:image:type\" content=\"image\/jpeg\" \/>\n<meta name=\"twitter:card\" content=\"summary_large_image\" \/>\n<meta name=\"twitter:label1\" content=\"Tempo estimado de leitura\" \/>\n\t<meta name=\"twitter:data1\" content=\"10 minutos\" \/>\n<script type=\"application\/ld+json\" class=\"yoast-schema-graph\">{\"@context\":\"https:\\\/\\\/schema.org\",\"@graph\":[{\"@type\":\"WebPage\",\"@id\":\"https:\\\/\\\/institutchiaribcn.com\\\/pt\\\/sindrome-fadiga-cronica-encefalomielite-mialgica\\\/\",\"url\":\"https:\\\/\\\/institutchiaribcn.com\\\/pt\\\/sindrome-fadiga-cronica-encefalomielite-mialgica\\\/\",\"name\":\"S\u00edndrome de Fadiga Cr\u00f4nica | Institut Chiari Barcelona\",\"isPartOf\":{\"@id\":\"https:\\\/\\\/institutchiaribcn.com\\\/pt\\\/#website\"},\"primaryImageOfPage\":{\"@id\":\"https:\\\/\\\/institutchiaribcn.com\\\/pt\\\/sindrome-fadiga-cronica-encefalomielite-mialgica\\\/#primaryimage\"},\"image\":{\"@id\":\"https:\\\/\\\/institutchiaribcn.com\\\/pt\\\/sindrome-fadiga-cronica-encefalomielite-mialgica\\\/#primaryimage\"},\"thumbnailUrl\":\"https:\\\/\\\/institutchiaribcn.com\\\/wp-content\\\/uploads\\\/2025\\\/06\\\/Fatiga-Cronica-o-Encefalomielitis-Mialgica-1.jpg\",\"datePublished\":\"2026-03-19T23:00:53+00:00\",\"dateModified\":\"2026-04-09T12:10:24+00:00\",\"description\":\"A s\u00edndrome da fadiga cr\u00f3nica \u00e9 uma perturba\u00e7\u00e3o complexa e de longa dura\u00e7\u00e3o que pode afetar v\u00e1rios sistemas do corpo.\",\"breadcrumb\":{\"@id\":\"https:\\\/\\\/institutchiaribcn.com\\\/pt\\\/sindrome-fadiga-cronica-encefalomielite-mialgica\\\/#breadcrumb\"},\"inLanguage\":\"pt-PT\",\"potentialAction\":[{\"@type\":\"ReadAction\",\"target\":[\"https:\\\/\\\/institutchiaribcn.com\\\/pt\\\/sindrome-fadiga-cronica-encefalomielite-mialgica\\\/\"]}]},{\"@type\":\"ImageObject\",\"inLanguage\":\"pt-PT\",\"@id\":\"https:\\\/\\\/institutchiaribcn.com\\\/pt\\\/sindrome-fadiga-cronica-encefalomielite-mialgica\\\/#primaryimage\",\"url\":\"https:\\\/\\\/institutchiaribcn.com\\\/wp-content\\\/uploads\\\/2025\\\/06\\\/Fatiga-Cronica-o-Encefalomielitis-Mialgica-1.jpg\",\"contentUrl\":\"https:\\\/\\\/institutchiaribcn.com\\\/wp-content\\\/uploads\\\/2025\\\/06\\\/Fatiga-Cronica-o-Encefalomielitis-Mialgica-1.jpg\",\"width\":845,\"height\":377,\"caption\":\"Syndrome de fatigue chronique\"},{\"@type\":\"BreadcrumbList\",\"@id\":\"https:\\\/\\\/institutchiaribcn.com\\\/pt\\\/sindrome-fadiga-cronica-encefalomielite-mialgica\\\/#breadcrumb\",\"itemListElement\":[{\"@type\":\"ListItem\",\"position\":1,\"name\":\"Portada\",\"item\":\"https:\\\/\\\/institutchiaribcn.com\\\/pt\\\/\"},{\"@type\":\"ListItem\",\"position\":2,\"name\":\"Enfermedades\",\"item\":\"https:\\\/\\\/institutchiaribcn.com\\\/pt\\\/enfermedades\\\/\"},{\"@type\":\"ListItem\",\"position\":3,\"name\":\"S\u00edndrome de Fadiga Cr\u00f4nica\"}]},{\"@type\":\"WebSite\",\"@id\":\"https:\\\/\\\/institutchiaribcn.com\\\/pt\\\/#website\",\"url\":\"https:\\\/\\\/institutchiaribcn.com\\\/pt\\\/\",\"name\":\"Institut Chiari de Barcelona\",\"description\":\"\",\"publisher\":{\"@id\":\"https:\\\/\\\/institutchiaribcn.com\\\/pt\\\/#organization\"},\"potentialAction\":[{\"@type\":\"SearchAction\",\"target\":{\"@type\":\"EntryPoint\",\"urlTemplate\":\"https:\\\/\\\/institutchiaribcn.com\\\/pt\\\/?s={search_term_string}\"},\"query-input\":{\"@type\":\"PropertyValueSpecification\",\"valueRequired\":true,\"valueName\":\"search_term_string\"}}],\"inLanguage\":\"pt-PT\"},{\"@type\":\"Organization\",\"@id\":\"https:\\\/\\\/institutchiaribcn.com\\\/pt\\\/#organization\",\"name\":\"Institut Chiari de Barcelona\",\"url\":\"https:\\\/\\\/institutchiaribcn.com\\\/pt\\\/\",\"logo\":{\"@type\":\"ImageObject\",\"inLanguage\":\"pt-PT\",\"@id\":\"https:\\\/\\\/institutchiaribcn.com\\\/pt\\\/#\\\/schema\\\/logo\\\/image\\\/\",\"url\":\"https:\\\/\\\/institutchiaribcn.com\\\/wp-content\\\/uploads\\\/2025\\\/10\\\/cropped-cropped-icsebNavLogo-1.png\",\"contentUrl\":\"https:\\\/\\\/institutchiaribcn.com\\\/wp-content\\\/uploads\\\/2025\\\/10\\\/cropped-cropped-icsebNavLogo-1.png\",\"width\":245,\"height\":99,\"caption\":\"Institut Chiari de Barcelona\"},\"image\":{\"@id\":\"https:\\\/\\\/institutchiaribcn.com\\\/pt\\\/#\\\/schema\\\/logo\\\/image\\\/\"}}]}<\/script>\n<!-- \/ Yoast SEO plugin. -->","yoast_head_json":{"title":"S\u00edndrome de Fadiga Cr\u00f4nica | Institut Chiari Barcelona","description":"A s\u00edndrome da fadiga cr\u00f3nica \u00e9 uma perturba\u00e7\u00e3o complexa e de longa dura\u00e7\u00e3o que pode afetar v\u00e1rios sistemas do corpo.","robots":{"index":"index","follow":"follow","max-snippet":"max-snippet:-1","max-image-preview":"max-image-preview:large","max-video-preview":"max-video-preview:-1"},"canonical":"https:\/\/institutchiaribcn.com\/pt\/sindrome-fadiga-cronica-encefalomielite-mialgica\/","og_locale":"pt_PT","og_type":"article","og_title":"S\u00edndrome de Fadiga Cr\u00f4nica | Institut Chiari Barcelona","og_description":"A s\u00edndrome da fadiga cr\u00f3nica \u00e9 uma perturba\u00e7\u00e3o complexa e de longa dura\u00e7\u00e3o que pode afetar v\u00e1rios sistemas do corpo.","og_url":"https:\/\/institutchiaribcn.com\/pt\/sindrome-fadiga-cronica-encefalomielite-mialgica\/","og_site_name":"Institut Chiari","article_modified_time":"2026-04-09T12:10:24+00:00","og_image":[{"width":845,"height":377,"url":"https:\/\/institutchiaribcn.com\/wp-content\/uploads\/2025\/06\/Fatiga-Cronica-o-Encefalomielitis-Mialgica-1.jpg","type":"image\/jpeg"}],"twitter_card":"summary_large_image","twitter_misc":{"Tempo estimado de leitura":"10 minutos"},"schema":{"@context":"https:\/\/schema.org","@graph":[{"@type":"WebPage","@id":"https:\/\/institutchiaribcn.com\/pt\/sindrome-fadiga-cronica-encefalomielite-mialgica\/","url":"https:\/\/institutchiaribcn.com\/pt\/sindrome-fadiga-cronica-encefalomielite-mialgica\/","name":"S\u00edndrome de Fadiga Cr\u00f4nica | Institut Chiari Barcelona","isPartOf":{"@id":"https:\/\/institutchiaribcn.com\/pt\/#website"},"primaryImageOfPage":{"@id":"https:\/\/institutchiaribcn.com\/pt\/sindrome-fadiga-cronica-encefalomielite-mialgica\/#primaryimage"},"image":{"@id":"https:\/\/institutchiaribcn.com\/pt\/sindrome-fadiga-cronica-encefalomielite-mialgica\/#primaryimage"},"thumbnailUrl":"https:\/\/institutchiaribcn.com\/wp-content\/uploads\/2025\/06\/Fatiga-Cronica-o-Encefalomielitis-Mialgica-1.jpg","datePublished":"2026-03-19T23:00:53+00:00","dateModified":"2026-04-09T12:10:24+00:00","description":"A s\u00edndrome da fadiga cr\u00f3nica \u00e9 uma perturba\u00e7\u00e3o complexa e de longa dura\u00e7\u00e3o que pode afetar v\u00e1rios sistemas do corpo.","breadcrumb":{"@id":"https:\/\/institutchiaribcn.com\/pt\/sindrome-fadiga-cronica-encefalomielite-mialgica\/#breadcrumb"},"inLanguage":"pt-PT","potentialAction":[{"@type":"ReadAction","target":["https:\/\/institutchiaribcn.com\/pt\/sindrome-fadiga-cronica-encefalomielite-mialgica\/"]}]},{"@type":"ImageObject","inLanguage":"pt-PT","@id":"https:\/\/institutchiaribcn.com\/pt\/sindrome-fadiga-cronica-encefalomielite-mialgica\/#primaryimage","url":"https:\/\/institutchiaribcn.com\/wp-content\/uploads\/2025\/06\/Fatiga-Cronica-o-Encefalomielitis-Mialgica-1.jpg","contentUrl":"https:\/\/institutchiaribcn.com\/wp-content\/uploads\/2025\/06\/Fatiga-Cronica-o-Encefalomielitis-Mialgica-1.jpg","width":845,"height":377,"caption":"Syndrome de fatigue chronique"},{"@type":"BreadcrumbList","@id":"https:\/\/institutchiaribcn.com\/pt\/sindrome-fadiga-cronica-encefalomielite-mialgica\/#breadcrumb","itemListElement":[{"@type":"ListItem","position":1,"name":"Portada","item":"https:\/\/institutchiaribcn.com\/pt\/"},{"@type":"ListItem","position":2,"name":"Enfermedades","item":"https:\/\/institutchiaribcn.com\/pt\/enfermedades\/"},{"@type":"ListItem","position":3,"name":"S\u00edndrome de Fadiga Cr\u00f4nica"}]},{"@type":"WebSite","@id":"https:\/\/institutchiaribcn.com\/pt\/#website","url":"https:\/\/institutchiaribcn.com\/pt\/","name":"Institut Chiari de Barcelona","description":"","publisher":{"@id":"https:\/\/institutchiaribcn.com\/pt\/#organization"},"potentialAction":[{"@type":"SearchAction","target":{"@type":"EntryPoint","urlTemplate":"https:\/\/institutchiaribcn.com\/pt\/?s={search_term_string}"},"query-input":{"@type":"PropertyValueSpecification","valueRequired":true,"valueName":"search_term_string"}}],"inLanguage":"pt-PT"},{"@type":"Organization","@id":"https:\/\/institutchiaribcn.com\/pt\/#organization","name":"Institut Chiari de Barcelona","url":"https:\/\/institutchiaribcn.com\/pt\/","logo":{"@type":"ImageObject","inLanguage":"pt-PT","@id":"https:\/\/institutchiaribcn.com\/pt\/#\/schema\/logo\/image\/","url":"https:\/\/institutchiaribcn.com\/wp-content\/uploads\/2025\/10\/cropped-cropped-icsebNavLogo-1.png","contentUrl":"https:\/\/institutchiaribcn.com\/wp-content\/uploads\/2025\/10\/cropped-cropped-icsebNavLogo-1.png","width":245,"height":99,"caption":"Institut Chiari de Barcelona"},"image":{"@id":"https:\/\/institutchiaribcn.com\/pt\/#\/schema\/logo\/image\/"}}]}},"_links":{"self":[{"href":"https:\/\/institutchiaribcn.com\/pt\/wp-json\/wp\/v2\/enfermedades\/15160","targetHints":{"allow":["GET"]}}],"collection":[{"href":"https:\/\/institutchiaribcn.com\/pt\/wp-json\/wp\/v2\/enfermedades"}],"about":[{"href":"https:\/\/institutchiaribcn.com\/pt\/wp-json\/wp\/v2\/types\/enfermedades"}],"wp:featuredmedia":[{"embeddable":true,"href":"https:\/\/institutchiaribcn.com\/pt\/wp-json\/wp\/v2\/media\/1533"}],"wp:attachment":[{"href":"https:\/\/institutchiaribcn.com\/pt\/wp-json\/wp\/v2\/media?parent=15160"}],"curies":[{"name":"wp","href":"https:\/\/api.w.org\/{rel}","templated":true}]}}