{"id":111050,"date":"2015-10-21T00:00:58","date_gmt":"2015-10-20T22:00:58","guid":{"rendered":"https:\/\/dev.institutchiaribcn.com\/comunicacion\/inauguracao-e-primeiro-dia-do-curso-internacional-diagnostico-e-tratamento-da-doenca-do-filum-3a-edicao\/"},"modified":"2025-11-28T10:56:22","modified_gmt":"2025-11-28T09:56:22","slug":"inauguracao-e-primeiro-dia-do-curso-internacional-diagnostico-e-tratamento-da-doenca-do-filum-3a-edicao","status":"publish","type":"comunicacion","link":"https:\/\/institutchiaribcn.com\/pt\/inauguracao-e-primeiro-dia-do-curso-internacional-diagnostico-e-tratamento-da-doenca-do-filum-3a-edicao\/","title":{"rendered":"Inaugura\u00e7\u00e3o e primeiro dia do Curso Internacional \u201cDiagn\u00f3stico e Tratamento da Doen\u00e7a do Filum.\u201d 3\u00aa edi\u00e7\u00e3o."},"content":{"rendered":"<p class=\"text-muted aniview centerTXT\">Published by <a title=\"Artigos de ICSEB\" href=\"https:\/\/institutchiaribcn.com\/pt\/author\/anoop\/\" rel=\"author\">ICSEB<\/a> at 21 Outubro, 2015<\/p>\n<p>&nbsp;<\/p>\n<p>No dia 19 de outubro, na sala de aula central da Filum Academy Barcelona<sup>\u00ae<\/sup>,\u00a0tivemos o privil\u00e9gio de assistir \u00e0 inaugura\u00e7\u00e3o do curso \u201c<strong>Diagn\u00f3stico e tratamento da Doen\u00e7a do Filum<\/strong>\u201d que est\u00e1 na sua\u00a0<strong>terceira edi\u00e7\u00e3o\u00a0<\/strong>e est\u00e1 sendo realizada na nossa sede.<\/p>\n<p>Entre os presentes, h\u00e1 um grupo de profissionais m\u00e9dicos poloneses e outro de especialistas argentinos, a quem gostar\u00edamos de lhes agradecer pelo grande interesse demonstrado pelo m\u00e9todo cl\u00ednico Filum System<sup>\u00ae\u00a0<\/sup>Sanitary.<\/p>\n<p>O ato contou com a presen\u00e7a do Prof. Alfonso Rodriguez Baeza, catedr\u00e1tico de Anatomia e Embriologia da \u201cUniversitat Aut\u00f2noma de Barcelona\u201d (UAB), que deu uma aula magistral sobre os \u201cAspectos Morfol\u00f3gicos do Filum Terminale\u201d.<\/p>\n<p>Em breve, publicaremos novas atualiza\u00e7\u00f5es, que podem ser de seu interesse!<\/p>\n<p>Galeria de fotos:<\/p>\n<p>19\/10\/2015 Primeiro dia do curso<\/p>\n<div id=\"attachment_5119\" class=\"wp-caption alignnone\" style=\"width: 310px;\">\n<p><a href=\"https:\/\/institutchiaribcn.com\/wp-content\/uploads\/2015\/12\/Curso_chiari_1.jpg\"><img decoding=\"async\" class=\"img-responsive img-rounded wp-image-5119 size-medium\" src=\"https:\/\/institutchiaribcn.com\/wp-content\/uploads\/2015\/12\/Curso_chiari_1-300x133.jpg\" alt=\"Curso_chiari_1\" width=\"300\" height=\"133\" aria-describedby=\"caption-attachment-5119\" \/><\/a><\/p>\n<p id=\"caption-attachment-5119\" class=\"wp-caption-text\">In\u00edcio da sess\u00e3o formativa<\/p>\n<\/div>\n<div id=\"attachment_5120\" class=\"wp-caption alignnone\" style=\"width: 310px;\">\n<p><a href=\"https:\/\/institutchiaribcn.com\/wp-content\/uploads\/2015\/12\/Curso_chiari_2.jpg\"><img decoding=\"async\" class=\"img-responsive img-rounded wp-image-5120 size-medium\" src=\"https:\/\/institutchiaribcn.com\/wp-content\/uploads\/2015\/12\/Curso_chiari_2-300x128.jpg\" alt=\"Curso_chiari_2\" width=\"300\" height=\"128\" aria-describedby=\"caption-attachment-5120\" \/><\/a><\/p>\n<p id=\"caption-attachment-5120\" class=\"wp-caption-text\">Sess\u00e3o cl\u00ednica I<\/p>\n<\/div>\n<div id=\"attachment_5121\" class=\"wp-caption alignnone\" style=\"width: 310px;\">\n<p><a href=\"https:\/\/institutchiaribcn.com\/wp-content\/uploads\/2015\/12\/Curso_chiari_3.jpg\"><img decoding=\"async\" class=\"img-responsive img-rounded wp-image-5121 size-medium\" src=\"https:\/\/institutchiaribcn.com\/wp-content\/uploads\/2015\/12\/Curso_chiari_3-300x142.jpg\" alt=\"Curso_chiari_3\" width=\"300\" height=\"142\" aria-describedby=\"caption-attachment-5121\" \/><\/a><\/p>\n<p id=\"caption-attachment-5121\" class=\"wp-caption-text\">Sess\u00e3o cl\u00ednica II<\/p>\n<\/div>\n<p><img loading=\"lazy\" decoding=\"async\" class=\"img-responsive img-rounded alignnone wp-image-5122 size-medium\" src=\"https:\/\/institutchiaribcn.com\/wp-content\/uploads\/2015\/12\/Curso_chiari_4-300x161.jpg\" alt=\"Curso_chiari_4\" width=\"300\" height=\"161\" \/><\/p>\n<div id=\"attachment_5123\" class=\"wp-caption alignnone\" style=\"width: 310px;\">\n<p><a href=\"https:\/\/institutchiaribcn.com\/wp-content\/uploads\/2015\/12\/Curso_chiari_5.jpg\"><img loading=\"lazy\" decoding=\"async\" class=\"img-responsive img-rounded wp-image-5123 size-medium\" src=\"https:\/\/institutchiaribcn.com\/wp-content\/uploads\/2015\/12\/Curso_chiari_5-300x189.jpg\" alt=\"Curso_chiari_5\" width=\"300\" height=\"189\" aria-describedby=\"caption-attachment-5123\" \/><\/a><\/p>\n<p id=\"caption-attachment-5123\" class=\"wp-caption-text\">Aula Magistral \u201cOs aspectos morfol\u00f3gicos do Filum Terminale\u201d, dada pelo Catedr\u00e1tico Dr. Alfonso Rodr\u00edguez-Baeza<\/p>\n<\/div>\n<div id=\"attachment_5124\" class=\"wp-caption alignnone\" style=\"width: 310px;\">\n<p><a href=\"https:\/\/institutchiaribcn.com\/wp-content\/uploads\/2015\/12\/Curso_chiari_6.jpg\"><img loading=\"lazy\" decoding=\"async\" class=\"img-responsive img-rounded wp-image-5124 size-medium\" src=\"https:\/\/institutchiaribcn.com\/wp-content\/uploads\/2015\/12\/Curso_chiari_6-300x260.jpg\" alt=\"Curso_chiari_6\" width=\"300\" height=\"260\" aria-describedby=\"caption-attachment-5124\" \/><\/a><\/p>\n<p id=\"caption-attachment-5124\" class=\"wp-caption-text\">Dr. Alfonso Rodr\u00edguez Baeza e Dr. Miguel B. Royo Salvador.<\/p>\n<\/div>\n<p><a href=\"https:\/\/institutchiaribcn.com\/wp-content\/uploads\/2015\/12\/Curso_chiari_7.jpg\"><img loading=\"lazy\" decoding=\"async\" class=\"img-responsive img-rounded alignnone wp-image-5125 size-medium\" src=\"https:\/\/institutchiaribcn.com\/wp-content\/uploads\/2015\/12\/Curso_chiari_7-300x163.jpg\" alt=\"Curso_chiari_7\" width=\"300\" height=\"163\" \/><\/a><\/p>\n<div id=\"attachment_5126\" class=\"wp-caption alignnone\" style=\"width: 310px;\">\n<p><a href=\"https:\/\/institutchiaribcn.com\/wp-content\/uploads\/2015\/12\/Curso_chiari_8.jpg\"><img loading=\"lazy\" decoding=\"async\" class=\"img-responsive img-rounded wp-image-5126 size-medium\" src=\"https:\/\/institutchiaribcn.com\/wp-content\/uploads\/2015\/12\/Curso_chiari_8-300x162.jpg\" alt=\"Curso_chiari_8\" width=\"300\" height=\"162\" aria-describedby=\"caption-attachment-5126\" \/><\/a><\/p>\n<p id=\"caption-attachment-5126\" class=\"wp-caption-text\">Os especialistas participantes da 3<sup>\u00aa<\/sup> edi\u00e7\u00e3o do curso.<\/p>\n<\/div>\n","protected":false},"featured_media":111051,"template":"","tipos-de-comunicacion":[574],"class_list":["post-111050","comunicacion","type-comunicacion","status-publish","has-post-thumbnail","hentry","tipos-de-comunicacion-anuncios-da-filum-academy"],"yoast_head":"<!-- This site is optimized with the Yoast SEO plugin v27.4 - https:\/\/yoast.com\/product\/yoast-seo-wordpress\/ -->\n<title>Inaugura\u00e7\u00e3o e 1\u00ba Dia do Curso do Filum | ICSEB<\/title>\n<meta name=\"description\" content=\"No dia 19 de outubro, na sala de aula central da Filum Academy Barcelona\u00ae,\u00a0tivemos o privil\u00e9gio de assistir \u00e0 inaugura\u00e7\u00e3o do,... \u00a0 Ver mais \u2192\" \/>\n<meta name=\"robots\" content=\"index, follow, max-snippet:-1, max-image-preview:large, max-video-preview:-1\" \/>\n<link rel=\"canonical\" href=\"https:\/\/institutchiaribcn.com\/pt\/inauguracao-e-primeiro-dia-do-curso-internacional-diagnostico-e-tratamento-da-doenca-do-filum-3a-edicao\/\" \/>\n<meta property=\"og:locale\" content=\"pt_PT\" \/>\n<meta property=\"og:type\" content=\"article\" \/>\n<meta property=\"og:title\" content=\"Inaugura\u00e7\u00e3o e 1\u00ba Dia do Curso do Filum | ICSEB\" \/>\n<meta property=\"og:description\" content=\"No dia 19 de outubro, na sala de aula central da Filum Academy Barcelona\u00ae,\u00a0tivemos o privil\u00e9gio de assistir \u00e0 inaugura\u00e7\u00e3o do,... \u00a0 Ver mais \u2192\" \/>\n<meta property=\"og:url\" content=\"https:\/\/institutchiaribcn.com\/pt\/inauguracao-e-primeiro-dia-do-curso-internacional-diagnostico-e-tratamento-da-doenca-do-filum-3a-edicao\/\" \/>\n<meta property=\"og:site_name\" content=\"Institut Chiari\" \/>\n<meta property=\"article:modified_time\" content=\"2025-11-28T09:56:22+00:00\" \/>\n<meta property=\"og:image\" content=\"https:\/\/institutchiaribcn.com\/wp-content\/uploads\/2025\/10\/Filum_3rd-e1450090265987.png\" \/>\n\t<meta property=\"og:image:width\" content=\"200\" \/>\n\t<meta property=\"og:image:height\" content=\"137\" \/>\n\t<meta property=\"og:image:type\" content=\"image\/png\" \/>\n<meta name=\"twitter:card\" content=\"summary_large_image\" \/>\n<meta name=\"twitter:label1\" content=\"Tempo estimado de leitura\" \/>\n\t<meta name=\"twitter:data1\" content=\"3 minutos\" \/>\n<script type=\"application\/ld+json\" class=\"yoast-schema-graph\">{\"@context\":\"https:\\\/\\\/schema.org\",\"@graph\":[{\"@type\":\"WebPage\",\"@id\":\"https:\\\/\\\/institutchiaribcn.com\\\/pt\\\/inauguracao-e-primeiro-dia-do-curso-internacional-diagnostico-e-tratamento-da-doenca-do-filum-3a-edicao\\\/\",\"url\":\"https:\\\/\\\/institutchiaribcn.com\\\/pt\\\/inauguracao-e-primeiro-dia-do-curso-internacional-diagnostico-e-tratamento-da-doenca-do-filum-3a-edicao\\\/\",\"name\":\"Inaugura\u00e7\u00e3o e 1\u00ba Dia do Curso do Filum | ICSEB\",\"isPartOf\":{\"@id\":\"https:\\\/\\\/institutchiaribcn.com\\\/pt\\\/#website\"},\"primaryImageOfPage\":{\"@id\":\"https:\\\/\\\/institutchiaribcn.com\\\/pt\\\/inauguracao-e-primeiro-dia-do-curso-internacional-diagnostico-e-tratamento-da-doenca-do-filum-3a-edicao\\\/#primaryimage\"},\"image\":{\"@id\":\"https:\\\/\\\/institutchiaribcn.com\\\/pt\\\/inauguracao-e-primeiro-dia-do-curso-internacional-diagnostico-e-tratamento-da-doenca-do-filum-3a-edicao\\\/#primaryimage\"},\"thumbnailUrl\":\"https:\\\/\\\/institutchiaribcn.com\\\/wp-content\\\/uploads\\\/2025\\\/10\\\/Filum_3rd-e1450090265987.png\",\"datePublished\":\"2015-10-20T22:00:58+00:00\",\"dateModified\":\"2025-11-28T09:56:22+00:00\",\"description\":\"No dia 19 de outubro, na sala de aula central da Filum Academy Barcelona\u00ae,\u00a0tivemos o privil\u00e9gio de assistir \u00e0 inaugura\u00e7\u00e3o do,... \u00a0 Ver mais \u2192\",\"breadcrumb\":{\"@id\":\"https:\\\/\\\/institutchiaribcn.com\\\/pt\\\/inauguracao-e-primeiro-dia-do-curso-internacional-diagnostico-e-tratamento-da-doenca-do-filum-3a-edicao\\\/#breadcrumb\"},\"inLanguage\":\"pt-PT\",\"potentialAction\":[{\"@type\":\"ReadAction\",\"target\":[\"https:\\\/\\\/institutchiaribcn.com\\\/pt\\\/inauguracao-e-primeiro-dia-do-curso-internacional-diagnostico-e-tratamento-da-doenca-do-filum-3a-edicao\\\/\"]}]},{\"@type\":\"ImageObject\",\"inLanguage\":\"pt-PT\",\"@id\":\"https:\\\/\\\/institutchiaribcn.com\\\/pt\\\/inauguracao-e-primeiro-dia-do-curso-internacional-diagnostico-e-tratamento-da-doenca-do-filum-3a-edicao\\\/#primaryimage\",\"url\":\"https:\\\/\\\/institutchiaribcn.com\\\/wp-content\\\/uploads\\\/2025\\\/10\\\/Filum_3rd-e1450090265987.png\",\"contentUrl\":\"https:\\\/\\\/institutchiaribcn.com\\\/wp-content\\\/uploads\\\/2025\\\/10\\\/Filum_3rd-e1450090265987.png\",\"width\":200,\"height\":137},{\"@type\":\"BreadcrumbList\",\"@id\":\"https:\\\/\\\/institutchiaribcn.com\\\/pt\\\/inauguracao-e-primeiro-dia-do-curso-internacional-diagnostico-e-tratamento-da-doenca-do-filum-3a-edicao\\\/#breadcrumb\",\"itemListElement\":[{\"@type\":\"ListItem\",\"position\":1,\"name\":\"Portada\",\"item\":\"https:\\\/\\\/institutchiaribcn.com\\\/pt\\\/\"},{\"@type\":\"ListItem\",\"position\":2,\"name\":\"Comunicaci\u00f3n\",\"item\":\"https:\\\/\\\/institutchiaribcn.com\\\/pt\\\/comunicacion\\\/\"},{\"@type\":\"ListItem\",\"position\":3,\"name\":\"Inaugura\u00e7\u00e3o e primeiro dia do Curso Internacional \u201cDiagn\u00f3stico e Tratamento da Doen\u00e7a do Filum.\u201d 3\u00aa edi\u00e7\u00e3o.\"}]},{\"@type\":\"WebSite\",\"@id\":\"https:\\\/\\\/institutchiaribcn.com\\\/pt\\\/#website\",\"url\":\"https:\\\/\\\/institutchiaribcn.com\\\/pt\\\/\",\"name\":\"Institut Chiari de Barcelona\",\"description\":\"\",\"publisher\":{\"@id\":\"https:\\\/\\\/institutchiaribcn.com\\\/pt\\\/#organization\"},\"potentialAction\":[{\"@type\":\"SearchAction\",\"target\":{\"@type\":\"EntryPoint\",\"urlTemplate\":\"https:\\\/\\\/institutchiaribcn.com\\\/pt\\\/?s={search_term_string}\"},\"query-input\":{\"@type\":\"PropertyValueSpecification\",\"valueRequired\":true,\"valueName\":\"search_term_string\"}}],\"inLanguage\":\"pt-PT\"},{\"@type\":\"Organization\",\"@id\":\"https:\\\/\\\/institutchiaribcn.com\\\/pt\\\/#organization\",\"name\":\"Institut Chiari de Barcelona\",\"url\":\"https:\\\/\\\/institutchiaribcn.com\\\/pt\\\/\",\"logo\":{\"@type\":\"ImageObject\",\"inLanguage\":\"pt-PT\",\"@id\":\"https:\\\/\\\/institutchiaribcn.com\\\/pt\\\/#\\\/schema\\\/logo\\\/image\\\/\",\"url\":\"https:\\\/\\\/institutchiaribcn.com\\\/wp-content\\\/uploads\\\/2025\\\/10\\\/cropped-cropped-icsebNavLogo-1.png\",\"contentUrl\":\"https:\\\/\\\/institutchiaribcn.com\\\/wp-content\\\/uploads\\\/2025\\\/10\\\/cropped-cropped-icsebNavLogo-1.png\",\"width\":245,\"height\":99,\"caption\":\"Institut Chiari de Barcelona\"},\"image\":{\"@id\":\"https:\\\/\\\/institutchiaribcn.com\\\/pt\\\/#\\\/schema\\\/logo\\\/image\\\/\"}}]}<\/script>\n<!-- \/ Yoast SEO plugin. -->","yoast_head_json":{"title":"Inaugura\u00e7\u00e3o e 1\u00ba Dia do Curso do Filum | ICSEB","description":"No dia 19 de outubro, na sala de aula central da Filum Academy Barcelona\u00ae,\u00a0tivemos o privil\u00e9gio de assistir \u00e0 inaugura\u00e7\u00e3o do,... \u00a0 Ver mais \u2192","robots":{"index":"index","follow":"follow","max-snippet":"max-snippet:-1","max-image-preview":"max-image-preview:large","max-video-preview":"max-video-preview:-1"},"canonical":"https:\/\/institutchiaribcn.com\/pt\/inauguracao-e-primeiro-dia-do-curso-internacional-diagnostico-e-tratamento-da-doenca-do-filum-3a-edicao\/","og_locale":"pt_PT","og_type":"article","og_title":"Inaugura\u00e7\u00e3o e 1\u00ba Dia do Curso do Filum | ICSEB","og_description":"No dia 19 de outubro, na sala de aula central da Filum Academy Barcelona\u00ae,\u00a0tivemos o privil\u00e9gio de assistir \u00e0 inaugura\u00e7\u00e3o do,... \u00a0 Ver mais \u2192","og_url":"https:\/\/institutchiaribcn.com\/pt\/inauguracao-e-primeiro-dia-do-curso-internacional-diagnostico-e-tratamento-da-doenca-do-filum-3a-edicao\/","og_site_name":"Institut Chiari","article_modified_time":"2025-11-28T09:56:22+00:00","og_image":[{"width":200,"height":137,"url":"https:\/\/institutchiaribcn.com\/wp-content\/uploads\/2025\/10\/Filum_3rd-e1450090265987.png","type":"image\/png"}],"twitter_card":"summary_large_image","twitter_misc":{"Tempo estimado de leitura":"3 minutos"},"schema":{"@context":"https:\/\/schema.org","@graph":[{"@type":"WebPage","@id":"https:\/\/institutchiaribcn.com\/pt\/inauguracao-e-primeiro-dia-do-curso-internacional-diagnostico-e-tratamento-da-doenca-do-filum-3a-edicao\/","url":"https:\/\/institutchiaribcn.com\/pt\/inauguracao-e-primeiro-dia-do-curso-internacional-diagnostico-e-tratamento-da-doenca-do-filum-3a-edicao\/","name":"Inaugura\u00e7\u00e3o e 1\u00ba Dia do Curso do Filum | ICSEB","isPartOf":{"@id":"https:\/\/institutchiaribcn.com\/pt\/#website"},"primaryImageOfPage":{"@id":"https:\/\/institutchiaribcn.com\/pt\/inauguracao-e-primeiro-dia-do-curso-internacional-diagnostico-e-tratamento-da-doenca-do-filum-3a-edicao\/#primaryimage"},"image":{"@id":"https:\/\/institutchiaribcn.com\/pt\/inauguracao-e-primeiro-dia-do-curso-internacional-diagnostico-e-tratamento-da-doenca-do-filum-3a-edicao\/#primaryimage"},"thumbnailUrl":"https:\/\/institutchiaribcn.com\/wp-content\/uploads\/2025\/10\/Filum_3rd-e1450090265987.png","datePublished":"2015-10-20T22:00:58+00:00","dateModified":"2025-11-28T09:56:22+00:00","description":"No dia 19 de outubro, na sala de aula central da Filum Academy Barcelona\u00ae,\u00a0tivemos o privil\u00e9gio de assistir \u00e0 inaugura\u00e7\u00e3o do,... \u00a0 Ver mais \u2192","breadcrumb":{"@id":"https:\/\/institutchiaribcn.com\/pt\/inauguracao-e-primeiro-dia-do-curso-internacional-diagnostico-e-tratamento-da-doenca-do-filum-3a-edicao\/#breadcrumb"},"inLanguage":"pt-PT","potentialAction":[{"@type":"ReadAction","target":["https:\/\/institutchiaribcn.com\/pt\/inauguracao-e-primeiro-dia-do-curso-internacional-diagnostico-e-tratamento-da-doenca-do-filum-3a-edicao\/"]}]},{"@type":"ImageObject","inLanguage":"pt-PT","@id":"https:\/\/institutchiaribcn.com\/pt\/inauguracao-e-primeiro-dia-do-curso-internacional-diagnostico-e-tratamento-da-doenca-do-filum-3a-edicao\/#primaryimage","url":"https:\/\/institutchiaribcn.com\/wp-content\/uploads\/2025\/10\/Filum_3rd-e1450090265987.png","contentUrl":"https:\/\/institutchiaribcn.com\/wp-content\/uploads\/2025\/10\/Filum_3rd-e1450090265987.png","width":200,"height":137},{"@type":"BreadcrumbList","@id":"https:\/\/institutchiaribcn.com\/pt\/inauguracao-e-primeiro-dia-do-curso-internacional-diagnostico-e-tratamento-da-doenca-do-filum-3a-edicao\/#breadcrumb","itemListElement":[{"@type":"ListItem","position":1,"name":"Portada","item":"https:\/\/institutchiaribcn.com\/pt\/"},{"@type":"ListItem","position":2,"name":"Comunicaci\u00f3n","item":"https:\/\/institutchiaribcn.com\/pt\/comunicacion\/"},{"@type":"ListItem","position":3,"name":"Inaugura\u00e7\u00e3o e primeiro dia do Curso Internacional \u201cDiagn\u00f3stico e Tratamento da Doen\u00e7a do Filum.\u201d 3\u00aa edi\u00e7\u00e3o."}]},{"@type":"WebSite","@id":"https:\/\/institutchiaribcn.com\/pt\/#website","url":"https:\/\/institutchiaribcn.com\/pt\/","name":"Institut Chiari de Barcelona","description":"","publisher":{"@id":"https:\/\/institutchiaribcn.com\/pt\/#organization"},"potentialAction":[{"@type":"SearchAction","target":{"@type":"EntryPoint","urlTemplate":"https:\/\/institutchiaribcn.com\/pt\/?s={search_term_string}"},"query-input":{"@type":"PropertyValueSpecification","valueRequired":true,"valueName":"search_term_string"}}],"inLanguage":"pt-PT"},{"@type":"Organization","@id":"https:\/\/institutchiaribcn.com\/pt\/#organization","name":"Institut Chiari de Barcelona","url":"https:\/\/institutchiaribcn.com\/pt\/","logo":{"@type":"ImageObject","inLanguage":"pt-PT","@id":"https:\/\/institutchiaribcn.com\/pt\/#\/schema\/logo\/image\/","url":"https:\/\/institutchiaribcn.com\/wp-content\/uploads\/2025\/10\/cropped-cropped-icsebNavLogo-1.png","contentUrl":"https:\/\/institutchiaribcn.com\/wp-content\/uploads\/2025\/10\/cropped-cropped-icsebNavLogo-1.png","width":245,"height":99,"caption":"Institut Chiari de Barcelona"},"image":{"@id":"https:\/\/institutchiaribcn.com\/pt\/#\/schema\/logo\/image\/"}}]}},"_links":{"self":[{"href":"https:\/\/institutchiaribcn.com\/pt\/wp-json\/wp\/v2\/comunicacion\/111050","targetHints":{"allow":["GET"]}}],"collection":[{"href":"https:\/\/institutchiaribcn.com\/pt\/wp-json\/wp\/v2\/comunicacion"}],"about":[{"href":"https:\/\/institutchiaribcn.com\/pt\/wp-json\/wp\/v2\/types\/comunicacion"}],"wp:featuredmedia":[{"embeddable":true,"href":"https:\/\/institutchiaribcn.com\/pt\/wp-json\/wp\/v2\/media\/111051"}],"wp:attachment":[{"href":"https:\/\/institutchiaribcn.com\/pt\/wp-json\/wp\/v2\/media?parent=111050"}],"wp:term":[{"taxonomy":"tipos-de-comunicacion","embeddable":true,"href":"https:\/\/institutchiaribcn.com\/pt\/wp-json\/wp\/v2\/tipos-de-comunicacion?post=111050"}],"curies":[{"name":"wp","href":"https:\/\/api.w.org\/{rel}","templated":true}]}}