{"id":112345,"date":"2018-11-19T00:00:14","date_gmt":"2018-11-18T23:00:14","guid":{"rendered":"https:\/\/dev.institutchiaribcn.com\/videos\/luis-roberto-de-aguiar-bernardes-syndrom-nerwowo-czaszkowo-kregowy-choroba-filum-obnizenie-migdalkow-mozdzku-i-pre-syringomieliczne-uszkodzenie-rdzeniowe-w-odcinku-szyjnym\/"},"modified":"2026-03-13T09:40:06","modified_gmt":"2026-03-13T08:40:06","slug":"doswiadczenie-zespol-arnolda-chiari-i-leczenie-poprawa","status":"publish","type":"videos","link":"https:\/\/institutchiaribcn.com\/pl\/doswiadczenie-zespol-arnolda-chiari-i-leczenie-poprawa\/","title":{"rendered":"Luis Roberto de Aguiar Bernardes. Syndrom Nerwowo-Czaszkowo-Kr\u0119gowy, Choroba Filum, Obni\u017cenie migda\u0142k\u00f3w m\u00f3\u017cd\u017cku i pre-syringomieliczne uszkodzenie rdzeniowe w odcinku szyjnym."},"content":{"rendered":"<div class=\"panel panel-default panel-body\">\n<p>&nbsp;<\/p>\n<div style=\"padding-left: 100px;\" align=\"left\">\n<div class=\"container visible-lg\"><\/div>\n<\/div>\n<div style=\"padding-left: 70px;\" align=\"left\">\n<div class=\"container visible-md\"><\/div>\n<\/div>\n<div class=\"container visible-sm visible-xs\">\n<div align=\"center\"><\/div>\n<\/div>\n<p><strong>Data operacja: wrzesie\u0144 2016 r.<\/strong><br \/>\n<strong>Data nagrania: luty 2018 r.<\/strong><\/p>\n<p><a href=\"https:\/\/institutchiaribcn.com\/wp-content\/uploads\/2013\/10\/brasil.jpg\"><img decoding=\"async\" class=\"alignnone size-full wp-image-1921\" src=\"https:\/\/institutchiaribcn.com\/wp-content\/uploads\/2013\/10\/brasil.jpg\" alt=\"\" width=\"25\" height=\"16\" \/><\/a><\/p>\n<p style=\"text-align: center;\"><strong>Teraz jest innym dzieckiem! <\/strong><\/p>\n<p style=\"text-align: justify;\">Na tym nagraniu, Pani Karina, mama 5-letniego Luisa Roberto, bardziej znanego jako Luizinho, w skr\u00f3cie opowiada nam jak czuje si\u0119 jej syn po 17 miesi\u0105cach od operacji wed\u0142ug metody Filum System\u00ae.<\/p>\n<p>\u201eDzisiaj Luis zg\u0142osi\u0142 si\u0119 na wizyt\u0119 [kontroln\u0105 pooperacyjn\u0105, kt\u00f3r\u0105 przeprowadza si\u0119 po roku od operacji]: w 100% czuje si\u0119 dobrze, nic mu ju\u017c nie dolega, nie cierpi z powodu b\u00f3lu, jest bardzo ch\u0119tny, ma apetyt, \u015bpi dobrze\u2026Teraz jest innym dzieckiem!<\/p>\n<p>Mama pacjenta r\u00f3wnie\u017c pozostawi\u0142a kr\u00f3tk\u0105 wiadomo\u015b\u0107 skierowan\u0105 do innych pacjent\u00f3w. \u201eTym, kt\u00f3rzy s\u0105 w podobnej sytuacji, polecam t\u0119 operacj\u0119, poniewa\u017c nasze \u017cycie ca\u0142kowicie si\u0119 zmieni\u0142o!\u201d<\/p>\n<p>Na zako\u0144czenie Pani Karina chcia\u0142a wyrazi\u0107 swoj\u0105 wdzi\u0119czno\u015b\u0107. \u201eBardzo dzi\u0119kuj\u0119 ca\u0142emu zespo\u0142owi z Instytutu. Lekarze s\u0105 bardzo dobrzy, jestem bardzo wdzi\u0119czna za wszystko co nam si\u0119 przytrafi\u0142o i zrobi\u0142abym to raz jeszcze, poniewa\u017c by\u0142a to najlepsza rzecz, jak nam si\u0119 przydarzy\u0142a!\u201d<\/p>\n<p>E-mail do kontaktu:\u00a0<a href=\"mailto:kalubp@outlook.com\">kalubp@outlook.com<\/a><\/p>\n<\/div>\n","protected":false},"featured_media":137645,"template":"","tipos-de-video":[595],"class_list":["post-112345","videos","type-videos","status-publish","has-post-thumbnail","hentry","tipos-de-video-historie-choroby-filmy"],"yoast_head":"<!-- This site is optimized with the Yoast SEO plugin v27.4 - https:\/\/yoast.com\/product\/yoast-seo-wordpress\/ -->\n<title>Do\u015bwiadczenie Arnolda\u2011Chiari I | ICSEB<\/title>\n<meta name=\"description\" content=\"Relacja pacjenta dotycz\u0105ca diagnozy, leczenia i poprawy po zabiegu Filum System\u00ae w przypadku zespo\u0142u Arnolda-Chiariego I.\" \/>\n<meta name=\"robots\" content=\"index, follow, max-snippet:-1, max-image-preview:large, max-video-preview:-1\" \/>\n<link rel=\"canonical\" href=\"https:\/\/institutchiaribcn.com\/pl\/doswiadczenie-zespol-arnolda-chiari-i-leczenie-poprawa\/\" \/>\n<meta property=\"og:locale\" content=\"pl_PL\" \/>\n<meta property=\"og:type\" content=\"article\" \/>\n<meta property=\"og:title\" content=\"Do\u015bwiadczenie Arnolda\u2011Chiari I | ICSEB\" \/>\n<meta property=\"og:description\" content=\"Relacja pacjenta dotycz\u0105ca diagnozy, leczenia i poprawy po zabiegu Filum System\u00ae w przypadku zespo\u0142u Arnolda-Chiariego I.\" \/>\n<meta property=\"og:url\" content=\"https:\/\/institutchiaribcn.com\/pl\/doswiadczenie-zespol-arnolda-chiari-i-leczenie-poprawa\/\" \/>\n<meta property=\"og:site_name\" content=\"Institut Chiari\" \/>\n<meta property=\"article:modified_time\" content=\"2026-03-13T08:40:06+00:00\" \/>\n<meta property=\"og:image\" content=\"https:\/\/institutchiaribcn.com\/wp-content\/uploads\/2018\/11\/luis-roberto-de-aguiar-bernardes-sindrome-neuro-craneo-vertebral-enfermedad-del-filum-descenso-de-las-amigdalas-cerebelosas-y-lesion-medular-pre-siringomielica-cervical-alta.jpg\" \/>\n\t<meta property=\"og:image:width\" content=\"480\" \/>\n\t<meta property=\"og:image:height\" content=\"360\" \/>\n\t<meta property=\"og:image:type\" content=\"image\/jpeg\" \/>\n<meta name=\"twitter:card\" content=\"summary_large_image\" \/>\n<meta name=\"twitter:label1\" content=\"Szacowany czas czytania\" \/>\n\t<meta name=\"twitter:data1\" content=\"2 minuty\" \/>\n<script type=\"application\/ld+json\" class=\"yoast-schema-graph\">{\"@context\":\"https:\\\/\\\/schema.org\",\"@graph\":[{\"@type\":\"WebPage\",\"@id\":\"https:\\\/\\\/institutchiaribcn.com\\\/pl\\\/doswiadczenie-zespol-arnolda-chiari-i-leczenie-poprawa\\\/\",\"url\":\"https:\\\/\\\/institutchiaribcn.com\\\/pl\\\/doswiadczenie-zespol-arnolda-chiari-i-leczenie-poprawa\\\/\",\"name\":\"Do\u015bwiadczenie Arnolda\u2011Chiari I | ICSEB\",\"isPartOf\":{\"@id\":\"https:\\\/\\\/institutchiaribcn.com\\\/pl\\\/#website\"},\"primaryImageOfPage\":{\"@id\":\"https:\\\/\\\/institutchiaribcn.com\\\/pl\\\/doswiadczenie-zespol-arnolda-chiari-i-leczenie-poprawa\\\/#primaryimage\"},\"image\":{\"@id\":\"https:\\\/\\\/institutchiaribcn.com\\\/pl\\\/doswiadczenie-zespol-arnolda-chiari-i-leczenie-poprawa\\\/#primaryimage\"},\"thumbnailUrl\":\"https:\\\/\\\/institutchiaribcn.com\\\/wp-content\\\/uploads\\\/2018\\\/11\\\/luis-roberto-de-aguiar-bernardes-sindrome-neuro-craneo-vertebral-enfermedad-del-filum-descenso-de-las-amigdalas-cerebelosas-y-lesion-medular-pre-siringomielica-cervical-alta.jpg\",\"datePublished\":\"2018-11-18T23:00:14+00:00\",\"dateModified\":\"2026-03-13T08:40:06+00:00\",\"description\":\"Relacja pacjenta dotycz\u0105ca diagnozy, leczenia i poprawy po zabiegu Filum System\u00ae w przypadku zespo\u0142u Arnolda-Chiariego I.\",\"breadcrumb\":{\"@id\":\"https:\\\/\\\/institutchiaribcn.com\\\/pl\\\/doswiadczenie-zespol-arnolda-chiari-i-leczenie-poprawa\\\/#breadcrumb\"},\"inLanguage\":\"pl-PL\",\"potentialAction\":[{\"@type\":\"ReadAction\",\"target\":[\"https:\\\/\\\/institutchiaribcn.com\\\/pl\\\/doswiadczenie-zespol-arnolda-chiari-i-leczenie-poprawa\\\/\"]}]},{\"@type\":\"ImageObject\",\"inLanguage\":\"pl-PL\",\"@id\":\"https:\\\/\\\/institutchiaribcn.com\\\/pl\\\/doswiadczenie-zespol-arnolda-chiari-i-leczenie-poprawa\\\/#primaryimage\",\"url\":\"https:\\\/\\\/institutchiaribcn.com\\\/wp-content\\\/uploads\\\/2018\\\/11\\\/luis-roberto-de-aguiar-bernardes-sindrome-neuro-craneo-vertebral-enfermedad-del-filum-descenso-de-las-amigdalas-cerebelosas-y-lesion-medular-pre-siringomielica-cervical-alta.jpg\",\"contentUrl\":\"https:\\\/\\\/institutchiaribcn.com\\\/wp-content\\\/uploads\\\/2018\\\/11\\\/luis-roberto-de-aguiar-bernardes-sindrome-neuro-craneo-vertebral-enfermedad-del-filum-descenso-de-las-amigdalas-cerebelosas-y-lesion-medular-pre-siringomielica-cervical-alta.jpg\",\"width\":480,\"height\":360},{\"@type\":\"BreadcrumbList\",\"@id\":\"https:\\\/\\\/institutchiaribcn.com\\\/pl\\\/doswiadczenie-zespol-arnolda-chiari-i-leczenie-poprawa\\\/#breadcrumb\",\"itemListElement\":[{\"@type\":\"ListItem\",\"position\":1,\"name\":\"Portada\",\"item\":\"https:\\\/\\\/institutchiaribcn.com\\\/pl\\\/\"},{\"@type\":\"ListItem\",\"position\":2,\"name\":\"Videos\",\"item\":\"https:\\\/\\\/institutchiaribcn.com\\\/pl\\\/videos\\\/\"},{\"@type\":\"ListItem\",\"position\":3,\"name\":\"Luis Roberto de Aguiar Bernardes. Syndrom Nerwowo-Czaszkowo-Kr\u0119gowy, Choroba Filum, Obni\u017cenie migda\u0142k\u00f3w m\u00f3\u017cd\u017cku i pre-syringomieliczne uszkodzenie rdzeniowe w odcinku szyjnym.\"}]},{\"@type\":\"WebSite\",\"@id\":\"https:\\\/\\\/institutchiaribcn.com\\\/pl\\\/#website\",\"url\":\"https:\\\/\\\/institutchiaribcn.com\\\/pl\\\/\",\"name\":\"Institut Chiari de Barcelona\",\"description\":\"\",\"publisher\":{\"@id\":\"https:\\\/\\\/institutchiaribcn.com\\\/pl\\\/#organization\"},\"potentialAction\":[{\"@type\":\"SearchAction\",\"target\":{\"@type\":\"EntryPoint\",\"urlTemplate\":\"https:\\\/\\\/institutchiaribcn.com\\\/pl\\\/?s={search_term_string}\"},\"query-input\":{\"@type\":\"PropertyValueSpecification\",\"valueRequired\":true,\"valueName\":\"search_term_string\"}}],\"inLanguage\":\"pl-PL\"},{\"@type\":\"Organization\",\"@id\":\"https:\\\/\\\/institutchiaribcn.com\\\/pl\\\/#organization\",\"name\":\"Institut Chiari de Barcelona\",\"url\":\"https:\\\/\\\/institutchiaribcn.com\\\/pl\\\/\",\"logo\":{\"@type\":\"ImageObject\",\"inLanguage\":\"pl-PL\",\"@id\":\"https:\\\/\\\/institutchiaribcn.com\\\/pl\\\/#\\\/schema\\\/logo\\\/image\\\/\",\"url\":\"https:\\\/\\\/institutchiaribcn.com\\\/wp-content\\\/uploads\\\/2025\\\/10\\\/cropped-cropped-icsebNavLogo-1.png\",\"contentUrl\":\"https:\\\/\\\/institutchiaribcn.com\\\/wp-content\\\/uploads\\\/2025\\\/10\\\/cropped-cropped-icsebNavLogo-1.png\",\"width\":245,\"height\":99,\"caption\":\"Institut Chiari de Barcelona\"},\"image\":{\"@id\":\"https:\\\/\\\/institutchiaribcn.com\\\/pl\\\/#\\\/schema\\\/logo\\\/image\\\/\"}}]}<\/script>\n<!-- \/ Yoast SEO plugin. -->","yoast_head_json":{"title":"Do\u015bwiadczenie Arnolda\u2011Chiari I | ICSEB","description":"Relacja pacjenta dotycz\u0105ca diagnozy, leczenia i poprawy po zabiegu Filum System\u00ae w przypadku zespo\u0142u Arnolda-Chiariego I.","robots":{"index":"index","follow":"follow","max-snippet":"max-snippet:-1","max-image-preview":"max-image-preview:large","max-video-preview":"max-video-preview:-1"},"canonical":"https:\/\/institutchiaribcn.com\/pl\/doswiadczenie-zespol-arnolda-chiari-i-leczenie-poprawa\/","og_locale":"pl_PL","og_type":"article","og_title":"Do\u015bwiadczenie Arnolda\u2011Chiari I | ICSEB","og_description":"Relacja pacjenta dotycz\u0105ca diagnozy, leczenia i poprawy po zabiegu Filum System\u00ae w przypadku zespo\u0142u Arnolda-Chiariego I.","og_url":"https:\/\/institutchiaribcn.com\/pl\/doswiadczenie-zespol-arnolda-chiari-i-leczenie-poprawa\/","og_site_name":"Institut Chiari","article_modified_time":"2026-03-13T08:40:06+00:00","og_image":[{"width":480,"height":360,"url":"https:\/\/institutchiaribcn.com\/wp-content\/uploads\/2018\/11\/luis-roberto-de-aguiar-bernardes-sindrome-neuro-craneo-vertebral-enfermedad-del-filum-descenso-de-las-amigdalas-cerebelosas-y-lesion-medular-pre-siringomielica-cervical-alta.jpg","type":"image\/jpeg"}],"twitter_card":"summary_large_image","twitter_misc":{"Szacowany czas czytania":"2 minuty"},"schema":{"@context":"https:\/\/schema.org","@graph":[{"@type":"WebPage","@id":"https:\/\/institutchiaribcn.com\/pl\/doswiadczenie-zespol-arnolda-chiari-i-leczenie-poprawa\/","url":"https:\/\/institutchiaribcn.com\/pl\/doswiadczenie-zespol-arnolda-chiari-i-leczenie-poprawa\/","name":"Do\u015bwiadczenie Arnolda\u2011Chiari I | ICSEB","isPartOf":{"@id":"https:\/\/institutchiaribcn.com\/pl\/#website"},"primaryImageOfPage":{"@id":"https:\/\/institutchiaribcn.com\/pl\/doswiadczenie-zespol-arnolda-chiari-i-leczenie-poprawa\/#primaryimage"},"image":{"@id":"https:\/\/institutchiaribcn.com\/pl\/doswiadczenie-zespol-arnolda-chiari-i-leczenie-poprawa\/#primaryimage"},"thumbnailUrl":"https:\/\/institutchiaribcn.com\/wp-content\/uploads\/2018\/11\/luis-roberto-de-aguiar-bernardes-sindrome-neuro-craneo-vertebral-enfermedad-del-filum-descenso-de-las-amigdalas-cerebelosas-y-lesion-medular-pre-siringomielica-cervical-alta.jpg","datePublished":"2018-11-18T23:00:14+00:00","dateModified":"2026-03-13T08:40:06+00:00","description":"Relacja pacjenta dotycz\u0105ca diagnozy, leczenia i poprawy po zabiegu Filum System\u00ae w przypadku zespo\u0142u Arnolda-Chiariego I.","breadcrumb":{"@id":"https:\/\/institutchiaribcn.com\/pl\/doswiadczenie-zespol-arnolda-chiari-i-leczenie-poprawa\/#breadcrumb"},"inLanguage":"pl-PL","potentialAction":[{"@type":"ReadAction","target":["https:\/\/institutchiaribcn.com\/pl\/doswiadczenie-zespol-arnolda-chiari-i-leczenie-poprawa\/"]}]},{"@type":"ImageObject","inLanguage":"pl-PL","@id":"https:\/\/institutchiaribcn.com\/pl\/doswiadczenie-zespol-arnolda-chiari-i-leczenie-poprawa\/#primaryimage","url":"https:\/\/institutchiaribcn.com\/wp-content\/uploads\/2018\/11\/luis-roberto-de-aguiar-bernardes-sindrome-neuro-craneo-vertebral-enfermedad-del-filum-descenso-de-las-amigdalas-cerebelosas-y-lesion-medular-pre-siringomielica-cervical-alta.jpg","contentUrl":"https:\/\/institutchiaribcn.com\/wp-content\/uploads\/2018\/11\/luis-roberto-de-aguiar-bernardes-sindrome-neuro-craneo-vertebral-enfermedad-del-filum-descenso-de-las-amigdalas-cerebelosas-y-lesion-medular-pre-siringomielica-cervical-alta.jpg","width":480,"height":360},{"@type":"BreadcrumbList","@id":"https:\/\/institutchiaribcn.com\/pl\/doswiadczenie-zespol-arnolda-chiari-i-leczenie-poprawa\/#breadcrumb","itemListElement":[{"@type":"ListItem","position":1,"name":"Portada","item":"https:\/\/institutchiaribcn.com\/pl\/"},{"@type":"ListItem","position":2,"name":"Videos","item":"https:\/\/institutchiaribcn.com\/pl\/videos\/"},{"@type":"ListItem","position":3,"name":"Luis Roberto de Aguiar Bernardes. Syndrom Nerwowo-Czaszkowo-Kr\u0119gowy, Choroba Filum, Obni\u017cenie migda\u0142k\u00f3w m\u00f3\u017cd\u017cku i pre-syringomieliczne uszkodzenie rdzeniowe w odcinku szyjnym."}]},{"@type":"WebSite","@id":"https:\/\/institutchiaribcn.com\/pl\/#website","url":"https:\/\/institutchiaribcn.com\/pl\/","name":"Institut Chiari de Barcelona","description":"","publisher":{"@id":"https:\/\/institutchiaribcn.com\/pl\/#organization"},"potentialAction":[{"@type":"SearchAction","target":{"@type":"EntryPoint","urlTemplate":"https:\/\/institutchiaribcn.com\/pl\/?s={search_term_string}"},"query-input":{"@type":"PropertyValueSpecification","valueRequired":true,"valueName":"search_term_string"}}],"inLanguage":"pl-PL"},{"@type":"Organization","@id":"https:\/\/institutchiaribcn.com\/pl\/#organization","name":"Institut Chiari de Barcelona","url":"https:\/\/institutchiaribcn.com\/pl\/","logo":{"@type":"ImageObject","inLanguage":"pl-PL","@id":"https:\/\/institutchiaribcn.com\/pl\/#\/schema\/logo\/image\/","url":"https:\/\/institutchiaribcn.com\/wp-content\/uploads\/2025\/10\/cropped-cropped-icsebNavLogo-1.png","contentUrl":"https:\/\/institutchiaribcn.com\/wp-content\/uploads\/2025\/10\/cropped-cropped-icsebNavLogo-1.png","width":245,"height":99,"caption":"Institut Chiari de Barcelona"},"image":{"@id":"https:\/\/institutchiaribcn.com\/pl\/#\/schema\/logo\/image\/"}}]}},"_links":{"self":[{"href":"https:\/\/institutchiaribcn.com\/pl\/wp-json\/wp\/v2\/videos\/112345","targetHints":{"allow":["GET"]}}],"collection":[{"href":"https:\/\/institutchiaribcn.com\/pl\/wp-json\/wp\/v2\/videos"}],"about":[{"href":"https:\/\/institutchiaribcn.com\/pl\/wp-json\/wp\/v2\/types\/videos"}],"wp:featuredmedia":[{"embeddable":true,"href":"https:\/\/institutchiaribcn.com\/pl\/wp-json\/wp\/v2\/media\/137645"}],"wp:attachment":[{"href":"https:\/\/institutchiaribcn.com\/pl\/wp-json\/wp\/v2\/media?parent=112345"}],"wp:term":[{"taxonomy":"tipos-de-video","embeddable":true,"href":"https:\/\/institutchiaribcn.com\/pl\/wp-json\/wp\/v2\/tipos-de-video?post=112345"}],"curies":[{"name":"wp","href":"https:\/\/api.w.org\/{rel}","templated":true}]}}