{"id":98223,"date":"2020-06-05T00:00:00","date_gmt":"2020-06-04T22:00:00","guid":{"rendered":"https:\/\/dev.institutchiaribcn.com\/comunicacion\/1-lipca-2020-wznowienie-dzialalnosci-w-zakresie-opieki-zdrowotnej\/"},"modified":"2026-02-18T12:15:27","modified_gmt":"2026-02-18T11:15:27","slug":"1-lipca-2020-wznowienie-dzialalnosci-zakresie-opieki-zdrowotnej","status":"publish","type":"comunicacion","link":"https:\/\/institutchiaribcn.com\/pl\/1-lipca-2020-wznowienie-dzialalnosci-zakresie-opieki-zdrowotnej\/","title":{"rendered":"1 lipca 2020: wznowienie dzia\u0142alno\u015bci w zakresie opieki zdrowotnej"},"content":{"rendered":"<p class=\"text-muted aniview centerTXT\">Published by\u00a0<a title=\"Entradas de ICSEB\" href=\"https:\/\/institutchiaribcn.com\/pl\/author\/chiari\/\" rel=\"author\">ICSEB<\/a>\u00a0at 5 junio, 2020<\/p>\n<p>&nbsp;<\/p>\n<p>Instytut Chiari &amp; Siringomielia &amp; Escoliosis de Barcelona z przyjemno\u015bci\u0105 informuje, \u017ce od dnia 1 lipca 2020 roku wznawia swoj\u0105 dzia\u0142alno\u015b\u0107 w zakresie opieki zdrowotnej.<\/p>\n<p>Powr\u00f3t do aktywno\u015bci b\u0119dzie stopniowy, zostan\u0105 wdro\u017cone nowe procedury sanitarne w celu zapewnienia bezpiecze\u0144stwa zar\u00f3wno pacjentom, jak i specjalistom.<\/p>\n<p>Chcieliby\u015bmy r\u00f3wnie\u017c zapewni\u0107 wszystkich naszych pacjent\u00f3w i osoby, kt\u00f3re czekaj\u0105 na wizyt\u0119 b\u0105d\u017a na zarezerwowanie programu operacyjnego w naszym centrum, \u017ce skontaktujemy si\u0119 z ka\u017cdym z nich w celu ustalenia termin\u00f3w, tak aby mogli zorganizowa\u0107 podr\u00f3\u017c do Barcelony w najwygodniejszy mo\u017cliwy spos\u00f3b.<\/p>\n<p>Do zobaczenia wkr\u00f3tce!<\/p>\n<div align=\"center\"><img fetchpriority=\"high\" decoding=\"async\" class=\"img-responsive aligncenter size-full wp-image-7365\" src=\"https:\/\/institutchiaribcn.com\/wp-content\/uploads\/2020\/06\/LogoICSEB_400.jpg\" sizes=\"(max-width: 400px) 100vw, 400px\" srcset=\"https:\/\/institutchiaribcn.com\/wp-content\/uploads\/2020\/06\/LogoICSEB_400.jpg 400w, https:\/\/institutchiaribcn.com\/wp-content\/uploads\/2020\/06\/LogoICSEB_400-300x112.jpg 300w\" alt=\"\" width=\"400\" height=\"149\" \/><\/div>\n","protected":false},"featured_media":98224,"template":"","tipos-de-comunicacion":[530],"class_list":["post-98223","comunicacion","type-comunicacion","status-publish","has-post-thumbnail","hentry","tipos-de-comunicacion-komunikaty"],"yoast_head":"<!-- This site is optimized with the Yoast SEO plugin v27.4 - https:\/\/yoast.com\/product\/yoast-seo-wordpress\/ -->\n<title>Wznowienie dzia\u0142alno\u015bci medycznej od 1 lipca 2020 | ICSEB<\/title>\n<meta name=\"description\" content=\"Komunikat o wznowieniu dzia\u0142alno\u015bci us\u0142ug medycznych i opieki zdrowotnej od 1 lipca 2020 po ograniczeniach zwi\u0105zanych z COVID\u201119.\" \/>\n<meta name=\"robots\" content=\"index, follow, max-snippet:-1, max-image-preview:large, max-video-preview:-1\" \/>\n<link rel=\"canonical\" href=\"https:\/\/institutchiaribcn.com\/pl\/1-lipca-2020-wznowienie-dzialalnosci-zakresie-opieki-zdrowotnej\/\" \/>\n<meta property=\"og:locale\" content=\"pl_PL\" \/>\n<meta property=\"og:type\" content=\"article\" \/>\n<meta property=\"og:title\" content=\"Wznowienie dzia\u0142alno\u015bci medycznej od 1 lipca 2020 | ICSEB\" \/>\n<meta property=\"og:description\" content=\"Komunikat o wznowieniu dzia\u0142alno\u015bci us\u0142ug medycznych i opieki zdrowotnej od 1 lipca 2020 po ograniczeniach zwi\u0105zanych z COVID\u201119.\" \/>\n<meta property=\"og:url\" content=\"https:\/\/institutchiaribcn.com\/pl\/1-lipca-2020-wznowienie-dzialalnosci-zakresie-opieki-zdrowotnej\/\" \/>\n<meta property=\"og:site_name\" content=\"Institut Chiari\" \/>\n<meta property=\"article:modified_time\" content=\"2026-02-18T11:15:27+00:00\" \/>\n<meta property=\"og:image\" content=\"https:\/\/institutchiaribcn.com\/wp-content\/uploads\/2025\/10\/LogoICSEB_200x200-5.jpg\" \/>\n\t<meta property=\"og:image:width\" content=\"200\" \/>\n\t<meta property=\"og:image:height\" content=\"200\" \/>\n\t<meta property=\"og:image:type\" content=\"image\/jpeg\" \/>\n<meta name=\"twitter:card\" content=\"summary_large_image\" \/>\n<meta name=\"twitter:label1\" content=\"Szacowany czas czytania\" \/>\n\t<meta name=\"twitter:data1\" content=\"1 minuta\" \/>\n<script type=\"application\/ld+json\" class=\"yoast-schema-graph\">{\"@context\":\"https:\\\/\\\/schema.org\",\"@graph\":[{\"@type\":\"WebPage\",\"@id\":\"https:\\\/\\\/institutchiaribcn.com\\\/pl\\\/1-lipca-2020-wznowienie-dzialalnosci-zakresie-opieki-zdrowotnej\\\/\",\"url\":\"https:\\\/\\\/institutchiaribcn.com\\\/pl\\\/1-lipca-2020-wznowienie-dzialalnosci-zakresie-opieki-zdrowotnej\\\/\",\"name\":\"Wznowienie dzia\u0142alno\u015bci medycznej od 1 lipca 2020 | ICSEB\",\"isPartOf\":{\"@id\":\"https:\\\/\\\/institutchiaribcn.com\\\/pl\\\/#website\"},\"primaryImageOfPage\":{\"@id\":\"https:\\\/\\\/institutchiaribcn.com\\\/pl\\\/1-lipca-2020-wznowienie-dzialalnosci-zakresie-opieki-zdrowotnej\\\/#primaryimage\"},\"image\":{\"@id\":\"https:\\\/\\\/institutchiaribcn.com\\\/pl\\\/1-lipca-2020-wznowienie-dzialalnosci-zakresie-opieki-zdrowotnej\\\/#primaryimage\"},\"thumbnailUrl\":\"https:\\\/\\\/institutchiaribcn.com\\\/wp-content\\\/uploads\\\/2025\\\/10\\\/LogoICSEB_200x200-5.jpg\",\"datePublished\":\"2020-06-04T22:00:00+00:00\",\"dateModified\":\"2026-02-18T11:15:27+00:00\",\"description\":\"Komunikat o wznowieniu dzia\u0142alno\u015bci us\u0142ug medycznych i opieki zdrowotnej od 1 lipca 2020 po ograniczeniach zwi\u0105zanych z COVID\u201119.\",\"breadcrumb\":{\"@id\":\"https:\\\/\\\/institutchiaribcn.com\\\/pl\\\/1-lipca-2020-wznowienie-dzialalnosci-zakresie-opieki-zdrowotnej\\\/#breadcrumb\"},\"inLanguage\":\"pl-PL\",\"potentialAction\":[{\"@type\":\"ReadAction\",\"target\":[\"https:\\\/\\\/institutchiaribcn.com\\\/pl\\\/1-lipca-2020-wznowienie-dzialalnosci-zakresie-opieki-zdrowotnej\\\/\"]}]},{\"@type\":\"ImageObject\",\"inLanguage\":\"pl-PL\",\"@id\":\"https:\\\/\\\/institutchiaribcn.com\\\/pl\\\/1-lipca-2020-wznowienie-dzialalnosci-zakresie-opieki-zdrowotnej\\\/#primaryimage\",\"url\":\"https:\\\/\\\/institutchiaribcn.com\\\/wp-content\\\/uploads\\\/2025\\\/10\\\/LogoICSEB_200x200-5.jpg\",\"contentUrl\":\"https:\\\/\\\/institutchiaribcn.com\\\/wp-content\\\/uploads\\\/2025\\\/10\\\/LogoICSEB_200x200-5.jpg\",\"width\":200,\"height\":200},{\"@type\":\"BreadcrumbList\",\"@id\":\"https:\\\/\\\/institutchiaribcn.com\\\/pl\\\/1-lipca-2020-wznowienie-dzialalnosci-zakresie-opieki-zdrowotnej\\\/#breadcrumb\",\"itemListElement\":[{\"@type\":\"ListItem\",\"position\":1,\"name\":\"Portada\",\"item\":\"https:\\\/\\\/institutchiaribcn.com\\\/pl\\\/\"},{\"@type\":\"ListItem\",\"position\":2,\"name\":\"Comunicaci\u00f3n\",\"item\":\"https:\\\/\\\/institutchiaribcn.com\\\/pl\\\/comunicacion\\\/\"},{\"@type\":\"ListItem\",\"position\":3,\"name\":\"1 lipca 2020: wznowienie dzia\u0142alno\u015bci w zakresie opieki zdrowotnej\"}]},{\"@type\":\"WebSite\",\"@id\":\"https:\\\/\\\/institutchiaribcn.com\\\/pl\\\/#website\",\"url\":\"https:\\\/\\\/institutchiaribcn.com\\\/pl\\\/\",\"name\":\"Institut Chiari de Barcelona\",\"description\":\"\",\"publisher\":{\"@id\":\"https:\\\/\\\/institutchiaribcn.com\\\/pl\\\/#organization\"},\"potentialAction\":[{\"@type\":\"SearchAction\",\"target\":{\"@type\":\"EntryPoint\",\"urlTemplate\":\"https:\\\/\\\/institutchiaribcn.com\\\/pl\\\/?s={search_term_string}\"},\"query-input\":{\"@type\":\"PropertyValueSpecification\",\"valueRequired\":true,\"valueName\":\"search_term_string\"}}],\"inLanguage\":\"pl-PL\"},{\"@type\":\"Organization\",\"@id\":\"https:\\\/\\\/institutchiaribcn.com\\\/pl\\\/#organization\",\"name\":\"Institut Chiari de Barcelona\",\"url\":\"https:\\\/\\\/institutchiaribcn.com\\\/pl\\\/\",\"logo\":{\"@type\":\"ImageObject\",\"inLanguage\":\"pl-PL\",\"@id\":\"https:\\\/\\\/institutchiaribcn.com\\\/pl\\\/#\\\/schema\\\/logo\\\/image\\\/\",\"url\":\"https:\\\/\\\/institutchiaribcn.com\\\/wp-content\\\/uploads\\\/2025\\\/10\\\/cropped-cropped-icsebNavLogo-1.png\",\"contentUrl\":\"https:\\\/\\\/institutchiaribcn.com\\\/wp-content\\\/uploads\\\/2025\\\/10\\\/cropped-cropped-icsebNavLogo-1.png\",\"width\":245,\"height\":99,\"caption\":\"Institut Chiari de Barcelona\"},\"image\":{\"@id\":\"https:\\\/\\\/institutchiaribcn.com\\\/pl\\\/#\\\/schema\\\/logo\\\/image\\\/\"}}]}<\/script>\n<!-- \/ Yoast SEO plugin. -->","yoast_head_json":{"title":"Wznowienie dzia\u0142alno\u015bci medycznej od 1 lipca 2020 | ICSEB","description":"Komunikat o wznowieniu dzia\u0142alno\u015bci us\u0142ug medycznych i opieki zdrowotnej od 1 lipca 2020 po ograniczeniach zwi\u0105zanych z COVID\u201119.","robots":{"index":"index","follow":"follow","max-snippet":"max-snippet:-1","max-image-preview":"max-image-preview:large","max-video-preview":"max-video-preview:-1"},"canonical":"https:\/\/institutchiaribcn.com\/pl\/1-lipca-2020-wznowienie-dzialalnosci-zakresie-opieki-zdrowotnej\/","og_locale":"pl_PL","og_type":"article","og_title":"Wznowienie dzia\u0142alno\u015bci medycznej od 1 lipca 2020 | ICSEB","og_description":"Komunikat o wznowieniu dzia\u0142alno\u015bci us\u0142ug medycznych i opieki zdrowotnej od 1 lipca 2020 po ograniczeniach zwi\u0105zanych z COVID\u201119.","og_url":"https:\/\/institutchiaribcn.com\/pl\/1-lipca-2020-wznowienie-dzialalnosci-zakresie-opieki-zdrowotnej\/","og_site_name":"Institut Chiari","article_modified_time":"2026-02-18T11:15:27+00:00","og_image":[{"width":200,"height":200,"url":"https:\/\/institutchiaribcn.com\/wp-content\/uploads\/2025\/10\/LogoICSEB_200x200-5.jpg","type":"image\/jpeg"}],"twitter_card":"summary_large_image","twitter_misc":{"Szacowany czas czytania":"1 minuta"},"schema":{"@context":"https:\/\/schema.org","@graph":[{"@type":"WebPage","@id":"https:\/\/institutchiaribcn.com\/pl\/1-lipca-2020-wznowienie-dzialalnosci-zakresie-opieki-zdrowotnej\/","url":"https:\/\/institutchiaribcn.com\/pl\/1-lipca-2020-wznowienie-dzialalnosci-zakresie-opieki-zdrowotnej\/","name":"Wznowienie dzia\u0142alno\u015bci medycznej od 1 lipca 2020 | ICSEB","isPartOf":{"@id":"https:\/\/institutchiaribcn.com\/pl\/#website"},"primaryImageOfPage":{"@id":"https:\/\/institutchiaribcn.com\/pl\/1-lipca-2020-wznowienie-dzialalnosci-zakresie-opieki-zdrowotnej\/#primaryimage"},"image":{"@id":"https:\/\/institutchiaribcn.com\/pl\/1-lipca-2020-wznowienie-dzialalnosci-zakresie-opieki-zdrowotnej\/#primaryimage"},"thumbnailUrl":"https:\/\/institutchiaribcn.com\/wp-content\/uploads\/2025\/10\/LogoICSEB_200x200-5.jpg","datePublished":"2020-06-04T22:00:00+00:00","dateModified":"2026-02-18T11:15:27+00:00","description":"Komunikat o wznowieniu dzia\u0142alno\u015bci us\u0142ug medycznych i opieki zdrowotnej od 1 lipca 2020 po ograniczeniach zwi\u0105zanych z COVID\u201119.","breadcrumb":{"@id":"https:\/\/institutchiaribcn.com\/pl\/1-lipca-2020-wznowienie-dzialalnosci-zakresie-opieki-zdrowotnej\/#breadcrumb"},"inLanguage":"pl-PL","potentialAction":[{"@type":"ReadAction","target":["https:\/\/institutchiaribcn.com\/pl\/1-lipca-2020-wznowienie-dzialalnosci-zakresie-opieki-zdrowotnej\/"]}]},{"@type":"ImageObject","inLanguage":"pl-PL","@id":"https:\/\/institutchiaribcn.com\/pl\/1-lipca-2020-wznowienie-dzialalnosci-zakresie-opieki-zdrowotnej\/#primaryimage","url":"https:\/\/institutchiaribcn.com\/wp-content\/uploads\/2025\/10\/LogoICSEB_200x200-5.jpg","contentUrl":"https:\/\/institutchiaribcn.com\/wp-content\/uploads\/2025\/10\/LogoICSEB_200x200-5.jpg","width":200,"height":200},{"@type":"BreadcrumbList","@id":"https:\/\/institutchiaribcn.com\/pl\/1-lipca-2020-wznowienie-dzialalnosci-zakresie-opieki-zdrowotnej\/#breadcrumb","itemListElement":[{"@type":"ListItem","position":1,"name":"Portada","item":"https:\/\/institutchiaribcn.com\/pl\/"},{"@type":"ListItem","position":2,"name":"Comunicaci\u00f3n","item":"https:\/\/institutchiaribcn.com\/pl\/comunicacion\/"},{"@type":"ListItem","position":3,"name":"1 lipca 2020: wznowienie dzia\u0142alno\u015bci w zakresie opieki zdrowotnej"}]},{"@type":"WebSite","@id":"https:\/\/institutchiaribcn.com\/pl\/#website","url":"https:\/\/institutchiaribcn.com\/pl\/","name":"Institut Chiari de Barcelona","description":"","publisher":{"@id":"https:\/\/institutchiaribcn.com\/pl\/#organization"},"potentialAction":[{"@type":"SearchAction","target":{"@type":"EntryPoint","urlTemplate":"https:\/\/institutchiaribcn.com\/pl\/?s={search_term_string}"},"query-input":{"@type":"PropertyValueSpecification","valueRequired":true,"valueName":"search_term_string"}}],"inLanguage":"pl-PL"},{"@type":"Organization","@id":"https:\/\/institutchiaribcn.com\/pl\/#organization","name":"Institut Chiari de Barcelona","url":"https:\/\/institutchiaribcn.com\/pl\/","logo":{"@type":"ImageObject","inLanguage":"pl-PL","@id":"https:\/\/institutchiaribcn.com\/pl\/#\/schema\/logo\/image\/","url":"https:\/\/institutchiaribcn.com\/wp-content\/uploads\/2025\/10\/cropped-cropped-icsebNavLogo-1.png","contentUrl":"https:\/\/institutchiaribcn.com\/wp-content\/uploads\/2025\/10\/cropped-cropped-icsebNavLogo-1.png","width":245,"height":99,"caption":"Institut Chiari de Barcelona"},"image":{"@id":"https:\/\/institutchiaribcn.com\/pl\/#\/schema\/logo\/image\/"}}]}},"_links":{"self":[{"href":"https:\/\/institutchiaribcn.com\/pl\/wp-json\/wp\/v2\/comunicacion\/98223","targetHints":{"allow":["GET"]}}],"collection":[{"href":"https:\/\/institutchiaribcn.com\/pl\/wp-json\/wp\/v2\/comunicacion"}],"about":[{"href":"https:\/\/institutchiaribcn.com\/pl\/wp-json\/wp\/v2\/types\/comunicacion"}],"wp:featuredmedia":[{"embeddable":true,"href":"https:\/\/institutchiaribcn.com\/pl\/wp-json\/wp\/v2\/media\/98224"}],"wp:attachment":[{"href":"https:\/\/institutchiaribcn.com\/pl\/wp-json\/wp\/v2\/media?parent=98223"}],"wp:term":[{"taxonomy":"tipos-de-comunicacion","embeddable":true,"href":"https:\/\/institutchiaribcn.com\/pl\/wp-json\/wp\/v2\/tipos-de-comunicacion?post=98223"}],"curies":[{"name":"wp","href":"https:\/\/api.w.org\/{rel}","templated":true}]}}