{"id":111201,"date":"2014-11-21T00:00:58","date_gmt":"2014-11-20T23:00:58","guid":{"rendered":"https:\/\/dev.institutchiaribcn.com\/comunicacion\/%ec%a0%9c2%ed%9a%8c-%ea%b5%ad%ec%a0%9c-%ec%a2%85%ec%82%ac-%ec%a7%88%eb%b3%91-%ec%a7%84%eb%8b%a8%c2%b7%ec%b9%98%eb%a3%8c-%ea%b0%95%ec%a2%8c-%ed%8f%90%eb%a7%89\/"},"modified":"2026-03-02T11:47:03","modified_gmt":"2026-03-02T10:47:03","slug":"clausura-del-curso-internacional-diagnostico-y-tratamiento-de-la-enfermedad-del-filum-2a-edicion","status":"publish","type":"comunicacion","link":"https:\/\/institutchiaribcn.com\/ko\/clausura-del-curso-internacional-diagnostico-y-tratamiento-de-la-enfermedad-del-filum-2a-edicion\/","title":{"rendered":"\uc81c2\ud68c \uad6d\uc81c \uc885\uc0ac \uc9c8\ubcd1 \uc9c4\ub2e8\u00b7\uce58\ub8cc \uac15\uc88c \ud3d0\ub9c9"},"content":{"rendered":"<p class=\"text-muted aniview centerTXT\">Published by <a title=\"Entradas de ICSEB\" href=\"https:\/\/institutchiaribcn.com\/ko\/author\/chiari\/\" rel=\"author\">ICSEB<\/a> at 21\/11\/2014<\/p>\n<p>&nbsp;<\/p>\n<hr \/>\n<p>&nbsp;<\/p>\n<div class=\"row\">\n<div class=\"col-md-4\"><img fetchpriority=\"high\" decoding=\"async\" class=\"img-responsive img-rounded aligncenter size-full wp-image-3572\" src=\"https:\/\/institutchiaribcn.com\/wp-content\/uploads\/2015\/09\/FABFilum2ed001.jpg\" sizes=\"(max-width: 800px) 100vw, 800px\" srcset=\"https:\/\/institutchiaribcn.com\/wp-content\/uploads\/2015\/09\/FABFilum2ed001.jpg 800w, https:\/\/institutchiaribcn.com\/wp-content\/uploads\/2015\/09\/FABFilum2ed001-300x210.jpg 300w\" alt=\"\" width=\"800\" height=\"559\" \/><\/div>\n<div class=\"col-md-4\"><img decoding=\"async\" class=\"img-responsive img-rounded aligncenter size-full wp-image-3573\" src=\"https:\/\/institutchiaribcn.com\/wp-content\/uploads\/2015\/09\/FABFilum2ed002.jpg\" sizes=\"(max-width: 800px) 100vw, 800px\" srcset=\"https:\/\/institutchiaribcn.com\/wp-content\/uploads\/2015\/09\/FABFilum2ed002.jpg 800w, https:\/\/institutchiaribcn.com\/wp-content\/uploads\/2015\/09\/FABFilum2ed002-300x210.jpg 300w\" alt=\"\" width=\"800\" height=\"559\" \/><\/div>\n<div class=\"col-md-4\"><img decoding=\"async\" class=\"img-responsive img-rounded aligncenter size-full wp-image-3574\" src=\"https:\/\/institutchiaribcn.com\/wp-content\/uploads\/2015\/09\/FABFilum2ed003.jpg\" sizes=\"(max-width: 800px) 100vw, 800px\" srcset=\"https:\/\/institutchiaribcn.com\/wp-content\/uploads\/2015\/09\/FABFilum2ed003.jpg 800w, https:\/\/institutchiaribcn.com\/wp-content\/uploads\/2015\/09\/FABFilum2ed003-300x210.jpg 300w\" alt=\"\" width=\"800\" height=\"559\" \/><\/div>\n<\/div>\n<div class=\"row\">\n<div class=\"col-md-4\"><img loading=\"lazy\" decoding=\"async\" class=\"img-responsive img-rounded aligncenter size-full wp-image-3575\" src=\"https:\/\/institutchiaribcn.com\/wp-content\/uploads\/2015\/09\/FABFilum2ed004.jpg\" sizes=\"(max-width: 800px) 100vw, 800px\" srcset=\"https:\/\/institutchiaribcn.com\/wp-content\/uploads\/2015\/09\/FABFilum2ed004.jpg 800w, https:\/\/institutchiaribcn.com\/wp-content\/uploads\/2015\/09\/FABFilum2ed004-300x210.jpg 300w\" alt=\"\" width=\"800\" height=\"559\" \/><\/div>\n<div class=\"col-md-4\"><img loading=\"lazy\" decoding=\"async\" class=\"img-responsive img-rounded aligncenter size-full wp-image-3576\" src=\"https:\/\/institutchiaribcn.com\/wp-content\/uploads\/2015\/09\/FABFilum2ed005.jpg\" sizes=\"(max-width: 800px) 100vw, 800px\" srcset=\"https:\/\/institutchiaribcn.com\/wp-content\/uploads\/2015\/09\/FABFilum2ed005.jpg 800w, https:\/\/institutchiaribcn.com\/wp-content\/uploads\/2015\/09\/FABFilum2ed005-300x210.jpg 300w\" alt=\"\" width=\"800\" height=\"559\" \/><\/div>\n<div class=\"col-md-4\"><img loading=\"lazy\" decoding=\"async\" class=\"img-responsive img-rounded aligncenter size-full wp-image-3577\" src=\"https:\/\/institutchiaribcn.com\/wp-content\/uploads\/2015\/09\/FABFilum2ed006.jpg\" sizes=\"(max-width: 800px) 100vw, 800px\" srcset=\"https:\/\/institutchiaribcn.com\/wp-content\/uploads\/2015\/09\/FABFilum2ed006.jpg 800w, https:\/\/institutchiaribcn.com\/wp-content\/uploads\/2015\/09\/FABFilum2ed006-300x210.jpg 300w\" alt=\"\" width=\"800\" height=\"559\" \/><\/div>\n<\/div>\n<p style=\"text-align: justify;\">11\uc6d4 14\uc77c, \ubc14\ub974\uc140\ub85c\ub098 \uc885\uc0ac \uc544\uce74\ub370\ubbf8<sup>\u00ae<\/sup>\uc5d0\uc11c \uc5f4\ub9b0 \uc81c2\ud68c\u00a0<strong>\u201c\uc885\uc0ac \uc9c8\ubcd1\uc758 \uc9c4\ub2e8\u00b7\uce58\ub8cc\u201d<\/strong> \uac15\uc88c\uac00 \ubb34\uc0ac\ud788 \ud3d0\ub9c9\ud588\uc2b5\ub2c8\ub2e4.<sub>\u00a0\u00a0<\/sub><\/p>\n<p style=\"text-align: justify;\">\ud3d0\ud68c\uc2dd\uc740 <strong>\ud0a4\uc544\ub9ac &amp; \ucc99\uc218\uacf5\ub3d9\uc99d \uc7ac\ub2e8<\/strong>\uc758 \uc9c0\uc6d0\ud558\uc5d0 \uc774\ub8e8\uc5b4\uc84c\uc73c\uba70, \ubc14\ub974\uc140\ub85c\ub098 \uc790\uce58 \ub300\ud559\uc758 \ud574\ubd80 \ubc1c\uc0dd\ud559 \ub85c\ub4dc\ub9ac\uac8c\uc2a4 \ubc14\uc5d0\uc0ac \uc815\uad50\uc218\ub3c4 \uc790\ub9ac\ud574 \uc8fc\uc168\uc2b5\ub2c8\ub2e4. \ub85c\ub4dc\ub9ac\uac8c\uc2a4 \ubc14\uc5d0\uc0ac \uc815 \uad50\uc218\uc758 \u201c\uc885\uc0ac\u201d \ud2b9\ubcc4 \uac15\uc5f0\ub3c4 \ud589\ud574\uc84c\uc2b5\ub2c8\ub2e4. \ubcf8 \uac15\uc88c \ucc38\uac00\uc790\ub4e4\uc758 \uc804\ubb38 \ubd84\uc57c\ub294 \uc2e0\uacbd \uc678\uacfc, \ub9c8\ucde8\uacfc, \uc2ec\uc7a5\ubcd1\ud559, \uc7ac\ud65c \ubd84\uc57c \ub4f1 \ub2e4\uc591\ud569\ub2c8\ub2e4.<\/p>\n<p style=\"text-align: justify;\">\ud3d0\ud68c\uc2dd\uc5d0\uc11c <strong>\ub85c\uc694 \ud559\uc7a5<\/strong>\uc740 \uad50\uc721 \ucc38\uc5ec\uc790\ub4e4\uc5d0\uac8c \uac10\uc0ac\uc758 \ub9c8\uc74c\uc744 \uc804\ud558\uba70 \ub2e4\uc74c\uacfc \uac19\uc740 \uc774\uc57c\uae30\ub97c \ud588\uc2b5\ub2c8\ub2e4.<\/p>\n<p style=\"text-align: justify;\"><strong>\u201c\uc800\ud76c\uc758 \uc624\ub79c \uc5f0\uad6c\uc5d0\uc11c \uc5bb\uc740 7\uac1c\uc758 \ubc1c\uacac\uc744 \ubcf4\uae09\ud558\ub294 \uac83\uc740 \uc758\ub8cc \ubc0f \uc0ac\ud68c\uc5d0 \ub9e4\uc6b0 \uc911\uc694\ud55c \uc77c\uc774\uba70, \uc55e\uc73c\ub85c\ub3c4 \uc5f0\uad6c\ub97c \uac70\ub4ed\ud558\uc5ec \ubcf5\uc7a1\ud55c \uc9c8\ubcd1\uc5d0 \ub300\ucc98\ud574 \ub098\uac08 \uac83\uc785\ub2c8\ub2e4.\u201d\u00a0<\/strong><\/p>\n<p style=\"text-align: justify;\">FAB<sup>\u00ae<\/sup>\uc758 \uc885\uc0ac \uc2dc\uc2a4\ud15c<sup>\u00ae<\/sup> \ubcf4\uac74 \uc704\uc0dd \uacfc\uc815\uc740 \uae4c\ub538\ub8e8\ub0d0 \uc815\ubd80 \uae30\uad00\uc758 \uae4c\ub538\ub8e8\ub0d0 \uc758\ub8cc \uc885\uc0ac\uc790\uc5d0 \ub300\ud55c \uc9c0\uc18d\uc801\uc778 \uad50\uc721 \uc704\uc6d0\ud68c(Consell Catal\u00e0 de Formaci\u00f3 Continuada de les Professions Sanit\u00e0ries)\uc758 \uc778\uac00\ub97c \ubc1b\uc544 2014 \u2013 2015\ub144\uc5d0 \uac1c\uc124\ub41c \u201c\uc81c2\ud68c \uc885\uc0ac \uc9c8\ubcd1 \uc9c4\ub2e8\u00b7\uce58\ub8cc \uac15\uc758\u201d\ub97c \uc218\uac15\ud55c \uc758\uc0ac\ub4e4\uc5d0\uac8c 3 \ub2e8\uc704 \uad50\uc721 \ud559\uc810\uc744 \uc218\uc5ec\ud588\uc2b5\ub2c8\ub2e4.(\ub4f1\ub85d:09\/11792-MD)<\/p>\n<div align=\"center\"><img decoding=\"async\" class=\"img-responsive img-thumbnail size-full wp-image-3491\" src=\"https:\/\/institutchiaribcn.com\/wp-content\/uploads\/2015\/08\/CCFCPS.png\" sizes=\"(max-width: 885px) 100vw, 885px\" srcset=\"https:\/\/institutchiaribcn.com\/wp-content\/uploads\/2015\/08\/CCFCPS.png 885w, https:\/\/institutchiaribcn.com\/wp-content\/uploads\/2015\/08\/CCFCPS-300x47.png 300w\" alt=\"CCFCPS\" width=\"50%\" \/><\/div>\n<p style=\"text-align: justify;\">\ud3d0\ud68c\uc2dd\uc740 \uac15\uc88c \uc218\ub8cc\uc99d \uc218\uc5ec\uc640 \ub85c\uc694 \uc758\uc0ac\uc758 \ucd5c\uc2e0 \uc11c\uc801 \uc99d\uc815\uc73c\ub85c \ub9c8\ubb34\ub9ac \ub410\uc2b5\ub2c8\ub2e4.<\/p>\n<hr \/>\n<div class=\"row\">\n<div class=\"col-md-12\">\n<p><img loading=\"lazy\" decoding=\"async\" class=\"img-rounded img-responsive size-full wp-image-3580\" src=\"https:\/\/institutchiaribcn.com\/wp-content\/uploads\/2014\/11\/FABFilum2ed007.jpg\" sizes=\"(max-width: 800px) 100vw, 800px\" srcset=\"https:\/\/institutchiaribcn.com\/wp-content\/uploads\/2014\/11\/FABFilum2ed007.jpg 800w, https:\/\/institutchiaribcn.com\/wp-content\/uploads\/2014\/11\/FABFilum2ed007-300x152.jpg 300w\" alt=\"Lecci\u00f3n Magistral \u201cFilum Terminale\u201d a cargo del Catedr\u00e1tico, Dr. Alfonso Rodr\u00edguez-Baeza.\" width=\"800\" height=\"406\" \/><\/p>\n<div align=\"center\">\n<p><em>\ub85c\ub4dc\ub9ac\uac8c\uc2a4 \ubc14\uc5d0\uc0ac \uc815 \uad50\uc218\uc758 \u201c\uc885\uc0ac\u201d \ud2b9\ubcc4 \uac15\uc5f0.<\/em><\/p>\n<\/div>\n<p><img loading=\"lazy\" decoding=\"async\" class=\"img-rounded img-responsive size-full wp-image-3581\" src=\"https:\/\/institutchiaribcn.com\/wp-content\/uploads\/2014\/11\/FABFilum2ed008.jpg\" sizes=\"(max-width: 800px) 100vw, 800px\" srcset=\"https:\/\/institutchiaribcn.com\/wp-content\/uploads\/2014\/11\/FABFilum2ed008.jpg 800w, https:\/\/institutchiaribcn.com\/wp-content\/uploads\/2014\/11\/FABFilum2ed008-300x162.jpg 300w\" alt=\"De derecha a izquierda: Dr. Rodriguez-Baeza, Dr. Fiallos, Dr. Colet, Dssa. Lu\u00e8, Sra. Nina Arutiounova, Sra. Lurdes Lozano, Sra. Mara Espino, Dr. Miguel B. Royo, Dr. Oll\u00e9, Dr. Victoria y Sr. Xavier Ant\u00f3n.\" width=\"800\" height=\"431\" \/><\/p>\n<div align=\"center\">\n<p><em>\uac15\uc88c \ubaa8\uc2b5:<\/em><\/p>\n<p><em>\uc6b0\uce21\ubd80\ud130 \uc88c\uce21\uc73c\ub85c: \uc758\uc0ac Rodriguez-Baeza, \uc758\uc0ac Fiallos, \uc758\uc0ac Colet, Lu\u00e8\uc528, Nina Arutiounova\uc528, Lurdes Lozano\uc528, Mara Espino\uc528, \uc758\uc0ac Miguel B. Royo, \uc758\uc0ac Oll\u00e9, \uc758\uc0ac Victoria y Xavier Ant\u00f3n.<\/em><\/p>\n<\/div>\n<p><img loading=\"lazy\" decoding=\"async\" class=\"img-rounded img-responsive size-full wp-image-3582\" src=\"https:\/\/institutchiaribcn.com\/wp-content\/uploads\/2014\/11\/FABFilum2ed009.jpg\" sizes=\"(max-width: 800px) 100vw, 800px\" srcset=\"https:\/\/institutchiaribcn.com\/wp-content\/uploads\/2014\/11\/FABFilum2ed009.jpg 800w, https:\/\/institutchiaribcn.com\/wp-content\/uploads\/2014\/11\/FABFilum2ed009-300x183.jpg 300w\" alt=\"El debate se mantuvo apasionante incluso durante los breves momentos de descanso. De derecha a izquierda: Dr. Rodr\u00edguez-Baeza y Dr. Colet.\" width=\"800\" height=\"488\" \/><\/p>\n<div align=\"center\">\n<p><em>\ud734\uc2dd \uc2dc\uac04 \ub3d9\uc548 \ud1a0\ub860\uc744 \ub098\ub204\ub294 \uc758\uc0ac \ucf5c\ub9bf\uacfc \uc758\uc0ac \ub85c\ub4dc\ub9ac\uac8c\uc2a4 \ubc14\uc5d0\uc0ac.\u00a0<\/em><\/p>\n<\/div>\n<p><img loading=\"lazy\" decoding=\"async\" class=\"img-rounded img-responsive size-full wp-image-3583\" src=\"https:\/\/institutchiaribcn.com\/wp-content\/uploads\/2014\/11\/FABFilum2ed010.jpeg\" sizes=\"(max-width: 800px) 100vw, 800px\" srcset=\"https:\/\/institutchiaribcn.com\/wp-content\/uploads\/2014\/11\/FABFilum2ed010.jpeg 800w, https:\/\/institutchiaribcn.com\/wp-content\/uploads\/2014\/11\/FABFilum2ed010-300x182.jpeg 300w\" alt=\"Siguiendo con el programa del curso, era del todo necesaria una visita a los quir\u00f3fanos.\" width=\"800\" height=\"486\" \/><\/p>\n<div align=\"center\"><em>\uc218\uc220\uc2e4 \uac15\uc88c\uc758 \ubaa8\uc2b5.<\/em><\/div>\n<p><img loading=\"lazy\" decoding=\"async\" class=\"img-rounded img-responsive size-full wp-image-3584\" src=\"https:\/\/institutchiaribcn.com\/wp-content\/uploads\/2014\/11\/FABFilum2ed011.jpg\" sizes=\"(max-width: 800px) 100vw, 800px\" srcset=\"https:\/\/institutchiaribcn.com\/wp-content\/uploads\/2014\/11\/FABFilum2ed011.jpg 800w, https:\/\/institutchiaribcn.com\/wp-content\/uploads\/2014\/11\/FABFilum2ed011-300x225.jpg 300w\" alt=\"Un encuentro entra\u00f1able entre el mundo de la ciencia y quien atiende a los pacientes en primera l\u00ednea. De derecha a izquierda: Dr. Antonio Victoria y Dr. Miguel Royo.\" width=\"800\" height=\"600\" \/><\/p>\n<div align=\"center\">\n<p><em>\uc545\uc218\ub97c \ub098\ub204\ub294 \uc21c\uac04.\u00a0<\/em><\/p>\n<p><em>\uc88c\uce21\uc5d0\uc11c \uc6b0\uce21\uc73c\ub85c: \uc758\uc0ac \ub85c\uc694\uc640 \uc758\uc0ac \uc548\ud1a0\ub2c8\uc624 \ube45\ud1a0\ub9ac\uc544.\u00a0<\/em><\/p>\n<\/div>\n<p><img loading=\"lazy\" decoding=\"async\" class=\"img-rounded img-responsive size-full wp-image-3585\" src=\"https:\/\/institutchiaribcn.com\/wp-content\/uploads\/2014\/11\/FABFilum2ed012.jpg\" sizes=\"(max-width: 800px) 100vw, 800px\" srcset=\"https:\/\/institutchiaribcn.com\/wp-content\/uploads\/2014\/11\/FABFilum2ed012.jpg 800w, https:\/\/institutchiaribcn.com\/wp-content\/uploads\/2014\/11\/FABFilum2ed012-300x207.jpg 300w\" alt=\"Una foto para el recuerdo: La satisfacci\u00f3n final por unas excelentes jornadas de trabajo. De derecha a izquierda y de arriba a abajo: Dr. Antonio Victoria, Sra. Yuka Takahashi, Dr. Miguel B. Royo, Dr. Filippo Iafanti, Sra. Mara Espino y Dssa. Gioia Lu\u00e8.\" width=\"800\" height=\"552\" \/><\/p>\n<div align=\"center\">\n<p><em>\uac15\uc88c \uc218\ub8cc \uae30\ub150 \ucd2c\uc601.<\/em><\/p>\n<p><em>\uc6b0\uce21\uc5d0\uc11c \uc88c\uce21\uc73c\ub85c: \uc758\uc0ac Antonio Victoria, Yuka Takahashi\uc528, \uc758\uc0ac Miguel B. Royo, \uc758\uc0ac Filippo Iafanti, Mara Espino\uc528 \ubc0f Gioia Lu\u00e8\uc528<\/em><em>.<\/em><\/p>\n<\/div>\n<\/div>\n<\/div>\n","protected":false},"featured_media":111202,"template":"","tipos-de-comunicacion":[576],"class_list":["post-111201","comunicacion","type-comunicacion","status-publish","has-post-thumbnail","hentry","tipos-de-comunicacion-576"],"yoast_head":"<!-- This site is optimized with the Yoast SEO plugin v27.4 - https:\/\/yoast.com\/product\/yoast-seo-wordpress\/ -->\n<title>\uc81c2\ud68c \uad6d\uc81c \uc885\uc0ac \uc9c8\ubcd1 \uc9c4\ub2e8\u00b7\uce58\ub8cc \uac15\uc88c \ud3d0\ub9c9 | ICSEB<\/title>\n<meta name=\"description\" content=\"2014\ub144 11\uc6d4 14\uc77c Filum Academy Barcelona\u00ae\uc5d0\uc11c \uc81c2\ud68c \ud544\ub8f8\ubcd1 \uad6d\uc81c \uc9c4\ub2e8 \ubc0f \uce58\ub8cc \uacfc\uc815\uc774 \uc131\uacf5\uc801\uc73c\ub85c \uc885\ub8cc\ub418\uc5c8\uc2b5\ub2c8\ub2e4. \ubcf8 \uacfc\uc815\uc740 \ud544\ub8f8\ubcd1\uc758 \uc9c4\ub2e8\uacfc \uce58\ub8cc\ubc95\uc5d0 \ub300\ud55c \uc2ec\ud654 \ud559\uc2b5\uacfc \uc804\ubb38\uac00 \uac04 \uc758\uacac \uad50\ub958\uc758 \uc7a5\uc73c\ub85c \uc9c4\ud589\ub418\uc5c8\uc2b5\ub2c8\ub2e4.\" \/>\n<meta name=\"robots\" content=\"index, follow, max-snippet:-1, max-image-preview:large, max-video-preview:-1\" \/>\n<link rel=\"canonical\" href=\"https:\/\/institutchiaribcn.com\/ko\/clausura-del-curso-internacional-diagnostico-y-tratamiento-de-la-enfermedad-del-filum-2a-edicion\/\" \/>\n<meta property=\"og:locale\" content=\"ko_KR\" \/>\n<meta property=\"og:type\" content=\"article\" \/>\n<meta property=\"og:title\" content=\"\uc81c2\ud68c \uad6d\uc81c \uc885\uc0ac \uc9c8\ubcd1 \uc9c4\ub2e8\u00b7\uce58\ub8cc \uac15\uc88c \ud3d0\ub9c9 | ICSEB\" \/>\n<meta property=\"og:description\" content=\"2014\ub144 11\uc6d4 14\uc77c Filum Academy Barcelona\u00ae\uc5d0\uc11c \uc81c2\ud68c \ud544\ub8f8\ubcd1 \uad6d\uc81c \uc9c4\ub2e8 \ubc0f \uce58\ub8cc \uacfc\uc815\uc774 \uc131\uacf5\uc801\uc73c\ub85c \uc885\ub8cc\ub418\uc5c8\uc2b5\ub2c8\ub2e4. \ubcf8 \uacfc\uc815\uc740 \ud544\ub8f8\ubcd1\uc758 \uc9c4\ub2e8\uacfc \uce58\ub8cc\ubc95\uc5d0 \ub300\ud55c \uc2ec\ud654 \ud559\uc2b5\uacfc \uc804\ubb38\uac00 \uac04 \uc758\uacac \uad50\ub958\uc758 \uc7a5\uc73c\ub85c \uc9c4\ud589\ub418\uc5c8\uc2b5\ub2c8\ub2e4.\" \/>\n<meta property=\"og:url\" content=\"https:\/\/institutchiaribcn.com\/ko\/clausura-del-curso-internacional-diagnostico-y-tratamiento-de-la-enfermedad-del-filum-2a-edicion\/\" \/>\n<meta property=\"og:site_name\" content=\"\ud0a4\uc544\ub9ac \uc5f0\uad6c\uc18c\" \/>\n<meta property=\"article:modified_time\" content=\"2026-03-02T10:47:03+00:00\" \/>\n<meta property=\"og:image\" content=\"https:\/\/institutchiaribcn.com\/wp-content\/uploads\/2025\/10\/previewClausura2ed-13.jpg\" \/>\n\t<meta property=\"og:image:width\" content=\"200\" \/>\n\t<meta property=\"og:image:height\" content=\"102\" \/>\n\t<meta property=\"og:image:type\" content=\"image\/jpeg\" \/>\n<meta name=\"twitter:card\" content=\"summary_large_image\" \/>\n<meta name=\"twitter:label1\" content=\"\uc608\uc0c1 \ub418\ub294 \ud310\ub3c5 \uc2dc\uac04\" \/>\n\t<meta name=\"twitter:data1\" content=\"4\ubd84\" \/>\n<script type=\"application\/ld+json\" class=\"yoast-schema-graph\">{\"@context\":\"https:\\\/\\\/schema.org\",\"@graph\":[{\"@type\":\"WebPage\",\"@id\":\"https:\\\/\\\/institutchiaribcn.com\\\/ko\\\/clausura-del-curso-internacional-diagnostico-y-tratamiento-de-la-enfermedad-del-filum-2a-edicion\\\/\",\"url\":\"https:\\\/\\\/institutchiaribcn.com\\\/ko\\\/clausura-del-curso-internacional-diagnostico-y-tratamiento-de-la-enfermedad-del-filum-2a-edicion\\\/\",\"name\":\"\uc81c2\ud68c \uad6d\uc81c \uc885\uc0ac \uc9c8\ubcd1 \uc9c4\ub2e8\u00b7\uce58\ub8cc \uac15\uc88c \ud3d0\ub9c9 | ICSEB\",\"isPartOf\":{\"@id\":\"https:\\\/\\\/institutchiaribcn.com\\\/ko\\\/#website\"},\"primaryImageOfPage\":{\"@id\":\"https:\\\/\\\/institutchiaribcn.com\\\/ko\\\/clausura-del-curso-internacional-diagnostico-y-tratamiento-de-la-enfermedad-del-filum-2a-edicion\\\/#primaryimage\"},\"image\":{\"@id\":\"https:\\\/\\\/institutchiaribcn.com\\\/ko\\\/clausura-del-curso-internacional-diagnostico-y-tratamiento-de-la-enfermedad-del-filum-2a-edicion\\\/#primaryimage\"},\"thumbnailUrl\":\"https:\\\/\\\/institutchiaribcn.com\\\/wp-content\\\/uploads\\\/2025\\\/10\\\/previewClausura2ed-13.jpg\",\"datePublished\":\"2014-11-20T23:00:58+00:00\",\"dateModified\":\"2026-03-02T10:47:03+00:00\",\"description\":\"2014\ub144 11\uc6d4 14\uc77c Filum Academy Barcelona\u00ae\uc5d0\uc11c \uc81c2\ud68c \ud544\ub8f8\ubcd1 \uad6d\uc81c \uc9c4\ub2e8 \ubc0f \uce58\ub8cc \uacfc\uc815\uc774 \uc131\uacf5\uc801\uc73c\ub85c \uc885\ub8cc\ub418\uc5c8\uc2b5\ub2c8\ub2e4. \ubcf8 \uacfc\uc815\uc740 \ud544\ub8f8\ubcd1\uc758 \uc9c4\ub2e8\uacfc \uce58\ub8cc\ubc95\uc5d0 \ub300\ud55c \uc2ec\ud654 \ud559\uc2b5\uacfc \uc804\ubb38\uac00 \uac04 \uc758\uacac \uad50\ub958\uc758 \uc7a5\uc73c\ub85c \uc9c4\ud589\ub418\uc5c8\uc2b5\ub2c8\ub2e4.\",\"breadcrumb\":{\"@id\":\"https:\\\/\\\/institutchiaribcn.com\\\/ko\\\/clausura-del-curso-internacional-diagnostico-y-tratamiento-de-la-enfermedad-del-filum-2a-edicion\\\/#breadcrumb\"},\"inLanguage\":\"ko-KR\",\"potentialAction\":[{\"@type\":\"ReadAction\",\"target\":[\"https:\\\/\\\/institutchiaribcn.com\\\/ko\\\/clausura-del-curso-internacional-diagnostico-y-tratamiento-de-la-enfermedad-del-filum-2a-edicion\\\/\"]}]},{\"@type\":\"ImageObject\",\"inLanguage\":\"ko-KR\",\"@id\":\"https:\\\/\\\/institutchiaribcn.com\\\/ko\\\/clausura-del-curso-internacional-diagnostico-y-tratamiento-de-la-enfermedad-del-filum-2a-edicion\\\/#primaryimage\",\"url\":\"https:\\\/\\\/institutchiaribcn.com\\\/wp-content\\\/uploads\\\/2025\\\/10\\\/previewClausura2ed-13.jpg\",\"contentUrl\":\"https:\\\/\\\/institutchiaribcn.com\\\/wp-content\\\/uploads\\\/2025\\\/10\\\/previewClausura2ed-13.jpg\",\"width\":200,\"height\":102},{\"@type\":\"BreadcrumbList\",\"@id\":\"https:\\\/\\\/institutchiaribcn.com\\\/ko\\\/clausura-del-curso-internacional-diagnostico-y-tratamiento-de-la-enfermedad-del-filum-2a-edicion\\\/#breadcrumb\",\"itemListElement\":[{\"@type\":\"ListItem\",\"position\":1,\"name\":\"Portada\",\"item\":\"https:\\\/\\\/institutchiaribcn.com\\\/ko\\\/\"},{\"@type\":\"ListItem\",\"position\":2,\"name\":\"Comunicaci\u00f3n\",\"item\":\"https:\\\/\\\/institutchiaribcn.com\\\/ko\\\/comunicacion\\\/\"},{\"@type\":\"ListItem\",\"position\":3,\"name\":\"\uc81c2\ud68c \uad6d\uc81c \uc885\uc0ac \uc9c8\ubcd1 \uc9c4\ub2e8\u00b7\uce58\ub8cc \uac15\uc88c \ud3d0\ub9c9\"}]},{\"@type\":\"WebSite\",\"@id\":\"https:\\\/\\\/institutchiaribcn.com\\\/ko\\\/#website\",\"url\":\"https:\\\/\\\/institutchiaribcn.com\\\/ko\\\/\",\"name\":\"Institut Chiari de Barcelona\",\"description\":\"\",\"publisher\":{\"@id\":\"https:\\\/\\\/institutchiaribcn.com\\\/ko\\\/#organization\"},\"potentialAction\":[{\"@type\":\"SearchAction\",\"target\":{\"@type\":\"EntryPoint\",\"urlTemplate\":\"https:\\\/\\\/institutchiaribcn.com\\\/ko\\\/?s={search_term_string}\"},\"query-input\":{\"@type\":\"PropertyValueSpecification\",\"valueRequired\":true,\"valueName\":\"search_term_string\"}}],\"inLanguage\":\"ko-KR\"},{\"@type\":\"Organization\",\"@id\":\"https:\\\/\\\/institutchiaribcn.com\\\/ko\\\/#organization\",\"name\":\"Institut Chiari de Barcelona\",\"url\":\"https:\\\/\\\/institutchiaribcn.com\\\/ko\\\/\",\"logo\":{\"@type\":\"ImageObject\",\"inLanguage\":\"ko-KR\",\"@id\":\"https:\\\/\\\/institutchiaribcn.com\\\/ko\\\/#\\\/schema\\\/logo\\\/image\\\/\",\"url\":\"https:\\\/\\\/institutchiaribcn.com\\\/wp-content\\\/uploads\\\/2025\\\/10\\\/cropped-cropped-icsebNavLogo-1.png\",\"contentUrl\":\"https:\\\/\\\/institutchiaribcn.com\\\/wp-content\\\/uploads\\\/2025\\\/10\\\/cropped-cropped-icsebNavLogo-1.png\",\"width\":245,\"height\":99,\"caption\":\"Institut Chiari de Barcelona\"},\"image\":{\"@id\":\"https:\\\/\\\/institutchiaribcn.com\\\/ko\\\/#\\\/schema\\\/logo\\\/image\\\/\"}}]}<\/script>\n<!-- \/ Yoast SEO plugin. -->","yoast_head_json":{"title":"\uc81c2\ud68c \uad6d\uc81c \uc885\uc0ac \uc9c8\ubcd1 \uc9c4\ub2e8\u00b7\uce58\ub8cc \uac15\uc88c \ud3d0\ub9c9 | ICSEB","description":"2014\ub144 11\uc6d4 14\uc77c Filum Academy Barcelona\u00ae\uc5d0\uc11c \uc81c2\ud68c \ud544\ub8f8\ubcd1 \uad6d\uc81c \uc9c4\ub2e8 \ubc0f \uce58\ub8cc \uacfc\uc815\uc774 \uc131\uacf5\uc801\uc73c\ub85c \uc885\ub8cc\ub418\uc5c8\uc2b5\ub2c8\ub2e4. \ubcf8 \uacfc\uc815\uc740 \ud544\ub8f8\ubcd1\uc758 \uc9c4\ub2e8\uacfc \uce58\ub8cc\ubc95\uc5d0 \ub300\ud55c \uc2ec\ud654 \ud559\uc2b5\uacfc \uc804\ubb38\uac00 \uac04 \uc758\uacac \uad50\ub958\uc758 \uc7a5\uc73c\ub85c \uc9c4\ud589\ub418\uc5c8\uc2b5\ub2c8\ub2e4.","robots":{"index":"index","follow":"follow","max-snippet":"max-snippet:-1","max-image-preview":"max-image-preview:large","max-video-preview":"max-video-preview:-1"},"canonical":"https:\/\/institutchiaribcn.com\/ko\/clausura-del-curso-internacional-diagnostico-y-tratamiento-de-la-enfermedad-del-filum-2a-edicion\/","og_locale":"ko_KR","og_type":"article","og_title":"\uc81c2\ud68c \uad6d\uc81c \uc885\uc0ac \uc9c8\ubcd1 \uc9c4\ub2e8\u00b7\uce58\ub8cc \uac15\uc88c \ud3d0\ub9c9 | ICSEB","og_description":"2014\ub144 11\uc6d4 14\uc77c Filum Academy Barcelona\u00ae\uc5d0\uc11c \uc81c2\ud68c \ud544\ub8f8\ubcd1 \uad6d\uc81c \uc9c4\ub2e8 \ubc0f \uce58\ub8cc \uacfc\uc815\uc774 \uc131\uacf5\uc801\uc73c\ub85c \uc885\ub8cc\ub418\uc5c8\uc2b5\ub2c8\ub2e4. \ubcf8 \uacfc\uc815\uc740 \ud544\ub8f8\ubcd1\uc758 \uc9c4\ub2e8\uacfc \uce58\ub8cc\ubc95\uc5d0 \ub300\ud55c \uc2ec\ud654 \ud559\uc2b5\uacfc \uc804\ubb38\uac00 \uac04 \uc758\uacac \uad50\ub958\uc758 \uc7a5\uc73c\ub85c \uc9c4\ud589\ub418\uc5c8\uc2b5\ub2c8\ub2e4.","og_url":"https:\/\/institutchiaribcn.com\/ko\/clausura-del-curso-internacional-diagnostico-y-tratamiento-de-la-enfermedad-del-filum-2a-edicion\/","og_site_name":"\ud0a4\uc544\ub9ac \uc5f0\uad6c\uc18c","article_modified_time":"2026-03-02T10:47:03+00:00","og_image":[{"width":200,"height":102,"url":"https:\/\/institutchiaribcn.com\/wp-content\/uploads\/2025\/10\/previewClausura2ed-13.jpg","type":"image\/jpeg"}],"twitter_card":"summary_large_image","twitter_misc":{"\uc608\uc0c1 \ub418\ub294 \ud310\ub3c5 \uc2dc\uac04":"4\ubd84"},"schema":{"@context":"https:\/\/schema.org","@graph":[{"@type":"WebPage","@id":"https:\/\/institutchiaribcn.com\/ko\/clausura-del-curso-internacional-diagnostico-y-tratamiento-de-la-enfermedad-del-filum-2a-edicion\/","url":"https:\/\/institutchiaribcn.com\/ko\/clausura-del-curso-internacional-diagnostico-y-tratamiento-de-la-enfermedad-del-filum-2a-edicion\/","name":"\uc81c2\ud68c \uad6d\uc81c \uc885\uc0ac \uc9c8\ubcd1 \uc9c4\ub2e8\u00b7\uce58\ub8cc \uac15\uc88c \ud3d0\ub9c9 | ICSEB","isPartOf":{"@id":"https:\/\/institutchiaribcn.com\/ko\/#website"},"primaryImageOfPage":{"@id":"https:\/\/institutchiaribcn.com\/ko\/clausura-del-curso-internacional-diagnostico-y-tratamiento-de-la-enfermedad-del-filum-2a-edicion\/#primaryimage"},"image":{"@id":"https:\/\/institutchiaribcn.com\/ko\/clausura-del-curso-internacional-diagnostico-y-tratamiento-de-la-enfermedad-del-filum-2a-edicion\/#primaryimage"},"thumbnailUrl":"https:\/\/institutchiaribcn.com\/wp-content\/uploads\/2025\/10\/previewClausura2ed-13.jpg","datePublished":"2014-11-20T23:00:58+00:00","dateModified":"2026-03-02T10:47:03+00:00","description":"2014\ub144 11\uc6d4 14\uc77c Filum Academy Barcelona\u00ae\uc5d0\uc11c \uc81c2\ud68c \ud544\ub8f8\ubcd1 \uad6d\uc81c \uc9c4\ub2e8 \ubc0f \uce58\ub8cc \uacfc\uc815\uc774 \uc131\uacf5\uc801\uc73c\ub85c \uc885\ub8cc\ub418\uc5c8\uc2b5\ub2c8\ub2e4. \ubcf8 \uacfc\uc815\uc740 \ud544\ub8f8\ubcd1\uc758 \uc9c4\ub2e8\uacfc \uce58\ub8cc\ubc95\uc5d0 \ub300\ud55c \uc2ec\ud654 \ud559\uc2b5\uacfc \uc804\ubb38\uac00 \uac04 \uc758\uacac \uad50\ub958\uc758 \uc7a5\uc73c\ub85c \uc9c4\ud589\ub418\uc5c8\uc2b5\ub2c8\ub2e4.","breadcrumb":{"@id":"https:\/\/institutchiaribcn.com\/ko\/clausura-del-curso-internacional-diagnostico-y-tratamiento-de-la-enfermedad-del-filum-2a-edicion\/#breadcrumb"},"inLanguage":"ko-KR","potentialAction":[{"@type":"ReadAction","target":["https:\/\/institutchiaribcn.com\/ko\/clausura-del-curso-internacional-diagnostico-y-tratamiento-de-la-enfermedad-del-filum-2a-edicion\/"]}]},{"@type":"ImageObject","inLanguage":"ko-KR","@id":"https:\/\/institutchiaribcn.com\/ko\/clausura-del-curso-internacional-diagnostico-y-tratamiento-de-la-enfermedad-del-filum-2a-edicion\/#primaryimage","url":"https:\/\/institutchiaribcn.com\/wp-content\/uploads\/2025\/10\/previewClausura2ed-13.jpg","contentUrl":"https:\/\/institutchiaribcn.com\/wp-content\/uploads\/2025\/10\/previewClausura2ed-13.jpg","width":200,"height":102},{"@type":"BreadcrumbList","@id":"https:\/\/institutchiaribcn.com\/ko\/clausura-del-curso-internacional-diagnostico-y-tratamiento-de-la-enfermedad-del-filum-2a-edicion\/#breadcrumb","itemListElement":[{"@type":"ListItem","position":1,"name":"Portada","item":"https:\/\/institutchiaribcn.com\/ko\/"},{"@type":"ListItem","position":2,"name":"Comunicaci\u00f3n","item":"https:\/\/institutchiaribcn.com\/ko\/comunicacion\/"},{"@type":"ListItem","position":3,"name":"\uc81c2\ud68c \uad6d\uc81c \uc885\uc0ac \uc9c8\ubcd1 \uc9c4\ub2e8\u00b7\uce58\ub8cc \uac15\uc88c \ud3d0\ub9c9"}]},{"@type":"WebSite","@id":"https:\/\/institutchiaribcn.com\/ko\/#website","url":"https:\/\/institutchiaribcn.com\/ko\/","name":"Institut Chiari de Barcelona","description":"","publisher":{"@id":"https:\/\/institutchiaribcn.com\/ko\/#organization"},"potentialAction":[{"@type":"SearchAction","target":{"@type":"EntryPoint","urlTemplate":"https:\/\/institutchiaribcn.com\/ko\/?s={search_term_string}"},"query-input":{"@type":"PropertyValueSpecification","valueRequired":true,"valueName":"search_term_string"}}],"inLanguage":"ko-KR"},{"@type":"Organization","@id":"https:\/\/institutchiaribcn.com\/ko\/#organization","name":"Institut Chiari de Barcelona","url":"https:\/\/institutchiaribcn.com\/ko\/","logo":{"@type":"ImageObject","inLanguage":"ko-KR","@id":"https:\/\/institutchiaribcn.com\/ko\/#\/schema\/logo\/image\/","url":"https:\/\/institutchiaribcn.com\/wp-content\/uploads\/2025\/10\/cropped-cropped-icsebNavLogo-1.png","contentUrl":"https:\/\/institutchiaribcn.com\/wp-content\/uploads\/2025\/10\/cropped-cropped-icsebNavLogo-1.png","width":245,"height":99,"caption":"Institut Chiari de Barcelona"},"image":{"@id":"https:\/\/institutchiaribcn.com\/ko\/#\/schema\/logo\/image\/"}}]}},"_links":{"self":[{"href":"https:\/\/institutchiaribcn.com\/ko\/wp-json\/wp\/v2\/comunicacion\/111201","targetHints":{"allow":["GET"]}}],"collection":[{"href":"https:\/\/institutchiaribcn.com\/ko\/wp-json\/wp\/v2\/comunicacion"}],"about":[{"href":"https:\/\/institutchiaribcn.com\/ko\/wp-json\/wp\/v2\/types\/comunicacion"}],"wp:featuredmedia":[{"embeddable":true,"href":"https:\/\/institutchiaribcn.com\/ko\/wp-json\/wp\/v2\/media\/111202"}],"wp:attachment":[{"href":"https:\/\/institutchiaribcn.com\/ko\/wp-json\/wp\/v2\/media?parent=111201"}],"wp:term":[{"taxonomy":"tipos-de-comunicacion","embeddable":true,"href":"https:\/\/institutchiaribcn.com\/ko\/wp-json\/wp\/v2\/tipos-de-comunicacion?post=111201"}],"curies":[{"name":"wp","href":"https:\/\/api.w.org\/{rel}","templated":true}]}}