{"id":112167,"date":"2016-11-21T00:00:16","date_gmt":"2016-11-20T23:00:16","guid":{"rendered":"https:\/\/dev.institutchiaribcn.com\/videos\/marie-pierre-maziere-sindrome-da-trazione-midollare-siringomielia-idiopatica\/"},"modified":"2026-03-20T12:00:35","modified_gmt":"2026-03-20T11:00:35","slug":"marie-pierre-maziere-sindrome-trazione-midollare-siringomielia-idiopatica","status":"publish","type":"videos","link":"https:\/\/institutchiaribcn.com\/it\/marie-pierre-maziere-sindrome-trazione-midollare-siringomielia-idiopatica\/","title":{"rendered":"Marie-Pierre Maziere Sindrome da Trazione midollare. Siringomielia idiopatica."},"content":{"rendered":"<div class=\"panel panel-default panel-body\">\n<p>&nbsp;<\/p>\n<p style=\"text-align: justify;\"><strong>Data dell\u2019intervento: settembre 2013<\/strong><\/p>\n<p style=\"text-align: justify;\"><strong>Data del video: novembre 2013<\/strong><\/p>\n<p style=\"text-align: justify;\">\u00a0Salve, mi chiamo Marie-Pierre Maziere, ho 51 anni, sono appena stata operata di sezione del Filum terminale. Mi hanno riscontrato la siringomielia dopo molti anni di diagnosi confuse, passando per reparti di reumatologia e neurologia, finch\u00e9 dopo una risonanza hanno scoperto una siringomielia esistente probabilmente da parecchio tempo. Dal 2011 sono stata sotto controllo medico presso il centro di riferimento in Francia. Da subito ho avuto problemi a camminare, d\u2019incontinenza, d\u2019equilibrio e, i pi\u00f9 complicati di tutti, i dolori giorno e notte che non si calmavano con i farmaci.<\/p>\n<p style=\"text-align: justify;\">Nel 2013 le mie condizioni generali sono peggiorate, con perdita di sensibilit\u00e0 prima alle dita delle mani e poi globalmente.<\/p>\n<p style=\"text-align: justify;\">Nonostante l\u2019incontro con una neurochirurgo che segue il mio caso, ho capito subito che la mia situazione sarebbe rimasta tale e quale. Ero disperata. Mi rifiutavo di rinunciare a trovare un trattamento per stare meglio. Cercando su internet, ho trovato l\u2019Institut Chiari.<\/p>\n<p style=\"text-align: justify;\">Ho deciso di inviare la mia documentazione medica per avere un\u2019opinione e mi hanno rapidamente proposto una visita. Durante la visita \u00e8 stato per me importante poter capire di cosa si trattava e mi hanno spiegato molto chiaramente in che consiste la sezione del filum terminale e i suoi effetti sull\u2019arrestare i sintomi della malattia. Ho pensato che potesse essere una cosa positiva ed alla fine ho deciso che mi sarei operata.<\/p>\n<p style=\"text-align: justify;\">Mi hanno operata il 26 settembre 2013 e posso dire che nella visita di controllo al mese gran parte dei miei sintomi sono scomparsi o migliorati, soprattutto non ho pi\u00f9 dolore e cammino normalmente, situazioni che mi causavano molti problemi.<\/p>\n<p style=\"text-align: justify;\">\u00c8 un trattamento semplice e non pericoloso, che pu\u00f2 migliorare la qualit\u00e0 di vita e aiutare a recuperare la sensibilit\u00e0 e mobilit\u00e0. Sono molto contenta e cerco di godermi i risultati ottenuti, \u00e8 stata una benedizione.<\/p>\n<p style=\"text-align: justify;\">\u00a0<strong>Aggiornamento<\/strong><\/p>\n<div class=\"embed-responsive embed-responsive-16by9\"><iframe title=\"YouTube video player\" src=\"https:\/\/www.youtube.com\/embed\/IG8up_WC790?si=tHp_wu0lsf0erXA_\" width=\"510\" height=\"498\" frameborder=\"0\" allowfullscreen=\"allowfullscreen\"><\/iframe><\/div>\n<p style=\"text-align: justify;\"><strong>Data del video: settembre 2016<\/strong><\/p>\n<p style=\"text-align: justify;\">Salve, sono Marie-Pierre Maziere, sono venuta all\u2019Institut Chiari per un controllo ai 3 anni dall\u2019intervento. Sono stata operata il 26 settembre 2013 per una siringomielia relativamente importante. Al momento dell\u2019intervento, avevo difficolt\u00e0 perch\u00e9 stavo perdendo la capacit\u00e0 di deambulazione. Dopo 3 anni, le cose sono migliorate, la mia siringomielia si \u00e8 ridotta e ho riscoperto il piacere di camminare, di poter continuare a spostarmi e di lavorare come responsabile in un centro medico-sociale, svolgendo le mie mansioni con piacere a tempo pieno.<\/p>\n<p style=\"text-align: justify;\">Ringrazio l\u2019Institut Chiari per essermi stato accanto in questa battaglia contro la malattia, un periodo piuttosto difficile della mia vita.<\/p>\n<p style=\"text-align: justify;\">Chi desiderasse contattarmi, pu\u00f2 farlo attraverso la mail: <a href=\"mailto:mamaziere@orange.fr\">mamaziere@orange.fr<\/a><u><\/u><\/p>\n<\/div>\n","protected":false},"featured_media":137965,"template":"","tipos-de-video":[592],"class_list":["post-112167","videos","type-videos","status-publish","has-post-thumbnail","hentry","tipos-de-video-video-testimonianze"],"yoast_head":"<!-- This site is optimized with the Yoast SEO plugin v27.4 - https:\/\/yoast.com\/product\/yoast-seo-wordpress\/ -->\n<title>Marie\u2011Pierre Mazi\u00e8re: siringomielia | ICSEB<\/title>\n<meta name=\"description\" content=\"Data dell\u2019intervento: settembre 2013 Data del video: novembre 2013 \u00a0Salve, mi chiamo Marie-Pierre Maziere, ho 51 anni, sono appena... \u00a0 Vedi \u2192\" \/>\n<meta name=\"robots\" content=\"index, follow, max-snippet:-1, max-image-preview:large, max-video-preview:-1\" \/>\n<link rel=\"canonical\" href=\"https:\/\/institutchiaribcn.com\/it\/marie-pierre-maziere-sindrome-trazione-midollare-siringomielia-idiopatica\/\" \/>\n<meta property=\"og:locale\" content=\"it_IT\" \/>\n<meta property=\"og:type\" content=\"article\" \/>\n<meta property=\"og:title\" content=\"Marie\u2011Pierre Mazi\u00e8re: siringomielia | ICSEB\" \/>\n<meta property=\"og:description\" content=\"Data dell\u2019intervento: settembre 2013 Data del video: novembre 2013 \u00a0Salve, mi chiamo Marie-Pierre Maziere, ho 51 anni, sono appena... \u00a0 Vedi \u2192\" \/>\n<meta property=\"og:url\" content=\"https:\/\/institutchiaribcn.com\/it\/marie-pierre-maziere-sindrome-trazione-midollare-siringomielia-idiopatica\/\" \/>\n<meta property=\"og:site_name\" content=\"Institut Chiari\" \/>\n<meta property=\"article:modified_time\" content=\"2026-03-20T11:00:35+00:00\" \/>\n<meta property=\"og:image\" content=\"https:\/\/institutchiaribcn.com\/wp-content\/uploads\/2016\/11\/marie-pierre-maziere-sindrome-de-traccion-medular-siringomielia-idiopatica.jpg\" \/>\n\t<meta property=\"og:image:width\" content=\"480\" \/>\n\t<meta property=\"og:image:height\" content=\"360\" \/>\n\t<meta property=\"og:image:type\" content=\"image\/jpeg\" \/>\n<meta name=\"twitter:card\" content=\"summary_large_image\" \/>\n<meta name=\"twitter:label1\" content=\"Tempo di lettura stimato\" \/>\n\t<meta name=\"twitter:data1\" content=\"3 minuti\" \/>\n<script type=\"application\/ld+json\" class=\"yoast-schema-graph\">{\"@context\":\"https:\\\/\\\/schema.org\",\"@graph\":[{\"@type\":\"WebPage\",\"@id\":\"https:\\\/\\\/institutchiaribcn.com\\\/it\\\/marie-pierre-maziere-sindrome-trazione-midollare-siringomielia-idiopatica\\\/\",\"url\":\"https:\\\/\\\/institutchiaribcn.com\\\/it\\\/marie-pierre-maziere-sindrome-trazione-midollare-siringomielia-idiopatica\\\/\",\"name\":\"Marie\u2011Pierre Mazi\u00e8re: siringomielia | ICSEB\",\"isPartOf\":{\"@id\":\"https:\\\/\\\/institutchiaribcn.com\\\/it\\\/#website\"},\"primaryImageOfPage\":{\"@id\":\"https:\\\/\\\/institutchiaribcn.com\\\/it\\\/marie-pierre-maziere-sindrome-trazione-midollare-siringomielia-idiopatica\\\/#primaryimage\"},\"image\":{\"@id\":\"https:\\\/\\\/institutchiaribcn.com\\\/it\\\/marie-pierre-maziere-sindrome-trazione-midollare-siringomielia-idiopatica\\\/#primaryimage\"},\"thumbnailUrl\":\"https:\\\/\\\/institutchiaribcn.com\\\/wp-content\\\/uploads\\\/2016\\\/11\\\/marie-pierre-maziere-sindrome-de-traccion-medular-siringomielia-idiopatica.jpg\",\"datePublished\":\"2016-11-20T23:00:16+00:00\",\"dateModified\":\"2026-03-20T11:00:35+00:00\",\"description\":\"Data dell\u2019intervento: settembre 2013 Data del video: novembre 2013 \u00a0Salve, mi chiamo Marie-Pierre Maziere, ho 51 anni, sono appena... \u00a0 Vedi \u2192\",\"breadcrumb\":{\"@id\":\"https:\\\/\\\/institutchiaribcn.com\\\/it\\\/marie-pierre-maziere-sindrome-trazione-midollare-siringomielia-idiopatica\\\/#breadcrumb\"},\"inLanguage\":\"it-IT\",\"potentialAction\":[{\"@type\":\"ReadAction\",\"target\":[\"https:\\\/\\\/institutchiaribcn.com\\\/it\\\/marie-pierre-maziere-sindrome-trazione-midollare-siringomielia-idiopatica\\\/\"]}]},{\"@type\":\"ImageObject\",\"inLanguage\":\"it-IT\",\"@id\":\"https:\\\/\\\/institutchiaribcn.com\\\/it\\\/marie-pierre-maziere-sindrome-trazione-midollare-siringomielia-idiopatica\\\/#primaryimage\",\"url\":\"https:\\\/\\\/institutchiaribcn.com\\\/wp-content\\\/uploads\\\/2016\\\/11\\\/marie-pierre-maziere-sindrome-de-traccion-medular-siringomielia-idiopatica.jpg\",\"contentUrl\":\"https:\\\/\\\/institutchiaribcn.com\\\/wp-content\\\/uploads\\\/2016\\\/11\\\/marie-pierre-maziere-sindrome-de-traccion-medular-siringomielia-idiopatica.jpg\",\"width\":480,\"height\":360},{\"@type\":\"BreadcrumbList\",\"@id\":\"https:\\\/\\\/institutchiaribcn.com\\\/it\\\/marie-pierre-maziere-sindrome-trazione-midollare-siringomielia-idiopatica\\\/#breadcrumb\",\"itemListElement\":[{\"@type\":\"ListItem\",\"position\":1,\"name\":\"Portada\",\"item\":\"https:\\\/\\\/institutchiaribcn.com\\\/it\\\/\"},{\"@type\":\"ListItem\",\"position\":2,\"name\":\"Videos\",\"item\":\"https:\\\/\\\/institutchiaribcn.com\\\/it\\\/videos\\\/\"},{\"@type\":\"ListItem\",\"position\":3,\"name\":\"Marie-Pierre Maziere Sindrome da Trazione midollare. Siringomielia idiopatica.\"}]},{\"@type\":\"WebSite\",\"@id\":\"https:\\\/\\\/institutchiaribcn.com\\\/it\\\/#website\",\"url\":\"https:\\\/\\\/institutchiaribcn.com\\\/it\\\/\",\"name\":\"Institut Chiari de Barcelona\",\"description\":\"\",\"publisher\":{\"@id\":\"https:\\\/\\\/institutchiaribcn.com\\\/it\\\/#organization\"},\"potentialAction\":[{\"@type\":\"SearchAction\",\"target\":{\"@type\":\"EntryPoint\",\"urlTemplate\":\"https:\\\/\\\/institutchiaribcn.com\\\/it\\\/?s={search_term_string}\"},\"query-input\":{\"@type\":\"PropertyValueSpecification\",\"valueRequired\":true,\"valueName\":\"search_term_string\"}}],\"inLanguage\":\"it-IT\"},{\"@type\":\"Organization\",\"@id\":\"https:\\\/\\\/institutchiaribcn.com\\\/it\\\/#organization\",\"name\":\"Institut Chiari de Barcelona\",\"url\":\"https:\\\/\\\/institutchiaribcn.com\\\/it\\\/\",\"logo\":{\"@type\":\"ImageObject\",\"inLanguage\":\"it-IT\",\"@id\":\"https:\\\/\\\/institutchiaribcn.com\\\/it\\\/#\\\/schema\\\/logo\\\/image\\\/\",\"url\":\"https:\\\/\\\/institutchiaribcn.com\\\/wp-content\\\/uploads\\\/2025\\\/10\\\/cropped-cropped-icsebNavLogo-1.png\",\"contentUrl\":\"https:\\\/\\\/institutchiaribcn.com\\\/wp-content\\\/uploads\\\/2025\\\/10\\\/cropped-cropped-icsebNavLogo-1.png\",\"width\":245,\"height\":99,\"caption\":\"Institut Chiari de Barcelona\"},\"image\":{\"@id\":\"https:\\\/\\\/institutchiaribcn.com\\\/it\\\/#\\\/schema\\\/logo\\\/image\\\/\"}}]}<\/script>\n<!-- \/ Yoast SEO plugin. -->","yoast_head_json":{"title":"Marie\u2011Pierre Mazi\u00e8re: siringomielia | ICSEB","description":"Data dell\u2019intervento: settembre 2013 Data del video: novembre 2013 \u00a0Salve, mi chiamo Marie-Pierre Maziere, ho 51 anni, sono appena... \u00a0 Vedi \u2192","robots":{"index":"index","follow":"follow","max-snippet":"max-snippet:-1","max-image-preview":"max-image-preview:large","max-video-preview":"max-video-preview:-1"},"canonical":"https:\/\/institutchiaribcn.com\/it\/marie-pierre-maziere-sindrome-trazione-midollare-siringomielia-idiopatica\/","og_locale":"it_IT","og_type":"article","og_title":"Marie\u2011Pierre Mazi\u00e8re: siringomielia | ICSEB","og_description":"Data dell\u2019intervento: settembre 2013 Data del video: novembre 2013 \u00a0Salve, mi chiamo Marie-Pierre Maziere, ho 51 anni, sono appena... \u00a0 Vedi \u2192","og_url":"https:\/\/institutchiaribcn.com\/it\/marie-pierre-maziere-sindrome-trazione-midollare-siringomielia-idiopatica\/","og_site_name":"Institut Chiari","article_modified_time":"2026-03-20T11:00:35+00:00","og_image":[{"width":480,"height":360,"url":"https:\/\/institutchiaribcn.com\/wp-content\/uploads\/2016\/11\/marie-pierre-maziere-sindrome-de-traccion-medular-siringomielia-idiopatica.jpg","type":"image\/jpeg"}],"twitter_card":"summary_large_image","twitter_misc":{"Tempo di lettura stimato":"3 minuti"},"schema":{"@context":"https:\/\/schema.org","@graph":[{"@type":"WebPage","@id":"https:\/\/institutchiaribcn.com\/it\/marie-pierre-maziere-sindrome-trazione-midollare-siringomielia-idiopatica\/","url":"https:\/\/institutchiaribcn.com\/it\/marie-pierre-maziere-sindrome-trazione-midollare-siringomielia-idiopatica\/","name":"Marie\u2011Pierre Mazi\u00e8re: siringomielia | ICSEB","isPartOf":{"@id":"https:\/\/institutchiaribcn.com\/it\/#website"},"primaryImageOfPage":{"@id":"https:\/\/institutchiaribcn.com\/it\/marie-pierre-maziere-sindrome-trazione-midollare-siringomielia-idiopatica\/#primaryimage"},"image":{"@id":"https:\/\/institutchiaribcn.com\/it\/marie-pierre-maziere-sindrome-trazione-midollare-siringomielia-idiopatica\/#primaryimage"},"thumbnailUrl":"https:\/\/institutchiaribcn.com\/wp-content\/uploads\/2016\/11\/marie-pierre-maziere-sindrome-de-traccion-medular-siringomielia-idiopatica.jpg","datePublished":"2016-11-20T23:00:16+00:00","dateModified":"2026-03-20T11:00:35+00:00","description":"Data dell\u2019intervento: settembre 2013 Data del video: novembre 2013 \u00a0Salve, mi chiamo Marie-Pierre Maziere, ho 51 anni, sono appena... \u00a0 Vedi \u2192","breadcrumb":{"@id":"https:\/\/institutchiaribcn.com\/it\/marie-pierre-maziere-sindrome-trazione-midollare-siringomielia-idiopatica\/#breadcrumb"},"inLanguage":"it-IT","potentialAction":[{"@type":"ReadAction","target":["https:\/\/institutchiaribcn.com\/it\/marie-pierre-maziere-sindrome-trazione-midollare-siringomielia-idiopatica\/"]}]},{"@type":"ImageObject","inLanguage":"it-IT","@id":"https:\/\/institutchiaribcn.com\/it\/marie-pierre-maziere-sindrome-trazione-midollare-siringomielia-idiopatica\/#primaryimage","url":"https:\/\/institutchiaribcn.com\/wp-content\/uploads\/2016\/11\/marie-pierre-maziere-sindrome-de-traccion-medular-siringomielia-idiopatica.jpg","contentUrl":"https:\/\/institutchiaribcn.com\/wp-content\/uploads\/2016\/11\/marie-pierre-maziere-sindrome-de-traccion-medular-siringomielia-idiopatica.jpg","width":480,"height":360},{"@type":"BreadcrumbList","@id":"https:\/\/institutchiaribcn.com\/it\/marie-pierre-maziere-sindrome-trazione-midollare-siringomielia-idiopatica\/#breadcrumb","itemListElement":[{"@type":"ListItem","position":1,"name":"Portada","item":"https:\/\/institutchiaribcn.com\/it\/"},{"@type":"ListItem","position":2,"name":"Videos","item":"https:\/\/institutchiaribcn.com\/it\/videos\/"},{"@type":"ListItem","position":3,"name":"Marie-Pierre Maziere Sindrome da Trazione midollare. Siringomielia idiopatica."}]},{"@type":"WebSite","@id":"https:\/\/institutchiaribcn.com\/it\/#website","url":"https:\/\/institutchiaribcn.com\/it\/","name":"Institut Chiari de Barcelona","description":"","publisher":{"@id":"https:\/\/institutchiaribcn.com\/it\/#organization"},"potentialAction":[{"@type":"SearchAction","target":{"@type":"EntryPoint","urlTemplate":"https:\/\/institutchiaribcn.com\/it\/?s={search_term_string}"},"query-input":{"@type":"PropertyValueSpecification","valueRequired":true,"valueName":"search_term_string"}}],"inLanguage":"it-IT"},{"@type":"Organization","@id":"https:\/\/institutchiaribcn.com\/it\/#organization","name":"Institut Chiari de Barcelona","url":"https:\/\/institutchiaribcn.com\/it\/","logo":{"@type":"ImageObject","inLanguage":"it-IT","@id":"https:\/\/institutchiaribcn.com\/it\/#\/schema\/logo\/image\/","url":"https:\/\/institutchiaribcn.com\/wp-content\/uploads\/2025\/10\/cropped-cropped-icsebNavLogo-1.png","contentUrl":"https:\/\/institutchiaribcn.com\/wp-content\/uploads\/2025\/10\/cropped-cropped-icsebNavLogo-1.png","width":245,"height":99,"caption":"Institut Chiari de Barcelona"},"image":{"@id":"https:\/\/institutchiaribcn.com\/it\/#\/schema\/logo\/image\/"}}]}},"_links":{"self":[{"href":"https:\/\/institutchiaribcn.com\/it\/wp-json\/wp\/v2\/videos\/112167","targetHints":{"allow":["GET"]}}],"collection":[{"href":"https:\/\/institutchiaribcn.com\/it\/wp-json\/wp\/v2\/videos"}],"about":[{"href":"https:\/\/institutchiaribcn.com\/it\/wp-json\/wp\/v2\/types\/videos"}],"wp:featuredmedia":[{"embeddable":true,"href":"https:\/\/institutchiaribcn.com\/it\/wp-json\/wp\/v2\/media\/137965"}],"wp:attachment":[{"href":"https:\/\/institutchiaribcn.com\/it\/wp-json\/wp\/v2\/media?parent=112167"}],"wp:term":[{"taxonomy":"tipos-de-video","embeddable":true,"href":"https:\/\/institutchiaribcn.com\/it\/wp-json\/wp\/v2\/tipos-de-video?post=112167"}],"curies":[{"name":"wp","href":"https:\/\/api.w.org\/{rel}","templated":true}]}}