{"id":55776,"date":"2018-01-11T00:00:00","date_gmt":"2018-01-10T23:00:00","guid":{"rendered":"https:\/\/dev.institutchiaribcn.com\/testimonios\/dayse-aparecida-ferreira-sindrome-neuro-cranio-vertebrale-abbassamento-delle-tonsille-cerbellari-sindrome-darnold-chiari-i-cisti-intra-midollare-siringomielia-idiopatica\/"},"modified":"2026-03-20T12:54:55","modified_gmt":"2026-03-20T11:54:55","slug":"sindrome-neuro-cranio-vertebrale-abbassamento-delle-tonsille-cerbellari-sindrome-darnold-chiari-cisti-intra-midollare-siringomielia-idiopatica","status":"publish","type":"testimonios","link":"https:\/\/institutchiaribcn.com\/it\/sindrome-neuro-cranio-vertebrale-abbassamento-delle-tonsille-cerbellari-sindrome-darnold-chiari-cisti-intra-midollare-siringomielia-idiopatica\/","title":{"rendered":"Dayse Aparecida Ferreira. Sindrome Neuro-cranio-vertebrale. Abbassamento delle tonsille cerbellari (sindrome D\u2019Arnold Chiari I). Cisti intra-midollare (Siringomielia Idiopatica)"},"content":{"rendered":"<p>&nbsp;<\/p>\n<p><a href=\"https:\/\/institutchiaribcn.com\/wp-content\/uploads\/2018\/01\/siringomielia-barcelona-Dayse.jpg\"><img decoding=\"async\" class=\"img-rounded img-responsive text-wrap\" src=\"https:\/\/institutchiaribcn.com\/wp-content\/uploads\/2018\/01\/siringomielia-barcelona-Dayse.jpg\" alt=\"\" width=\"200\" height=\"200\" \/><\/a><strong>Data dell\u2019intervento: Marzo del 2017-12-21<\/strong><\/p>\n<p><a href=\"https:\/\/institutchiaribcn.com\/wp-content\/uploads\/2013\/10\/brasil.jpg\"><img decoding=\"async\" class=\"alignnone size-full wp-image-1921\" src=\"https:\/\/institutchiaribcn.com\/wp-content\/uploads\/2013\/10\/brasil.jpg\" alt=\"\" width=\"25\" height=\"16\" \/><\/a><\/p>\n<p style=\"text-align: justify;\">Mi chiamo Dayse, ho 34 anni d\u2019et\u00e0 e dai 28 anni ho avuto dolori che andavano e venivano, senza che nessuno ne scoprisse la causa.<\/p>\n<p>A luglio del 2014 questi dolori si sono intensificati e sono dovuta andare al Pronto Soccorso, perch\u00e9 erano molto forti. Mi hanno diagnosticato lombalgia, depressione e fibromialgia. Seguivo le terapie e prendevo i farmaci proposti come secondo orientamento medico, ma nulla calmava i miei dolori.<\/p>\n<p>Durante una crisi molto forte, sono andata all\u2019ospedale e ho spiegato alla dottoressa di guardia che non sopportavo pi\u00f9 tutto quel dolore, n\u00e9 di dover prendere tanti farmaci senza miglioramento. Lei ha prescritto una risonanza della colonna (zona lombo-sacrale) e, con il risultato, mi ha derivata a un ortopedico.<\/p>\n<p>L\u2019ortopedico, dopo aver visto la mia risonanza, mi ha detto che si rilevava un\u2019alterazione; ma non me l\u2019ha spiegata. Mi ha anche detto che avrei dovuto consultare con uno specialista della colonna. Quando sono arrivata a casa, mi sono messa a indagare in Internet il termine siringomielia e tutti i risultati mi davano <em>\u201cpatologia rara e degenerativa del midollo spinale, senza cura e che potrebbe con il tempo costringere il paziente a una sedia a rotelle\u201d. <\/em>In quel momento mi sono resa conto che avevo una \u201cbomba\u201d tra le mani. In quella prima ricerca in Internet, ho trovato il sito web dell\u2019Institut Chiari &amp; Sirngomielia &amp; Escoliosis de Barcelona, ma non ho letto molto l\u2019informazione\u2026 dato che diceva proprio il contrario di quello che avevo letto prima.<\/p>\n<p>Dopo aver verificato pi\u00f9 informazione sulla malattia, ho conosciuto gruppi di sostegno in Facebook composti dai malati e ho capito subito che questa malattia non \u00e8 poi cos\u00ec rara, perch\u00e9 ci sono molti membri nei gruppi.<\/p>\n<p>Nel primo gruppo ho contattato alcune persone che erano state operate a Barcellona e le cui testimonianze erano le migliori, e molto diverse da molti pazienti che sono stati operati con il metodo convenzionale qua in Brasile.<\/p>\n<p>Ho inviato le relazioni mediche all\u2019Istituto e loro mi hanno inviato un certificato nel quale m\u2019informavano che avevo Sindrome Neuro-cranio-vertebrale, ebbene, oltre alla Siringomielia anche Sindrome d\u2019Arnold Chiari I. Mi hanno anche mandato un preventivo del costo dell\u2019intervento.<\/p>\n<p>Ad aprile del 2016, ho deciso di fare una campagna per raccogliere la cifra necessaria. La durata della campagna \u00e8 stata di un anno, e il giorno 21\/03\/2017 \u00e8 diventata realt\u00e0 la tanto desiderata operazione di Sezione del Filum terminale. Otto ore dopo l\u2019intervento si osservavano gi\u00e0 dei miglioramenti significativi, come il recupero della forza nelle braccia e nelle gambe. Dopo dieci giorni, durante la visita di controllo postoperatorio ne abbiamo constatati altri. Quello che ho notato di pi\u00f9, \u00e8 stato la riduzione dell\u2019iperreflessia nelle tre zone del braccio destro (nel quale avevo gi\u00e0 una perdita motoria). Semplicemente i miei riflessi si erano normalizzati; un quadro di miglioramento che, da quello che mi hanno detto, di solito si osserva dopo un anno dall\u2019intervento.<\/p>\n<p>Il principale miglioramento \u00e8 stato la scomparsa dei dolori costanti che sentivo nelle zone di nuca, testa, cervicale, spalla destra e regione lombare, il che mi ha offerto una migliore qualit\u00e0 di vita. Ora sono stata operata de tre mesi e da allora non ho pi\u00f9 preso antidepressivi (che mi venivano prescritti perch\u00e9 sostenevano che i miei dolori fossero psicologici\u2026).<\/p>\n<p>Con l\u2019operazione, i medici dell\u2019istituto cercano di arrestare l\u2019avanzare della patologia, ma, pi\u00f9 che altro io posso dire che l\u2019ho vinta e che \u00e8 stato il denaro meglio speso di tutta la mia vita.<\/p>\n<p>Ringrazio Dio e tutti coloro che mi hanno aiutata a fare del sogno realt\u00e0. Spero che con la mia testimonianza e con quella di altri pazienti, si possa ottenere l\u2019attenzione dei nostri medici affinch\u00e9 pi\u00f9 persone possano ottenere i benefici di questo metodo.<\/p>\n<p>E-mail:\u00a0<a href=\"mailto:ayse.ap@hotmail.com\">ayse.ap@hotmail.com<\/a><\/p>\n","protected":false},"featured_media":55777,"template":"","tipos-de-testimonio":[366],"class_list":["post-55776","testimonios","type-testimonios","status-publish","has-post-thumbnail","hentry","tipos-de-testimonio-testimonianze-siringomielia-idiopatica"],"yoast_head":"<!-- This site is optimized with the Yoast SEO plugin v27.4 - https:\/\/yoast.com\/product\/yoast-seo-wordpress\/ -->\n<title>Sindrome neuro-cranio-vertebrale e Chiari I | ICSEB<\/title>\n<meta name=\"description\" content=\"Data dell\u2019intervento: Marzo del 2017-12-21 \u00a0 \u00a0 Mi chiamo Dayse, ho 34 anni d\u2019et\u00e0 e dai 28 anni ho avuto dolori che andavano e venivano,... \u00a0 Vedi \u2192\" \/>\n<meta name=\"robots\" content=\"index, follow, max-snippet:-1, max-image-preview:large, max-video-preview:-1\" \/>\n<link rel=\"canonical\" href=\"https:\/\/institutchiaribcn.com\/it\/sindrome-neuro-cranio-vertebrale-abbassamento-delle-tonsille-cerbellari-sindrome-darnold-chiari-cisti-intra-midollare-siringomielia-idiopatica\/\" \/>\n<meta property=\"og:locale\" content=\"it_IT\" \/>\n<meta property=\"og:type\" content=\"article\" \/>\n<meta property=\"og:title\" content=\"Sindrome neuro-cranio-vertebrale e Chiari I | ICSEB\" \/>\n<meta property=\"og:description\" content=\"Data dell\u2019intervento: Marzo del 2017-12-21 \u00a0 \u00a0 Mi chiamo Dayse, ho 34 anni d\u2019et\u00e0 e dai 28 anni ho avuto dolori che andavano e venivano,... \u00a0 Vedi \u2192\" \/>\n<meta property=\"og:url\" content=\"https:\/\/institutchiaribcn.com\/it\/sindrome-neuro-cranio-vertebrale-abbassamento-delle-tonsille-cerbellari-sindrome-darnold-chiari-cisti-intra-midollare-siringomielia-idiopatica\/\" \/>\n<meta property=\"og:site_name\" content=\"Institut Chiari\" \/>\n<meta property=\"article:modified_time\" content=\"2026-03-20T11:54:55+00:00\" \/>\n<meta property=\"og:image\" content=\"https:\/\/institutchiaribcn.com\/wp-content\/uploads\/2025\/09\/siringomielia-barcelona-Dayse-3.jpg\" \/>\n\t<meta property=\"og:image:width\" content=\"200\" \/>\n\t<meta property=\"og:image:height\" content=\"200\" \/>\n\t<meta property=\"og:image:type\" content=\"image\/jpeg\" \/>\n<meta name=\"twitter:card\" content=\"summary_large_image\" \/>\n<meta name=\"twitter:label1\" content=\"Tempo di lettura stimato\" \/>\n\t<meta name=\"twitter:data1\" content=\"4 minuti\" \/>\n<script type=\"application\/ld+json\" class=\"yoast-schema-graph\">{\"@context\":\"https:\\\/\\\/schema.org\",\"@graph\":[{\"@type\":\"WebPage\",\"@id\":\"https:\\\/\\\/institutchiaribcn.com\\\/it\\\/sindrome-neuro-cranio-vertebrale-abbassamento-delle-tonsille-cerbellari-sindrome-darnold-chiari-cisti-intra-midollare-siringomielia-idiopatica\\\/\",\"url\":\"https:\\\/\\\/institutchiaribcn.com\\\/it\\\/sindrome-neuro-cranio-vertebrale-abbassamento-delle-tonsille-cerbellari-sindrome-darnold-chiari-cisti-intra-midollare-siringomielia-idiopatica\\\/\",\"name\":\"Sindrome neuro-cranio-vertebrale e Chiari I | ICSEB\",\"isPartOf\":{\"@id\":\"https:\\\/\\\/institutchiaribcn.com\\\/it\\\/#website\"},\"primaryImageOfPage\":{\"@id\":\"https:\\\/\\\/institutchiaribcn.com\\\/it\\\/sindrome-neuro-cranio-vertebrale-abbassamento-delle-tonsille-cerbellari-sindrome-darnold-chiari-cisti-intra-midollare-siringomielia-idiopatica\\\/#primaryimage\"},\"image\":{\"@id\":\"https:\\\/\\\/institutchiaribcn.com\\\/it\\\/sindrome-neuro-cranio-vertebrale-abbassamento-delle-tonsille-cerbellari-sindrome-darnold-chiari-cisti-intra-midollare-siringomielia-idiopatica\\\/#primaryimage\"},\"thumbnailUrl\":\"https:\\\/\\\/institutchiaribcn.com\\\/wp-content\\\/uploads\\\/2025\\\/09\\\/siringomielia-barcelona-Dayse-3.jpg\",\"datePublished\":\"2018-01-10T23:00:00+00:00\",\"dateModified\":\"2026-03-20T11:54:55+00:00\",\"description\":\"Data dell\u2019intervento: Marzo del 2017-12-21 \u00a0 \u00a0 Mi chiamo Dayse, ho 34 anni d\u2019et\u00e0 e dai 28 anni ho avuto dolori che andavano e venivano,... \u00a0 Vedi \u2192\",\"breadcrumb\":{\"@id\":\"https:\\\/\\\/institutchiaribcn.com\\\/it\\\/sindrome-neuro-cranio-vertebrale-abbassamento-delle-tonsille-cerbellari-sindrome-darnold-chiari-cisti-intra-midollare-siringomielia-idiopatica\\\/#breadcrumb\"},\"inLanguage\":\"it-IT\",\"potentialAction\":[{\"@type\":\"ReadAction\",\"target\":[\"https:\\\/\\\/institutchiaribcn.com\\\/it\\\/sindrome-neuro-cranio-vertebrale-abbassamento-delle-tonsille-cerbellari-sindrome-darnold-chiari-cisti-intra-midollare-siringomielia-idiopatica\\\/\"]}]},{\"@type\":\"ImageObject\",\"inLanguage\":\"it-IT\",\"@id\":\"https:\\\/\\\/institutchiaribcn.com\\\/it\\\/sindrome-neuro-cranio-vertebrale-abbassamento-delle-tonsille-cerbellari-sindrome-darnold-chiari-cisti-intra-midollare-siringomielia-idiopatica\\\/#primaryimage\",\"url\":\"https:\\\/\\\/institutchiaribcn.com\\\/wp-content\\\/uploads\\\/2025\\\/09\\\/siringomielia-barcelona-Dayse-3.jpg\",\"contentUrl\":\"https:\\\/\\\/institutchiaribcn.com\\\/wp-content\\\/uploads\\\/2025\\\/09\\\/siringomielia-barcelona-Dayse-3.jpg\",\"width\":200,\"height\":200},{\"@type\":\"BreadcrumbList\",\"@id\":\"https:\\\/\\\/institutchiaribcn.com\\\/it\\\/sindrome-neuro-cranio-vertebrale-abbassamento-delle-tonsille-cerbellari-sindrome-darnold-chiari-cisti-intra-midollare-siringomielia-idiopatica\\\/#breadcrumb\",\"itemListElement\":[{\"@type\":\"ListItem\",\"position\":1,\"name\":\"Portada\",\"item\":\"https:\\\/\\\/institutchiaribcn.com\\\/it\\\/\"},{\"@type\":\"ListItem\",\"position\":2,\"name\":\"Testimonios\",\"item\":\"https:\\\/\\\/institutchiaribcn.com\\\/it\\\/testimonios\\\/\"},{\"@type\":\"ListItem\",\"position\":3,\"name\":\"Dayse Aparecida Ferreira. Sindrome Neuro-cranio-vertebrale. Abbassamento delle tonsille cerbellari (sindrome D\u2019Arnold Chiari I). Cisti intra-midollare (Siringomielia Idiopatica)\"}]},{\"@type\":\"WebSite\",\"@id\":\"https:\\\/\\\/institutchiaribcn.com\\\/it\\\/#website\",\"url\":\"https:\\\/\\\/institutchiaribcn.com\\\/it\\\/\",\"name\":\"Institut Chiari de Barcelona\",\"description\":\"\",\"publisher\":{\"@id\":\"https:\\\/\\\/institutchiaribcn.com\\\/it\\\/#organization\"},\"potentialAction\":[{\"@type\":\"SearchAction\",\"target\":{\"@type\":\"EntryPoint\",\"urlTemplate\":\"https:\\\/\\\/institutchiaribcn.com\\\/it\\\/?s={search_term_string}\"},\"query-input\":{\"@type\":\"PropertyValueSpecification\",\"valueRequired\":true,\"valueName\":\"search_term_string\"}}],\"inLanguage\":\"it-IT\"},{\"@type\":\"Organization\",\"@id\":\"https:\\\/\\\/institutchiaribcn.com\\\/it\\\/#organization\",\"name\":\"Institut Chiari de Barcelona\",\"url\":\"https:\\\/\\\/institutchiaribcn.com\\\/it\\\/\",\"logo\":{\"@type\":\"ImageObject\",\"inLanguage\":\"it-IT\",\"@id\":\"https:\\\/\\\/institutchiaribcn.com\\\/it\\\/#\\\/schema\\\/logo\\\/image\\\/\",\"url\":\"https:\\\/\\\/institutchiaribcn.com\\\/wp-content\\\/uploads\\\/2025\\\/10\\\/cropped-cropped-icsebNavLogo-1.png\",\"contentUrl\":\"https:\\\/\\\/institutchiaribcn.com\\\/wp-content\\\/uploads\\\/2025\\\/10\\\/cropped-cropped-icsebNavLogo-1.png\",\"width\":245,\"height\":99,\"caption\":\"Institut Chiari de Barcelona\"},\"image\":{\"@id\":\"https:\\\/\\\/institutchiaribcn.com\\\/it\\\/#\\\/schema\\\/logo\\\/image\\\/\"}}]}<\/script>\n<!-- \/ Yoast SEO plugin. -->","yoast_head_json":{"title":"Sindrome neuro-cranio-vertebrale e Chiari I | ICSEB","description":"Data dell\u2019intervento: Marzo del 2017-12-21 \u00a0 \u00a0 Mi chiamo Dayse, ho 34 anni d\u2019et\u00e0 e dai 28 anni ho avuto dolori che andavano e venivano,... \u00a0 Vedi \u2192","robots":{"index":"index","follow":"follow","max-snippet":"max-snippet:-1","max-image-preview":"max-image-preview:large","max-video-preview":"max-video-preview:-1"},"canonical":"https:\/\/institutchiaribcn.com\/it\/sindrome-neuro-cranio-vertebrale-abbassamento-delle-tonsille-cerbellari-sindrome-darnold-chiari-cisti-intra-midollare-siringomielia-idiopatica\/","og_locale":"it_IT","og_type":"article","og_title":"Sindrome neuro-cranio-vertebrale e Chiari I | ICSEB","og_description":"Data dell\u2019intervento: Marzo del 2017-12-21 \u00a0 \u00a0 Mi chiamo Dayse, ho 34 anni d\u2019et\u00e0 e dai 28 anni ho avuto dolori che andavano e venivano,... \u00a0 Vedi \u2192","og_url":"https:\/\/institutchiaribcn.com\/it\/sindrome-neuro-cranio-vertebrale-abbassamento-delle-tonsille-cerbellari-sindrome-darnold-chiari-cisti-intra-midollare-siringomielia-idiopatica\/","og_site_name":"Institut Chiari","article_modified_time":"2026-03-20T11:54:55+00:00","og_image":[{"width":200,"height":200,"url":"https:\/\/institutchiaribcn.com\/wp-content\/uploads\/2025\/09\/siringomielia-barcelona-Dayse-3.jpg","type":"image\/jpeg"}],"twitter_card":"summary_large_image","twitter_misc":{"Tempo di lettura stimato":"4 minuti"},"schema":{"@context":"https:\/\/schema.org","@graph":[{"@type":"WebPage","@id":"https:\/\/institutchiaribcn.com\/it\/sindrome-neuro-cranio-vertebrale-abbassamento-delle-tonsille-cerbellari-sindrome-darnold-chiari-cisti-intra-midollare-siringomielia-idiopatica\/","url":"https:\/\/institutchiaribcn.com\/it\/sindrome-neuro-cranio-vertebrale-abbassamento-delle-tonsille-cerbellari-sindrome-darnold-chiari-cisti-intra-midollare-siringomielia-idiopatica\/","name":"Sindrome neuro-cranio-vertebrale e Chiari I | ICSEB","isPartOf":{"@id":"https:\/\/institutchiaribcn.com\/it\/#website"},"primaryImageOfPage":{"@id":"https:\/\/institutchiaribcn.com\/it\/sindrome-neuro-cranio-vertebrale-abbassamento-delle-tonsille-cerbellari-sindrome-darnold-chiari-cisti-intra-midollare-siringomielia-idiopatica\/#primaryimage"},"image":{"@id":"https:\/\/institutchiaribcn.com\/it\/sindrome-neuro-cranio-vertebrale-abbassamento-delle-tonsille-cerbellari-sindrome-darnold-chiari-cisti-intra-midollare-siringomielia-idiopatica\/#primaryimage"},"thumbnailUrl":"https:\/\/institutchiaribcn.com\/wp-content\/uploads\/2025\/09\/siringomielia-barcelona-Dayse-3.jpg","datePublished":"2018-01-10T23:00:00+00:00","dateModified":"2026-03-20T11:54:55+00:00","description":"Data dell\u2019intervento: Marzo del 2017-12-21 \u00a0 \u00a0 Mi chiamo Dayse, ho 34 anni d\u2019et\u00e0 e dai 28 anni ho avuto dolori che andavano e venivano,... \u00a0 Vedi \u2192","breadcrumb":{"@id":"https:\/\/institutchiaribcn.com\/it\/sindrome-neuro-cranio-vertebrale-abbassamento-delle-tonsille-cerbellari-sindrome-darnold-chiari-cisti-intra-midollare-siringomielia-idiopatica\/#breadcrumb"},"inLanguage":"it-IT","potentialAction":[{"@type":"ReadAction","target":["https:\/\/institutchiaribcn.com\/it\/sindrome-neuro-cranio-vertebrale-abbassamento-delle-tonsille-cerbellari-sindrome-darnold-chiari-cisti-intra-midollare-siringomielia-idiopatica\/"]}]},{"@type":"ImageObject","inLanguage":"it-IT","@id":"https:\/\/institutchiaribcn.com\/it\/sindrome-neuro-cranio-vertebrale-abbassamento-delle-tonsille-cerbellari-sindrome-darnold-chiari-cisti-intra-midollare-siringomielia-idiopatica\/#primaryimage","url":"https:\/\/institutchiaribcn.com\/wp-content\/uploads\/2025\/09\/siringomielia-barcelona-Dayse-3.jpg","contentUrl":"https:\/\/institutchiaribcn.com\/wp-content\/uploads\/2025\/09\/siringomielia-barcelona-Dayse-3.jpg","width":200,"height":200},{"@type":"BreadcrumbList","@id":"https:\/\/institutchiaribcn.com\/it\/sindrome-neuro-cranio-vertebrale-abbassamento-delle-tonsille-cerbellari-sindrome-darnold-chiari-cisti-intra-midollare-siringomielia-idiopatica\/#breadcrumb","itemListElement":[{"@type":"ListItem","position":1,"name":"Portada","item":"https:\/\/institutchiaribcn.com\/it\/"},{"@type":"ListItem","position":2,"name":"Testimonios","item":"https:\/\/institutchiaribcn.com\/it\/testimonios\/"},{"@type":"ListItem","position":3,"name":"Dayse Aparecida Ferreira. Sindrome Neuro-cranio-vertebrale. Abbassamento delle tonsille cerbellari (sindrome D\u2019Arnold Chiari I). Cisti intra-midollare (Siringomielia Idiopatica)"}]},{"@type":"WebSite","@id":"https:\/\/institutchiaribcn.com\/it\/#website","url":"https:\/\/institutchiaribcn.com\/it\/","name":"Institut Chiari de Barcelona","description":"","publisher":{"@id":"https:\/\/institutchiaribcn.com\/it\/#organization"},"potentialAction":[{"@type":"SearchAction","target":{"@type":"EntryPoint","urlTemplate":"https:\/\/institutchiaribcn.com\/it\/?s={search_term_string}"},"query-input":{"@type":"PropertyValueSpecification","valueRequired":true,"valueName":"search_term_string"}}],"inLanguage":"it-IT"},{"@type":"Organization","@id":"https:\/\/institutchiaribcn.com\/it\/#organization","name":"Institut Chiari de Barcelona","url":"https:\/\/institutchiaribcn.com\/it\/","logo":{"@type":"ImageObject","inLanguage":"it-IT","@id":"https:\/\/institutchiaribcn.com\/it\/#\/schema\/logo\/image\/","url":"https:\/\/institutchiaribcn.com\/wp-content\/uploads\/2025\/10\/cropped-cropped-icsebNavLogo-1.png","contentUrl":"https:\/\/institutchiaribcn.com\/wp-content\/uploads\/2025\/10\/cropped-cropped-icsebNavLogo-1.png","width":245,"height":99,"caption":"Institut Chiari de Barcelona"},"image":{"@id":"https:\/\/institutchiaribcn.com\/it\/#\/schema\/logo\/image\/"}}]}},"_links":{"self":[{"href":"https:\/\/institutchiaribcn.com\/it\/wp-json\/wp\/v2\/testimonios\/55776","targetHints":{"allow":["GET"]}}],"collection":[{"href":"https:\/\/institutchiaribcn.com\/it\/wp-json\/wp\/v2\/testimonios"}],"about":[{"href":"https:\/\/institutchiaribcn.com\/it\/wp-json\/wp\/v2\/types\/testimonios"}],"wp:featuredmedia":[{"embeddable":true,"href":"https:\/\/institutchiaribcn.com\/it\/wp-json\/wp\/v2\/media\/55777"}],"wp:attachment":[{"href":"https:\/\/institutchiaribcn.com\/it\/wp-json\/wp\/v2\/media?parent=55776"}],"wp:term":[{"taxonomy":"tipos-de-testimonio","embeddable":true,"href":"https:\/\/institutchiaribcn.com\/it\/wp-json\/wp\/v2\/tipos-de-testimonio?post=55776"}],"curies":[{"name":"wp","href":"https:\/\/api.w.org\/{rel}","templated":true}]}}