{"id":55271,"date":"2012-09-04T00:00:12","date_gmt":"2012-09-03T22:00:12","guid":{"rendered":"https:\/\/dev.institutchiaribcn.com\/testimonios\/nunzia-cavallo-sindrome-da-trazione-midollare-sindrome-darnold-chiari-i\/"},"modified":"2026-03-18T12:19:03","modified_gmt":"2026-03-18T11:19:03","slug":"nunzia-cavallo-sindrome-da-trazione-midollare-sindrome-darnold-chiari-i","status":"publish","type":"testimonios","link":"https:\/\/institutchiaribcn.com\/it\/nunzia-cavallo-sindrome-da-trazione-midollare-sindrome-darnold-chiari-i\/","title":{"rendered":"Nunzia Cavallo. Sindrome da Trazione midollare. Sindrome dArnold Chiari I."},"content":{"rendered":"<p>&nbsp;<\/p>\n<p style=\"text-align: justify;\"><strong>Data intervento: aprile 2012<\/strong><\/p>\n<p style=\"text-align: justify;\">Siamo i coniugi Carmine e Maria Cavallo, ltaliani, della provincia di Brindisi.<\/p>\n<p style=\"text-align: justify;\">Sentiamo forte il desiderio ma anche il dovere di raccontare la nostra storia a quanti hanno scoperto di essere affetti dalla sindrome di Chiari I.<\/p>\n<p style=\"text-align: justify;\">Siamo una giovane coppia con due bimbi, Nunzia di quasi cinque anni e Domenico di due.<\/p>\n<p style=\"text-align: justify;\">La nostra cara Nunzia dallet\u00e0 di tre anni soffriva di mal di testa. Il nostro pediatra ci rassicurava che era dovuto alla crescita e che con il tempo sarebbe scomparso.<\/p>\n<p style=\"text-align: justify;\">Ma lo stato di salute di Nunzia \u00e8 peggiorata notevolmente: mal di testa forte sulla parte posteriore sinistra, stanchezza, balbetti, perdita di equilibrio (cadeva senza rendersene conto, spasmi ai muscoli, non riusciva pi\u00f9 a camminare, nelle passeggiate si stancava dopo pochi metri. lnoltre ha avuto svenimenti.<\/p>\n<p style=\"text-align: justify;\">Nel febbraio di questo anno abbiamo ricoverato Nunzia presso la Casa Sollievo della Sofferenza di San Giovanni Rotondo dove grazie alla risonanza magnetica gli \u00e8 stata diagnosticata la Sindrome di Chiari I: compressione del cervelletto e delle tonsille cerebellari a causa della ristretta scatola cranica.<\/p>\n<p style=\"text-align: justify;\">Ci \u00e8 stato detto che questa malformazione \u00e8 molto rara e pericolosa, che pu\u00f2 portarc a conseguenze drammatiche sino all\u2019infarto celebrale \u2013 la morte.<\/p>\n<p style=\"text-align: justify;\">In Italia, questa malattia viene trattata con intervento di craniectomia, una tecnica altamente invasiva con cui si apre losso del cranio e che dopo lintervento non sono garantiti risultati duraturi se non peggioramenti.<\/p>\n<p style=\"text-align: justify;\">Ci \u00e9 sembrato che il mondo ci crollasse a dosso.<\/p>\n<p style=\"text-align: justify;\">Non ci sembrava vero.<\/p>\n<p style=\"text-align: justify;\">Abbiamo deciso avere un altro consulto e perci\u00f2 ci siamo rivolti a un neurologo presso il policlinico Gemelli di Roma.<\/p>\n<p style=\"text-align: justify;\">Anche Lui, visionando la R.M. ha confermato la diagnosi di Sindrome di Chiari I.<\/p>\n<p style=\"text-align: justify;\">Questo neurologo ci sembrava molto ottimista ed era disposto ad trattarla con intervento di craniectomia ma bisognava attendere l0 gioni in quanto era in partenza per un convegno.<\/p>\n<p style=\"text-align: justify;\">Siamo rientrati al nostre paese.<\/p>\n<p style=\"text-align: justify;\">Nell\u2019attesa di essere richiamati presso il policlinico Gemelli per effettuare lintervento di craniectemia, tramite internet siamo venuti a conoscenza della tecnica della sezione del filum terminale praticata dal Dr. Royo Salvador, presso lInstitut Chiari &amp; Siringomielia &amp; Escoliosis di Barcelona.<\/p>\n<p style=\"text-align: justify;\">Abbiamo letto le storie di chi a Barcellona ci era stato e si era sottoposto a quellintervento e con alcuni siamo entrati in contatto telefonico. Tutti ci hanno incoraggiati a perseguire questa via che attualmente \u00e8 veramente lunica via praticabile. Siamo rimasti entusiasti pieni di speranza.<\/p>\n<p style=\"text-align: justify;\">Abbiamo contattato la clinica di Barcellona. La dottoressa Gioia Lu\u00e8 \u00e8 stata gentilissima, ci ha organizzato lintervento.<\/p>\n<p style=\"text-align: justify;\">Lunico ostacolo che abbiamo dovuto affrontare \u00e8 stato il costo dell\u2019intervento chirurgico.<\/p>\n<p style=\"text-align: justify;\">Non avevamo disponibile, al momento, questa cifra e perci\u00f2 ci hanno aiutato tramite una vicina le parrocchie, vicini di casa, conoscenti, alcun negozianti. Tutti ci hanno aiutato.<\/p>\n<p style=\"text-align: justify;\">Abbiamo raccolto quanto \u00e8 stato necessario sia per lintervento che per il viaggio e il pernottamento.<\/p>\n<p style=\"text-align: justify;\">Il 12 aprile scorso Nunzia \u00e8 stata sottoposta con successo allintervento di resezione del \u201cfilum terminale\u201d e gi\u00e0 dopo poche ore dal1intervento sono migliorate le reazioni di riflesso agli stimoli, e successivamente non ha avuto nessun altro svenimento n\u00e9 pi\u00f9 forti mal di testa.<\/p>\n<p style=\"text-align: justify;\">Il 29 maggio scorso \u00e8 tornata a Barcellona per la prima visita di controllo.<\/p>\n<p style=\"text-align: justify;\">Il Dr. Royo Salvador, ha dichiarato che la sindrome di Chiari I \u00e8 stata bloccata e che vi \u00e8 stato un notevole recupero nella coordinazione dei movimenti. Inoltre abbiamo notato che non balbetta pi\u00f9 e ha tanta voglia di giocare come tutti i bambini della sua et\u00e0.<\/p>\n<p style=\"text-align: justify;\">Sentiamo di manifestare la pi\u00f9 profonda graditudine al Dr. Royo Salvador per la sua umanit\u00e0, affabilit\u00e0. Un grazie a tutti coloro che ci hanno incoraggiato a perseguire questa strada e a quanti ci hanno aiutato nel raccogliere gli aiuti. Le USL regionali non pagano lintervento e non forniscono aiuti.<\/p>\n<p style=\"text-align: justify;\">A quanti leggeranno questa lettera vogliamo dire di non perdere mai la Speranza perch\u00e9 come dice il nostro detto antico: Uomo allegro Cielo aiuta!!!<\/p>\n<div style=\"text-align: justify;\" align=\"center\"><img fetchpriority=\"high\" decoding=\"async\" class=\"img-thumbnail size-full wp-image-1967\" src=\"https:\/\/institutchiaribcn.com\/wp-content\/uploads\/2015\/05\/regalo_paciente_nuncia_cavallo.jpg\" sizes=\"(max-width: 500px) 100vw, 500px\" srcset=\"https:\/\/institutchiaribcn.com\/wp-content\/uploads\/2015\/05\/regalo_paciente_nuncia_cavallo.jpg 500w, https:\/\/institutchiaribcn.com\/wp-content\/uploads\/2015\/05\/regalo_paciente_nuncia_cavallo-218x300.jpg 218w\" alt=\"regalo_paciente_nuncia_cavallo\" width=\"500\" height=\"687\" \/><\/div>\n","protected":false},"featured_media":55272,"template":"","tipos-de-testimonio":[364],"class_list":["post-55271","testimonios","type-testimonios","status-publish","has-post-thumbnail","hentry","tipos-de-testimonio-testimonianze-sindrome-darnold-chiari-i"],"yoast_head":"<!-- This site is optimized with the Yoast SEO plugin v27.4 - https:\/\/yoast.com\/product\/yoast-seo-wordpress\/ -->\n<title>Nunzia Cavallo: Chiari\u202fI &amp; Trazione Midollare | ICSEB<\/title>\n<meta name=\"description\" content=\"Testimonianza di Nunzia Cavallo su trazione midollare e Arnold Chiari I con miglioramenti dopo trattamento ICSEB.\" \/>\n<meta name=\"robots\" content=\"index, follow, max-snippet:-1, max-image-preview:large, max-video-preview:-1\" \/>\n<link rel=\"canonical\" href=\"https:\/\/institutchiaribcn.com\/it\/nunzia-cavallo-sindrome-da-trazione-midollare-sindrome-darnold-chiari-i\/\" \/>\n<meta property=\"og:locale\" content=\"it_IT\" \/>\n<meta property=\"og:type\" content=\"article\" \/>\n<meta property=\"og:title\" content=\"Nunzia Cavallo: Chiari\u202fI &amp; Trazione Midollare | ICSEB\" \/>\n<meta property=\"og:description\" content=\"Testimonianza di Nunzia Cavallo su trazione midollare e Arnold Chiari I con miglioramenti dopo trattamento ICSEB.\" \/>\n<meta property=\"og:url\" content=\"https:\/\/institutchiaribcn.com\/it\/nunzia-cavallo-sindrome-da-trazione-midollare-sindrome-darnold-chiari-i\/\" \/>\n<meta property=\"og:site_name\" content=\"Institut Chiari\" \/>\n<meta property=\"article:modified_time\" content=\"2026-03-18T11:19:03+00:00\" \/>\n<meta property=\"og:image\" content=\"https:\/\/institutchiaribcn.com\/wp-content\/uploads\/2025\/09\/Nunzia_Cavallo-4.jpg\" \/>\n\t<meta property=\"og:image:width\" content=\"200\" \/>\n\t<meta property=\"og:image:height\" content=\"200\" \/>\n\t<meta property=\"og:image:type\" content=\"image\/jpeg\" \/>\n<meta name=\"twitter:card\" content=\"summary_large_image\" \/>\n<meta name=\"twitter:label1\" content=\"Tempo di lettura stimato\" \/>\n\t<meta name=\"twitter:data1\" content=\"4 minuti\" \/>\n<script type=\"application\/ld+json\" class=\"yoast-schema-graph\">{\"@context\":\"https:\\\/\\\/schema.org\",\"@graph\":[{\"@type\":\"WebPage\",\"@id\":\"https:\\\/\\\/institutchiaribcn.com\\\/it\\\/nunzia-cavallo-sindrome-da-trazione-midollare-sindrome-darnold-chiari-i\\\/\",\"url\":\"https:\\\/\\\/institutchiaribcn.com\\\/it\\\/nunzia-cavallo-sindrome-da-trazione-midollare-sindrome-darnold-chiari-i\\\/\",\"name\":\"Nunzia Cavallo: Chiari\u202fI & Trazione Midollare | ICSEB\",\"isPartOf\":{\"@id\":\"https:\\\/\\\/institutchiaribcn.com\\\/it\\\/#website\"},\"primaryImageOfPage\":{\"@id\":\"https:\\\/\\\/institutchiaribcn.com\\\/it\\\/nunzia-cavallo-sindrome-da-trazione-midollare-sindrome-darnold-chiari-i\\\/#primaryimage\"},\"image\":{\"@id\":\"https:\\\/\\\/institutchiaribcn.com\\\/it\\\/nunzia-cavallo-sindrome-da-trazione-midollare-sindrome-darnold-chiari-i\\\/#primaryimage\"},\"thumbnailUrl\":\"https:\\\/\\\/institutchiaribcn.com\\\/wp-content\\\/uploads\\\/2025\\\/09\\\/Nunzia_Cavallo-4.jpg\",\"datePublished\":\"2012-09-03T22:00:12+00:00\",\"dateModified\":\"2026-03-18T11:19:03+00:00\",\"description\":\"Testimonianza di Nunzia Cavallo su trazione midollare e Arnold Chiari I con miglioramenti dopo trattamento ICSEB.\",\"breadcrumb\":{\"@id\":\"https:\\\/\\\/institutchiaribcn.com\\\/it\\\/nunzia-cavallo-sindrome-da-trazione-midollare-sindrome-darnold-chiari-i\\\/#breadcrumb\"},\"inLanguage\":\"it-IT\",\"potentialAction\":[{\"@type\":\"ReadAction\",\"target\":[\"https:\\\/\\\/institutchiaribcn.com\\\/it\\\/nunzia-cavallo-sindrome-da-trazione-midollare-sindrome-darnold-chiari-i\\\/\"]}]},{\"@type\":\"ImageObject\",\"inLanguage\":\"it-IT\",\"@id\":\"https:\\\/\\\/institutchiaribcn.com\\\/it\\\/nunzia-cavallo-sindrome-da-trazione-midollare-sindrome-darnold-chiari-i\\\/#primaryimage\",\"url\":\"https:\\\/\\\/institutchiaribcn.com\\\/wp-content\\\/uploads\\\/2025\\\/09\\\/Nunzia_Cavallo-4.jpg\",\"contentUrl\":\"https:\\\/\\\/institutchiaribcn.com\\\/wp-content\\\/uploads\\\/2025\\\/09\\\/Nunzia_Cavallo-4.jpg\",\"width\":200,\"height\":200},{\"@type\":\"BreadcrumbList\",\"@id\":\"https:\\\/\\\/institutchiaribcn.com\\\/it\\\/nunzia-cavallo-sindrome-da-trazione-midollare-sindrome-darnold-chiari-i\\\/#breadcrumb\",\"itemListElement\":[{\"@type\":\"ListItem\",\"position\":1,\"name\":\"Portada\",\"item\":\"https:\\\/\\\/institutchiaribcn.com\\\/it\\\/\"},{\"@type\":\"ListItem\",\"position\":2,\"name\":\"Testimonios\",\"item\":\"https:\\\/\\\/institutchiaribcn.com\\\/it\\\/testimonios\\\/\"},{\"@type\":\"ListItem\",\"position\":3,\"name\":\"Nunzia Cavallo. Sindrome da Trazione midollare. Sindrome dArnold Chiari I.\"}]},{\"@type\":\"WebSite\",\"@id\":\"https:\\\/\\\/institutchiaribcn.com\\\/it\\\/#website\",\"url\":\"https:\\\/\\\/institutchiaribcn.com\\\/it\\\/\",\"name\":\"Institut Chiari de Barcelona\",\"description\":\"\",\"publisher\":{\"@id\":\"https:\\\/\\\/institutchiaribcn.com\\\/it\\\/#organization\"},\"potentialAction\":[{\"@type\":\"SearchAction\",\"target\":{\"@type\":\"EntryPoint\",\"urlTemplate\":\"https:\\\/\\\/institutchiaribcn.com\\\/it\\\/?s={search_term_string}\"},\"query-input\":{\"@type\":\"PropertyValueSpecification\",\"valueRequired\":true,\"valueName\":\"search_term_string\"}}],\"inLanguage\":\"it-IT\"},{\"@type\":\"Organization\",\"@id\":\"https:\\\/\\\/institutchiaribcn.com\\\/it\\\/#organization\",\"name\":\"Institut Chiari de Barcelona\",\"url\":\"https:\\\/\\\/institutchiaribcn.com\\\/it\\\/\",\"logo\":{\"@type\":\"ImageObject\",\"inLanguage\":\"it-IT\",\"@id\":\"https:\\\/\\\/institutchiaribcn.com\\\/it\\\/#\\\/schema\\\/logo\\\/image\\\/\",\"url\":\"https:\\\/\\\/institutchiaribcn.com\\\/wp-content\\\/uploads\\\/2025\\\/10\\\/cropped-cropped-icsebNavLogo-1.png\",\"contentUrl\":\"https:\\\/\\\/institutchiaribcn.com\\\/wp-content\\\/uploads\\\/2025\\\/10\\\/cropped-cropped-icsebNavLogo-1.png\",\"width\":245,\"height\":99,\"caption\":\"Institut Chiari de Barcelona\"},\"image\":{\"@id\":\"https:\\\/\\\/institutchiaribcn.com\\\/it\\\/#\\\/schema\\\/logo\\\/image\\\/\"}}]}<\/script>\n<!-- \/ Yoast SEO plugin. -->","yoast_head_json":{"title":"Nunzia Cavallo: Chiari\u202fI & Trazione Midollare | ICSEB","description":"Testimonianza di Nunzia Cavallo su trazione midollare e Arnold Chiari I con miglioramenti dopo trattamento ICSEB.","robots":{"index":"index","follow":"follow","max-snippet":"max-snippet:-1","max-image-preview":"max-image-preview:large","max-video-preview":"max-video-preview:-1"},"canonical":"https:\/\/institutchiaribcn.com\/it\/nunzia-cavallo-sindrome-da-trazione-midollare-sindrome-darnold-chiari-i\/","og_locale":"it_IT","og_type":"article","og_title":"Nunzia Cavallo: Chiari\u202fI & Trazione Midollare | ICSEB","og_description":"Testimonianza di Nunzia Cavallo su trazione midollare e Arnold Chiari I con miglioramenti dopo trattamento ICSEB.","og_url":"https:\/\/institutchiaribcn.com\/it\/nunzia-cavallo-sindrome-da-trazione-midollare-sindrome-darnold-chiari-i\/","og_site_name":"Institut Chiari","article_modified_time":"2026-03-18T11:19:03+00:00","og_image":[{"width":200,"height":200,"url":"https:\/\/institutchiaribcn.com\/wp-content\/uploads\/2025\/09\/Nunzia_Cavallo-4.jpg","type":"image\/jpeg"}],"twitter_card":"summary_large_image","twitter_misc":{"Tempo di lettura stimato":"4 minuti"},"schema":{"@context":"https:\/\/schema.org","@graph":[{"@type":"WebPage","@id":"https:\/\/institutchiaribcn.com\/it\/nunzia-cavallo-sindrome-da-trazione-midollare-sindrome-darnold-chiari-i\/","url":"https:\/\/institutchiaribcn.com\/it\/nunzia-cavallo-sindrome-da-trazione-midollare-sindrome-darnold-chiari-i\/","name":"Nunzia Cavallo: Chiari\u202fI & Trazione Midollare | ICSEB","isPartOf":{"@id":"https:\/\/institutchiaribcn.com\/it\/#website"},"primaryImageOfPage":{"@id":"https:\/\/institutchiaribcn.com\/it\/nunzia-cavallo-sindrome-da-trazione-midollare-sindrome-darnold-chiari-i\/#primaryimage"},"image":{"@id":"https:\/\/institutchiaribcn.com\/it\/nunzia-cavallo-sindrome-da-trazione-midollare-sindrome-darnold-chiari-i\/#primaryimage"},"thumbnailUrl":"https:\/\/institutchiaribcn.com\/wp-content\/uploads\/2025\/09\/Nunzia_Cavallo-4.jpg","datePublished":"2012-09-03T22:00:12+00:00","dateModified":"2026-03-18T11:19:03+00:00","description":"Testimonianza di Nunzia Cavallo su trazione midollare e Arnold Chiari I con miglioramenti dopo trattamento ICSEB.","breadcrumb":{"@id":"https:\/\/institutchiaribcn.com\/it\/nunzia-cavallo-sindrome-da-trazione-midollare-sindrome-darnold-chiari-i\/#breadcrumb"},"inLanguage":"it-IT","potentialAction":[{"@type":"ReadAction","target":["https:\/\/institutchiaribcn.com\/it\/nunzia-cavallo-sindrome-da-trazione-midollare-sindrome-darnold-chiari-i\/"]}]},{"@type":"ImageObject","inLanguage":"it-IT","@id":"https:\/\/institutchiaribcn.com\/it\/nunzia-cavallo-sindrome-da-trazione-midollare-sindrome-darnold-chiari-i\/#primaryimage","url":"https:\/\/institutchiaribcn.com\/wp-content\/uploads\/2025\/09\/Nunzia_Cavallo-4.jpg","contentUrl":"https:\/\/institutchiaribcn.com\/wp-content\/uploads\/2025\/09\/Nunzia_Cavallo-4.jpg","width":200,"height":200},{"@type":"BreadcrumbList","@id":"https:\/\/institutchiaribcn.com\/it\/nunzia-cavallo-sindrome-da-trazione-midollare-sindrome-darnold-chiari-i\/#breadcrumb","itemListElement":[{"@type":"ListItem","position":1,"name":"Portada","item":"https:\/\/institutchiaribcn.com\/it\/"},{"@type":"ListItem","position":2,"name":"Testimonios","item":"https:\/\/institutchiaribcn.com\/it\/testimonios\/"},{"@type":"ListItem","position":3,"name":"Nunzia Cavallo. Sindrome da Trazione midollare. Sindrome dArnold Chiari I."}]},{"@type":"WebSite","@id":"https:\/\/institutchiaribcn.com\/it\/#website","url":"https:\/\/institutchiaribcn.com\/it\/","name":"Institut Chiari de Barcelona","description":"","publisher":{"@id":"https:\/\/institutchiaribcn.com\/it\/#organization"},"potentialAction":[{"@type":"SearchAction","target":{"@type":"EntryPoint","urlTemplate":"https:\/\/institutchiaribcn.com\/it\/?s={search_term_string}"},"query-input":{"@type":"PropertyValueSpecification","valueRequired":true,"valueName":"search_term_string"}}],"inLanguage":"it-IT"},{"@type":"Organization","@id":"https:\/\/institutchiaribcn.com\/it\/#organization","name":"Institut Chiari de Barcelona","url":"https:\/\/institutchiaribcn.com\/it\/","logo":{"@type":"ImageObject","inLanguage":"it-IT","@id":"https:\/\/institutchiaribcn.com\/it\/#\/schema\/logo\/image\/","url":"https:\/\/institutchiaribcn.com\/wp-content\/uploads\/2025\/10\/cropped-cropped-icsebNavLogo-1.png","contentUrl":"https:\/\/institutchiaribcn.com\/wp-content\/uploads\/2025\/10\/cropped-cropped-icsebNavLogo-1.png","width":245,"height":99,"caption":"Institut Chiari de Barcelona"},"image":{"@id":"https:\/\/institutchiaribcn.com\/it\/#\/schema\/logo\/image\/"}}]}},"_links":{"self":[{"href":"https:\/\/institutchiaribcn.com\/it\/wp-json\/wp\/v2\/testimonios\/55271","targetHints":{"allow":["GET"]}}],"collection":[{"href":"https:\/\/institutchiaribcn.com\/it\/wp-json\/wp\/v2\/testimonios"}],"about":[{"href":"https:\/\/institutchiaribcn.com\/it\/wp-json\/wp\/v2\/types\/testimonios"}],"wp:featuredmedia":[{"embeddable":true,"href":"https:\/\/institutchiaribcn.com\/it\/wp-json\/wp\/v2\/media\/55272"}],"wp:attachment":[{"href":"https:\/\/institutchiaribcn.com\/it\/wp-json\/wp\/v2\/media?parent=55271"}],"wp:term":[{"taxonomy":"tipos-de-testimonio","embeddable":true,"href":"https:\/\/institutchiaribcn.com\/it\/wp-json\/wp\/v2\/tipos-de-testimonio?post=55271"}],"curies":[{"name":"wp","href":"https:\/\/api.w.org\/{rel}","templated":true}]}}