{"id":106106,"date":"2018-07-31T00:00:00","date_gmt":"2018-07-30T22:00:00","guid":{"rendered":"https:\/\/dev.institutchiaribcn.com\/comunicacion\/intervista-al-dott-miguel-b-royo-salvador-nel-10o-anniversario-dellinstitut-chiari-siringomielia-escoliosis-de-barcelona\/"},"modified":"2026-02-27T09:27:42","modified_gmt":"2026-02-27T08:27:42","slug":"intervista-al-dott-miguel-b-royo-salvador-nel-10o-anniversario-dellinstitut-chiari-siringomielia-escoliosis-de-barcelona","status":"publish","type":"comunicacion","link":"https:\/\/institutchiaribcn.com\/it\/intervista-al-dott-miguel-b-royo-salvador-nel-10o-anniversario-dellinstitut-chiari-siringomielia-escoliosis-de-barcelona\/","title":{"rendered":"Intervista al Dott. Miguel B. Royo Salvador nel 10\u00ba anniversario dell\u2019Institut Chiari &#038; Siringomielia &#038; Escoliosis de Barcelona."},"content":{"rendered":"<p class=\"text-muted aniview centerTXT\">Published by <a title=\"Articoli scritti da: ICSEB\" href=\"https:\/\/institutchiaribcn.com\/it\/author\/\" rel=\"author\">ICSEB<\/a> at 20 luglio, 2018<\/p>\n<p style=\"text-align: center;\"><strong>Barcellona, giugno 2018<\/strong><\/p>\n<p style=\"font-size: 17px; text-align: justify;\">Lo scorso 12 giugno 2018 si \u00e8 celebrato il 10\u00ba anniversario dell\u2019<em>Institut <\/em><em>Chiari &amp; Siringomielia &amp; Escoliosis de Barcelona (ICSEB). <\/em>Il suo fondatore e direttore, il Dott. M. B. Royo Salvador, spiega in quest\u2019intervista le tappe fondamentali attraverso le quali si \u00e8 sviluppato l\u2019Institut in 10 anni d\u2019eccellenza, che hanno portato l\u2019ICSEB a essere attualmente un centro di riferimento internazionale per la diagnosi, il trattamento e il controllo della <em>Malattia del Filum<\/em>.<\/p>\n<p><strong><i>\u2013 Buon giorno Dott. Royo Salvador.<\/i><\/strong><\/p>\n<p>\u2013 Buon giorno.<\/p>\n<p><strong><i>\u2013 Per il 10\u00ba anniversario dell\u2019Institut Chiari di Barcellona, le far\u00f2 alcune domande.<\/i><\/strong><\/p>\n<p>\u2013 Con piacere.<\/p>\n<p><strong><i>\u2013 In quest\u2019occasione \u00e8 stato scelto lo slogan \u201c10 anni d\u2019eccellenza\u201d. Cosa volete esprimere con esso?<\/i><\/strong><\/p>\n<p>\u2013 Vogliamo rappresentare l\u2019attivit\u00e0 che abbiamo realizzato dall\u2019inaugurazione dell\u2019Institut Chiari de Barcelona, con l\u2019obiettivo di applicare nuovi concetti medici, che abbiamo proposto attraverso ricerche precedenti. Si tratta di un nuovo concetto di patologia, da cui nasce un nuovo trattamento, e sono gli eccellenti risultati di quest\u2019ultimo ci\u00f2 che stiamo celebrando con questo 10\u00ba anniversario.<\/p>\n<p><strong><i>\u2013 Cosa c\u2019\u00e8 di innovativo in questo lavoro dell\u2019Institut Chiari de Barcelona?<\/i><\/strong><\/p>\n<p>\u2013 Come dicevo, abbiamo descritto una nuova malattia, questo \u00e8 la cosa pi\u00f9 importante del nostro Institut. Questa nuova malattia comprende altre patologie gi\u00e0 note, ma di causa ignota. Il contributo della nostra scoperta \u00e8 che essa raggruppa tali malattie, e allo stesso tempo da\u2019 loro una spiegazione o causa, permettendo cos\u00ec di comprendere la patologia, il che \u00e8 il passo principale per trattarla nel modo pi\u00f9 consono.<\/p>\n<p><strong><i>\u2013 Dottore, ci spieghi in cosa consiste la Malattia del Filum e come si manifesta.<\/i><\/strong><\/p>\n<p>La Malattia del Filum \u00e8 una malattia che riguarda tutto il sistema nervoso centrale umano e il suo involucro (il cranio e la colonna vertebrale). Si tratta di una patologia che ha inizio nella 9\u00aa settimana dell\u2019embrione. Tutti gli embrioni umani passano attraverso un processo simile. Il Sistema Nervoso, per ordini ormonali, cresce meno del suo involucro (la colonna vertebrale) e questa crescita disarmonica tra colonna e midollo spinale fa s\u00ec che il legamento che li unisce crei un conflitto meccanico e generi una serie di manifestazioni patologiche.<\/p>\n<p><strong><i>\u2013 Quando si diagnostica la MF, cosa si deve tenere in considerazione?<\/i><\/strong><\/p>\n<p>Ebbene, di fatto, \u00e8 di norma il nostro Institut a diagnosticare la Malattia del Filum, perch\u00e9 noi conosciamo la patologia, l\u2019abbiamo descritta e sappiamo in cosa consiste. In generale, i pazienti principalmente ricevono e vengono da noi con la diagnosi delle patologie comprese nella Malattia del Filum, che sono la Sindrome d\u2019Arnold-Chiari I, la Siringomielia Idiopatica, la Scoliosi Idiopatica, la Platibasia, l\u2019Inversione del Processo odontoide, l\u2019Invaginazione Basilare, il Kinking del Tronco cerebrale e alcuni casi di Fibromialgia e Sindrome da Fatica Cronica.<\/p>\n<p><strong><i>\u2013 Potremmo dire che all\u2019Institut Chiari si offre un trattamento unico al mondo?<\/i><\/strong><\/p>\n<p>\u2013 In realt\u00e0, essendo gli autori della ricerca, che \u00e8 alla base di una tesi di Dottorato presentata all\u2019Universit\u00e0 Autonoma di Barcellona e approvata <em>cum<\/em> <em>laude <\/em>nel 1992, da noi proviene tutta la conoscenza. Chi fosse interessato pu\u00f2 accedervi liberamente, perch\u00e9 si tratta di pubblicazioni condivise. In seguito abbiamo effettuato ulteriori pubblicazioni su questa scoperta. Siamo quindi l\u2019ente che ha pubblicato di pi\u00f9 al mondo sull\u2019argomento, circa 500 pagine pubblicate e approvate dai tribunali scientifici ed etici, non si pu\u00f2 assolutamente dire che non pubblichiamo.<\/p>\n<p><strong><i>\u2013 Fate anche ricerca, o visitate solo i pazienti che vengono all\u2019Istituto?<\/i><\/strong><\/p>\n<p>\u2013 L\u2019Institut Chiari de Barcelona principalmente si occupa dell\u2019attivit\u00e0 sanitaria, ma questa si fonda sulla ricerca, cui ci dedichiamo quotidianamente.<\/p>\n<p><strong><i>\u2013 L\u2019Institut Chiari de Barcelona condivide tutto ci\u00f2 che scopre con altri professionisti dell\u2019ambito sanitario?<\/i><\/strong><\/p>\n<p>\u2013 Il proposito \u00e8 di condividerlo, tant\u00b4\u00e8 vero che, mentre \u00e8 stato fondato l\u2019Institut Chiari, \u00e8 stata creata anche la Chiari &amp; Scoliosis &amp; Syringomyelia Foundation, con tre propositi: uno, la ricerca su queste patologie; due, la docenza, che implica insegnare quel che abbiamo scoperto e che, dalla costituzione della fondazione e dell\u2019Istituto, realizziamo attraverso conferenze monografiche, in vari Paesi d\u2019Europa, per il bene di tutti i pazienti, e il terzo proposito, l\u2019aiuto sociale agli stessi pazienti.<\/p>\n<p><strong><i>\u2013 Dott. Royo, desidera approfittare di questa piattaforma per inviare un messaggio ai suoi pazienti?<\/i><\/strong><\/p>\n<p>-S\u00ec, vorrei spiegare ai miei pazienti che a loro va tutta la mia ammirazione, perch\u00e9 ci\u00f2 che noi abbiamo realizzato \u00e8 una ricerca abbastanza complessa, che implica affermare che l\u2019attuale medicina convenzionale non conosce la causa di queste patologie. Noi spieghiamo le cause e allo stesso tempo offriamo trattamenti originali. La mia ammirazione va alla loro intelligenza, alla loro perseveranza, per aver saputo interpretare e capire ci\u00f2 che spieghiamo, attraverso i social network e i nostri articoli, e che questa \u00e8 la strada verso il corretto trattamento delle loro gravi malattie. Da questo la mia stima, anche per la loro perseveranza, perch\u00e9 hanno lottato contro situazioni d\u2019incomprensione, generate da strutture sanitarie che non comprendono bene i loro sintomi e diagnosticano la maggior parte come malati nevrotici, immaginari, malati psichiatrici, persino alcuni con fibromialgia. I malati hanno superato tutte queste barriere, hanno trovato il modo di arrivare a noi, e noi di poterli aiutare, con un trattamento che \u00e8 eziologico, ovvero, che elimina la causa della malattia.<\/p>\n<p><strong><i>\u2013 Grazie tante Dottore.<\/i><\/strong><\/p>\n<p>\u2013 Grazie a lei.<\/p>\n","protected":false},"featured_media":106107,"template":"","tipos-de-comunicacion":[539],"class_list":["post-106106","comunicacion","type-comunicacion","status-publish","has-post-thumbnail","hentry","tipos-de-comunicacion-stampa"],"yoast_head":"<!-- This site is optimized with the Yoast SEO plugin v27.4 - https:\/\/yoast.com\/product\/yoast-seo-wordpress\/ -->\n<title>Intervista al Dott. Miguel B. Royo-Salvador | ICSEB<\/title>\n<meta name=\"description\" content=\"Il Dott. Miguel B. Royo-Salvador parla del 10\u00b0 anniversario ICSEB, esperienza clinica e diagnosi di Chiari, Siringomielia e Escoliosi.\" \/>\n<meta name=\"robots\" content=\"index, follow, max-snippet:-1, max-image-preview:large, max-video-preview:-1\" \/>\n<link rel=\"canonical\" href=\"https:\/\/institutchiaribcn.com\/it\/intervista-al-dott-miguel-b-royo-salvador-nel-10o-anniversario-dellinstitut-chiari-siringomielia-escoliosis-de-barcelona\/\" \/>\n<meta property=\"og:locale\" content=\"it_IT\" \/>\n<meta property=\"og:type\" content=\"article\" \/>\n<meta property=\"og:title\" content=\"Intervista al Dott. Miguel B. Royo-Salvador | ICSEB\" \/>\n<meta property=\"og:description\" content=\"Il Dott. Miguel B. Royo-Salvador parla del 10\u00b0 anniversario ICSEB, esperienza clinica e diagnosi di Chiari, Siringomielia e Escoliosi.\" \/>\n<meta property=\"og:url\" content=\"https:\/\/institutchiaribcn.com\/it\/intervista-al-dott-miguel-b-royo-salvador-nel-10o-anniversario-dellinstitut-chiari-siringomielia-escoliosis-de-barcelona\/\" \/>\n<meta property=\"og:site_name\" content=\"Institut Chiari\" \/>\n<meta property=\"article:modified_time\" content=\"2026-02-27T08:27:42+00:00\" \/>\n<meta property=\"og:image\" content=\"https:\/\/institutchiaribcn.com\/wp-content\/uploads\/2025\/10\/dr-royo-entrevista-4.jpg\" \/>\n\t<meta property=\"og:image:width\" content=\"200\" \/>\n\t<meta property=\"og:image:height\" content=\"200\" \/>\n\t<meta property=\"og:image:type\" content=\"image\/jpeg\" \/>\n<meta name=\"twitter:card\" content=\"summary_large_image\" \/>\n<meta name=\"twitter:label1\" content=\"Tempo di lettura stimato\" \/>\n\t<meta name=\"twitter:data1\" content=\"5 minuti\" \/>\n<script type=\"application\/ld+json\" class=\"yoast-schema-graph\">{\"@context\":\"https:\\\/\\\/schema.org\",\"@graph\":[{\"@type\":\"WebPage\",\"@id\":\"https:\\\/\\\/institutchiaribcn.com\\\/it\\\/intervista-al-dott-miguel-b-royo-salvador-nel-10o-anniversario-dellinstitut-chiari-siringomielia-escoliosis-de-barcelona\\\/\",\"url\":\"https:\\\/\\\/institutchiaribcn.com\\\/it\\\/intervista-al-dott-miguel-b-royo-salvador-nel-10o-anniversario-dellinstitut-chiari-siringomielia-escoliosis-de-barcelona\\\/\",\"name\":\"Intervista al Dott. Miguel B. Royo-Salvador | ICSEB\",\"isPartOf\":{\"@id\":\"https:\\\/\\\/institutchiaribcn.com\\\/it\\\/#website\"},\"primaryImageOfPage\":{\"@id\":\"https:\\\/\\\/institutchiaribcn.com\\\/it\\\/intervista-al-dott-miguel-b-royo-salvador-nel-10o-anniversario-dellinstitut-chiari-siringomielia-escoliosis-de-barcelona\\\/#primaryimage\"},\"image\":{\"@id\":\"https:\\\/\\\/institutchiaribcn.com\\\/it\\\/intervista-al-dott-miguel-b-royo-salvador-nel-10o-anniversario-dellinstitut-chiari-siringomielia-escoliosis-de-barcelona\\\/#primaryimage\"},\"thumbnailUrl\":\"https:\\\/\\\/institutchiaribcn.com\\\/wp-content\\\/uploads\\\/2025\\\/10\\\/dr-royo-entrevista-4.jpg\",\"datePublished\":\"2018-07-30T22:00:00+00:00\",\"dateModified\":\"2026-02-27T08:27:42+00:00\",\"description\":\"Il Dott. Miguel B. Royo-Salvador parla del 10\u00b0 anniversario ICSEB, esperienza clinica e diagnosi di Chiari, Siringomielia e Escoliosi.\",\"breadcrumb\":{\"@id\":\"https:\\\/\\\/institutchiaribcn.com\\\/it\\\/intervista-al-dott-miguel-b-royo-salvador-nel-10o-anniversario-dellinstitut-chiari-siringomielia-escoliosis-de-barcelona\\\/#breadcrumb\"},\"inLanguage\":\"it-IT\",\"potentialAction\":[{\"@type\":\"ReadAction\",\"target\":[\"https:\\\/\\\/institutchiaribcn.com\\\/it\\\/intervista-al-dott-miguel-b-royo-salvador-nel-10o-anniversario-dellinstitut-chiari-siringomielia-escoliosis-de-barcelona\\\/\"]}]},{\"@type\":\"ImageObject\",\"inLanguage\":\"it-IT\",\"@id\":\"https:\\\/\\\/institutchiaribcn.com\\\/it\\\/intervista-al-dott-miguel-b-royo-salvador-nel-10o-anniversario-dellinstitut-chiari-siringomielia-escoliosis-de-barcelona\\\/#primaryimage\",\"url\":\"https:\\\/\\\/institutchiaribcn.com\\\/wp-content\\\/uploads\\\/2025\\\/10\\\/dr-royo-entrevista-4.jpg\",\"contentUrl\":\"https:\\\/\\\/institutchiaribcn.com\\\/wp-content\\\/uploads\\\/2025\\\/10\\\/dr-royo-entrevista-4.jpg\",\"width\":200,\"height\":200},{\"@type\":\"BreadcrumbList\",\"@id\":\"https:\\\/\\\/institutchiaribcn.com\\\/it\\\/intervista-al-dott-miguel-b-royo-salvador-nel-10o-anniversario-dellinstitut-chiari-siringomielia-escoliosis-de-barcelona\\\/#breadcrumb\",\"itemListElement\":[{\"@type\":\"ListItem\",\"position\":1,\"name\":\"Portada\",\"item\":\"https:\\\/\\\/institutchiaribcn.com\\\/it\\\/\"},{\"@type\":\"ListItem\",\"position\":2,\"name\":\"Comunicaci\u00f3n\",\"item\":\"https:\\\/\\\/institutchiaribcn.com\\\/it\\\/comunicacion\\\/\"},{\"@type\":\"ListItem\",\"position\":3,\"name\":\"Intervista al Dott. Miguel B. Royo Salvador nel 10\u00ba anniversario dell\u2019Institut Chiari &#038; Siringomielia &#038; Escoliosis de Barcelona.\"}]},{\"@type\":\"WebSite\",\"@id\":\"https:\\\/\\\/institutchiaribcn.com\\\/it\\\/#website\",\"url\":\"https:\\\/\\\/institutchiaribcn.com\\\/it\\\/\",\"name\":\"Institut Chiari de Barcelona\",\"description\":\"\",\"publisher\":{\"@id\":\"https:\\\/\\\/institutchiaribcn.com\\\/it\\\/#organization\"},\"potentialAction\":[{\"@type\":\"SearchAction\",\"target\":{\"@type\":\"EntryPoint\",\"urlTemplate\":\"https:\\\/\\\/institutchiaribcn.com\\\/it\\\/?s={search_term_string}\"},\"query-input\":{\"@type\":\"PropertyValueSpecification\",\"valueRequired\":true,\"valueName\":\"search_term_string\"}}],\"inLanguage\":\"it-IT\"},{\"@type\":\"Organization\",\"@id\":\"https:\\\/\\\/institutchiaribcn.com\\\/it\\\/#organization\",\"name\":\"Institut Chiari de Barcelona\",\"url\":\"https:\\\/\\\/institutchiaribcn.com\\\/it\\\/\",\"logo\":{\"@type\":\"ImageObject\",\"inLanguage\":\"it-IT\",\"@id\":\"https:\\\/\\\/institutchiaribcn.com\\\/it\\\/#\\\/schema\\\/logo\\\/image\\\/\",\"url\":\"https:\\\/\\\/institutchiaribcn.com\\\/wp-content\\\/uploads\\\/2025\\\/10\\\/cropped-cropped-icsebNavLogo-1.png\",\"contentUrl\":\"https:\\\/\\\/institutchiaribcn.com\\\/wp-content\\\/uploads\\\/2025\\\/10\\\/cropped-cropped-icsebNavLogo-1.png\",\"width\":245,\"height\":99,\"caption\":\"Institut Chiari de Barcelona\"},\"image\":{\"@id\":\"https:\\\/\\\/institutchiaribcn.com\\\/it\\\/#\\\/schema\\\/logo\\\/image\\\/\"}}]}<\/script>\n<!-- \/ Yoast SEO plugin. -->","yoast_head_json":{"title":"Intervista al Dott. Miguel B. Royo-Salvador | ICSEB","description":"Il Dott. Miguel B. Royo-Salvador parla del 10\u00b0 anniversario ICSEB, esperienza clinica e diagnosi di Chiari, Siringomielia e Escoliosi.","robots":{"index":"index","follow":"follow","max-snippet":"max-snippet:-1","max-image-preview":"max-image-preview:large","max-video-preview":"max-video-preview:-1"},"canonical":"https:\/\/institutchiaribcn.com\/it\/intervista-al-dott-miguel-b-royo-salvador-nel-10o-anniversario-dellinstitut-chiari-siringomielia-escoliosis-de-barcelona\/","og_locale":"it_IT","og_type":"article","og_title":"Intervista al Dott. Miguel B. Royo-Salvador | ICSEB","og_description":"Il Dott. Miguel B. Royo-Salvador parla del 10\u00b0 anniversario ICSEB, esperienza clinica e diagnosi di Chiari, Siringomielia e Escoliosi.","og_url":"https:\/\/institutchiaribcn.com\/it\/intervista-al-dott-miguel-b-royo-salvador-nel-10o-anniversario-dellinstitut-chiari-siringomielia-escoliosis-de-barcelona\/","og_site_name":"Institut Chiari","article_modified_time":"2026-02-27T08:27:42+00:00","og_image":[{"width":200,"height":200,"url":"https:\/\/institutchiaribcn.com\/wp-content\/uploads\/2025\/10\/dr-royo-entrevista-4.jpg","type":"image\/jpeg"}],"twitter_card":"summary_large_image","twitter_misc":{"Tempo di lettura stimato":"5 minuti"},"schema":{"@context":"https:\/\/schema.org","@graph":[{"@type":"WebPage","@id":"https:\/\/institutchiaribcn.com\/it\/intervista-al-dott-miguel-b-royo-salvador-nel-10o-anniversario-dellinstitut-chiari-siringomielia-escoliosis-de-barcelona\/","url":"https:\/\/institutchiaribcn.com\/it\/intervista-al-dott-miguel-b-royo-salvador-nel-10o-anniversario-dellinstitut-chiari-siringomielia-escoliosis-de-barcelona\/","name":"Intervista al Dott. Miguel B. Royo-Salvador | ICSEB","isPartOf":{"@id":"https:\/\/institutchiaribcn.com\/it\/#website"},"primaryImageOfPage":{"@id":"https:\/\/institutchiaribcn.com\/it\/intervista-al-dott-miguel-b-royo-salvador-nel-10o-anniversario-dellinstitut-chiari-siringomielia-escoliosis-de-barcelona\/#primaryimage"},"image":{"@id":"https:\/\/institutchiaribcn.com\/it\/intervista-al-dott-miguel-b-royo-salvador-nel-10o-anniversario-dellinstitut-chiari-siringomielia-escoliosis-de-barcelona\/#primaryimage"},"thumbnailUrl":"https:\/\/institutchiaribcn.com\/wp-content\/uploads\/2025\/10\/dr-royo-entrevista-4.jpg","datePublished":"2018-07-30T22:00:00+00:00","dateModified":"2026-02-27T08:27:42+00:00","description":"Il Dott. Miguel B. Royo-Salvador parla del 10\u00b0 anniversario ICSEB, esperienza clinica e diagnosi di Chiari, Siringomielia e Escoliosi.","breadcrumb":{"@id":"https:\/\/institutchiaribcn.com\/it\/intervista-al-dott-miguel-b-royo-salvador-nel-10o-anniversario-dellinstitut-chiari-siringomielia-escoliosis-de-barcelona\/#breadcrumb"},"inLanguage":"it-IT","potentialAction":[{"@type":"ReadAction","target":["https:\/\/institutchiaribcn.com\/it\/intervista-al-dott-miguel-b-royo-salvador-nel-10o-anniversario-dellinstitut-chiari-siringomielia-escoliosis-de-barcelona\/"]}]},{"@type":"ImageObject","inLanguage":"it-IT","@id":"https:\/\/institutchiaribcn.com\/it\/intervista-al-dott-miguel-b-royo-salvador-nel-10o-anniversario-dellinstitut-chiari-siringomielia-escoliosis-de-barcelona\/#primaryimage","url":"https:\/\/institutchiaribcn.com\/wp-content\/uploads\/2025\/10\/dr-royo-entrevista-4.jpg","contentUrl":"https:\/\/institutchiaribcn.com\/wp-content\/uploads\/2025\/10\/dr-royo-entrevista-4.jpg","width":200,"height":200},{"@type":"BreadcrumbList","@id":"https:\/\/institutchiaribcn.com\/it\/intervista-al-dott-miguel-b-royo-salvador-nel-10o-anniversario-dellinstitut-chiari-siringomielia-escoliosis-de-barcelona\/#breadcrumb","itemListElement":[{"@type":"ListItem","position":1,"name":"Portada","item":"https:\/\/institutchiaribcn.com\/it\/"},{"@type":"ListItem","position":2,"name":"Comunicaci\u00f3n","item":"https:\/\/institutchiaribcn.com\/it\/comunicacion\/"},{"@type":"ListItem","position":3,"name":"Intervista al Dott. Miguel B. Royo Salvador nel 10\u00ba anniversario dell\u2019Institut Chiari &#038; Siringomielia &#038; Escoliosis de Barcelona."}]},{"@type":"WebSite","@id":"https:\/\/institutchiaribcn.com\/it\/#website","url":"https:\/\/institutchiaribcn.com\/it\/","name":"Institut Chiari de Barcelona","description":"","publisher":{"@id":"https:\/\/institutchiaribcn.com\/it\/#organization"},"potentialAction":[{"@type":"SearchAction","target":{"@type":"EntryPoint","urlTemplate":"https:\/\/institutchiaribcn.com\/it\/?s={search_term_string}"},"query-input":{"@type":"PropertyValueSpecification","valueRequired":true,"valueName":"search_term_string"}}],"inLanguage":"it-IT"},{"@type":"Organization","@id":"https:\/\/institutchiaribcn.com\/it\/#organization","name":"Institut Chiari de Barcelona","url":"https:\/\/institutchiaribcn.com\/it\/","logo":{"@type":"ImageObject","inLanguage":"it-IT","@id":"https:\/\/institutchiaribcn.com\/it\/#\/schema\/logo\/image\/","url":"https:\/\/institutchiaribcn.com\/wp-content\/uploads\/2025\/10\/cropped-cropped-icsebNavLogo-1.png","contentUrl":"https:\/\/institutchiaribcn.com\/wp-content\/uploads\/2025\/10\/cropped-cropped-icsebNavLogo-1.png","width":245,"height":99,"caption":"Institut Chiari de Barcelona"},"image":{"@id":"https:\/\/institutchiaribcn.com\/it\/#\/schema\/logo\/image\/"}}]}},"_links":{"self":[{"href":"https:\/\/institutchiaribcn.com\/it\/wp-json\/wp\/v2\/comunicacion\/106106","targetHints":{"allow":["GET"]}}],"collection":[{"href":"https:\/\/institutchiaribcn.com\/it\/wp-json\/wp\/v2\/comunicacion"}],"about":[{"href":"https:\/\/institutchiaribcn.com\/it\/wp-json\/wp\/v2\/types\/comunicacion"}],"wp:featuredmedia":[{"embeddable":true,"href":"https:\/\/institutchiaribcn.com\/it\/wp-json\/wp\/v2\/media\/106107"}],"wp:attachment":[{"href":"https:\/\/institutchiaribcn.com\/it\/wp-json\/wp\/v2\/media?parent=106106"}],"wp:term":[{"taxonomy":"tipos-de-comunicacion","embeddable":true,"href":"https:\/\/institutchiaribcn.com\/it\/wp-json\/wp\/v2\/tipos-de-comunicacion?post=106106"}],"curies":[{"name":"wp","href":"https:\/\/api.w.org\/{rel}","templated":true}]}}