{"id":50668,"date":"2009-02-05T00:00:00","date_gmt":"2009-02-04T23:00:00","guid":{"rendered":"https:\/\/dev.institutchiaribcn.com\/testimonios\/cristina-garroni-syndrome-de-traction-medullaire-syndrome-darnold-chiari-i-et-scoliose-idiopathique\/"},"modified":"2026-03-02T10:32:17","modified_gmt":"2026-03-02T09:32:17","slug":"cristina-garroni-syndrome-de-traction-medullaire-syndrome-darnold-chiari-i-et-scoliose-idiopathique","status":"publish","type":"testimonios","link":"https:\/\/institutchiaribcn.com\/fr\/cristina-garroni-syndrome-de-traction-medullaire-syndrome-darnold-chiari-i-et-scoliose-idiopathique\/","title":{"rendered":"Cristina Garroni. Syndrome de Traction M\u00e8dullaire. Syndrome d\u2019Arnold Chiari I et Scoliose Idiopathique."},"content":{"rendered":"<p>&nbsp;<\/p>\n<p style=\"text-align: justify;\"><strong>Date de l\u2019intervention: f\u00e9vrier 2009<\/strong><\/p>\n<p style=\"text-align: justify;\">Bonjour: je m\u2019apelle Cristina Garroni, j\u00b4ai 41 ans et vis dans Concorezzo, dans la province de Milan. Je veux raconter mon histoire.<\/p>\n<p style=\"text-align: justify;\">Depuis l\u00b4adolescence j\u00b4ai toujours souffert de maux de t\u00eate, les \u00e9paules et le cou endolories. Au d\u00e9but de 2008 j\u00b4ai commenc\u00e9 avoir une douleur dans le bras droit, les mois se sont \u00e9coul\u00e9s et elle devenait de plus en plus intense. En novembre, je ne pouvais pas lever ou tourner ma main. Mon m\u00e9decin (qui est une hache) a recommand\u00e9 une IRM cervicale et dorsale, de sorte que en d\u00e9cembre j\u00b4ai eu un beau cadeau de No\u00ebl: malformation d\u00b4Arnold Chiari I.<\/p>\n<p style=\"text-align: justify;\">Le 13 janvier je suis all\u00e9 aux neurochirurgien. Sa r\u00e9ponse \u00e9tait froide et sans espoir: \u00abMadame, je dois faire la d\u00e9compression, nous pouvons attendre jusq\u2019au printemps, pas plus pour ne prendre pas des risques\u00a0\u00bb.<\/p>\n<p style=\"text-align: justify;\">Je suis rentr\u00e9e chez moi dans le d\u00e9sespoir, j\u2019\u00e9tais fatigu\u00e9e, je regardais mes enfants et pleurais. Le lendemain, j\u00b4ai regard\u00e9 sur Internet, j\u00b4ai trouv\u00e9 le site de l\u00b4Institut Chiari de Barcelone et j\u2019ai lu les t\u00e9moignages. D\u00b4abord j\u00b4ai appel\u00e9 le dr Croce, il m\u00b4a rassur\u00e9 et m\u00b4a donn\u00e9 le contact de Rita. Rita a rapidement montr\u00e9 qu\u2019elle est une personne adorable. Le lendemain, j\u00b4ai appel\u00e9 \u00e0 Barcelone et parl\u00e9 avec Gioia Lu\u00e8 (une ange), elle m\u00b4a rassur\u00e9 et m\u00b4a invit\u00e9 \u00e0 envoyer imm\u00e9diatement des r\u00e9sonances.<\/p>\n<p style=\"text-align: justify;\">Apr\u00e8s avoir \u00e9valu\u00e9 le niveau de ma maladie, on m\u2019a fix\u00e9 un rendez-vous \u00e0 Barcelone pour le f\u00e9vrier 4, 2009.\u2028 Le 5 f\u00e9vrier 2009, le Dr Royo (un autre ange) m\u00b4a op\u00e9r\u00e9.<\/p>\n<p style=\"text-align: justify;\">J\u00b4avais vraiment peur, mais il m\u00b4a donn\u00e9 beaucoup de force. Le lendemain, je marchais lentement, mais d\u00e9j\u00e0 dans les rues de Barcelone. Sur le chemin du retour, la douleur dans mon bras avait disparu: je pouvais le lever et ouvrir la bouteille, je ne pouvais pas le croire. Apr\u00e8s un mois je suis retourn\u00e9e pour le contr\u00f4l et j\u2019ai am\u00e9lior\u00e9 70%.<\/p>\n<p style=\"text-align: justify;\">Je suis retourn\u00e9e cette ann\u00e9e, en mars 2010, un an apr\u00e8s la chirurgie, j\u00b4ai r\u00e9cup\u00e9r\u00e9 la force des bras enti\u00e8rement et j\u2019avais la force que je n\u00b4ai jamais eu avant.<\/p>\n<p style=\"text-align: justify;\">Maintenant, je vais bien, la seule chose qui ne me laisse pas encore c\u2019est la douleur de t\u00eate, mais c\u2019est moins fr\u00e9quente. Je remercie toute l\u00b4\u00e9quipe, surtout dr Royo Salvador, qui est vraiment ce qui est, mon sauveur! ; Gioia, qui m\u00b4a toujours soutenu au t\u00e9l\u00e9phone et m\u00b4a donn\u00e9 tellement d\u00b4\u00e9nergie.<\/p>\n<p style=\"text-align: justify;\">Je remercie Rita, une m\u00e9decin en puissance. Toujours disponible pour rendre l\u00b4\u00e9nergie et qui pour chaque sympt\u00f4me a toujours une r\u00e9ponse claire.<\/p>\n<p style=\"text-align: justify;\">Un grand merci \u00e0 vous tous, enfin, avec une op\u00e9ration tr\u00e8s simple, je suis retourn\u00e9e \u00e0 \u00e8tre comme avant.<\/p>\n","protected":false},"featured_media":50669,"template":"","tipos-de-testimonio":[337],"class_list":["post-50668","testimonios","type-testimonios","status-publish","has-post-thumbnail","hentry","tipos-de-testimonio-syndrome-darnold-chiari-i"],"yoast_head":"<!-- This site is optimized with the Yoast SEO plugin v27.4 - https:\/\/yoast.com\/product\/yoast-seo-wordpress\/ -->\n<title>Cristina Garroni\u202f: traction m\u00e9dullaire &amp; Chiari I | ICSEB<\/title>\n<meta name=\"description\" content=\"Cristina Garroni t\u00e9moigne du syndrome de traction m\u00e9dullaire, d\u2019Arnold\u2011Chiari I et de la scoliose idiopathique apr\u00e8s Filum System \u00e0 Barcelone.\" \/>\n<meta name=\"robots\" content=\"index, follow, max-snippet:-1, max-image-preview:large, max-video-preview:-1\" \/>\n<link rel=\"canonical\" href=\"https:\/\/institutchiaribcn.com\/fr\/cristina-garroni-syndrome-de-traction-medullaire-syndrome-darnold-chiari-i-et-scoliose-idiopathique\/\" \/>\n<meta property=\"og:locale\" content=\"fr_FR\" \/>\n<meta property=\"og:type\" content=\"article\" \/>\n<meta property=\"og:title\" content=\"Cristina Garroni\u202f: traction m\u00e9dullaire &amp; Chiari I | ICSEB\" \/>\n<meta property=\"og:description\" content=\"Cristina Garroni t\u00e9moigne du syndrome de traction m\u00e9dullaire, d\u2019Arnold\u2011Chiari I et de la scoliose idiopathique apr\u00e8s Filum System \u00e0 Barcelone.\" \/>\n<meta property=\"og:url\" content=\"https:\/\/institutchiaribcn.com\/fr\/cristina-garroni-syndrome-de-traction-medullaire-syndrome-darnold-chiari-i-et-scoliose-idiopathique\/\" \/>\n<meta property=\"og:site_name\" content=\"Institut Chiari\" \/>\n<meta property=\"article:modified_time\" content=\"2026-03-02T09:32:17+00:00\" \/>\n<meta property=\"og:image\" content=\"https:\/\/institutchiaribcn.com\/wp-content\/uploads\/2025\/09\/garroni.jpg\" \/>\n\t<meta property=\"og:image:width\" content=\"200\" \/>\n\t<meta property=\"og:image:height\" content=\"200\" \/>\n\t<meta property=\"og:image:type\" content=\"image\/jpeg\" \/>\n<meta name=\"twitter:card\" content=\"summary_large_image\" \/>\n<meta name=\"twitter:label1\" content=\"Dur\u00e9e de lecture estim\u00e9e\" \/>\n\t<meta name=\"twitter:data1\" content=\"3 minutes\" \/>\n<script type=\"application\/ld+json\" class=\"yoast-schema-graph\">{\"@context\":\"https:\\\/\\\/schema.org\",\"@graph\":[{\"@type\":\"WebPage\",\"@id\":\"https:\\\/\\\/institutchiaribcn.com\\\/fr\\\/cristina-garroni-syndrome-de-traction-medullaire-syndrome-darnold-chiari-i-et-scoliose-idiopathique\\\/\",\"url\":\"https:\\\/\\\/institutchiaribcn.com\\\/fr\\\/cristina-garroni-syndrome-de-traction-medullaire-syndrome-darnold-chiari-i-et-scoliose-idiopathique\\\/\",\"name\":\"Cristina Garroni\u202f: traction m\u00e9dullaire & Chiari I | ICSEB\",\"isPartOf\":{\"@id\":\"https:\\\/\\\/institutchiaribcn.com\\\/fr\\\/#website\"},\"primaryImageOfPage\":{\"@id\":\"https:\\\/\\\/institutchiaribcn.com\\\/fr\\\/cristina-garroni-syndrome-de-traction-medullaire-syndrome-darnold-chiari-i-et-scoliose-idiopathique\\\/#primaryimage\"},\"image\":{\"@id\":\"https:\\\/\\\/institutchiaribcn.com\\\/fr\\\/cristina-garroni-syndrome-de-traction-medullaire-syndrome-darnold-chiari-i-et-scoliose-idiopathique\\\/#primaryimage\"},\"thumbnailUrl\":\"https:\\\/\\\/institutchiaribcn.com\\\/wp-content\\\/uploads\\\/2025\\\/09\\\/garroni.jpg\",\"datePublished\":\"2009-02-04T23:00:00+00:00\",\"dateModified\":\"2026-03-02T09:32:17+00:00\",\"description\":\"Cristina Garroni t\u00e9moigne du syndrome de traction m\u00e9dullaire, d\u2019Arnold\u2011Chiari I et de la scoliose idiopathique apr\u00e8s Filum System \u00e0 Barcelone.\",\"breadcrumb\":{\"@id\":\"https:\\\/\\\/institutchiaribcn.com\\\/fr\\\/cristina-garroni-syndrome-de-traction-medullaire-syndrome-darnold-chiari-i-et-scoliose-idiopathique\\\/#breadcrumb\"},\"inLanguage\":\"fr-FR\",\"potentialAction\":[{\"@type\":\"ReadAction\",\"target\":[\"https:\\\/\\\/institutchiaribcn.com\\\/fr\\\/cristina-garroni-syndrome-de-traction-medullaire-syndrome-darnold-chiari-i-et-scoliose-idiopathique\\\/\"]}]},{\"@type\":\"ImageObject\",\"inLanguage\":\"fr-FR\",\"@id\":\"https:\\\/\\\/institutchiaribcn.com\\\/fr\\\/cristina-garroni-syndrome-de-traction-medullaire-syndrome-darnold-chiari-i-et-scoliose-idiopathique\\\/#primaryimage\",\"url\":\"https:\\\/\\\/institutchiaribcn.com\\\/wp-content\\\/uploads\\\/2025\\\/09\\\/garroni.jpg\",\"contentUrl\":\"https:\\\/\\\/institutchiaribcn.com\\\/wp-content\\\/uploads\\\/2025\\\/09\\\/garroni.jpg\",\"width\":200,\"height\":200},{\"@type\":\"BreadcrumbList\",\"@id\":\"https:\\\/\\\/institutchiaribcn.com\\\/fr\\\/cristina-garroni-syndrome-de-traction-medullaire-syndrome-darnold-chiari-i-et-scoliose-idiopathique\\\/#breadcrumb\",\"itemListElement\":[{\"@type\":\"ListItem\",\"position\":1,\"name\":\"Portada\",\"item\":\"https:\\\/\\\/institutchiaribcn.com\\\/fr\\\/\"},{\"@type\":\"ListItem\",\"position\":2,\"name\":\"Testimonios\",\"item\":\"https:\\\/\\\/institutchiaribcn.com\\\/fr\\\/testimonios\\\/\"},{\"@type\":\"ListItem\",\"position\":3,\"name\":\"Cristina Garroni. Syndrome de Traction M\u00e8dullaire. Syndrome d\u2019Arnold Chiari I et Scoliose Idiopathique.\"}]},{\"@type\":\"WebSite\",\"@id\":\"https:\\\/\\\/institutchiaribcn.com\\\/fr\\\/#website\",\"url\":\"https:\\\/\\\/institutchiaribcn.com\\\/fr\\\/\",\"name\":\"Institut Chiari de Barcelona\",\"description\":\"\",\"publisher\":{\"@id\":\"https:\\\/\\\/institutchiaribcn.com\\\/fr\\\/#organization\"},\"potentialAction\":[{\"@type\":\"SearchAction\",\"target\":{\"@type\":\"EntryPoint\",\"urlTemplate\":\"https:\\\/\\\/institutchiaribcn.com\\\/fr\\\/?s={search_term_string}\"},\"query-input\":{\"@type\":\"PropertyValueSpecification\",\"valueRequired\":true,\"valueName\":\"search_term_string\"}}],\"inLanguage\":\"fr-FR\"},{\"@type\":\"Organization\",\"@id\":\"https:\\\/\\\/institutchiaribcn.com\\\/fr\\\/#organization\",\"name\":\"Institut Chiari de Barcelona\",\"url\":\"https:\\\/\\\/institutchiaribcn.com\\\/fr\\\/\",\"logo\":{\"@type\":\"ImageObject\",\"inLanguage\":\"fr-FR\",\"@id\":\"https:\\\/\\\/institutchiaribcn.com\\\/fr\\\/#\\\/schema\\\/logo\\\/image\\\/\",\"url\":\"https:\\\/\\\/institutchiaribcn.com\\\/wp-content\\\/uploads\\\/2025\\\/10\\\/cropped-cropped-icsebNavLogo-1.png\",\"contentUrl\":\"https:\\\/\\\/institutchiaribcn.com\\\/wp-content\\\/uploads\\\/2025\\\/10\\\/cropped-cropped-icsebNavLogo-1.png\",\"width\":245,\"height\":99,\"caption\":\"Institut Chiari de Barcelona\"},\"image\":{\"@id\":\"https:\\\/\\\/institutchiaribcn.com\\\/fr\\\/#\\\/schema\\\/logo\\\/image\\\/\"}}]}<\/script>\n<!-- \/ Yoast SEO plugin. -->","yoast_head_json":{"title":"Cristina Garroni\u202f: traction m\u00e9dullaire & Chiari I | ICSEB","description":"Cristina Garroni t\u00e9moigne du syndrome de traction m\u00e9dullaire, d\u2019Arnold\u2011Chiari I et de la scoliose idiopathique apr\u00e8s Filum System \u00e0 Barcelone.","robots":{"index":"index","follow":"follow","max-snippet":"max-snippet:-1","max-image-preview":"max-image-preview:large","max-video-preview":"max-video-preview:-1"},"canonical":"https:\/\/institutchiaribcn.com\/fr\/cristina-garroni-syndrome-de-traction-medullaire-syndrome-darnold-chiari-i-et-scoliose-idiopathique\/","og_locale":"fr_FR","og_type":"article","og_title":"Cristina Garroni\u202f: traction m\u00e9dullaire & Chiari I | ICSEB","og_description":"Cristina Garroni t\u00e9moigne du syndrome de traction m\u00e9dullaire, d\u2019Arnold\u2011Chiari I et de la scoliose idiopathique apr\u00e8s Filum System \u00e0 Barcelone.","og_url":"https:\/\/institutchiaribcn.com\/fr\/cristina-garroni-syndrome-de-traction-medullaire-syndrome-darnold-chiari-i-et-scoliose-idiopathique\/","og_site_name":"Institut Chiari","article_modified_time":"2026-03-02T09:32:17+00:00","og_image":[{"width":200,"height":200,"url":"https:\/\/institutchiaribcn.com\/wp-content\/uploads\/2025\/09\/garroni.jpg","type":"image\/jpeg"}],"twitter_card":"summary_large_image","twitter_misc":{"Dur\u00e9e de lecture estim\u00e9e":"3 minutes"},"schema":{"@context":"https:\/\/schema.org","@graph":[{"@type":"WebPage","@id":"https:\/\/institutchiaribcn.com\/fr\/cristina-garroni-syndrome-de-traction-medullaire-syndrome-darnold-chiari-i-et-scoliose-idiopathique\/","url":"https:\/\/institutchiaribcn.com\/fr\/cristina-garroni-syndrome-de-traction-medullaire-syndrome-darnold-chiari-i-et-scoliose-idiopathique\/","name":"Cristina Garroni\u202f: traction m\u00e9dullaire & Chiari I | ICSEB","isPartOf":{"@id":"https:\/\/institutchiaribcn.com\/fr\/#website"},"primaryImageOfPage":{"@id":"https:\/\/institutchiaribcn.com\/fr\/cristina-garroni-syndrome-de-traction-medullaire-syndrome-darnold-chiari-i-et-scoliose-idiopathique\/#primaryimage"},"image":{"@id":"https:\/\/institutchiaribcn.com\/fr\/cristina-garroni-syndrome-de-traction-medullaire-syndrome-darnold-chiari-i-et-scoliose-idiopathique\/#primaryimage"},"thumbnailUrl":"https:\/\/institutchiaribcn.com\/wp-content\/uploads\/2025\/09\/garroni.jpg","datePublished":"2009-02-04T23:00:00+00:00","dateModified":"2026-03-02T09:32:17+00:00","description":"Cristina Garroni t\u00e9moigne du syndrome de traction m\u00e9dullaire, d\u2019Arnold\u2011Chiari I et de la scoliose idiopathique apr\u00e8s Filum System \u00e0 Barcelone.","breadcrumb":{"@id":"https:\/\/institutchiaribcn.com\/fr\/cristina-garroni-syndrome-de-traction-medullaire-syndrome-darnold-chiari-i-et-scoliose-idiopathique\/#breadcrumb"},"inLanguage":"fr-FR","potentialAction":[{"@type":"ReadAction","target":["https:\/\/institutchiaribcn.com\/fr\/cristina-garroni-syndrome-de-traction-medullaire-syndrome-darnold-chiari-i-et-scoliose-idiopathique\/"]}]},{"@type":"ImageObject","inLanguage":"fr-FR","@id":"https:\/\/institutchiaribcn.com\/fr\/cristina-garroni-syndrome-de-traction-medullaire-syndrome-darnold-chiari-i-et-scoliose-idiopathique\/#primaryimage","url":"https:\/\/institutchiaribcn.com\/wp-content\/uploads\/2025\/09\/garroni.jpg","contentUrl":"https:\/\/institutchiaribcn.com\/wp-content\/uploads\/2025\/09\/garroni.jpg","width":200,"height":200},{"@type":"BreadcrumbList","@id":"https:\/\/institutchiaribcn.com\/fr\/cristina-garroni-syndrome-de-traction-medullaire-syndrome-darnold-chiari-i-et-scoliose-idiopathique\/#breadcrumb","itemListElement":[{"@type":"ListItem","position":1,"name":"Portada","item":"https:\/\/institutchiaribcn.com\/fr\/"},{"@type":"ListItem","position":2,"name":"Testimonios","item":"https:\/\/institutchiaribcn.com\/fr\/testimonios\/"},{"@type":"ListItem","position":3,"name":"Cristina Garroni. Syndrome de Traction M\u00e8dullaire. Syndrome d\u2019Arnold Chiari I et Scoliose Idiopathique."}]},{"@type":"WebSite","@id":"https:\/\/institutchiaribcn.com\/fr\/#website","url":"https:\/\/institutchiaribcn.com\/fr\/","name":"Institut Chiari de Barcelona","description":"","publisher":{"@id":"https:\/\/institutchiaribcn.com\/fr\/#organization"},"potentialAction":[{"@type":"SearchAction","target":{"@type":"EntryPoint","urlTemplate":"https:\/\/institutchiaribcn.com\/fr\/?s={search_term_string}"},"query-input":{"@type":"PropertyValueSpecification","valueRequired":true,"valueName":"search_term_string"}}],"inLanguage":"fr-FR"},{"@type":"Organization","@id":"https:\/\/institutchiaribcn.com\/fr\/#organization","name":"Institut Chiari de Barcelona","url":"https:\/\/institutchiaribcn.com\/fr\/","logo":{"@type":"ImageObject","inLanguage":"fr-FR","@id":"https:\/\/institutchiaribcn.com\/fr\/#\/schema\/logo\/image\/","url":"https:\/\/institutchiaribcn.com\/wp-content\/uploads\/2025\/10\/cropped-cropped-icsebNavLogo-1.png","contentUrl":"https:\/\/institutchiaribcn.com\/wp-content\/uploads\/2025\/10\/cropped-cropped-icsebNavLogo-1.png","width":245,"height":99,"caption":"Institut Chiari de Barcelona"},"image":{"@id":"https:\/\/institutchiaribcn.com\/fr\/#\/schema\/logo\/image\/"}}]}},"_links":{"self":[{"href":"https:\/\/institutchiaribcn.com\/fr\/wp-json\/wp\/v2\/testimonios\/50668","targetHints":{"allow":["GET"]}}],"collection":[{"href":"https:\/\/institutchiaribcn.com\/fr\/wp-json\/wp\/v2\/testimonios"}],"about":[{"href":"https:\/\/institutchiaribcn.com\/fr\/wp-json\/wp\/v2\/types\/testimonios"}],"wp:featuredmedia":[{"embeddable":true,"href":"https:\/\/institutchiaribcn.com\/fr\/wp-json\/wp\/v2\/media\/50669"}],"wp:attachment":[{"href":"https:\/\/institutchiaribcn.com\/fr\/wp-json\/wp\/v2\/media?parent=50668"}],"wp:term":[{"taxonomy":"tipos-de-testimonio","embeddable":true,"href":"https:\/\/institutchiaribcn.com\/fr\/wp-json\/wp\/v2\/tipos-de-testimonio?post=50668"}],"curies":[{"name":"wp","href":"https:\/\/api.w.org\/{rel}","templated":true}]}}