{"id":15091,"date":"2026-03-20T00:00:53","date_gmt":"2026-03-19T23:00:53","guid":{"rendered":"https:\/\/dev.institutchiaribcn.com\/enfermedades\/syndrome-neuro-cranio-vertebrale-par-luxation-sacro-coccygienne-anterieure\/"},"modified":"2026-04-09T11:57:11","modified_gmt":"2026-04-09T09:57:11","slug":"sncv-luxation-sacro-coccygienne-anterieure","status":"publish","type":"enfermedades","link":"https:\/\/institutchiaribcn.com\/fr\/sncv-luxation-sacro-coccygienne-anterieure\/","title":{"rendered":"SNCV par Luxation sacro-coccygienne ant\u00e9rieure"},"content":{"rendered":"<p><strong>Derni\u00e8re actualisation: 20\/03\/2026, <\/strong><a href=\"https:\/\/institutchiaribcn.com\/fr\/personnel-clinique\/\" target=\"_blank\" rel=\"noopener noreferrer\"><strong>Dr. Miguel B. Royo Salvador<\/strong><\/a>, <strong>Membre du Conseil de l\u2019Ordre des m\u00e9decins 10389.<\/strong> <strong>Neurochirurgien et Neurologue.<\/strong><\/p>\n<h2><strong>Diagnostic<\/strong><\/h2>\n<p style=\"text-align: justify;\">La derni\u00e8re partie de la colonne vert\u00e9brale est compos\u00e9e de 5 vert\u00e8bres soud\u00e9es au niveau du sacrum et de 5 \u00e0 3 \u00e9galement soud\u00e9es au niveau coccygien. Entre les deux ensembles de vert\u00e8bres fusionn\u00e9es qui se comportent comme des os ind\u00e9pendants, il y a l\u2019articulation sacro-coccygienne qui peut \u00eatre fractur\u00e9e et lux\u00e9e, le coccyx se d\u00e9pla\u00e7ant, principalement en raison d\u2019une action traumatique.<\/p>\n<p>Pour que ce dernier puisse se d\u00e9placer, il doit \u00eatre soumis \u00e0 une force importante, telle comme par exemple \u00e0 <strong>cause<\/strong> d\u2019une chute ou un coup violent sur le coccyx avec une chute sur les fesses, un accouchement avec une grande disproportion entre la taille de l\u2019enfant et le bassin de la m\u00e8re, etc.<\/p>\n<p>Le <strong>Sympt\u00f4me <\/strong>principal qui peut provoquer une luxation sacro-coccygienne est la douleur localis\u00e9e dans la zone de l\u2019os du sacrum ou <strong>coccygodynie<\/strong>. Comme les ligaments du coccyx re\u00e7oivent beaucoup de fibres nerveuses, leur d\u00e9chirure peut \u00eatre extr\u00eamement douloureuse. De plus, une fois activ\u00e9e, la transmission de la douleur peut d\u00e9clencher une inflammation importante dans la r\u00e9gion.<\/p>\n<p>Le diagnostic est normalement clinique, par la douleur caract\u00e9ristique et l\u2019histoire clinique des circonstances typiques qui provoquent la luxation.<\/p>\n<p>Il s\u2019agit de la luxation qui est moins commun\u00e9ment diagnostiqu\u00e9e par des examens compl\u00e9mentaires, car les Radiographies et IRM qui se r\u00e9alisent de la colonne compl\u00e8te ou m\u00eame dans la zone lombo-sacr\u00e9e par d\u2019autre cadres ou soup\u00e7ons, n\u2019arrivent pas \u00e0\u00a0 visualiser le coccyx \u00e0 partir de la vert\u00e8bre S2 vers le bas, et\u00a0 m\u00eames si elles sont faites jusqu\u2019\u00e0 la fin du coccyx, \u00e0 ce niveau il peut \u00eatre difficile de d\u00e9tecter la s\u00e9paration \u00e0 l\u2019aide de l\u2019imagerie radiologique \u00e0 ce niveau et n\u00e9cessite une TDM ou une IRM.<\/p>\n<div align=\"center\"><a href=\"https:\/\/institutchiaribcn.com\/wp-content\/uploads\/2019\/05\/lux-sacro.jpg\"><img decoding=\"async\" class=\"img-responsive\" src=\"https:\/\/institutchiaribcn.com\/wp-content\/uploads\/2019\/05\/lux-sacro.jpg\" alt=\"\" width=\"280\" height=\"auto\" \/><\/a><br \/>\n<em>Fig 1. Lussazione sacro-coccigea<\/em><\/div>\n<hr \/>\n<h2><strong>Complications<\/strong><\/h2>\n<p>Le principal risque de luxation sacro-coccygienne est que la l\u00e9sion prend beaucoup de tremps \u00e0 gu\u00e9rir et, m\u00eame si elle persiste, la douleur peut devenir <strong>tr\u00e8s contraignante pour la qualit\u00e9 de vie<\/strong> du patient.<\/p>\n<p><strong>-Selon le Filum System<sup>\u00ae<\/sup>:<\/strong><\/p>\n<p>Dans les cas de luxation sacro-coccygienne ant\u00e9rieure et dans certaines fractures beaucoup moins fr\u00e9quentes de la r\u00e9gion, nous observons dans notre Institut comment la majorit\u00e9 des patients la pr\u00e9sente associ\u00e9e au diagnostic du <strong>Syndrome Neuro-Cr\u00e2nio-Vert\u00e9bral (SNCV) (link)<\/strong>, qui dans ce cas est d\u00e9fini comme <strong>acquis par traumatisme<\/strong>, dans la mesure o\u00f9 il implique une tension anormale du ligament Filum Terminale non cong\u00e9nital lorsqu\u2019un m\u00e9canisme de levier se produit, avec luxation en flexion de la rupture du coccyx tirant l\u2019insertion du Filum Terminale, qui est ins\u00e9r\u00e9 dans le corps de ce qui correspond aux premi\u00e8re et deuxi\u00e8me vert\u00e8bre coccygienne<\/p>\n<p>Le SNCV et son cadre clinique peuvent alors repr\u00e9senter une complication du cadre de la luxation, aggravant encore la qualit\u00e9 de vie des patients. Les sympt\u00f4mes dans ces cas ne consistent pas uniquement en une douleur et une inflammation caract\u00e9ristiques situ\u00e9e dans la r\u00e9gion sacro-coccygienne, mais peuvent appara\u00eetre dans le reste de la colonne vert\u00e9brale et dans le syst\u00e8me nerveux central, comme dans le cas de la Maladie du Filum.<\/p>\n<hr \/>\n<h2><strong>Traitement<\/strong><\/h2>\n<p style=\"text-align: justify;\">\u2013 Le <strong>traitement <\/strong>indiqu\u00e9 pour les luxations sacro-coccygiennes est g\u00e9n\u00e9ralement <strong>conservateur<\/strong>: il est recommand\u00e9 de ne pas poster de poids sur le coccyx, d\u2019\u00e9viter ou de r\u00e9duir la position assise, d\u2019utiliser des coussins ou des dispositifs r\u00e9duisant la charge en position assise, de prendre des analg\u00e9siques et des anti-inflammatoires, il est indiqu\u00e9 de faire la kin\u00e9sith\u00e9rapie posturale ou m\u00eame des man\u0153uvres ost\u00e9opathiques dans le coccyx.<\/p>\n<p>\u2013 Dans les cas les plus s\u00e9v\u00e8res, lorsque la douleur ne diminue pas et limite trop l\u2019activit\u00e9 normale du patient le <strong>traitement<\/strong> peut \u00eatre <strong>chirurgical<\/strong>, consistant en une neurolyse des nerfs impliqu\u00e9s dans la r\u00e9gion ou m\u00eame en une excision du m\u00eame coccyx.<\/p>\n<p><strong>Selon le Filum System<sup>\u00ae<\/sup>:<\/strong><\/p>\n<p>Avec luxation ou fracture du sacrum, du coccyx ou du sacro-coccygienne ant\u00e9rieur associ\u00e9 au Syndrome Neuro-cr\u00e2nio-Vert\u00e9bral, le ligament du filum terminale, qui unie ensemble les vert\u00e8bres \u00e0 d\u2019autres \u00e0 ce niveau, est excessivement tendu et transmet une force de traction anormale \u00e0 la moelle \u00e9pini\u00e8re et par cons\u00e9quent \u00e0 l\u2019ensemble du syst\u00e8me nerveux central. Pour cette raison, apr\u00e8s des ann\u00e9es d\u2019observation clinique dans ces cas, nous proposons dans notre Institut un traitement chirurgical en appliquant la m\u00e9thode de sant\u00e9 du Filum System\u00ae, qui comprend la section chirurgicale du Filum terminale avec une technique mini-invasive, propre et exclusive.<\/p>\n<hr \/>\n<h2><strong>La Section du Filum Terminale<\/strong><\/h2>\n<div class=\"row\">\n<div class=\"col-md-12\">\n<div class=\"boxAdvantages barAdvantages\">\n<h3><strong>Avantages<\/strong><\/h3>\n<p style=\"text-align: justify; padding-left: 30px;\">1. \u00c9limine la cause du Syndrome Neuro-Cr\u00e2nio-Vert\u00e9bral associ\u00e9e \u00e0 une luxation ou \u00e0 une fracture vert\u00e9brale sacro-coccygienne ant\u00e9rieure.<\/p>\n<p style=\"text-align: justify; padding-left: 30px;\">2. Avec la technique mini-invasive de l\u2019ICSEB, le temps op\u00e9ratoire est de 40 minutes. Peu d\u2019heures d\u2019hospitalisation, pouvant \u00eatre ambulatoire. Anesth\u00e9sie locale. Postop\u00e9ratoire court et sans limitations. Sans transfusions sanguines.<\/p>\n<p style=\"text-align: justify; padding-left: 30px;\">3. Son application suppose une mortalit\u00e9 de 0%, sans s\u00e9quelles ni complications importantes.<\/p>\n<p style=\"text-align: justify; padding-left: 30px;\">4. Elle am\u00e9liore les sympt\u00f4mes et arr\u00eate son \u00e9volution toujours pire des l\u00e9sions et des sympt\u00f4mes du syst\u00e8me nerveux et de la colonne vert\u00e9brale.<\/p>\n<\/div>\n<\/div>\n<\/div>\n<hr \/>\n<h2><strong>R\u00e9f\u00e9rences bibliographiques<\/strong><\/h2>\n<ol>\n<li style=\"font-size: 16px; font-weight: 300; text-align: justify;\">M. B. Royo-Salvador, M.V. Fiallos-Rivera, P. Villavicencio (2023), <a href=\"https:\/\/institutchiaribcn.com\/commons\/pdf\/publicaciones\/icseb\/NCVS%20n%20Coccigeal%20Dislocation%202023.pdf\" target=\"_blank\" rel=\"noopener\">\u00ab\u00a0Neuro-cranio-vertebral syndrome related to coccygeal dislocation: A preliminary study\u00a0\u00bb (PDF).<\/a><\/li>\n<li style=\"font-size: 16px; font-weight: 300; text-align: justify;\">Hamoud K, Abbas J (2015) \u2018Fracture dislocation of the sacro-coccygeal joint in a 12 year-old boy. A case report and literature review.\u2019, Orthopaedics &amp; Traumatology, Surgery &amp; Research, 101(7), pp. 871-873<\/li>\n<li style=\"font-size: 16px; font-weight: 300; text-align: justify;\">M. B. Royo-Salvador (2014), <a href=\"https:\/\/institutchiaribcn.com\/commons\/pdf\/publicaciones\/dr-royo\/filum-system-bibliography.pdf\" target=\"_blank\" rel=\"noopener\">\u00ab\u00a0Filum System<sup><sup>\u00ae<\/sup><\/sup> Bibliography\u00a0\u00bb (PDF).<\/a><\/li>\n<li style=\"font-size: 16px; font-weight: 300; text-align: justify;\">M. B. Royo-Salvador (2014), <a href=\"https:\/\/institutchiaribcn.com\/it\/filum-system-guida\/\" target=\"_blank\" rel=\"noopener\">\u00ab\u00a0Filum System<sup><sup>\u00ae<\/sup><\/sup> Gu\u00eda Breve\u00a0\u00bb.<\/a><\/li>\n<li style=\"font-size: 16px; font-weight: 300; text-align: justify;\">Stuart RM, Song SJ. (2004) \u201cUnilateral lumbosacral facet joint dislocation without associated fracture.\u201d, Australasian Radiology, 42(2), pp. 224-229.<\/li>\n<\/ol>\n<hr \/>\n<p>&nbsp;<\/p>\n","protected":false},"featured_media":1482,"template":"","class_list":["post-15091","enfermedades","type-enfermedades","status-publish","has-post-thumbnail","hentry"],"yoast_head":"<!-- This site is optimized with the Yoast SEO plugin v27.4 - https:\/\/yoast.com\/product\/yoast-seo-wordpress\/ -->\n<title>Luxation sacro\u2011coccygienne ant\u00e9rieure et SNCV | Institut Chiari<\/title>\n<meta name=\"description\" content=\"Luxation sacro-coccygienne ant\u00e9rieure : sympt\u00f4mes, diagnostic et lien avec le SNCV. Traitement conservateur ou chirurgie mini-invasive.\" \/>\n<meta name=\"robots\" content=\"index, follow, max-snippet:-1, max-image-preview:large, max-video-preview:-1\" \/>\n<link rel=\"canonical\" href=\"https:\/\/institutchiaribcn.com\/fr\/sncv-luxation-sacro-coccygienne-anterieure\/\" \/>\n<meta property=\"og:locale\" content=\"fr_FR\" \/>\n<meta property=\"og:type\" content=\"article\" \/>\n<meta property=\"og:title\" content=\"Luxation sacro\u2011coccygienne ant\u00e9rieure et SNCV | Institut Chiari\" \/>\n<meta property=\"og:description\" content=\"Luxation sacro-coccygienne ant\u00e9rieure : sympt\u00f4mes, diagnostic et lien avec le SNCV. Traitement conservateur ou chirurgie mini-invasive.\" \/>\n<meta property=\"og:url\" content=\"https:\/\/institutchiaribcn.com\/fr\/sncv-luxation-sacro-coccygienne-anterieure\/\" \/>\n<meta property=\"og:site_name\" content=\"Institut Chiari\" \/>\n<meta property=\"article:modified_time\" content=\"2026-04-09T09:57:11+00:00\" \/>\n<meta property=\"og:image\" content=\"https:\/\/institutchiaribcn.com\/wp-content\/uploads\/2025\/06\/lux-sacro-fondo-1.jpg\" \/>\n\t<meta property=\"og:image:width\" content=\"845\" \/>\n\t<meta property=\"og:image:height\" content=\"377\" \/>\n\t<meta property=\"og:image:type\" content=\"image\/jpeg\" \/>\n<meta name=\"twitter:card\" content=\"summary_large_image\" \/>\n<meta name=\"twitter:label1\" content=\"Dur\u00e9e de lecture estim\u00e9e\" \/>\n\t<meta name=\"twitter:data1\" content=\"5 minutes\" \/>\n<script type=\"application\/ld+json\" class=\"yoast-schema-graph\">{\"@context\":\"https:\\\/\\\/schema.org\",\"@graph\":[{\"@type\":\"WebPage\",\"@id\":\"https:\\\/\\\/institutchiaribcn.com\\\/fr\\\/sncv-luxation-sacro-coccygienne-anterieure\\\/\",\"url\":\"https:\\\/\\\/institutchiaribcn.com\\\/fr\\\/sncv-luxation-sacro-coccygienne-anterieure\\\/\",\"name\":\"Luxation sacro\u2011coccygienne ant\u00e9rieure et SNCV | Institut Chiari\",\"isPartOf\":{\"@id\":\"https:\\\/\\\/institutchiaribcn.com\\\/fr\\\/#website\"},\"primaryImageOfPage\":{\"@id\":\"https:\\\/\\\/institutchiaribcn.com\\\/fr\\\/sncv-luxation-sacro-coccygienne-anterieure\\\/#primaryimage\"},\"image\":{\"@id\":\"https:\\\/\\\/institutchiaribcn.com\\\/fr\\\/sncv-luxation-sacro-coccygienne-anterieure\\\/#primaryimage\"},\"thumbnailUrl\":\"https:\\\/\\\/institutchiaribcn.com\\\/wp-content\\\/uploads\\\/2025\\\/06\\\/lux-sacro-fondo-1.jpg\",\"datePublished\":\"2026-03-19T23:00:53+00:00\",\"dateModified\":\"2026-04-09T09:57:11+00:00\",\"description\":\"Luxation sacro-coccygienne ant\u00e9rieure : sympt\u00f4mes, diagnostic et lien avec le SNCV. Traitement conservateur ou chirurgie mini-invasive.\",\"breadcrumb\":{\"@id\":\"https:\\\/\\\/institutchiaribcn.com\\\/fr\\\/sncv-luxation-sacro-coccygienne-anterieure\\\/#breadcrumb\"},\"inLanguage\":\"fr-FR\",\"potentialAction\":[{\"@type\":\"ReadAction\",\"target\":[\"https:\\\/\\\/institutchiaribcn.com\\\/fr\\\/sncv-luxation-sacro-coccygienne-anterieure\\\/\"]}]},{\"@type\":\"ImageObject\",\"inLanguage\":\"fr-FR\",\"@id\":\"https:\\\/\\\/institutchiaribcn.com\\\/fr\\\/sncv-luxation-sacro-coccygienne-anterieure\\\/#primaryimage\",\"url\":\"https:\\\/\\\/institutchiaribcn.com\\\/wp-content\\\/uploads\\\/2025\\\/06\\\/lux-sacro-fondo-1.jpg\",\"contentUrl\":\"https:\\\/\\\/institutchiaribcn.com\\\/wp-content\\\/uploads\\\/2025\\\/06\\\/lux-sacro-fondo-1.jpg\",\"width\":845,\"height\":377,\"caption\":\"SNCV da Lussazione sacro-coccigea\"},{\"@type\":\"BreadcrumbList\",\"@id\":\"https:\\\/\\\/institutchiaribcn.com\\\/fr\\\/sncv-luxation-sacro-coccygienne-anterieure\\\/#breadcrumb\",\"itemListElement\":[{\"@type\":\"ListItem\",\"position\":1,\"name\":\"Portada\",\"item\":\"https:\\\/\\\/institutchiaribcn.com\\\/fr\\\/\"},{\"@type\":\"ListItem\",\"position\":2,\"name\":\"Enfermedades\",\"item\":\"https:\\\/\\\/institutchiaribcn.com\\\/fr\\\/enfermedades\\\/\"},{\"@type\":\"ListItem\",\"position\":3,\"name\":\"SNCV par Luxation sacro-coccygienne ant\u00e9rieure\"}]},{\"@type\":\"WebSite\",\"@id\":\"https:\\\/\\\/institutchiaribcn.com\\\/fr\\\/#website\",\"url\":\"https:\\\/\\\/institutchiaribcn.com\\\/fr\\\/\",\"name\":\"Institut Chiari de Barcelona\",\"description\":\"\",\"publisher\":{\"@id\":\"https:\\\/\\\/institutchiaribcn.com\\\/fr\\\/#organization\"},\"potentialAction\":[{\"@type\":\"SearchAction\",\"target\":{\"@type\":\"EntryPoint\",\"urlTemplate\":\"https:\\\/\\\/institutchiaribcn.com\\\/fr\\\/?s={search_term_string}\"},\"query-input\":{\"@type\":\"PropertyValueSpecification\",\"valueRequired\":true,\"valueName\":\"search_term_string\"}}],\"inLanguage\":\"fr-FR\"},{\"@type\":\"Organization\",\"@id\":\"https:\\\/\\\/institutchiaribcn.com\\\/fr\\\/#organization\",\"name\":\"Institut Chiari de Barcelona\",\"url\":\"https:\\\/\\\/institutchiaribcn.com\\\/fr\\\/\",\"logo\":{\"@type\":\"ImageObject\",\"inLanguage\":\"fr-FR\",\"@id\":\"https:\\\/\\\/institutchiaribcn.com\\\/fr\\\/#\\\/schema\\\/logo\\\/image\\\/\",\"url\":\"https:\\\/\\\/institutchiaribcn.com\\\/wp-content\\\/uploads\\\/2025\\\/10\\\/cropped-cropped-icsebNavLogo-1.png\",\"contentUrl\":\"https:\\\/\\\/institutchiaribcn.com\\\/wp-content\\\/uploads\\\/2025\\\/10\\\/cropped-cropped-icsebNavLogo-1.png\",\"width\":245,\"height\":99,\"caption\":\"Institut Chiari de Barcelona\"},\"image\":{\"@id\":\"https:\\\/\\\/institutchiaribcn.com\\\/fr\\\/#\\\/schema\\\/logo\\\/image\\\/\"}}]}<\/script>\n<!-- \/ Yoast SEO plugin. -->","yoast_head_json":{"title":"Luxation sacro\u2011coccygienne ant\u00e9rieure et SNCV | Institut Chiari","description":"Luxation sacro-coccygienne ant\u00e9rieure : sympt\u00f4mes, diagnostic et lien avec le SNCV. Traitement conservateur ou chirurgie mini-invasive.","robots":{"index":"index","follow":"follow","max-snippet":"max-snippet:-1","max-image-preview":"max-image-preview:large","max-video-preview":"max-video-preview:-1"},"canonical":"https:\/\/institutchiaribcn.com\/fr\/sncv-luxation-sacro-coccygienne-anterieure\/","og_locale":"fr_FR","og_type":"article","og_title":"Luxation sacro\u2011coccygienne ant\u00e9rieure et SNCV | Institut Chiari","og_description":"Luxation sacro-coccygienne ant\u00e9rieure : sympt\u00f4mes, diagnostic et lien avec le SNCV. Traitement conservateur ou chirurgie mini-invasive.","og_url":"https:\/\/institutchiaribcn.com\/fr\/sncv-luxation-sacro-coccygienne-anterieure\/","og_site_name":"Institut Chiari","article_modified_time":"2026-04-09T09:57:11+00:00","og_image":[{"width":845,"height":377,"url":"https:\/\/institutchiaribcn.com\/wp-content\/uploads\/2025\/06\/lux-sacro-fondo-1.jpg","type":"image\/jpeg"}],"twitter_card":"summary_large_image","twitter_misc":{"Dur\u00e9e de lecture estim\u00e9e":"5 minutes"},"schema":{"@context":"https:\/\/schema.org","@graph":[{"@type":"WebPage","@id":"https:\/\/institutchiaribcn.com\/fr\/sncv-luxation-sacro-coccygienne-anterieure\/","url":"https:\/\/institutchiaribcn.com\/fr\/sncv-luxation-sacro-coccygienne-anterieure\/","name":"Luxation sacro\u2011coccygienne ant\u00e9rieure et SNCV | Institut Chiari","isPartOf":{"@id":"https:\/\/institutchiaribcn.com\/fr\/#website"},"primaryImageOfPage":{"@id":"https:\/\/institutchiaribcn.com\/fr\/sncv-luxation-sacro-coccygienne-anterieure\/#primaryimage"},"image":{"@id":"https:\/\/institutchiaribcn.com\/fr\/sncv-luxation-sacro-coccygienne-anterieure\/#primaryimage"},"thumbnailUrl":"https:\/\/institutchiaribcn.com\/wp-content\/uploads\/2025\/06\/lux-sacro-fondo-1.jpg","datePublished":"2026-03-19T23:00:53+00:00","dateModified":"2026-04-09T09:57:11+00:00","description":"Luxation sacro-coccygienne ant\u00e9rieure : sympt\u00f4mes, diagnostic et lien avec le SNCV. Traitement conservateur ou chirurgie mini-invasive.","breadcrumb":{"@id":"https:\/\/institutchiaribcn.com\/fr\/sncv-luxation-sacro-coccygienne-anterieure\/#breadcrumb"},"inLanguage":"fr-FR","potentialAction":[{"@type":"ReadAction","target":["https:\/\/institutchiaribcn.com\/fr\/sncv-luxation-sacro-coccygienne-anterieure\/"]}]},{"@type":"ImageObject","inLanguage":"fr-FR","@id":"https:\/\/institutchiaribcn.com\/fr\/sncv-luxation-sacro-coccygienne-anterieure\/#primaryimage","url":"https:\/\/institutchiaribcn.com\/wp-content\/uploads\/2025\/06\/lux-sacro-fondo-1.jpg","contentUrl":"https:\/\/institutchiaribcn.com\/wp-content\/uploads\/2025\/06\/lux-sacro-fondo-1.jpg","width":845,"height":377,"caption":"SNCV da Lussazione sacro-coccigea"},{"@type":"BreadcrumbList","@id":"https:\/\/institutchiaribcn.com\/fr\/sncv-luxation-sacro-coccygienne-anterieure\/#breadcrumb","itemListElement":[{"@type":"ListItem","position":1,"name":"Portada","item":"https:\/\/institutchiaribcn.com\/fr\/"},{"@type":"ListItem","position":2,"name":"Enfermedades","item":"https:\/\/institutchiaribcn.com\/fr\/enfermedades\/"},{"@type":"ListItem","position":3,"name":"SNCV par Luxation sacro-coccygienne ant\u00e9rieure"}]},{"@type":"WebSite","@id":"https:\/\/institutchiaribcn.com\/fr\/#website","url":"https:\/\/institutchiaribcn.com\/fr\/","name":"Institut Chiari de Barcelona","description":"","publisher":{"@id":"https:\/\/institutchiaribcn.com\/fr\/#organization"},"potentialAction":[{"@type":"SearchAction","target":{"@type":"EntryPoint","urlTemplate":"https:\/\/institutchiaribcn.com\/fr\/?s={search_term_string}"},"query-input":{"@type":"PropertyValueSpecification","valueRequired":true,"valueName":"search_term_string"}}],"inLanguage":"fr-FR"},{"@type":"Organization","@id":"https:\/\/institutchiaribcn.com\/fr\/#organization","name":"Institut Chiari de Barcelona","url":"https:\/\/institutchiaribcn.com\/fr\/","logo":{"@type":"ImageObject","inLanguage":"fr-FR","@id":"https:\/\/institutchiaribcn.com\/fr\/#\/schema\/logo\/image\/","url":"https:\/\/institutchiaribcn.com\/wp-content\/uploads\/2025\/10\/cropped-cropped-icsebNavLogo-1.png","contentUrl":"https:\/\/institutchiaribcn.com\/wp-content\/uploads\/2025\/10\/cropped-cropped-icsebNavLogo-1.png","width":245,"height":99,"caption":"Institut Chiari de Barcelona"},"image":{"@id":"https:\/\/institutchiaribcn.com\/fr\/#\/schema\/logo\/image\/"}}]}},"_links":{"self":[{"href":"https:\/\/institutchiaribcn.com\/fr\/wp-json\/wp\/v2\/enfermedades\/15091","targetHints":{"allow":["GET"]}}],"collection":[{"href":"https:\/\/institutchiaribcn.com\/fr\/wp-json\/wp\/v2\/enfermedades"}],"about":[{"href":"https:\/\/institutchiaribcn.com\/fr\/wp-json\/wp\/v2\/types\/enfermedades"}],"wp:featuredmedia":[{"embeddable":true,"href":"https:\/\/institutchiaribcn.com\/fr\/wp-json\/wp\/v2\/media\/1482"}],"wp:attachment":[{"href":"https:\/\/institutchiaribcn.com\/fr\/wp-json\/wp\/v2\/media?parent=15091"}],"curies":[{"name":"wp","href":"https:\/\/api.w.org\/{rel}","templated":true}]}}