{"id":78867,"date":"2017-12-21T00:00:00","date_gmt":"2017-12-20T23:00:00","guid":{"rendered":"https:\/\/dev.institutchiaribcn.com\/comunicacion\/dixieme-anniversaire-de-ma-collaboration-avec-lequipe-du-dr-royo-salvador\/"},"modified":"2026-02-26T10:16:41","modified_gmt":"2026-02-26T09:16:41","slug":"dixieme-anniversaire-de-collaboration-lequipe-dr-royo-salvador","status":"publish","type":"comunicacion","link":"https:\/\/institutchiaribcn.com\/fr\/dixieme-anniversaire-de-collaboration-lequipe-dr-royo-salvador\/","title":{"rendered":"Dixi\u00e8me anniversaire de ma collaboration avec l\u2019\u00e9quipe du Dr. Royo Salvador"},"content":{"rendered":"<p class=\"text-muted aniview centerTXT\">Published by <a title=\"Articles par ICSEB\" href=\"https:\/\/institutchiaribcn.com\/fr\/author\/anoop-2\/\" rel=\"author\">ICSEB<\/a> at 21 d\u00e9cembre, 2017<\/p>\n<p><img decoding=\"async\" class=\"alignright\" src=\"https:\/\/institutchiaribcn.com\/wp-content\/uploads\/2018\/01\/gioia-icseb-chiari-institut.jpg\" \/><\/p>\n<p style=\"text-align: justify;\">Barcelone, Novembre 2017<\/p>\n<p>Cette ann\u00e9e repr\u00e9sente une date tr\u00e8s significative pour moi. En premier lieu, l\u2019Institut Chiari &amp; Siringomielia &amp; Escoliosis de Barcelona (ICSEB) f\u00eate 9 ans et, deuxi\u00e8mement, parce-que je collabore avec le Dr. Royo Salvador, directeur de l\u2019ICSEB, avec Mme Mara Espino et avec toute l\u2019\u00e9quipe de l\u2019ICSEB.<\/p>\n<p>Quand j\u2019ai connu le Dr. Miguel B. Royo Salvador en 2007, il \u00e9tait le directeur de l\u2019Institut Neurol\u00f2gic de Barcelona et le num\u00e9ro de patients d\u2019autres pays qui venaient express\u00e9ment pour consulter augment\u00e9 \u00e0 chaque fois. Le Dr. Royo Salvador a commenc\u00e9 \u00e0 chercher des professionnels et traducteurs de langues \u00e9trang\u00e8res qui couvriraient les besoins en communications avec ces patients et c\u2019est comme \u00e7a que nos chemins se sont crois\u00e9s. Moi je suis psychologue clinique communautaire et mon exp\u00e9rience professionnelle proc\u00e9d\u00e9e du domaine de la sant\u00e9 mentale. C\u2019\u00e9tait la premi\u00e8re fois que je travaill\u00e9 avec des pathologies purement neurologiques et neurochirurgicales, n\u00e9anmoins, je l\u2019ai trouv\u00e9 tr\u00e8s int\u00e9ressant.<\/p>\n<p>Depuis le d\u00e9but, nous observons dans l\u2019ICSEB l\u2019importance du fait de r\u00e9f\u00e9rer fid\u00e8lement les besoins des patients aux m\u00e9decins et de ses indications aux malades. \u00c9videmment, il ne s\u2019agissait pas d\u2019une capacit\u00e9 qui se limit\u00e9e \u00e0 la comp\u00e9tence linguistique, mais nous avons progressivement trouv\u00e9 le chemin dans le domaine professionnel complexe de la m\u00e9diation m\u00e9dicale dans lequel nous nous trouvions. C\u2019est ainsi comme la n\u00e9cessit\u00e9 de traduction et interpr\u00e9tation clinique \u00e0 d\u2019autres langues, s\u2019est bient\u00f4t transform\u00e9 en une exigence effective de m\u00e9diation culturelle entre les m\u00e9decins et patients de l\u2019ICSEB.<\/p>\n<p>C\u2019est devenu indispensable devoir garantir les conditions de compr\u00e9hension et communication qui garantisses l\u2019excellence des soins qui a \u00e9t\u00e9 d\u00e9velopp\u00e9 dans la m\u00e9thode m\u00e9dicale Filum System\u00ae, appliquant de forme exclusive dans notre centre hautement sp\u00e9cialis\u00e9. Ceci a entra\u00een\u00e9 \u00e0 la mise en \u0153uvre d\u2019un programme de formation technique interne qui distingue \u00e0 notre Institut, par cons\u00e9quent chaque correspondante \u00e9trang\u00e8re se pr\u00e9pare pour pouvoir offrir toute l\u2019attention clinique n\u00e9cessaire aux utilisateurs de nos services. Je suis fi\u00e8re d\u2019en pouvoir participer comme responsable des Soins aux Patient Chirurgical er de la Formation interne qui se donne \u00e0 l\u2019\u00e9quipe de m\u00e9diation, pour que celle-ci soit de la meilleure qualit\u00e9 possible.<\/p>\n<p>Tout au long de ces ann\u00e9es, j\u2019ai r\u00e9pondu aux besoins et accompagn\u00e9 \u00e0 beaucoup de patients de notre centre dans leur trajet th\u00e9rapeutique\u00a0: depuis le premier contact et \u00e0 travers des phases diagnostique, op\u00e9ratoire et postop\u00e9ratoire au bref, \u00e0 moyen et long terme.<\/p>\n<p>Dans la pratique professionnelle de mes fonctions, j\u2019ai toujours essay\u00e9 \u00ab\u00a0servir de pont\u00a0\u00bb entre les malades et les professionnels de la sant\u00e9, transmettant constamment aux deux parties tous le soutien possible, afin d\u2019\u00e9tablir et apr\u00e8s de conserver une alliance th\u00e9rapeutique entre eux qui est fondamental pour atteindre les r\u00e9sultats optimaux que nous nous proposons dans l\u2019ICSEB. Parall\u00e8lement, ma collaboration avec le personnel m\u00e9dical et neurochirurgical s\u2019est engag\u00e9e de plus en plus, vers la recherche. Alors, maintenant j\u2019ai l\u2019honneur d\u2019\u00eatre la coordinatrice du D\u00e9partement de Recherche et D\u00e9veloppement de l\u2019ICSEB. Sinc\u00e8rement, j\u2019adore faire partie d\u2019un groupe de travail compos\u00e9 par des professionnels interdisciplinaires, presque tous de provenances et langues diff\u00e9rentes. C\u2019est ce que j\u2019ai toujours r\u00eav\u00e9 de faire et ce que je cherchai dans mon chemin personnel et \u00e7a me paraissais \u00e9trange de faire le contraire apr\u00e8s tant d\u2019ann\u00e9es.<\/p>\n<p>Quand cela se vie depuis longtemps, \u00e0 jour le jour, dans une ambiance internationale comme la notre, les diff\u00e9rences passent d\u00e9j\u00e0 \u00e0 un deuxi\u00e8me plan. Nous nous voyons comme les personnes que nous sommes\u00a0: sans pr\u00e9juger les id\u00e9es qui pourraient conditionner les relations entre les membres de diff\u00e9rentes cultures. Par un c\u00f4t\u00e9 la tol\u00e9rance, le respect et la franchise; par un autre, l\u2019efficacit\u00e9 que nous concilions dans notre activit\u00e9 \u00e0 jour le jour dans l\u2019ICSEB. Ses valeurs sont rares et pr\u00e9cieux, et je suis tr\u00e8s reconnaissante de cette exp\u00e9rience d\u2019avoir pu apprendre tellement au sujet des diff\u00e9rences dans le monde de la sant\u00e9 dans les cultures d\u2019origine de nos interm\u00e9diaires.<\/p>\n<p>Pendant ce 10<sup>\u00e8me <\/sup>anniversaire en formant partie de cette \u00e9quipe, je m\u2019en rappelle de beaucoup de patients dont j\u2019ai eu toujours le plaisir d\u2019accompagner dans leur trajectoire neurochirurgicale. Je garde toujours en mois tout ce que les malades m\u2019ont enseign\u00e9 et je leur suit profond\u00e9ment reconnaissante\u00a0: le courage de faire face a leur souffrance, la capacit\u00e9 de cohabiter avec une maladie peu reconnue et toujours incomprise comme la Maladie du Filum, l\u2019intelligence de trouver la seule solution et difficile \u00e0 atteindre, la confiance qu\u2019ils d\u00e9posent dans les m\u00e9decins, l\u2019\u00e9norme effort pour vaincre les difficult\u00e9s op\u00e9ratoires et postop\u00e9ratoires et, en fin, le grand espoir avec lequel ils continuent \u00e0 vivre avec les s\u00e9quelles qui ram\u00e8nent apr\u00e8s le traitement, qui stoppe l\u2019\u00e9volution de la pathologie, mais qui parfoit ne peut pas gu\u00e9rir r\u00e9troactivement ses cons\u00e9quences.<\/p>\n<p>Dans cette occasion de c\u00e9l\u00e9bration, je voudrais aussi exprimer \u00e0 toute l\u2019\u00e9quipe comme je me sens chanceuse de pouvoir travailler chaque jour avec tous. Aux m\u00e9decins pour tout ce qu\u2019ils m\u2019ont enseign\u00e9, aux coll\u00e8gues correspondantes pour leur professionnalit\u00e9, qui dans notre collaboration interculturelle est toujours tellement originale et pr\u00e9cieuse d\u2019\u00e9changer.<\/p>\n<p>Je souhaite remercier de fa\u00e7on tr\u00e8s particuli\u00e8re \u00e0 la Coordinatrice G\u00e9n\u00e9rale de l\u2019ICSEB, Mme Mara Espino. Grace \u00e0 son intelligence, attention, comp\u00e9tence et g\u00e9n\u00e9rosit\u00e9 dans la gestion de l\u2019ICSEB, elle m\u2019a toujours fait sentir tr\u00e8s confortable dans mon poste de travail. Avec de tr\u00e8s hautes \u00e9thiques professionnelles dont je suis capable de partager chaque jour \u00e0 un niveau de Soins extraordinaires ainsi que de Prise en Charge comme Administratif.<\/p>\n<p>Mon plus sp\u00e9cial remerciement pour ces 10 ann\u00e9es, de telle exp\u00e9rience enrichissante je voudrai le d\u00e9dier au Dr. M. B. Royo Salvador qui est celui qui a eu la confiance en moi pour m\u2019impliquer dans son projet aussi important d\u2019application et diffusion de la m\u00e9thode. Toujours en m\u2019appuyant, il a contribu\u00e9 \u00e0 ma formation postuniversitaire et m\u2019a tellement enseign\u00e9 dans le domaine clinique comme humain, avec l\u2019honneur et privil\u00e8ge que cela repr\u00e9sente pour moi de la part d\u2019une \u00e9minence de la neurochirurgie comme est notre Directeur.<\/p>\n<p>Sans plus tarder, mon espoir pour le future est de pouvoir continuer \u00e0 collaborer dans le projet du Filum System\u00ae comme avec les patients, pour autant que je puisse maintenir le niveau professionnel et assumer la grande responsabilit\u00e9 que tout cela comporte.<\/p>\n<p>Mes salutations les plus cordiales<br \/>\nGioia Lu\u00e8<\/p>\n","protected":false},"featured_media":78868,"template":"","tipos-de-comunicacion":[510],"class_list":["post-78867","comunicacion","type-comunicacion","status-publish","has-post-thumbnail","hentry","tipos-de-comunicacion-nouvelles"],"yoast_head":"<!-- This site is optimized with the Yoast SEO plugin v27.4 - https:\/\/yoast.com\/product\/yoast-seo-wordpress\/ -->\n<title>10\u1d49 anniversaire \u2013 Dr Royo Salvador &amp; \u00e9quipe | ICSEB<\/title>\n<meta name=\"description\" content=\"C\u00e9l\u00e9bration du 10\u1d49 anniversaire de l\u2019\u00e9quipe du Dr Miguel B. Royo Salvador \u00e0 l\u2019ICSEB, soulignant ses avanc\u00e9es en Chiari.\" \/>\n<meta name=\"robots\" content=\"index, follow, max-snippet:-1, max-image-preview:large, max-video-preview:-1\" \/>\n<link rel=\"canonical\" href=\"https:\/\/institutchiaribcn.com\/fr\/dixieme-anniversaire-de-collaboration-lequipe-dr-royo-salvador\/\" \/>\n<meta property=\"og:locale\" content=\"fr_FR\" \/>\n<meta property=\"og:type\" content=\"article\" \/>\n<meta property=\"og:title\" content=\"10\u1d49 anniversaire \u2013 Dr Royo Salvador &amp; \u00e9quipe | ICSEB\" \/>\n<meta property=\"og:description\" content=\"C\u00e9l\u00e9bration du 10\u1d49 anniversaire de l\u2019\u00e9quipe du Dr Miguel B. Royo Salvador \u00e0 l\u2019ICSEB, soulignant ses avanc\u00e9es en Chiari.\" \/>\n<meta property=\"og:url\" content=\"https:\/\/institutchiaribcn.com\/fr\/dixieme-anniversaire-de-collaboration-lequipe-dr-royo-salvador\/\" \/>\n<meta property=\"og:site_name\" content=\"Institut Chiari\" \/>\n<meta property=\"article:modified_time\" content=\"2026-02-26T09:16:41+00:00\" \/>\n<meta property=\"og:image\" content=\"https:\/\/institutchiaribcn.com\/wp-content\/uploads\/2025\/10\/gioia-chiari-icseb-1.jpg\" \/>\n\t<meta property=\"og:image:width\" content=\"200\" \/>\n\t<meta property=\"og:image:height\" content=\"200\" \/>\n\t<meta property=\"og:image:type\" content=\"image\/jpeg\" \/>\n<meta name=\"twitter:card\" content=\"summary_large_image\" \/>\n<meta name=\"twitter:label1\" content=\"Dur\u00e9e de lecture estim\u00e9e\" \/>\n\t<meta name=\"twitter:data1\" content=\"6 minutes\" \/>\n<script type=\"application\/ld+json\" class=\"yoast-schema-graph\">{\"@context\":\"https:\\\/\\\/schema.org\",\"@graph\":[{\"@type\":\"WebPage\",\"@id\":\"https:\\\/\\\/institutchiaribcn.com\\\/fr\\\/dixieme-anniversaire-de-collaboration-lequipe-dr-royo-salvador\\\/\",\"url\":\"https:\\\/\\\/institutchiaribcn.com\\\/fr\\\/dixieme-anniversaire-de-collaboration-lequipe-dr-royo-salvador\\\/\",\"name\":\"10\u1d49 anniversaire \u2013 Dr Royo Salvador & \u00e9quipe | ICSEB\",\"isPartOf\":{\"@id\":\"https:\\\/\\\/institutchiaribcn.com\\\/fr\\\/#website\"},\"primaryImageOfPage\":{\"@id\":\"https:\\\/\\\/institutchiaribcn.com\\\/fr\\\/dixieme-anniversaire-de-collaboration-lequipe-dr-royo-salvador\\\/#primaryimage\"},\"image\":{\"@id\":\"https:\\\/\\\/institutchiaribcn.com\\\/fr\\\/dixieme-anniversaire-de-collaboration-lequipe-dr-royo-salvador\\\/#primaryimage\"},\"thumbnailUrl\":\"https:\\\/\\\/institutchiaribcn.com\\\/wp-content\\\/uploads\\\/2025\\\/10\\\/gioia-chiari-icseb-1.jpg\",\"datePublished\":\"2017-12-20T23:00:00+00:00\",\"dateModified\":\"2026-02-26T09:16:41+00:00\",\"description\":\"C\u00e9l\u00e9bration du 10\u1d49 anniversaire de l\u2019\u00e9quipe du Dr Miguel B. Royo Salvador \u00e0 l\u2019ICSEB, soulignant ses avanc\u00e9es en Chiari.\",\"breadcrumb\":{\"@id\":\"https:\\\/\\\/institutchiaribcn.com\\\/fr\\\/dixieme-anniversaire-de-collaboration-lequipe-dr-royo-salvador\\\/#breadcrumb\"},\"inLanguage\":\"fr-FR\",\"potentialAction\":[{\"@type\":\"ReadAction\",\"target\":[\"https:\\\/\\\/institutchiaribcn.com\\\/fr\\\/dixieme-anniversaire-de-collaboration-lequipe-dr-royo-salvador\\\/\"]}]},{\"@type\":\"ImageObject\",\"inLanguage\":\"fr-FR\",\"@id\":\"https:\\\/\\\/institutchiaribcn.com\\\/fr\\\/dixieme-anniversaire-de-collaboration-lequipe-dr-royo-salvador\\\/#primaryimage\",\"url\":\"https:\\\/\\\/institutchiaribcn.com\\\/wp-content\\\/uploads\\\/2025\\\/10\\\/gioia-chiari-icseb-1.jpg\",\"contentUrl\":\"https:\\\/\\\/institutchiaribcn.com\\\/wp-content\\\/uploads\\\/2025\\\/10\\\/gioia-chiari-icseb-1.jpg\",\"width\":200,\"height\":200},{\"@type\":\"BreadcrumbList\",\"@id\":\"https:\\\/\\\/institutchiaribcn.com\\\/fr\\\/dixieme-anniversaire-de-collaboration-lequipe-dr-royo-salvador\\\/#breadcrumb\",\"itemListElement\":[{\"@type\":\"ListItem\",\"position\":1,\"name\":\"Portada\",\"item\":\"https:\\\/\\\/institutchiaribcn.com\\\/fr\\\/\"},{\"@type\":\"ListItem\",\"position\":2,\"name\":\"Comunicaci\u00f3n\",\"item\":\"https:\\\/\\\/institutchiaribcn.com\\\/fr\\\/comunicacion\\\/\"},{\"@type\":\"ListItem\",\"position\":3,\"name\":\"Dixi\u00e8me anniversaire de ma collaboration avec l\u2019\u00e9quipe du Dr. Royo Salvador\"}]},{\"@type\":\"WebSite\",\"@id\":\"https:\\\/\\\/institutchiaribcn.com\\\/fr\\\/#website\",\"url\":\"https:\\\/\\\/institutchiaribcn.com\\\/fr\\\/\",\"name\":\"Institut Chiari de Barcelona\",\"description\":\"\",\"publisher\":{\"@id\":\"https:\\\/\\\/institutchiaribcn.com\\\/fr\\\/#organization\"},\"potentialAction\":[{\"@type\":\"SearchAction\",\"target\":{\"@type\":\"EntryPoint\",\"urlTemplate\":\"https:\\\/\\\/institutchiaribcn.com\\\/fr\\\/?s={search_term_string}\"},\"query-input\":{\"@type\":\"PropertyValueSpecification\",\"valueRequired\":true,\"valueName\":\"search_term_string\"}}],\"inLanguage\":\"fr-FR\"},{\"@type\":\"Organization\",\"@id\":\"https:\\\/\\\/institutchiaribcn.com\\\/fr\\\/#organization\",\"name\":\"Institut Chiari de Barcelona\",\"url\":\"https:\\\/\\\/institutchiaribcn.com\\\/fr\\\/\",\"logo\":{\"@type\":\"ImageObject\",\"inLanguage\":\"fr-FR\",\"@id\":\"https:\\\/\\\/institutchiaribcn.com\\\/fr\\\/#\\\/schema\\\/logo\\\/image\\\/\",\"url\":\"https:\\\/\\\/institutchiaribcn.com\\\/wp-content\\\/uploads\\\/2025\\\/10\\\/cropped-cropped-icsebNavLogo-1.png\",\"contentUrl\":\"https:\\\/\\\/institutchiaribcn.com\\\/wp-content\\\/uploads\\\/2025\\\/10\\\/cropped-cropped-icsebNavLogo-1.png\",\"width\":245,\"height\":99,\"caption\":\"Institut Chiari de Barcelona\"},\"image\":{\"@id\":\"https:\\\/\\\/institutchiaribcn.com\\\/fr\\\/#\\\/schema\\\/logo\\\/image\\\/\"}}]}<\/script>\n<!-- \/ Yoast SEO plugin. -->","yoast_head_json":{"title":"10\u1d49 anniversaire \u2013 Dr Royo Salvador & \u00e9quipe | ICSEB","description":"C\u00e9l\u00e9bration du 10\u1d49 anniversaire de l\u2019\u00e9quipe du Dr Miguel B. Royo Salvador \u00e0 l\u2019ICSEB, soulignant ses avanc\u00e9es en Chiari.","robots":{"index":"index","follow":"follow","max-snippet":"max-snippet:-1","max-image-preview":"max-image-preview:large","max-video-preview":"max-video-preview:-1"},"canonical":"https:\/\/institutchiaribcn.com\/fr\/dixieme-anniversaire-de-collaboration-lequipe-dr-royo-salvador\/","og_locale":"fr_FR","og_type":"article","og_title":"10\u1d49 anniversaire \u2013 Dr Royo Salvador & \u00e9quipe | ICSEB","og_description":"C\u00e9l\u00e9bration du 10\u1d49 anniversaire de l\u2019\u00e9quipe du Dr Miguel B. Royo Salvador \u00e0 l\u2019ICSEB, soulignant ses avanc\u00e9es en Chiari.","og_url":"https:\/\/institutchiaribcn.com\/fr\/dixieme-anniversaire-de-collaboration-lequipe-dr-royo-salvador\/","og_site_name":"Institut Chiari","article_modified_time":"2026-02-26T09:16:41+00:00","og_image":[{"width":200,"height":200,"url":"https:\/\/institutchiaribcn.com\/wp-content\/uploads\/2025\/10\/gioia-chiari-icseb-1.jpg","type":"image\/jpeg"}],"twitter_card":"summary_large_image","twitter_misc":{"Dur\u00e9e de lecture estim\u00e9e":"6 minutes"},"schema":{"@context":"https:\/\/schema.org","@graph":[{"@type":"WebPage","@id":"https:\/\/institutchiaribcn.com\/fr\/dixieme-anniversaire-de-collaboration-lequipe-dr-royo-salvador\/","url":"https:\/\/institutchiaribcn.com\/fr\/dixieme-anniversaire-de-collaboration-lequipe-dr-royo-salvador\/","name":"10\u1d49 anniversaire \u2013 Dr Royo Salvador & \u00e9quipe | ICSEB","isPartOf":{"@id":"https:\/\/institutchiaribcn.com\/fr\/#website"},"primaryImageOfPage":{"@id":"https:\/\/institutchiaribcn.com\/fr\/dixieme-anniversaire-de-collaboration-lequipe-dr-royo-salvador\/#primaryimage"},"image":{"@id":"https:\/\/institutchiaribcn.com\/fr\/dixieme-anniversaire-de-collaboration-lequipe-dr-royo-salvador\/#primaryimage"},"thumbnailUrl":"https:\/\/institutchiaribcn.com\/wp-content\/uploads\/2025\/10\/gioia-chiari-icseb-1.jpg","datePublished":"2017-12-20T23:00:00+00:00","dateModified":"2026-02-26T09:16:41+00:00","description":"C\u00e9l\u00e9bration du 10\u1d49 anniversaire de l\u2019\u00e9quipe du Dr Miguel B. Royo Salvador \u00e0 l\u2019ICSEB, soulignant ses avanc\u00e9es en Chiari.","breadcrumb":{"@id":"https:\/\/institutchiaribcn.com\/fr\/dixieme-anniversaire-de-collaboration-lequipe-dr-royo-salvador\/#breadcrumb"},"inLanguage":"fr-FR","potentialAction":[{"@type":"ReadAction","target":["https:\/\/institutchiaribcn.com\/fr\/dixieme-anniversaire-de-collaboration-lequipe-dr-royo-salvador\/"]}]},{"@type":"ImageObject","inLanguage":"fr-FR","@id":"https:\/\/institutchiaribcn.com\/fr\/dixieme-anniversaire-de-collaboration-lequipe-dr-royo-salvador\/#primaryimage","url":"https:\/\/institutchiaribcn.com\/wp-content\/uploads\/2025\/10\/gioia-chiari-icseb-1.jpg","contentUrl":"https:\/\/institutchiaribcn.com\/wp-content\/uploads\/2025\/10\/gioia-chiari-icseb-1.jpg","width":200,"height":200},{"@type":"BreadcrumbList","@id":"https:\/\/institutchiaribcn.com\/fr\/dixieme-anniversaire-de-collaboration-lequipe-dr-royo-salvador\/#breadcrumb","itemListElement":[{"@type":"ListItem","position":1,"name":"Portada","item":"https:\/\/institutchiaribcn.com\/fr\/"},{"@type":"ListItem","position":2,"name":"Comunicaci\u00f3n","item":"https:\/\/institutchiaribcn.com\/fr\/comunicacion\/"},{"@type":"ListItem","position":3,"name":"Dixi\u00e8me anniversaire de ma collaboration avec l\u2019\u00e9quipe du Dr. Royo Salvador"}]},{"@type":"WebSite","@id":"https:\/\/institutchiaribcn.com\/fr\/#website","url":"https:\/\/institutchiaribcn.com\/fr\/","name":"Institut Chiari de Barcelona","description":"","publisher":{"@id":"https:\/\/institutchiaribcn.com\/fr\/#organization"},"potentialAction":[{"@type":"SearchAction","target":{"@type":"EntryPoint","urlTemplate":"https:\/\/institutchiaribcn.com\/fr\/?s={search_term_string}"},"query-input":{"@type":"PropertyValueSpecification","valueRequired":true,"valueName":"search_term_string"}}],"inLanguage":"fr-FR"},{"@type":"Organization","@id":"https:\/\/institutchiaribcn.com\/fr\/#organization","name":"Institut Chiari de Barcelona","url":"https:\/\/institutchiaribcn.com\/fr\/","logo":{"@type":"ImageObject","inLanguage":"fr-FR","@id":"https:\/\/institutchiaribcn.com\/fr\/#\/schema\/logo\/image\/","url":"https:\/\/institutchiaribcn.com\/wp-content\/uploads\/2025\/10\/cropped-cropped-icsebNavLogo-1.png","contentUrl":"https:\/\/institutchiaribcn.com\/wp-content\/uploads\/2025\/10\/cropped-cropped-icsebNavLogo-1.png","width":245,"height":99,"caption":"Institut Chiari de Barcelona"},"image":{"@id":"https:\/\/institutchiaribcn.com\/fr\/#\/schema\/logo\/image\/"}}]}},"_links":{"self":[{"href":"https:\/\/institutchiaribcn.com\/fr\/wp-json\/wp\/v2\/comunicacion\/78867","targetHints":{"allow":["GET"]}}],"collection":[{"href":"https:\/\/institutchiaribcn.com\/fr\/wp-json\/wp\/v2\/comunicacion"}],"about":[{"href":"https:\/\/institutchiaribcn.com\/fr\/wp-json\/wp\/v2\/types\/comunicacion"}],"wp:featuredmedia":[{"embeddable":true,"href":"https:\/\/institutchiaribcn.com\/fr\/wp-json\/wp\/v2\/media\/78868"}],"wp:attachment":[{"href":"https:\/\/institutchiaribcn.com\/fr\/wp-json\/wp\/v2\/media?parent=78867"}],"wp:term":[{"taxonomy":"tipos-de-comunicacion","embeddable":true,"href":"https:\/\/institutchiaribcn.com\/fr\/wp-json\/wp\/v2\/tipos-de-comunicacion?post=78867"}],"curies":[{"name":"wp","href":"https:\/\/api.w.org\/{rel}","templated":true}]}}