{"id":78717,"date":"2018-10-29T00:00:00","date_gmt":"2018-10-28T23:00:00","guid":{"rendered":"https:\/\/dev.institutchiaribcn.com\/comunicacion\/la-fondation-chiari-scoliosis-syringomyelia-foundation-fete-ces-10-ans-avec-de-lart-et-emotion\/"},"modified":"2026-02-23T11:27:54","modified_gmt":"2026-02-23T10:27:54","slug":"chiari-scoliosis-syringomyelia-foundation-fete-10-ans","status":"publish","type":"comunicacion","link":"https:\/\/institutchiaribcn.com\/fr\/chiari-scoliosis-syringomyelia-foundation-fete-10-ans\/","title":{"rendered":"La Fondation \u00ab\u00a0Chiari &#038; Scoliosis &#038; Syringomyelia Foundation\u00a0\u00bb f\u00eate ces 10 ans avec de l\u2019art et \u00e9motion"},"content":{"rendered":"<p class=\"text-muted aniview centerTXT\">Published by <a title=\"Articles par ICSEB\" href=\"https:\/\/institutchiaribcn.com\/fr\/author\/anoop-2\/\" rel=\"author\">ICSEB<\/a> at 29 octobre, 2018<\/p>\n<p style=\"text-align: justify;\">C\u2019\u00e9tait un apr\u00e8s-midi de souvenirs, de embrassades, d\u00e9monstrations de gratitude et beaucoup d\u2019\u00e9motion. Le vendredi 26 octobre 2018 a eu lieu \u00e0 l\u2019Auditorium du \u00ab\u00a0Col.legi Oficial de Metges de Barcelona\u00a0\u00bb l\u2019\u00e9v\u00e9nement comm\u00e9morant les 10 ans de la fondation \u00ab\u00a0Chiari &amp; Scoliosis &amp; Syringomyelia Foundation\u00a0\u00bb.<\/p>\n<p>Organis\u00e9 en collaboration avec l\u2019<em>Institut Chiari &amp; Siringomielia &amp; Escoliosis de Barcelona<\/em> et le <em>Col\u00b7legi Oficial de Metges de Barcelona<\/em>, l\u2019\u0153uvre <strong><em>\u201cTutta colpa di Arnold\u201d <\/em><\/strong><strong>a \u00e9t\u00e9 pr\u00e9sent\u00e9e pour la premi\u00e8re fois \u00e0 Barcelone <\/strong>(\u201c<em>Tout \u00e0 cause d\u2019Arnold<\/em>\u201d); spectacle th\u00e9\u00e2tral \u00e9crit, dirig\u00e9 et interpr\u00e9t\u00e9 par l\u2019artiste et patiente <strong><em>Rita Capobianco<\/em><\/strong>.<\/p>\n<p>Nous vous invitons \u00e0 voir la galerie de photos des meilleurs moments de l\u2019\u00e9v\u00e9nement.<\/p>\n<p>&nbsp;<\/p>\n<div align=\"center\"><a href=\"https:\/\/institutchiaribcn.com\/\/fr\/wp-content\/uploads\/2018\/10\/cssf-evento3-1-0.jpg\"><img decoding=\"async\" class=\"img-rounded img-responsive\" src=\"https:\/\/institutchiaribcn.com\/\/fr\/wp-content\/uploads\/2018\/10\/cssf-evento3-1-0.jpg\" alt=\"\" width=\"400\" height=\"auto\" \/><\/a><br \/>\nC\u00e9l\u00e9bration des 10 ans de la CSSf dans le \u00ab\u00a0Col\u00b7legi Oficial de Metges de Barcelona\u00a0\u00bb<a href=\"https:\/\/institutchiaribcn.com\/\/fr\/wp-content\/uploads\/2018\/10\/cssf-evento3-1-1.jpg\"><img decoding=\"async\" class=\"img-rounded img-responsive\" src=\"https:\/\/institutchiaribcn.com\/\/fr\/wp-content\/uploads\/2018\/10\/cssf-evento3-1-1.jpg\" alt=\"\" width=\"400\" height=\"auto\" \/><\/a><br \/>\nDe droite \u00e0 gauche, Mme. Mara Espino, le Dr. Joan Cubells et son \u00e9pouse.<a href=\"https:\/\/institutchiaribcn.com\/\/fr\/wp-content\/uploads\/2018\/10\/cssf-evento3-1-2.jpg\"><img decoding=\"async\" class=\"img-rounded img-responsive\" src=\"https:\/\/institutchiaribcn.com\/\/fr\/wp-content\/uploads\/2018\/10\/cssf-evento3-1-2.jpg\" alt=\"\" width=\"400\" height=\"auto\" \/><\/a><br \/>\nDr. Torra Rosell\u00f3 en conversation avec le Dr. Miguel B. Royo Salvador.<\/p>\n<p><a href=\"https:\/\/institutchiaribcn.com\/\/fr\/wp-content\/uploads\/2018\/10\/cssf-evento3-2.jpg\"><img decoding=\"async\" class=\"img-rounded img-responsive\" src=\"https:\/\/institutchiaribcn.com\/\/fr\/wp-content\/uploads\/2018\/10\/cssf-evento3-2.jpg\" alt=\"\" width=\"400\" height=\"auto\" \/><\/a><br \/>\nSalle de r\u00e9union du \u00ab\u00a0Col\u00b7legi Oficial de Metges de Barcelona\u00a0\u00bb.<\/p>\n<p><a href=\"https:\/\/institutchiaribcn.com\/\/fr\/wp-content\/uploads\/2018\/10\/cssf-evento3-3.png\"><img decoding=\"async\" class=\"img-rounded img-responsive\" src=\"https:\/\/institutchiaribcn.com\/\/fr\/wp-content\/uploads\/2018\/10\/cssf-evento3-3.png\" alt=\"\" width=\"400\" height=\"auto\" \/><\/a><br \/>\nMr. Riccardo Capobianco jouant le r\u00f4le d\u2019Arnold.<\/p>\n<p><a href=\"https:\/\/institutchiaribcn.com\/\/fr\/wp-content\/uploads\/2018\/10\/cssf-evento3-4.jpg\"><img decoding=\"async\" class=\"img-rounded img-responsive\" src=\"https:\/\/institutchiaribcn.com\/\/fr\/wp-content\/uploads\/2018\/10\/cssf-evento3-4.jpg\" alt=\"\" width=\"400\" height=\"auto\" \/><\/a><\/p>\n<p><a href=\"https:\/\/institutchiaribcn.com\/\/fr\/wp-content\/uploads\/2018\/10\/cssf-evento3-5-1.jpg\"><img decoding=\"async\" class=\"img-rounded img-responsive\" src=\"https:\/\/institutchiaribcn.com\/\/fr\/wp-content\/uploads\/2018\/10\/cssf-evento3-5-1.jpg\" alt=\"\" width=\"400\" height=\"auto\" \/><\/a><\/p>\n<p><a href=\"https:\/\/institutchiaribcn.com\/\/fr\/wp-content\/uploads\/2018\/10\/cssf-evento3-6-0.jpg\"><img decoding=\"async\" class=\"img-rounded img-responsive\" src=\"https:\/\/institutchiaribcn.com\/\/fr\/wp-content\/uploads\/2018\/10\/cssf-evento3-6-0.jpg\" alt=\"\" width=\"400\" height=\"auto\" \/><\/a><br \/>\nL\u2019actrice. Rita Capobinaco pendant son oeuvre \u201cTutta colpa di Arnold\u201d.<\/p>\n<p><a href=\"https:\/\/institutchiaribcn.com\/\/fr\/wp-content\/uploads\/2018\/10\/cssf-evento3-6-1.jpg\"><img decoding=\"async\" class=\"img-rounded img-responsive\" src=\"https:\/\/institutchiaribcn.com\/\/fr\/wp-content\/uploads\/2018\/10\/cssf-evento3-6-1.jpg\" alt=\"\" width=\"400\" height=\"auto\" \/><\/a><\/p>\n<p><a href=\"https:\/\/institutchiaribcn.com\/\/fr\/wp-content\/uploads\/2018\/10\/cssf-evento3-7.jpg\"><img decoding=\"async\" class=\"img-rounded img-responsive\" src=\"https:\/\/institutchiaribcn.com\/\/fr\/wp-content\/uploads\/2018\/10\/cssf-evento3-7.jpg\" alt=\"\" width=\"400\" height=\"auto\" \/><\/a><br \/>\nLe Pr\u00e9sident de Patronage de la CSSf, le Dr. Miguel B. Royo Salvador.<\/p>\n<p><a href=\"https:\/\/institutchiaribcn.com\/\/fr\/wp-content\/uploads\/2018\/10\/cssf-evento3-8.jpg\"><img decoding=\"async\" class=\"img-rounded img-responsive\" src=\"https:\/\/institutchiaribcn.com\/\/fr\/wp-content\/uploads\/2018\/10\/cssf-evento3-8.jpg\" alt=\"\" width=\"376\" height=\"auto\" \/><\/a><br \/>\nMr. Francesco Latronico, Vice-consul G\u00e9n\u00e9ral d\u2019Italie \u00e0 Barcelone, lors de la remise du titre de bienfaiteur par le Dr. Miguel B. Royo Salvador.<\/p>\n<p><a href=\"https:\/\/institutchiaribcn.com\/\/fr\/wp-content\/uploads\/2018\/10\/cssf-evento3-9.jpg\"><img decoding=\"async\" class=\"img-rounded img-responsive\" src=\"https:\/\/institutchiaribcn.com\/\/fr\/wp-content\/uploads\/2018\/10\/cssf-evento3-9.jpg\" alt=\"\" width=\"400\" height=\"auto\" \/><\/a><br \/>\nDe gauche \u00e0 droite: Mme. Mara Espino, Mme. Rita Capobianco et le Mr. Riccardo Capobianco.<\/p>\n<p><a href=\"https:\/\/institutchiaribcn.com\/\/fr\/wp-content\/uploads\/2018\/10\/cssf-evento3-10.jpg\"><img decoding=\"async\" class=\"img-rounded img-responsive\" src=\"https:\/\/institutchiaribcn.com\/\/fr\/wp-content\/uploads\/2018\/10\/cssf-evento3-10.jpg\" alt=\"\" width=\"400\" height=\"auto\" \/><\/a><br \/>\nDe gauche \u00e0 droite: Mme. Nina Arutiounova, secr\u00e9taire de la Fondation CSSf, Mme. Nina Piorkowska, le Dr. Royo Salvador, Mme. Rita Capobianco et Mr. Riccardo Capobianco.<\/p>\n<p><a href=\"https:\/\/institutchiaribcn.com\/\/fr\/wp-content\/uploads\/2018\/10\/cssf-evento3-11.jpg\"><img decoding=\"async\" class=\"img-rounded img-responsive\" src=\"https:\/\/institutchiaribcn.com\/\/fr\/wp-content\/uploads\/2018\/10\/cssf-evento3-11.jpg\" alt=\"\" width=\"400\" height=\"auto\" \/><\/a><br \/>\nL\u2019\u00e9crivaine Natalia Kalinina avec le Dr. Royo Salvador.<\/p>\n<p><a href=\"https:\/\/institutchiaribcn.com\/\/fr\/wp-content\/uploads\/2018\/10\/cssf-evento3-12.jpg\"><img decoding=\"async\" class=\"img-rounded img-responsive\" src=\"https:\/\/institutchiaribcn.com\/\/fr\/wp-content\/uploads\/2018\/10\/cssf-evento3-12.jpg\" alt=\"\" width=\"400\" height=\"auto\" \/><\/a><br \/>\nDe gauche \u00e0 droite: Mme. Marta Guerrero, Mme. Bego\u00f1a Guerrero, Mme. Lurdes Lozano et l\u2019avocate Joana Mar\u00edn Fonseca, Patronne de la CSSf.<\/p>\n<p><a href=\"https:\/\/institutchiaribcn.com\/\/fr\/wp-content\/uploads\/2018\/10\/cssf-evento3-13.jpg\"><img decoding=\"async\" class=\"img-rounded img-responsive\" src=\"https:\/\/institutchiaribcn.com\/\/fr\/wp-content\/uploads\/2018\/10\/cssf-evento3-13.jpg\" alt=\"\" width=\"400\" height=\"auto\" \/><\/a><br \/>\nL\u2019\u00e9crivaine\u00a0Mme Natalia Kalinina et Mme. Rita Capobinaco.<\/p>\n<p><a href=\"https:\/\/institutchiaribcn.com\/\/fr\/wp-content\/uploads\/2018\/10\/cssf-evento3-15.jpg\"><img decoding=\"async\" class=\"img-rounded img-responsive\" src=\"https:\/\/institutchiaribcn.com\/\/fr\/wp-content\/uploads\/2018\/10\/cssf-evento3-15.jpg\" alt=\"\" width=\"400\" height=\"auto\" \/><\/a><br \/>\nMr. Manuel Royo, Secr\u00e9taire de la CSSf, l\u2019avocate Joana Mar\u00edn Fonseca et Mme. Lurdes Lozano.<\/p>\n<p><a href=\"https:\/\/institutchiaribcn.com\/\/fr\/wp-content\/uploads\/2018\/10\/cssf-evento3-16.jpg\"><img decoding=\"async\" class=\"img-rounded img-responsive\" src=\"https:\/\/institutchiaribcn.com\/\/fr\/wp-content\/uploads\/2018\/10\/cssf-evento3-16.jpg\" alt=\"\" width=\"400\" height=\"auto\" \/><\/a><br \/>\nMme. Marisa Toscano, Pr\u00e9sidente de l\u2019Association Internationale AI.SAC.SI.SCO Onlus et Mr. Iano Antoci.<\/p>\n<p><a href=\"https:\/\/institutchiaribcn.com\/\/fr\/wp-content\/uploads\/2018\/10\/cssf-evento3-17.jpg\"><img decoding=\"async\" class=\"img-rounded img-responsive\" src=\"https:\/\/institutchiaribcn.com\/\/fr\/wp-content\/uploads\/2018\/10\/cssf-evento3-17.jpg\" alt=\"\" width=\"400\" height=\"auto\" \/><\/a><br \/>\nLe Dr. M. Fiallos, Mme. Marisa Toscano, Mme. Rita Capobianco et Mr. Riccardo Capobianco.<\/p>\n<p><a href=\"https:\/\/institutchiaribcn.com\/\/fr\/wp-content\/uploads\/2018\/10\/cssf-evento3-18.jpg\"><img decoding=\"async\" class=\"img-rounded img-responsive\" src=\"https:\/\/institutchiaribcn.com\/\/fr\/wp-content\/uploads\/2018\/10\/cssf-evento3-18.jpg\" alt=\"\" width=\"400\" height=\"auto\" \/><\/a><br \/>\nDe gauche \u00e0 droite: Mme. Yolanda Galvez et sa fille, le Dr. Miguel B. Royo Salvador et le Dr. Victoria.<\/p>\n<p><a href=\"https:\/\/institutchiaribcn.com\/\/fr\/wp-content\/uploads\/2018\/10\/cssf-evento3-19.jpg\"><img decoding=\"async\" class=\"img-rounded img-responsive\" src=\"https:\/\/institutchiaribcn.com\/\/fr\/wp-content\/uploads\/2018\/10\/cssf-evento3-19.jpg\" alt=\"\" width=\"400\" height=\"auto\" \/><\/a><br \/>\nDe gauche \u00e0 droite: Mme. Gioia Lu\u00e8, Mr. Francesco Latronico, le Dr. Miguel B. Royo Salvador, Mme. Rita Capobinaco et Mr. Riccardo Capobianco.<\/p>\n<p><a href=\"https:\/\/institutchiaribcn.com\/\/fr\/wp-content\/uploads\/2018\/10\/cssf-evento3-21.jpg\"><img decoding=\"async\" class=\"img-rounded img-responsive\" src=\"https:\/\/institutchiaribcn.com\/\/fr\/wp-content\/uploads\/2018\/10\/cssf-evento3-21.jpg\" alt=\"\" width=\"400\" height=\"auto\" \/><\/a><br \/>\nDe gauche \u00e0 droite, le Secr\u00e9taire de la Fondation, Mr. Francesc Mart\u00ednez de Arenzana et Mme. N\u00f9ria Pardo, Pr\u00e9sidente du Patronat de la Fondation \u00ab\u00a0Fundaci\u00f3 d\u2019Oncologia Infantil Enriqueta Villavecchia\u00a0\u00bb.<\/p>\n<p><a href=\"https:\/\/institutchiaribcn.com\/\/fr\/wp-content\/uploads\/2018\/10\/cssf-evento3-22.jpg\"><img decoding=\"async\" class=\"img-rounded img-responsive\" src=\"https:\/\/institutchiaribcn.com\/\/fr\/wp-content\/uploads\/2018\/10\/cssf-evento3-22.jpg\" alt=\"\" width=\"400\" height=\"auto\" \/><\/a><br \/>\nMr. Manual Royo, Mr. Juan Manuel Jen\u00e9 et Mlle. Katharina K\u00fchn<\/p>\n<p><a href=\"https:\/\/institutchiaribcn.com\/\/fr\/wp-content\/uploads\/2018\/10\/cssf-evento3-23.jpg\"><img decoding=\"async\" class=\"img-rounded img-responsive\" src=\"https:\/\/institutchiaribcn.com\/\/fr\/wp-content\/uploads\/2018\/10\/cssf-evento3-23.jpg\" alt=\"\" width=\"400\" height=\"auto\" \/><\/a><br \/>\nMme. Nina Arutiounova, Mlle. Am\u00e8lia Fern\u00e1ndez, Mme. Lurdes Lozano, Mme. Safaa El Idrissi et Mlle. Saetbyeol Kim.<\/p>\n<p><a href=\"https:\/\/institutchiaribcn.com\/\/fr\/wp-content\/uploads\/2018\/10\/cssf-evento3-25.jpg\"><img decoding=\"async\" class=\"img-rounded img-responsive\" src=\"https:\/\/institutchiaribcn.com\/\/fr\/wp-content\/uploads\/2018\/10\/cssf-evento3-25.jpg\" alt=\"\" width=\"400\" height=\"auto\" \/><\/a><br \/>\nMme. Gioia Lu\u00e8, Mme. Lurdes L\u00f3pez et Mme. Elena de\u2019 Michieli Vitturi.<\/p>\n<p><a href=\"https:\/\/institutchiaribcn.com\/\/fr\/wp-content\/uploads\/2018\/10\/cssf-evento3-24.jpg\"><img decoding=\"async\" class=\"img-rounded img-responsive\" src=\"https:\/\/institutchiaribcn.com\/\/fr\/wp-content\/uploads\/2018\/10\/cssf-evento3-24.jpg\" alt=\"\" width=\"400\" height=\"auto\" \/><\/a><br \/>\nLa grande actrice du jour, Mme Rita Capabianco.<\/p>\n<\/div>\n","protected":false},"featured_media":78718,"template":"","tipos-de-comunicacion":[510],"class_list":["post-78717","comunicacion","type-comunicacion","status-publish","has-post-thumbnail","hentry","tipos-de-comunicacion-nouvelles"],"yoast_head":"<!-- This site is optimized with the Yoast SEO plugin v27.4 - https:\/\/yoast.com\/product\/yoast-seo-wordpress\/ -->\n<title>CSSf f\u00eate ses 10 ans : art et engagement | ICSEB<\/title>\n<meta name=\"description\" content=\"Retour sur les 10 ans de la Chiari &amp; Scoliosis &amp; Syringomyelia Foundation c\u00e9l\u00e9br\u00e9s avec art, th\u00e9\u00e2tre et soutien aux patients.\" \/>\n<meta name=\"robots\" content=\"index, follow, max-snippet:-1, max-image-preview:large, max-video-preview:-1\" \/>\n<link rel=\"canonical\" href=\"https:\/\/institutchiaribcn.com\/fr\/chiari-scoliosis-syringomyelia-foundation-fete-10-ans\/\" \/>\n<meta property=\"og:locale\" content=\"fr_FR\" \/>\n<meta property=\"og:type\" content=\"article\" \/>\n<meta property=\"og:title\" content=\"CSSf f\u00eate ses 10 ans : art et engagement | ICSEB\" \/>\n<meta property=\"og:description\" content=\"Retour sur les 10 ans de la Chiari &amp; Scoliosis &amp; Syringomyelia Foundation c\u00e9l\u00e9br\u00e9s avec art, th\u00e9\u00e2tre et soutien aux patients.\" \/>\n<meta property=\"og:url\" content=\"https:\/\/institutchiaribcn.com\/fr\/chiari-scoliosis-syringomyelia-foundation-fete-10-ans\/\" \/>\n<meta property=\"og:site_name\" content=\"Institut Chiari\" \/>\n<meta property=\"article:modified_time\" content=\"2026-02-23T10:27:54+00:00\" \/>\n<meta property=\"og:image\" content=\"https:\/\/institutchiaribcn.com\/wp-content\/uploads\/2025\/10\/cssf-3rd-event-1.jpg\" \/>\n\t<meta property=\"og:image:width\" content=\"200\" \/>\n\t<meta property=\"og:image:height\" content=\"200\" \/>\n\t<meta property=\"og:image:type\" content=\"image\/jpeg\" \/>\n<meta name=\"twitter:card\" content=\"summary_large_image\" \/>\n<meta name=\"twitter:label1\" content=\"Dur\u00e9e de lecture estim\u00e9e\" \/>\n\t<meta name=\"twitter:data1\" content=\"8 minutes\" \/>\n<script type=\"application\/ld+json\" class=\"yoast-schema-graph\">{\"@context\":\"https:\\\/\\\/schema.org\",\"@graph\":[{\"@type\":\"WebPage\",\"@id\":\"https:\\\/\\\/institutchiaribcn.com\\\/fr\\\/chiari-scoliosis-syringomyelia-foundation-fete-10-ans\\\/\",\"url\":\"https:\\\/\\\/institutchiaribcn.com\\\/fr\\\/chiari-scoliosis-syringomyelia-foundation-fete-10-ans\\\/\",\"name\":\"CSSf f\u00eate ses 10 ans : art et engagement | ICSEB\",\"isPartOf\":{\"@id\":\"https:\\\/\\\/institutchiaribcn.com\\\/fr\\\/#website\"},\"primaryImageOfPage\":{\"@id\":\"https:\\\/\\\/institutchiaribcn.com\\\/fr\\\/chiari-scoliosis-syringomyelia-foundation-fete-10-ans\\\/#primaryimage\"},\"image\":{\"@id\":\"https:\\\/\\\/institutchiaribcn.com\\\/fr\\\/chiari-scoliosis-syringomyelia-foundation-fete-10-ans\\\/#primaryimage\"},\"thumbnailUrl\":\"https:\\\/\\\/institutchiaribcn.com\\\/wp-content\\\/uploads\\\/2025\\\/10\\\/cssf-3rd-event-1.jpg\",\"datePublished\":\"2018-10-28T23:00:00+00:00\",\"dateModified\":\"2026-02-23T10:27:54+00:00\",\"description\":\"Retour sur les 10 ans de la Chiari & Scoliosis & Syringomyelia Foundation c\u00e9l\u00e9br\u00e9s avec art, th\u00e9\u00e2tre et soutien aux patients.\",\"breadcrumb\":{\"@id\":\"https:\\\/\\\/institutchiaribcn.com\\\/fr\\\/chiari-scoliosis-syringomyelia-foundation-fete-10-ans\\\/#breadcrumb\"},\"inLanguage\":\"fr-FR\",\"potentialAction\":[{\"@type\":\"ReadAction\",\"target\":[\"https:\\\/\\\/institutchiaribcn.com\\\/fr\\\/chiari-scoliosis-syringomyelia-foundation-fete-10-ans\\\/\"]}]},{\"@type\":\"ImageObject\",\"inLanguage\":\"fr-FR\",\"@id\":\"https:\\\/\\\/institutchiaribcn.com\\\/fr\\\/chiari-scoliosis-syringomyelia-foundation-fete-10-ans\\\/#primaryimage\",\"url\":\"https:\\\/\\\/institutchiaribcn.com\\\/wp-content\\\/uploads\\\/2025\\\/10\\\/cssf-3rd-event-1.jpg\",\"contentUrl\":\"https:\\\/\\\/institutchiaribcn.com\\\/wp-content\\\/uploads\\\/2025\\\/10\\\/cssf-3rd-event-1.jpg\",\"width\":200,\"height\":200},{\"@type\":\"BreadcrumbList\",\"@id\":\"https:\\\/\\\/institutchiaribcn.com\\\/fr\\\/chiari-scoliosis-syringomyelia-foundation-fete-10-ans\\\/#breadcrumb\",\"itemListElement\":[{\"@type\":\"ListItem\",\"position\":1,\"name\":\"Portada\",\"item\":\"https:\\\/\\\/institutchiaribcn.com\\\/fr\\\/\"},{\"@type\":\"ListItem\",\"position\":2,\"name\":\"Comunicaci\u00f3n\",\"item\":\"https:\\\/\\\/institutchiaribcn.com\\\/fr\\\/comunicacion\\\/\"},{\"@type\":\"ListItem\",\"position\":3,\"name\":\"La Fondation \u00ab\u00a0Chiari &#038; Scoliosis &#038; Syringomyelia Foundation\u00a0\u00bb f\u00eate ces 10 ans avec de l\u2019art et \u00e9motion\"}]},{\"@type\":\"WebSite\",\"@id\":\"https:\\\/\\\/institutchiaribcn.com\\\/fr\\\/#website\",\"url\":\"https:\\\/\\\/institutchiaribcn.com\\\/fr\\\/\",\"name\":\"Institut Chiari de Barcelona\",\"description\":\"\",\"publisher\":{\"@id\":\"https:\\\/\\\/institutchiaribcn.com\\\/fr\\\/#organization\"},\"potentialAction\":[{\"@type\":\"SearchAction\",\"target\":{\"@type\":\"EntryPoint\",\"urlTemplate\":\"https:\\\/\\\/institutchiaribcn.com\\\/fr\\\/?s={search_term_string}\"},\"query-input\":{\"@type\":\"PropertyValueSpecification\",\"valueRequired\":true,\"valueName\":\"search_term_string\"}}],\"inLanguage\":\"fr-FR\"},{\"@type\":\"Organization\",\"@id\":\"https:\\\/\\\/institutchiaribcn.com\\\/fr\\\/#organization\",\"name\":\"Institut Chiari de Barcelona\",\"url\":\"https:\\\/\\\/institutchiaribcn.com\\\/fr\\\/\",\"logo\":{\"@type\":\"ImageObject\",\"inLanguage\":\"fr-FR\",\"@id\":\"https:\\\/\\\/institutchiaribcn.com\\\/fr\\\/#\\\/schema\\\/logo\\\/image\\\/\",\"url\":\"https:\\\/\\\/institutchiaribcn.com\\\/wp-content\\\/uploads\\\/2025\\\/10\\\/cropped-cropped-icsebNavLogo-1.png\",\"contentUrl\":\"https:\\\/\\\/institutchiaribcn.com\\\/wp-content\\\/uploads\\\/2025\\\/10\\\/cropped-cropped-icsebNavLogo-1.png\",\"width\":245,\"height\":99,\"caption\":\"Institut Chiari de Barcelona\"},\"image\":{\"@id\":\"https:\\\/\\\/institutchiaribcn.com\\\/fr\\\/#\\\/schema\\\/logo\\\/image\\\/\"}}]}<\/script>\n<!-- \/ Yoast SEO plugin. -->","yoast_head_json":{"title":"CSSf f\u00eate ses 10 ans : art et engagement | ICSEB","description":"Retour sur les 10 ans de la Chiari & Scoliosis & Syringomyelia Foundation c\u00e9l\u00e9br\u00e9s avec art, th\u00e9\u00e2tre et soutien aux patients.","robots":{"index":"index","follow":"follow","max-snippet":"max-snippet:-1","max-image-preview":"max-image-preview:large","max-video-preview":"max-video-preview:-1"},"canonical":"https:\/\/institutchiaribcn.com\/fr\/chiari-scoliosis-syringomyelia-foundation-fete-10-ans\/","og_locale":"fr_FR","og_type":"article","og_title":"CSSf f\u00eate ses 10 ans : art et engagement | ICSEB","og_description":"Retour sur les 10 ans de la Chiari & Scoliosis & Syringomyelia Foundation c\u00e9l\u00e9br\u00e9s avec art, th\u00e9\u00e2tre et soutien aux patients.","og_url":"https:\/\/institutchiaribcn.com\/fr\/chiari-scoliosis-syringomyelia-foundation-fete-10-ans\/","og_site_name":"Institut Chiari","article_modified_time":"2026-02-23T10:27:54+00:00","og_image":[{"width":200,"height":200,"url":"https:\/\/institutchiaribcn.com\/wp-content\/uploads\/2025\/10\/cssf-3rd-event-1.jpg","type":"image\/jpeg"}],"twitter_card":"summary_large_image","twitter_misc":{"Dur\u00e9e de lecture estim\u00e9e":"8 minutes"},"schema":{"@context":"https:\/\/schema.org","@graph":[{"@type":"WebPage","@id":"https:\/\/institutchiaribcn.com\/fr\/chiari-scoliosis-syringomyelia-foundation-fete-10-ans\/","url":"https:\/\/institutchiaribcn.com\/fr\/chiari-scoliosis-syringomyelia-foundation-fete-10-ans\/","name":"CSSf f\u00eate ses 10 ans : art et engagement | ICSEB","isPartOf":{"@id":"https:\/\/institutchiaribcn.com\/fr\/#website"},"primaryImageOfPage":{"@id":"https:\/\/institutchiaribcn.com\/fr\/chiari-scoliosis-syringomyelia-foundation-fete-10-ans\/#primaryimage"},"image":{"@id":"https:\/\/institutchiaribcn.com\/fr\/chiari-scoliosis-syringomyelia-foundation-fete-10-ans\/#primaryimage"},"thumbnailUrl":"https:\/\/institutchiaribcn.com\/wp-content\/uploads\/2025\/10\/cssf-3rd-event-1.jpg","datePublished":"2018-10-28T23:00:00+00:00","dateModified":"2026-02-23T10:27:54+00:00","description":"Retour sur les 10 ans de la Chiari & Scoliosis & Syringomyelia Foundation c\u00e9l\u00e9br\u00e9s avec art, th\u00e9\u00e2tre et soutien aux patients.","breadcrumb":{"@id":"https:\/\/institutchiaribcn.com\/fr\/chiari-scoliosis-syringomyelia-foundation-fete-10-ans\/#breadcrumb"},"inLanguage":"fr-FR","potentialAction":[{"@type":"ReadAction","target":["https:\/\/institutchiaribcn.com\/fr\/chiari-scoliosis-syringomyelia-foundation-fete-10-ans\/"]}]},{"@type":"ImageObject","inLanguage":"fr-FR","@id":"https:\/\/institutchiaribcn.com\/fr\/chiari-scoliosis-syringomyelia-foundation-fete-10-ans\/#primaryimage","url":"https:\/\/institutchiaribcn.com\/wp-content\/uploads\/2025\/10\/cssf-3rd-event-1.jpg","contentUrl":"https:\/\/institutchiaribcn.com\/wp-content\/uploads\/2025\/10\/cssf-3rd-event-1.jpg","width":200,"height":200},{"@type":"BreadcrumbList","@id":"https:\/\/institutchiaribcn.com\/fr\/chiari-scoliosis-syringomyelia-foundation-fete-10-ans\/#breadcrumb","itemListElement":[{"@type":"ListItem","position":1,"name":"Portada","item":"https:\/\/institutchiaribcn.com\/fr\/"},{"@type":"ListItem","position":2,"name":"Comunicaci\u00f3n","item":"https:\/\/institutchiaribcn.com\/fr\/comunicacion\/"},{"@type":"ListItem","position":3,"name":"La Fondation \u00ab\u00a0Chiari &#038; Scoliosis &#038; Syringomyelia Foundation\u00a0\u00bb f\u00eate ces 10 ans avec de l\u2019art et \u00e9motion"}]},{"@type":"WebSite","@id":"https:\/\/institutchiaribcn.com\/fr\/#website","url":"https:\/\/institutchiaribcn.com\/fr\/","name":"Institut Chiari de Barcelona","description":"","publisher":{"@id":"https:\/\/institutchiaribcn.com\/fr\/#organization"},"potentialAction":[{"@type":"SearchAction","target":{"@type":"EntryPoint","urlTemplate":"https:\/\/institutchiaribcn.com\/fr\/?s={search_term_string}"},"query-input":{"@type":"PropertyValueSpecification","valueRequired":true,"valueName":"search_term_string"}}],"inLanguage":"fr-FR"},{"@type":"Organization","@id":"https:\/\/institutchiaribcn.com\/fr\/#organization","name":"Institut Chiari de Barcelona","url":"https:\/\/institutchiaribcn.com\/fr\/","logo":{"@type":"ImageObject","inLanguage":"fr-FR","@id":"https:\/\/institutchiaribcn.com\/fr\/#\/schema\/logo\/image\/","url":"https:\/\/institutchiaribcn.com\/wp-content\/uploads\/2025\/10\/cropped-cropped-icsebNavLogo-1.png","contentUrl":"https:\/\/institutchiaribcn.com\/wp-content\/uploads\/2025\/10\/cropped-cropped-icsebNavLogo-1.png","width":245,"height":99,"caption":"Institut Chiari de Barcelona"},"image":{"@id":"https:\/\/institutchiaribcn.com\/fr\/#\/schema\/logo\/image\/"}}]}},"_links":{"self":[{"href":"https:\/\/institutchiaribcn.com\/fr\/wp-json\/wp\/v2\/comunicacion\/78717","targetHints":{"allow":["GET"]}}],"collection":[{"href":"https:\/\/institutchiaribcn.com\/fr\/wp-json\/wp\/v2\/comunicacion"}],"about":[{"href":"https:\/\/institutchiaribcn.com\/fr\/wp-json\/wp\/v2\/types\/comunicacion"}],"wp:featuredmedia":[{"embeddable":true,"href":"https:\/\/institutchiaribcn.com\/fr\/wp-json\/wp\/v2\/media\/78718"}],"wp:attachment":[{"href":"https:\/\/institutchiaribcn.com\/fr\/wp-json\/wp\/v2\/media?parent=78717"}],"wp:term":[{"taxonomy":"tipos-de-comunicacion","embeddable":true,"href":"https:\/\/institutchiaribcn.com\/fr\/wp-json\/wp\/v2\/tipos-de-comunicacion?post=78717"}],"curies":[{"name":"wp","href":"https:\/\/api.w.org\/{rel}","templated":true}]}}