{"id":110284,"date":"2015-10-21T00:00:58","date_gmt":"2015-10-20T22:00:58","guid":{"rendered":"https:\/\/dev.institutchiaribcn.com\/comunicacion\/clausura-del-curso-internacional-diagnostico-y-tratamiento-de-la-enfermedad-del-filum-2a-edicion\/"},"modified":"2026-04-02T10:29:32","modified_gmt":"2026-04-02T08:29:32","slug":"clausura-del-curso-internacional-diagnostico-y-tratamiento-de-la-enfermedad-del-filum-2a-edicion","status":"publish","type":"comunicacion","link":"https:\/\/institutchiaribcn.com\/fr\/clausura-del-curso-internacional-diagnostico-y-tratamiento-de-la-enfermedad-del-filum-2a-edicion\/","title":{"rendered":"Clausura del Curso Internacional Diagn\u00f3stico y Tratamiento de la enfermedad del Filum, 2\u00aa Edici\u00f3n"},"content":{"rendered":"<p class=\"text-muted aniview centerTXT\">Published by <a title=\"Articles par ICSEB\" href=\"https:\/\/institutchiaribcn.com\/fr\/author\/chiari\/\" rel=\"author\">ICSEB<\/a> at 21 novembre, 2014<\/p>\n<p>&nbsp;<\/p>\n<hr \/>\n<p>&nbsp;<\/p>\n<div class=\"row\">\n<div class=\"col-md-4\"><img fetchpriority=\"high\" decoding=\"async\" class=\"img-responsive img-rounded aligncenter size-full wp-image-3572\" src=\"https:\/\/institutchiaribcn.com\/wp-content\/uploads\/2015\/09\/FABFilum2ed001.jpg\" sizes=\"(max-width: 800px) 100vw, 800px\" srcset=\"https:\/\/institutchiaribcn.com\/wp-content\/uploads\/2015\/09\/FABFilum2ed001.jpg 800w, https:\/\/institutchiaribcn.com\/wp-content\/uploads\/2015\/09\/FABFilum2ed001-300x210.jpg 300w\" width=\"800\" height=\"559\" \/><\/div>\n<div class=\"col-md-4\"><img decoding=\"async\" class=\"img-responsive img-rounded aligncenter size-full wp-image-3573\" src=\"https:\/\/institutchiaribcn.com\/wp-content\/uploads\/2015\/09\/FABFilum2ed002.jpg\" sizes=\"(max-width: 800px) 100vw, 800px\" srcset=\"https:\/\/institutchiaribcn.com\/wp-content\/uploads\/2015\/09\/FABFilum2ed002.jpg 800w, https:\/\/institutchiaribcn.com\/wp-content\/uploads\/2015\/09\/FABFilum2ed002-300x210.jpg 300w\" width=\"800\" height=\"559\" \/><\/div>\n<div class=\"col-md-4\"><img decoding=\"async\" class=\"img-responsive img-rounded aligncenter size-full wp-image-3574\" src=\"https:\/\/institutchiaribcn.com\/wp-content\/uploads\/2015\/09\/FABFilum2ed003.jpg\" sizes=\"(max-width: 800px) 100vw, 800px\" srcset=\"https:\/\/institutchiaribcn.com\/wp-content\/uploads\/2015\/09\/FABFilum2ed003.jpg 800w, https:\/\/institutchiaribcn.com\/wp-content\/uploads\/2015\/09\/FABFilum2ed003-300x210.jpg 300w\" width=\"800\" height=\"559\" \/><\/div>\n<\/div>\n<div class=\"row\">\n<div class=\"col-md-4\"><img loading=\"lazy\" decoding=\"async\" class=\"img-responsive img-rounded aligncenter size-full wp-image-3575\" src=\"https:\/\/institutchiaribcn.com\/wp-content\/uploads\/2015\/09\/FABFilum2ed004.jpg\" sizes=\"(max-width: 800px) 100vw, 800px\" srcset=\"https:\/\/institutchiaribcn.com\/wp-content\/uploads\/2015\/09\/FABFilum2ed004.jpg 800w, https:\/\/institutchiaribcn.com\/wp-content\/uploads\/2015\/09\/FABFilum2ed004-300x210.jpg 300w\" width=\"800\" height=\"559\" \/><\/div>\n<div class=\"col-md-4\"><img loading=\"lazy\" decoding=\"async\" class=\"img-responsive img-rounded aligncenter size-full wp-image-3576\" src=\"https:\/\/institutchiaribcn.com\/wp-content\/uploads\/2015\/09\/FABFilum2ed005.jpg\" sizes=\"(max-width: 800px) 100vw, 800px\" srcset=\"https:\/\/institutchiaribcn.com\/wp-content\/uploads\/2015\/09\/FABFilum2ed005.jpg 800w, https:\/\/institutchiaribcn.com\/wp-content\/uploads\/2015\/09\/FABFilum2ed005-300x210.jpg 300w\" width=\"800\" height=\"559\" \/><\/div>\n<div class=\"col-md-4\"><img loading=\"lazy\" decoding=\"async\" class=\"img-responsive img-rounded aligncenter size-full wp-image-3577\" src=\"https:\/\/institutchiaribcn.com\/wp-content\/uploads\/2015\/09\/FABFilum2ed006.jpg\" sizes=\"(max-width: 800px) 100vw, 800px\" srcset=\"https:\/\/institutchiaribcn.com\/wp-content\/uploads\/2015\/09\/FABFilum2ed006.jpg 800w, https:\/\/institutchiaribcn.com\/wp-content\/uploads\/2015\/09\/FABFilum2ed006-300x210.jpg 300w\" width=\"800\" height=\"559\" \/><\/div>\n<\/div>\n<p>El d\u00eda 14 de noviembre, en el Aula Central de la Filum Academy Barcelona<sup>\u00ae\u00a0<\/sup>tuvimos el privilegio de asistir a la clausura del curso \u201c<strong>Diagn\u00f3stico y tratamiento de la enfermedad del filum<\/strong>\u201d en su segunda edici\u00f3n.<\/p>\n<p>El acto fue apadrinado por la\u00a0<strong>Chiari &amp; Scoliosis &amp; Syringomyelia Foundation<\/strong>\u00a0y cont\u00f3 con la presencia del Dr. Alfonso Rodr\u00edguez-Baeza, catedr\u00e1tico de Anatom\u00eda y Embriolog\u00eda de la Universitat Aut\u00f2noma de Barcelona (UAB) que obsequi\u00f3 a los asistentes con una expl\u00e9ndida lecci\u00f3n magistral que llevaba por titulo: \u201cFilum Terminale\u201d.<\/p>\n<p>Entre los presentes se hallaban representantes de las \u00e1reas de neurocirug\u00eda, anestesia, cardiologia, rehabilitaci\u00f3n y del mundo universitario; para todos ellos, el investigador\u00a0<strong>Dr. Miguel B. Royo Salvador<\/strong>\u00a0tuvo unas emotivas palabras de agradecimiento.<\/p>\n<blockquote><p><strong><em>&lt;&gt;<\/em><\/strong>\u00a0destac\u00f3 el Dr. Miguel B. Royo Salvador.<\/p><\/blockquote>\n<p>El acto concluy\u00f3 con la entrega de diplomas a los participantes del curso y la prim\u00edcia de una novedad editorial sobre la cual todos ustedes ser\u00e1n informados pr\u00f3ximamente.<\/p>\n<hr \/>\n<div class=\"row\">\n<div class=\"col-md-12\">\n<p><img loading=\"lazy\" decoding=\"async\" class=\"img-rounded img-responsive size-full wp-image-3580\" src=\"https:\/\/institutchiaribcn.com\/wp-content\/uploads\/2014\/11\/FABFilum2ed007.jpg\" sizes=\"(max-width: 800px) 100vw, 800px\" srcset=\"https:\/\/institutchiaribcn.com\/wp-content\/uploads\/2014\/11\/FABFilum2ed007.jpg 800w, https:\/\/institutchiaribcn.com\/wp-content\/uploads\/2014\/11\/FABFilum2ed007-300x152.jpg 300w\" alt=\"Lecci\u00f3n Magistral \u201cFilum Terminale\u201d a cargo del Catedr\u00e1tico, Dr. Alfonso Rodr\u00edguez-Baeza.\" width=\"800\" height=\"406\" \/><\/p>\n<div align=\"center\">Lecci\u00f3n Magistral \u201cFilum Terminale\u201d a cargo del Catedr\u00e1tico, Dr. Alfonso Rodr\u00edguez-Baeza.<\/div>\n<p><img loading=\"lazy\" decoding=\"async\" class=\"img-rounded img-responsive size-full wp-image-3581\" src=\"https:\/\/institutchiaribcn.com\/wp-content\/uploads\/2014\/11\/FABFilum2ed008.jpg\" sizes=\"(max-width: 800px) 100vw, 800px\" srcset=\"https:\/\/institutchiaribcn.com\/wp-content\/uploads\/2014\/11\/FABFilum2ed008.jpg 800w, https:\/\/institutchiaribcn.com\/wp-content\/uploads\/2014\/11\/FABFilum2ed008-300x162.jpg 300w\" alt=\"De derecha a izquierda: Dr. Rodriguez-Baeza, Dr. Fiallos, Dr. Colet, Dssa. Lu\u00e8, Sra. Nina Arutiounova, Sra. Lurdes Lozano, Sra. Mara Espino, Dr. Miguel B. Royo, Dr. Oll\u00e9, Dr. Victoria y Sr. Xavier Ant\u00f3n.\" width=\"800\" height=\"431\" \/><\/p>\n<div align=\"center\">De derecha a izquierda: Dr. Rodriguez-Baeza, Dr. Fiallos, Dr. Colet, Dssa. Lu\u00e8, Sra. Nina Arutiounova, Sra. Lurdes Lozano, Sra. Mara Espino, Dr. Miguel B. Royo, Dr. Oll\u00e9, Dr. Victoria y Sr. Xavier Ant\u00f3n.<\/div>\n<p><img loading=\"lazy\" decoding=\"async\" class=\"img-rounded img-responsive size-full wp-image-3582\" src=\"https:\/\/institutchiaribcn.com\/wp-content\/uploads\/2014\/11\/FABFilum2ed009.jpg\" sizes=\"(max-width: 800px) 100vw, 800px\" srcset=\"https:\/\/institutchiaribcn.com\/wp-content\/uploads\/2014\/11\/FABFilum2ed009.jpg 800w, https:\/\/institutchiaribcn.com\/wp-content\/uploads\/2014\/11\/FABFilum2ed009-300x183.jpg 300w\" alt=\"El debate se mantuvo apasionante incluso durante los breves momentos de descanso. De derecha a izquierda: Dr. Rodr\u00edguez-Baeza y Dr. Colet.\" width=\"800\" height=\"488\" \/><\/p>\n<div align=\"center\">El debate se mantuvo apasionante incluso durante los breves momentos de descanso.<br \/>\nDe derecha a izquierda: Dr. Rodr\u00edguez-Baeza y Dr. Colet.<\/div>\n<p><img loading=\"lazy\" decoding=\"async\" class=\"img-rounded img-responsive size-full wp-image-3583\" src=\"https:\/\/institutchiaribcn.com\/wp-content\/uploads\/2014\/11\/FABFilum2ed010.jpeg\" sizes=\"(max-width: 800px) 100vw, 800px\" srcset=\"https:\/\/institutchiaribcn.com\/wp-content\/uploads\/2014\/11\/FABFilum2ed010.jpeg 800w, https:\/\/institutchiaribcn.com\/wp-content\/uploads\/2014\/11\/FABFilum2ed010-300x182.jpeg 300w\" alt=\"Siguiendo con el programa del curso, era del todo necesaria una visita a los quir\u00f3fanos.\" width=\"800\" height=\"486\" \/><\/p>\n<div align=\"center\">Siguiendo con el programa del curso, era del todo necesaria una visita a los quir\u00f3fanos.<\/div>\n<p><img loading=\"lazy\" decoding=\"async\" class=\"img-rounded img-responsive size-full wp-image-3584\" src=\"https:\/\/institutchiaribcn.com\/wp-content\/uploads\/2014\/11\/FABFilum2ed011.jpg\" sizes=\"(max-width: 800px) 100vw, 800px\" srcset=\"https:\/\/institutchiaribcn.com\/wp-content\/uploads\/2014\/11\/FABFilum2ed011.jpg 800w, https:\/\/institutchiaribcn.com\/wp-content\/uploads\/2014\/11\/FABFilum2ed011-300x225.jpg 300w\" alt=\"Un encuentro entra\u00f1able entre el mundo de la ciencia y quien atiende a los pacientes en primera l\u00ednea. De derecha a izquierda: Dr. Antonio Victoria y Dr. Miguel Royo.\" width=\"800\" height=\"600\" \/><\/p>\n<div align=\"center\">Un encuentro entra\u00f1able entre el mundo de la ciencia y quien atiende a los pacientes en primera l\u00ednea.<br \/>\nDe derecha a izquierda: Dr. Antonio Victoria y Dr. Miguel Royo.<\/div>\n<p><img loading=\"lazy\" decoding=\"async\" class=\"img-rounded img-responsive size-full wp-image-3585\" src=\"https:\/\/institutchiaribcn.com\/wp-content\/uploads\/2014\/11\/FABFilum2ed012.jpg\" sizes=\"(max-width: 800px) 100vw, 800px\" srcset=\"https:\/\/institutchiaribcn.com\/wp-content\/uploads\/2014\/11\/FABFilum2ed012.jpg 800w, https:\/\/institutchiaribcn.com\/wp-content\/uploads\/2014\/11\/FABFilum2ed012-300x207.jpg 300w\" alt=\"Una foto para el recuerdo: La satisfacci\u00f3n final por unas excelentes jornadas de trabajo. De derecha a izquierda y de arriba a abajo: Dr. Antonio Victoria, Sra. Yuka Takahashi, Dr. Miguel B. Royo, Dr. Filippo Iafanti, Sra. Mara Espino y Dssa. Gioia Lu\u00e8.\" width=\"800\" height=\"552\" \/><\/p>\n<div align=\"center\">Una foto para el recuerdo: La satisfacci\u00f3n final por unas excelentes jornadas de trabajo.<br \/>\nDe derecha a izquierda y de arriba a abajo: Dr. Antonio Victoria, Sra. Yuka Takahashi, Dr. Miguel B. Royo, Dr. Filippo Iafanti, Sra. Mara Espino y Dssa. Gioia Lu\u00e8.<\/div>\n<\/div>\n<\/div>\n","protected":false},"featured_media":110285,"template":"","tipos-de-comunicacion":[564],"class_list":["post-110284","comunicacion","type-comunicacion","status-publish","has-post-thumbnail","hentry","tipos-de-comunicacion-annonces-de-la-filum-academy"],"yoast_head":"<!-- This site is optimized with the Yoast SEO plugin v27.4 - https:\/\/yoast.com\/product\/yoast-seo-wordpress\/ -->\n<title>Cl\u00f4ture cours diagnostic filum | Instituto Chiari Barcelona<\/title>\n<meta name=\"description\" content=\"Cl\u00f4ture du cours international ICSEB sur le diagnostic et le traitement de la Maladie du Filum, d\u00e9di\u00e9 \u00e0 la formation m\u00e9dicale sp\u00e9cialis\u00e9e.\" \/>\n<meta name=\"robots\" content=\"index, follow, max-snippet:-1, max-image-preview:large, max-video-preview:-1\" \/>\n<link rel=\"canonical\" href=\"https:\/\/institutchiaribcn.com\/fr\/clausura-del-curso-internacional-diagnostico-y-tratamiento-de-la-enfermedad-del-filum-2a-edicion\/\" \/>\n<meta property=\"og:locale\" content=\"fr_FR\" \/>\n<meta property=\"og:type\" content=\"article\" \/>\n<meta property=\"og:title\" content=\"Cl\u00f4ture cours diagnostic filum | Instituto Chiari Barcelona\" \/>\n<meta property=\"og:description\" content=\"Cl\u00f4ture du cours international ICSEB sur le diagnostic et le traitement de la Maladie du Filum, d\u00e9di\u00e9 \u00e0 la formation m\u00e9dicale sp\u00e9cialis\u00e9e.\" \/>\n<meta property=\"og:url\" content=\"https:\/\/institutchiaribcn.com\/fr\/clausura-del-curso-internacional-diagnostico-y-tratamiento-de-la-enfermedad-del-filum-2a-edicion\/\" \/>\n<meta property=\"og:site_name\" content=\"Institut Chiari\" \/>\n<meta property=\"article:modified_time\" content=\"2026-04-02T08:29:32+00:00\" \/>\n<meta property=\"og:image\" content=\"https:\/\/institutchiaribcn.com\/wp-content\/uploads\/2025\/10\/previewClausura2ed-1.jpg\" \/>\n\t<meta property=\"og:image:width\" content=\"200\" \/>\n\t<meta property=\"og:image:height\" content=\"102\" \/>\n\t<meta property=\"og:image:type\" content=\"image\/jpeg\" \/>\n<meta name=\"twitter:card\" content=\"summary_large_image\" \/>\n<meta name=\"twitter:label1\" content=\"Dur\u00e9e de lecture estim\u00e9e\" \/>\n\t<meta name=\"twitter:data1\" content=\"4 minutes\" \/>\n<script type=\"application\/ld+json\" class=\"yoast-schema-graph\">{\"@context\":\"https:\\\/\\\/schema.org\",\"@graph\":[{\"@type\":\"WebPage\",\"@id\":\"https:\\\/\\\/institutchiaribcn.com\\\/fr\\\/clausura-del-curso-internacional-diagnostico-y-tratamiento-de-la-enfermedad-del-filum-2a-edicion\\\/\",\"url\":\"https:\\\/\\\/institutchiaribcn.com\\\/fr\\\/clausura-del-curso-internacional-diagnostico-y-tratamiento-de-la-enfermedad-del-filum-2a-edicion\\\/\",\"name\":\"Cl\u00f4ture cours diagnostic filum | Instituto Chiari Barcelona\",\"isPartOf\":{\"@id\":\"https:\\\/\\\/institutchiaribcn.com\\\/fr\\\/#website\"},\"primaryImageOfPage\":{\"@id\":\"https:\\\/\\\/institutchiaribcn.com\\\/fr\\\/clausura-del-curso-internacional-diagnostico-y-tratamiento-de-la-enfermedad-del-filum-2a-edicion\\\/#primaryimage\"},\"image\":{\"@id\":\"https:\\\/\\\/institutchiaribcn.com\\\/fr\\\/clausura-del-curso-internacional-diagnostico-y-tratamiento-de-la-enfermedad-del-filum-2a-edicion\\\/#primaryimage\"},\"thumbnailUrl\":\"https:\\\/\\\/institutchiaribcn.com\\\/wp-content\\\/uploads\\\/2025\\\/10\\\/previewClausura2ed-1.jpg\",\"datePublished\":\"2015-10-20T22:00:58+00:00\",\"dateModified\":\"2026-04-02T08:29:32+00:00\",\"description\":\"Cl\u00f4ture du cours international ICSEB sur le diagnostic et le traitement de la Maladie du Filum, d\u00e9di\u00e9 \u00e0 la formation m\u00e9dicale sp\u00e9cialis\u00e9e.\",\"breadcrumb\":{\"@id\":\"https:\\\/\\\/institutchiaribcn.com\\\/fr\\\/clausura-del-curso-internacional-diagnostico-y-tratamiento-de-la-enfermedad-del-filum-2a-edicion\\\/#breadcrumb\"},\"inLanguage\":\"fr-FR\",\"potentialAction\":[{\"@type\":\"ReadAction\",\"target\":[\"https:\\\/\\\/institutchiaribcn.com\\\/fr\\\/clausura-del-curso-internacional-diagnostico-y-tratamiento-de-la-enfermedad-del-filum-2a-edicion\\\/\"]}]},{\"@type\":\"ImageObject\",\"inLanguage\":\"fr-FR\",\"@id\":\"https:\\\/\\\/institutchiaribcn.com\\\/fr\\\/clausura-del-curso-internacional-diagnostico-y-tratamiento-de-la-enfermedad-del-filum-2a-edicion\\\/#primaryimage\",\"url\":\"https:\\\/\\\/institutchiaribcn.com\\\/wp-content\\\/uploads\\\/2025\\\/10\\\/previewClausura2ed-1.jpg\",\"contentUrl\":\"https:\\\/\\\/institutchiaribcn.com\\\/wp-content\\\/uploads\\\/2025\\\/10\\\/previewClausura2ed-1.jpg\",\"width\":200,\"height\":102},{\"@type\":\"BreadcrumbList\",\"@id\":\"https:\\\/\\\/institutchiaribcn.com\\\/fr\\\/clausura-del-curso-internacional-diagnostico-y-tratamiento-de-la-enfermedad-del-filum-2a-edicion\\\/#breadcrumb\",\"itemListElement\":[{\"@type\":\"ListItem\",\"position\":1,\"name\":\"Portada\",\"item\":\"https:\\\/\\\/institutchiaribcn.com\\\/fr\\\/\"},{\"@type\":\"ListItem\",\"position\":2,\"name\":\"Comunicaci\u00f3n\",\"item\":\"https:\\\/\\\/institutchiaribcn.com\\\/fr\\\/comunicacion\\\/\"},{\"@type\":\"ListItem\",\"position\":3,\"name\":\"Clausura del Curso Internacional Diagn\u00f3stico y Tratamiento de la enfermedad del Filum, 2\u00aa Edici\u00f3n\"}]},{\"@type\":\"WebSite\",\"@id\":\"https:\\\/\\\/institutchiaribcn.com\\\/fr\\\/#website\",\"url\":\"https:\\\/\\\/institutchiaribcn.com\\\/fr\\\/\",\"name\":\"Institut Chiari de Barcelona\",\"description\":\"\",\"publisher\":{\"@id\":\"https:\\\/\\\/institutchiaribcn.com\\\/fr\\\/#organization\"},\"potentialAction\":[{\"@type\":\"SearchAction\",\"target\":{\"@type\":\"EntryPoint\",\"urlTemplate\":\"https:\\\/\\\/institutchiaribcn.com\\\/fr\\\/?s={search_term_string}\"},\"query-input\":{\"@type\":\"PropertyValueSpecification\",\"valueRequired\":true,\"valueName\":\"search_term_string\"}}],\"inLanguage\":\"fr-FR\"},{\"@type\":\"Organization\",\"@id\":\"https:\\\/\\\/institutchiaribcn.com\\\/fr\\\/#organization\",\"name\":\"Institut Chiari de Barcelona\",\"url\":\"https:\\\/\\\/institutchiaribcn.com\\\/fr\\\/\",\"logo\":{\"@type\":\"ImageObject\",\"inLanguage\":\"fr-FR\",\"@id\":\"https:\\\/\\\/institutchiaribcn.com\\\/fr\\\/#\\\/schema\\\/logo\\\/image\\\/\",\"url\":\"https:\\\/\\\/institutchiaribcn.com\\\/wp-content\\\/uploads\\\/2025\\\/10\\\/cropped-cropped-icsebNavLogo-1.png\",\"contentUrl\":\"https:\\\/\\\/institutchiaribcn.com\\\/wp-content\\\/uploads\\\/2025\\\/10\\\/cropped-cropped-icsebNavLogo-1.png\",\"width\":245,\"height\":99,\"caption\":\"Institut Chiari de Barcelona\"},\"image\":{\"@id\":\"https:\\\/\\\/institutchiaribcn.com\\\/fr\\\/#\\\/schema\\\/logo\\\/image\\\/\"}}]}<\/script>\n<!-- \/ Yoast SEO plugin. -->","yoast_head_json":{"title":"Cl\u00f4ture cours diagnostic filum | Instituto Chiari Barcelona","description":"Cl\u00f4ture du cours international ICSEB sur le diagnostic et le traitement de la Maladie du Filum, d\u00e9di\u00e9 \u00e0 la formation m\u00e9dicale sp\u00e9cialis\u00e9e.","robots":{"index":"index","follow":"follow","max-snippet":"max-snippet:-1","max-image-preview":"max-image-preview:large","max-video-preview":"max-video-preview:-1"},"canonical":"https:\/\/institutchiaribcn.com\/fr\/clausura-del-curso-internacional-diagnostico-y-tratamiento-de-la-enfermedad-del-filum-2a-edicion\/","og_locale":"fr_FR","og_type":"article","og_title":"Cl\u00f4ture cours diagnostic filum | Instituto Chiari Barcelona","og_description":"Cl\u00f4ture du cours international ICSEB sur le diagnostic et le traitement de la Maladie du Filum, d\u00e9di\u00e9 \u00e0 la formation m\u00e9dicale sp\u00e9cialis\u00e9e.","og_url":"https:\/\/institutchiaribcn.com\/fr\/clausura-del-curso-internacional-diagnostico-y-tratamiento-de-la-enfermedad-del-filum-2a-edicion\/","og_site_name":"Institut Chiari","article_modified_time":"2026-04-02T08:29:32+00:00","og_image":[{"width":200,"height":102,"url":"https:\/\/institutchiaribcn.com\/wp-content\/uploads\/2025\/10\/previewClausura2ed-1.jpg","type":"image\/jpeg"}],"twitter_card":"summary_large_image","twitter_misc":{"Dur\u00e9e de lecture estim\u00e9e":"4 minutes"},"schema":{"@context":"https:\/\/schema.org","@graph":[{"@type":"WebPage","@id":"https:\/\/institutchiaribcn.com\/fr\/clausura-del-curso-internacional-diagnostico-y-tratamiento-de-la-enfermedad-del-filum-2a-edicion\/","url":"https:\/\/institutchiaribcn.com\/fr\/clausura-del-curso-internacional-diagnostico-y-tratamiento-de-la-enfermedad-del-filum-2a-edicion\/","name":"Cl\u00f4ture cours diagnostic filum | Instituto Chiari Barcelona","isPartOf":{"@id":"https:\/\/institutchiaribcn.com\/fr\/#website"},"primaryImageOfPage":{"@id":"https:\/\/institutchiaribcn.com\/fr\/clausura-del-curso-internacional-diagnostico-y-tratamiento-de-la-enfermedad-del-filum-2a-edicion\/#primaryimage"},"image":{"@id":"https:\/\/institutchiaribcn.com\/fr\/clausura-del-curso-internacional-diagnostico-y-tratamiento-de-la-enfermedad-del-filum-2a-edicion\/#primaryimage"},"thumbnailUrl":"https:\/\/institutchiaribcn.com\/wp-content\/uploads\/2025\/10\/previewClausura2ed-1.jpg","datePublished":"2015-10-20T22:00:58+00:00","dateModified":"2026-04-02T08:29:32+00:00","description":"Cl\u00f4ture du cours international ICSEB sur le diagnostic et le traitement de la Maladie du Filum, d\u00e9di\u00e9 \u00e0 la formation m\u00e9dicale sp\u00e9cialis\u00e9e.","breadcrumb":{"@id":"https:\/\/institutchiaribcn.com\/fr\/clausura-del-curso-internacional-diagnostico-y-tratamiento-de-la-enfermedad-del-filum-2a-edicion\/#breadcrumb"},"inLanguage":"fr-FR","potentialAction":[{"@type":"ReadAction","target":["https:\/\/institutchiaribcn.com\/fr\/clausura-del-curso-internacional-diagnostico-y-tratamiento-de-la-enfermedad-del-filum-2a-edicion\/"]}]},{"@type":"ImageObject","inLanguage":"fr-FR","@id":"https:\/\/institutchiaribcn.com\/fr\/clausura-del-curso-internacional-diagnostico-y-tratamiento-de-la-enfermedad-del-filum-2a-edicion\/#primaryimage","url":"https:\/\/institutchiaribcn.com\/wp-content\/uploads\/2025\/10\/previewClausura2ed-1.jpg","contentUrl":"https:\/\/institutchiaribcn.com\/wp-content\/uploads\/2025\/10\/previewClausura2ed-1.jpg","width":200,"height":102},{"@type":"BreadcrumbList","@id":"https:\/\/institutchiaribcn.com\/fr\/clausura-del-curso-internacional-diagnostico-y-tratamiento-de-la-enfermedad-del-filum-2a-edicion\/#breadcrumb","itemListElement":[{"@type":"ListItem","position":1,"name":"Portada","item":"https:\/\/institutchiaribcn.com\/fr\/"},{"@type":"ListItem","position":2,"name":"Comunicaci\u00f3n","item":"https:\/\/institutchiaribcn.com\/fr\/comunicacion\/"},{"@type":"ListItem","position":3,"name":"Clausura del Curso Internacional Diagn\u00f3stico y Tratamiento de la enfermedad del Filum, 2\u00aa Edici\u00f3n"}]},{"@type":"WebSite","@id":"https:\/\/institutchiaribcn.com\/fr\/#website","url":"https:\/\/institutchiaribcn.com\/fr\/","name":"Institut Chiari de Barcelona","description":"","publisher":{"@id":"https:\/\/institutchiaribcn.com\/fr\/#organization"},"potentialAction":[{"@type":"SearchAction","target":{"@type":"EntryPoint","urlTemplate":"https:\/\/institutchiaribcn.com\/fr\/?s={search_term_string}"},"query-input":{"@type":"PropertyValueSpecification","valueRequired":true,"valueName":"search_term_string"}}],"inLanguage":"fr-FR"},{"@type":"Organization","@id":"https:\/\/institutchiaribcn.com\/fr\/#organization","name":"Institut Chiari de Barcelona","url":"https:\/\/institutchiaribcn.com\/fr\/","logo":{"@type":"ImageObject","inLanguage":"fr-FR","@id":"https:\/\/institutchiaribcn.com\/fr\/#\/schema\/logo\/image\/","url":"https:\/\/institutchiaribcn.com\/wp-content\/uploads\/2025\/10\/cropped-cropped-icsebNavLogo-1.png","contentUrl":"https:\/\/institutchiaribcn.com\/wp-content\/uploads\/2025\/10\/cropped-cropped-icsebNavLogo-1.png","width":245,"height":99,"caption":"Institut Chiari de Barcelona"},"image":{"@id":"https:\/\/institutchiaribcn.com\/fr\/#\/schema\/logo\/image\/"}}]}},"_links":{"self":[{"href":"https:\/\/institutchiaribcn.com\/fr\/wp-json\/wp\/v2\/comunicacion\/110284","targetHints":{"allow":["GET"]}}],"collection":[{"href":"https:\/\/institutchiaribcn.com\/fr\/wp-json\/wp\/v2\/comunicacion"}],"about":[{"href":"https:\/\/institutchiaribcn.com\/fr\/wp-json\/wp\/v2\/types\/comunicacion"}],"wp:featuredmedia":[{"embeddable":true,"href":"https:\/\/institutchiaribcn.com\/fr\/wp-json\/wp\/v2\/media\/110285"}],"wp:attachment":[{"href":"https:\/\/institutchiaribcn.com\/fr\/wp-json\/wp\/v2\/media?parent=110284"}],"wp:term":[{"taxonomy":"tipos-de-comunicacion","embeddable":true,"href":"https:\/\/institutchiaribcn.com\/fr\/wp-json\/wp\/v2\/tipos-de-comunicacion?post=110284"}],"curies":[{"name":"wp","href":"https:\/\/api.w.org\/{rel}","templated":true}]}}