{"id":108003,"date":"2022-11-17T00:00:00","date_gmt":"2022-11-16T23:00:00","guid":{"rendered":"https:\/\/dev.institutchiaribcn.com\/comunicacion\/ix-reunion-chiari-scoliosis-syringomyelia-foundation-2\/"},"modified":"2026-02-20T12:44:38","modified_gmt":"2026-02-20T11:44:38","slug":"ix-reunion-chiari-scoliosis-syringomyelia-foundation-2","status":"publish","type":"comunicacion","link":"https:\/\/institutchiaribcn.com\/fr\/ix-reunion-chiari-scoliosis-syringomyelia-foundation-2\/","title":{"rendered":"IX R\u00e9union \u00ab\u00a0Chiari &#038; Scoliosis &#038; Syringomyelia Foundation\u00a0\u00bb"},"content":{"rendered":"<p class=\"text-muted aniview centerTXT\">Published by <a title=\"Articles par ICSEB\" href=\"https:\/\/institutchiaribcn.com\/fr\/author\/chiari\/\" rel=\"author\">ICSEB<\/a> at 16 juin, 2015<\/p>\n<p align=\"center\"><span style=\"color: #0000ff;\"><strong>IX R\u00e9union \u00ab\u00a0Chiari &amp; Scoliosis &amp; Syringomyelia Foundation\u00a0\u00bb<\/strong><\/span><\/p>\n<p align=\"center\"><strong>\u00a0<span style=\"color: #800080;\">Lublin, Pologne, samedi 27 juin 2015<\/span><\/strong><\/p>\n<p style=\"text-align: center;\"><strong><em>Filum System.\u00a0<\/em><\/strong><strong><em>R\u00e9sultats dans le diagnostique et le traitement de la Maladie du Filum: Syndrome d\u2019Arnold Chiari I, Syringomy\u00e9lie et Scoliose idiopathiques.<\/em><\/strong><\/p>\n<p style=\"text-align: justify;\"><strong>Programme<\/strong><\/p>\n<p>08.30 \u00a0\u00a0Accueil.<\/p>\n<p>09.00 Introduction\u00a0<strong>\u2013\u00a0<\/strong>Prof. Dr hab. Krzysztof Turowski, Neurochirurgien, D\u00e9l\u00e9gation de Lublin de la Soci\u00e9t\u00e9 polonaise de Neurochirurgiens.<\/p>\n<p>09.30 Pr\u00e9sentation \u2013 Dr. Miguel B. Royo Salvador, Neurochirurgien et Neurologue.\u2028 Directeur de l\u2019Institut Chiari &amp; Siringomielia &amp; Escoliosis de Barcelona.<\/p>\n<p><strong><em>\u201cFilum System. R\u00e9sultats dans le diagnostique et le traitement de la Maladie du Filum: Syndrome d\u2019Arnold Chiari I, Syringomy\u00e9lie et Scoliose idiopathiques.\u201d<\/em><\/strong><\/p>\n<p>12.00 Pause Caf\u00e9<\/p>\n<p>12:20 Pr\u00e9sentation \u2013 Mme. Gioia Lu\u00e8, Psychologue Clinique. Coordinatrice m\u00e9dicale-chirurgicale de l\u2019Institut Chiari &amp; Siringomielia &amp; Escoliosis de Barcelona.<\/p>\n<p><strong><em>\u201cCas cliniques: la qualit\u00e9 de vie des patients avec l\u2019application du Filum System.\u201d<\/em><\/strong><\/p>\n<p>13:00 D\u00e9bat et questions.<\/p>\n<p>14.00 Repas<\/p>\n<p>15:30 Consultations des cas.<\/p>\n<p><strong><em>Session clinique sur la Maladie du Filum: Syndrome d\u2019Arnold Chiari I, Syringomy\u00e9lie et Scoliose idiopathiques.<\/em><\/strong><\/p>\n<p>17:00 Conclusion. prof. Dr hab. Krzysztof Turowski.<\/p>\n<p>Le programme peut \u00eatre sujet \u00e0 changement.<\/p>\n<p style=\"text-align: center;\">==================================================<\/p>\n<p style=\"text-align: center;\"><strong>R\u00c9SERVATIONS<\/strong><\/p>\n<p style=\"text-align: left;\">Pour faciliter et garantir une bonne organisation, nous vous prions de confirmer votre r\u00e9servation. (Places limit\u00e9es).\u00a0<strong>La participation \u00e0 la r\u00e9union est gratuite.<\/strong><\/p>\n<p>Nous prions de remplir le formulaire d\u2019inscription:<\/p>\n<p>\u2013 Formulaire pour patients, familles et public en g\u00e9n\u00e9ral:\u00a0<strong><a href=\"https:\/\/goo.gl\/forms\/Sfn83mGRGs\">https:\/\/goo.gl\/forms\/Sfn83mGRGs<\/a><\/strong><\/p>\n<p>\u2013 Formulaire pour professionnels de sant\u00e9:\u00a0<a href=\"https:\/\/goo.gl\/forms\/EXtXyxqLIQ\" target=\"_blank\" rel=\"noopener\"><strong>https:\/\/goo.gl\/forms\/EXtXyxqLIQ<\/strong><\/a><\/p>\n<p>Pour toute information compl\u00e9mentaire les suivants contacts seront \u00e0 votre disposition:<\/p>\n<p>En polonais:<\/p>\n","protected":false},"featured_media":79309,"template":"","tipos-de-comunicacion":[],"class_list":["post-108003","comunicacion","type-comunicacion","status-publish","has-post-thumbnail","hentry"],"yoast_head":"<!-- This site is optimized with the Yoast SEO plugin v27.4 - https:\/\/yoast.com\/product\/yoast-seo-wordpress\/ -->\n<title>IXe R\u00e9union Chiari, Scoliose et Syringomy\u00e9lie | ICSEB<\/title>\n<meta name=\"description\" content=\"R\u00e9union de la Chiari, Scoliose et Syringomy\u00e9lie Foundation sur le diagnostic et le traitement de ces pathologies.\" \/>\n<meta name=\"robots\" content=\"index, follow, max-snippet:-1, max-image-preview:large, max-video-preview:-1\" \/>\n<link rel=\"canonical\" href=\"https:\/\/institutchiaribcn.com\/fr\/ix-reunion-chiari-scoliosis-syringomyelia-foundation-2\/\" \/>\n<meta property=\"og:locale\" content=\"fr_FR\" \/>\n<meta property=\"og:type\" content=\"article\" \/>\n<meta property=\"og:title\" content=\"IXe R\u00e9union Chiari, Scoliose et Syringomy\u00e9lie | ICSEB\" \/>\n<meta property=\"og:description\" content=\"R\u00e9union de la Chiari, Scoliose et Syringomy\u00e9lie Foundation sur le diagnostic et le traitement de ces pathologies.\" \/>\n<meta property=\"og:url\" content=\"https:\/\/institutchiaribcn.com\/fr\/ix-reunion-chiari-scoliosis-syringomyelia-foundation-2\/\" \/>\n<meta property=\"og:site_name\" content=\"Institut Chiari\" \/>\n<meta property=\"article:modified_time\" content=\"2026-02-20T11:44:38+00:00\" \/>\n<meta property=\"og:image\" content=\"https:\/\/institutchiaribcn.com\/wp-content\/uploads\/2025\/10\/ix-reunion-chiari1-1.png\" \/>\n\t<meta property=\"og:image:width\" content=\"200\" \/>\n\t<meta property=\"og:image:height\" content=\"200\" \/>\n\t<meta property=\"og:image:type\" content=\"image\/png\" \/>\n<meta name=\"twitter:card\" content=\"summary_large_image\" \/>\n<meta name=\"twitter:label1\" content=\"Dur\u00e9e de lecture estim\u00e9e\" \/>\n\t<meta name=\"twitter:data1\" content=\"2 minutes\" \/>\n<script type=\"application\/ld+json\" class=\"yoast-schema-graph\">{\"@context\":\"https:\\\/\\\/schema.org\",\"@graph\":[{\"@type\":\"WebPage\",\"@id\":\"https:\\\/\\\/institutchiaribcn.com\\\/fr\\\/ix-reunion-chiari-scoliosis-syringomyelia-foundation-2\\\/\",\"url\":\"https:\\\/\\\/institutchiaribcn.com\\\/fr\\\/ix-reunion-chiari-scoliosis-syringomyelia-foundation-2\\\/\",\"name\":\"IXe R\u00e9union Chiari, Scoliose et Syringomy\u00e9lie | ICSEB\",\"isPartOf\":{\"@id\":\"https:\\\/\\\/institutchiaribcn.com\\\/fr\\\/#website\"},\"primaryImageOfPage\":{\"@id\":\"https:\\\/\\\/institutchiaribcn.com\\\/fr\\\/ix-reunion-chiari-scoliosis-syringomyelia-foundation-2\\\/#primaryimage\"},\"image\":{\"@id\":\"https:\\\/\\\/institutchiaribcn.com\\\/fr\\\/ix-reunion-chiari-scoliosis-syringomyelia-foundation-2\\\/#primaryimage\"},\"thumbnailUrl\":\"https:\\\/\\\/institutchiaribcn.com\\\/wp-content\\\/uploads\\\/2025\\\/10\\\/ix-reunion-chiari1-1.png\",\"datePublished\":\"2022-11-16T23:00:00+00:00\",\"dateModified\":\"2026-02-20T11:44:38+00:00\",\"description\":\"R\u00e9union de la Chiari, Scoliose et Syringomy\u00e9lie Foundation sur le diagnostic et le traitement de ces pathologies.\",\"breadcrumb\":{\"@id\":\"https:\\\/\\\/institutchiaribcn.com\\\/fr\\\/ix-reunion-chiari-scoliosis-syringomyelia-foundation-2\\\/#breadcrumb\"},\"inLanguage\":\"fr-FR\",\"potentialAction\":[{\"@type\":\"ReadAction\",\"target\":[\"https:\\\/\\\/institutchiaribcn.com\\\/fr\\\/ix-reunion-chiari-scoliosis-syringomyelia-foundation-2\\\/\"]}]},{\"@type\":\"ImageObject\",\"inLanguage\":\"fr-FR\",\"@id\":\"https:\\\/\\\/institutchiaribcn.com\\\/fr\\\/ix-reunion-chiari-scoliosis-syringomyelia-foundation-2\\\/#primaryimage\",\"url\":\"https:\\\/\\\/institutchiaribcn.com\\\/wp-content\\\/uploads\\\/2025\\\/10\\\/ix-reunion-chiari1-1.png\",\"contentUrl\":\"https:\\\/\\\/institutchiaribcn.com\\\/wp-content\\\/uploads\\\/2025\\\/10\\\/ix-reunion-chiari1-1.png\",\"width\":200,\"height\":200},{\"@type\":\"BreadcrumbList\",\"@id\":\"https:\\\/\\\/institutchiaribcn.com\\\/fr\\\/ix-reunion-chiari-scoliosis-syringomyelia-foundation-2\\\/#breadcrumb\",\"itemListElement\":[{\"@type\":\"ListItem\",\"position\":1,\"name\":\"Portada\",\"item\":\"https:\\\/\\\/institutchiaribcn.com\\\/fr\\\/\"},{\"@type\":\"ListItem\",\"position\":2,\"name\":\"Comunicaci\u00f3n\",\"item\":\"https:\\\/\\\/institutchiaribcn.com\\\/fr\\\/comunicacion\\\/\"},{\"@type\":\"ListItem\",\"position\":3,\"name\":\"IX R\u00e9union \u00ab\u00a0Chiari &#038; Scoliosis &#038; Syringomyelia Foundation\u00a0\u00bb\"}]},{\"@type\":\"WebSite\",\"@id\":\"https:\\\/\\\/institutchiaribcn.com\\\/fr\\\/#website\",\"url\":\"https:\\\/\\\/institutchiaribcn.com\\\/fr\\\/\",\"name\":\"Institut Chiari de Barcelona\",\"description\":\"\",\"publisher\":{\"@id\":\"https:\\\/\\\/institutchiaribcn.com\\\/fr\\\/#organization\"},\"potentialAction\":[{\"@type\":\"SearchAction\",\"target\":{\"@type\":\"EntryPoint\",\"urlTemplate\":\"https:\\\/\\\/institutchiaribcn.com\\\/fr\\\/?s={search_term_string}\"},\"query-input\":{\"@type\":\"PropertyValueSpecification\",\"valueRequired\":true,\"valueName\":\"search_term_string\"}}],\"inLanguage\":\"fr-FR\"},{\"@type\":\"Organization\",\"@id\":\"https:\\\/\\\/institutchiaribcn.com\\\/fr\\\/#organization\",\"name\":\"Institut Chiari de Barcelona\",\"url\":\"https:\\\/\\\/institutchiaribcn.com\\\/fr\\\/\",\"logo\":{\"@type\":\"ImageObject\",\"inLanguage\":\"fr-FR\",\"@id\":\"https:\\\/\\\/institutchiaribcn.com\\\/fr\\\/#\\\/schema\\\/logo\\\/image\\\/\",\"url\":\"https:\\\/\\\/institutchiaribcn.com\\\/wp-content\\\/uploads\\\/2025\\\/10\\\/cropped-cropped-icsebNavLogo-1.png\",\"contentUrl\":\"https:\\\/\\\/institutchiaribcn.com\\\/wp-content\\\/uploads\\\/2025\\\/10\\\/cropped-cropped-icsebNavLogo-1.png\",\"width\":245,\"height\":99,\"caption\":\"Institut Chiari de Barcelona\"},\"image\":{\"@id\":\"https:\\\/\\\/institutchiaribcn.com\\\/fr\\\/#\\\/schema\\\/logo\\\/image\\\/\"}}]}<\/script>\n<!-- \/ Yoast SEO plugin. -->","yoast_head_json":{"title":"IXe R\u00e9union Chiari, Scoliose et Syringomy\u00e9lie | ICSEB","description":"R\u00e9union de la Chiari, Scoliose et Syringomy\u00e9lie Foundation sur le diagnostic et le traitement de ces pathologies.","robots":{"index":"index","follow":"follow","max-snippet":"max-snippet:-1","max-image-preview":"max-image-preview:large","max-video-preview":"max-video-preview:-1"},"canonical":"https:\/\/institutchiaribcn.com\/fr\/ix-reunion-chiari-scoliosis-syringomyelia-foundation-2\/","og_locale":"fr_FR","og_type":"article","og_title":"IXe R\u00e9union Chiari, Scoliose et Syringomy\u00e9lie | ICSEB","og_description":"R\u00e9union de la Chiari, Scoliose et Syringomy\u00e9lie Foundation sur le diagnostic et le traitement de ces pathologies.","og_url":"https:\/\/institutchiaribcn.com\/fr\/ix-reunion-chiari-scoliosis-syringomyelia-foundation-2\/","og_site_name":"Institut Chiari","article_modified_time":"2026-02-20T11:44:38+00:00","og_image":[{"width":200,"height":200,"url":"https:\/\/institutchiaribcn.com\/wp-content\/uploads\/2025\/10\/ix-reunion-chiari1-1.png","type":"image\/png"}],"twitter_card":"summary_large_image","twitter_misc":{"Dur\u00e9e de lecture estim\u00e9e":"2 minutes"},"schema":{"@context":"https:\/\/schema.org","@graph":[{"@type":"WebPage","@id":"https:\/\/institutchiaribcn.com\/fr\/ix-reunion-chiari-scoliosis-syringomyelia-foundation-2\/","url":"https:\/\/institutchiaribcn.com\/fr\/ix-reunion-chiari-scoliosis-syringomyelia-foundation-2\/","name":"IXe R\u00e9union Chiari, Scoliose et Syringomy\u00e9lie | ICSEB","isPartOf":{"@id":"https:\/\/institutchiaribcn.com\/fr\/#website"},"primaryImageOfPage":{"@id":"https:\/\/institutchiaribcn.com\/fr\/ix-reunion-chiari-scoliosis-syringomyelia-foundation-2\/#primaryimage"},"image":{"@id":"https:\/\/institutchiaribcn.com\/fr\/ix-reunion-chiari-scoliosis-syringomyelia-foundation-2\/#primaryimage"},"thumbnailUrl":"https:\/\/institutchiaribcn.com\/wp-content\/uploads\/2025\/10\/ix-reunion-chiari1-1.png","datePublished":"2022-11-16T23:00:00+00:00","dateModified":"2026-02-20T11:44:38+00:00","description":"R\u00e9union de la Chiari, Scoliose et Syringomy\u00e9lie Foundation sur le diagnostic et le traitement de ces pathologies.","breadcrumb":{"@id":"https:\/\/institutchiaribcn.com\/fr\/ix-reunion-chiari-scoliosis-syringomyelia-foundation-2\/#breadcrumb"},"inLanguage":"fr-FR","potentialAction":[{"@type":"ReadAction","target":["https:\/\/institutchiaribcn.com\/fr\/ix-reunion-chiari-scoliosis-syringomyelia-foundation-2\/"]}]},{"@type":"ImageObject","inLanguage":"fr-FR","@id":"https:\/\/institutchiaribcn.com\/fr\/ix-reunion-chiari-scoliosis-syringomyelia-foundation-2\/#primaryimage","url":"https:\/\/institutchiaribcn.com\/wp-content\/uploads\/2025\/10\/ix-reunion-chiari1-1.png","contentUrl":"https:\/\/institutchiaribcn.com\/wp-content\/uploads\/2025\/10\/ix-reunion-chiari1-1.png","width":200,"height":200},{"@type":"BreadcrumbList","@id":"https:\/\/institutchiaribcn.com\/fr\/ix-reunion-chiari-scoliosis-syringomyelia-foundation-2\/#breadcrumb","itemListElement":[{"@type":"ListItem","position":1,"name":"Portada","item":"https:\/\/institutchiaribcn.com\/fr\/"},{"@type":"ListItem","position":2,"name":"Comunicaci\u00f3n","item":"https:\/\/institutchiaribcn.com\/fr\/comunicacion\/"},{"@type":"ListItem","position":3,"name":"IX R\u00e9union \u00ab\u00a0Chiari &#038; Scoliosis &#038; Syringomyelia Foundation\u00a0\u00bb"}]},{"@type":"WebSite","@id":"https:\/\/institutchiaribcn.com\/fr\/#website","url":"https:\/\/institutchiaribcn.com\/fr\/","name":"Institut Chiari de Barcelona","description":"","publisher":{"@id":"https:\/\/institutchiaribcn.com\/fr\/#organization"},"potentialAction":[{"@type":"SearchAction","target":{"@type":"EntryPoint","urlTemplate":"https:\/\/institutchiaribcn.com\/fr\/?s={search_term_string}"},"query-input":{"@type":"PropertyValueSpecification","valueRequired":true,"valueName":"search_term_string"}}],"inLanguage":"fr-FR"},{"@type":"Organization","@id":"https:\/\/institutchiaribcn.com\/fr\/#organization","name":"Institut Chiari de Barcelona","url":"https:\/\/institutchiaribcn.com\/fr\/","logo":{"@type":"ImageObject","inLanguage":"fr-FR","@id":"https:\/\/institutchiaribcn.com\/fr\/#\/schema\/logo\/image\/","url":"https:\/\/institutchiaribcn.com\/wp-content\/uploads\/2025\/10\/cropped-cropped-icsebNavLogo-1.png","contentUrl":"https:\/\/institutchiaribcn.com\/wp-content\/uploads\/2025\/10\/cropped-cropped-icsebNavLogo-1.png","width":245,"height":99,"caption":"Institut Chiari de Barcelona"},"image":{"@id":"https:\/\/institutchiaribcn.com\/fr\/#\/schema\/logo\/image\/"}}]}},"_links":{"self":[{"href":"https:\/\/institutchiaribcn.com\/fr\/wp-json\/wp\/v2\/comunicacion\/108003","targetHints":{"allow":["GET"]}}],"collection":[{"href":"https:\/\/institutchiaribcn.com\/fr\/wp-json\/wp\/v2\/comunicacion"}],"about":[{"href":"https:\/\/institutchiaribcn.com\/fr\/wp-json\/wp\/v2\/types\/comunicacion"}],"wp:featuredmedia":[{"embeddable":true,"href":"https:\/\/institutchiaribcn.com\/fr\/wp-json\/wp\/v2\/media\/79309"}],"wp:attachment":[{"href":"https:\/\/institutchiaribcn.com\/fr\/wp-json\/wp\/v2\/media?parent=108003"}],"wp:term":[{"taxonomy":"tipos-de-comunicacion","embeddable":true,"href":"https:\/\/institutchiaribcn.com\/fr\/wp-json\/wp\/v2\/tipos-de-comunicacion?post=108003"}],"curies":[{"name":"wp","href":"https:\/\/api.w.org\/{rel}","templated":true}]}}