{"id":81904,"date":"2020-12-21T00:00:00","date_gmt":"2020-12-20T23:00:00","guid":{"rendered":"https:\/\/dev.institutchiaribcn.com\/comunicacion\/covid-19-the-filum-disease-and-the-brain-fog\/"},"modified":"2026-01-26T12:35:26","modified_gmt":"2026-01-26T11:35:26","slug":"covid-19-filum-disease-brain-fog","status":"publish","type":"comunicacion","link":"https:\/\/institutchiaribcn.com\/en\/covid-19-filum-disease-brain-fog\/","title":{"rendered":"COVID-19, the Filum Disease and the \u201cbrain fog\u201d"},"content":{"rendered":"<p class=\"text-muted aniview centerTXT\">Published by\u00a0<a title=\"Posts by ICSEB\" href=\"https:\/\/institutchiaribcn.com\/en\/author\/chiari\/\" rel=\"author\">ICSEB<\/a>\u00a0at 29 December, 2020<\/p>\n<p>&nbsp;<\/p>\n<p>In the current circumstances marked by the COVID-19 pandemic, many doubts may arise. Patients and family members are wondering, for example, whether people with Filum Disease can be considered a risk group for COVID-19.<\/p>\n<p>At the Institut Chiari &amp; Siringomielia &amp; Escoliosis de Barcelona we would like to provide the most relevant and pertinent information that we have, to try and answer \u2013 and possibly solve \u2013 these doubts.<\/p>\n<p>COVID-19 is a new condition with a very variable behaviour, making it difficult to identify the factors or circumstances responsible for its mortality or harmlessness.<\/p>\n<p>Researchers and medical professionals are studying in COVID-19 all that is related to both the SARS CoV2 virus and the human host, that make this union so lethal for some patients.<\/p>\n<p>One of the first scientific articles on the severity of COVID-19 is by Zsuzsanna Varga (Zurich, Switzerland) in The Lancet<sup>1<\/sup>\u00a0April 17 2020, which states the existence of an inflammation of the innermost layer of cells of the blood vessels \u2013 the endothelium \u2013 of various vital organs, such as the heart, brain and kidneys. There are currently 1680 articles COVID-19 endothelitis in general and 822 articles on COVID-19 brain endothelitis.<\/p>\n<p>&nbsp;<\/p>\n<div align=\"center\"><img fetchpriority=\"high\" decoding=\"async\" class=\"aligncenter size-full wp-image-9641\" src=\"https:\/\/institutchiaribcn.com\/wp-content\/uploads\/2020\/12\/COVID-19-Enfermedad-del-filum-y-la-niebla-mental.png\" alt=\"FIG 1. Lesiones isqu\u00e9micas difusas de la sustancia blanca profunda. La difusi\u00f3n por RM (se basa en la detecci\u00f3n en el vivo del movimiento de mol\u00e9culas de agua) en un paciente con COVID-19, muestra numerosas lesiones isqu\u00e9micas focales dentro de la sustancia blanca profunda hemisf\u00e9rica (A, flecha blanca), el cuerpo calloso (A, flecha roja), los ganglios basales, los ped\u00fanculos cerebelosos medios y los hemisferios cerebelosos (B, flechas blancas)2\" width=\"307\" height=\"185\" \/><\/div>\n<p><em>FIG 1. Diffuse ischemic lesions of the deep white matter. MRI visible diffusion (based on live detection of water molecule movement) in a patient with COVID-19, shows numerous focal ischemic lesions in the hemispheric deep white matter (A, white arrow), the corpus callosum (A, red arrow), basal ganglia, middle cerebellar peduncles and cerebellar hemispheres (B, white arrows)\u00a0<sup>2<\/sup>.<\/em><\/p>\n<p>This inflammation, which appears in the brain endothelium of severe COVID-19 cases, (Fig.1), can cause in many patients a sensation of \u201cbrain fog\u201d, a neurological alteration that is observed both in severe and mild patients. It is one of the long-term COVID-19 sequelae that more and pore people report having suffered or are still suffering, with significant consequences for their quality of life.<\/p>\n<p>\u201cBrain fog\u201d, which includes difficulty with memory, concentration, speech and naming, confusion, dizziness, fatigue, may be aggravated in some patients with other brain lesions that favour or predispose to it, in the form of further inflammation or cerebrovascular accidents.<\/p>\n<p>Our medical and research team described a new condition, the Filum Disease, in which a diffuse alteration in the cerebral blood circulation was observed, predominantly in the white matter areas (Figure 2)\u00a0<sup>3<\/sup>.<\/p>\n<p>&nbsp;<\/p>\n<div align=\"center\"><img decoding=\"async\" class=\"aligncenter size-full wp-image-9642\" src=\"https:\/\/institutchiaribcn.com\/wp-content\/uploads\/2020\/12\/Lesiones-isquemicas-difusas-de-la-sustancia-blanca-profunda.png\" alt=\"FIG 2. Lesiones isqu\u00e9micas difusas de la sustancia blanca profunda.RM en un paciente con Enfermedad del Filum muestra numerosas lesiones isqu\u00e9micas focales dentro de la sustancia blanca profunda hemisf\u00e9rica, los ganglios basales (flechas rojas), que desaparecieron tras la intervenci\u00f3n.\" width=\"175\" height=\"179\" \/><\/div>\n<p><em>FIG 2. Diffuse ischemic lesions of the deep white matter. MRI of a patient with Filum Disease showing numerous focal ischemic lesions in the hemispheric deep white matter, the basal ganglia (red arrows), which disappeared after surgery.<\/em><\/p>\n<p>We can assume that the predisposition to other brain injuries due to endothelitis can aggravate or increase sequelae in patients with COVID-19 and Filum Disease.<\/p>\n<p>We know that this cerebral inflammatory predisposition of the Filum Disease can be solved with the surgical treatment proposed for it, therefore an early diagnosis with the application of the adequate treatment may be recommended.<\/p>\n<p>There exist an additional problem, due to the fact that the Filum Disease, being a recently described condition, hardly diagnosed and apparently of wide global incidence, in general is unlikely to be taken into consideration in association with COVID-19.<\/p>\n<p>&nbsp;<\/p>\n<h2>References<\/h2>\n<p>&nbsp;<\/p>\n<ol>\n<li>ZsuzsannaVarga , Andreas J Flammer , Peter Steiger , Martina Haberecker , Rea Andermatt , Annelies S Zinkernagel , Mandeep R Mehra , Reto A Schuepbach , Frank Ruschitzka , Holger Moch. Endothelial cell infection and endotheliitis in COVID-19. Case Reports. Lancet. 2020 May 2;395(10234):1417-1418.<\/li>\n<li>R Hanafi, P-A Roger, B Perin, G Kuchcinski, N Deleval, F Dallery, D Michel, L Hacein-Bey, J-P Pruvo, O Outteryck, J-M Constans. COVID-19 Neurologic Complication with CNS Vasculitis-Like Pattern. AJNR Am J Neuroradiol. 2020 Aug;41(8):1384-1387. doi: 10.3174\/ajnr.A6651.<\/li>\n<li>The Filum disease and the Neuro-Cranio-vertebral syndrome: definition, clinical picture and imaging features. BMC Neurology 2020, May 15. 20:175.\u00a0<a href=\"https:\/\/rdcu.be\/b36Pi\">https:\/\/rdcu.be\/b36Pi<\/a>.<\/li>\n<\/ol>\n","protected":false},"featured_media":81905,"template":"","tipos-de-comunicacion":[512],"class_list":["post-81904","comunicacion","type-comunicacion","status-publish","has-post-thumbnail","hentry","tipos-de-comunicacion-news-announcement"],"yoast_head":"<!-- This site is optimized with the Yoast SEO plugin v27.4 - https:\/\/yoast.com\/product\/yoast-seo-wordpress\/ -->\n<title>COVID-19, the Filum Disease and the &quot;brain fog&quot; | ICSEB<\/title>\n<meta name=\"description\" content=\"Exploration of \u201cbrain fog\u201d in COVID-19 and potential overlap or considerations for patients with Filum Disease.\" \/>\n<meta name=\"robots\" content=\"index, follow, max-snippet:-1, max-image-preview:large, max-video-preview:-1\" \/>\n<link rel=\"canonical\" href=\"https:\/\/institutchiaribcn.com\/en\/covid-19-filum-disease-brain-fog\/\" \/>\n<meta property=\"og:locale\" content=\"en_US\" \/>\n<meta property=\"og:type\" content=\"article\" \/>\n<meta property=\"og:title\" content=\"COVID-19, the Filum Disease and the &quot;brain fog&quot; | ICSEB\" \/>\n<meta property=\"og:description\" content=\"Exploration of \u201cbrain fog\u201d in COVID-19 and potential overlap or considerations for patients with Filum Disease.\" \/>\n<meta property=\"og:url\" content=\"https:\/\/institutchiaribcn.com\/en\/covid-19-filum-disease-brain-fog\/\" \/>\n<meta property=\"og:site_name\" content=\"Institut Chiari\" \/>\n<meta property=\"article:modified_time\" content=\"2026-01-26T11:35:26+00:00\" \/>\n<meta property=\"og:image\" content=\"https:\/\/institutchiaribcn.com\/wp-content\/uploads\/2025\/10\/Diffuse-ischemic-lesions-of-the-deep-white-matter.png\" \/>\n\t<meta property=\"og:image:width\" content=\"200\" \/>\n\t<meta property=\"og:image:height\" content=\"205\" \/>\n\t<meta property=\"og:image:type\" content=\"image\/png\" \/>\n<meta name=\"twitter:card\" content=\"summary_large_image\" \/>\n<meta name=\"twitter:label1\" content=\"Est. reading time\" \/>\n\t<meta name=\"twitter:data1\" content=\"4 minutes\" \/>\n<script type=\"application\/ld+json\" class=\"yoast-schema-graph\">{\"@context\":\"https:\\\/\\\/schema.org\",\"@graph\":[{\"@type\":\"WebPage\",\"@id\":\"https:\\\/\\\/institutchiaribcn.com\\\/en\\\/covid-19-filum-disease-brain-fog\\\/\",\"url\":\"https:\\\/\\\/institutchiaribcn.com\\\/en\\\/covid-19-filum-disease-brain-fog\\\/\",\"name\":\"COVID-19, the Filum Disease and the \\\"brain fog\\\" | ICSEB\",\"isPartOf\":{\"@id\":\"https:\\\/\\\/institutchiaribcn.com\\\/en\\\/#website\"},\"primaryImageOfPage\":{\"@id\":\"https:\\\/\\\/institutchiaribcn.com\\\/en\\\/covid-19-filum-disease-brain-fog\\\/#primaryimage\"},\"image\":{\"@id\":\"https:\\\/\\\/institutchiaribcn.com\\\/en\\\/covid-19-filum-disease-brain-fog\\\/#primaryimage\"},\"thumbnailUrl\":\"https:\\\/\\\/institutchiaribcn.com\\\/wp-content\\\/uploads\\\/2025\\\/10\\\/Diffuse-ischemic-lesions-of-the-deep-white-matter.png\",\"datePublished\":\"2020-12-20T23:00:00+00:00\",\"dateModified\":\"2026-01-26T11:35:26+00:00\",\"description\":\"Exploration of \u201cbrain fog\u201d in COVID-19 and potential overlap or considerations for patients with Filum Disease.\",\"breadcrumb\":{\"@id\":\"https:\\\/\\\/institutchiaribcn.com\\\/en\\\/covid-19-filum-disease-brain-fog\\\/#breadcrumb\"},\"inLanguage\":\"en-US\",\"potentialAction\":[{\"@type\":\"ReadAction\",\"target\":[\"https:\\\/\\\/institutchiaribcn.com\\\/en\\\/covid-19-filum-disease-brain-fog\\\/\"]}]},{\"@type\":\"ImageObject\",\"inLanguage\":\"en-US\",\"@id\":\"https:\\\/\\\/institutchiaribcn.com\\\/en\\\/covid-19-filum-disease-brain-fog\\\/#primaryimage\",\"url\":\"https:\\\/\\\/institutchiaribcn.com\\\/wp-content\\\/uploads\\\/2025\\\/10\\\/Diffuse-ischemic-lesions-of-the-deep-white-matter.png\",\"contentUrl\":\"https:\\\/\\\/institutchiaribcn.com\\\/wp-content\\\/uploads\\\/2025\\\/10\\\/Diffuse-ischemic-lesions-of-the-deep-white-matter.png\",\"width\":200,\"height\":205},{\"@type\":\"BreadcrumbList\",\"@id\":\"https:\\\/\\\/institutchiaribcn.com\\\/en\\\/covid-19-filum-disease-brain-fog\\\/#breadcrumb\",\"itemListElement\":[{\"@type\":\"ListItem\",\"position\":1,\"name\":\"Portada\",\"item\":\"https:\\\/\\\/institutchiaribcn.com\\\/en\\\/\"},{\"@type\":\"ListItem\",\"position\":2,\"name\":\"Comunicaci\u00f3n\",\"item\":\"https:\\\/\\\/institutchiaribcn.com\\\/en\\\/comunicacion\\\/\"},{\"@type\":\"ListItem\",\"position\":3,\"name\":\"COVID-19, the Filum Disease and the \u201cbrain fog\u201d\"}]},{\"@type\":\"WebSite\",\"@id\":\"https:\\\/\\\/institutchiaribcn.com\\\/en\\\/#website\",\"url\":\"https:\\\/\\\/institutchiaribcn.com\\\/en\\\/\",\"name\":\"Institut Chiari de Barcelona\",\"description\":\"\",\"publisher\":{\"@id\":\"https:\\\/\\\/institutchiaribcn.com\\\/en\\\/#organization\"},\"potentialAction\":[{\"@type\":\"SearchAction\",\"target\":{\"@type\":\"EntryPoint\",\"urlTemplate\":\"https:\\\/\\\/institutchiaribcn.com\\\/en\\\/?s={search_term_string}\"},\"query-input\":{\"@type\":\"PropertyValueSpecification\",\"valueRequired\":true,\"valueName\":\"search_term_string\"}}],\"inLanguage\":\"en-US\"},{\"@type\":\"Organization\",\"@id\":\"https:\\\/\\\/institutchiaribcn.com\\\/en\\\/#organization\",\"name\":\"Institut Chiari de Barcelona\",\"url\":\"https:\\\/\\\/institutchiaribcn.com\\\/en\\\/\",\"logo\":{\"@type\":\"ImageObject\",\"inLanguage\":\"en-US\",\"@id\":\"https:\\\/\\\/institutchiaribcn.com\\\/en\\\/#\\\/schema\\\/logo\\\/image\\\/\",\"url\":\"https:\\\/\\\/institutchiaribcn.com\\\/wp-content\\\/uploads\\\/2025\\\/10\\\/cropped-cropped-icsebNavLogo-1.png\",\"contentUrl\":\"https:\\\/\\\/institutchiaribcn.com\\\/wp-content\\\/uploads\\\/2025\\\/10\\\/cropped-cropped-icsebNavLogo-1.png\",\"width\":245,\"height\":99,\"caption\":\"Institut Chiari de Barcelona\"},\"image\":{\"@id\":\"https:\\\/\\\/institutchiaribcn.com\\\/en\\\/#\\\/schema\\\/logo\\\/image\\\/\"}}]}<\/script>\n<!-- \/ Yoast SEO plugin. -->","yoast_head_json":{"title":"COVID-19, the Filum Disease and the \"brain fog\" | ICSEB","description":"Exploration of \u201cbrain fog\u201d in COVID-19 and potential overlap or considerations for patients with Filum Disease.","robots":{"index":"index","follow":"follow","max-snippet":"max-snippet:-1","max-image-preview":"max-image-preview:large","max-video-preview":"max-video-preview:-1"},"canonical":"https:\/\/institutchiaribcn.com\/en\/covid-19-filum-disease-brain-fog\/","og_locale":"en_US","og_type":"article","og_title":"COVID-19, the Filum Disease and the \"brain fog\" | ICSEB","og_description":"Exploration of \u201cbrain fog\u201d in COVID-19 and potential overlap or considerations for patients with Filum Disease.","og_url":"https:\/\/institutchiaribcn.com\/en\/covid-19-filum-disease-brain-fog\/","og_site_name":"Institut Chiari","article_modified_time":"2026-01-26T11:35:26+00:00","og_image":[{"width":200,"height":205,"url":"https:\/\/institutchiaribcn.com\/wp-content\/uploads\/2025\/10\/Diffuse-ischemic-lesions-of-the-deep-white-matter.png","type":"image\/png"}],"twitter_card":"summary_large_image","twitter_misc":{"Est. reading time":"4 minutes"},"schema":{"@context":"https:\/\/schema.org","@graph":[{"@type":"WebPage","@id":"https:\/\/institutchiaribcn.com\/en\/covid-19-filum-disease-brain-fog\/","url":"https:\/\/institutchiaribcn.com\/en\/covid-19-filum-disease-brain-fog\/","name":"COVID-19, the Filum Disease and the \"brain fog\" | ICSEB","isPartOf":{"@id":"https:\/\/institutchiaribcn.com\/en\/#website"},"primaryImageOfPage":{"@id":"https:\/\/institutchiaribcn.com\/en\/covid-19-filum-disease-brain-fog\/#primaryimage"},"image":{"@id":"https:\/\/institutchiaribcn.com\/en\/covid-19-filum-disease-brain-fog\/#primaryimage"},"thumbnailUrl":"https:\/\/institutchiaribcn.com\/wp-content\/uploads\/2025\/10\/Diffuse-ischemic-lesions-of-the-deep-white-matter.png","datePublished":"2020-12-20T23:00:00+00:00","dateModified":"2026-01-26T11:35:26+00:00","description":"Exploration of \u201cbrain fog\u201d in COVID-19 and potential overlap or considerations for patients with Filum Disease.","breadcrumb":{"@id":"https:\/\/institutchiaribcn.com\/en\/covid-19-filum-disease-brain-fog\/#breadcrumb"},"inLanguage":"en-US","potentialAction":[{"@type":"ReadAction","target":["https:\/\/institutchiaribcn.com\/en\/covid-19-filum-disease-brain-fog\/"]}]},{"@type":"ImageObject","inLanguage":"en-US","@id":"https:\/\/institutchiaribcn.com\/en\/covid-19-filum-disease-brain-fog\/#primaryimage","url":"https:\/\/institutchiaribcn.com\/wp-content\/uploads\/2025\/10\/Diffuse-ischemic-lesions-of-the-deep-white-matter.png","contentUrl":"https:\/\/institutchiaribcn.com\/wp-content\/uploads\/2025\/10\/Diffuse-ischemic-lesions-of-the-deep-white-matter.png","width":200,"height":205},{"@type":"BreadcrumbList","@id":"https:\/\/institutchiaribcn.com\/en\/covid-19-filum-disease-brain-fog\/#breadcrumb","itemListElement":[{"@type":"ListItem","position":1,"name":"Portada","item":"https:\/\/institutchiaribcn.com\/en\/"},{"@type":"ListItem","position":2,"name":"Comunicaci\u00f3n","item":"https:\/\/institutchiaribcn.com\/en\/comunicacion\/"},{"@type":"ListItem","position":3,"name":"COVID-19, the Filum Disease and the \u201cbrain fog\u201d"}]},{"@type":"WebSite","@id":"https:\/\/institutchiaribcn.com\/en\/#website","url":"https:\/\/institutchiaribcn.com\/en\/","name":"Institut Chiari de Barcelona","description":"","publisher":{"@id":"https:\/\/institutchiaribcn.com\/en\/#organization"},"potentialAction":[{"@type":"SearchAction","target":{"@type":"EntryPoint","urlTemplate":"https:\/\/institutchiaribcn.com\/en\/?s={search_term_string}"},"query-input":{"@type":"PropertyValueSpecification","valueRequired":true,"valueName":"search_term_string"}}],"inLanguage":"en-US"},{"@type":"Organization","@id":"https:\/\/institutchiaribcn.com\/en\/#organization","name":"Institut Chiari de Barcelona","url":"https:\/\/institutchiaribcn.com\/en\/","logo":{"@type":"ImageObject","inLanguage":"en-US","@id":"https:\/\/institutchiaribcn.com\/en\/#\/schema\/logo\/image\/","url":"https:\/\/institutchiaribcn.com\/wp-content\/uploads\/2025\/10\/cropped-cropped-icsebNavLogo-1.png","contentUrl":"https:\/\/institutchiaribcn.com\/wp-content\/uploads\/2025\/10\/cropped-cropped-icsebNavLogo-1.png","width":245,"height":99,"caption":"Institut Chiari de Barcelona"},"image":{"@id":"https:\/\/institutchiaribcn.com\/en\/#\/schema\/logo\/image\/"}}]}},"_links":{"self":[{"href":"https:\/\/institutchiaribcn.com\/en\/wp-json\/wp\/v2\/comunicacion\/81904","targetHints":{"allow":["GET"]}}],"collection":[{"href":"https:\/\/institutchiaribcn.com\/en\/wp-json\/wp\/v2\/comunicacion"}],"about":[{"href":"https:\/\/institutchiaribcn.com\/en\/wp-json\/wp\/v2\/types\/comunicacion"}],"wp:featuredmedia":[{"embeddable":true,"href":"https:\/\/institutchiaribcn.com\/en\/wp-json\/wp\/v2\/media\/81905"}],"wp:attachment":[{"href":"https:\/\/institutchiaribcn.com\/en\/wp-json\/wp\/v2\/media?parent=81904"}],"wp:term":[{"taxonomy":"tipos-de-comunicacion","embeddable":true,"href":"https:\/\/institutchiaribcn.com\/en\/wp-json\/wp\/v2\/tipos-de-comunicacion?post=81904"}],"curies":[{"name":"wp","href":"https:\/\/api.w.org\/{rel}","templated":true}]}}