{"id":112079,"date":"2017-07-28T00:00:16","date_gmt":"2017-07-27T22:00:16","guid":{"rendered":"https:\/\/dev.institutchiaribcn.com\/videos\/alessandra-cantuaria-de-araujo-neuro-kranio-vertebrales-syndrom-kleinhirntonsillentiefstand-arnold-chiari-syndrom-typ-i-idiopathische-syringomyelie-bandscheibenschaeden\/"},"modified":"2026-02-20T11:28:02","modified_gmt":"2026-02-20T10:28:02","slug":"alessandra-cantuaria-de-araujo-neuro-kranio-vertebrales-syndrom-kleinhirntonsillentiefstand-arnold-chiari-syndrom-typ-i-idiopathische-syringomyelie-bandscheibenschaeden","status":"publish","type":"videos","link":"https:\/\/institutchiaribcn.com\/de\/alessandra-cantuaria-de-araujo-neuro-kranio-vertebrales-syndrom-kleinhirntonsillentiefstand-arnold-chiari-syndrom-typ-i-idiopathische-syringomyelie-bandscheibenschaeden\/","title":{"rendered":"Alessandra Cantu\u00e1ria de Ara\u00fajo. Neuro-Kranio-Vertebrales Syndrom. Kleinhirntonsillentiefstand (Arnold-Chiari Syndrom Typ I). Idiopathische Syringomyelie. Bandscheibensch\u00e4den."},"content":{"rendered":"<div class=\"panel panel-default panel-body\">\n<p>&nbsp;<\/p>\n<p><strong>Eingriffsdatum: 28. Februar 2017<\/strong><\/p>\n<p style=\"text-align: justify;\">Zwanzig Jahre. So lange musste die Brasilianerin Alessandra Cantu\u00e1ria de Ara\u00fajo warten, bis die richtige Diagnose gestellt wurde. Sie leidet an dem Arnold-Chiari Syndrome Typ I, Skoliose und Syringomyelie. Aufgrund dieser Krankheiten schmerzte ihr der K\u00f6rper und sie litt an vielen Kopfschmerzen und vielen anderen Symptomen. In diesem Erfahrungsbericht erz\u00e4hlt sie, dass sie viele verschiedene \u00c4rzte aufgesucht hat, die sie dar\u00fcber informierten, dass die Ursache f\u00fcr ihre Beschwerden in Krankheiten so wie Fibromyalgie, Rheuma, Trigeminusneuralgie oder Depression zu finden sei.<\/p>\n<p>\u201c<em>Sie wussten nicht mehr, wie sie mich behandeln sollen, also wurde ich an einen Psychiater \u00fcberwiesen, den meine \u201cSeele sei krank und mein K\u00f6rper leide\u201d. Aber ich hatte weder eine Depression, noch Fibromyalgie, noch Rheuma, noch eine andere Krankheit; das was ich habe hei\u00dft Chiari Malformation<\/em>.\u201c<\/p>\n<p>Nach weiteren Untersuchungen fand sie heraus, dass sie au\u00dfer dem Arnold-Chiari Syndrome Typ I auch Skoliose und Syringomyelie hatte. Deshalb fing sind an, diese Krankheiten im Internet zu recherchieren und so fand sie einen Erfahrungsbericht einer Person, die erz\u00e4hlte, dass sie sich nach der Operation in Barcelona sehr viel besser f\u00fchle. \u201eIch habe ganz viel recherchiert bevor herkam, viele Erfahrungsberichte gelesen und keinen gefunden, der gegens\u00e4tzlich war, nicht auf Portugiesisch und nicht auf anderen Sprachen\u201c, erz\u00e4hlt sie.<\/p>\n<p>Alessandra entschied, sich nicht der Dekompressionsoperation zu unterziehen, so wie ihr geraten worden war, und kam zur OP nach Barcelona. Sie erz\u00e4hlt, dass ihre Symptomatologie sich sechs Stunden nach dem Eingriff bereits ver\u00e4ndert hatte: die Kopfschmerzen, die Nacken- oder Schulterschmerzen waren verschwunden genau wie der Druck im Nacken. Au\u00dferdem war die Kraft in ihren H\u00e4nden und Beinen wieder da.<\/p>\n<p>\u201e<em>Hier, genau wie auch in Brasilien, wird einem nicht versprochen, die Krankheit zu heilen, sondern ihren Fortschritt aufzuhalten; die Krankheit wird also nicht schlimmer<\/em>. <em>Aber ich kann es Euch sagen: meine Symptome sind sehr viel besser geworden, bis zu dem Punkt, dass ich versichern kann, dass etwa 80% verschwunden sind. Ich habe jetzt eine neues Leben und bereite mich darauf vor, es ohne Schmerzen zu leben, auch wenn ich nicht wei\u00df, wie das geht. Bis zum 28. Februar wusste ich es nicht\u201c<\/em><\/p>\n<p><em>\u00a0<\/em>Alessandra m\u00f6chte alle einladen, den Eingriff zur Durchtrennung des Filum terminales bekannt zu machen, damit mehr \u00c4rzte die Chance haben, diese Methode kennenzulernen.<\/p>\n<p><em>\u00a0<\/em>Zum Abschluss m\u00f6chte sie ihren Verwandten und Freunden f\u00fcr ihre Unterst\u00fctzung danken, sowie auch Dr. Royo, \u201e<em>einer Person, die ihre Opfer nicht misst, um die Besserungen der Patienten bekannt zu machen, um die Methode bekannt zu machen und den Menschen das beste zu w\u00fcnschen<\/em>\u201c.<\/p>\n<p>Sie bedankt sich auch bei Dr. Salca, einem Menschen \u201e<em>von einer Einfachheit, Gro\u00dfz\u00fcgigkeit und Menschlichkeit, die man nicht messen kann<\/em>\u201c. Ebenso will sich die Patientin bei der brasilianischen Kontaktperson Marta Orsini und dem gesamten ICSEB Team bedanken, \u201e<em>einem menschlichen Team, dass uns umarmt und aufgenommen hat<\/em>\u201c.<\/p>\n<p>E-Mail:\u00a0<a href=\"mailto:ale_cantuaria@hotmail.com\">ale_cantuaria@hotmail.com<\/a><\/p>\n<\/div>\n","protected":false},"featured_media":138527,"template":"","tipos-de-video":[591],"class_list":["post-112079","videos","type-videos","status-publish","has-post-thumbnail","hentry","tipos-de-video-video-erfahrungsberichte"],"yoast_head":"<!-- This site is optimized with the Yoast SEO plugin v27.4 - https:\/\/yoast.com\/product\/yoast-seo-wordpress\/ -->\n<title>Alessandra Cantuaria de Araujo: Erfahrungsbericht | ICSEB<\/title>\n<meta name=\"description\" content=\"Alessandra Cantuaria de Araujo berichtet \u00fcber ihre Behandlung von Arnold-Chiari I und verwandten Syndromen am ICSEB.\" \/>\n<meta name=\"robots\" content=\"index, follow, max-snippet:-1, max-image-preview:large, max-video-preview:-1\" \/>\n<link rel=\"canonical\" href=\"https:\/\/institutchiaribcn.com\/de\/alessandra-cantuaria-de-araujo-neuro-kranio-vertebrales-syndrom-kleinhirntonsillentiefstand-arnold-chiari-syndrom-typ-i-idiopathische-syringomyelie-bandscheibenschaeden\/\" \/>\n<meta property=\"og:locale\" content=\"de_DE\" \/>\n<meta property=\"og:type\" content=\"article\" \/>\n<meta property=\"og:title\" content=\"Alessandra Cantuaria de Araujo: Erfahrungsbericht | ICSEB\" \/>\n<meta property=\"og:description\" content=\"Alessandra Cantuaria de Araujo berichtet \u00fcber ihre Behandlung von Arnold-Chiari I und verwandten Syndromen am ICSEB.\" \/>\n<meta property=\"og:url\" content=\"https:\/\/institutchiaribcn.com\/de\/alessandra-cantuaria-de-araujo-neuro-kranio-vertebrales-syndrom-kleinhirntonsillentiefstand-arnold-chiari-syndrom-typ-i-idiopathische-syringomyelie-bandscheibenschaeden\/\" \/>\n<meta property=\"og:site_name\" content=\"Institut Chiari\" \/>\n<meta property=\"article:modified_time\" content=\"2026-02-20T10:28:02+00:00\" \/>\n<meta property=\"og:image\" content=\"https:\/\/institutchiaribcn.com\/wp-content\/uploads\/2017\/07\/chiari-tratamineto-Alessandra-.jpg\" \/>\n\t<meta property=\"og:image:width\" content=\"200\" \/>\n\t<meta property=\"og:image:height\" content=\"200\" \/>\n\t<meta property=\"og:image:type\" content=\"image\/jpeg\" \/>\n<meta name=\"twitter:card\" content=\"summary_large_image\" \/>\n<meta name=\"twitter:label1\" content=\"Gesch\u00e4tzte Lesezeit\" \/>\n\t<meta name=\"twitter:data1\" content=\"3\u00a0Minuten\" \/>\n<script type=\"application\/ld+json\" class=\"yoast-schema-graph\">{\"@context\":\"https:\\\/\\\/schema.org\",\"@graph\":[{\"@type\":\"WebPage\",\"@id\":\"https:\\\/\\\/institutchiaribcn.com\\\/de\\\/alessandra-cantuaria-de-araujo-neuro-kranio-vertebrales-syndrom-kleinhirntonsillentiefstand-arnold-chiari-syndrom-typ-i-idiopathische-syringomyelie-bandscheibenschaeden\\\/\",\"url\":\"https:\\\/\\\/institutchiaribcn.com\\\/de\\\/alessandra-cantuaria-de-araujo-neuro-kranio-vertebrales-syndrom-kleinhirntonsillentiefstand-arnold-chiari-syndrom-typ-i-idiopathische-syringomyelie-bandscheibenschaeden\\\/\",\"name\":\"Alessandra Cantuaria de Araujo: Erfahrungsbericht | ICSEB\",\"isPartOf\":{\"@id\":\"https:\\\/\\\/institutchiaribcn.com\\\/de\\\/#website\"},\"primaryImageOfPage\":{\"@id\":\"https:\\\/\\\/institutchiaribcn.com\\\/de\\\/alessandra-cantuaria-de-araujo-neuro-kranio-vertebrales-syndrom-kleinhirntonsillentiefstand-arnold-chiari-syndrom-typ-i-idiopathische-syringomyelie-bandscheibenschaeden\\\/#primaryimage\"},\"image\":{\"@id\":\"https:\\\/\\\/institutchiaribcn.com\\\/de\\\/alessandra-cantuaria-de-araujo-neuro-kranio-vertebrales-syndrom-kleinhirntonsillentiefstand-arnold-chiari-syndrom-typ-i-idiopathische-syringomyelie-bandscheibenschaeden\\\/#primaryimage\"},\"thumbnailUrl\":\"https:\\\/\\\/institutchiaribcn.com\\\/wp-content\\\/uploads\\\/2017\\\/07\\\/chiari-tratamineto-Alessandra-.jpg\",\"datePublished\":\"2017-07-27T22:00:16+00:00\",\"dateModified\":\"2026-02-20T10:28:02+00:00\",\"description\":\"Alessandra Cantuaria de Araujo berichtet \u00fcber ihre Behandlung von Arnold-Chiari I und verwandten Syndromen am ICSEB.\",\"breadcrumb\":{\"@id\":\"https:\\\/\\\/institutchiaribcn.com\\\/de\\\/alessandra-cantuaria-de-araujo-neuro-kranio-vertebrales-syndrom-kleinhirntonsillentiefstand-arnold-chiari-syndrom-typ-i-idiopathische-syringomyelie-bandscheibenschaeden\\\/#breadcrumb\"},\"inLanguage\":\"de\",\"potentialAction\":[{\"@type\":\"ReadAction\",\"target\":[\"https:\\\/\\\/institutchiaribcn.com\\\/de\\\/alessandra-cantuaria-de-araujo-neuro-kranio-vertebrales-syndrom-kleinhirntonsillentiefstand-arnold-chiari-syndrom-typ-i-idiopathische-syringomyelie-bandscheibenschaeden\\\/\"]}]},{\"@type\":\"ImageObject\",\"inLanguage\":\"de\",\"@id\":\"https:\\\/\\\/institutchiaribcn.com\\\/de\\\/alessandra-cantuaria-de-araujo-neuro-kranio-vertebrales-syndrom-kleinhirntonsillentiefstand-arnold-chiari-syndrom-typ-i-idiopathische-syringomyelie-bandscheibenschaeden\\\/#primaryimage\",\"url\":\"https:\\\/\\\/institutchiaribcn.com\\\/wp-content\\\/uploads\\\/2017\\\/07\\\/chiari-tratamineto-Alessandra-.jpg\",\"contentUrl\":\"https:\\\/\\\/institutchiaribcn.com\\\/wp-content\\\/uploads\\\/2017\\\/07\\\/chiari-tratamineto-Alessandra-.jpg\",\"width\":200,\"height\":200},{\"@type\":\"BreadcrumbList\",\"@id\":\"https:\\\/\\\/institutchiaribcn.com\\\/de\\\/alessandra-cantuaria-de-araujo-neuro-kranio-vertebrales-syndrom-kleinhirntonsillentiefstand-arnold-chiari-syndrom-typ-i-idiopathische-syringomyelie-bandscheibenschaeden\\\/#breadcrumb\",\"itemListElement\":[{\"@type\":\"ListItem\",\"position\":1,\"name\":\"Portada\",\"item\":\"https:\\\/\\\/institutchiaribcn.com\\\/de\\\/\"},{\"@type\":\"ListItem\",\"position\":2,\"name\":\"Videos\",\"item\":\"https:\\\/\\\/institutchiaribcn.com\\\/de\\\/videos\\\/\"},{\"@type\":\"ListItem\",\"position\":3,\"name\":\"Alessandra Cantu\u00e1ria de Ara\u00fajo. Neuro-Kranio-Vertebrales Syndrom. Kleinhirntonsillentiefstand (Arnold-Chiari Syndrom Typ I). Idiopathische Syringomyelie. Bandscheibensch\u00e4den.\"}]},{\"@type\":\"WebSite\",\"@id\":\"https:\\\/\\\/institutchiaribcn.com\\\/de\\\/#website\",\"url\":\"https:\\\/\\\/institutchiaribcn.com\\\/de\\\/\",\"name\":\"Institut Chiari de Barcelona\",\"description\":\"\",\"publisher\":{\"@id\":\"https:\\\/\\\/institutchiaribcn.com\\\/de\\\/#organization\"},\"potentialAction\":[{\"@type\":\"SearchAction\",\"target\":{\"@type\":\"EntryPoint\",\"urlTemplate\":\"https:\\\/\\\/institutchiaribcn.com\\\/de\\\/?s={search_term_string}\"},\"query-input\":{\"@type\":\"PropertyValueSpecification\",\"valueRequired\":true,\"valueName\":\"search_term_string\"}}],\"inLanguage\":\"de\"},{\"@type\":\"Organization\",\"@id\":\"https:\\\/\\\/institutchiaribcn.com\\\/de\\\/#organization\",\"name\":\"Institut Chiari de Barcelona\",\"url\":\"https:\\\/\\\/institutchiaribcn.com\\\/de\\\/\",\"logo\":{\"@type\":\"ImageObject\",\"inLanguage\":\"de\",\"@id\":\"https:\\\/\\\/institutchiaribcn.com\\\/de\\\/#\\\/schema\\\/logo\\\/image\\\/\",\"url\":\"https:\\\/\\\/institutchiaribcn.com\\\/wp-content\\\/uploads\\\/2025\\\/10\\\/cropped-cropped-icsebNavLogo-1.png\",\"contentUrl\":\"https:\\\/\\\/institutchiaribcn.com\\\/wp-content\\\/uploads\\\/2025\\\/10\\\/cropped-cropped-icsebNavLogo-1.png\",\"width\":245,\"height\":99,\"caption\":\"Institut Chiari de Barcelona\"},\"image\":{\"@id\":\"https:\\\/\\\/institutchiaribcn.com\\\/de\\\/#\\\/schema\\\/logo\\\/image\\\/\"}}]}<\/script>\n<!-- \/ Yoast SEO plugin. -->","yoast_head_json":{"title":"Alessandra Cantuaria de Araujo: Erfahrungsbericht | ICSEB","description":"Alessandra Cantuaria de Araujo berichtet \u00fcber ihre Behandlung von Arnold-Chiari I und verwandten Syndromen am ICSEB.","robots":{"index":"index","follow":"follow","max-snippet":"max-snippet:-1","max-image-preview":"max-image-preview:large","max-video-preview":"max-video-preview:-1"},"canonical":"https:\/\/institutchiaribcn.com\/de\/alessandra-cantuaria-de-araujo-neuro-kranio-vertebrales-syndrom-kleinhirntonsillentiefstand-arnold-chiari-syndrom-typ-i-idiopathische-syringomyelie-bandscheibenschaeden\/","og_locale":"de_DE","og_type":"article","og_title":"Alessandra Cantuaria de Araujo: Erfahrungsbericht | ICSEB","og_description":"Alessandra Cantuaria de Araujo berichtet \u00fcber ihre Behandlung von Arnold-Chiari I und verwandten Syndromen am ICSEB.","og_url":"https:\/\/institutchiaribcn.com\/de\/alessandra-cantuaria-de-araujo-neuro-kranio-vertebrales-syndrom-kleinhirntonsillentiefstand-arnold-chiari-syndrom-typ-i-idiopathische-syringomyelie-bandscheibenschaeden\/","og_site_name":"Institut Chiari","article_modified_time":"2026-02-20T10:28:02+00:00","og_image":[{"width":200,"height":200,"url":"https:\/\/institutchiaribcn.com\/wp-content\/uploads\/2017\/07\/chiari-tratamineto-Alessandra-.jpg","type":"image\/jpeg"}],"twitter_card":"summary_large_image","twitter_misc":{"Gesch\u00e4tzte Lesezeit":"3\u00a0Minuten"},"schema":{"@context":"https:\/\/schema.org","@graph":[{"@type":"WebPage","@id":"https:\/\/institutchiaribcn.com\/de\/alessandra-cantuaria-de-araujo-neuro-kranio-vertebrales-syndrom-kleinhirntonsillentiefstand-arnold-chiari-syndrom-typ-i-idiopathische-syringomyelie-bandscheibenschaeden\/","url":"https:\/\/institutchiaribcn.com\/de\/alessandra-cantuaria-de-araujo-neuro-kranio-vertebrales-syndrom-kleinhirntonsillentiefstand-arnold-chiari-syndrom-typ-i-idiopathische-syringomyelie-bandscheibenschaeden\/","name":"Alessandra Cantuaria de Araujo: Erfahrungsbericht | ICSEB","isPartOf":{"@id":"https:\/\/institutchiaribcn.com\/de\/#website"},"primaryImageOfPage":{"@id":"https:\/\/institutchiaribcn.com\/de\/alessandra-cantuaria-de-araujo-neuro-kranio-vertebrales-syndrom-kleinhirntonsillentiefstand-arnold-chiari-syndrom-typ-i-idiopathische-syringomyelie-bandscheibenschaeden\/#primaryimage"},"image":{"@id":"https:\/\/institutchiaribcn.com\/de\/alessandra-cantuaria-de-araujo-neuro-kranio-vertebrales-syndrom-kleinhirntonsillentiefstand-arnold-chiari-syndrom-typ-i-idiopathische-syringomyelie-bandscheibenschaeden\/#primaryimage"},"thumbnailUrl":"https:\/\/institutchiaribcn.com\/wp-content\/uploads\/2017\/07\/chiari-tratamineto-Alessandra-.jpg","datePublished":"2017-07-27T22:00:16+00:00","dateModified":"2026-02-20T10:28:02+00:00","description":"Alessandra Cantuaria de Araujo berichtet \u00fcber ihre Behandlung von Arnold-Chiari I und verwandten Syndromen am ICSEB.","breadcrumb":{"@id":"https:\/\/institutchiaribcn.com\/de\/alessandra-cantuaria-de-araujo-neuro-kranio-vertebrales-syndrom-kleinhirntonsillentiefstand-arnold-chiari-syndrom-typ-i-idiopathische-syringomyelie-bandscheibenschaeden\/#breadcrumb"},"inLanguage":"de","potentialAction":[{"@type":"ReadAction","target":["https:\/\/institutchiaribcn.com\/de\/alessandra-cantuaria-de-araujo-neuro-kranio-vertebrales-syndrom-kleinhirntonsillentiefstand-arnold-chiari-syndrom-typ-i-idiopathische-syringomyelie-bandscheibenschaeden\/"]}]},{"@type":"ImageObject","inLanguage":"de","@id":"https:\/\/institutchiaribcn.com\/de\/alessandra-cantuaria-de-araujo-neuro-kranio-vertebrales-syndrom-kleinhirntonsillentiefstand-arnold-chiari-syndrom-typ-i-idiopathische-syringomyelie-bandscheibenschaeden\/#primaryimage","url":"https:\/\/institutchiaribcn.com\/wp-content\/uploads\/2017\/07\/chiari-tratamineto-Alessandra-.jpg","contentUrl":"https:\/\/institutchiaribcn.com\/wp-content\/uploads\/2017\/07\/chiari-tratamineto-Alessandra-.jpg","width":200,"height":200},{"@type":"BreadcrumbList","@id":"https:\/\/institutchiaribcn.com\/de\/alessandra-cantuaria-de-araujo-neuro-kranio-vertebrales-syndrom-kleinhirntonsillentiefstand-arnold-chiari-syndrom-typ-i-idiopathische-syringomyelie-bandscheibenschaeden\/#breadcrumb","itemListElement":[{"@type":"ListItem","position":1,"name":"Portada","item":"https:\/\/institutchiaribcn.com\/de\/"},{"@type":"ListItem","position":2,"name":"Videos","item":"https:\/\/institutchiaribcn.com\/de\/videos\/"},{"@type":"ListItem","position":3,"name":"Alessandra Cantu\u00e1ria de Ara\u00fajo. Neuro-Kranio-Vertebrales Syndrom. Kleinhirntonsillentiefstand (Arnold-Chiari Syndrom Typ I). Idiopathische Syringomyelie. Bandscheibensch\u00e4den."}]},{"@type":"WebSite","@id":"https:\/\/institutchiaribcn.com\/de\/#website","url":"https:\/\/institutchiaribcn.com\/de\/","name":"Institut Chiari de Barcelona","description":"","publisher":{"@id":"https:\/\/institutchiaribcn.com\/de\/#organization"},"potentialAction":[{"@type":"SearchAction","target":{"@type":"EntryPoint","urlTemplate":"https:\/\/institutchiaribcn.com\/de\/?s={search_term_string}"},"query-input":{"@type":"PropertyValueSpecification","valueRequired":true,"valueName":"search_term_string"}}],"inLanguage":"de"},{"@type":"Organization","@id":"https:\/\/institutchiaribcn.com\/de\/#organization","name":"Institut Chiari de Barcelona","url":"https:\/\/institutchiaribcn.com\/de\/","logo":{"@type":"ImageObject","inLanguage":"de","@id":"https:\/\/institutchiaribcn.com\/de\/#\/schema\/logo\/image\/","url":"https:\/\/institutchiaribcn.com\/wp-content\/uploads\/2025\/10\/cropped-cropped-icsebNavLogo-1.png","contentUrl":"https:\/\/institutchiaribcn.com\/wp-content\/uploads\/2025\/10\/cropped-cropped-icsebNavLogo-1.png","width":245,"height":99,"caption":"Institut Chiari de Barcelona"},"image":{"@id":"https:\/\/institutchiaribcn.com\/de\/#\/schema\/logo\/image\/"}}]}},"_links":{"self":[{"href":"https:\/\/institutchiaribcn.com\/de\/wp-json\/wp\/v2\/videos\/112079","targetHints":{"allow":["GET"]}}],"collection":[{"href":"https:\/\/institutchiaribcn.com\/de\/wp-json\/wp\/v2\/videos"}],"about":[{"href":"https:\/\/institutchiaribcn.com\/de\/wp-json\/wp\/v2\/types\/videos"}],"wp:featuredmedia":[{"embeddable":true,"href":"https:\/\/institutchiaribcn.com\/de\/wp-json\/wp\/v2\/media\/138527"}],"wp:attachment":[{"href":"https:\/\/institutchiaribcn.com\/de\/wp-json\/wp\/v2\/media?parent=112079"}],"wp:term":[{"taxonomy":"tipos-de-video","embeddable":true,"href":"https:\/\/institutchiaribcn.com\/de\/wp-json\/wp\/v2\/tipos-de-video?post=112079"}],"curies":[{"name":"wp","href":"https:\/\/api.w.org\/{rel}","templated":true}]}}