{"id":15119,"date":"2026-03-20T00:00:54","date_gmt":"2026-03-19T23:00:54","guid":{"rendered":"https:\/\/dev.institutchiaribcn.com\/enfermedades\/ehlers-danlos-syndrom-wirbelsaeulenerkrankung-beim-ehlers-danlos-syndrom-ursache-und-behandlung-nach-dem-filum-system\/"},"modified":"2026-04-10T11:09:14","modified_gmt":"2026-04-10T09:09:14","slug":"ehlers-danlos-syndrom-filum-system","status":"publish","type":"enfermedades","link":"https:\/\/institutchiaribcn.com\/de\/ehlers-danlos-syndrom-filum-system\/","title":{"rendered":"Ehlers-Danlos Syndrom"},"content":{"rendered":"<p><strong><b>Letzte \u00dcberarbeitung<\/b>: 20\/03\/2026, <\/strong><a href=\"https:\/\/institutchiaribcn.com\/de\/medizinisches-und-forschungspersonal\/\" target=\"_blank\" rel=\"noopener\"><strong>Dr. med. Miguel B. Royo Salvador<\/strong><\/a>, <strong>Arztnummer: 10389.<\/strong> <strong>Neurochirurg und Neurologe.<\/strong><\/p>\n<h2 style=\"text-align: justify;\"><strong>Definition<\/strong><\/h2>\n<p style=\"text-align: justify;\">Das Ehlers-Danlos-Syndrome (EDS) umfasst eine komplexe Gruppe heterogener Erbkrankheiten, die durch die Br\u00fcchigkeit des weichen Bindegewebes, die Hypermobilit\u00e4t der Gelenke, die Dehnbarkeit der Haut und vaskul\u00e4re Komplikationen gekennzeichnet sind.<\/p>\n<p>Die klinische Auspr\u00e4gung kann sehr unterschiedlich sein und umfasst mehrere verschiedene Typen: klassisches EDS, hypermobiles EDS, dermatosparaktisches EDS, muskulokontraktisches EDS, vaskul\u00e4res EDS, Arthrochalasie-EDS, kardial-valvul\u00e4res EDS, parodontales EDS, spondylodysplastisches EDS, X-chromosomales EDS, Syndrom der br\u00fcchigen Hornhaut, klassisches EDS Typ 1 und Typ 2, kyphoskoliotisches EDS und myopathisches EDS.<\/p>\n<p>&nbsp;<\/p>\n<hr \/>\n<h2 style=\"text-align: justify;\"><strong>Symptome<\/strong><\/h2>\n<p style=\"text-align: justify;\"><strong>Das klinische Bild umfasst je nach Art des EDS eine gro\u00dfe Vielfalt an Symptomen:<\/strong><\/p>\n<ul style=\"text-align: justify;\">\n<li>Hyperlaxit\u00e4t (\u00dcberdehbarkeit) oder Dislokation (Verschiebung) der Gelenke<\/li>\n<li>Dehnbare Haut, die Druckstellen aufweist und leicht verletzt werden kann<\/li>\n<li>Leichte Narbenbildung und schlechte Wundheilung<\/li>\n<li>Plattf\u00fc\u00dfe<\/li>\n<li>Erh\u00f6hte Gelenkbeweglichkeit, knackende Gelenke, fr\u00fche Arthritis<\/li>\n<li>Vorzeitiger Fruchtblasenriss bei Geburten<\/li>\n<li>Probleme mit der Sehkraft<\/li>\n<li>Flexible, zerbrechliche oder weiche und samtige Haut<\/li>\n<li>Gelenkschmerzen<\/li>\n<li>Chronische Schmerzen<\/li>\n<\/ul>\n<p>&nbsp;<\/p>\n<hr \/>\n<h2 style=\"text-align: justify;\"><strong>Ursachen <\/strong><\/h2>\n<p style=\"text-align: justify;\">Im Allgemeinen liegen bei den Ehlers-Danlos-Syndromen genetische Mutationen vor, die die Produktion von Kollagen und &#8211; bei einigen Untertypen &#8211; von anderen Proteinen, die mit diesem interagieren, beeinflussen.<br \/>\nDies f\u00fchrt zu einer Schw\u00e4chung des Bindegewebes.<\/p>\n<p>Je nachdem, wie ein Organ oder Gewebe betroffen ist, f\u00fchrt dies zu der einen oder anderen Form von EDS.<\/p>\n<p>Nach dem Filum System<sup>\u00ae<\/sup> (FS<sup>\u00ae<\/sup>) kann die Wirbels\u00e4ulenerkrankung bei EDS auf ein m\u00f6gliches Neuro-kranio-vertebrales Syndrom (NKVS) zur\u00fcckzuf\u00fchren sein, eine Folge der Dehnung der Wirbels\u00e4ule, die durch die Laxheit ihrer Bestandteile und die Traktion des zentralen Nervensystems (ZNS) und insbesondere des R\u00fcckenmarks hervorgerufen wird.<\/p>\n<p>&nbsp;<\/p>\n<hr \/>\n<h2 style=\"text-align: justify;\"><strong>Diagnose<\/strong><\/h2>\n<p style=\"text-align: justify;\">Die Diagnose st\u00fctzt sich im Allgemeinen auf die Anamnese und die Familiengeschichte des Patienten, da es sich um eine erbliche Erkrankung handelt. Anschlie\u00dfend wird die Art des EDS anhand klinischer Kriterien bestimmt.<\/p>\n<p>Eine zweite Diagnosestufe umfasst Gentests, die nicht eindeutig sind, aber je nach vermutetem EDS-Typ ersch\u00f6pfend sein k\u00f6nnen.<\/p>\n<p>Gem\u00e4\u00df des FS<sup>\u00ae<\/sup> erfolgt die Diagnose eines Neuro-kranio-vertebralen Syndroms in Verbindung mit EDS durch eine klinische Untersuchung und erg\u00e4nzende Tests, wie MRTs des Gehirns und der Wirbels\u00e4ule und eine vollst\u00e4ndige R\u00f6ntgenaufnahme der Wirbels\u00e4ule.<\/p>\n<p>&nbsp;<\/p>\n<hr \/>\n<h2 style=\"text-align: justify;\"><strong>Diagnose<\/strong><\/h2>\n<p style=\"text-align: justify;\">In einigen F\u00e4llen kann die Familiengeschichte ein Risikofaktor sein.<\/p>\n<p>&nbsp;<\/p>\n<hr \/>\n<h2 style=\"text-align: justify;\"><strong>Komplikationen<\/strong><\/h2>\n<p style=\"text-align: justify;\">Im Allgemeinen ist die Lebenserwartung normal, obwohl bei bestimmten Arten von EDS potenziell schwere Komplikationen auftreten k\u00f6nnen.<\/p>\n<p>Es k\u00f6nnen Gelenkverrenkungen und fr\u00fch einsetzende Arthritis auftreten.<\/p>\n<p>Die fragile Haut kann eine ausgepr\u00e4gte Narbenbildung entwickeln, oder chirurgische N\u00e4hte k\u00f6nnen das fragile Gewebe einrei\u00dfen und die Wundheilung erschweren.<\/p>\n<p>Bei Menschen mit vaskul\u00e4rem EDS besteht das Risiko, dass gro\u00dfe Blutgef\u00e4\u00dfe rei\u00dfen, was lebensgef\u00e4hrlich sein kann.<\/p>\n<p>Einige Organe, wie die Geb\u00e4rmutter und der Darm, k\u00f6nnen ebenfalls rei\u00dfen. Eine Schwangerschaft kann das Risiko eines Geb\u00e4rmutterrisses erh\u00f6hen, und die Zerbrechlichkeit des m\u00fctterlichen Gewebes kann eine Episiotomie oder einen Kaiserschnitt erschweren. Es kann zu pr\u00e4natalen, perinatalen und postnatalen Blutungen kommen.<\/p>\n<p>Es k\u00f6nnen chirurgische Komplikationen k\u00f6nnen aufgrund der Zerbrechlichkeit des tiefen Gewebes auftreten.<\/p>\n<p>Leichte Synovialerg\u00fcsse, Verstauchungen und Verrenkungen sind h\u00e4ufig.<\/p>\n<p>Andere potenziell schwerwiegende Komplikationen sind arterioven\u00f6se Fisteln, viszerale Rupturen und Pneumothorax oder H\u00e4mopneumothorax.<\/p>\n<p style=\"text-align: justify;\"><strong>Nach dem Filum System<sup>\u00ae<\/sup>:<\/strong><\/p>\n<p style=\"text-align: justify;\">Das mit EDS assoziierte NCVS ist das Ergebnis der vertebralen Streckung und des daraus resultierenden Zugs des ZNS auf das R\u00fcckenmark, Abbildung 1.<\/p>\n<div align=\"center\">\n<p><a href=\"http:\/\/institutchiaribcn.com\/wp-content\/uploads\/2024\/11\/spine-eds.jpg\"><img decoding=\"async\" class=\"aligncenter wp-image-9479 size-large img-responsive\" src=\"http:\/\/institutchiaribcn.com\/wp-content\/uploads\/2024\/11\/spine-eds.jpg\" alt=\"spine-eds\" width=\"500\" height=\"auto\" \/><\/a><\/p>\n<p><em>Abbildung 1. Normale Halswirbels\u00e4ule (links) und Halswirbels\u00e4ule mit EDS (rechts). Die Dehnungskraft auf die Halswirbels\u00e4ule ist schwarz und die daraus resultierende Kraft auf das R\u00fcckenmark wei\u00df markiert. Infolgedessen ist eine Absenkung der Kleinhirntonsillen zu beobachten.<\/em><\/p>\n<\/div>\n<p style=\"text-align: justify;\">In neueren histologischen Studien wurde paradoxerweise festgestellt, dass das Filum terminale bei EDS steifer und unelastischer ist als normal (Klinge 2022). Nach den FS<sup>\u00ae<\/sup>-Kriterien k\u00f6nnte das Filum terminale bei EDS aufgrund des st\u00e4ndigen Zugs, der durch die Dehnung der Wirbels\u00e4ule entsteht, an Elastizit\u00e4t verlieren &#8211; auch an derjenigen, die durch EDS erh\u00f6ht wird (Abbildung 2).<\/p>\n<div align=\"center\">\n<p><a href=\"http:\/\/institutchiaribcn.com\/wp-content\/uploads\/2024\/11\/eds-icseb-sacrum.jpg\"><img decoding=\"async\" class=\"size-full wp-image-9480 aligncenter img-responsive\" src=\"http:\/\/institutchiaribcn.com\/wp-content\/uploads\/2024\/11\/eds-icseb-sacrum.jpg\" alt=\"eds-icseb-sacrum\" width=\"500\" height=\"auto\" \/><\/a><em>Abbildung 2. Normale Lendenwirbels\u00e4ule (links) und Lendenwirbels\u00e4ule mit EDS (rechts). Rechts ist die Dehnungskraft an der Lendenwirbels\u00e4ule mit EDS mit gr\u00fcnen Pfeilen markiert. Die erh\u00f6hte Elastizit\u00e4t des FT ist durch blaue Pfeile gekennzeichnet. Die daraus resultierende Kraft auf den Conus medullaris ist mit einem roten Pfeil markiert, was zu einem gestreckten und unelastischen FT f\u00fchrt.<\/em><\/p>\n<\/div>\n<p style=\"text-align: justify;\">Nach den aktuellen alarmierenden Kriterien kann es bei Patienten mit EDS zu spinalen neurologischen Komplikationen kommen, einschlie\u00dflich zervikomedull\u00e4rer Symptome, die aus kraniozervikaler oder zervikaler Instabilit\u00e4t\/Hypermobilit\u00e4t resultieren, sowie Tethered Cord und okkultem Tethered Cord Syndrom.<br \/>\nEine Durchsicht der Literatur zeigt jedoch, dass es keine relevanten schweren F\u00e4lle gibt, die diese Kriterien rechtfertigen.<\/p>\n<p>Andererseits haben wir am ICSEB eine Reihe von Patienten mit Ehlers-Danlos-Syndrom, deren F\u00e4lle mit dem neuro-kranio-vertebralen Syndrom und der Filum-Krankheit kompatibel sind.<\/p>\n<p>Aus diesem Grund sind wir auf der Grundlage unserer Studien zu diesem Thema der Ansicht, dass die Symptomatik, die andere Autoren der kraniozervikalen und\/oder atlantoaxialen Instabilit\u00e4t bei EDS-Patienten zuschreiben, nicht auf diesen Mechanismus zur\u00fcckzuf\u00fchren ist. Wahrscheinlich handelt es sich eher um ein nicht diagnostiziertes neuro-kranio-vertebrales Syndrom.<\/p>\n<p>&nbsp;<\/p>\n<hr \/>\n<h2 style=\"text-align: justify;\"><strong>Behandlung<\/strong><\/h2>\n<p style=\"text-align: justify;\">Die \u00fcbliche <strong>Behandlung<\/strong> des Ehlers-Danlos-Syndroms ist <strong>konservativ und symptomatisch<\/strong> &#8211; da es derzeit keine wirksame Behandlung f\u00fcr das Bindegewebe gibt &#8211; und umfasst Schmerzbehandlung, Blutdruckkontrolle und Physiotherapie zur St\u00e4rkung der Muskeln und der Gelenkstabilit\u00e4t.<\/p>\n<p><strong>Chirurgische Eingriffe<\/strong> zur Reparatur von Gelenken, die durch wiederholte Verrenkungen gesch\u00e4digt wurden, oder zur Reparatur von L\u00e4sionen in Blutgef\u00e4\u00dfen und Organen. Chirurgische Eingriffe werden auch bei Gelenksubluxationen durchgef\u00fchrt, wie z. B. die Stabilisierung von Gelenken und spezielle Verfahren zur Freisetzung von Nerven, die eine symptomatische Linderung bringen k\u00f6nnen, wenn konservative Ma\u00dfnahmen versagen.<\/p>\n<p>In der gegenw\u00e4rtigen klinischen Praxis besteht die Tendenz, das EDS als h\u00e4ufige Ursache f\u00fcr die Verschiebung der Halswirbels\u00e4ule zu betrachten, mit dem daraus resultierenden neurologischen und vitalen Risiko. Daher sind chirurgische Behandlungen zur arthrodesischen Konsolidierung der Halswirbels\u00e4ule mit einem gro\u00dfen Einsatz von Osteosynthesen angezeigt. Nach den bibliografischen Fallstudien sind diese Behandlungen nicht gerechtfertigt.<\/p>\n<h3 style=\"text-align: justify;\"><strong>Nach dem Filum System<sup>\u00ae<\/sup><\/strong><\/h3>\n<p style=\"text-align: justify;\">In Anbetracht der aus unseren Fallserien gewonnenen Erkenntnisse bei der Beobachtung multipler kraniovertebraler oder neurologischer Manifestationen bei Patienten mit Ehlers-Danlos-Syndrom ist es in diesen F\u00e4llen ratsam, nach klinischen und bildgebenden Merkmalen zu suchen, die auf eine abnorme kaudale Traktion, ein neuro-kranio-vertebrales Syndrom hindeuten, sowie auf Tests zum Nachweis einer kraniozervikalen Instabilit\u00e4t zur\u00fcckzugreifen.<\/p>\n<p>Sobald die Assoziation von EDS mit der Diagnose eines neuro-kranio-vertebralen Syndroms best\u00e4tigt ist, muss die Indikation zur Durchtrennung des Filum terminale gem\u00e4\u00df FS<sup>\u00ae<\/sup> als Behandlung bewertet werden.<\/p>\n<p>Die Ergebnisse der Durchtrennung des <em>Filum Terminale<\/em> bei diesen Patienten sind offenbar vergleichbar mit denen der Hauptgruppe der chirurgischen Patienten, die vom Neuro-kranio-vertebralen Syndrom betroffen sind.<\/p>\n<p>&nbsp;<\/p>\n<hr \/>\n<h2 style=\"text-align: justify;\"><strong>Die Durchtrennung des Filum Terminale bei EDS<\/strong><\/h2>\n<div class=\"boxAdvantages barAdvantages\">\n<div align=\"center\">\n<h3><strong>Vorteile<\/strong><\/h3>\n<\/div>\n<ol style=\"text-align: justify;\">\n<li>Beseitigt die Ursache des mit dem Ehlers-Danlos-Syndrom in Verbindung stehenden neuro-kranio-vertebralen Syndroms, indem die Traktion der Wirbels\u00e4ule und die daraus folgende Traktion des R\u00fcckenmarks beseitigt wird.<\/li>\n<li>Mit der minimalinvasiven Operationstechnik, die ausschlie\u00dflich am ICSEB zum Einsatz kommt, betr\u00e4gt die Operationszeit 40 Minuten mit wenigen Stunden Krankenhausaufenthalt. Sie k\u00f6nnte ambulant durchgef\u00fchrt werden. \u00d6rtliche Bet\u00e4ubung. Kurze postoperative Zeit ohne Einschr\u00e4nkungen. Keine Bluttransfusionen.<\/li>\n<li>Die Anwendung ist mit einer Sterblichkeitsrate von 0 % verbunden, es gibt keine Folgeerscheinungen oder nennenswerte Komplikationen.<\/li>\n<li>erbessert die Symptome und stoppt das Fortschreiten der mit dem NKVS verbundenen L\u00e4sionen.<\/li>\n<\/ol>\n<\/div>\n<p>&nbsp;<\/p>\n<hr \/>\n<h2 style=\"text-align: justify;\"><strong>Ergebnisse<\/strong><\/h2>\n<p style=\"text-align: justify;\">Bei angemessener Diagnose und Behandlung gem\u00e4\u00df der FS<sup>\u00ae<\/sup> sind die Ergebnisse mit denen vergleichbar, die bei der Filum-Krankheit und dem Neuro-kranio-vertebralen Syndrom aufgrund anderer Ursachen erzielt werden.<\/p>\n<p>&nbsp;<\/p>\n<hr \/>\n<h2 style=\"text-align: justify;\"><strong>Literaturnachweis<\/strong><\/h2>\n<ol>\n<li style=\"font-size: 16px; font-weight: 300; text-align: justify;\">Awasthy and Chand, 2008<\/li>\n<li style=\"font-size: 16px; font-weight: 300; text-align: justify;\">Halko et al., 1995<\/li>\n<li style=\"font-size: 16px; font-weight: 300; text-align: justify;\">Klinge Petra M. et al. 2022<\/li>\n<li style=\"font-size: 16px; font-weight: 300; text-align: justify;\">Man\u0301czak and Gasik et al., 2017<\/li>\n<li style=\"font-size: 16px; font-weight: 300; text-align: justify;\">Nagashima et al., 1981.<\/li>\n<li style=\"font-size: 16px; font-weight: 300; text-align: justify;\">Royo Salvador 1996a y b, Royo Salvador et al., 2005.<\/li>\n<li style=\"font-size: 16px; font-weight: 300; text-align: justify;\">Royo Salvador et al., <a href=\"https:\/\/institutchiaribcn.com\/the-filum-disease-and-the-neuro-cranio-vertebral-syndrome-definition-clinical-picture-and-imaging-features\/\">The Filum disease and the Neuro-cranio-vertebral Syndrome: definition, clinical picture and imaging features<\/a>. 2020.<\/li>\n<li style=\"font-size: 16px; font-weight: 300; text-align: justify;\">Royo Salvador et al., Neuro-cranio-vertebral syndrome associated with Ehlers-Danlos syndrome: diagnosis and treatment, 2022.<\/li>\n<\/ol>\n","protected":false},"featured_media":1573,"template":"","class_list":["post-15119","enfermedades","type-enfermedades","status-publish","has-post-thumbnail","hentry"],"yoast_head":"<!-- This site is optimized with the Yoast SEO plugin v27.4 - https:\/\/yoast.com\/product\/yoast-seo-wordpress\/ -->\n<title>Ehlers-Danlos-Syndrom und Filum System\u00ae | Institut Chiari<\/title>\n<meta name=\"description\" content=\"Zusammenhang zwischen Ehlers-Danlos-Syndrom und Filum-Erkrankung sowie Diagnose und Behandlung mit dem Filum System\u00ae bei ICSEB.\" \/>\n<meta name=\"robots\" content=\"index, follow, max-snippet:-1, max-image-preview:large, max-video-preview:-1\" \/>\n<link rel=\"canonical\" href=\"https:\/\/institutchiaribcn.com\/de\/ehlers-danlos-syndrom-filum-system\/\" \/>\n<meta property=\"og:locale\" content=\"de_DE\" \/>\n<meta property=\"og:type\" content=\"article\" \/>\n<meta property=\"og:title\" content=\"Ehlers-Danlos-Syndrom und Filum System\u00ae | Institut Chiari\" \/>\n<meta property=\"og:description\" content=\"Zusammenhang zwischen Ehlers-Danlos-Syndrom und Filum-Erkrankung sowie Diagnose und Behandlung mit dem Filum System\u00ae bei ICSEB.\" \/>\n<meta property=\"og:url\" content=\"https:\/\/institutchiaribcn.com\/de\/ehlers-danlos-syndrom-filum-system\/\" \/>\n<meta property=\"og:site_name\" content=\"Institut Chiari\" \/>\n<meta property=\"article:modified_time\" content=\"2026-04-10T09:09:14+00:00\" \/>\n<meta property=\"og:image\" content=\"https:\/\/institutchiaribcn.com\/wp-content\/uploads\/2025\/06\/eds-icseb-1.jpg\" \/>\n\t<meta property=\"og:image:width\" content=\"845\" \/>\n\t<meta property=\"og:image:height\" content=\"377\" \/>\n\t<meta property=\"og:image:type\" content=\"image\/jpeg\" \/>\n<meta name=\"twitter:card\" content=\"summary_large_image\" \/>\n<meta name=\"twitter:label1\" content=\"Gesch\u00e4tzte Lesezeit\" \/>\n\t<meta name=\"twitter:data1\" content=\"7\u00a0Minuten\" \/>\n<script type=\"application\/ld+json\" class=\"yoast-schema-graph\">{\"@context\":\"https:\\\/\\\/schema.org\",\"@graph\":[{\"@type\":\"WebPage\",\"@id\":\"https:\\\/\\\/institutchiaribcn.com\\\/de\\\/ehlers-danlos-syndrom-filum-system\\\/\",\"url\":\"https:\\\/\\\/institutchiaribcn.com\\\/de\\\/ehlers-danlos-syndrom-filum-system\\\/\",\"name\":\"Ehlers-Danlos-Syndrom und Filum System\u00ae | Institut Chiari\",\"isPartOf\":{\"@id\":\"https:\\\/\\\/institutchiaribcn.com\\\/de\\\/#website\"},\"primaryImageOfPage\":{\"@id\":\"https:\\\/\\\/institutchiaribcn.com\\\/de\\\/ehlers-danlos-syndrom-filum-system\\\/#primaryimage\"},\"image\":{\"@id\":\"https:\\\/\\\/institutchiaribcn.com\\\/de\\\/ehlers-danlos-syndrom-filum-system\\\/#primaryimage\"},\"thumbnailUrl\":\"https:\\\/\\\/institutchiaribcn.com\\\/wp-content\\\/uploads\\\/2025\\\/06\\\/eds-icseb-1.jpg\",\"datePublished\":\"2026-03-19T23:00:54+00:00\",\"dateModified\":\"2026-04-10T09:09:14+00:00\",\"description\":\"Zusammenhang zwischen Ehlers-Danlos-Syndrom und Filum-Erkrankung sowie Diagnose und Behandlung mit dem Filum System\u00ae bei ICSEB.\",\"breadcrumb\":{\"@id\":\"https:\\\/\\\/institutchiaribcn.com\\\/de\\\/ehlers-danlos-syndrom-filum-system\\\/#breadcrumb\"},\"inLanguage\":\"de\",\"potentialAction\":[{\"@type\":\"ReadAction\",\"target\":[\"https:\\\/\\\/institutchiaribcn.com\\\/de\\\/ehlers-danlos-syndrom-filum-system\\\/\"]}]},{\"@type\":\"ImageObject\",\"inLanguage\":\"de\",\"@id\":\"https:\\\/\\\/institutchiaribcn.com\\\/de\\\/ehlers-danlos-syndrom-filum-system\\\/#primaryimage\",\"url\":\"https:\\\/\\\/institutchiaribcn.com\\\/wp-content\\\/uploads\\\/2025\\\/06\\\/eds-icseb-1.jpg\",\"contentUrl\":\"https:\\\/\\\/institutchiaribcn.com\\\/wp-content\\\/uploads\\\/2025\\\/06\\\/eds-icseb-1.jpg\",\"width\":845,\"height\":377,\"caption\":\"Ehlers\u2011Danlos et pathologie vert\u00e9brale\"},{\"@type\":\"BreadcrumbList\",\"@id\":\"https:\\\/\\\/institutchiaribcn.com\\\/de\\\/ehlers-danlos-syndrom-filum-system\\\/#breadcrumb\",\"itemListElement\":[{\"@type\":\"ListItem\",\"position\":1,\"name\":\"Portada\",\"item\":\"https:\\\/\\\/institutchiaribcn.com\\\/de\\\/\"},{\"@type\":\"ListItem\",\"position\":2,\"name\":\"Enfermedades\",\"item\":\"https:\\\/\\\/institutchiaribcn.com\\\/de\\\/enfermedades\\\/\"},{\"@type\":\"ListItem\",\"position\":3,\"name\":\"Ehlers-Danlos Syndrom\"}]},{\"@type\":\"WebSite\",\"@id\":\"https:\\\/\\\/institutchiaribcn.com\\\/de\\\/#website\",\"url\":\"https:\\\/\\\/institutchiaribcn.com\\\/de\\\/\",\"name\":\"Institut Chiari de Barcelona\",\"description\":\"\",\"publisher\":{\"@id\":\"https:\\\/\\\/institutchiaribcn.com\\\/de\\\/#organization\"},\"potentialAction\":[{\"@type\":\"SearchAction\",\"target\":{\"@type\":\"EntryPoint\",\"urlTemplate\":\"https:\\\/\\\/institutchiaribcn.com\\\/de\\\/?s={search_term_string}\"},\"query-input\":{\"@type\":\"PropertyValueSpecification\",\"valueRequired\":true,\"valueName\":\"search_term_string\"}}],\"inLanguage\":\"de\"},{\"@type\":\"Organization\",\"@id\":\"https:\\\/\\\/institutchiaribcn.com\\\/de\\\/#organization\",\"name\":\"Institut Chiari de Barcelona\",\"url\":\"https:\\\/\\\/institutchiaribcn.com\\\/de\\\/\",\"logo\":{\"@type\":\"ImageObject\",\"inLanguage\":\"de\",\"@id\":\"https:\\\/\\\/institutchiaribcn.com\\\/de\\\/#\\\/schema\\\/logo\\\/image\\\/\",\"url\":\"https:\\\/\\\/institutchiaribcn.com\\\/wp-content\\\/uploads\\\/2025\\\/10\\\/cropped-cropped-icsebNavLogo-1.png\",\"contentUrl\":\"https:\\\/\\\/institutchiaribcn.com\\\/wp-content\\\/uploads\\\/2025\\\/10\\\/cropped-cropped-icsebNavLogo-1.png\",\"width\":245,\"height\":99,\"caption\":\"Institut Chiari de Barcelona\"},\"image\":{\"@id\":\"https:\\\/\\\/institutchiaribcn.com\\\/de\\\/#\\\/schema\\\/logo\\\/image\\\/\"}}]}<\/script>\n<!-- \/ Yoast SEO plugin. -->","yoast_head_json":{"title":"Ehlers-Danlos-Syndrom und Filum System\u00ae | Institut Chiari","description":"Zusammenhang zwischen Ehlers-Danlos-Syndrom und Filum-Erkrankung sowie Diagnose und Behandlung mit dem Filum System\u00ae bei ICSEB.","robots":{"index":"index","follow":"follow","max-snippet":"max-snippet:-1","max-image-preview":"max-image-preview:large","max-video-preview":"max-video-preview:-1"},"canonical":"https:\/\/institutchiaribcn.com\/de\/ehlers-danlos-syndrom-filum-system\/","og_locale":"de_DE","og_type":"article","og_title":"Ehlers-Danlos-Syndrom und Filum System\u00ae | Institut Chiari","og_description":"Zusammenhang zwischen Ehlers-Danlos-Syndrom und Filum-Erkrankung sowie Diagnose und Behandlung mit dem Filum System\u00ae bei ICSEB.","og_url":"https:\/\/institutchiaribcn.com\/de\/ehlers-danlos-syndrom-filum-system\/","og_site_name":"Institut Chiari","article_modified_time":"2026-04-10T09:09:14+00:00","og_image":[{"width":845,"height":377,"url":"https:\/\/institutchiaribcn.com\/wp-content\/uploads\/2025\/06\/eds-icseb-1.jpg","type":"image\/jpeg"}],"twitter_card":"summary_large_image","twitter_misc":{"Gesch\u00e4tzte Lesezeit":"7\u00a0Minuten"},"schema":{"@context":"https:\/\/schema.org","@graph":[{"@type":"WebPage","@id":"https:\/\/institutchiaribcn.com\/de\/ehlers-danlos-syndrom-filum-system\/","url":"https:\/\/institutchiaribcn.com\/de\/ehlers-danlos-syndrom-filum-system\/","name":"Ehlers-Danlos-Syndrom und Filum System\u00ae | Institut Chiari","isPartOf":{"@id":"https:\/\/institutchiaribcn.com\/de\/#website"},"primaryImageOfPage":{"@id":"https:\/\/institutchiaribcn.com\/de\/ehlers-danlos-syndrom-filum-system\/#primaryimage"},"image":{"@id":"https:\/\/institutchiaribcn.com\/de\/ehlers-danlos-syndrom-filum-system\/#primaryimage"},"thumbnailUrl":"https:\/\/institutchiaribcn.com\/wp-content\/uploads\/2025\/06\/eds-icseb-1.jpg","datePublished":"2026-03-19T23:00:54+00:00","dateModified":"2026-04-10T09:09:14+00:00","description":"Zusammenhang zwischen Ehlers-Danlos-Syndrom und Filum-Erkrankung sowie Diagnose und Behandlung mit dem Filum System\u00ae bei ICSEB.","breadcrumb":{"@id":"https:\/\/institutchiaribcn.com\/de\/ehlers-danlos-syndrom-filum-system\/#breadcrumb"},"inLanguage":"de","potentialAction":[{"@type":"ReadAction","target":["https:\/\/institutchiaribcn.com\/de\/ehlers-danlos-syndrom-filum-system\/"]}]},{"@type":"ImageObject","inLanguage":"de","@id":"https:\/\/institutchiaribcn.com\/de\/ehlers-danlos-syndrom-filum-system\/#primaryimage","url":"https:\/\/institutchiaribcn.com\/wp-content\/uploads\/2025\/06\/eds-icseb-1.jpg","contentUrl":"https:\/\/institutchiaribcn.com\/wp-content\/uploads\/2025\/06\/eds-icseb-1.jpg","width":845,"height":377,"caption":"Ehlers\u2011Danlos et pathologie vert\u00e9brale"},{"@type":"BreadcrumbList","@id":"https:\/\/institutchiaribcn.com\/de\/ehlers-danlos-syndrom-filum-system\/#breadcrumb","itemListElement":[{"@type":"ListItem","position":1,"name":"Portada","item":"https:\/\/institutchiaribcn.com\/de\/"},{"@type":"ListItem","position":2,"name":"Enfermedades","item":"https:\/\/institutchiaribcn.com\/de\/enfermedades\/"},{"@type":"ListItem","position":3,"name":"Ehlers-Danlos Syndrom"}]},{"@type":"WebSite","@id":"https:\/\/institutchiaribcn.com\/de\/#website","url":"https:\/\/institutchiaribcn.com\/de\/","name":"Institut Chiari de Barcelona","description":"","publisher":{"@id":"https:\/\/institutchiaribcn.com\/de\/#organization"},"potentialAction":[{"@type":"SearchAction","target":{"@type":"EntryPoint","urlTemplate":"https:\/\/institutchiaribcn.com\/de\/?s={search_term_string}"},"query-input":{"@type":"PropertyValueSpecification","valueRequired":true,"valueName":"search_term_string"}}],"inLanguage":"de"},{"@type":"Organization","@id":"https:\/\/institutchiaribcn.com\/de\/#organization","name":"Institut Chiari de Barcelona","url":"https:\/\/institutchiaribcn.com\/de\/","logo":{"@type":"ImageObject","inLanguage":"de","@id":"https:\/\/institutchiaribcn.com\/de\/#\/schema\/logo\/image\/","url":"https:\/\/institutchiaribcn.com\/wp-content\/uploads\/2025\/10\/cropped-cropped-icsebNavLogo-1.png","contentUrl":"https:\/\/institutchiaribcn.com\/wp-content\/uploads\/2025\/10\/cropped-cropped-icsebNavLogo-1.png","width":245,"height":99,"caption":"Institut Chiari de Barcelona"},"image":{"@id":"https:\/\/institutchiaribcn.com\/de\/#\/schema\/logo\/image\/"}}]}},"_links":{"self":[{"href":"https:\/\/institutchiaribcn.com\/de\/wp-json\/wp\/v2\/enfermedades\/15119","targetHints":{"allow":["GET"]}}],"collection":[{"href":"https:\/\/institutchiaribcn.com\/de\/wp-json\/wp\/v2\/enfermedades"}],"about":[{"href":"https:\/\/institutchiaribcn.com\/de\/wp-json\/wp\/v2\/types\/enfermedades"}],"wp:featuredmedia":[{"embeddable":true,"href":"https:\/\/institutchiaribcn.com\/de\/wp-json\/wp\/v2\/media\/1573"}],"wp:attachment":[{"href":"https:\/\/institutchiaribcn.com\/de\/wp-json\/wp\/v2\/media?parent=15119"}],"curies":[{"name":"wp","href":"https:\/\/api.w.org\/{rel}","templated":true}]}}