{"id":87138,"date":"2017-04-07T00:00:00","date_gmt":"2017-04-06T22:00:00","guid":{"rendered":"https:\/\/dev.institutchiaribcn.com\/comunicacion\/neue-zusammenarbeit-mit-dem-verein-worldwide-syringomyelia-chiari-task-force\/"},"modified":"2026-02-23T12:24:00","modified_gmt":"2026-02-23T11:24:00","slug":"neue-zusammenarbeit-mit-dem-verein-worldwide-syringomyelia-chiari-task-force","status":"publish","type":"comunicacion","link":"https:\/\/institutchiaribcn.com\/de\/neue-zusammenarbeit-mit-dem-verein-worldwide-syringomyelia-chiari-task-force\/","title":{"rendered":"Neue Zusammenarbeit mit dem Verein Worldwide Syringomyelia &#038; Chiari Task Force"},"content":{"rendered":"<p class=\"text-muted aniview centerTXT\"><a title=\"Beitr\u00e4ge von ICSEB\" href=\"https:\/\/institutchiaribcn.com\/de\/author\/anoop\/\" rel=\"author\">ICSEB<\/a>, 5 Juli, 2016<\/p>\n<p style=\"text-align: justify;\"><a href=\"https:\/\/institutchiaribcn.com\/wp-content\/uploads\/2016\/07\/2015-WSCTF-logo.png\"><img fetchpriority=\"high\" decoding=\"async\" class=\"img-rounded img-responsive text-wrap wp-image-6886 size-medium alignright\" src=\"https:\/\/institutchiaribcn.com\/wp-content\/uploads\/2016\/07\/2015-WSCTF-logo-300x180.png\" sizes=\"(max-width: 300px) 100vw, 300px\" srcset=\"https:\/\/institutchiaribcn.com\/wp-content\/uploads\/2016\/07\/2015-WSCTF-logo-300x180.png 300w, https:\/\/institutchiaribcn.com\/wp-content\/uploads\/2016\/07\/2015-WSCTF-logo.png 400w\" alt=\"2015 WSCTF logo\" width=\"300\" height=\"180\" \/><\/a>Wir freuen uns, mitzuteilen, dass der Direktor des <em>Institut Chiari &amp; Siringomielia &amp; Escoliosis de Barcelona, <\/em>Dr. Royo Salvador, eingeladen wurde mit der<em> Worldwide Syringomyelia &amp; Chiari Task Force <\/em>zusammenzuarbeiten und Mitglied des wissenschaftlichen Beirates zu werden. Der Verein ist in den Vereinigten Staaten von Amerika angesiedelt und setzt sich zum Ziel, Fachleute und Patienten \u00fcber die in seinem Namen beinhalteten Diagnosen aufzukl\u00e4ren.<\/p>\n<p style=\"text-align: justify;\">Au\u00dferdem betreibt sie eine Studie \u00fcber diese Krankheiten mit der Unterst\u00fctzung der<em> Food and Drug Administration (FDA) <\/em>und der nordamerikanischen<em> National Organiztion for Are Disorders. <\/em><\/p>\n<p style=\"text-align: justify;\">Wir freuen, Teil dieses Projekts zu sein und hoffen auf eine erfolgreiche und lange Zusammenarbeit zum Nutzen von Patienten auf weltweiter Ebene.<\/p>\n<p style=\"text-align: justify;\">Wilkommensschreiben der Vereinigung an Dr. Royo:<br \/>\n<a href=\"https:\/\/institutchiaribcn.com\/commons\/\/pdf\/communication-letters\/Letter-WSCTF-ICSEB.pdf\" target=\"_blank\" rel=\"noopener\">https:\/\/institutchiaribcn.com\/commons\/\/pdf\/communication-letters\/Letter-WSCTF-ICSEB.pdf<\/a><\/p>\n<p>Web:\u00a0<a href=\"https:\/\/wstfcure.org\" target=\"_blank\" rel=\"noopener\">https:\/\/wstfcure.org<\/a><\/p>\n","protected":false},"featured_media":87139,"template":"","tipos-de-comunicacion":[514],"class_list":["post-87138","comunicacion","type-comunicacion","status-publish","has-post-thumbnail","hentry","tipos-de-comunicacion-mitteilungen-neuigkeiten"],"yoast_head":"<!-- This site is optimized with the Yoast SEO plugin v27.4 - https:\/\/yoast.com\/product\/yoast-seo-wordpress\/ -->\n<title>Zusammenarbeit mit Worldwide Syringomyelia &amp; Chiari | ICSEB<\/title>\n<meta name=\"description\" content=\"ICSEB kooperiert mit Worldwide Syringomyelia &amp; Chiari Task Force zur Aufkl\u00e4rung zu Syringomyelie, Chiari und verwandten Erkrankungen.\" \/>\n<meta name=\"robots\" content=\"index, follow, max-snippet:-1, max-image-preview:large, max-video-preview:-1\" \/>\n<link rel=\"canonical\" href=\"https:\/\/institutchiaribcn.com\/de\/neue-zusammenarbeit-mit-dem-verein-worldwide-syringomyelia-chiari-task-force\/\" \/>\n<meta property=\"og:locale\" content=\"de_DE\" \/>\n<meta property=\"og:type\" content=\"article\" \/>\n<meta property=\"og:title\" content=\"Zusammenarbeit mit Worldwide Syringomyelia &amp; Chiari | ICSEB\" \/>\n<meta property=\"og:description\" content=\"ICSEB kooperiert mit Worldwide Syringomyelia &amp; Chiari Task Force zur Aufkl\u00e4rung zu Syringomyelie, Chiari und verwandten Erkrankungen.\" \/>\n<meta property=\"og:url\" content=\"https:\/\/institutchiaribcn.com\/de\/neue-zusammenarbeit-mit-dem-verein-worldwide-syringomyelia-chiari-task-force\/\" \/>\n<meta property=\"og:site_name\" content=\"Institut Chiari\" \/>\n<meta property=\"article:modified_time\" content=\"2026-02-23T11:24:00+00:00\" \/>\n<meta property=\"og:image\" content=\"https:\/\/institutchiaribcn.com\/wp-content\/uploads\/2025\/10\/WSCTF_Chiari-6.jpg\" \/>\n\t<meta property=\"og:image:width\" content=\"200\" \/>\n\t<meta property=\"og:image:height\" content=\"200\" \/>\n\t<meta property=\"og:image:type\" content=\"image\/jpeg\" \/>\n<meta name=\"twitter:card\" content=\"summary_large_image\" \/>\n<meta name=\"twitter:label1\" content=\"Gesch\u00e4tzte Lesezeit\" \/>\n\t<meta name=\"twitter:data1\" content=\"1\u00a0Minute\" \/>\n<script type=\"application\/ld+json\" class=\"yoast-schema-graph\">{\"@context\":\"https:\\\/\\\/schema.org\",\"@graph\":[{\"@type\":\"WebPage\",\"@id\":\"https:\\\/\\\/institutchiaribcn.com\\\/de\\\/neue-zusammenarbeit-mit-dem-verein-worldwide-syringomyelia-chiari-task-force\\\/\",\"url\":\"https:\\\/\\\/institutchiaribcn.com\\\/de\\\/neue-zusammenarbeit-mit-dem-verein-worldwide-syringomyelia-chiari-task-force\\\/\",\"name\":\"Zusammenarbeit mit Worldwide Syringomyelia & Chiari | ICSEB\",\"isPartOf\":{\"@id\":\"https:\\\/\\\/institutchiaribcn.com\\\/de\\\/#website\"},\"primaryImageOfPage\":{\"@id\":\"https:\\\/\\\/institutchiaribcn.com\\\/de\\\/neue-zusammenarbeit-mit-dem-verein-worldwide-syringomyelia-chiari-task-force\\\/#primaryimage\"},\"image\":{\"@id\":\"https:\\\/\\\/institutchiaribcn.com\\\/de\\\/neue-zusammenarbeit-mit-dem-verein-worldwide-syringomyelia-chiari-task-force\\\/#primaryimage\"},\"thumbnailUrl\":\"https:\\\/\\\/institutchiaribcn.com\\\/wp-content\\\/uploads\\\/2025\\\/10\\\/WSCTF_Chiari-6.jpg\",\"datePublished\":\"2017-04-06T22:00:00+00:00\",\"dateModified\":\"2026-02-23T11:24:00+00:00\",\"description\":\"ICSEB kooperiert mit Worldwide Syringomyelia & Chiari Task Force zur Aufkl\u00e4rung zu Syringomyelie, Chiari und verwandten Erkrankungen.\",\"breadcrumb\":{\"@id\":\"https:\\\/\\\/institutchiaribcn.com\\\/de\\\/neue-zusammenarbeit-mit-dem-verein-worldwide-syringomyelia-chiari-task-force\\\/#breadcrumb\"},\"inLanguage\":\"de\",\"potentialAction\":[{\"@type\":\"ReadAction\",\"target\":[\"https:\\\/\\\/institutchiaribcn.com\\\/de\\\/neue-zusammenarbeit-mit-dem-verein-worldwide-syringomyelia-chiari-task-force\\\/\"]}]},{\"@type\":\"ImageObject\",\"inLanguage\":\"de\",\"@id\":\"https:\\\/\\\/institutchiaribcn.com\\\/de\\\/neue-zusammenarbeit-mit-dem-verein-worldwide-syringomyelia-chiari-task-force\\\/#primaryimage\",\"url\":\"https:\\\/\\\/institutchiaribcn.com\\\/wp-content\\\/uploads\\\/2025\\\/10\\\/WSCTF_Chiari-6.jpg\",\"contentUrl\":\"https:\\\/\\\/institutchiaribcn.com\\\/wp-content\\\/uploads\\\/2025\\\/10\\\/WSCTF_Chiari-6.jpg\",\"width\":200,\"height\":200},{\"@type\":\"BreadcrumbList\",\"@id\":\"https:\\\/\\\/institutchiaribcn.com\\\/de\\\/neue-zusammenarbeit-mit-dem-verein-worldwide-syringomyelia-chiari-task-force\\\/#breadcrumb\",\"itemListElement\":[{\"@type\":\"ListItem\",\"position\":1,\"name\":\"Portada\",\"item\":\"https:\\\/\\\/institutchiaribcn.com\\\/de\\\/\"},{\"@type\":\"ListItem\",\"position\":2,\"name\":\"Comunicaci\u00f3n\",\"item\":\"https:\\\/\\\/institutchiaribcn.com\\\/de\\\/comunicacion\\\/\"},{\"@type\":\"ListItem\",\"position\":3,\"name\":\"Neue Zusammenarbeit mit dem Verein Worldwide Syringomyelia &#038; Chiari Task Force\"}]},{\"@type\":\"WebSite\",\"@id\":\"https:\\\/\\\/institutchiaribcn.com\\\/de\\\/#website\",\"url\":\"https:\\\/\\\/institutchiaribcn.com\\\/de\\\/\",\"name\":\"Institut Chiari de Barcelona\",\"description\":\"\",\"publisher\":{\"@id\":\"https:\\\/\\\/institutchiaribcn.com\\\/de\\\/#organization\"},\"potentialAction\":[{\"@type\":\"SearchAction\",\"target\":{\"@type\":\"EntryPoint\",\"urlTemplate\":\"https:\\\/\\\/institutchiaribcn.com\\\/de\\\/?s={search_term_string}\"},\"query-input\":{\"@type\":\"PropertyValueSpecification\",\"valueRequired\":true,\"valueName\":\"search_term_string\"}}],\"inLanguage\":\"de\"},{\"@type\":\"Organization\",\"@id\":\"https:\\\/\\\/institutchiaribcn.com\\\/de\\\/#organization\",\"name\":\"Institut Chiari de Barcelona\",\"url\":\"https:\\\/\\\/institutchiaribcn.com\\\/de\\\/\",\"logo\":{\"@type\":\"ImageObject\",\"inLanguage\":\"de\",\"@id\":\"https:\\\/\\\/institutchiaribcn.com\\\/de\\\/#\\\/schema\\\/logo\\\/image\\\/\",\"url\":\"https:\\\/\\\/institutchiaribcn.com\\\/wp-content\\\/uploads\\\/2025\\\/10\\\/cropped-cropped-icsebNavLogo-1.png\",\"contentUrl\":\"https:\\\/\\\/institutchiaribcn.com\\\/wp-content\\\/uploads\\\/2025\\\/10\\\/cropped-cropped-icsebNavLogo-1.png\",\"width\":245,\"height\":99,\"caption\":\"Institut Chiari de Barcelona\"},\"image\":{\"@id\":\"https:\\\/\\\/institutchiaribcn.com\\\/de\\\/#\\\/schema\\\/logo\\\/image\\\/\"}}]}<\/script>\n<!-- \/ Yoast SEO plugin. -->","yoast_head_json":{"title":"Zusammenarbeit mit Worldwide Syringomyelia & Chiari | ICSEB","description":"ICSEB kooperiert mit Worldwide Syringomyelia & Chiari Task Force zur Aufkl\u00e4rung zu Syringomyelie, Chiari und verwandten Erkrankungen.","robots":{"index":"index","follow":"follow","max-snippet":"max-snippet:-1","max-image-preview":"max-image-preview:large","max-video-preview":"max-video-preview:-1"},"canonical":"https:\/\/institutchiaribcn.com\/de\/neue-zusammenarbeit-mit-dem-verein-worldwide-syringomyelia-chiari-task-force\/","og_locale":"de_DE","og_type":"article","og_title":"Zusammenarbeit mit Worldwide Syringomyelia & Chiari | ICSEB","og_description":"ICSEB kooperiert mit Worldwide Syringomyelia & Chiari Task Force zur Aufkl\u00e4rung zu Syringomyelie, Chiari und verwandten Erkrankungen.","og_url":"https:\/\/institutchiaribcn.com\/de\/neue-zusammenarbeit-mit-dem-verein-worldwide-syringomyelia-chiari-task-force\/","og_site_name":"Institut Chiari","article_modified_time":"2026-02-23T11:24:00+00:00","og_image":[{"width":200,"height":200,"url":"https:\/\/institutchiaribcn.com\/wp-content\/uploads\/2025\/10\/WSCTF_Chiari-6.jpg","type":"image\/jpeg"}],"twitter_card":"summary_large_image","twitter_misc":{"Gesch\u00e4tzte Lesezeit":"1\u00a0Minute"},"schema":{"@context":"https:\/\/schema.org","@graph":[{"@type":"WebPage","@id":"https:\/\/institutchiaribcn.com\/de\/neue-zusammenarbeit-mit-dem-verein-worldwide-syringomyelia-chiari-task-force\/","url":"https:\/\/institutchiaribcn.com\/de\/neue-zusammenarbeit-mit-dem-verein-worldwide-syringomyelia-chiari-task-force\/","name":"Zusammenarbeit mit Worldwide Syringomyelia & Chiari | ICSEB","isPartOf":{"@id":"https:\/\/institutchiaribcn.com\/de\/#website"},"primaryImageOfPage":{"@id":"https:\/\/institutchiaribcn.com\/de\/neue-zusammenarbeit-mit-dem-verein-worldwide-syringomyelia-chiari-task-force\/#primaryimage"},"image":{"@id":"https:\/\/institutchiaribcn.com\/de\/neue-zusammenarbeit-mit-dem-verein-worldwide-syringomyelia-chiari-task-force\/#primaryimage"},"thumbnailUrl":"https:\/\/institutchiaribcn.com\/wp-content\/uploads\/2025\/10\/WSCTF_Chiari-6.jpg","datePublished":"2017-04-06T22:00:00+00:00","dateModified":"2026-02-23T11:24:00+00:00","description":"ICSEB kooperiert mit Worldwide Syringomyelia & Chiari Task Force zur Aufkl\u00e4rung zu Syringomyelie, Chiari und verwandten Erkrankungen.","breadcrumb":{"@id":"https:\/\/institutchiaribcn.com\/de\/neue-zusammenarbeit-mit-dem-verein-worldwide-syringomyelia-chiari-task-force\/#breadcrumb"},"inLanguage":"de","potentialAction":[{"@type":"ReadAction","target":["https:\/\/institutchiaribcn.com\/de\/neue-zusammenarbeit-mit-dem-verein-worldwide-syringomyelia-chiari-task-force\/"]}]},{"@type":"ImageObject","inLanguage":"de","@id":"https:\/\/institutchiaribcn.com\/de\/neue-zusammenarbeit-mit-dem-verein-worldwide-syringomyelia-chiari-task-force\/#primaryimage","url":"https:\/\/institutchiaribcn.com\/wp-content\/uploads\/2025\/10\/WSCTF_Chiari-6.jpg","contentUrl":"https:\/\/institutchiaribcn.com\/wp-content\/uploads\/2025\/10\/WSCTF_Chiari-6.jpg","width":200,"height":200},{"@type":"BreadcrumbList","@id":"https:\/\/institutchiaribcn.com\/de\/neue-zusammenarbeit-mit-dem-verein-worldwide-syringomyelia-chiari-task-force\/#breadcrumb","itemListElement":[{"@type":"ListItem","position":1,"name":"Portada","item":"https:\/\/institutchiaribcn.com\/de\/"},{"@type":"ListItem","position":2,"name":"Comunicaci\u00f3n","item":"https:\/\/institutchiaribcn.com\/de\/comunicacion\/"},{"@type":"ListItem","position":3,"name":"Neue Zusammenarbeit mit dem Verein Worldwide Syringomyelia &#038; Chiari Task Force"}]},{"@type":"WebSite","@id":"https:\/\/institutchiaribcn.com\/de\/#website","url":"https:\/\/institutchiaribcn.com\/de\/","name":"Institut Chiari de Barcelona","description":"","publisher":{"@id":"https:\/\/institutchiaribcn.com\/de\/#organization"},"potentialAction":[{"@type":"SearchAction","target":{"@type":"EntryPoint","urlTemplate":"https:\/\/institutchiaribcn.com\/de\/?s={search_term_string}"},"query-input":{"@type":"PropertyValueSpecification","valueRequired":true,"valueName":"search_term_string"}}],"inLanguage":"de"},{"@type":"Organization","@id":"https:\/\/institutchiaribcn.com\/de\/#organization","name":"Institut Chiari de Barcelona","url":"https:\/\/institutchiaribcn.com\/de\/","logo":{"@type":"ImageObject","inLanguage":"de","@id":"https:\/\/institutchiaribcn.com\/de\/#\/schema\/logo\/image\/","url":"https:\/\/institutchiaribcn.com\/wp-content\/uploads\/2025\/10\/cropped-cropped-icsebNavLogo-1.png","contentUrl":"https:\/\/institutchiaribcn.com\/wp-content\/uploads\/2025\/10\/cropped-cropped-icsebNavLogo-1.png","width":245,"height":99,"caption":"Institut Chiari de Barcelona"},"image":{"@id":"https:\/\/institutchiaribcn.com\/de\/#\/schema\/logo\/image\/"}}]}},"_links":{"self":[{"href":"https:\/\/institutchiaribcn.com\/de\/wp-json\/wp\/v2\/comunicacion\/87138","targetHints":{"allow":["GET"]}}],"collection":[{"href":"https:\/\/institutchiaribcn.com\/de\/wp-json\/wp\/v2\/comunicacion"}],"about":[{"href":"https:\/\/institutchiaribcn.com\/de\/wp-json\/wp\/v2\/types\/comunicacion"}],"wp:featuredmedia":[{"embeddable":true,"href":"https:\/\/institutchiaribcn.com\/de\/wp-json\/wp\/v2\/media\/87139"}],"wp:attachment":[{"href":"https:\/\/institutchiaribcn.com\/de\/wp-json\/wp\/v2\/media?parent=87138"}],"wp:term":[{"taxonomy":"tipos-de-comunicacion","embeddable":true,"href":"https:\/\/institutchiaribcn.com\/de\/wp-json\/wp\/v2\/tipos-de-comunicacion?post=87138"}],"curies":[{"name":"wp","href":"https:\/\/api.w.org\/{rel}","templated":true}]}}