{"id":86687,"date":"2019-03-04T00:00:00","date_gmt":"2019-03-03T23:00:00","guid":{"rendered":"https:\/\/dev.institutchiaribcn.com\/comunicacion\/hr-xavier-anton-fernandez-geschaeftsfuehrer-des-institut-chiari-siringomielia-escoliosis-de-barcelona-verstorben\/"},"modified":"2026-02-23T12:31:37","modified_gmt":"2026-02-23T11:31:37","slug":"hr-xavier-anton-fernandez-geschaeftsfuehrer-des-institut-chiari-siringomielia-escoliosis-de-barcelona-verstorben","status":"publish","type":"comunicacion","link":"https:\/\/institutchiaribcn.com\/de\/hr-xavier-anton-fernandez-geschaeftsfuehrer-des-institut-chiari-siringomielia-escoliosis-de-barcelona-verstorben\/","title":{"rendered":"Hr. Xavier Ant\u00f3n Fern\u00e1ndez, Gesch\u00e4ftsf\u00fchrer des Institut Chiari &#038; Siringomielia &#038; Escoliosis de Barcelona verstorben"},"content":{"rendered":"<p class=\"text-muted aniview centerTXT\"><a title=\"Beitr\u00e4ge von ICSEB\" href=\"https:\/\/institutchiaribcn.com\/de\/author\/anoop\/\" rel=\"author\">ICSEB<\/a>, 14 Januar, 2019<\/p>\n<p style=\"text-align: justify;\">Mit gro\u00dfem Bedauern teilen das Institut Chiari &amp; Siringomielia &amp; Escoliosis de Barcelona und die Chiari &amp; Scoliosis &amp; Syringomyelia Foundation die traurige Nachricht des Ablebens von Herrn Xavier Ant\u00f3n, nach langem Kampf gegen seine Krankheit, am vergangenen 12. Januar, mit. Herr Ant\u00f3n war ein im pers\u00f6nlichen und beruflichen Engagement beispielhafter Gesch\u00e4ftsf\u00fchrer des Instituts und Vorstandsmitglied der Stiftung. Die Integrit\u00e4t und Koh\u00e4renz, mit welcher er seine Werte mit gro\u00dfer Aufrichtigkeit in die Praxis umsetzte, werden uns ein Beispiel bleiben und uns weiter vorw\u00e4rts leiten.<\/p>\n<p>Die gesamte Belegschaft spricht der Familie ihr herzlichstes Beileid aus.<\/p>\n","protected":false},"featured_media":86688,"template":"","tipos-de-comunicacion":[514],"class_list":["post-86687","comunicacion","type-comunicacion","status-publish","has-post-thumbnail","hentry","tipos-de-comunicacion-mitteilungen-neuigkeiten"],"yoast_head":"<!-- This site is optimized with the Yoast SEO plugin v27.4 - https:\/\/yoast.com\/product\/yoast-seo-wordpress\/ -->\n<title>Xavier Ant\u00f3n\u202fFern\u00e1ndez \u2013 ehemaliger Gesch\u00e4ftsf\u00fchrer | ICSEB<\/title>\n<meta name=\"description\" content=\"ICSEB gedenkt Xavier Ant\u00f3n\u202fFern\u00e1ndez, ehemaligen Gesch\u00e4ftsf\u00fchrer, der am 12.\u202fJanuar\u202f2019 nach langer Krankheit verstarb, mit tiefem Respekt.\" \/>\n<meta name=\"robots\" content=\"index, follow, max-snippet:-1, max-image-preview:large, max-video-preview:-1\" \/>\n<link rel=\"canonical\" href=\"https:\/\/institutchiaribcn.com\/de\/hr-xavier-anton-fernandez-geschaeftsfuehrer-des-institut-chiari-siringomielia-escoliosis-de-barcelona-verstorben\/\" \/>\n<meta property=\"og:locale\" content=\"de_DE\" \/>\n<meta property=\"og:type\" content=\"article\" \/>\n<meta property=\"og:title\" content=\"Xavier Ant\u00f3n\u202fFern\u00e1ndez \u2013 ehemaliger Gesch\u00e4ftsf\u00fchrer | ICSEB\" \/>\n<meta property=\"og:description\" content=\"ICSEB gedenkt Xavier Ant\u00f3n\u202fFern\u00e1ndez, ehemaligen Gesch\u00e4ftsf\u00fchrer, der am 12.\u202fJanuar\u202f2019 nach langer Krankheit verstarb, mit tiefem Respekt.\" \/>\n<meta property=\"og:url\" content=\"https:\/\/institutchiaribcn.com\/de\/hr-xavier-anton-fernandez-geschaeftsfuehrer-des-institut-chiari-siringomielia-escoliosis-de-barcelona-verstorben\/\" \/>\n<meta property=\"og:site_name\" content=\"Institut Chiari\" \/>\n<meta property=\"article:modified_time\" content=\"2026-02-23T11:31:37+00:00\" \/>\n<meta property=\"og:image\" content=\"https:\/\/institutchiaribcn.com\/wp-content\/uploads\/2025\/10\/x-anton-3.jpg\" \/>\n\t<meta property=\"og:image:width\" content=\"200\" \/>\n\t<meta property=\"og:image:height\" content=\"200\" \/>\n\t<meta property=\"og:image:type\" content=\"image\/jpeg\" \/>\n<meta name=\"twitter:card\" content=\"summary_large_image\" \/>\n<meta name=\"twitter:label1\" content=\"Gesch\u00e4tzte Lesezeit\" \/>\n\t<meta name=\"twitter:data1\" content=\"1\u00a0Minute\" \/>\n<script type=\"application\/ld+json\" class=\"yoast-schema-graph\">{\"@context\":\"https:\\\/\\\/schema.org\",\"@graph\":[{\"@type\":\"WebPage\",\"@id\":\"https:\\\/\\\/institutchiaribcn.com\\\/de\\\/hr-xavier-anton-fernandez-geschaeftsfuehrer-des-institut-chiari-siringomielia-escoliosis-de-barcelona-verstorben\\\/\",\"url\":\"https:\\\/\\\/institutchiaribcn.com\\\/de\\\/hr-xavier-anton-fernandez-geschaeftsfuehrer-des-institut-chiari-siringomielia-escoliosis-de-barcelona-verstorben\\\/\",\"name\":\"Xavier Ant\u00f3n\u202fFern\u00e1ndez \u2013 ehemaliger Gesch\u00e4ftsf\u00fchrer | ICSEB\",\"isPartOf\":{\"@id\":\"https:\\\/\\\/institutchiaribcn.com\\\/de\\\/#website\"},\"primaryImageOfPage\":{\"@id\":\"https:\\\/\\\/institutchiaribcn.com\\\/de\\\/hr-xavier-anton-fernandez-geschaeftsfuehrer-des-institut-chiari-siringomielia-escoliosis-de-barcelona-verstorben\\\/#primaryimage\"},\"image\":{\"@id\":\"https:\\\/\\\/institutchiaribcn.com\\\/de\\\/hr-xavier-anton-fernandez-geschaeftsfuehrer-des-institut-chiari-siringomielia-escoliosis-de-barcelona-verstorben\\\/#primaryimage\"},\"thumbnailUrl\":\"https:\\\/\\\/institutchiaribcn.com\\\/wp-content\\\/uploads\\\/2025\\\/10\\\/x-anton-3.jpg\",\"datePublished\":\"2019-03-03T23:00:00+00:00\",\"dateModified\":\"2026-02-23T11:31:37+00:00\",\"description\":\"ICSEB gedenkt Xavier Ant\u00f3n\u202fFern\u00e1ndez, ehemaligen Gesch\u00e4ftsf\u00fchrer, der am 12.\u202fJanuar\u202f2019 nach langer Krankheit verstarb, mit tiefem Respekt.\",\"breadcrumb\":{\"@id\":\"https:\\\/\\\/institutchiaribcn.com\\\/de\\\/hr-xavier-anton-fernandez-geschaeftsfuehrer-des-institut-chiari-siringomielia-escoliosis-de-barcelona-verstorben\\\/#breadcrumb\"},\"inLanguage\":\"de\",\"potentialAction\":[{\"@type\":\"ReadAction\",\"target\":[\"https:\\\/\\\/institutchiaribcn.com\\\/de\\\/hr-xavier-anton-fernandez-geschaeftsfuehrer-des-institut-chiari-siringomielia-escoliosis-de-barcelona-verstorben\\\/\"]}]},{\"@type\":\"ImageObject\",\"inLanguage\":\"de\",\"@id\":\"https:\\\/\\\/institutchiaribcn.com\\\/de\\\/hr-xavier-anton-fernandez-geschaeftsfuehrer-des-institut-chiari-siringomielia-escoliosis-de-barcelona-verstorben\\\/#primaryimage\",\"url\":\"https:\\\/\\\/institutchiaribcn.com\\\/wp-content\\\/uploads\\\/2025\\\/10\\\/x-anton-3.jpg\",\"contentUrl\":\"https:\\\/\\\/institutchiaribcn.com\\\/wp-content\\\/uploads\\\/2025\\\/10\\\/x-anton-3.jpg\",\"width\":200,\"height\":200},{\"@type\":\"BreadcrumbList\",\"@id\":\"https:\\\/\\\/institutchiaribcn.com\\\/de\\\/hr-xavier-anton-fernandez-geschaeftsfuehrer-des-institut-chiari-siringomielia-escoliosis-de-barcelona-verstorben\\\/#breadcrumb\",\"itemListElement\":[{\"@type\":\"ListItem\",\"position\":1,\"name\":\"Portada\",\"item\":\"https:\\\/\\\/institutchiaribcn.com\\\/de\\\/\"},{\"@type\":\"ListItem\",\"position\":2,\"name\":\"Comunicaci\u00f3n\",\"item\":\"https:\\\/\\\/institutchiaribcn.com\\\/de\\\/comunicacion\\\/\"},{\"@type\":\"ListItem\",\"position\":3,\"name\":\"Hr. Xavier Ant\u00f3n Fern\u00e1ndez, Gesch\u00e4ftsf\u00fchrer des Institut Chiari &#038; Siringomielia &#038; Escoliosis de Barcelona verstorben\"}]},{\"@type\":\"WebSite\",\"@id\":\"https:\\\/\\\/institutchiaribcn.com\\\/de\\\/#website\",\"url\":\"https:\\\/\\\/institutchiaribcn.com\\\/de\\\/\",\"name\":\"Institut Chiari de Barcelona\",\"description\":\"\",\"publisher\":{\"@id\":\"https:\\\/\\\/institutchiaribcn.com\\\/de\\\/#organization\"},\"potentialAction\":[{\"@type\":\"SearchAction\",\"target\":{\"@type\":\"EntryPoint\",\"urlTemplate\":\"https:\\\/\\\/institutchiaribcn.com\\\/de\\\/?s={search_term_string}\"},\"query-input\":{\"@type\":\"PropertyValueSpecification\",\"valueRequired\":true,\"valueName\":\"search_term_string\"}}],\"inLanguage\":\"de\"},{\"@type\":\"Organization\",\"@id\":\"https:\\\/\\\/institutchiaribcn.com\\\/de\\\/#organization\",\"name\":\"Institut Chiari de Barcelona\",\"url\":\"https:\\\/\\\/institutchiaribcn.com\\\/de\\\/\",\"logo\":{\"@type\":\"ImageObject\",\"inLanguage\":\"de\",\"@id\":\"https:\\\/\\\/institutchiaribcn.com\\\/de\\\/#\\\/schema\\\/logo\\\/image\\\/\",\"url\":\"https:\\\/\\\/institutchiaribcn.com\\\/wp-content\\\/uploads\\\/2025\\\/10\\\/cropped-cropped-icsebNavLogo-1.png\",\"contentUrl\":\"https:\\\/\\\/institutchiaribcn.com\\\/wp-content\\\/uploads\\\/2025\\\/10\\\/cropped-cropped-icsebNavLogo-1.png\",\"width\":245,\"height\":99,\"caption\":\"Institut Chiari de Barcelona\"},\"image\":{\"@id\":\"https:\\\/\\\/institutchiaribcn.com\\\/de\\\/#\\\/schema\\\/logo\\\/image\\\/\"}}]}<\/script>\n<!-- \/ Yoast SEO plugin. -->","yoast_head_json":{"title":"Xavier Ant\u00f3n\u202fFern\u00e1ndez \u2013 ehemaliger Gesch\u00e4ftsf\u00fchrer | ICSEB","description":"ICSEB gedenkt Xavier Ant\u00f3n\u202fFern\u00e1ndez, ehemaligen Gesch\u00e4ftsf\u00fchrer, der am 12.\u202fJanuar\u202f2019 nach langer Krankheit verstarb, mit tiefem Respekt.","robots":{"index":"index","follow":"follow","max-snippet":"max-snippet:-1","max-image-preview":"max-image-preview:large","max-video-preview":"max-video-preview:-1"},"canonical":"https:\/\/institutchiaribcn.com\/de\/hr-xavier-anton-fernandez-geschaeftsfuehrer-des-institut-chiari-siringomielia-escoliosis-de-barcelona-verstorben\/","og_locale":"de_DE","og_type":"article","og_title":"Xavier Ant\u00f3n\u202fFern\u00e1ndez \u2013 ehemaliger Gesch\u00e4ftsf\u00fchrer | ICSEB","og_description":"ICSEB gedenkt Xavier Ant\u00f3n\u202fFern\u00e1ndez, ehemaligen Gesch\u00e4ftsf\u00fchrer, der am 12.\u202fJanuar\u202f2019 nach langer Krankheit verstarb, mit tiefem Respekt.","og_url":"https:\/\/institutchiaribcn.com\/de\/hr-xavier-anton-fernandez-geschaeftsfuehrer-des-institut-chiari-siringomielia-escoliosis-de-barcelona-verstorben\/","og_site_name":"Institut Chiari","article_modified_time":"2026-02-23T11:31:37+00:00","og_image":[{"width":200,"height":200,"url":"https:\/\/institutchiaribcn.com\/wp-content\/uploads\/2025\/10\/x-anton-3.jpg","type":"image\/jpeg"}],"twitter_card":"summary_large_image","twitter_misc":{"Gesch\u00e4tzte Lesezeit":"1\u00a0Minute"},"schema":{"@context":"https:\/\/schema.org","@graph":[{"@type":"WebPage","@id":"https:\/\/institutchiaribcn.com\/de\/hr-xavier-anton-fernandez-geschaeftsfuehrer-des-institut-chiari-siringomielia-escoliosis-de-barcelona-verstorben\/","url":"https:\/\/institutchiaribcn.com\/de\/hr-xavier-anton-fernandez-geschaeftsfuehrer-des-institut-chiari-siringomielia-escoliosis-de-barcelona-verstorben\/","name":"Xavier Ant\u00f3n\u202fFern\u00e1ndez \u2013 ehemaliger Gesch\u00e4ftsf\u00fchrer | ICSEB","isPartOf":{"@id":"https:\/\/institutchiaribcn.com\/de\/#website"},"primaryImageOfPage":{"@id":"https:\/\/institutchiaribcn.com\/de\/hr-xavier-anton-fernandez-geschaeftsfuehrer-des-institut-chiari-siringomielia-escoliosis-de-barcelona-verstorben\/#primaryimage"},"image":{"@id":"https:\/\/institutchiaribcn.com\/de\/hr-xavier-anton-fernandez-geschaeftsfuehrer-des-institut-chiari-siringomielia-escoliosis-de-barcelona-verstorben\/#primaryimage"},"thumbnailUrl":"https:\/\/institutchiaribcn.com\/wp-content\/uploads\/2025\/10\/x-anton-3.jpg","datePublished":"2019-03-03T23:00:00+00:00","dateModified":"2026-02-23T11:31:37+00:00","description":"ICSEB gedenkt Xavier Ant\u00f3n\u202fFern\u00e1ndez, ehemaligen Gesch\u00e4ftsf\u00fchrer, der am 12.\u202fJanuar\u202f2019 nach langer Krankheit verstarb, mit tiefem Respekt.","breadcrumb":{"@id":"https:\/\/institutchiaribcn.com\/de\/hr-xavier-anton-fernandez-geschaeftsfuehrer-des-institut-chiari-siringomielia-escoliosis-de-barcelona-verstorben\/#breadcrumb"},"inLanguage":"de","potentialAction":[{"@type":"ReadAction","target":["https:\/\/institutchiaribcn.com\/de\/hr-xavier-anton-fernandez-geschaeftsfuehrer-des-institut-chiari-siringomielia-escoliosis-de-barcelona-verstorben\/"]}]},{"@type":"ImageObject","inLanguage":"de","@id":"https:\/\/institutchiaribcn.com\/de\/hr-xavier-anton-fernandez-geschaeftsfuehrer-des-institut-chiari-siringomielia-escoliosis-de-barcelona-verstorben\/#primaryimage","url":"https:\/\/institutchiaribcn.com\/wp-content\/uploads\/2025\/10\/x-anton-3.jpg","contentUrl":"https:\/\/institutchiaribcn.com\/wp-content\/uploads\/2025\/10\/x-anton-3.jpg","width":200,"height":200},{"@type":"BreadcrumbList","@id":"https:\/\/institutchiaribcn.com\/de\/hr-xavier-anton-fernandez-geschaeftsfuehrer-des-institut-chiari-siringomielia-escoliosis-de-barcelona-verstorben\/#breadcrumb","itemListElement":[{"@type":"ListItem","position":1,"name":"Portada","item":"https:\/\/institutchiaribcn.com\/de\/"},{"@type":"ListItem","position":2,"name":"Comunicaci\u00f3n","item":"https:\/\/institutchiaribcn.com\/de\/comunicacion\/"},{"@type":"ListItem","position":3,"name":"Hr. Xavier Ant\u00f3n Fern\u00e1ndez, Gesch\u00e4ftsf\u00fchrer des Institut Chiari &#038; Siringomielia &#038; Escoliosis de Barcelona verstorben"}]},{"@type":"WebSite","@id":"https:\/\/institutchiaribcn.com\/de\/#website","url":"https:\/\/institutchiaribcn.com\/de\/","name":"Institut Chiari de Barcelona","description":"","publisher":{"@id":"https:\/\/institutchiaribcn.com\/de\/#organization"},"potentialAction":[{"@type":"SearchAction","target":{"@type":"EntryPoint","urlTemplate":"https:\/\/institutchiaribcn.com\/de\/?s={search_term_string}"},"query-input":{"@type":"PropertyValueSpecification","valueRequired":true,"valueName":"search_term_string"}}],"inLanguage":"de"},{"@type":"Organization","@id":"https:\/\/institutchiaribcn.com\/de\/#organization","name":"Institut Chiari de Barcelona","url":"https:\/\/institutchiaribcn.com\/de\/","logo":{"@type":"ImageObject","inLanguage":"de","@id":"https:\/\/institutchiaribcn.com\/de\/#\/schema\/logo\/image\/","url":"https:\/\/institutchiaribcn.com\/wp-content\/uploads\/2025\/10\/cropped-cropped-icsebNavLogo-1.png","contentUrl":"https:\/\/institutchiaribcn.com\/wp-content\/uploads\/2025\/10\/cropped-cropped-icsebNavLogo-1.png","width":245,"height":99,"caption":"Institut Chiari de Barcelona"},"image":{"@id":"https:\/\/institutchiaribcn.com\/de\/#\/schema\/logo\/image\/"}}]}},"_links":{"self":[{"href":"https:\/\/institutchiaribcn.com\/de\/wp-json\/wp\/v2\/comunicacion\/86687","targetHints":{"allow":["GET"]}}],"collection":[{"href":"https:\/\/institutchiaribcn.com\/de\/wp-json\/wp\/v2\/comunicacion"}],"about":[{"href":"https:\/\/institutchiaribcn.com\/de\/wp-json\/wp\/v2\/types\/comunicacion"}],"wp:featuredmedia":[{"embeddable":true,"href":"https:\/\/institutchiaribcn.com\/de\/wp-json\/wp\/v2\/media\/86688"}],"wp:attachment":[{"href":"https:\/\/institutchiaribcn.com\/de\/wp-json\/wp\/v2\/media?parent=86687"}],"wp:term":[{"taxonomy":"tipos-de-comunicacion","embeddable":true,"href":"https:\/\/institutchiaribcn.com\/de\/wp-json\/wp\/v2\/tipos-de-comunicacion?post=86687"}],"curies":[{"name":"wp","href":"https:\/\/api.w.org\/{rel}","templated":true}]}}