{"id":86430,"date":"2022-05-13T00:00:00","date_gmt":"2022-05-12T22:00:00","guid":{"rendered":"https:\/\/dev.institutchiaribcn.com\/comunicacion\/schwedische-zeitung-veroeffentlicht-geschichte-von-arnold-chiari-syndrom-typ-i-patientin\/"},"modified":"2026-02-20T09:22:03","modified_gmt":"2026-02-20T08:22:03","slug":"schwedische-zeitung-veroeffentlicht-geschichte-von-arnold-chiari-syndrom-typ-i-patientin","status":"publish","type":"comunicacion","link":"https:\/\/institutchiaribcn.com\/de\/schwedische-zeitung-veroeffentlicht-geschichte-von-arnold-chiari-syndrom-typ-i-patientin\/","title":{"rendered":"Schwedische Zeitung ver\u00f6ffentlicht Geschichte von Arnold-Chiari-Syndrom-Typ I Patientin"},"content":{"rendered":"<p class=\"text-muted aniview centerTXT\"><a title=\"Beitr\u00e4ge von ICSEB\" href=\"https:\/\/institutchiaribcn.com\/de\/author\/chiari\/\" rel=\"author\">ICSEB<\/a>, 12 November, 2021<\/p>\n<p><a href=\"https:\/\/www.allehanda.se\/artikel\/operationen-i-barcelona-raddade-rebeccas-liv-hade-svart-att-bade-ata-och-andas\/\"><img fetchpriority=\"high\" decoding=\"async\" class=\"alignleft\" src=\"https:\/\/institutchiaribcn.com\/wp-content\/uploads\/2021\/11\/arnold-chiari-treatment-sweden-barcelona.png\" alt=\"\" width=\"502\" height=\"567\" \/><\/a><\/p>\n<p style=\"text-align: justify;\">Der Fall einer schwedischen Patientin, bei der das Neuro-kranio-vertebrale Syndrom, die Filum-Krankheit, das Arnold-Chiari Syndrom Typ I und andere vergesellschaftete Pathologien diagnostiziert wurden, wurde von der Zeitung\u00a0 <strong><em>\u00d6rnsk\u00f6ldsviks Allehanda<\/em><\/strong> in vergangenen August ver\u00f6ffentlicht.<\/p>\n<p>Rebecca Hamrin, 51, die im Juni 2017 von dem ICSEB-Team operiert wurde, erz\u00e4hlte dem Lokalblatt, wie alles begann. Im Dezember 2016 wurde sie, w\u00e4hrend sie in einer Papierfabrik arbeitete, ohnm\u00e4chtig und musste in einem Krankenwagen ins Krankenhaus gebracht werden, in dem sie f\u00fcr ein paar Tage aufgenommen wurde. Dort wurde sie mit Arnold-Chiari Syndrom Typ I diagnostiziert.<\/p>\n<p>Das klinische Bild der Patientin begann sich schnell zu verschlechtern, und deshalb schlugen die behandelnden \u00c4rzte in Schweden vor eine Kraniektomie durchzufuhren, aber da die Risiken von Komplikationen hoch waren, begann die Patientin, sich online \u00fcber m\u00f6gliche Behandlungen f\u00fcr ihren Krankheiten zu suchen.<\/p>\n<p><em>\u201eIch fand das Institut Chiari in Barcelona, das eine andere L\u00f6sung f\u00fcr das Problem hatte\u201c,<\/em> berichtete die Patientin. In dem Interview in der <strong><em>\u00d6rnsk\u00f6lldsviks Allehanda<\/em><\/strong> sagte sie, dass sie eine Woche vor der Operation am ICSEB wichtige Gleichgewichts-, Seh \u2013 und H\u00f6rprobleme hatte, und auch Schwierigkeiten, mit dem Essen und dem Atmen. <em>\u201eDie letzte Nacht vor der Operation schlief ich nicht, weil ich Angst hatte, nicht wieder aufzuwachen.\u201c<\/em><\/p>\n<p>Kurz nachdem sie am ICSEB operiert worden war<em>, \u201ewar etwas passiert\u201c,<\/em> berichtet die Patientin. <em>\u201eIch konnte meinen Kopf bewegen, die Spannung war nicht mehr so gro\u00df.\u201c<\/em> Der Bericht erl\u00e4utert, dass Rebecca in den letzten f\u00fcnf Jahren psychologische Unterst\u00fctzung hatte und in Rehabilitation war, um sich zu erholen. Sie erkl\u00e4rt, dass sie B\u00fccher mit gro\u00dfen Buchstaben aus der Kinderabteilung der B\u00fccherei auslieh, um das Lesen zu \u00fcben, sie praktizierte ihre feinen motorischen F\u00e4higkeiten, indem sie von Hand schrieb und ihren eigenen Schmuck herstellte, und sie schloss sich sogar einer Wandergruppe an. Ende 2020 konnte Rebecca zu ihrer Arbeit in Teilzeit zur\u00fcckkehren.<\/p>\n<p>Die Patientin ist laut der schwedischen Zeitung gesund und \u00fcbernahm im Jahr 2021 einen neuen Job. Sie sagt, dass sie manchmal milde Symptome versp\u00fcrt, aber sie kann weitermachen. \u201eIch habe wirklich hart gearbeitet, um dort anzukommen, wo ich heute bin.\u201c<\/p>\n<p>Finden Sie hier den vollst\u00e4ndigen Artikel in Schwedisch:<br \/>\n<a href=\"https:\/\/www.allehanda.se\/artikel\/operationen-i-barcelona-raddade-rebeccas-liv-hade-svart-att-bade-ata-och-andas-1#_blank\">https:\/\/www.allehanda.se\/artikel\/operationen-i-barcelona-raddade-rebeccas-liv-hade-svart-att-bade-ata-och-andas-1<\/a><\/p>\n","protected":false},"featured_media":86431,"template":"","tipos-de-comunicacion":[514],"class_list":["post-86430","comunicacion","type-comunicacion","status-publish","has-post-thumbnail","hentry","tipos-de-comunicacion-mitteilungen-neuigkeiten"],"yoast_head":"<!-- This site is optimized with the Yoast SEO plugin v27.4 - https:\/\/yoast.com\/product\/yoast-seo-wordpress\/ -->\n<title>Schwedische Presse \u00fcber Chiari-Patientin Typ I | ICSEB<\/title>\n<meta name=\"description\" content=\"Schwedische Zeitung berichtet \u00fcber die Geschichte einer Patientin mit Arnold-Chiari-Syndrom Typ I und ihre Behandlung am ICSEB.\" \/>\n<meta name=\"robots\" content=\"index, follow, max-snippet:-1, max-image-preview:large, max-video-preview:-1\" \/>\n<link rel=\"canonical\" href=\"https:\/\/institutchiaribcn.com\/de\/schwedische-zeitung-veroeffentlicht-geschichte-von-arnold-chiari-syndrom-typ-i-patientin\/\" \/>\n<meta property=\"og:locale\" content=\"de_DE\" \/>\n<meta property=\"og:type\" content=\"article\" \/>\n<meta property=\"og:title\" content=\"Schwedische Presse \u00fcber Chiari-Patientin Typ I | ICSEB\" \/>\n<meta property=\"og:description\" content=\"Schwedische Zeitung berichtet \u00fcber die Geschichte einer Patientin mit Arnold-Chiari-Syndrom Typ I und ihre Behandlung am ICSEB.\" \/>\n<meta property=\"og:url\" content=\"https:\/\/institutchiaribcn.com\/de\/schwedische-zeitung-veroeffentlicht-geschichte-von-arnold-chiari-syndrom-typ-i-patientin\/\" \/>\n<meta property=\"og:site_name\" content=\"Institut Chiari\" \/>\n<meta property=\"article:modified_time\" content=\"2026-02-20T08:22:03+00:00\" \/>\n<meta property=\"og:image\" content=\"https:\/\/institutchiaribcn.com\/wp-content\/uploads\/2025\/10\/arnold-chiari-sweden-barcelona-icseb-2.jpg\" \/>\n\t<meta property=\"og:image:width\" content=\"200\" \/>\n\t<meta property=\"og:image:height\" content=\"200\" \/>\n\t<meta property=\"og:image:type\" content=\"image\/jpeg\" \/>\n<meta name=\"twitter:card\" content=\"summary_large_image\" \/>\n<meta name=\"twitter:label1\" content=\"Gesch\u00e4tzte Lesezeit\" \/>\n\t<meta name=\"twitter:data1\" content=\"3\u00a0Minuten\" \/>\n<script type=\"application\/ld+json\" class=\"yoast-schema-graph\">{\"@context\":\"https:\\\/\\\/schema.org\",\"@graph\":[{\"@type\":\"WebPage\",\"@id\":\"https:\\\/\\\/institutchiaribcn.com\\\/de\\\/schwedische-zeitung-veroeffentlicht-geschichte-von-arnold-chiari-syndrom-typ-i-patientin\\\/\",\"url\":\"https:\\\/\\\/institutchiaribcn.com\\\/de\\\/schwedische-zeitung-veroeffentlicht-geschichte-von-arnold-chiari-syndrom-typ-i-patientin\\\/\",\"name\":\"Schwedische Presse \u00fcber Chiari-Patientin Typ I | ICSEB\",\"isPartOf\":{\"@id\":\"https:\\\/\\\/institutchiaribcn.com\\\/de\\\/#website\"},\"primaryImageOfPage\":{\"@id\":\"https:\\\/\\\/institutchiaribcn.com\\\/de\\\/schwedische-zeitung-veroeffentlicht-geschichte-von-arnold-chiari-syndrom-typ-i-patientin\\\/#primaryimage\"},\"image\":{\"@id\":\"https:\\\/\\\/institutchiaribcn.com\\\/de\\\/schwedische-zeitung-veroeffentlicht-geschichte-von-arnold-chiari-syndrom-typ-i-patientin\\\/#primaryimage\"},\"thumbnailUrl\":\"https:\\\/\\\/institutchiaribcn.com\\\/wp-content\\\/uploads\\\/2025\\\/10\\\/arnold-chiari-sweden-barcelona-icseb-2.jpg\",\"datePublished\":\"2022-05-12T22:00:00+00:00\",\"dateModified\":\"2026-02-20T08:22:03+00:00\",\"description\":\"Schwedische Zeitung berichtet \u00fcber die Geschichte einer Patientin mit Arnold-Chiari-Syndrom Typ I und ihre Behandlung am ICSEB.\",\"breadcrumb\":{\"@id\":\"https:\\\/\\\/institutchiaribcn.com\\\/de\\\/schwedische-zeitung-veroeffentlicht-geschichte-von-arnold-chiari-syndrom-typ-i-patientin\\\/#breadcrumb\"},\"inLanguage\":\"de\",\"potentialAction\":[{\"@type\":\"ReadAction\",\"target\":[\"https:\\\/\\\/institutchiaribcn.com\\\/de\\\/schwedische-zeitung-veroeffentlicht-geschichte-von-arnold-chiari-syndrom-typ-i-patientin\\\/\"]}]},{\"@type\":\"ImageObject\",\"inLanguage\":\"de\",\"@id\":\"https:\\\/\\\/institutchiaribcn.com\\\/de\\\/schwedische-zeitung-veroeffentlicht-geschichte-von-arnold-chiari-syndrom-typ-i-patientin\\\/#primaryimage\",\"url\":\"https:\\\/\\\/institutchiaribcn.com\\\/wp-content\\\/uploads\\\/2025\\\/10\\\/arnold-chiari-sweden-barcelona-icseb-2.jpg\",\"contentUrl\":\"https:\\\/\\\/institutchiaribcn.com\\\/wp-content\\\/uploads\\\/2025\\\/10\\\/arnold-chiari-sweden-barcelona-icseb-2.jpg\",\"width\":200,\"height\":200},{\"@type\":\"BreadcrumbList\",\"@id\":\"https:\\\/\\\/institutchiaribcn.com\\\/de\\\/schwedische-zeitung-veroeffentlicht-geschichte-von-arnold-chiari-syndrom-typ-i-patientin\\\/#breadcrumb\",\"itemListElement\":[{\"@type\":\"ListItem\",\"position\":1,\"name\":\"Portada\",\"item\":\"https:\\\/\\\/institutchiaribcn.com\\\/de\\\/\"},{\"@type\":\"ListItem\",\"position\":2,\"name\":\"Comunicaci\u00f3n\",\"item\":\"https:\\\/\\\/institutchiaribcn.com\\\/de\\\/comunicacion\\\/\"},{\"@type\":\"ListItem\",\"position\":3,\"name\":\"Schwedische Zeitung ver\u00f6ffentlicht Geschichte von Arnold-Chiari-Syndrom-Typ I Patientin\"}]},{\"@type\":\"WebSite\",\"@id\":\"https:\\\/\\\/institutchiaribcn.com\\\/de\\\/#website\",\"url\":\"https:\\\/\\\/institutchiaribcn.com\\\/de\\\/\",\"name\":\"Institut Chiari de Barcelona\",\"description\":\"\",\"publisher\":{\"@id\":\"https:\\\/\\\/institutchiaribcn.com\\\/de\\\/#organization\"},\"potentialAction\":[{\"@type\":\"SearchAction\",\"target\":{\"@type\":\"EntryPoint\",\"urlTemplate\":\"https:\\\/\\\/institutchiaribcn.com\\\/de\\\/?s={search_term_string}\"},\"query-input\":{\"@type\":\"PropertyValueSpecification\",\"valueRequired\":true,\"valueName\":\"search_term_string\"}}],\"inLanguage\":\"de\"},{\"@type\":\"Organization\",\"@id\":\"https:\\\/\\\/institutchiaribcn.com\\\/de\\\/#organization\",\"name\":\"Institut Chiari de Barcelona\",\"url\":\"https:\\\/\\\/institutchiaribcn.com\\\/de\\\/\",\"logo\":{\"@type\":\"ImageObject\",\"inLanguage\":\"de\",\"@id\":\"https:\\\/\\\/institutchiaribcn.com\\\/de\\\/#\\\/schema\\\/logo\\\/image\\\/\",\"url\":\"https:\\\/\\\/institutchiaribcn.com\\\/wp-content\\\/uploads\\\/2025\\\/10\\\/cropped-cropped-icsebNavLogo-1.png\",\"contentUrl\":\"https:\\\/\\\/institutchiaribcn.com\\\/wp-content\\\/uploads\\\/2025\\\/10\\\/cropped-cropped-icsebNavLogo-1.png\",\"width\":245,\"height\":99,\"caption\":\"Institut Chiari de Barcelona\"},\"image\":{\"@id\":\"https:\\\/\\\/institutchiaribcn.com\\\/de\\\/#\\\/schema\\\/logo\\\/image\\\/\"}}]}<\/script>\n<!-- \/ Yoast SEO plugin. -->","yoast_head_json":{"title":"Schwedische Presse \u00fcber Chiari-Patientin Typ I | ICSEB","description":"Schwedische Zeitung berichtet \u00fcber die Geschichte einer Patientin mit Arnold-Chiari-Syndrom Typ I und ihre Behandlung am ICSEB.","robots":{"index":"index","follow":"follow","max-snippet":"max-snippet:-1","max-image-preview":"max-image-preview:large","max-video-preview":"max-video-preview:-1"},"canonical":"https:\/\/institutchiaribcn.com\/de\/schwedische-zeitung-veroeffentlicht-geschichte-von-arnold-chiari-syndrom-typ-i-patientin\/","og_locale":"de_DE","og_type":"article","og_title":"Schwedische Presse \u00fcber Chiari-Patientin Typ I | ICSEB","og_description":"Schwedische Zeitung berichtet \u00fcber die Geschichte einer Patientin mit Arnold-Chiari-Syndrom Typ I und ihre Behandlung am ICSEB.","og_url":"https:\/\/institutchiaribcn.com\/de\/schwedische-zeitung-veroeffentlicht-geschichte-von-arnold-chiari-syndrom-typ-i-patientin\/","og_site_name":"Institut Chiari","article_modified_time":"2026-02-20T08:22:03+00:00","og_image":[{"width":200,"height":200,"url":"https:\/\/institutchiaribcn.com\/wp-content\/uploads\/2025\/10\/arnold-chiari-sweden-barcelona-icseb-2.jpg","type":"image\/jpeg"}],"twitter_card":"summary_large_image","twitter_misc":{"Gesch\u00e4tzte Lesezeit":"3\u00a0Minuten"},"schema":{"@context":"https:\/\/schema.org","@graph":[{"@type":"WebPage","@id":"https:\/\/institutchiaribcn.com\/de\/schwedische-zeitung-veroeffentlicht-geschichte-von-arnold-chiari-syndrom-typ-i-patientin\/","url":"https:\/\/institutchiaribcn.com\/de\/schwedische-zeitung-veroeffentlicht-geschichte-von-arnold-chiari-syndrom-typ-i-patientin\/","name":"Schwedische Presse \u00fcber Chiari-Patientin Typ I | ICSEB","isPartOf":{"@id":"https:\/\/institutchiaribcn.com\/de\/#website"},"primaryImageOfPage":{"@id":"https:\/\/institutchiaribcn.com\/de\/schwedische-zeitung-veroeffentlicht-geschichte-von-arnold-chiari-syndrom-typ-i-patientin\/#primaryimage"},"image":{"@id":"https:\/\/institutchiaribcn.com\/de\/schwedische-zeitung-veroeffentlicht-geschichte-von-arnold-chiari-syndrom-typ-i-patientin\/#primaryimage"},"thumbnailUrl":"https:\/\/institutchiaribcn.com\/wp-content\/uploads\/2025\/10\/arnold-chiari-sweden-barcelona-icseb-2.jpg","datePublished":"2022-05-12T22:00:00+00:00","dateModified":"2026-02-20T08:22:03+00:00","description":"Schwedische Zeitung berichtet \u00fcber die Geschichte einer Patientin mit Arnold-Chiari-Syndrom Typ I und ihre Behandlung am ICSEB.","breadcrumb":{"@id":"https:\/\/institutchiaribcn.com\/de\/schwedische-zeitung-veroeffentlicht-geschichte-von-arnold-chiari-syndrom-typ-i-patientin\/#breadcrumb"},"inLanguage":"de","potentialAction":[{"@type":"ReadAction","target":["https:\/\/institutchiaribcn.com\/de\/schwedische-zeitung-veroeffentlicht-geschichte-von-arnold-chiari-syndrom-typ-i-patientin\/"]}]},{"@type":"ImageObject","inLanguage":"de","@id":"https:\/\/institutchiaribcn.com\/de\/schwedische-zeitung-veroeffentlicht-geschichte-von-arnold-chiari-syndrom-typ-i-patientin\/#primaryimage","url":"https:\/\/institutchiaribcn.com\/wp-content\/uploads\/2025\/10\/arnold-chiari-sweden-barcelona-icseb-2.jpg","contentUrl":"https:\/\/institutchiaribcn.com\/wp-content\/uploads\/2025\/10\/arnold-chiari-sweden-barcelona-icseb-2.jpg","width":200,"height":200},{"@type":"BreadcrumbList","@id":"https:\/\/institutchiaribcn.com\/de\/schwedische-zeitung-veroeffentlicht-geschichte-von-arnold-chiari-syndrom-typ-i-patientin\/#breadcrumb","itemListElement":[{"@type":"ListItem","position":1,"name":"Portada","item":"https:\/\/institutchiaribcn.com\/de\/"},{"@type":"ListItem","position":2,"name":"Comunicaci\u00f3n","item":"https:\/\/institutchiaribcn.com\/de\/comunicacion\/"},{"@type":"ListItem","position":3,"name":"Schwedische Zeitung ver\u00f6ffentlicht Geschichte von Arnold-Chiari-Syndrom-Typ I Patientin"}]},{"@type":"WebSite","@id":"https:\/\/institutchiaribcn.com\/de\/#website","url":"https:\/\/institutchiaribcn.com\/de\/","name":"Institut Chiari de Barcelona","description":"","publisher":{"@id":"https:\/\/institutchiaribcn.com\/de\/#organization"},"potentialAction":[{"@type":"SearchAction","target":{"@type":"EntryPoint","urlTemplate":"https:\/\/institutchiaribcn.com\/de\/?s={search_term_string}"},"query-input":{"@type":"PropertyValueSpecification","valueRequired":true,"valueName":"search_term_string"}}],"inLanguage":"de"},{"@type":"Organization","@id":"https:\/\/institutchiaribcn.com\/de\/#organization","name":"Institut Chiari de Barcelona","url":"https:\/\/institutchiaribcn.com\/de\/","logo":{"@type":"ImageObject","inLanguage":"de","@id":"https:\/\/institutchiaribcn.com\/de\/#\/schema\/logo\/image\/","url":"https:\/\/institutchiaribcn.com\/wp-content\/uploads\/2025\/10\/cropped-cropped-icsebNavLogo-1.png","contentUrl":"https:\/\/institutchiaribcn.com\/wp-content\/uploads\/2025\/10\/cropped-cropped-icsebNavLogo-1.png","width":245,"height":99,"caption":"Institut Chiari de Barcelona"},"image":{"@id":"https:\/\/institutchiaribcn.com\/de\/#\/schema\/logo\/image\/"}}]}},"_links":{"self":[{"href":"https:\/\/institutchiaribcn.com\/de\/wp-json\/wp\/v2\/comunicacion\/86430","targetHints":{"allow":["GET"]}}],"collection":[{"href":"https:\/\/institutchiaribcn.com\/de\/wp-json\/wp\/v2\/comunicacion"}],"about":[{"href":"https:\/\/institutchiaribcn.com\/de\/wp-json\/wp\/v2\/types\/comunicacion"}],"wp:featuredmedia":[{"embeddable":true,"href":"https:\/\/institutchiaribcn.com\/de\/wp-json\/wp\/v2\/media\/86431"}],"wp:attachment":[{"href":"https:\/\/institutchiaribcn.com\/de\/wp-json\/wp\/v2\/media?parent=86430"}],"wp:term":[{"taxonomy":"tipos-de-comunicacion","embeddable":true,"href":"https:\/\/institutchiaribcn.com\/de\/wp-json\/wp\/v2\/tipos-de-comunicacion?post=86430"}],"curies":[{"name":"wp","href":"https:\/\/api.w.org\/{rel}","templated":true}]}}