{"id":64640,"date":"2011-10-20T00:00:00","date_gmt":"2011-10-19T22:00:00","guid":{"rendered":"https:\/\/dev.institutchiaribcn.com\/testimonios\/%e7%bb%b4%e5%a4%9a%e8%8e%89%e4%ba%9avictoria-elena-estrada%ef%bc%8c%e5%b0%8f%e8%84%91%e6%89%81%e6%a1%83%e4%bd%93%e4%b8%8b%e7%96%9d%e7%ac%ac%e4%b8%80%e5%9e%8b%e5%b9%b6%e5%8e%9f%e5%8f%91%e6%80%a7\/"},"modified":"2026-04-15T12:33:51","modified_gmt":"2026-04-15T10:33:51","slug":"victoria-elena-estrada-medullar-traction-syndrome-arnold-chiari-i-syndrome-idiopathic-scoliosis","status":"publish","type":"testimonios","link":"https:\/\/institutchiaribcn.com\/cn\/victoria-elena-estrada-medullar-traction-syndrome-arnold-chiari-i-syndrome-idiopathic-scoliosis\/","title":{"rendered":"\u7ef4\u591a\u8389\u4e9a(Victoria Elena Estrada)\uff0c\u5c0f\u8111\u6241\u6843\u4f53\u4e0b\u759d\u7b2c\u4e00\u578b\u5e76\u539f\u53d1\u6027\u810a\u67f1\u4fa7\u5f2f\u3002"},"content":{"rendered":"<p>&nbsp;<\/p>\n<p style=\"text-align: justify;\"><strong><span dir=\"auto\" style=\"vertical-align: inherit;\"><span dir=\"auto\" style=\"vertical-align: inherit;\">Fecha de la cirug\u00eda: febrero de 2011.<\/span><\/span><\/strong><\/p>\n<p style=\"text-align: justify;\"><img decoding=\"async\" class=\"alignnone size-full wp-image-2187\" src=\"https:\/\/institutchiaribcn.com\/wp-content\/uploads\/2015\/05\/Colombia.gif\" alt=\"Colombia\" width=\"20\" height=\"14\" \/><span dir=\"auto\" style=\"vertical-align: inherit;\"><span dir=\"auto\" style=\"vertical-align: inherit;\">colombianos<\/span><\/span><\/p>\n<p style=\"text-align: justify;\"><span dir=\"auto\" style=\"vertical-align: inherit;\"><span dir=\"auto\" style=\"vertical-align: inherit;\">Hola a todos, mi nombre es Victoria, soy colombiana y tengo 51 a\u00f1os. Hace cuatro a\u00f1os me diagnosticaron herniaci\u00f3n de las am\u00edgdalas cerebelosas. Mi m\u00e9dico me realiz\u00f3 una cirug\u00eda de descompresi\u00f3n, pero la cirug\u00eda fue completamente ineficaz. Aunque sent\u00ed cierta mejor\u00eda durante los primeros seis meses despu\u00e9s de la cirug\u00eda, mis s\u00edntomas regresaron y mi calidad de vida se deterior\u00f3. Tengo que soportar fuertes dolores de cabeza todos los d\u00edas. No puedo re\u00edr, toser, estornudar, ponerme en cuclillas ni hacer ejercicio&#8230; En resumen, hay muchas cosas que no puedo hacer que me recuerdan mi enfermedad. Adem\u00e1s, tengo las manos particularmente entumecidas y a menudo me despierto por la noche debido a un entumecimiento intenso en las manos. Tambi\u00e9n experimento con frecuencia un dolor intenso en la zona del coxis, un problema que ha durado casi ocho a\u00f1os. Necesito usar un coj\u00edn especial para sentarme. Posteriormente, me somet\u00ed a anestesia del coxis, pero esta cirug\u00eda tambi\u00e9n fue completamente ineficaz para m\u00ed.<\/span><\/span><\/p>\n<p style=\"text-align: justify;\"><span dir=\"auto\" style=\"vertical-align: inherit;\"><span dir=\"auto\" style=\"vertical-align: inherit;\">En resumen, me somet\u00ed a numerosos tratamientos, pero mi estado no mejor\u00f3 en absoluto. As\u00ed que decid\u00ed buscar una soluci\u00f3n por mi cuenta. Finalmente, encontr\u00e9 el Instituto Chiari de Barcelona en internet. Sent\u00ed que hab\u00eda encontrado la salvaci\u00f3n para mi enfermedad. Les envi\u00e9 todos los resultados de mis pruebas y radiograf\u00edas. Los m\u00e9dicos del instituto respondieron r\u00e1pidamente y me recomendaron la cirug\u00eda de transecci\u00f3n del filum terminale. La cirug\u00eda podr\u00eda mejorar mi calidad de vida y, lo que es m\u00e1s importante, detener la progresi\u00f3n de mi enfermedad. As\u00ed que decid\u00ed ir a Barcelona para operarme.<\/span><\/span><\/p>\n<p style=\"text-align: justify;\"><span dir=\"auto\" style=\"vertical-align: inherit;\"><span dir=\"auto\" style=\"vertical-align: inherit;\">Han pasado ocho meses desde mi cirug\u00eda y me siento como una persona completamente diferente. He recuperado mi vida normal y estoy muy feliz. Antes ten\u00eda muchas dolencias graves, pero ahora puedo cantar, bailar, re\u00edr y hacer ejercicio. Mi esposo y mis hijos est\u00e1n encantados de ver mi mejor\u00eda; su esposa y madre ha vuelto.<\/span><\/span><\/p>\n<p style=\"text-align: justify;\"><span dir=\"auto\" style=\"vertical-align: inherit;\"><span dir=\"auto\" style=\"vertical-align: inherit;\">Lo sorprendente es que la cirug\u00eda no fue nada dolorosa. La \u00fanica molestia fue una peque\u00f1a incisi\u00f3n en el coxis. En mi caso, me olvid\u00e9 por completo de que me hab\u00edan operado ocho d\u00edas despu\u00e9s. Cuando regres\u00e9 a Colombia, aunque fue un vuelo de once horas, todo transcurri\u00f3 sin problemas. Dos meses despu\u00e9s de la cirug\u00eda, comenc\u00e9 a hacer ejercicio de baja intensidad y no tuve ninguna molestia.<\/span><\/span><\/p>\n<p style=\"text-align: justify;\"><span dir=\"auto\" style=\"vertical-align: inherit;\"><span dir=\"auto\" style=\"vertical-align: inherit;\">Quiero decirles a mis compa\u00f1eros pacientes que lean mi historia que no teman ver esta cirug\u00eda como una soluci\u00f3n a nuestra enfermedad. Si deciden operarse, les aseguro que el Dr. Luo You y su equipo m\u00e9dico son muy profesionales. El Dr. Luo You ha dedicado mucho tiempo y esfuerzo a investigar nuestra enfermedad. De verdad, lo \u00fanico que puedo decirle al doctor es: Dr. Luo You, gracias por estar ah\u00ed.<\/span><\/span><\/p>\n<p><strong><span dir=\"auto\" style=\"vertical-align: inherit;\"><span dir=\"auto\" style=\"vertical-align: inherit;\">Mi n\u00famero de contacto: (011574) 3165295566 <\/span><\/span><br \/>\n<span dir=\"auto\" style=\"vertical-align: inherit;\"><span dir=\"auto\" style=\"vertical-align: inherit;\">Correo electr\u00f3nico:\u00a0 <\/span><\/span><a href=\"mailto:vito.estrada.lopez@hotmail.com\" target=\"_blank\" rel=\"noopener\"><span dir=\"auto\" style=\"vertical-align: inherit;\"><span dir=\"auto\" style=\"vertical-align: inherit;\">vio.estrada.lopez@hotmail.com<\/span><\/span><\/a><br \/>\n<\/strong><\/p>\n<p style=\"text-align: justify;\"><strong><span dir=\"auto\" style=\"vertical-align: inherit;\"><span dir=\"auto\" style=\"vertical-align: inherit;\">V\u00eddeo de Victoria:<\/span><\/span><\/strong><\/p>\n","protected":false},"featured_media":64641,"template":"","tipos-de-testimonio":[412,414],"class_list":["post-64640","testimonios","type-testimonios","status-publish","has-post-thumbnail","hentry","tipos-de-testimonio-412","tipos-de-testimonio-414"],"yoast_head":"<!-- This site is optimized with the Yoast SEO plugin v27.4 - https:\/\/yoast.com\/product\/yoast-seo-wordpress\/ -->\n<title>Victoria\u202fElena Estrada \u75c5\u60a3\u898b\u8b49\uff5cICSEB<\/title>\n<meta name=\"description\" content=\"\u60a3\u8005Victoria Elena Estrada\u5206\u4eab\u5728ICSEB\u63a5\u53d7\u810a\u9ad3\u727d\u5f15\u75c7\u3001Arnold-Chiari I\u578b\u53ca\u7279\u767c\u6027\u810a\u67f1\u5074\u5f4e\u6cbb\u7642\u7684\u7d93\u9a57\uff0c\u8853\u5f8c\u75c7\u72c0\u6539\u5584\u4e26\u9010\u6b65\u6062\u5fa9\u65e5\u5e38\u751f\u6d3b\u529f\u80fd\u3002\" \/>\n<meta name=\"robots\" content=\"index, follow, max-snippet:-1, max-image-preview:large, max-video-preview:-1\" \/>\n<link rel=\"canonical\" href=\"https:\/\/institutchiaribcn.com\/cn\/victoria-elena-estrada-medullar-traction-syndrome-arnold-chiari-i-syndrome-idiopathic-scoliosis\/\" \/>\n<meta property=\"og:locale\" content=\"zh_CN\" \/>\n<meta property=\"og:type\" content=\"article\" \/>\n<meta property=\"og:title\" content=\"Victoria\u202fElena Estrada \u75c5\u60a3\u898b\u8b49\uff5cICSEB\" \/>\n<meta property=\"og:description\" content=\"\u60a3\u8005Victoria Elena Estrada\u5206\u4eab\u5728ICSEB\u63a5\u53d7\u810a\u9ad3\u727d\u5f15\u75c7\u3001Arnold-Chiari I\u578b\u53ca\u7279\u767c\u6027\u810a\u67f1\u5074\u5f4e\u6cbb\u7642\u7684\u7d93\u9a57\uff0c\u8853\u5f8c\u75c7\u72c0\u6539\u5584\u4e26\u9010\u6b65\u6062\u5fa9\u65e5\u5e38\u751f\u6d3b\u529f\u80fd\u3002\" \/>\n<meta property=\"og:url\" content=\"https:\/\/institutchiaribcn.com\/cn\/victoria-elena-estrada-medullar-traction-syndrome-arnold-chiari-i-syndrome-idiopathic-scoliosis\/\" \/>\n<meta property=\"og:site_name\" content=\"\u5df4\u585eChiari\u7814\u7a76\u6240\" \/>\n<meta property=\"article:modified_time\" content=\"2026-04-15T10:33:51+00:00\" \/>\n<meta property=\"og:image\" content=\"https:\/\/institutchiaribcn.com\/wp-content\/uploads\/2025\/09\/victoria_elena_estrada-13.png\" \/>\n\t<meta property=\"og:image:width\" content=\"200\" \/>\n\t<meta property=\"og:image:height\" content=\"200\" \/>\n\t<meta property=\"og:image:type\" content=\"image\/png\" \/>\n<meta name=\"twitter:card\" content=\"summary_large_image\" \/>\n<meta name=\"twitter:label1\" content=\"\u9884\u8ba1\u9605\u8bfb\u65f6\u95f4\" \/>\n\t<meta name=\"twitter:data1\" content=\"1 \u5206\" \/>\n<script type=\"application\/ld+json\" class=\"yoast-schema-graph\">{\"@context\":\"https:\\\/\\\/schema.org\",\"@graph\":[{\"@type\":\"WebPage\",\"@id\":\"https:\\\/\\\/institutchiaribcn.com\\\/cn\\\/victoria-elena-estrada-medullar-traction-syndrome-arnold-chiari-i-syndrome-idiopathic-scoliosis\\\/\",\"url\":\"https:\\\/\\\/institutchiaribcn.com\\\/cn\\\/victoria-elena-estrada-medullar-traction-syndrome-arnold-chiari-i-syndrome-idiopathic-scoliosis\\\/\",\"name\":\"Victoria\u202fElena Estrada \u75c5\u60a3\u898b\u8b49\uff5cICSEB\",\"isPartOf\":{\"@id\":\"https:\\\/\\\/institutchiaribcn.com\\\/cn\\\/#website\"},\"primaryImageOfPage\":{\"@id\":\"https:\\\/\\\/institutchiaribcn.com\\\/cn\\\/victoria-elena-estrada-medullar-traction-syndrome-arnold-chiari-i-syndrome-idiopathic-scoliosis\\\/#primaryimage\"},\"image\":{\"@id\":\"https:\\\/\\\/institutchiaribcn.com\\\/cn\\\/victoria-elena-estrada-medullar-traction-syndrome-arnold-chiari-i-syndrome-idiopathic-scoliosis\\\/#primaryimage\"},\"thumbnailUrl\":\"https:\\\/\\\/institutchiaribcn.com\\\/wp-content\\\/uploads\\\/2025\\\/09\\\/victoria_elena_estrada-13.png\",\"datePublished\":\"2011-10-19T22:00:00+00:00\",\"dateModified\":\"2026-04-15T10:33:51+00:00\",\"description\":\"\u60a3\u8005Victoria Elena Estrada\u5206\u4eab\u5728ICSEB\u63a5\u53d7\u810a\u9ad3\u727d\u5f15\u75c7\u3001Arnold-Chiari I\u578b\u53ca\u7279\u767c\u6027\u810a\u67f1\u5074\u5f4e\u6cbb\u7642\u7684\u7d93\u9a57\uff0c\u8853\u5f8c\u75c7\u72c0\u6539\u5584\u4e26\u9010\u6b65\u6062\u5fa9\u65e5\u5e38\u751f\u6d3b\u529f\u80fd\u3002\",\"breadcrumb\":{\"@id\":\"https:\\\/\\\/institutchiaribcn.com\\\/cn\\\/victoria-elena-estrada-medullar-traction-syndrome-arnold-chiari-i-syndrome-idiopathic-scoliosis\\\/#breadcrumb\"},\"inLanguage\":\"zh-Hans\",\"potentialAction\":[{\"@type\":\"ReadAction\",\"target\":[\"https:\\\/\\\/institutchiaribcn.com\\\/cn\\\/victoria-elena-estrada-medullar-traction-syndrome-arnold-chiari-i-syndrome-idiopathic-scoliosis\\\/\"]}]},{\"@type\":\"ImageObject\",\"inLanguage\":\"zh-Hans\",\"@id\":\"https:\\\/\\\/institutchiaribcn.com\\\/cn\\\/victoria-elena-estrada-medullar-traction-syndrome-arnold-chiari-i-syndrome-idiopathic-scoliosis\\\/#primaryimage\",\"url\":\"https:\\\/\\\/institutchiaribcn.com\\\/wp-content\\\/uploads\\\/2025\\\/09\\\/victoria_elena_estrada-13.png\",\"contentUrl\":\"https:\\\/\\\/institutchiaribcn.com\\\/wp-content\\\/uploads\\\/2025\\\/09\\\/victoria_elena_estrada-13.png\",\"width\":200,\"height\":200},{\"@type\":\"BreadcrumbList\",\"@id\":\"https:\\\/\\\/institutchiaribcn.com\\\/cn\\\/victoria-elena-estrada-medullar-traction-syndrome-arnold-chiari-i-syndrome-idiopathic-scoliosis\\\/#breadcrumb\",\"itemListElement\":[{\"@type\":\"ListItem\",\"position\":1,\"name\":\"Portada\",\"item\":\"https:\\\/\\\/institutchiaribcn.com\\\/cn\\\/\"},{\"@type\":\"ListItem\",\"position\":2,\"name\":\"Testimonios\",\"item\":\"https:\\\/\\\/institutchiaribcn.com\\\/cn\\\/testimonios\\\/\"},{\"@type\":\"ListItem\",\"position\":3,\"name\":\"\u7ef4\u591a\u8389\u4e9a(Victoria Elena Estrada)\uff0c\u5c0f\u8111\u6241\u6843\u4f53\u4e0b\u759d\u7b2c\u4e00\u578b\u5e76\u539f\u53d1\u6027\u810a\u67f1\u4fa7\u5f2f\u3002\"}]},{\"@type\":\"WebSite\",\"@id\":\"https:\\\/\\\/institutchiaribcn.com\\\/cn\\\/#website\",\"url\":\"https:\\\/\\\/institutchiaribcn.com\\\/cn\\\/\",\"name\":\"Institut Chiari de Barcelona\",\"description\":\"\",\"publisher\":{\"@id\":\"https:\\\/\\\/institutchiaribcn.com\\\/cn\\\/#organization\"},\"potentialAction\":[{\"@type\":\"SearchAction\",\"target\":{\"@type\":\"EntryPoint\",\"urlTemplate\":\"https:\\\/\\\/institutchiaribcn.com\\\/cn\\\/?s={search_term_string}\"},\"query-input\":{\"@type\":\"PropertyValueSpecification\",\"valueRequired\":true,\"valueName\":\"search_term_string\"}}],\"inLanguage\":\"zh-Hans\"},{\"@type\":\"Organization\",\"@id\":\"https:\\\/\\\/institutchiaribcn.com\\\/cn\\\/#organization\",\"name\":\"Institut Chiari de Barcelona\",\"url\":\"https:\\\/\\\/institutchiaribcn.com\\\/cn\\\/\",\"logo\":{\"@type\":\"ImageObject\",\"inLanguage\":\"zh-Hans\",\"@id\":\"https:\\\/\\\/institutchiaribcn.com\\\/cn\\\/#\\\/schema\\\/logo\\\/image\\\/\",\"url\":\"https:\\\/\\\/institutchiaribcn.com\\\/wp-content\\\/uploads\\\/2025\\\/10\\\/cropped-cropped-icsebNavLogo-1.png\",\"contentUrl\":\"https:\\\/\\\/institutchiaribcn.com\\\/wp-content\\\/uploads\\\/2025\\\/10\\\/cropped-cropped-icsebNavLogo-1.png\",\"width\":245,\"height\":99,\"caption\":\"Institut Chiari de Barcelona\"},\"image\":{\"@id\":\"https:\\\/\\\/institutchiaribcn.com\\\/cn\\\/#\\\/schema\\\/logo\\\/image\\\/\"}}]}<\/script>\n<!-- \/ Yoast SEO plugin. -->","yoast_head_json":{"title":"Victoria\u202fElena Estrada \u75c5\u60a3\u898b\u8b49\uff5cICSEB","description":"\u60a3\u8005Victoria Elena Estrada\u5206\u4eab\u5728ICSEB\u63a5\u53d7\u810a\u9ad3\u727d\u5f15\u75c7\u3001Arnold-Chiari I\u578b\u53ca\u7279\u767c\u6027\u810a\u67f1\u5074\u5f4e\u6cbb\u7642\u7684\u7d93\u9a57\uff0c\u8853\u5f8c\u75c7\u72c0\u6539\u5584\u4e26\u9010\u6b65\u6062\u5fa9\u65e5\u5e38\u751f\u6d3b\u529f\u80fd\u3002","robots":{"index":"index","follow":"follow","max-snippet":"max-snippet:-1","max-image-preview":"max-image-preview:large","max-video-preview":"max-video-preview:-1"},"canonical":"https:\/\/institutchiaribcn.com\/cn\/victoria-elena-estrada-medullar-traction-syndrome-arnold-chiari-i-syndrome-idiopathic-scoliosis\/","og_locale":"zh_CN","og_type":"article","og_title":"Victoria\u202fElena Estrada \u75c5\u60a3\u898b\u8b49\uff5cICSEB","og_description":"\u60a3\u8005Victoria Elena Estrada\u5206\u4eab\u5728ICSEB\u63a5\u53d7\u810a\u9ad3\u727d\u5f15\u75c7\u3001Arnold-Chiari I\u578b\u53ca\u7279\u767c\u6027\u810a\u67f1\u5074\u5f4e\u6cbb\u7642\u7684\u7d93\u9a57\uff0c\u8853\u5f8c\u75c7\u72c0\u6539\u5584\u4e26\u9010\u6b65\u6062\u5fa9\u65e5\u5e38\u751f\u6d3b\u529f\u80fd\u3002","og_url":"https:\/\/institutchiaribcn.com\/cn\/victoria-elena-estrada-medullar-traction-syndrome-arnold-chiari-i-syndrome-idiopathic-scoliosis\/","og_site_name":"\u5df4\u585eChiari\u7814\u7a76\u6240","article_modified_time":"2026-04-15T10:33:51+00:00","og_image":[{"width":200,"height":200,"url":"https:\/\/institutchiaribcn.com\/wp-content\/uploads\/2025\/09\/victoria_elena_estrada-13.png","type":"image\/png"}],"twitter_card":"summary_large_image","twitter_misc":{"\u9884\u8ba1\u9605\u8bfb\u65f6\u95f4":"1 \u5206"},"schema":{"@context":"https:\/\/schema.org","@graph":[{"@type":"WebPage","@id":"https:\/\/institutchiaribcn.com\/cn\/victoria-elena-estrada-medullar-traction-syndrome-arnold-chiari-i-syndrome-idiopathic-scoliosis\/","url":"https:\/\/institutchiaribcn.com\/cn\/victoria-elena-estrada-medullar-traction-syndrome-arnold-chiari-i-syndrome-idiopathic-scoliosis\/","name":"Victoria\u202fElena Estrada \u75c5\u60a3\u898b\u8b49\uff5cICSEB","isPartOf":{"@id":"https:\/\/institutchiaribcn.com\/cn\/#website"},"primaryImageOfPage":{"@id":"https:\/\/institutchiaribcn.com\/cn\/victoria-elena-estrada-medullar-traction-syndrome-arnold-chiari-i-syndrome-idiopathic-scoliosis\/#primaryimage"},"image":{"@id":"https:\/\/institutchiaribcn.com\/cn\/victoria-elena-estrada-medullar-traction-syndrome-arnold-chiari-i-syndrome-idiopathic-scoliosis\/#primaryimage"},"thumbnailUrl":"https:\/\/institutchiaribcn.com\/wp-content\/uploads\/2025\/09\/victoria_elena_estrada-13.png","datePublished":"2011-10-19T22:00:00+00:00","dateModified":"2026-04-15T10:33:51+00:00","description":"\u60a3\u8005Victoria Elena Estrada\u5206\u4eab\u5728ICSEB\u63a5\u53d7\u810a\u9ad3\u727d\u5f15\u75c7\u3001Arnold-Chiari I\u578b\u53ca\u7279\u767c\u6027\u810a\u67f1\u5074\u5f4e\u6cbb\u7642\u7684\u7d93\u9a57\uff0c\u8853\u5f8c\u75c7\u72c0\u6539\u5584\u4e26\u9010\u6b65\u6062\u5fa9\u65e5\u5e38\u751f\u6d3b\u529f\u80fd\u3002","breadcrumb":{"@id":"https:\/\/institutchiaribcn.com\/cn\/victoria-elena-estrada-medullar-traction-syndrome-arnold-chiari-i-syndrome-idiopathic-scoliosis\/#breadcrumb"},"inLanguage":"zh-Hans","potentialAction":[{"@type":"ReadAction","target":["https:\/\/institutchiaribcn.com\/cn\/victoria-elena-estrada-medullar-traction-syndrome-arnold-chiari-i-syndrome-idiopathic-scoliosis\/"]}]},{"@type":"ImageObject","inLanguage":"zh-Hans","@id":"https:\/\/institutchiaribcn.com\/cn\/victoria-elena-estrada-medullar-traction-syndrome-arnold-chiari-i-syndrome-idiopathic-scoliosis\/#primaryimage","url":"https:\/\/institutchiaribcn.com\/wp-content\/uploads\/2025\/09\/victoria_elena_estrada-13.png","contentUrl":"https:\/\/institutchiaribcn.com\/wp-content\/uploads\/2025\/09\/victoria_elena_estrada-13.png","width":200,"height":200},{"@type":"BreadcrumbList","@id":"https:\/\/institutchiaribcn.com\/cn\/victoria-elena-estrada-medullar-traction-syndrome-arnold-chiari-i-syndrome-idiopathic-scoliosis\/#breadcrumb","itemListElement":[{"@type":"ListItem","position":1,"name":"Portada","item":"https:\/\/institutchiaribcn.com\/cn\/"},{"@type":"ListItem","position":2,"name":"Testimonios","item":"https:\/\/institutchiaribcn.com\/cn\/testimonios\/"},{"@type":"ListItem","position":3,"name":"\u7ef4\u591a\u8389\u4e9a(Victoria Elena Estrada)\uff0c\u5c0f\u8111\u6241\u6843\u4f53\u4e0b\u759d\u7b2c\u4e00\u578b\u5e76\u539f\u53d1\u6027\u810a\u67f1\u4fa7\u5f2f\u3002"}]},{"@type":"WebSite","@id":"https:\/\/institutchiaribcn.com\/cn\/#website","url":"https:\/\/institutchiaribcn.com\/cn\/","name":"Institut Chiari de Barcelona","description":"","publisher":{"@id":"https:\/\/institutchiaribcn.com\/cn\/#organization"},"potentialAction":[{"@type":"SearchAction","target":{"@type":"EntryPoint","urlTemplate":"https:\/\/institutchiaribcn.com\/cn\/?s={search_term_string}"},"query-input":{"@type":"PropertyValueSpecification","valueRequired":true,"valueName":"search_term_string"}}],"inLanguage":"zh-Hans"},{"@type":"Organization","@id":"https:\/\/institutchiaribcn.com\/cn\/#organization","name":"Institut Chiari de Barcelona","url":"https:\/\/institutchiaribcn.com\/cn\/","logo":{"@type":"ImageObject","inLanguage":"zh-Hans","@id":"https:\/\/institutchiaribcn.com\/cn\/#\/schema\/logo\/image\/","url":"https:\/\/institutchiaribcn.com\/wp-content\/uploads\/2025\/10\/cropped-cropped-icsebNavLogo-1.png","contentUrl":"https:\/\/institutchiaribcn.com\/wp-content\/uploads\/2025\/10\/cropped-cropped-icsebNavLogo-1.png","width":245,"height":99,"caption":"Institut Chiari de Barcelona"},"image":{"@id":"https:\/\/institutchiaribcn.com\/cn\/#\/schema\/logo\/image\/"}}]}},"_links":{"self":[{"href":"https:\/\/institutchiaribcn.com\/cn\/wp-json\/wp\/v2\/testimonios\/64640","targetHints":{"allow":["GET"]}}],"collection":[{"href":"https:\/\/institutchiaribcn.com\/cn\/wp-json\/wp\/v2\/testimonios"}],"about":[{"href":"https:\/\/institutchiaribcn.com\/cn\/wp-json\/wp\/v2\/types\/testimonios"}],"wp:featuredmedia":[{"embeddable":true,"href":"https:\/\/institutchiaribcn.com\/cn\/wp-json\/wp\/v2\/media\/64641"}],"wp:attachment":[{"href":"https:\/\/institutchiaribcn.com\/cn\/wp-json\/wp\/v2\/media?parent=64640"}],"wp:term":[{"taxonomy":"tipos-de-testimonio","embeddable":true,"href":"https:\/\/institutchiaribcn.com\/cn\/wp-json\/wp\/v2\/tipos-de-testimonio?post=64640"}],"curies":[{"name":"wp","href":"https:\/\/api.w.org\/{rel}","templated":true}]}}