{"id":64452,"date":"2009-01-05T00:00:00","date_gmt":"2009-01-04T23:00:00","guid":{"rendered":"https:\/\/dev.institutchiaribcn.com\/testimonios\/%e7%88%b1%e5%a8%83eva-dominguez-baston%ef%bc%8c%e5%b0%8f%e8%84%91%e6%89%81%e6%a1%83%e4%bd%93%e4%b8%8b%e7%96%9d%e7%ac%ac%e4%b8%80%e5%9e%8b%e5%b9%b6%e5%8e%9f%e5%8f%91%e6%80%a7%e8%84%8a%e6%9f%b1\/"},"modified":"2026-04-14T09:51:30","modified_gmt":"2026-04-14T07:51:30","slug":"eva-dominguez-baston-myelopathy-traction-idiopathic-scoliosis-and-arnold-chiari-i-syndrome","status":"publish","type":"testimonios","link":"https:\/\/institutchiaribcn.com\/cn\/eva-dominguez-baston-myelopathy-traction-idiopathic-scoliosis-and-arnold-chiari-i-syndrome\/","title":{"rendered":"\u7231\u5a03(Eva Dominguez Bast\u00f3n)\uff0c\u5c0f\u8111\u6241\u6843\u4f53\u4e0b\u759d\u7b2c\u4e00\u578b\u5e76\u539f\u53d1\u6027\u810a\u67f1\u4fa7\u5f2f\u3002"},"content":{"rendered":"<p>&nbsp;<\/p>\n<p style=\"text-align: justify;\"><img decoding=\"async\" class=\"text-wrap alignnone size-full wp-image-1851\" src=\"https:\/\/institutchiaribcn.com\/wp-content\/uploads\/2015\/03\/Eva_Dominguez.jpg\" sizes=\"(max-width: 200px) 100vw, 200px\" srcset=\"https:\/\/institutchiaribcn.com\/wp-content\/uploads\/2015\/03\/Eva_Dominguez.jpg 200w, https:\/\/institutchiaribcn.com\/wp-content\/uploads\/2015\/03\/Eva_Dominguez-150x150.jpg 150w\" alt=\"Eva_Dominguez\" width=\"200\" height=\"200\" \/><br \/>\n<strong><span dir=\"auto\" style=\"vertical-align: inherit;\"><span dir=\"auto\" style=\"vertical-align: inherit;\">Fecha de la cirug\u00eda: enero de 2009.<\/span><\/span><\/strong><\/p>\n<p style=\"text-align: justify;\"><img decoding=\"async\" class=\"alignnone size-full wp-image-1982\" src=\"https:\/\/institutchiaribcn.com\/wp-content\/uploads\/2015\/05\/esp.gif\" alt=\"esp\" width=\"20\" height=\"14\" \/><span dir=\"auto\" style=\"vertical-align: inherit;\"><span dir=\"auto\" style=\"vertical-align: inherit;\">Espa\u00f1ol<\/span><\/span><\/p>\n<p style=\"text-align: justify;\"><span dir=\"auto\" style=\"vertical-align: inherit;\"><span dir=\"auto\" style=\"vertical-align: inherit;\">\u00a1Hola a todos! Me llamo Eva y tengo 16 a\u00f1os.<\/span><\/span><\/p>\n<p><span dir=\"auto\" style=\"vertical-align: inherit;\"><span dir=\"auto\" style=\"vertical-align: inherit;\">Todo comenz\u00f3 una tarde de marzo de 2005, cuando mi profesora de ballet not\u00f3 algo extra\u00f1o en mi postura durante la clase. Al terminar, llam\u00e9 inmediatamente a mi madre para que me recogiera y me llevara al m\u00e9dico. A los 12 a\u00f1os, me diagnosticaron escoliosis primaria.<\/span><\/span><\/p>\n<p><span dir=\"auto\" style=\"vertical-align: inherit;\"><span dir=\"auto\" style=\"vertical-align: inherit;\">De vez en cuando, tengo que volver al hospital para hacerme nuevas radiograf\u00edas y comprobar si mi escoliosis est\u00e1 empeorando. Cuando el m\u00e9dico detecta que est\u00e1 empeorando, me hacen usar un cors\u00e9 ortop\u00e9dico para evitar que siga empeorando. Tengo que llevar este cors\u00e9 las 24 horas del d\u00eda. M\u00e1s tarde, durante una revisi\u00f3n, mi m\u00e9dico de urgencias me dijo que ten\u00eda que operarme, lo que implicar\u00eda hacerme una incisi\u00f3n en la espalda y usar varillas de titanio para reparar las v\u00e9rtebras da\u00f1adas y corregir la curvatura causada por la escoliosis.<\/span><\/span><\/p>\n<p style=\"text-align: justify;\"><span dir=\"auto\" style=\"vertical-align: inherit;\"><span dir=\"auto\" style=\"vertical-align: inherit;\">Sin embargo, mis padres y yo pensamos que este no era el enfoque adecuado, ya que la cirug\u00eda no garantizaba un resultado positivo, as\u00ed que empezamos a buscar informaci\u00f3n en internet. As\u00ed fue como encontramos el Instituto Chiari. Finalmente, en diciembre de 2008, viaj\u00e9 a Barcelona para consultar con el Dr. Luo You. El doctor me realiz\u00f3 algunas pruebas y descubri\u00f3 que ten\u00eda la malformaci\u00f3n de Arnold Cniari tipo I. Fue entonces cuando me explic\u00f3 un procedimiento quir\u00fargico menos invasivo que cortar\u00eda el filum terminale, lo que podr\u00eda detener simult\u00e1neamente la progresi\u00f3n de ambas afecciones.<\/span><\/span><\/p>\n<p style=\"text-align: justify;\"><span dir=\"auto\" style=\"vertical-align: inherit;\"><span dir=\"auto\" style=\"vertical-align: inherit;\">Poco despu\u00e9s de la cirug\u00eda, not\u00e9 cierta mejor\u00eda. Mis dolores de cabeza, de hombro y de cuello desaparecieron, la debilidad en mis brazos desapareci\u00f3 y mi coordinaci\u00f3n mejor\u00f3. En general, mi experiencia quir\u00fargica fue bastante buena y positiva, y espero que compartir mi historia pueda ayudar a otros pacientes con escoliosis, o al menos a que escuchen diferentes consejos m\u00e9dicos.<\/span><\/span><\/p>\n<p><span dir=\"auto\" style=\"vertical-align: inherit;\"><span dir=\"auto\" style=\"vertical-align: inherit;\">Gracias a todos los que me ayudaron con mi tratamiento.<\/span><\/span><\/p>\n<p><strong><span dir=\"auto\" style=\"vertical-align: inherit;\"><span dir=\"auto\" style=\"vertical-align: inherit;\">Correo electr\u00f3nico:\u00a0 <\/span><\/span><a href=\"mailto:evinha_7@hotmail.com\"><span dir=\"auto\" style=\"vertical-align: inherit;\"><span dir=\"auto\" style=\"vertical-align: inherit;\">evinha_7@hotmail.com<\/span><\/span><\/a><\/strong><\/p>\n","protected":false},"featured_media":64454,"template":"","tipos-de-testimonio":[412,413],"class_list":["post-64452","testimonios","type-testimonios","status-publish","has-post-thumbnail","hentry","tipos-de-testimonio-412","tipos-de-testimonio-413"],"yoast_head":"<!-- This site is optimized with the Yoast SEO plugin v27.4 - https:\/\/yoast.com\/product\/yoast-seo-wordpress\/ -->\n<title>\u810a\u67f1\u4fa7\u5f2f\u4e0eArnold-Chiari\u7efc\u5408\u5f81 | \u5df4\u585eChiari\u7814\u7a76\u6240<\/title>\n<meta name=\"description\" content=\"\u4ecb\u7d39Eva Dom\u00ednguez Bast\u00f3n\u60a3\u8005\u7684\u810a\u9ad3\u727d\u626f\u6027\u810a\u9ad3\u75c5\u3001\u7279\u767c\u6027\u810a\u67f1\u5074\u5f4e\u53caArnold-Chiari I\u578b\u75c7\u5019\u7fa4\u7684\u8a3a\u65b7\u8207\u6cbb\u7642\u60c5\u6cc1\u3002\" \/>\n<meta name=\"robots\" content=\"index, follow, max-snippet:-1, max-image-preview:large, max-video-preview:-1\" \/>\n<link rel=\"canonical\" href=\"https:\/\/institutchiaribcn.com\/cn\/eva-dominguez-baston-myelopathy-traction-idiopathic-scoliosis-and-arnold-chiari-i-syndrome\/\" \/>\n<meta property=\"og:locale\" content=\"zh_CN\" \/>\n<meta property=\"og:type\" content=\"article\" \/>\n<meta property=\"og:title\" content=\"\u810a\u67f1\u4fa7\u5f2f\u4e0eArnold-Chiari\u7efc\u5408\u5f81 | \u5df4\u585eChiari\u7814\u7a76\u6240\" \/>\n<meta property=\"og:description\" content=\"\u4ecb\u7d39Eva Dom\u00ednguez Bast\u00f3n\u60a3\u8005\u7684\u810a\u9ad3\u727d\u626f\u6027\u810a\u9ad3\u75c5\u3001\u7279\u767c\u6027\u810a\u67f1\u5074\u5f4e\u53caArnold-Chiari I\u578b\u75c7\u5019\u7fa4\u7684\u8a3a\u65b7\u8207\u6cbb\u7642\u60c5\u6cc1\u3002\" \/>\n<meta property=\"og:url\" content=\"https:\/\/institutchiaribcn.com\/cn\/eva-dominguez-baston-myelopathy-traction-idiopathic-scoliosis-and-arnold-chiari-i-syndrome\/\" \/>\n<meta property=\"og:site_name\" content=\"\u5df4\u585eChiari\u7814\u7a76\u6240\" \/>\n<meta property=\"article:modified_time\" content=\"2026-04-14T07:51:30+00:00\" \/>\n<meta property=\"og:image\" content=\"https:\/\/institutchiaribcn.com\/wp-content\/uploads\/2025\/09\/Eva_Dominguez-10.jpg\" \/>\n\t<meta property=\"og:image:width\" content=\"200\" \/>\n\t<meta property=\"og:image:height\" content=\"200\" \/>\n\t<meta property=\"og:image:type\" content=\"image\/jpeg\" \/>\n<meta name=\"twitter:card\" content=\"summary_large_image\" \/>\n<meta name=\"twitter:label1\" content=\"\u9884\u8ba1\u9605\u8bfb\u65f6\u95f4\" \/>\n\t<meta name=\"twitter:data1\" content=\"1 \u5206\" \/>\n<script type=\"application\/ld+json\" class=\"yoast-schema-graph\">{\"@context\":\"https:\\\/\\\/schema.org\",\"@graph\":[{\"@type\":\"WebPage\",\"@id\":\"https:\\\/\\\/institutchiaribcn.com\\\/cn\\\/eva-dominguez-baston-myelopathy-traction-idiopathic-scoliosis-and-arnold-chiari-i-syndrome\\\/\",\"url\":\"https:\\\/\\\/institutchiaribcn.com\\\/cn\\\/eva-dominguez-baston-myelopathy-traction-idiopathic-scoliosis-and-arnold-chiari-i-syndrome\\\/\",\"name\":\"\u810a\u67f1\u4fa7\u5f2f\u4e0eArnold-Chiari\u7efc\u5408\u5f81 | \u5df4\u585eChiari\u7814\u7a76\u6240\",\"isPartOf\":{\"@id\":\"https:\\\/\\\/institutchiaribcn.com\\\/cn\\\/#website\"},\"primaryImageOfPage\":{\"@id\":\"https:\\\/\\\/institutchiaribcn.com\\\/cn\\\/eva-dominguez-baston-myelopathy-traction-idiopathic-scoliosis-and-arnold-chiari-i-syndrome\\\/#primaryimage\"},\"image\":{\"@id\":\"https:\\\/\\\/institutchiaribcn.com\\\/cn\\\/eva-dominguez-baston-myelopathy-traction-idiopathic-scoliosis-and-arnold-chiari-i-syndrome\\\/#primaryimage\"},\"thumbnailUrl\":\"https:\\\/\\\/institutchiaribcn.com\\\/wp-content\\\/uploads\\\/2025\\\/09\\\/Eva_Dominguez-10.jpg\",\"datePublished\":\"2009-01-04T23:00:00+00:00\",\"dateModified\":\"2026-04-14T07:51:30+00:00\",\"description\":\"\u4ecb\u7d39Eva Dom\u00ednguez Bast\u00f3n\u60a3\u8005\u7684\u810a\u9ad3\u727d\u626f\u6027\u810a\u9ad3\u75c5\u3001\u7279\u767c\u6027\u810a\u67f1\u5074\u5f4e\u53caArnold-Chiari I\u578b\u75c7\u5019\u7fa4\u7684\u8a3a\u65b7\u8207\u6cbb\u7642\u60c5\u6cc1\u3002\",\"breadcrumb\":{\"@id\":\"https:\\\/\\\/institutchiaribcn.com\\\/cn\\\/eva-dominguez-baston-myelopathy-traction-idiopathic-scoliosis-and-arnold-chiari-i-syndrome\\\/#breadcrumb\"},\"inLanguage\":\"zh-Hans\",\"potentialAction\":[{\"@type\":\"ReadAction\",\"target\":[\"https:\\\/\\\/institutchiaribcn.com\\\/cn\\\/eva-dominguez-baston-myelopathy-traction-idiopathic-scoliosis-and-arnold-chiari-i-syndrome\\\/\"]}]},{\"@type\":\"ImageObject\",\"inLanguage\":\"zh-Hans\",\"@id\":\"https:\\\/\\\/institutchiaribcn.com\\\/cn\\\/eva-dominguez-baston-myelopathy-traction-idiopathic-scoliosis-and-arnold-chiari-i-syndrome\\\/#primaryimage\",\"url\":\"https:\\\/\\\/institutchiaribcn.com\\\/wp-content\\\/uploads\\\/2025\\\/09\\\/Eva_Dominguez-10.jpg\",\"contentUrl\":\"https:\\\/\\\/institutchiaribcn.com\\\/wp-content\\\/uploads\\\/2025\\\/09\\\/Eva_Dominguez-10.jpg\",\"width\":200,\"height\":200},{\"@type\":\"BreadcrumbList\",\"@id\":\"https:\\\/\\\/institutchiaribcn.com\\\/cn\\\/eva-dominguez-baston-myelopathy-traction-idiopathic-scoliosis-and-arnold-chiari-i-syndrome\\\/#breadcrumb\",\"itemListElement\":[{\"@type\":\"ListItem\",\"position\":1,\"name\":\"Portada\",\"item\":\"https:\\\/\\\/institutchiaribcn.com\\\/cn\\\/\"},{\"@type\":\"ListItem\",\"position\":2,\"name\":\"Testimonios\",\"item\":\"https:\\\/\\\/institutchiaribcn.com\\\/cn\\\/testimonios\\\/\"},{\"@type\":\"ListItem\",\"position\":3,\"name\":\"\u7231\u5a03(Eva Dominguez Bast\u00f3n)\uff0c\u5c0f\u8111\u6241\u6843\u4f53\u4e0b\u759d\u7b2c\u4e00\u578b\u5e76\u539f\u53d1\u6027\u810a\u67f1\u4fa7\u5f2f\u3002\"}]},{\"@type\":\"WebSite\",\"@id\":\"https:\\\/\\\/institutchiaribcn.com\\\/cn\\\/#website\",\"url\":\"https:\\\/\\\/institutchiaribcn.com\\\/cn\\\/\",\"name\":\"Institut Chiari de Barcelona\",\"description\":\"\",\"publisher\":{\"@id\":\"https:\\\/\\\/institutchiaribcn.com\\\/cn\\\/#organization\"},\"potentialAction\":[{\"@type\":\"SearchAction\",\"target\":{\"@type\":\"EntryPoint\",\"urlTemplate\":\"https:\\\/\\\/institutchiaribcn.com\\\/cn\\\/?s={search_term_string}\"},\"query-input\":{\"@type\":\"PropertyValueSpecification\",\"valueRequired\":true,\"valueName\":\"search_term_string\"}}],\"inLanguage\":\"zh-Hans\"},{\"@type\":\"Organization\",\"@id\":\"https:\\\/\\\/institutchiaribcn.com\\\/cn\\\/#organization\",\"name\":\"Institut Chiari de Barcelona\",\"url\":\"https:\\\/\\\/institutchiaribcn.com\\\/cn\\\/\",\"logo\":{\"@type\":\"ImageObject\",\"inLanguage\":\"zh-Hans\",\"@id\":\"https:\\\/\\\/institutchiaribcn.com\\\/cn\\\/#\\\/schema\\\/logo\\\/image\\\/\",\"url\":\"https:\\\/\\\/institutchiaribcn.com\\\/wp-content\\\/uploads\\\/2025\\\/10\\\/cropped-cropped-icsebNavLogo-1.png\",\"contentUrl\":\"https:\\\/\\\/institutchiaribcn.com\\\/wp-content\\\/uploads\\\/2025\\\/10\\\/cropped-cropped-icsebNavLogo-1.png\",\"width\":245,\"height\":99,\"caption\":\"Institut Chiari de Barcelona\"},\"image\":{\"@id\":\"https:\\\/\\\/institutchiaribcn.com\\\/cn\\\/#\\\/schema\\\/logo\\\/image\\\/\"}}]}<\/script>\n<!-- \/ Yoast SEO plugin. -->","yoast_head_json":{"title":"\u810a\u67f1\u4fa7\u5f2f\u4e0eArnold-Chiari\u7efc\u5408\u5f81 | \u5df4\u585eChiari\u7814\u7a76\u6240","description":"\u4ecb\u7d39Eva Dom\u00ednguez Bast\u00f3n\u60a3\u8005\u7684\u810a\u9ad3\u727d\u626f\u6027\u810a\u9ad3\u75c5\u3001\u7279\u767c\u6027\u810a\u67f1\u5074\u5f4e\u53caArnold-Chiari I\u578b\u75c7\u5019\u7fa4\u7684\u8a3a\u65b7\u8207\u6cbb\u7642\u60c5\u6cc1\u3002","robots":{"index":"index","follow":"follow","max-snippet":"max-snippet:-1","max-image-preview":"max-image-preview:large","max-video-preview":"max-video-preview:-1"},"canonical":"https:\/\/institutchiaribcn.com\/cn\/eva-dominguez-baston-myelopathy-traction-idiopathic-scoliosis-and-arnold-chiari-i-syndrome\/","og_locale":"zh_CN","og_type":"article","og_title":"\u810a\u67f1\u4fa7\u5f2f\u4e0eArnold-Chiari\u7efc\u5408\u5f81 | \u5df4\u585eChiari\u7814\u7a76\u6240","og_description":"\u4ecb\u7d39Eva Dom\u00ednguez Bast\u00f3n\u60a3\u8005\u7684\u810a\u9ad3\u727d\u626f\u6027\u810a\u9ad3\u75c5\u3001\u7279\u767c\u6027\u810a\u67f1\u5074\u5f4e\u53caArnold-Chiari I\u578b\u75c7\u5019\u7fa4\u7684\u8a3a\u65b7\u8207\u6cbb\u7642\u60c5\u6cc1\u3002","og_url":"https:\/\/institutchiaribcn.com\/cn\/eva-dominguez-baston-myelopathy-traction-idiopathic-scoliosis-and-arnold-chiari-i-syndrome\/","og_site_name":"\u5df4\u585eChiari\u7814\u7a76\u6240","article_modified_time":"2026-04-14T07:51:30+00:00","og_image":[{"width":200,"height":200,"url":"https:\/\/institutchiaribcn.com\/wp-content\/uploads\/2025\/09\/Eva_Dominguez-10.jpg","type":"image\/jpeg"}],"twitter_card":"summary_large_image","twitter_misc":{"\u9884\u8ba1\u9605\u8bfb\u65f6\u95f4":"1 \u5206"},"schema":{"@context":"https:\/\/schema.org","@graph":[{"@type":"WebPage","@id":"https:\/\/institutchiaribcn.com\/cn\/eva-dominguez-baston-myelopathy-traction-idiopathic-scoliosis-and-arnold-chiari-i-syndrome\/","url":"https:\/\/institutchiaribcn.com\/cn\/eva-dominguez-baston-myelopathy-traction-idiopathic-scoliosis-and-arnold-chiari-i-syndrome\/","name":"\u810a\u67f1\u4fa7\u5f2f\u4e0eArnold-Chiari\u7efc\u5408\u5f81 | \u5df4\u585eChiari\u7814\u7a76\u6240","isPartOf":{"@id":"https:\/\/institutchiaribcn.com\/cn\/#website"},"primaryImageOfPage":{"@id":"https:\/\/institutchiaribcn.com\/cn\/eva-dominguez-baston-myelopathy-traction-idiopathic-scoliosis-and-arnold-chiari-i-syndrome\/#primaryimage"},"image":{"@id":"https:\/\/institutchiaribcn.com\/cn\/eva-dominguez-baston-myelopathy-traction-idiopathic-scoliosis-and-arnold-chiari-i-syndrome\/#primaryimage"},"thumbnailUrl":"https:\/\/institutchiaribcn.com\/wp-content\/uploads\/2025\/09\/Eva_Dominguez-10.jpg","datePublished":"2009-01-04T23:00:00+00:00","dateModified":"2026-04-14T07:51:30+00:00","description":"\u4ecb\u7d39Eva Dom\u00ednguez Bast\u00f3n\u60a3\u8005\u7684\u810a\u9ad3\u727d\u626f\u6027\u810a\u9ad3\u75c5\u3001\u7279\u767c\u6027\u810a\u67f1\u5074\u5f4e\u53caArnold-Chiari I\u578b\u75c7\u5019\u7fa4\u7684\u8a3a\u65b7\u8207\u6cbb\u7642\u60c5\u6cc1\u3002","breadcrumb":{"@id":"https:\/\/institutchiaribcn.com\/cn\/eva-dominguez-baston-myelopathy-traction-idiopathic-scoliosis-and-arnold-chiari-i-syndrome\/#breadcrumb"},"inLanguage":"zh-Hans","potentialAction":[{"@type":"ReadAction","target":["https:\/\/institutchiaribcn.com\/cn\/eva-dominguez-baston-myelopathy-traction-idiopathic-scoliosis-and-arnold-chiari-i-syndrome\/"]}]},{"@type":"ImageObject","inLanguage":"zh-Hans","@id":"https:\/\/institutchiaribcn.com\/cn\/eva-dominguez-baston-myelopathy-traction-idiopathic-scoliosis-and-arnold-chiari-i-syndrome\/#primaryimage","url":"https:\/\/institutchiaribcn.com\/wp-content\/uploads\/2025\/09\/Eva_Dominguez-10.jpg","contentUrl":"https:\/\/institutchiaribcn.com\/wp-content\/uploads\/2025\/09\/Eva_Dominguez-10.jpg","width":200,"height":200},{"@type":"BreadcrumbList","@id":"https:\/\/institutchiaribcn.com\/cn\/eva-dominguez-baston-myelopathy-traction-idiopathic-scoliosis-and-arnold-chiari-i-syndrome\/#breadcrumb","itemListElement":[{"@type":"ListItem","position":1,"name":"Portada","item":"https:\/\/institutchiaribcn.com\/cn\/"},{"@type":"ListItem","position":2,"name":"Testimonios","item":"https:\/\/institutchiaribcn.com\/cn\/testimonios\/"},{"@type":"ListItem","position":3,"name":"\u7231\u5a03(Eva Dominguez Bast\u00f3n)\uff0c\u5c0f\u8111\u6241\u6843\u4f53\u4e0b\u759d\u7b2c\u4e00\u578b\u5e76\u539f\u53d1\u6027\u810a\u67f1\u4fa7\u5f2f\u3002"}]},{"@type":"WebSite","@id":"https:\/\/institutchiaribcn.com\/cn\/#website","url":"https:\/\/institutchiaribcn.com\/cn\/","name":"Institut Chiari de Barcelona","description":"","publisher":{"@id":"https:\/\/institutchiaribcn.com\/cn\/#organization"},"potentialAction":[{"@type":"SearchAction","target":{"@type":"EntryPoint","urlTemplate":"https:\/\/institutchiaribcn.com\/cn\/?s={search_term_string}"},"query-input":{"@type":"PropertyValueSpecification","valueRequired":true,"valueName":"search_term_string"}}],"inLanguage":"zh-Hans"},{"@type":"Organization","@id":"https:\/\/institutchiaribcn.com\/cn\/#organization","name":"Institut Chiari de Barcelona","url":"https:\/\/institutchiaribcn.com\/cn\/","logo":{"@type":"ImageObject","inLanguage":"zh-Hans","@id":"https:\/\/institutchiaribcn.com\/cn\/#\/schema\/logo\/image\/","url":"https:\/\/institutchiaribcn.com\/wp-content\/uploads\/2025\/10\/cropped-cropped-icsebNavLogo-1.png","contentUrl":"https:\/\/institutchiaribcn.com\/wp-content\/uploads\/2025\/10\/cropped-cropped-icsebNavLogo-1.png","width":245,"height":99,"caption":"Institut Chiari de Barcelona"},"image":{"@id":"https:\/\/institutchiaribcn.com\/cn\/#\/schema\/logo\/image\/"}}]}},"_links":{"self":[{"href":"https:\/\/institutchiaribcn.com\/cn\/wp-json\/wp\/v2\/testimonios\/64452","targetHints":{"allow":["GET"]}}],"collection":[{"href":"https:\/\/institutchiaribcn.com\/cn\/wp-json\/wp\/v2\/testimonios"}],"about":[{"href":"https:\/\/institutchiaribcn.com\/cn\/wp-json\/wp\/v2\/types\/testimonios"}],"wp:featuredmedia":[{"embeddable":true,"href":"https:\/\/institutchiaribcn.com\/cn\/wp-json\/wp\/v2\/media\/64454"}],"wp:attachment":[{"href":"https:\/\/institutchiaribcn.com\/cn\/wp-json\/wp\/v2\/media?parent=64452"}],"wp:term":[{"taxonomy":"tipos-de-testimonio","embeddable":true,"href":"https:\/\/institutchiaribcn.com\/cn\/wp-json\/wp\/v2\/tipos-de-testimonio?post=64452"}],"curies":[{"name":"wp","href":"https:\/\/api.w.org\/{rel}","templated":true}]}}