{"id":111610,"date":"2017-10-27T00:00:16","date_gmt":"2017-10-26T22:00:16","guid":{"rendered":"https:\/\/dev.institutchiaribcn.com\/videos\/valdir-adriano-da-silva-sindrome-neuro-cranio-vertebral-malaltia-del-filum-sindrome-darnold-chiari-i-siringomielia-idiopatica\/"},"modified":"2026-03-17T09:34:16","modified_gmt":"2026-03-17T08:34:16","slug":"valdir-adriano-da-silva-sindrome-neuro-cranio-vertebral-malaltia-filum-sindrome-darnold-chiari-siringomielia-idiopatica","status":"publish","type":"videos","link":"https:\/\/institutchiaribcn.com\/ca\/valdir-adriano-da-silva-sindrome-neuro-cranio-vertebral-malaltia-filum-sindrome-darnold-chiari-siringomielia-idiopatica\/","title":{"rendered":"Valdir Adriano Da Silva. S\u00edndrome Neuro-Cranio-Vertebral. Malaltia del Filum. S\u00edndrome d\u2019Arnold Chiari i Siringomi\u00e8lia idiop\u00e0tica"},"content":{"rendered":"<div class=\"panel panel-default panel-body\">\n<p>&nbsp;<\/p>\n<p><strong>Data de la intervenci\u00f3: 28 de mar\u00e7 del 2017<br \/>\nData de la filmaci\u00f3: 7 d\u2019abril del 2017<\/strong><br \/>\n<a href=\"https:\/\/institutchiaribcn.com\/wp-content\/uploads\/2013\/10\/brasil.jpg\"><img decoding=\"async\" class=\"alignnone size-full wp-image-1921\" src=\"https:\/\/institutchiaribcn.com\/wp-content\/uploads\/2013\/10\/brasil.jpg\" alt=\"\" width=\"25\" height=\"16\" \/><\/a><\/p>\n<p style=\"text-align: justify;\">El pacient Valdir Adriano da Silva ens explica, en aquest v\u00eddeo, com va saber el seu diagn\u00f2stic i com es va sentir pocs dies despr\u00e9s de la intervenci\u00f3 de la Secci\u00f3 del Filum Terminale, al mar\u00e7 del 2017. El brasiler relata que, a finals del 2016, va comen\u00e7ar a notar alguns s\u00edmptomes de les patologies que l\u2019afectaven, com: tremolors a les cames i als bra\u00e7os, formigueig i dificultats per caminar i per tragar. Preocupat, va acudir a una visita m\u00e8dica, en la que li van demanar algunes proves, i aix\u00ed va saber quines dol\u00e8ncies patia, entre d\u2019altres: la S\u00edndrome d\u2019Arnold Chiari I i Siringomi\u00e8lia.<\/p>\n<p>En Valdir va decidir investigar per internet sobre el seu diagn\u00f2stic i va descobrir l\u2019Institut Chiari de Barcelona (ICSEB) i el m\u00e8tode aqu\u00ed desenvolupat per tal d\u2019impedir l\u2019evoluci\u00f3 de les seves malalties. Despr\u00e9s de l\u2019avaluaci\u00f3 de les seves proves i de la indicaci\u00f3 del tractament que aqu\u00ed es realitza, per part del nostre equip m\u00e8dic, el pacient va organitzar una campanya per a recaptar fons per tal de fer viable el seu viatge a Barcelona.<\/p>\n<p><em>\u201cAra, despr\u00e9s de la cirurgia, noto moltes millores: un 80% millor del que estava abans. Em trobo, de veritat, molt millor: puc caminar b\u00e9, puc menjar i tragar normal, no em fan mal ni l\u2019esquena ni les cames i ja no tinc cefalees intenses\u201d<\/em>, ens explicava en Valdir 10 dies despr\u00e9s de la seva intervenci\u00f3.<\/p>\n<p>En el seu testimoni, en Valdir va voler animar a d\u2019altres pacients que pateixen els efectes d\u2019aquestes patologies. <em>\u201cSi teniu els mateixos s\u00edmptomes que he tingut, no dubteu en buscar una soluci\u00f3, investigueu\u201d. <\/em>Tamb\u00e9 va aprofitar per aclarir que la intervenci\u00f3 de l\u2019ICSEB \u00e9s m\u00ednimament invasiva. <em>\u201cTot \u00e9s molt tranquil i bastant r\u00e0pid, es fa la cirurgia en menys d\u2019una hora\u201d. <\/em><\/p>\n<p><em>\u00a0<\/em>El brasiler va tractar de calmar als pacients estrangers que tenen por a tenir problemes de comunicaci\u00f3 amb l\u2019equip de l\u2019ICSEB: \u201c<em>Aqu\u00ed a l\u2019Institut, hi ha traductors que s\u00f3n les persones responsables de l\u2019atenci\u00f3 [a pacients] de cada pa\u00eds. En el cas de Brasil, tenim a la Marta, que tamb\u00e9 \u00e9s brasilera, que treballa aqu\u00ed i at\u00e9n als pacients brasilers. Aix\u00ed que podeu venir tranquils, que ho entendreu tot i ells us entendran. L\u2019atenci\u00f3 aqu\u00ed \u00e9s excel\u00b7lent, no hi ha paraules per explicar com hem estat atesos\u201d. <\/em>I va concloure amb la seva percepci\u00f3 personal sobre l\u2019equip: <em>\u201cEl Dr. Fiallos \u00e9s molt divertit i la Marta tamb\u00e9. El Dr. Royo tamb\u00e9 ho \u00e9s, jo pensava que seria una mica formal, per\u00f2 tamb\u00e9 va fer bromes. Aqu\u00ed tot \u00e9s molt tranquil i tots s\u00f3n molt bona gent\u201d.<\/em><\/p>\n<p><em>\u00a0<\/em>Correu electr\u00f2nic de contacte:\u00a0<a href=\"mailto:valdirwb@hotmail.com\">valdirwb@hotmail.com<\/a><\/p>\n<\/div>\n","protected":false},"featured_media":137833,"template":"","tipos-de-video":[585],"class_list":["post-111610","videos","type-videos","status-publish","has-post-thumbnail","hentry","tipos-de-video-videos-testimonis"],"yoast_head":"<!-- This site is optimized with the Yoast SEO plugin v27.4 - https:\/\/yoast.com\/product\/yoast-seo-wordpress\/ -->\n<title>Valdir Adriano da Silva: Chiari I e siringomielia | ICSEB<\/title>\n<meta name=\"description\" content=\"Data de la intervenci\u00f3: 28 de mar\u00e7 del 2017 Data de la filmaci\u00f3: 7 d\u2019abril del 2017 El pacient Valdir Adriano da Silva ens... \u00a0 Llegir m\u00e9s \u2192\" \/>\n<meta name=\"robots\" content=\"index, follow, max-snippet:-1, max-image-preview:large, max-video-preview:-1\" \/>\n<link rel=\"canonical\" href=\"https:\/\/institutchiaribcn.com\/ca\/valdir-adriano-da-silva-sindrome-neuro-cranio-vertebral-malaltia-filum-sindrome-darnold-chiari-siringomielia-idiopatica\/\" \/>\n<meta property=\"og:locale\" content=\"ca_ES\" \/>\n<meta property=\"og:type\" content=\"article\" \/>\n<meta property=\"og:title\" content=\"Valdir Adriano da Silva: Chiari I e siringomielia | ICSEB\" \/>\n<meta property=\"og:description\" content=\"Data de la intervenci\u00f3: 28 de mar\u00e7 del 2017 Data de la filmaci\u00f3: 7 d\u2019abril del 2017 El pacient Valdir Adriano da Silva ens... \u00a0 Llegir m\u00e9s \u2192\" \/>\n<meta property=\"og:url\" content=\"https:\/\/institutchiaribcn.com\/ca\/valdir-adriano-da-silva-sindrome-neuro-cranio-vertebral-malaltia-filum-sindrome-darnold-chiari-siringomielia-idiopatica\/\" \/>\n<meta property=\"og:site_name\" content=\"Institut Chiari Barcelona\" \/>\n<meta property=\"article:modified_time\" content=\"2026-03-17T08:34:16+00:00\" \/>\n<meta property=\"og:image\" content=\"https:\/\/institutchiaribcn.com\/wp-content\/uploads\/2017\/10\/valdir-adriano-da-silva-sindrome-neuro-craneo-vertebral-enfermedad-del-filum-sindrome-de-arnold-chiari-i-y-siringomielia-idiopatica.jpg\" \/>\n\t<meta property=\"og:image:width\" content=\"1280\" \/>\n\t<meta property=\"og:image:height\" content=\"720\" \/>\n\t<meta property=\"og:image:type\" content=\"image\/jpeg\" \/>\n<meta name=\"twitter:card\" content=\"summary_large_image\" \/>\n<meta name=\"twitter:label1\" content=\"Temps estimat de lectura\" \/>\n\t<meta name=\"twitter:data1\" content=\"3 minuts\" \/>\n<script type=\"application\/ld+json\" class=\"yoast-schema-graph\">{\"@context\":\"https:\\\/\\\/schema.org\",\"@graph\":[{\"@type\":\"WebPage\",\"@id\":\"https:\\\/\\\/institutchiaribcn.com\\\/ca\\\/valdir-adriano-da-silva-sindrome-neuro-cranio-vertebral-malaltia-filum-sindrome-darnold-chiari-siringomielia-idiopatica\\\/\",\"url\":\"https:\\\/\\\/institutchiaribcn.com\\\/ca\\\/valdir-adriano-da-silva-sindrome-neuro-cranio-vertebral-malaltia-filum-sindrome-darnold-chiari-siringomielia-idiopatica\\\/\",\"name\":\"Valdir Adriano da Silva: Chiari I e siringomielia | ICSEB\",\"isPartOf\":{\"@id\":\"https:\\\/\\\/institutchiaribcn.com\\\/ca\\\/#website\"},\"primaryImageOfPage\":{\"@id\":\"https:\\\/\\\/institutchiaribcn.com\\\/ca\\\/valdir-adriano-da-silva-sindrome-neuro-cranio-vertebral-malaltia-filum-sindrome-darnold-chiari-siringomielia-idiopatica\\\/#primaryimage\"},\"image\":{\"@id\":\"https:\\\/\\\/institutchiaribcn.com\\\/ca\\\/valdir-adriano-da-silva-sindrome-neuro-cranio-vertebral-malaltia-filum-sindrome-darnold-chiari-siringomielia-idiopatica\\\/#primaryimage\"},\"thumbnailUrl\":\"https:\\\/\\\/institutchiaribcn.com\\\/wp-content\\\/uploads\\\/2017\\\/10\\\/valdir-adriano-da-silva-sindrome-neuro-craneo-vertebral-enfermedad-del-filum-sindrome-de-arnold-chiari-i-y-siringomielia-idiopatica.jpg\",\"datePublished\":\"2017-10-26T22:00:16+00:00\",\"dateModified\":\"2026-03-17T08:34:16+00:00\",\"description\":\"Data de la intervenci\u00f3: 28 de mar\u00e7 del 2017 Data de la filmaci\u00f3: 7 d\u2019abril del 2017 El pacient Valdir Adriano da Silva ens... \u00a0 Llegir m\u00e9s \u2192\",\"breadcrumb\":{\"@id\":\"https:\\\/\\\/institutchiaribcn.com\\\/ca\\\/valdir-adriano-da-silva-sindrome-neuro-cranio-vertebral-malaltia-filum-sindrome-darnold-chiari-siringomielia-idiopatica\\\/#breadcrumb\"},\"inLanguage\":\"ca\",\"potentialAction\":[{\"@type\":\"ReadAction\",\"target\":[\"https:\\\/\\\/institutchiaribcn.com\\\/ca\\\/valdir-adriano-da-silva-sindrome-neuro-cranio-vertebral-malaltia-filum-sindrome-darnold-chiari-siringomielia-idiopatica\\\/\"]}]},{\"@type\":\"ImageObject\",\"inLanguage\":\"ca\",\"@id\":\"https:\\\/\\\/institutchiaribcn.com\\\/ca\\\/valdir-adriano-da-silva-sindrome-neuro-cranio-vertebral-malaltia-filum-sindrome-darnold-chiari-siringomielia-idiopatica\\\/#primaryimage\",\"url\":\"https:\\\/\\\/institutchiaribcn.com\\\/wp-content\\\/uploads\\\/2017\\\/10\\\/valdir-adriano-da-silva-sindrome-neuro-craneo-vertebral-enfermedad-del-filum-sindrome-de-arnold-chiari-i-y-siringomielia-idiopatica.jpg\",\"contentUrl\":\"https:\\\/\\\/institutchiaribcn.com\\\/wp-content\\\/uploads\\\/2017\\\/10\\\/valdir-adriano-da-silva-sindrome-neuro-craneo-vertebral-enfermedad-del-filum-sindrome-de-arnold-chiari-i-y-siringomielia-idiopatica.jpg\",\"width\":1280,\"height\":720},{\"@type\":\"BreadcrumbList\",\"@id\":\"https:\\\/\\\/institutchiaribcn.com\\\/ca\\\/valdir-adriano-da-silva-sindrome-neuro-cranio-vertebral-malaltia-filum-sindrome-darnold-chiari-siringomielia-idiopatica\\\/#breadcrumb\",\"itemListElement\":[{\"@type\":\"ListItem\",\"position\":1,\"name\":\"Portada\",\"item\":\"https:\\\/\\\/institutchiaribcn.com\\\/ca\\\/\"},{\"@type\":\"ListItem\",\"position\":2,\"name\":\"Videos\",\"item\":\"https:\\\/\\\/institutchiaribcn.com\\\/ca\\\/videos\\\/\"},{\"@type\":\"ListItem\",\"position\":3,\"name\":\"Valdir Adriano Da Silva. S\u00edndrome Neuro-Cranio-Vertebral. Malaltia del Filum. S\u00edndrome d\u2019Arnold Chiari i Siringomi\u00e8lia idiop\u00e0tica\"}]},{\"@type\":\"WebSite\",\"@id\":\"https:\\\/\\\/institutchiaribcn.com\\\/ca\\\/#website\",\"url\":\"https:\\\/\\\/institutchiaribcn.com\\\/ca\\\/\",\"name\":\"Institut Chiari de Barcelona\",\"description\":\"\",\"publisher\":{\"@id\":\"https:\\\/\\\/institutchiaribcn.com\\\/ca\\\/#organization\"},\"potentialAction\":[{\"@type\":\"SearchAction\",\"target\":{\"@type\":\"EntryPoint\",\"urlTemplate\":\"https:\\\/\\\/institutchiaribcn.com\\\/ca\\\/?s={search_term_string}\"},\"query-input\":{\"@type\":\"PropertyValueSpecification\",\"valueRequired\":true,\"valueName\":\"search_term_string\"}}],\"inLanguage\":\"ca\"},{\"@type\":\"Organization\",\"@id\":\"https:\\\/\\\/institutchiaribcn.com\\\/ca\\\/#organization\",\"name\":\"Institut Chiari de Barcelona\",\"url\":\"https:\\\/\\\/institutchiaribcn.com\\\/ca\\\/\",\"logo\":{\"@type\":\"ImageObject\",\"inLanguage\":\"ca\",\"@id\":\"https:\\\/\\\/institutchiaribcn.com\\\/ca\\\/#\\\/schema\\\/logo\\\/image\\\/\",\"url\":\"https:\\\/\\\/institutchiaribcn.com\\\/wp-content\\\/uploads\\\/2025\\\/10\\\/cropped-cropped-icsebNavLogo-1.png\",\"contentUrl\":\"https:\\\/\\\/institutchiaribcn.com\\\/wp-content\\\/uploads\\\/2025\\\/10\\\/cropped-cropped-icsebNavLogo-1.png\",\"width\":245,\"height\":99,\"caption\":\"Institut Chiari de Barcelona\"},\"image\":{\"@id\":\"https:\\\/\\\/institutchiaribcn.com\\\/ca\\\/#\\\/schema\\\/logo\\\/image\\\/\"}}]}<\/script>\n<!-- \/ Yoast SEO plugin. -->","yoast_head_json":{"title":"Valdir Adriano da Silva: Chiari I e siringomielia | ICSEB","description":"Data de la intervenci\u00f3: 28 de mar\u00e7 del 2017 Data de la filmaci\u00f3: 7 d\u2019abril del 2017 El pacient Valdir Adriano da Silva ens... \u00a0 Llegir m\u00e9s \u2192","robots":{"index":"index","follow":"follow","max-snippet":"max-snippet:-1","max-image-preview":"max-image-preview:large","max-video-preview":"max-video-preview:-1"},"canonical":"https:\/\/institutchiaribcn.com\/ca\/valdir-adriano-da-silva-sindrome-neuro-cranio-vertebral-malaltia-filum-sindrome-darnold-chiari-siringomielia-idiopatica\/","og_locale":"ca_ES","og_type":"article","og_title":"Valdir Adriano da Silva: Chiari I e siringomielia | ICSEB","og_description":"Data de la intervenci\u00f3: 28 de mar\u00e7 del 2017 Data de la filmaci\u00f3: 7 d\u2019abril del 2017 El pacient Valdir Adriano da Silva ens... \u00a0 Llegir m\u00e9s \u2192","og_url":"https:\/\/institutchiaribcn.com\/ca\/valdir-adriano-da-silva-sindrome-neuro-cranio-vertebral-malaltia-filum-sindrome-darnold-chiari-siringomielia-idiopatica\/","og_site_name":"Institut Chiari Barcelona","article_modified_time":"2026-03-17T08:34:16+00:00","og_image":[{"width":1280,"height":720,"url":"https:\/\/institutchiaribcn.com\/wp-content\/uploads\/2017\/10\/valdir-adriano-da-silva-sindrome-neuro-craneo-vertebral-enfermedad-del-filum-sindrome-de-arnold-chiari-i-y-siringomielia-idiopatica.jpg","type":"image\/jpeg"}],"twitter_card":"summary_large_image","twitter_misc":{"Temps estimat de lectura":"3 minuts"},"schema":{"@context":"https:\/\/schema.org","@graph":[{"@type":"WebPage","@id":"https:\/\/institutchiaribcn.com\/ca\/valdir-adriano-da-silva-sindrome-neuro-cranio-vertebral-malaltia-filum-sindrome-darnold-chiari-siringomielia-idiopatica\/","url":"https:\/\/institutchiaribcn.com\/ca\/valdir-adriano-da-silva-sindrome-neuro-cranio-vertebral-malaltia-filum-sindrome-darnold-chiari-siringomielia-idiopatica\/","name":"Valdir Adriano da Silva: Chiari I e siringomielia | ICSEB","isPartOf":{"@id":"https:\/\/institutchiaribcn.com\/ca\/#website"},"primaryImageOfPage":{"@id":"https:\/\/institutchiaribcn.com\/ca\/valdir-adriano-da-silva-sindrome-neuro-cranio-vertebral-malaltia-filum-sindrome-darnold-chiari-siringomielia-idiopatica\/#primaryimage"},"image":{"@id":"https:\/\/institutchiaribcn.com\/ca\/valdir-adriano-da-silva-sindrome-neuro-cranio-vertebral-malaltia-filum-sindrome-darnold-chiari-siringomielia-idiopatica\/#primaryimage"},"thumbnailUrl":"https:\/\/institutchiaribcn.com\/wp-content\/uploads\/2017\/10\/valdir-adriano-da-silva-sindrome-neuro-craneo-vertebral-enfermedad-del-filum-sindrome-de-arnold-chiari-i-y-siringomielia-idiopatica.jpg","datePublished":"2017-10-26T22:00:16+00:00","dateModified":"2026-03-17T08:34:16+00:00","description":"Data de la intervenci\u00f3: 28 de mar\u00e7 del 2017 Data de la filmaci\u00f3: 7 d\u2019abril del 2017 El pacient Valdir Adriano da Silva ens... \u00a0 Llegir m\u00e9s \u2192","breadcrumb":{"@id":"https:\/\/institutchiaribcn.com\/ca\/valdir-adriano-da-silva-sindrome-neuro-cranio-vertebral-malaltia-filum-sindrome-darnold-chiari-siringomielia-idiopatica\/#breadcrumb"},"inLanguage":"ca","potentialAction":[{"@type":"ReadAction","target":["https:\/\/institutchiaribcn.com\/ca\/valdir-adriano-da-silva-sindrome-neuro-cranio-vertebral-malaltia-filum-sindrome-darnold-chiari-siringomielia-idiopatica\/"]}]},{"@type":"ImageObject","inLanguage":"ca","@id":"https:\/\/institutchiaribcn.com\/ca\/valdir-adriano-da-silva-sindrome-neuro-cranio-vertebral-malaltia-filum-sindrome-darnold-chiari-siringomielia-idiopatica\/#primaryimage","url":"https:\/\/institutchiaribcn.com\/wp-content\/uploads\/2017\/10\/valdir-adriano-da-silva-sindrome-neuro-craneo-vertebral-enfermedad-del-filum-sindrome-de-arnold-chiari-i-y-siringomielia-idiopatica.jpg","contentUrl":"https:\/\/institutchiaribcn.com\/wp-content\/uploads\/2017\/10\/valdir-adriano-da-silva-sindrome-neuro-craneo-vertebral-enfermedad-del-filum-sindrome-de-arnold-chiari-i-y-siringomielia-idiopatica.jpg","width":1280,"height":720},{"@type":"BreadcrumbList","@id":"https:\/\/institutchiaribcn.com\/ca\/valdir-adriano-da-silva-sindrome-neuro-cranio-vertebral-malaltia-filum-sindrome-darnold-chiari-siringomielia-idiopatica\/#breadcrumb","itemListElement":[{"@type":"ListItem","position":1,"name":"Portada","item":"https:\/\/institutchiaribcn.com\/ca\/"},{"@type":"ListItem","position":2,"name":"Videos","item":"https:\/\/institutchiaribcn.com\/ca\/videos\/"},{"@type":"ListItem","position":3,"name":"Valdir Adriano Da Silva. S\u00edndrome Neuro-Cranio-Vertebral. Malaltia del Filum. S\u00edndrome d\u2019Arnold Chiari i Siringomi\u00e8lia idiop\u00e0tica"}]},{"@type":"WebSite","@id":"https:\/\/institutchiaribcn.com\/ca\/#website","url":"https:\/\/institutchiaribcn.com\/ca\/","name":"Institut Chiari de Barcelona","description":"","publisher":{"@id":"https:\/\/institutchiaribcn.com\/ca\/#organization"},"potentialAction":[{"@type":"SearchAction","target":{"@type":"EntryPoint","urlTemplate":"https:\/\/institutchiaribcn.com\/ca\/?s={search_term_string}"},"query-input":{"@type":"PropertyValueSpecification","valueRequired":true,"valueName":"search_term_string"}}],"inLanguage":"ca"},{"@type":"Organization","@id":"https:\/\/institutchiaribcn.com\/ca\/#organization","name":"Institut Chiari de Barcelona","url":"https:\/\/institutchiaribcn.com\/ca\/","logo":{"@type":"ImageObject","inLanguage":"ca","@id":"https:\/\/institutchiaribcn.com\/ca\/#\/schema\/logo\/image\/","url":"https:\/\/institutchiaribcn.com\/wp-content\/uploads\/2025\/10\/cropped-cropped-icsebNavLogo-1.png","contentUrl":"https:\/\/institutchiaribcn.com\/wp-content\/uploads\/2025\/10\/cropped-cropped-icsebNavLogo-1.png","width":245,"height":99,"caption":"Institut Chiari de Barcelona"},"image":{"@id":"https:\/\/institutchiaribcn.com\/ca\/#\/schema\/logo\/image\/"}}]}},"_links":{"self":[{"href":"https:\/\/institutchiaribcn.com\/ca\/wp-json\/wp\/v2\/videos\/111610","targetHints":{"allow":["GET"]}}],"collection":[{"href":"https:\/\/institutchiaribcn.com\/ca\/wp-json\/wp\/v2\/videos"}],"about":[{"href":"https:\/\/institutchiaribcn.com\/ca\/wp-json\/wp\/v2\/types\/videos"}],"wp:featuredmedia":[{"embeddable":true,"href":"https:\/\/institutchiaribcn.com\/ca\/wp-json\/wp\/v2\/media\/137833"}],"wp:attachment":[{"href":"https:\/\/institutchiaribcn.com\/ca\/wp-json\/wp\/v2\/media?parent=111610"}],"wp:term":[{"taxonomy":"tipos-de-video","embeddable":true,"href":"https:\/\/institutchiaribcn.com\/ca\/wp-json\/wp\/v2\/tipos-de-video?post=111610"}],"curies":[{"name":"wp","href":"https:\/\/api.w.org\/{rel}","templated":true}]}}