{"id":49791,"date":"2010-03-28T00:00:00","date_gmt":"2010-03-27T23:00:00","guid":{"rendered":"https:\/\/dev.institutchiaribcn.com\/testimonios\/svetlana-fumina-sindrome-de-traccio-medullar-sindrome-darnold-chiari-i-escoliosi-dorsal-i-lumbar-idiopatiques\/"},"modified":"2026-01-20T10:36:25","modified_gmt":"2026-01-20T09:36:25","slug":"svetlana-fumina-sindrome-da-trazione-midollare-sindrome-darnold-chiari-i-scoliosi-dorso-lombare-idiopatica","status":"publish","type":"testimonios","link":"https:\/\/institutchiaribcn.com\/ca\/svetlana-fumina-sindrome-da-trazione-midollare-sindrome-darnold-chiari-i-scoliosi-dorso-lombare-idiopatica\/","title":{"rendered":"Svetlana Fumina. S\u00edndrome de tracci\u00f3 medul\u00b7lar. S\u00edndrome d\u2019Arnold Chiari I, Escoliosi dorsal i lumbar idiop\u00e0tiques"},"content":{"rendered":"<p>&nbsp;<\/p>\n<p style=\"text-align: justify;\"><img decoding=\"async\" class=\"text-wrap alignnone size-full wp-image-1879\" src=\"https:\/\/institutchiaribcn.com\/wp-content\/uploads\/2015\/03\/Svetlana.jpg\" sizes=\"(max-width: 200px) 100vw, 200px\" srcset=\"https:\/\/institutchiaribcn.com\/wp-content\/uploads\/2015\/03\/Svetlana.jpg 200w, https:\/\/institutchiaribcn.com\/wp-content\/uploads\/2015\/03\/Svetlana-150x150.jpg 150w\" alt=\"Svetlana\" width=\"200\" height=\"200\" \/><br \/>\n<strong>Data d\u00b4intervenci\u00f3: mar\u00e7 2010<\/strong><\/p>\n<p style=\"text-align: justify;\">Tinc 46 anys. L\u00b4any 2005 vaig comen\u00e7ar a tenir maldecaps i vert\u00edgens. Els dolors eren a la zona del clatell, tenia pressi\u00f3 a les temples que s\u00b4irradiava als ulls. Despr\u00e9s em vaig donar compte que no podia anar al metro, em posava malament.<br \/>\nEm vaig dirigir a un neur\u00f2leg i em van manar fer una resson\u00e0ncia. L\u00b4informe de la resson\u00e0ncia deia: una variant d\u00b4Arnold-Chiari I. Descens d\u00b4am\u00edgdales cerebel\u00b7loses a 5 mm Canvis degeneratius distr\u00f2fics de la regi\u00f3 cervical. Em van prescriure medicaci\u00f3 per comptagotes i pastilles. Per desgr\u00e0cia, els dolors es feien cada vegada encara m\u00e9s forts, es va afegir soroll en les o\u00efdes i sensaci\u00f3 de fred. Tenia fred fins i tot a l\u00b4estiu. Se m\u00b4adormien la cama i el bra\u00e7 esquerres. La resson\u00e0ncia del 2008 va mostrar la progressi\u00f3 de la malaltia. Les am\u00edgdales ja en van baixar 9 mm i va apar\u00e8ixer una h\u00e8rnia a la zona del sacre.<br \/>\nL\u00b4any 2009 un professor de l\u00b4Institut del Cervell de Sant Petersburg em va oferir una intervenci\u00f3 que consistia a tallar part de les am\u00edgdales cerebel\u00b7loses etc. Ho vaig negar \u2013 vaig decidir viure el que em quedava de la vida tal qual.<br \/>\nI de sobte vaig veure en Internet un article sobre l\u00b4Institut Chiari de Barcelona. El meu marit i jo decidim que aquella era la meva opurtunitat i all\u00e0 vam ser.<br \/>\nEm van operar el 2 de mar\u00e7 del 2010. El 5 de mar\u00e7 ja podia passejar per Barcelona. Vaig sentir un alleujament: el cap i el coll ja no em feien mal. L\u00b4esquena es va fer m\u00e9s recta. Les mans es van tornar m\u00e9s fortes. Fins i tot es va canviar el color de la pell \u2013 abans de la intervenci\u00f3 era d\u00b4un gris groguenc. La veu es va fer m\u00e9s sonora.<br \/>\nMoltes gr\u00e0cies al Doctor Royo, Doctor Marc i tot l\u00b4equip de l\u00b4Institut.<br \/>\nAtentament,<\/p>\n<p style=\"text-align: justify;\">Svetlana Fumina<\/p>\n<p style=\"text-align: justify;\"><strong>Tel: +7 921 743 53 43<br \/>\nE-Mail:\u00a0<\/strong><strong><a href=\"mailto:nika1161@mail.ru\">nika1161@mail.ru<\/a><\/strong><\/p>\n","protected":false},"featured_media":43894,"template":"","tipos-de-testimonio":[320],"class_list":["post-49791","testimonios","type-testimonios","status-publish","has-post-thumbnail","hentry","tipos-de-testimonio-testimonis-sindrome-darnold-chiair-i"],"yoast_head":"<!-- This site is optimized with the Yoast SEO plugin v27.4 - https:\/\/yoast.com\/product\/yoast-seo-wordpress\/ -->\n<title>Svetlana Fumina. Tracci\u00f3 medul\u00b7lar. Arnold Chiari I | ICSEB<\/title>\n<meta name=\"description\" content=\"Data d\u00b4intervenci\u00f3: mar\u00e7 2010 Tinc 46 anys. L\u00b4any 2005 vaig comen\u00e7ar a tenir maldecaps i vert\u00edgens. Els dolors eren a la zona... \u00a0 Llegir m\u00e9s \u2192\" \/>\n<meta name=\"robots\" content=\"index, follow, max-snippet:-1, max-image-preview:large, max-video-preview:-1\" \/>\n<link rel=\"canonical\" href=\"https:\/\/institutchiaribcn.com\/ca\/svetlana-fumina-sindrome-da-trazione-midollare-sindrome-darnold-chiari-i-scoliosi-dorso-lombare-idiopatica\/\" \/>\n<meta property=\"og:locale\" content=\"ca_ES\" \/>\n<meta property=\"og:type\" content=\"article\" \/>\n<meta property=\"og:title\" content=\"Svetlana Fumina. Tracci\u00f3 medul\u00b7lar. Arnold Chiari I | ICSEB\" \/>\n<meta property=\"og:description\" content=\"Data d\u00b4intervenci\u00f3: mar\u00e7 2010 Tinc 46 anys. L\u00b4any 2005 vaig comen\u00e7ar a tenir maldecaps i vert\u00edgens. Els dolors eren a la zona... \u00a0 Llegir m\u00e9s \u2192\" \/>\n<meta property=\"og:url\" content=\"https:\/\/institutchiaribcn.com\/ca\/svetlana-fumina-sindrome-da-trazione-midollare-sindrome-darnold-chiari-i-scoliosi-dorso-lombare-idiopatica\/\" \/>\n<meta property=\"og:site_name\" content=\"Institut Chiari Barcelona\" \/>\n<meta property=\"article:modified_time\" content=\"2026-01-20T09:36:25+00:00\" \/>\n<meta property=\"og:image\" content=\"https:\/\/institutchiaribcn.com\/wp-content\/uploads\/2025\/07\/Svetlana.jpg\" \/>\n\t<meta property=\"og:image:width\" content=\"200\" \/>\n\t<meta property=\"og:image:height\" content=\"200\" \/>\n\t<meta property=\"og:image:type\" content=\"image\/jpeg\" \/>\n<meta name=\"twitter:card\" content=\"summary_large_image\" \/>\n<meta name=\"twitter:label1\" content=\"Temps estimat de lectura\" \/>\n\t<meta name=\"twitter:data1\" content=\"2 minuts\" \/>\n<script type=\"application\/ld+json\" class=\"yoast-schema-graph\">{\"@context\":\"https:\\\/\\\/schema.org\",\"@graph\":[{\"@type\":\"WebPage\",\"@id\":\"https:\\\/\\\/institutchiaribcn.com\\\/ca\\\/svetlana-fumina-sindrome-da-trazione-midollare-sindrome-darnold-chiari-i-scoliosi-dorso-lombare-idiopatica\\\/\",\"url\":\"https:\\\/\\\/institutchiaribcn.com\\\/ca\\\/svetlana-fumina-sindrome-da-trazione-midollare-sindrome-darnold-chiari-i-scoliosi-dorso-lombare-idiopatica\\\/\",\"name\":\"Svetlana Fumina. Tracci\u00f3 medul\u00b7lar. Arnold Chiari I | ICSEB\",\"isPartOf\":{\"@id\":\"https:\\\/\\\/institutchiaribcn.com\\\/ca\\\/#website\"},\"primaryImageOfPage\":{\"@id\":\"https:\\\/\\\/institutchiaribcn.com\\\/ca\\\/svetlana-fumina-sindrome-da-trazione-midollare-sindrome-darnold-chiari-i-scoliosi-dorso-lombare-idiopatica\\\/#primaryimage\"},\"image\":{\"@id\":\"https:\\\/\\\/institutchiaribcn.com\\\/ca\\\/svetlana-fumina-sindrome-da-trazione-midollare-sindrome-darnold-chiari-i-scoliosi-dorso-lombare-idiopatica\\\/#primaryimage\"},\"thumbnailUrl\":\"https:\\\/\\\/institutchiaribcn.com\\\/wp-content\\\/uploads\\\/2025\\\/07\\\/Svetlana.jpg\",\"datePublished\":\"2010-03-27T23:00:00+00:00\",\"dateModified\":\"2026-01-20T09:36:25+00:00\",\"description\":\"Data d\u00b4intervenci\u00f3: mar\u00e7 2010 Tinc 46 anys. L\u00b4any 2005 vaig comen\u00e7ar a tenir maldecaps i vert\u00edgens. Els dolors eren a la zona... \u00a0 Llegir m\u00e9s \u2192\",\"breadcrumb\":{\"@id\":\"https:\\\/\\\/institutchiaribcn.com\\\/ca\\\/svetlana-fumina-sindrome-da-trazione-midollare-sindrome-darnold-chiari-i-scoliosi-dorso-lombare-idiopatica\\\/#breadcrumb\"},\"inLanguage\":\"ca\",\"potentialAction\":[{\"@type\":\"ReadAction\",\"target\":[\"https:\\\/\\\/institutchiaribcn.com\\\/ca\\\/svetlana-fumina-sindrome-da-trazione-midollare-sindrome-darnold-chiari-i-scoliosi-dorso-lombare-idiopatica\\\/\"]}]},{\"@type\":\"ImageObject\",\"inLanguage\":\"ca\",\"@id\":\"https:\\\/\\\/institutchiaribcn.com\\\/ca\\\/svetlana-fumina-sindrome-da-trazione-midollare-sindrome-darnold-chiari-i-scoliosi-dorso-lombare-idiopatica\\\/#primaryimage\",\"url\":\"https:\\\/\\\/institutchiaribcn.com\\\/wp-content\\\/uploads\\\/2025\\\/07\\\/Svetlana.jpg\",\"contentUrl\":\"https:\\\/\\\/institutchiaribcn.com\\\/wp-content\\\/uploads\\\/2025\\\/07\\\/Svetlana.jpg\",\"width\":200,\"height\":200},{\"@type\":\"BreadcrumbList\",\"@id\":\"https:\\\/\\\/institutchiaribcn.com\\\/ca\\\/svetlana-fumina-sindrome-da-trazione-midollare-sindrome-darnold-chiari-i-scoliosi-dorso-lombare-idiopatica\\\/#breadcrumb\",\"itemListElement\":[{\"@type\":\"ListItem\",\"position\":1,\"name\":\"Portada\",\"item\":\"https:\\\/\\\/institutchiaribcn.com\\\/ca\\\/\"},{\"@type\":\"ListItem\",\"position\":2,\"name\":\"Testimonios\",\"item\":\"https:\\\/\\\/institutchiaribcn.com\\\/ca\\\/testimonios\\\/\"},{\"@type\":\"ListItem\",\"position\":3,\"name\":\"Svetlana Fumina. S\u00edndrome de tracci\u00f3 medul\u00b7lar. S\u00edndrome d\u2019Arnold Chiari I, Escoliosi dorsal i lumbar idiop\u00e0tiques\"}]},{\"@type\":\"WebSite\",\"@id\":\"https:\\\/\\\/institutchiaribcn.com\\\/ca\\\/#website\",\"url\":\"https:\\\/\\\/institutchiaribcn.com\\\/ca\\\/\",\"name\":\"Institut Chiari de Barcelona\",\"description\":\"\",\"publisher\":{\"@id\":\"https:\\\/\\\/institutchiaribcn.com\\\/ca\\\/#organization\"},\"potentialAction\":[{\"@type\":\"SearchAction\",\"target\":{\"@type\":\"EntryPoint\",\"urlTemplate\":\"https:\\\/\\\/institutchiaribcn.com\\\/ca\\\/?s={search_term_string}\"},\"query-input\":{\"@type\":\"PropertyValueSpecification\",\"valueRequired\":true,\"valueName\":\"search_term_string\"}}],\"inLanguage\":\"ca\"},{\"@type\":\"Organization\",\"@id\":\"https:\\\/\\\/institutchiaribcn.com\\\/ca\\\/#organization\",\"name\":\"Institut Chiari de Barcelona\",\"url\":\"https:\\\/\\\/institutchiaribcn.com\\\/ca\\\/\",\"logo\":{\"@type\":\"ImageObject\",\"inLanguage\":\"ca\",\"@id\":\"https:\\\/\\\/institutchiaribcn.com\\\/ca\\\/#\\\/schema\\\/logo\\\/image\\\/\",\"url\":\"https:\\\/\\\/institutchiaribcn.com\\\/wp-content\\\/uploads\\\/2025\\\/10\\\/cropped-cropped-icsebNavLogo-1.png\",\"contentUrl\":\"https:\\\/\\\/institutchiaribcn.com\\\/wp-content\\\/uploads\\\/2025\\\/10\\\/cropped-cropped-icsebNavLogo-1.png\",\"width\":245,\"height\":99,\"caption\":\"Institut Chiari de Barcelona\"},\"image\":{\"@id\":\"https:\\\/\\\/institutchiaribcn.com\\\/ca\\\/#\\\/schema\\\/logo\\\/image\\\/\"}}]}<\/script>\n<!-- \/ Yoast SEO plugin. -->","yoast_head_json":{"title":"Svetlana Fumina. Tracci\u00f3 medul\u00b7lar. Arnold Chiari I | ICSEB","description":"Data d\u00b4intervenci\u00f3: mar\u00e7 2010 Tinc 46 anys. L\u00b4any 2005 vaig comen\u00e7ar a tenir maldecaps i vert\u00edgens. Els dolors eren a la zona... \u00a0 Llegir m\u00e9s \u2192","robots":{"index":"index","follow":"follow","max-snippet":"max-snippet:-1","max-image-preview":"max-image-preview:large","max-video-preview":"max-video-preview:-1"},"canonical":"https:\/\/institutchiaribcn.com\/ca\/svetlana-fumina-sindrome-da-trazione-midollare-sindrome-darnold-chiari-i-scoliosi-dorso-lombare-idiopatica\/","og_locale":"ca_ES","og_type":"article","og_title":"Svetlana Fumina. Tracci\u00f3 medul\u00b7lar. Arnold Chiari I | ICSEB","og_description":"Data d\u00b4intervenci\u00f3: mar\u00e7 2010 Tinc 46 anys. L\u00b4any 2005 vaig comen\u00e7ar a tenir maldecaps i vert\u00edgens. Els dolors eren a la zona... \u00a0 Llegir m\u00e9s \u2192","og_url":"https:\/\/institutchiaribcn.com\/ca\/svetlana-fumina-sindrome-da-trazione-midollare-sindrome-darnold-chiari-i-scoliosi-dorso-lombare-idiopatica\/","og_site_name":"Institut Chiari Barcelona","article_modified_time":"2026-01-20T09:36:25+00:00","og_image":[{"width":200,"height":200,"url":"https:\/\/institutchiaribcn.com\/wp-content\/uploads\/2025\/07\/Svetlana.jpg","type":"image\/jpeg"}],"twitter_card":"summary_large_image","twitter_misc":{"Temps estimat de lectura":"2 minuts"},"schema":{"@context":"https:\/\/schema.org","@graph":[{"@type":"WebPage","@id":"https:\/\/institutchiaribcn.com\/ca\/svetlana-fumina-sindrome-da-trazione-midollare-sindrome-darnold-chiari-i-scoliosi-dorso-lombare-idiopatica\/","url":"https:\/\/institutchiaribcn.com\/ca\/svetlana-fumina-sindrome-da-trazione-midollare-sindrome-darnold-chiari-i-scoliosi-dorso-lombare-idiopatica\/","name":"Svetlana Fumina. Tracci\u00f3 medul\u00b7lar. Arnold Chiari I | ICSEB","isPartOf":{"@id":"https:\/\/institutchiaribcn.com\/ca\/#website"},"primaryImageOfPage":{"@id":"https:\/\/institutchiaribcn.com\/ca\/svetlana-fumina-sindrome-da-trazione-midollare-sindrome-darnold-chiari-i-scoliosi-dorso-lombare-idiopatica\/#primaryimage"},"image":{"@id":"https:\/\/institutchiaribcn.com\/ca\/svetlana-fumina-sindrome-da-trazione-midollare-sindrome-darnold-chiari-i-scoliosi-dorso-lombare-idiopatica\/#primaryimage"},"thumbnailUrl":"https:\/\/institutchiaribcn.com\/wp-content\/uploads\/2025\/07\/Svetlana.jpg","datePublished":"2010-03-27T23:00:00+00:00","dateModified":"2026-01-20T09:36:25+00:00","description":"Data d\u00b4intervenci\u00f3: mar\u00e7 2010 Tinc 46 anys. L\u00b4any 2005 vaig comen\u00e7ar a tenir maldecaps i vert\u00edgens. Els dolors eren a la zona... \u00a0 Llegir m\u00e9s \u2192","breadcrumb":{"@id":"https:\/\/institutchiaribcn.com\/ca\/svetlana-fumina-sindrome-da-trazione-midollare-sindrome-darnold-chiari-i-scoliosi-dorso-lombare-idiopatica\/#breadcrumb"},"inLanguage":"ca","potentialAction":[{"@type":"ReadAction","target":["https:\/\/institutchiaribcn.com\/ca\/svetlana-fumina-sindrome-da-trazione-midollare-sindrome-darnold-chiari-i-scoliosi-dorso-lombare-idiopatica\/"]}]},{"@type":"ImageObject","inLanguage":"ca","@id":"https:\/\/institutchiaribcn.com\/ca\/svetlana-fumina-sindrome-da-trazione-midollare-sindrome-darnold-chiari-i-scoliosi-dorso-lombare-idiopatica\/#primaryimage","url":"https:\/\/institutchiaribcn.com\/wp-content\/uploads\/2025\/07\/Svetlana.jpg","contentUrl":"https:\/\/institutchiaribcn.com\/wp-content\/uploads\/2025\/07\/Svetlana.jpg","width":200,"height":200},{"@type":"BreadcrumbList","@id":"https:\/\/institutchiaribcn.com\/ca\/svetlana-fumina-sindrome-da-trazione-midollare-sindrome-darnold-chiari-i-scoliosi-dorso-lombare-idiopatica\/#breadcrumb","itemListElement":[{"@type":"ListItem","position":1,"name":"Portada","item":"https:\/\/institutchiaribcn.com\/ca\/"},{"@type":"ListItem","position":2,"name":"Testimonios","item":"https:\/\/institutchiaribcn.com\/ca\/testimonios\/"},{"@type":"ListItem","position":3,"name":"Svetlana Fumina. S\u00edndrome de tracci\u00f3 medul\u00b7lar. S\u00edndrome d\u2019Arnold Chiari I, Escoliosi dorsal i lumbar idiop\u00e0tiques"}]},{"@type":"WebSite","@id":"https:\/\/institutchiaribcn.com\/ca\/#website","url":"https:\/\/institutchiaribcn.com\/ca\/","name":"Institut Chiari de Barcelona","description":"","publisher":{"@id":"https:\/\/institutchiaribcn.com\/ca\/#organization"},"potentialAction":[{"@type":"SearchAction","target":{"@type":"EntryPoint","urlTemplate":"https:\/\/institutchiaribcn.com\/ca\/?s={search_term_string}"},"query-input":{"@type":"PropertyValueSpecification","valueRequired":true,"valueName":"search_term_string"}}],"inLanguage":"ca"},{"@type":"Organization","@id":"https:\/\/institutchiaribcn.com\/ca\/#organization","name":"Institut Chiari de Barcelona","url":"https:\/\/institutchiaribcn.com\/ca\/","logo":{"@type":"ImageObject","inLanguage":"ca","@id":"https:\/\/institutchiaribcn.com\/ca\/#\/schema\/logo\/image\/","url":"https:\/\/institutchiaribcn.com\/wp-content\/uploads\/2025\/10\/cropped-cropped-icsebNavLogo-1.png","contentUrl":"https:\/\/institutchiaribcn.com\/wp-content\/uploads\/2025\/10\/cropped-cropped-icsebNavLogo-1.png","width":245,"height":99,"caption":"Institut Chiari de Barcelona"},"image":{"@id":"https:\/\/institutchiaribcn.com\/ca\/#\/schema\/logo\/image\/"}}]}},"_links":{"self":[{"href":"https:\/\/institutchiaribcn.com\/ca\/wp-json\/wp\/v2\/testimonios\/49791","targetHints":{"allow":["GET"]}}],"collection":[{"href":"https:\/\/institutchiaribcn.com\/ca\/wp-json\/wp\/v2\/testimonios"}],"about":[{"href":"https:\/\/institutchiaribcn.com\/ca\/wp-json\/wp\/v2\/types\/testimonios"}],"wp:featuredmedia":[{"embeddable":true,"href":"https:\/\/institutchiaribcn.com\/ca\/wp-json\/wp\/v2\/media\/43894"}],"wp:attachment":[{"href":"https:\/\/institutchiaribcn.com\/ca\/wp-json\/wp\/v2\/media?parent=49791"}],"wp:term":[{"taxonomy":"tipos-de-testimonio","embeddable":true,"href":"https:\/\/institutchiaribcn.com\/ca\/wp-json\/wp\/v2\/tipos-de-testimonio?post=49791"}],"curies":[{"name":"wp","href":"https:\/\/api.w.org\/{rel}","templated":true}]}}