{"id":49762,"date":"2018-11-09T00:00:00","date_gmt":"2018-11-08T23:00:00","guid":{"rendered":"https:\/\/dev.institutchiaribcn.com\/testimonios\/patricia-tanis-sindrome-neuro-cranio-vertebral-malaltia-del-filum-sindrome-darnold-chiari-i-siringomielia-i-escoliosi-idiopatiques\/"},"modified":"2026-03-19T10:08:50","modified_gmt":"2026-03-19T09:08:50","slug":"patricia-arnold-chiari-siringomielia-escoliosi","status":"publish","type":"testimonios","link":"https:\/\/institutchiaribcn.com\/ca\/patricia-arnold-chiari-siringomielia-escoliosi\/","title":{"rendered":"Patricia Tanis. S\u00edndrome Neuro-Cranio-Vertebral, Malaltia del Filum. S\u00edndrome d\u2019Arnold Chiari I. Siringomi\u00e8lia i escoliosi idiop\u00e0tiques."},"content":{"rendered":"<p>&nbsp;<\/p>\n<p><a href=\"https:\/\/institutchiaribcn.com\/wp-content\/uploads\/2018\/11\/chiari-malformation-america.jpg\"><img decoding=\"async\" class=\"img-rounded img-responsive text-wrap\" src=\"https:\/\/institutchiaribcn.com\/wp-content\/uploads\/2018\/11\/chiari-malformation-america.jpg\" alt=\"S\u00edndrome d\u2019Arnold Chiari I tractament\" width=\"200\" height=\"200\" \/><\/a><strong>Data de la intervenci\u00f3: 13 de setembre del 2016<\/strong><\/p>\n<p><img decoding=\"async\" class=\"alignnone size-full wp-image-8059\" src=\"https:\/\/institutchiaribcn.com\/wp-content\/uploads\/2018\/08\/united-states-chiari-syringomyelia-treatment.gif\" alt=\"\" width=\"25\" height=\"17\" \/><\/p>\n<p style=\"text-align: justify;\">Han passat m\u00e9s de dos anys des de la meva intervenci\u00f3. Volia deixar passar un temps llarg abans de compartir la meva opini\u00f3. Aquesta \u00e9s la meva experi\u00e8ncia.<\/p>\n<p>Els s\u00edmptomes m\u2019havien afectat des de feia molt de temps. Amb el temps, seguien empitjorant progressivament i ja no podia m\u00e9s. Abans de la cirurgia, literalment, cada vegada que canviava de posici\u00f3 em provocava un mal de cap intens!. Simplement incorporar-me, fer uns estiraments o \u00fanicament donar-me la volta al llit em provocava dolor. A m\u00e9s, tenia problemes per deglutir, singlot, espasmes musculars al clatell i la part alta de l\u2019esquena, dolor als peus i marejos.<\/p>\n<p>Immediatament despr\u00e9s de la cirurgia, tots els meus s\u00edmptomes havien desaparegut. TOTS. Va ser molt emocionant!<\/p>\n<p>Durant els primers 30 dies, potser degut als esteroides postoperatoris, TOTS els s\u00edmptomes havien desaparegut.<\/p>\n<p>Vaig tenir alts i baixos els 2-6 mesos posteriors a la cirurgia. Ocasionalment tenia cefalees o marejos amb certes activitats o si feia activitat f\u00edsica en exc\u00e9s. La cicatriu tenia un punt que va necessitar m\u00e9s temps per curar-se. La cefalea i els marejos van ser els \u00fanics s\u00edmptomes que van tornar durant aquest temps. Crec que aix\u00f2 estava directament relacionat amb la inflamaci\u00f3 de la medul\u00b7la espinal, per la cirurgia o per l\u2019activitat f\u00edsica.<\/p>\n<p>Durant els mesos 6-12, tots els s\u00edmptomes havien desaparegut; amb l\u2019excepci\u00f3 d\u2019algun episodi de cefalea o mareig ocasional. Els tenia amb menys freq\u00fc\u00e8ncia i van ser menys dolorosos.<\/p>\n<p>1-2 anys despr\u00e9s de la cirurgia segueixo sense s\u00edmptomes; amb l\u2019excepci\u00f3 d\u2019algun mal de cap ocasional, i gaireb\u00e9 mai marejos. \u00danicament tinc mals de cap si m\u2019excedeixo amb l\u2019activitat f\u00edsica.<\/p>\n<p>Ara puc fer jardineria, anar al gimn\u00e0s i jugar amb els meus n\u00e9ts. Puc fer tantes coses ara. Alguns dies faig massa i m\u2019oblido que encara haig de tenir cura amb la meva malaltia. Diria que he millorat en un 95%. Ocasionalment tinc un mal de cap lleu (si em sobreesfor\u00e7o).<\/p>\n<p>Aquesta cirurgia va ser transformadora. Estic molt agra\u00efda al Dr. Salca i a tot l\u2019equip a Barcelona. Recomanaria d\u2019una manera vehement aquesta intervenci\u00f3 a qualsevol que tingui Chiari o Siringomi\u00e8lia. Estic molt contenta de poder portar una vida normal avui en dia.<\/p>\n<p>Gr\u00e0cies!<br \/>\nPatricia Tanis<br \/>\nFarmington, Utah, Estats Units d\u2019Am\u00e8rica<br \/>\nIntervenci\u00f3 13 de setembre del 2016<\/p>\n","protected":false},"featured_media":43585,"template":"","tipos-de-testimonio":[320],"class_list":["post-49762","testimonios","type-testimonios","status-publish","has-post-thumbnail","hentry","tipos-de-testimonio-testimonis-sindrome-darnold-chiair-i"],"yoast_head":"<!-- This site is optimized with the Yoast SEO plugin v27.4 - https:\/\/yoast.com\/product\/yoast-seo-wordpress\/ -->\n<title>Patricia Tanis: Chiari I, siringomi\u00e8lia i escoliosi | ICSEB<\/title>\n<meta name=\"description\" content=\"Data de la intervenci\u00f3: 13 de setembre del 2016 Han passat m\u00e9s de dos anys des de la meva intervenci\u00f3. Volia deixar passar un... \u00a0 Llegir m\u00e9s \u2192\" \/>\n<meta name=\"robots\" content=\"index, follow, max-snippet:-1, max-image-preview:large, max-video-preview:-1\" \/>\n<link rel=\"canonical\" href=\"https:\/\/institutchiaribcn.com\/ca\/patricia-arnold-chiari-siringomielia-escoliosi\/\" \/>\n<meta property=\"og:locale\" content=\"ca_ES\" \/>\n<meta property=\"og:type\" content=\"article\" \/>\n<meta property=\"og:title\" content=\"Patricia Tanis: Chiari I, siringomi\u00e8lia i escoliosi | ICSEB\" \/>\n<meta property=\"og:description\" content=\"Data de la intervenci\u00f3: 13 de setembre del 2016 Han passat m\u00e9s de dos anys des de la meva intervenci\u00f3. Volia deixar passar un... \u00a0 Llegir m\u00e9s \u2192\" \/>\n<meta property=\"og:url\" content=\"https:\/\/institutchiaribcn.com\/ca\/patricia-arnold-chiari-siringomielia-escoliosi\/\" \/>\n<meta property=\"og:site_name\" content=\"Institut Chiari Barcelona\" \/>\n<meta property=\"article:modified_time\" content=\"2026-03-19T09:08:50+00:00\" \/>\n<meta property=\"og:image\" content=\"https:\/\/institutchiaribcn.com\/wp-content\/uploads\/2025\/07\/chiari-malformation-america.jpg\" \/>\n\t<meta property=\"og:image:width\" content=\"200\" \/>\n\t<meta property=\"og:image:height\" content=\"200\" \/>\n\t<meta property=\"og:image:type\" content=\"image\/jpeg\" \/>\n<meta name=\"twitter:card\" content=\"summary_large_image\" \/>\n<meta name=\"twitter:label1\" content=\"Temps estimat de lectura\" \/>\n\t<meta name=\"twitter:data1\" content=\"3 minuts\" \/>\n<script type=\"application\/ld+json\" class=\"yoast-schema-graph\">{\"@context\":\"https:\\\/\\\/schema.org\",\"@graph\":[{\"@type\":\"WebPage\",\"@id\":\"https:\\\/\\\/institutchiaribcn.com\\\/ca\\\/patricia-arnold-chiari-siringomielia-escoliosi\\\/\",\"url\":\"https:\\\/\\\/institutchiaribcn.com\\\/ca\\\/patricia-arnold-chiari-siringomielia-escoliosi\\\/\",\"name\":\"Patricia Tanis: Chiari I, siringomi\u00e8lia i escoliosi | ICSEB\",\"isPartOf\":{\"@id\":\"https:\\\/\\\/institutchiaribcn.com\\\/ca\\\/#website\"},\"primaryImageOfPage\":{\"@id\":\"https:\\\/\\\/institutchiaribcn.com\\\/ca\\\/patricia-arnold-chiari-siringomielia-escoliosi\\\/#primaryimage\"},\"image\":{\"@id\":\"https:\\\/\\\/institutchiaribcn.com\\\/ca\\\/patricia-arnold-chiari-siringomielia-escoliosi\\\/#primaryimage\"},\"thumbnailUrl\":\"https:\\\/\\\/institutchiaribcn.com\\\/wp-content\\\/uploads\\\/2025\\\/07\\\/chiari-malformation-america.jpg\",\"datePublished\":\"2018-11-08T23:00:00+00:00\",\"dateModified\":\"2026-03-19T09:08:50+00:00\",\"description\":\"Data de la intervenci\u00f3: 13 de setembre del 2016 Han passat m\u00e9s de dos anys des de la meva intervenci\u00f3. Volia deixar passar un... \u00a0 Llegir m\u00e9s \u2192\",\"breadcrumb\":{\"@id\":\"https:\\\/\\\/institutchiaribcn.com\\\/ca\\\/patricia-arnold-chiari-siringomielia-escoliosi\\\/#breadcrumb\"},\"inLanguage\":\"ca\",\"potentialAction\":[{\"@type\":\"ReadAction\",\"target\":[\"https:\\\/\\\/institutchiaribcn.com\\\/ca\\\/patricia-arnold-chiari-siringomielia-escoliosi\\\/\"]}]},{\"@type\":\"ImageObject\",\"inLanguage\":\"ca\",\"@id\":\"https:\\\/\\\/institutchiaribcn.com\\\/ca\\\/patricia-arnold-chiari-siringomielia-escoliosi\\\/#primaryimage\",\"url\":\"https:\\\/\\\/institutchiaribcn.com\\\/wp-content\\\/uploads\\\/2025\\\/07\\\/chiari-malformation-america.jpg\",\"contentUrl\":\"https:\\\/\\\/institutchiaribcn.com\\\/wp-content\\\/uploads\\\/2025\\\/07\\\/chiari-malformation-america.jpg\",\"width\":200,\"height\":200},{\"@type\":\"BreadcrumbList\",\"@id\":\"https:\\\/\\\/institutchiaribcn.com\\\/ca\\\/patricia-arnold-chiari-siringomielia-escoliosi\\\/#breadcrumb\",\"itemListElement\":[{\"@type\":\"ListItem\",\"position\":1,\"name\":\"Portada\",\"item\":\"https:\\\/\\\/institutchiaribcn.com\\\/ca\\\/\"},{\"@type\":\"ListItem\",\"position\":2,\"name\":\"Testimonios\",\"item\":\"https:\\\/\\\/institutchiaribcn.com\\\/ca\\\/testimonios\\\/\"},{\"@type\":\"ListItem\",\"position\":3,\"name\":\"Patricia Tanis. S\u00edndrome Neuro-Cranio-Vertebral, Malaltia del Filum. S\u00edndrome d\u2019Arnold Chiari I. Siringomi\u00e8lia i escoliosi idiop\u00e0tiques.\"}]},{\"@type\":\"WebSite\",\"@id\":\"https:\\\/\\\/institutchiaribcn.com\\\/ca\\\/#website\",\"url\":\"https:\\\/\\\/institutchiaribcn.com\\\/ca\\\/\",\"name\":\"Institut Chiari de Barcelona\",\"description\":\"\",\"publisher\":{\"@id\":\"https:\\\/\\\/institutchiaribcn.com\\\/ca\\\/#organization\"},\"potentialAction\":[{\"@type\":\"SearchAction\",\"target\":{\"@type\":\"EntryPoint\",\"urlTemplate\":\"https:\\\/\\\/institutchiaribcn.com\\\/ca\\\/?s={search_term_string}\"},\"query-input\":{\"@type\":\"PropertyValueSpecification\",\"valueRequired\":true,\"valueName\":\"search_term_string\"}}],\"inLanguage\":\"ca\"},{\"@type\":\"Organization\",\"@id\":\"https:\\\/\\\/institutchiaribcn.com\\\/ca\\\/#organization\",\"name\":\"Institut Chiari de Barcelona\",\"url\":\"https:\\\/\\\/institutchiaribcn.com\\\/ca\\\/\",\"logo\":{\"@type\":\"ImageObject\",\"inLanguage\":\"ca\",\"@id\":\"https:\\\/\\\/institutchiaribcn.com\\\/ca\\\/#\\\/schema\\\/logo\\\/image\\\/\",\"url\":\"https:\\\/\\\/institutchiaribcn.com\\\/wp-content\\\/uploads\\\/2025\\\/10\\\/cropped-cropped-icsebNavLogo-1.png\",\"contentUrl\":\"https:\\\/\\\/institutchiaribcn.com\\\/wp-content\\\/uploads\\\/2025\\\/10\\\/cropped-cropped-icsebNavLogo-1.png\",\"width\":245,\"height\":99,\"caption\":\"Institut Chiari de Barcelona\"},\"image\":{\"@id\":\"https:\\\/\\\/institutchiaribcn.com\\\/ca\\\/#\\\/schema\\\/logo\\\/image\\\/\"}}]}<\/script>\n<!-- \/ Yoast SEO plugin. -->","yoast_head_json":{"title":"Patricia Tanis: Chiari I, siringomi\u00e8lia i escoliosi | ICSEB","description":"Data de la intervenci\u00f3: 13 de setembre del 2016 Han passat m\u00e9s de dos anys des de la meva intervenci\u00f3. Volia deixar passar un... \u00a0 Llegir m\u00e9s \u2192","robots":{"index":"index","follow":"follow","max-snippet":"max-snippet:-1","max-image-preview":"max-image-preview:large","max-video-preview":"max-video-preview:-1"},"canonical":"https:\/\/institutchiaribcn.com\/ca\/patricia-arnold-chiari-siringomielia-escoliosi\/","og_locale":"ca_ES","og_type":"article","og_title":"Patricia Tanis: Chiari I, siringomi\u00e8lia i escoliosi | ICSEB","og_description":"Data de la intervenci\u00f3: 13 de setembre del 2016 Han passat m\u00e9s de dos anys des de la meva intervenci\u00f3. Volia deixar passar un... \u00a0 Llegir m\u00e9s \u2192","og_url":"https:\/\/institutchiaribcn.com\/ca\/patricia-arnold-chiari-siringomielia-escoliosi\/","og_site_name":"Institut Chiari Barcelona","article_modified_time":"2026-03-19T09:08:50+00:00","og_image":[{"width":200,"height":200,"url":"https:\/\/institutchiaribcn.com\/wp-content\/uploads\/2025\/07\/chiari-malformation-america.jpg","type":"image\/jpeg"}],"twitter_card":"summary_large_image","twitter_misc":{"Temps estimat de lectura":"3 minuts"},"schema":{"@context":"https:\/\/schema.org","@graph":[{"@type":"WebPage","@id":"https:\/\/institutchiaribcn.com\/ca\/patricia-arnold-chiari-siringomielia-escoliosi\/","url":"https:\/\/institutchiaribcn.com\/ca\/patricia-arnold-chiari-siringomielia-escoliosi\/","name":"Patricia Tanis: Chiari I, siringomi\u00e8lia i escoliosi | ICSEB","isPartOf":{"@id":"https:\/\/institutchiaribcn.com\/ca\/#website"},"primaryImageOfPage":{"@id":"https:\/\/institutchiaribcn.com\/ca\/patricia-arnold-chiari-siringomielia-escoliosi\/#primaryimage"},"image":{"@id":"https:\/\/institutchiaribcn.com\/ca\/patricia-arnold-chiari-siringomielia-escoliosi\/#primaryimage"},"thumbnailUrl":"https:\/\/institutchiaribcn.com\/wp-content\/uploads\/2025\/07\/chiari-malformation-america.jpg","datePublished":"2018-11-08T23:00:00+00:00","dateModified":"2026-03-19T09:08:50+00:00","description":"Data de la intervenci\u00f3: 13 de setembre del 2016 Han passat m\u00e9s de dos anys des de la meva intervenci\u00f3. Volia deixar passar un... \u00a0 Llegir m\u00e9s \u2192","breadcrumb":{"@id":"https:\/\/institutchiaribcn.com\/ca\/patricia-arnold-chiari-siringomielia-escoliosi\/#breadcrumb"},"inLanguage":"ca","potentialAction":[{"@type":"ReadAction","target":["https:\/\/institutchiaribcn.com\/ca\/patricia-arnold-chiari-siringomielia-escoliosi\/"]}]},{"@type":"ImageObject","inLanguage":"ca","@id":"https:\/\/institutchiaribcn.com\/ca\/patricia-arnold-chiari-siringomielia-escoliosi\/#primaryimage","url":"https:\/\/institutchiaribcn.com\/wp-content\/uploads\/2025\/07\/chiari-malformation-america.jpg","contentUrl":"https:\/\/institutchiaribcn.com\/wp-content\/uploads\/2025\/07\/chiari-malformation-america.jpg","width":200,"height":200},{"@type":"BreadcrumbList","@id":"https:\/\/institutchiaribcn.com\/ca\/patricia-arnold-chiari-siringomielia-escoliosi\/#breadcrumb","itemListElement":[{"@type":"ListItem","position":1,"name":"Portada","item":"https:\/\/institutchiaribcn.com\/ca\/"},{"@type":"ListItem","position":2,"name":"Testimonios","item":"https:\/\/institutchiaribcn.com\/ca\/testimonios\/"},{"@type":"ListItem","position":3,"name":"Patricia Tanis. S\u00edndrome Neuro-Cranio-Vertebral, Malaltia del Filum. S\u00edndrome d\u2019Arnold Chiari I. Siringomi\u00e8lia i escoliosi idiop\u00e0tiques."}]},{"@type":"WebSite","@id":"https:\/\/institutchiaribcn.com\/ca\/#website","url":"https:\/\/institutchiaribcn.com\/ca\/","name":"Institut Chiari de Barcelona","description":"","publisher":{"@id":"https:\/\/institutchiaribcn.com\/ca\/#organization"},"potentialAction":[{"@type":"SearchAction","target":{"@type":"EntryPoint","urlTemplate":"https:\/\/institutchiaribcn.com\/ca\/?s={search_term_string}"},"query-input":{"@type":"PropertyValueSpecification","valueRequired":true,"valueName":"search_term_string"}}],"inLanguage":"ca"},{"@type":"Organization","@id":"https:\/\/institutchiaribcn.com\/ca\/#organization","name":"Institut Chiari de Barcelona","url":"https:\/\/institutchiaribcn.com\/ca\/","logo":{"@type":"ImageObject","inLanguage":"ca","@id":"https:\/\/institutchiaribcn.com\/ca\/#\/schema\/logo\/image\/","url":"https:\/\/institutchiaribcn.com\/wp-content\/uploads\/2025\/10\/cropped-cropped-icsebNavLogo-1.png","contentUrl":"https:\/\/institutchiaribcn.com\/wp-content\/uploads\/2025\/10\/cropped-cropped-icsebNavLogo-1.png","width":245,"height":99,"caption":"Institut Chiari de Barcelona"},"image":{"@id":"https:\/\/institutchiaribcn.com\/ca\/#\/schema\/logo\/image\/"}}]}},"_links":{"self":[{"href":"https:\/\/institutchiaribcn.com\/ca\/wp-json\/wp\/v2\/testimonios\/49762","targetHints":{"allow":["GET"]}}],"collection":[{"href":"https:\/\/institutchiaribcn.com\/ca\/wp-json\/wp\/v2\/testimonios"}],"about":[{"href":"https:\/\/institutchiaribcn.com\/ca\/wp-json\/wp\/v2\/types\/testimonios"}],"wp:featuredmedia":[{"embeddable":true,"href":"https:\/\/institutchiaribcn.com\/ca\/wp-json\/wp\/v2\/media\/43585"}],"wp:attachment":[{"href":"https:\/\/institutchiaribcn.com\/ca\/wp-json\/wp\/v2\/media?parent=49762"}],"wp:term":[{"taxonomy":"tipos-de-testimonio","embeddable":true,"href":"https:\/\/institutchiaribcn.com\/ca\/wp-json\/wp\/v2\/tipos-de-testimonio?post=49762"}],"curies":[{"name":"wp","href":"https:\/\/api.w.org\/{rel}","templated":true}]}}