{"id":77094,"date":"2017-02-10T00:00:00","date_gmt":"2017-02-09T23:00:00","guid":{"rendered":"https:\/\/dev.institutchiaribcn.com\/comunicacion\/linstitut-chiari-ja-compta-amb-una-nova-corresponsal-pels-pacients-de-parla-polonesa\/"},"modified":"2026-03-19T12:14:29","modified_gmt":"2026-03-19T11:14:29","slug":"linstitut-chiari-ja-compta-nova-corresponsal-pels-pacients-parla-polonesa","status":"publish","type":"comunicacion","link":"https:\/\/institutchiaribcn.com\/ca\/linstitut-chiari-ja-compta-nova-corresponsal-pels-pacients-parla-polonesa\/","title":{"rendered":"L\u2019Institut Chiari ja compta amb una nova corresponsal pels pacients de parla polonesa."},"content":{"rendered":"<p class=\"text-muted aniview centerTXT\">Publicat per\u00a0<a title=\"Entrades de ICSEB\" href=\"https:\/\/institutchiaribcn.com\/ca\/author\/anoop\/\" rel=\"author\">ICSEB<\/a>\u00a0el 10 febrer, 2017<\/p>\n<p>&nbsp;<\/p>\n<p><a href=\"https:\/\/institutchiaribcn.com\/wp-content\/uploads\/2017\/02\/Chiari-Polski-ICSEB-Nina.jpg\"><img decoding=\"async\" class=\"img-rounded img-responsive text-wrap alignright\" src=\"https:\/\/institutchiaribcn.com\/wp-content\/uploads\/2017\/02\/Chiari-Polski-ICSEB-Nina.jpg\" alt=\"\" width=\"400\" height=\"auto\" \/><\/a><\/p>\n<p>Des del juliol del 2016, els pacients de parla polonesa compten amb una nova corresponsal, la Srta. Nina Piorkowska. Ella \u00e9s la persona que els at\u00e9n des de la seva primera consulta, qui est\u00e0 amb ells durant la primera visita i el tractament quir\u00fargic i despr\u00e9s continuar\u00e0 tot el seguiment post-operatori; fent de pont entre els pacients i els metges especialistes de l\u2019Institut Chiari de Barcelona.<\/p>\n<p>La Nina, origin\u00e0ria de Pol\u00f2nia, \u00e9s llicenciada en Filologia hisp\u00e0nica. Al 2010 va venir a Espanya per a estudiar durant un semestre a la Facultat de Filosofia i lletres de C\u00e0ceres, quedant des d\u2019aquell mateix moment enamorada del nostre pa\u00eds, de la seva cultura i dels seus paisatges; com ella mateixa ens explica. Al 2014 va decidir traslladar-se de nou a Espanya, vivint un any i mig a C\u00e0ceres, per despr\u00e9s acabar-se mudant a Barcelona, on actualment resideix.<\/p>\n<p>La seva formaci\u00f3 li permet respondre amb agilitat a les necessitats d\u2019una feina que requereix, entre d\u2019altres coses, el domini de diferents idiomes i la capacitat de moure\u2019s entre cultures molt diferents, a part de dedicar-se a fer les traduccions de la documentaci\u00f3 m\u00e8dica.<\/p>\n<p>A la Nina li encanta poder ajudar als pacients i tenir l\u2019oportunitat d\u2019aprendre alguna cosa nova cada dia. Es considera una persona emp\u00e0tica, somrient, optimista i propera.; sempre disposada a donar un cop de m\u00e0 en tot all\u00f2 que pugui. Durant el seu temps lliure li agrada gaudir: d\u2019un bon llibre, de la fotografia, del cinema, de llargs caminades i de viatjar descobrint nous llocs; somiant en tenir algun dia un gos, un pastor alemany.<\/p>\n<p>Molt ben integrada en la seva terra d\u2019adopci\u00f3, sense oblidar les seves arrels, la Nina sap mitjan\u00e7ar entre la discreci\u00f3 pr\u00f2pia dels seus compatriotes que, ens comenta, no acostumen per exemple a saludar-se amb un peto excepte amb persones properes, i el car\u00e0cter extravertit t\u00edpicament mediterrani.<\/p>\n<p>Li desitgem a la Nina una traject\u00f2ria de creixement i d\u2019aprenentatge al costat dels pacients polonesos, afavorint el coneixement i la possible aplicaci\u00f3 del tractament ofert per l\u2019Institut Chiari de Barcelona.<\/p>\n","protected":false},"featured_media":77095,"template":"","tipos-de-comunicacion":[509],"class_list":["post-77094","comunicacion","type-comunicacion","status-publish","has-post-thumbnail","hentry","tipos-de-comunicacion-noticies"],"yoast_head":"<!-- This site is optimized with the Yoast SEO plugin v27.4 - https:\/\/yoast.com\/product\/yoast-seo-wordpress\/ -->\n<title>Nou corresponsal polon\u00e8s per als pacients | ICSEB<\/title>\n<meta name=\"description\" content=\"Des del juliol del 2016, els pacients de parla polonesa compten amb una nova corresponsal, la Srta. Nina Piorkowska. Ella \u00e9s... \u00a0 Llegir m\u00e9s \u2192\" \/>\n<meta name=\"robots\" content=\"index, follow, max-snippet:-1, max-image-preview:large, max-video-preview:-1\" \/>\n<link rel=\"canonical\" href=\"https:\/\/institutchiaribcn.com\/ca\/linstitut-chiari-ja-compta-nova-corresponsal-pels-pacients-parla-polonesa\/\" \/>\n<meta property=\"og:locale\" content=\"ca_ES\" \/>\n<meta property=\"og:type\" content=\"article\" \/>\n<meta property=\"og:title\" content=\"Nou corresponsal polon\u00e8s per als pacients | ICSEB\" \/>\n<meta property=\"og:description\" content=\"Des del juliol del 2016, els pacients de parla polonesa compten amb una nova corresponsal, la Srta. Nina Piorkowska. Ella \u00e9s... \u00a0 Llegir m\u00e9s \u2192\" \/>\n<meta property=\"og:url\" content=\"https:\/\/institutchiaribcn.com\/ca\/linstitut-chiari-ja-compta-nova-corresponsal-pels-pacients-parla-polonesa\/\" \/>\n<meta property=\"og:site_name\" content=\"Institut Chiari Barcelona\" \/>\n<meta property=\"article:modified_time\" content=\"2026-03-19T11:14:29+00:00\" \/>\n<meta property=\"og:image\" content=\"https:\/\/institutchiaribcn.com\/wp-content\/uploads\/2025\/10\/Nina-Chiari-ICSEB-Polska.jpg\" \/>\n\t<meta property=\"og:image:width\" content=\"200\" \/>\n\t<meta property=\"og:image:height\" content=\"200\" \/>\n\t<meta property=\"og:image:type\" content=\"image\/jpeg\" \/>\n<meta name=\"twitter:card\" content=\"summary_large_image\" \/>\n<meta name=\"twitter:label1\" content=\"Temps estimat de lectura\" \/>\n\t<meta name=\"twitter:data1\" content=\"2 minuts\" \/>\n<script type=\"application\/ld+json\" class=\"yoast-schema-graph\">{\"@context\":\"https:\\\/\\\/schema.org\",\"@graph\":[{\"@type\":\"WebPage\",\"@id\":\"https:\\\/\\\/institutchiaribcn.com\\\/ca\\\/linstitut-chiari-ja-compta-nova-corresponsal-pels-pacients-parla-polonesa\\\/\",\"url\":\"https:\\\/\\\/institutchiaribcn.com\\\/ca\\\/linstitut-chiari-ja-compta-nova-corresponsal-pels-pacients-parla-polonesa\\\/\",\"name\":\"Nou corresponsal polon\u00e8s per als pacients | ICSEB\",\"isPartOf\":{\"@id\":\"https:\\\/\\\/institutchiaribcn.com\\\/ca\\\/#website\"},\"primaryImageOfPage\":{\"@id\":\"https:\\\/\\\/institutchiaribcn.com\\\/ca\\\/linstitut-chiari-ja-compta-nova-corresponsal-pels-pacients-parla-polonesa\\\/#primaryimage\"},\"image\":{\"@id\":\"https:\\\/\\\/institutchiaribcn.com\\\/ca\\\/linstitut-chiari-ja-compta-nova-corresponsal-pels-pacients-parla-polonesa\\\/#primaryimage\"},\"thumbnailUrl\":\"https:\\\/\\\/institutchiaribcn.com\\\/wp-content\\\/uploads\\\/2025\\\/10\\\/Nina-Chiari-ICSEB-Polska.jpg\",\"datePublished\":\"2017-02-09T23:00:00+00:00\",\"dateModified\":\"2026-03-19T11:14:29+00:00\",\"description\":\"Des del juliol del 2016, els pacients de parla polonesa compten amb una nova corresponsal, la Srta. Nina Piorkowska. Ella \u00e9s... \u00a0 Llegir m\u00e9s \u2192\",\"breadcrumb\":{\"@id\":\"https:\\\/\\\/institutchiaribcn.com\\\/ca\\\/linstitut-chiari-ja-compta-nova-corresponsal-pels-pacients-parla-polonesa\\\/#breadcrumb\"},\"inLanguage\":\"ca\",\"potentialAction\":[{\"@type\":\"ReadAction\",\"target\":[\"https:\\\/\\\/institutchiaribcn.com\\\/ca\\\/linstitut-chiari-ja-compta-nova-corresponsal-pels-pacients-parla-polonesa\\\/\"]}]},{\"@type\":\"ImageObject\",\"inLanguage\":\"ca\",\"@id\":\"https:\\\/\\\/institutchiaribcn.com\\\/ca\\\/linstitut-chiari-ja-compta-nova-corresponsal-pels-pacients-parla-polonesa\\\/#primaryimage\",\"url\":\"https:\\\/\\\/institutchiaribcn.com\\\/wp-content\\\/uploads\\\/2025\\\/10\\\/Nina-Chiari-ICSEB-Polska.jpg\",\"contentUrl\":\"https:\\\/\\\/institutchiaribcn.com\\\/wp-content\\\/uploads\\\/2025\\\/10\\\/Nina-Chiari-ICSEB-Polska.jpg\",\"width\":200,\"height\":200},{\"@type\":\"BreadcrumbList\",\"@id\":\"https:\\\/\\\/institutchiaribcn.com\\\/ca\\\/linstitut-chiari-ja-compta-nova-corresponsal-pels-pacients-parla-polonesa\\\/#breadcrumb\",\"itemListElement\":[{\"@type\":\"ListItem\",\"position\":1,\"name\":\"Portada\",\"item\":\"https:\\\/\\\/institutchiaribcn.com\\\/ca\\\/\"},{\"@type\":\"ListItem\",\"position\":2,\"name\":\"Comunicaci\u00f3n\",\"item\":\"https:\\\/\\\/institutchiaribcn.com\\\/ca\\\/comunicacion\\\/\"},{\"@type\":\"ListItem\",\"position\":3,\"name\":\"L\u2019Institut Chiari ja compta amb una nova corresponsal pels pacients de parla polonesa.\"}]},{\"@type\":\"WebSite\",\"@id\":\"https:\\\/\\\/institutchiaribcn.com\\\/ca\\\/#website\",\"url\":\"https:\\\/\\\/institutchiaribcn.com\\\/ca\\\/\",\"name\":\"Institut Chiari de Barcelona\",\"description\":\"\",\"publisher\":{\"@id\":\"https:\\\/\\\/institutchiaribcn.com\\\/ca\\\/#organization\"},\"potentialAction\":[{\"@type\":\"SearchAction\",\"target\":{\"@type\":\"EntryPoint\",\"urlTemplate\":\"https:\\\/\\\/institutchiaribcn.com\\\/ca\\\/?s={search_term_string}\"},\"query-input\":{\"@type\":\"PropertyValueSpecification\",\"valueRequired\":true,\"valueName\":\"search_term_string\"}}],\"inLanguage\":\"ca\"},{\"@type\":\"Organization\",\"@id\":\"https:\\\/\\\/institutchiaribcn.com\\\/ca\\\/#organization\",\"name\":\"Institut Chiari de Barcelona\",\"url\":\"https:\\\/\\\/institutchiaribcn.com\\\/ca\\\/\",\"logo\":{\"@type\":\"ImageObject\",\"inLanguage\":\"ca\",\"@id\":\"https:\\\/\\\/institutchiaribcn.com\\\/ca\\\/#\\\/schema\\\/logo\\\/image\\\/\",\"url\":\"https:\\\/\\\/institutchiaribcn.com\\\/wp-content\\\/uploads\\\/2025\\\/10\\\/cropped-cropped-icsebNavLogo-1.png\",\"contentUrl\":\"https:\\\/\\\/institutchiaribcn.com\\\/wp-content\\\/uploads\\\/2025\\\/10\\\/cropped-cropped-icsebNavLogo-1.png\",\"width\":245,\"height\":99,\"caption\":\"Institut Chiari de Barcelona\"},\"image\":{\"@id\":\"https:\\\/\\\/institutchiaribcn.com\\\/ca\\\/#\\\/schema\\\/logo\\\/image\\\/\"}}]}<\/script>\n<!-- \/ Yoast SEO plugin. -->","yoast_head_json":{"title":"Nou corresponsal polon\u00e8s per als pacients | ICSEB","description":"Des del juliol del 2016, els pacients de parla polonesa compten amb una nova corresponsal, la Srta. Nina Piorkowska. Ella \u00e9s... \u00a0 Llegir m\u00e9s \u2192","robots":{"index":"index","follow":"follow","max-snippet":"max-snippet:-1","max-image-preview":"max-image-preview:large","max-video-preview":"max-video-preview:-1"},"canonical":"https:\/\/institutchiaribcn.com\/ca\/linstitut-chiari-ja-compta-nova-corresponsal-pels-pacients-parla-polonesa\/","og_locale":"ca_ES","og_type":"article","og_title":"Nou corresponsal polon\u00e8s per als pacients | ICSEB","og_description":"Des del juliol del 2016, els pacients de parla polonesa compten amb una nova corresponsal, la Srta. Nina Piorkowska. Ella \u00e9s... \u00a0 Llegir m\u00e9s \u2192","og_url":"https:\/\/institutchiaribcn.com\/ca\/linstitut-chiari-ja-compta-nova-corresponsal-pels-pacients-parla-polonesa\/","og_site_name":"Institut Chiari Barcelona","article_modified_time":"2026-03-19T11:14:29+00:00","og_image":[{"width":200,"height":200,"url":"https:\/\/institutchiaribcn.com\/wp-content\/uploads\/2025\/10\/Nina-Chiari-ICSEB-Polska.jpg","type":"image\/jpeg"}],"twitter_card":"summary_large_image","twitter_misc":{"Temps estimat de lectura":"2 minuts"},"schema":{"@context":"https:\/\/schema.org","@graph":[{"@type":"WebPage","@id":"https:\/\/institutchiaribcn.com\/ca\/linstitut-chiari-ja-compta-nova-corresponsal-pels-pacients-parla-polonesa\/","url":"https:\/\/institutchiaribcn.com\/ca\/linstitut-chiari-ja-compta-nova-corresponsal-pels-pacients-parla-polonesa\/","name":"Nou corresponsal polon\u00e8s per als pacients | ICSEB","isPartOf":{"@id":"https:\/\/institutchiaribcn.com\/ca\/#website"},"primaryImageOfPage":{"@id":"https:\/\/institutchiaribcn.com\/ca\/linstitut-chiari-ja-compta-nova-corresponsal-pels-pacients-parla-polonesa\/#primaryimage"},"image":{"@id":"https:\/\/institutchiaribcn.com\/ca\/linstitut-chiari-ja-compta-nova-corresponsal-pels-pacients-parla-polonesa\/#primaryimage"},"thumbnailUrl":"https:\/\/institutchiaribcn.com\/wp-content\/uploads\/2025\/10\/Nina-Chiari-ICSEB-Polska.jpg","datePublished":"2017-02-09T23:00:00+00:00","dateModified":"2026-03-19T11:14:29+00:00","description":"Des del juliol del 2016, els pacients de parla polonesa compten amb una nova corresponsal, la Srta. Nina Piorkowska. Ella \u00e9s... \u00a0 Llegir m\u00e9s \u2192","breadcrumb":{"@id":"https:\/\/institutchiaribcn.com\/ca\/linstitut-chiari-ja-compta-nova-corresponsal-pels-pacients-parla-polonesa\/#breadcrumb"},"inLanguage":"ca","potentialAction":[{"@type":"ReadAction","target":["https:\/\/institutchiaribcn.com\/ca\/linstitut-chiari-ja-compta-nova-corresponsal-pels-pacients-parla-polonesa\/"]}]},{"@type":"ImageObject","inLanguage":"ca","@id":"https:\/\/institutchiaribcn.com\/ca\/linstitut-chiari-ja-compta-nova-corresponsal-pels-pacients-parla-polonesa\/#primaryimage","url":"https:\/\/institutchiaribcn.com\/wp-content\/uploads\/2025\/10\/Nina-Chiari-ICSEB-Polska.jpg","contentUrl":"https:\/\/institutchiaribcn.com\/wp-content\/uploads\/2025\/10\/Nina-Chiari-ICSEB-Polska.jpg","width":200,"height":200},{"@type":"BreadcrumbList","@id":"https:\/\/institutchiaribcn.com\/ca\/linstitut-chiari-ja-compta-nova-corresponsal-pels-pacients-parla-polonesa\/#breadcrumb","itemListElement":[{"@type":"ListItem","position":1,"name":"Portada","item":"https:\/\/institutchiaribcn.com\/ca\/"},{"@type":"ListItem","position":2,"name":"Comunicaci\u00f3n","item":"https:\/\/institutchiaribcn.com\/ca\/comunicacion\/"},{"@type":"ListItem","position":3,"name":"L\u2019Institut Chiari ja compta amb una nova corresponsal pels pacients de parla polonesa."}]},{"@type":"WebSite","@id":"https:\/\/institutchiaribcn.com\/ca\/#website","url":"https:\/\/institutchiaribcn.com\/ca\/","name":"Institut Chiari de Barcelona","description":"","publisher":{"@id":"https:\/\/institutchiaribcn.com\/ca\/#organization"},"potentialAction":[{"@type":"SearchAction","target":{"@type":"EntryPoint","urlTemplate":"https:\/\/institutchiaribcn.com\/ca\/?s={search_term_string}"},"query-input":{"@type":"PropertyValueSpecification","valueRequired":true,"valueName":"search_term_string"}}],"inLanguage":"ca"},{"@type":"Organization","@id":"https:\/\/institutchiaribcn.com\/ca\/#organization","name":"Institut Chiari de Barcelona","url":"https:\/\/institutchiaribcn.com\/ca\/","logo":{"@type":"ImageObject","inLanguage":"ca","@id":"https:\/\/institutchiaribcn.com\/ca\/#\/schema\/logo\/image\/","url":"https:\/\/institutchiaribcn.com\/wp-content\/uploads\/2025\/10\/cropped-cropped-icsebNavLogo-1.png","contentUrl":"https:\/\/institutchiaribcn.com\/wp-content\/uploads\/2025\/10\/cropped-cropped-icsebNavLogo-1.png","width":245,"height":99,"caption":"Institut Chiari de Barcelona"},"image":{"@id":"https:\/\/institutchiaribcn.com\/ca\/#\/schema\/logo\/image\/"}}]}},"_links":{"self":[{"href":"https:\/\/institutchiaribcn.com\/ca\/wp-json\/wp\/v2\/comunicacion\/77094","targetHints":{"allow":["GET"]}}],"collection":[{"href":"https:\/\/institutchiaribcn.com\/ca\/wp-json\/wp\/v2\/comunicacion"}],"about":[{"href":"https:\/\/institutchiaribcn.com\/ca\/wp-json\/wp\/v2\/types\/comunicacion"}],"wp:featuredmedia":[{"embeddable":true,"href":"https:\/\/institutchiaribcn.com\/ca\/wp-json\/wp\/v2\/media\/77095"}],"wp:attachment":[{"href":"https:\/\/institutchiaribcn.com\/ca\/wp-json\/wp\/v2\/media?parent=77094"}],"wp:term":[{"taxonomy":"tipos-de-comunicacion","embeddable":true,"href":"https:\/\/institutchiaribcn.com\/ca\/wp-json\/wp\/v2\/tipos-de-comunicacion?post=77094"}],"curies":[{"name":"wp","href":"https:\/\/api.w.org\/{rel}","templated":true}]}}