{"id":76809,"date":"2018-02-28T00:00:00","date_gmt":"2018-02-27T23:00:00","guid":{"rendered":"https:\/\/dev.institutchiaribcn.com\/comunicacion\/dia-mundial-de-les-malalties-minoritaries-la-sindrome-darnold-chiari-explicada-en-10-punts-claus\/"},"modified":"2026-03-20T10:02:45","modified_gmt":"2026-03-20T09:02:45","slug":"dia-mundial-malalties-minoritaries-sindrome-darnold-chiari-explicada-10-punts-claus","status":"publish","type":"comunicacion","link":"https:\/\/institutchiaribcn.com\/ca\/dia-mundial-malalties-minoritaries-sindrome-darnold-chiari-explicada-10-punts-claus\/","title":{"rendered":"Dia Mundial de les Malalties Minorit\u00e0ries  \u00a0La S\u00edndrome d\u2019Arnold Chiari explicada en 10 punts claus"},"content":{"rendered":"<p class=\"text-muted aniview centerTXT\">Publicat per\u00a0<a title=\"Entrades de ICSEB\" href=\"https:\/\/institutchiaribcn.com\/ca\/author\/anoop\/\" rel=\"author\">ICSEB<\/a>\u00a0el 28 febrer, 2018<\/p>\n<p>&nbsp;<\/p>\n<p>En el Dia Mundial de les Malalties Minorit\u00e0ries ens volem sumar a la lluita compartint la nostra missi\u00f3 de difondre els resultats de les nostres investigacions en relaci\u00f3 a la causa i al nou tractament per les malalties fins a dia d\u2019avui considerades minorit\u00e0ries o de causa desconeguda. Entre elles, la S\u00edndrome d\u2019Arnold Chiari I que \u00e9s molt m\u00e9s freq\u00fcent del que es creu. En deu punts clau resumirem uns conceptes essencials, relacionats amb aquesta patologia:<\/p>\n<div align=\"center\"><a href=\"https:\/\/institutchiaribcn.com\/wp-content\/uploads\/2018\/02\/dia-mundial-de-les-malalties-minoritaries-arnold-chiari.png\"><img decoding=\"async\" class=\"img-rounded img-responsive\" src=\"https:\/\/institutchiaribcn.com\/wp-content\/uploads\/2018\/02\/dia-mundial-de-les-malalties-minoritaries-arnold-chiari.png\" alt=\"\" \/><\/a><\/div>\n","protected":false},"featured_media":76810,"template":"","tipos-de-comunicacion":[509],"class_list":["post-76809","comunicacion","type-comunicacion","status-publish","has-post-thumbnail","hentry","tipos-de-comunicacion-noticies"],"yoast_head":"<!-- This site is optimized with the Yoast SEO plugin v27.4 - https:\/\/yoast.com\/product\/yoast-seo-wordpress\/ -->\n<title>Dia Malalties Minorit\u00e0ries: Chiari en 10 punts | ICSEB<\/title>\n<meta name=\"description\" content=\"En el Dia Mundial de les Malalties Minorit\u00e0ries ens volem sumar a la lluita compartint la nostra missi\u00f3 de difondre els... \u00a0 Llegir m\u00e9s \u2192\" \/>\n<meta name=\"robots\" content=\"index, follow, max-snippet:-1, max-image-preview:large, max-video-preview:-1\" \/>\n<link rel=\"canonical\" href=\"https:\/\/institutchiaribcn.com\/ca\/dia-mundial-malalties-minoritaries-sindrome-darnold-chiari-explicada-10-punts-claus\/\" \/>\n<meta property=\"og:locale\" content=\"ca_ES\" \/>\n<meta property=\"og:type\" content=\"article\" \/>\n<meta property=\"og:title\" content=\"Dia Malalties Minorit\u00e0ries: Chiari en 10 punts | ICSEB\" \/>\n<meta property=\"og:description\" content=\"En el Dia Mundial de les Malalties Minorit\u00e0ries ens volem sumar a la lluita compartint la nostra missi\u00f3 de difondre els... \u00a0 Llegir m\u00e9s \u2192\" \/>\n<meta property=\"og:url\" content=\"https:\/\/institutchiaribcn.com\/ca\/dia-mundial-malalties-minoritaries-sindrome-darnold-chiari-explicada-10-punts-claus\/\" \/>\n<meta property=\"og:site_name\" content=\"Institut Chiari Barcelona\" \/>\n<meta property=\"article:modified_time\" content=\"2026-03-20T09:02:45+00:00\" \/>\n<meta property=\"og:image\" content=\"https:\/\/institutchiaribcn.com\/wp-content\/uploads\/2025\/10\/rare-disease-day-arnold-chiari.jpg\" \/>\n\t<meta property=\"og:image:width\" content=\"200\" \/>\n\t<meta property=\"og:image:height\" content=\"200\" \/>\n\t<meta property=\"og:image:type\" content=\"image\/jpeg\" \/>\n<meta name=\"twitter:card\" content=\"summary_large_image\" \/>\n<meta name=\"twitter:label1\" content=\"Temps estimat de lectura\" \/>\n\t<meta name=\"twitter:data1\" content=\"1 minut\" \/>\n<script type=\"application\/ld+json\" class=\"yoast-schema-graph\">{\"@context\":\"https:\\\/\\\/schema.org\",\"@graph\":[{\"@type\":\"WebPage\",\"@id\":\"https:\\\/\\\/institutchiaribcn.com\\\/ca\\\/dia-mundial-malalties-minoritaries-sindrome-darnold-chiari-explicada-10-punts-claus\\\/\",\"url\":\"https:\\\/\\\/institutchiaribcn.com\\\/ca\\\/dia-mundial-malalties-minoritaries-sindrome-darnold-chiari-explicada-10-punts-claus\\\/\",\"name\":\"Dia Malalties Minorit\u00e0ries: Chiari en 10 punts | ICSEB\",\"isPartOf\":{\"@id\":\"https:\\\/\\\/institutchiaribcn.com\\\/ca\\\/#website\"},\"primaryImageOfPage\":{\"@id\":\"https:\\\/\\\/institutchiaribcn.com\\\/ca\\\/dia-mundial-malalties-minoritaries-sindrome-darnold-chiari-explicada-10-punts-claus\\\/#primaryimage\"},\"image\":{\"@id\":\"https:\\\/\\\/institutchiaribcn.com\\\/ca\\\/dia-mundial-malalties-minoritaries-sindrome-darnold-chiari-explicada-10-punts-claus\\\/#primaryimage\"},\"thumbnailUrl\":\"https:\\\/\\\/institutchiaribcn.com\\\/wp-content\\\/uploads\\\/2025\\\/10\\\/rare-disease-day-arnold-chiari.jpg\",\"datePublished\":\"2018-02-27T23:00:00+00:00\",\"dateModified\":\"2026-03-20T09:02:45+00:00\",\"description\":\"En el Dia Mundial de les Malalties Minorit\u00e0ries ens volem sumar a la lluita compartint la nostra missi\u00f3 de difondre els... \u00a0 Llegir m\u00e9s \u2192\",\"breadcrumb\":{\"@id\":\"https:\\\/\\\/institutchiaribcn.com\\\/ca\\\/dia-mundial-malalties-minoritaries-sindrome-darnold-chiari-explicada-10-punts-claus\\\/#breadcrumb\"},\"inLanguage\":\"ca\",\"potentialAction\":[{\"@type\":\"ReadAction\",\"target\":[\"https:\\\/\\\/institutchiaribcn.com\\\/ca\\\/dia-mundial-malalties-minoritaries-sindrome-darnold-chiari-explicada-10-punts-claus\\\/\"]}]},{\"@type\":\"ImageObject\",\"inLanguage\":\"ca\",\"@id\":\"https:\\\/\\\/institutchiaribcn.com\\\/ca\\\/dia-mundial-malalties-minoritaries-sindrome-darnold-chiari-explicada-10-punts-claus\\\/#primaryimage\",\"url\":\"https:\\\/\\\/institutchiaribcn.com\\\/wp-content\\\/uploads\\\/2025\\\/10\\\/rare-disease-day-arnold-chiari.jpg\",\"contentUrl\":\"https:\\\/\\\/institutchiaribcn.com\\\/wp-content\\\/uploads\\\/2025\\\/10\\\/rare-disease-day-arnold-chiari.jpg\",\"width\":200,\"height\":200},{\"@type\":\"BreadcrumbList\",\"@id\":\"https:\\\/\\\/institutchiaribcn.com\\\/ca\\\/dia-mundial-malalties-minoritaries-sindrome-darnold-chiari-explicada-10-punts-claus\\\/#breadcrumb\",\"itemListElement\":[{\"@type\":\"ListItem\",\"position\":1,\"name\":\"Portada\",\"item\":\"https:\\\/\\\/institutchiaribcn.com\\\/ca\\\/\"},{\"@type\":\"ListItem\",\"position\":2,\"name\":\"Comunicaci\u00f3n\",\"item\":\"https:\\\/\\\/institutchiaribcn.com\\\/ca\\\/comunicacion\\\/\"},{\"@type\":\"ListItem\",\"position\":3,\"name\":\"Dia Mundial de les Malalties Minorit\u00e0ries \u00a0La S\u00edndrome d\u2019Arnold Chiari explicada en 10 punts claus\"}]},{\"@type\":\"WebSite\",\"@id\":\"https:\\\/\\\/institutchiaribcn.com\\\/ca\\\/#website\",\"url\":\"https:\\\/\\\/institutchiaribcn.com\\\/ca\\\/\",\"name\":\"Institut Chiari de Barcelona\",\"description\":\"\",\"publisher\":{\"@id\":\"https:\\\/\\\/institutchiaribcn.com\\\/ca\\\/#organization\"},\"potentialAction\":[{\"@type\":\"SearchAction\",\"target\":{\"@type\":\"EntryPoint\",\"urlTemplate\":\"https:\\\/\\\/institutchiaribcn.com\\\/ca\\\/?s={search_term_string}\"},\"query-input\":{\"@type\":\"PropertyValueSpecification\",\"valueRequired\":true,\"valueName\":\"search_term_string\"}}],\"inLanguage\":\"ca\"},{\"@type\":\"Organization\",\"@id\":\"https:\\\/\\\/institutchiaribcn.com\\\/ca\\\/#organization\",\"name\":\"Institut Chiari de Barcelona\",\"url\":\"https:\\\/\\\/institutchiaribcn.com\\\/ca\\\/\",\"logo\":{\"@type\":\"ImageObject\",\"inLanguage\":\"ca\",\"@id\":\"https:\\\/\\\/institutchiaribcn.com\\\/ca\\\/#\\\/schema\\\/logo\\\/image\\\/\",\"url\":\"https:\\\/\\\/institutchiaribcn.com\\\/wp-content\\\/uploads\\\/2025\\\/10\\\/cropped-cropped-icsebNavLogo-1.png\",\"contentUrl\":\"https:\\\/\\\/institutchiaribcn.com\\\/wp-content\\\/uploads\\\/2025\\\/10\\\/cropped-cropped-icsebNavLogo-1.png\",\"width\":245,\"height\":99,\"caption\":\"Institut Chiari de Barcelona\"},\"image\":{\"@id\":\"https:\\\/\\\/institutchiaribcn.com\\\/ca\\\/#\\\/schema\\\/logo\\\/image\\\/\"}}]}<\/script>\n<!-- \/ Yoast SEO plugin. -->","yoast_head_json":{"title":"Dia Malalties Minorit\u00e0ries: Chiari en 10 punts | ICSEB","description":"En el Dia Mundial de les Malalties Minorit\u00e0ries ens volem sumar a la lluita compartint la nostra missi\u00f3 de difondre els... \u00a0 Llegir m\u00e9s \u2192","robots":{"index":"index","follow":"follow","max-snippet":"max-snippet:-1","max-image-preview":"max-image-preview:large","max-video-preview":"max-video-preview:-1"},"canonical":"https:\/\/institutchiaribcn.com\/ca\/dia-mundial-malalties-minoritaries-sindrome-darnold-chiari-explicada-10-punts-claus\/","og_locale":"ca_ES","og_type":"article","og_title":"Dia Malalties Minorit\u00e0ries: Chiari en 10 punts | ICSEB","og_description":"En el Dia Mundial de les Malalties Minorit\u00e0ries ens volem sumar a la lluita compartint la nostra missi\u00f3 de difondre els... \u00a0 Llegir m\u00e9s \u2192","og_url":"https:\/\/institutchiaribcn.com\/ca\/dia-mundial-malalties-minoritaries-sindrome-darnold-chiari-explicada-10-punts-claus\/","og_site_name":"Institut Chiari Barcelona","article_modified_time":"2026-03-20T09:02:45+00:00","og_image":[{"width":200,"height":200,"url":"https:\/\/institutchiaribcn.com\/wp-content\/uploads\/2025\/10\/rare-disease-day-arnold-chiari.jpg","type":"image\/jpeg"}],"twitter_card":"summary_large_image","twitter_misc":{"Temps estimat de lectura":"1 minut"},"schema":{"@context":"https:\/\/schema.org","@graph":[{"@type":"WebPage","@id":"https:\/\/institutchiaribcn.com\/ca\/dia-mundial-malalties-minoritaries-sindrome-darnold-chiari-explicada-10-punts-claus\/","url":"https:\/\/institutchiaribcn.com\/ca\/dia-mundial-malalties-minoritaries-sindrome-darnold-chiari-explicada-10-punts-claus\/","name":"Dia Malalties Minorit\u00e0ries: Chiari en 10 punts | ICSEB","isPartOf":{"@id":"https:\/\/institutchiaribcn.com\/ca\/#website"},"primaryImageOfPage":{"@id":"https:\/\/institutchiaribcn.com\/ca\/dia-mundial-malalties-minoritaries-sindrome-darnold-chiari-explicada-10-punts-claus\/#primaryimage"},"image":{"@id":"https:\/\/institutchiaribcn.com\/ca\/dia-mundial-malalties-minoritaries-sindrome-darnold-chiari-explicada-10-punts-claus\/#primaryimage"},"thumbnailUrl":"https:\/\/institutchiaribcn.com\/wp-content\/uploads\/2025\/10\/rare-disease-day-arnold-chiari.jpg","datePublished":"2018-02-27T23:00:00+00:00","dateModified":"2026-03-20T09:02:45+00:00","description":"En el Dia Mundial de les Malalties Minorit\u00e0ries ens volem sumar a la lluita compartint la nostra missi\u00f3 de difondre els... \u00a0 Llegir m\u00e9s \u2192","breadcrumb":{"@id":"https:\/\/institutchiaribcn.com\/ca\/dia-mundial-malalties-minoritaries-sindrome-darnold-chiari-explicada-10-punts-claus\/#breadcrumb"},"inLanguage":"ca","potentialAction":[{"@type":"ReadAction","target":["https:\/\/institutchiaribcn.com\/ca\/dia-mundial-malalties-minoritaries-sindrome-darnold-chiari-explicada-10-punts-claus\/"]}]},{"@type":"ImageObject","inLanguage":"ca","@id":"https:\/\/institutchiaribcn.com\/ca\/dia-mundial-malalties-minoritaries-sindrome-darnold-chiari-explicada-10-punts-claus\/#primaryimage","url":"https:\/\/institutchiaribcn.com\/wp-content\/uploads\/2025\/10\/rare-disease-day-arnold-chiari.jpg","contentUrl":"https:\/\/institutchiaribcn.com\/wp-content\/uploads\/2025\/10\/rare-disease-day-arnold-chiari.jpg","width":200,"height":200},{"@type":"BreadcrumbList","@id":"https:\/\/institutchiaribcn.com\/ca\/dia-mundial-malalties-minoritaries-sindrome-darnold-chiari-explicada-10-punts-claus\/#breadcrumb","itemListElement":[{"@type":"ListItem","position":1,"name":"Portada","item":"https:\/\/institutchiaribcn.com\/ca\/"},{"@type":"ListItem","position":2,"name":"Comunicaci\u00f3n","item":"https:\/\/institutchiaribcn.com\/ca\/comunicacion\/"},{"@type":"ListItem","position":3,"name":"Dia Mundial de les Malalties Minorit\u00e0ries \u00a0La S\u00edndrome d\u2019Arnold Chiari explicada en 10 punts claus"}]},{"@type":"WebSite","@id":"https:\/\/institutchiaribcn.com\/ca\/#website","url":"https:\/\/institutchiaribcn.com\/ca\/","name":"Institut Chiari de Barcelona","description":"","publisher":{"@id":"https:\/\/institutchiaribcn.com\/ca\/#organization"},"potentialAction":[{"@type":"SearchAction","target":{"@type":"EntryPoint","urlTemplate":"https:\/\/institutchiaribcn.com\/ca\/?s={search_term_string}"},"query-input":{"@type":"PropertyValueSpecification","valueRequired":true,"valueName":"search_term_string"}}],"inLanguage":"ca"},{"@type":"Organization","@id":"https:\/\/institutchiaribcn.com\/ca\/#organization","name":"Institut Chiari de Barcelona","url":"https:\/\/institutchiaribcn.com\/ca\/","logo":{"@type":"ImageObject","inLanguage":"ca","@id":"https:\/\/institutchiaribcn.com\/ca\/#\/schema\/logo\/image\/","url":"https:\/\/institutchiaribcn.com\/wp-content\/uploads\/2025\/10\/cropped-cropped-icsebNavLogo-1.png","contentUrl":"https:\/\/institutchiaribcn.com\/wp-content\/uploads\/2025\/10\/cropped-cropped-icsebNavLogo-1.png","width":245,"height":99,"caption":"Institut Chiari de Barcelona"},"image":{"@id":"https:\/\/institutchiaribcn.com\/ca\/#\/schema\/logo\/image\/"}}]}},"_links":{"self":[{"href":"https:\/\/institutchiaribcn.com\/ca\/wp-json\/wp\/v2\/comunicacion\/76809","targetHints":{"allow":["GET"]}}],"collection":[{"href":"https:\/\/institutchiaribcn.com\/ca\/wp-json\/wp\/v2\/comunicacion"}],"about":[{"href":"https:\/\/institutchiaribcn.com\/ca\/wp-json\/wp\/v2\/types\/comunicacion"}],"wp:featuredmedia":[{"embeddable":true,"href":"https:\/\/institutchiaribcn.com\/ca\/wp-json\/wp\/v2\/media\/76810"}],"wp:attachment":[{"href":"https:\/\/institutchiaribcn.com\/ca\/wp-json\/wp\/v2\/media?parent=76809"}],"wp:term":[{"taxonomy":"tipos-de-comunicacion","embeddable":true,"href":"https:\/\/institutchiaribcn.com\/ca\/wp-json\/wp\/v2\/tipos-de-comunicacion?post=76809"}],"curies":[{"name":"wp","href":"https:\/\/api.w.org\/{rel}","templated":true}]}}