{"id":76794,"date":"2018-03-28T00:00:00","date_gmt":"2018-03-27T22:00:00","guid":{"rendered":"https:\/\/dev.institutchiaribcn.com\/comunicacion\/nou-colofo-a-la-qualitat\/"},"modified":"2026-01-21T11:59:21","modified_gmt":"2026-01-21T10:59:21","slug":"nou-colofo-qualitat","status":"publish","type":"comunicacion","link":"https:\/\/institutchiaribcn.com\/ca\/nou-colofo-qualitat\/","title":{"rendered":"NOU COLOF\u00d2 A LA QUALITAT"},"content":{"rendered":"<p class=\"text-muted aniview centerTXT\">Publicat per\u00a0<a title=\"Entrades de ICSEB\" href=\"https:\/\/institutchiaribcn.com\/ca\/author\/anoop\/\" rel=\"author\">ICSEB<\/a>\u00a0el 28 mar\u00e7, 2018<\/p>\n<p>&nbsp;<\/p>\n<p>El passat divendres 16 de mar\u00e7 del 2018, a la Seu Central de l\u2019Institut Chiari &amp; Siringomielia &amp; Escoliosis de Barcelona (ICSEB), va tenir lloc l\u2019acte oficial d\u2019entrega de la certificaci\u00f3 del Sistema de Gesti\u00f3 de Qualitat conforme a la nova Norma UNE-EN ISO 9001:2015*, per part de la Sra. Eva Subir\u00e0 Jim\u00e9nez, directora d\u2019AENOR Catalunya (Associaci\u00f3 Espanyola de Normalitzaci\u00f3 i Certificaci\u00f3), per a les activitats de:<\/p>\n<p>&nbsp;<\/p>\n<ul>\n<li>Investigaci\u00f3, diagn\u00f2stic i tractament de la Malaltia del Filum<\/li>\n<li>Diagn\u00f2stic i tractament de malalties neuroquir\u00fargiques<\/li>\n<\/ul>\n<div class=\"col-md-6\" align=\"center\"><a href=\"https:\/\/institutchiaribcn.com\/wp-content\/uploads\/2018\/03\/chiari-quality-treatment-copia1.jpg\"><img decoding=\"async\" class=\"img-responsive img-rounded\" src=\"https:\/\/institutchiaribcn.com\/wp-content\/uploads\/2018\/03\/chiari-quality-treatment-copia1.jpg\" alt=\"certificado de calidad 2015\" \/><\/a><br \/>\nD\u2019esquerra a dreta: la Sra. Safaa El Idrissi, la Sra. Eva Subir\u00e0 Jim\u00e9nez, la Sra. Mara Espino y el Dr. Miguel B. Royo Salvador.<\/div>\n<div class=\"col-md-6\" align=\"center\"><a href=\"https:\/\/institutchiaribcn.com\/wp-content\/uploads\/2018\/03\/chiari-quality-treatment.jpg\" target=\"_blank\" rel=\"noopener\"><img decoding=\"async\" class=\"img-responsive img-rounded\" src=\"https:\/\/institutchiaribcn.com\/wp-content\/uploads\/2018\/03\/chiari-quality-treatment.jpg\" alt=\"entrega de certificado de calidad 2015\" \/><\/a><br \/>\nD\u2019esquerra a dreta: El Dr. Marco Fiallos, la Sra. Eva Subir\u00e1 Jim\u00e9nez, el Dr. Miguel B. Royo Salvador i el Dr. Horia Salva.<\/div>\n<p>&nbsp;<\/p>\n<p>Dr Miguel B. Royo, ICSEB\u2019s director, was the first to speak during the event:<\/p>\n<p><em>\u201c\u2026Tenim la gran responsabilitat de prestar un excel\u00b7lent servei als nostres pacients, aplicant les millors f\u00f3rmules de gesti\u00f3, tecnologia i innovaci\u00f3. \u00c9s per aix\u00f2 que no solament recolzem l\u2019activitat m\u00e8dica i d\u2019investigaci\u00f3 com a tal, sin\u00f3 tamb\u00e9 els mecanismes d\u2019organitzaci\u00f3 per anar construint les capacitats que ens permetin fer una veritable transfer\u00e8ncia de coneixements a la comunitat m\u00e8dica\u201d,\u00a0<\/em>va indicar el neurocirurgi\u00e0 i cient\u00edfic espanyol.<\/p>\n<div class=\"col-md-6\" align=\"center\"><a href=\"hhttps:\/\/institutchiaribcn.com\/wp-content\/uploads\/2018\/03\/institut-chiari-barcelona-calidad.jpg\"><img decoding=\"async\" class=\"img-responsive img-rounded\" src=\"https:\/\/institutchiaribcn.com\/wp-content\/uploads\/2018\/03\/institut-chiari-barcelona-calidad.jpg\" alt=\"certificado de calidad 2015\" \/><\/a><br \/>\nD\u2019esquerra a dreta: La Sra. Eva Subir\u00e1 Jim\u00e9nez i el Dr. Miguel B. Royo Salvador.<\/div>\n<div class=\"col-md-6\" align=\"center\"><a href=\"https:\/\/institutchiaribcn.com\/wp-content\/uploads\/2018\/03\/institut-chiari-barcelona-calidad1-min.jpg\" target=\"_blank\" rel=\"noopener\"><img decoding=\"async\" class=\"img-responsive img-rounded\" src=\"https:\/\/institutchiaribcn.com\/wp-content\/uploads\/2018\/03\/institut-chiari-barcelona-calidad1-min.jpg\" alt=\"entrega de certificado de calidad 2015\" \/><\/a><br \/>\nD\u2019esquerra a dreta: La Sra. Eva Subir\u00e1 Jim\u00e9nez, el Dr. Miguel B. Royo Salvador i la Sra. Safaa El Idrissi.<\/div>\n<p>La Sra. Eva Subir\u00e0 va destacar:<\/p>\n<p><em>\u201cDes d\u2019AENOR, anem observant i acompanyant la feina que s\u2019ha anat realitzant, des de fa uns quants any, a l\u2019Institut Chiari de Barcelona, com a una important refer\u00e8ncia en el desenvolupament empresarial i en la contribuci\u00f3 en les millores permanents de les condicions de salut i qualitat de vida de les persones. Us vull felicitar, de nou, per l\u2019obtenci\u00f3 de la nova certificaci\u00f3 ISO 9001:2015, que us permetr\u00e0 fer un pas importat en el perfeccionament, la consolidaci\u00f3 i el desenvolupament de les vostres activitats..\u201d.<\/em><\/p>\n<p>Per la seva part, la coordinadora de Sistemes de Gesti\u00f3 de Qualitat, la Sra. Safaa El Idrissi, va destacar que:<\/p>\n<p><em>\u201c\u2026tota la feina aconseguida \u00e9s el resultat de l\u2019esfor\u00e7 combinat de cadascun dels que formem part de l\u2019ICSEB\u201d.<\/em><\/p>\n<div align=\"center\"><a href=\"https:\/\/institutchiaribcn.com\/wp-content\/uploads\/2018\/03\/calidad-equipo-chiari.jpg\"><img decoding=\"async\" class=\"img-responsive img-rounded\" src=\"https:\/\/institutchiaribcn.com\/wp-content\/uploads\/2018\/03\/calidad-equipo-chiari.jpg\" alt=\"\" \/><\/a><br \/>\nL\u2019equip de l\u2019Institut Chiari &amp; Siringomielia &amp; Escoliosis de Barcelona amb la Sra. Eva Subir\u00e1 Jim\u00e9nez<\/div>\n<p>&nbsp;<\/p>\n<p><em>* La ISO 9001 \u00e9s el conjunt de normes i est\u00e0ndards internacionals de car\u00e0cter certificable que regula els sistemes de gesti\u00f3 de qualitat de les organitzacions. Es centra en l\u2019efic\u00e0cia de gesti\u00f3 de processos i tasques per satisfer els requisits i necessitats dels clients. Actualment l\u2019\u00faltima versi\u00f3 de la Norma \u00e9s la ISO 9001:2015 que es va instaurar al setembre del 2015.<\/em><\/p>\n","protected":false},"featured_media":76795,"template":"","tipos-de-comunicacion":[509],"class_list":["post-76794","comunicacion","type-comunicacion","status-publish","has-post-thumbnail","hentry","tipos-de-comunicacion-noticies"],"yoast_head":"<!-- This site is optimized with the Yoast SEO plugin v27.4 - https:\/\/yoast.com\/product\/yoast-seo-wordpress\/ -->\n<title>NOU COLOF\u00d2 A LA QUALITAT | ICSEB<\/title>\n<meta name=\"description\" content=\"El passat divendres 16 de mar\u00e7 del 2018, a la Seu Central de l\u2019Institut Chiari &amp; Siringomielia &amp; Escoliosis de Barcelona... \u00a0 Llegir m\u00e9s \u2192\" \/>\n<meta name=\"robots\" content=\"index, follow, max-snippet:-1, max-image-preview:large, max-video-preview:-1\" \/>\n<link rel=\"canonical\" href=\"https:\/\/institutchiaribcn.com\/ca\/nou-colofo-qualitat\/\" \/>\n<meta property=\"og:locale\" content=\"ca_ES\" \/>\n<meta property=\"og:type\" content=\"article\" \/>\n<meta property=\"og:title\" content=\"NOU COLOF\u00d2 A LA QUALITAT | ICSEB\" \/>\n<meta property=\"og:description\" content=\"El passat divendres 16 de mar\u00e7 del 2018, a la Seu Central de l\u2019Institut Chiari &amp; Siringomielia &amp; Escoliosis de Barcelona... \u00a0 Llegir m\u00e9s \u2192\" \/>\n<meta property=\"og:url\" content=\"https:\/\/institutchiaribcn.com\/ca\/nou-colofo-qualitat\/\" \/>\n<meta property=\"og:site_name\" content=\"Institut Chiari Barcelona\" \/>\n<meta property=\"article:modified_time\" content=\"2026-01-21T10:59:21+00:00\" \/>\n<meta property=\"og:image\" content=\"https:\/\/institutchiaribcn.com\/wp-content\/uploads\/2025\/10\/quality-certificate-ICSEB.jpg\" \/>\n\t<meta property=\"og:image:width\" content=\"200\" \/>\n\t<meta property=\"og:image:height\" content=\"200\" \/>\n\t<meta property=\"og:image:type\" content=\"image\/jpeg\" \/>\n<meta name=\"twitter:card\" content=\"summary_large_image\" \/>\n<meta name=\"twitter:label1\" content=\"Temps estimat de lectura\" \/>\n\t<meta name=\"twitter:data1\" content=\"4 minuts\" \/>\n<script type=\"application\/ld+json\" class=\"yoast-schema-graph\">{\"@context\":\"https:\\\/\\\/schema.org\",\"@graph\":[{\"@type\":\"WebPage\",\"@id\":\"https:\\\/\\\/institutchiaribcn.com\\\/ca\\\/nou-colofo-qualitat\\\/\",\"url\":\"https:\\\/\\\/institutchiaribcn.com\\\/ca\\\/nou-colofo-qualitat\\\/\",\"name\":\"NOU COLOF\u00d2 A LA QUALITAT | ICSEB\",\"isPartOf\":{\"@id\":\"https:\\\/\\\/institutchiaribcn.com\\\/ca\\\/#website\"},\"primaryImageOfPage\":{\"@id\":\"https:\\\/\\\/institutchiaribcn.com\\\/ca\\\/nou-colofo-qualitat\\\/#primaryimage\"},\"image\":{\"@id\":\"https:\\\/\\\/institutchiaribcn.com\\\/ca\\\/nou-colofo-qualitat\\\/#primaryimage\"},\"thumbnailUrl\":\"https:\\\/\\\/institutchiaribcn.com\\\/wp-content\\\/uploads\\\/2025\\\/10\\\/quality-certificate-ICSEB.jpg\",\"datePublished\":\"2018-03-27T22:00:00+00:00\",\"dateModified\":\"2026-01-21T10:59:21+00:00\",\"description\":\"El passat divendres 16 de mar\u00e7 del 2018, a la Seu Central de l\u2019Institut Chiari & Siringomielia & Escoliosis de Barcelona... \u00a0 Llegir m\u00e9s \u2192\",\"breadcrumb\":{\"@id\":\"https:\\\/\\\/institutchiaribcn.com\\\/ca\\\/nou-colofo-qualitat\\\/#breadcrumb\"},\"inLanguage\":\"ca\",\"potentialAction\":[{\"@type\":\"ReadAction\",\"target\":[\"https:\\\/\\\/institutchiaribcn.com\\\/ca\\\/nou-colofo-qualitat\\\/\"]}]},{\"@type\":\"ImageObject\",\"inLanguage\":\"ca\",\"@id\":\"https:\\\/\\\/institutchiaribcn.com\\\/ca\\\/nou-colofo-qualitat\\\/#primaryimage\",\"url\":\"https:\\\/\\\/institutchiaribcn.com\\\/wp-content\\\/uploads\\\/2025\\\/10\\\/quality-certificate-ICSEB.jpg\",\"contentUrl\":\"https:\\\/\\\/institutchiaribcn.com\\\/wp-content\\\/uploads\\\/2025\\\/10\\\/quality-certificate-ICSEB.jpg\",\"width\":200,\"height\":200},{\"@type\":\"BreadcrumbList\",\"@id\":\"https:\\\/\\\/institutchiaribcn.com\\\/ca\\\/nou-colofo-qualitat\\\/#breadcrumb\",\"itemListElement\":[{\"@type\":\"ListItem\",\"position\":1,\"name\":\"Portada\",\"item\":\"https:\\\/\\\/institutchiaribcn.com\\\/ca\\\/\"},{\"@type\":\"ListItem\",\"position\":2,\"name\":\"Comunicaci\u00f3n\",\"item\":\"https:\\\/\\\/institutchiaribcn.com\\\/ca\\\/comunicacion\\\/\"},{\"@type\":\"ListItem\",\"position\":3,\"name\":\"NOU COLOF\u00d2 A LA QUALITAT\"}]},{\"@type\":\"WebSite\",\"@id\":\"https:\\\/\\\/institutchiaribcn.com\\\/ca\\\/#website\",\"url\":\"https:\\\/\\\/institutchiaribcn.com\\\/ca\\\/\",\"name\":\"Institut Chiari de Barcelona\",\"description\":\"\",\"publisher\":{\"@id\":\"https:\\\/\\\/institutchiaribcn.com\\\/ca\\\/#organization\"},\"potentialAction\":[{\"@type\":\"SearchAction\",\"target\":{\"@type\":\"EntryPoint\",\"urlTemplate\":\"https:\\\/\\\/institutchiaribcn.com\\\/ca\\\/?s={search_term_string}\"},\"query-input\":{\"@type\":\"PropertyValueSpecification\",\"valueRequired\":true,\"valueName\":\"search_term_string\"}}],\"inLanguage\":\"ca\"},{\"@type\":\"Organization\",\"@id\":\"https:\\\/\\\/institutchiaribcn.com\\\/ca\\\/#organization\",\"name\":\"Institut Chiari de Barcelona\",\"url\":\"https:\\\/\\\/institutchiaribcn.com\\\/ca\\\/\",\"logo\":{\"@type\":\"ImageObject\",\"inLanguage\":\"ca\",\"@id\":\"https:\\\/\\\/institutchiaribcn.com\\\/ca\\\/#\\\/schema\\\/logo\\\/image\\\/\",\"url\":\"https:\\\/\\\/institutchiaribcn.com\\\/wp-content\\\/uploads\\\/2025\\\/10\\\/cropped-cropped-icsebNavLogo-1.png\",\"contentUrl\":\"https:\\\/\\\/institutchiaribcn.com\\\/wp-content\\\/uploads\\\/2025\\\/10\\\/cropped-cropped-icsebNavLogo-1.png\",\"width\":245,\"height\":99,\"caption\":\"Institut Chiari de Barcelona\"},\"image\":{\"@id\":\"https:\\\/\\\/institutchiaribcn.com\\\/ca\\\/#\\\/schema\\\/logo\\\/image\\\/\"}}]}<\/script>\n<!-- \/ Yoast SEO plugin. -->","yoast_head_json":{"title":"NOU COLOF\u00d2 A LA QUALITAT | ICSEB","description":"El passat divendres 16 de mar\u00e7 del 2018, a la Seu Central de l\u2019Institut Chiari & Siringomielia & Escoliosis de Barcelona... \u00a0 Llegir m\u00e9s \u2192","robots":{"index":"index","follow":"follow","max-snippet":"max-snippet:-1","max-image-preview":"max-image-preview:large","max-video-preview":"max-video-preview:-1"},"canonical":"https:\/\/institutchiaribcn.com\/ca\/nou-colofo-qualitat\/","og_locale":"ca_ES","og_type":"article","og_title":"NOU COLOF\u00d2 A LA QUALITAT | ICSEB","og_description":"El passat divendres 16 de mar\u00e7 del 2018, a la Seu Central de l\u2019Institut Chiari & Siringomielia & Escoliosis de Barcelona... \u00a0 Llegir m\u00e9s \u2192","og_url":"https:\/\/institutchiaribcn.com\/ca\/nou-colofo-qualitat\/","og_site_name":"Institut Chiari Barcelona","article_modified_time":"2026-01-21T10:59:21+00:00","og_image":[{"width":200,"height":200,"url":"https:\/\/institutchiaribcn.com\/wp-content\/uploads\/2025\/10\/quality-certificate-ICSEB.jpg","type":"image\/jpeg"}],"twitter_card":"summary_large_image","twitter_misc":{"Temps estimat de lectura":"4 minuts"},"schema":{"@context":"https:\/\/schema.org","@graph":[{"@type":"WebPage","@id":"https:\/\/institutchiaribcn.com\/ca\/nou-colofo-qualitat\/","url":"https:\/\/institutchiaribcn.com\/ca\/nou-colofo-qualitat\/","name":"NOU COLOF\u00d2 A LA QUALITAT | ICSEB","isPartOf":{"@id":"https:\/\/institutchiaribcn.com\/ca\/#website"},"primaryImageOfPage":{"@id":"https:\/\/institutchiaribcn.com\/ca\/nou-colofo-qualitat\/#primaryimage"},"image":{"@id":"https:\/\/institutchiaribcn.com\/ca\/nou-colofo-qualitat\/#primaryimage"},"thumbnailUrl":"https:\/\/institutchiaribcn.com\/wp-content\/uploads\/2025\/10\/quality-certificate-ICSEB.jpg","datePublished":"2018-03-27T22:00:00+00:00","dateModified":"2026-01-21T10:59:21+00:00","description":"El passat divendres 16 de mar\u00e7 del 2018, a la Seu Central de l\u2019Institut Chiari & Siringomielia & Escoliosis de Barcelona... \u00a0 Llegir m\u00e9s \u2192","breadcrumb":{"@id":"https:\/\/institutchiaribcn.com\/ca\/nou-colofo-qualitat\/#breadcrumb"},"inLanguage":"ca","potentialAction":[{"@type":"ReadAction","target":["https:\/\/institutchiaribcn.com\/ca\/nou-colofo-qualitat\/"]}]},{"@type":"ImageObject","inLanguage":"ca","@id":"https:\/\/institutchiaribcn.com\/ca\/nou-colofo-qualitat\/#primaryimage","url":"https:\/\/institutchiaribcn.com\/wp-content\/uploads\/2025\/10\/quality-certificate-ICSEB.jpg","contentUrl":"https:\/\/institutchiaribcn.com\/wp-content\/uploads\/2025\/10\/quality-certificate-ICSEB.jpg","width":200,"height":200},{"@type":"BreadcrumbList","@id":"https:\/\/institutchiaribcn.com\/ca\/nou-colofo-qualitat\/#breadcrumb","itemListElement":[{"@type":"ListItem","position":1,"name":"Portada","item":"https:\/\/institutchiaribcn.com\/ca\/"},{"@type":"ListItem","position":2,"name":"Comunicaci\u00f3n","item":"https:\/\/institutchiaribcn.com\/ca\/comunicacion\/"},{"@type":"ListItem","position":3,"name":"NOU COLOF\u00d2 A LA QUALITAT"}]},{"@type":"WebSite","@id":"https:\/\/institutchiaribcn.com\/ca\/#website","url":"https:\/\/institutchiaribcn.com\/ca\/","name":"Institut Chiari de Barcelona","description":"","publisher":{"@id":"https:\/\/institutchiaribcn.com\/ca\/#organization"},"potentialAction":[{"@type":"SearchAction","target":{"@type":"EntryPoint","urlTemplate":"https:\/\/institutchiaribcn.com\/ca\/?s={search_term_string}"},"query-input":{"@type":"PropertyValueSpecification","valueRequired":true,"valueName":"search_term_string"}}],"inLanguage":"ca"},{"@type":"Organization","@id":"https:\/\/institutchiaribcn.com\/ca\/#organization","name":"Institut Chiari de Barcelona","url":"https:\/\/institutchiaribcn.com\/ca\/","logo":{"@type":"ImageObject","inLanguage":"ca","@id":"https:\/\/institutchiaribcn.com\/ca\/#\/schema\/logo\/image\/","url":"https:\/\/institutchiaribcn.com\/wp-content\/uploads\/2025\/10\/cropped-cropped-icsebNavLogo-1.png","contentUrl":"https:\/\/institutchiaribcn.com\/wp-content\/uploads\/2025\/10\/cropped-cropped-icsebNavLogo-1.png","width":245,"height":99,"caption":"Institut Chiari de Barcelona"},"image":{"@id":"https:\/\/institutchiaribcn.com\/ca\/#\/schema\/logo\/image\/"}}]}},"_links":{"self":[{"href":"https:\/\/institutchiaribcn.com\/ca\/wp-json\/wp\/v2\/comunicacion\/76794","targetHints":{"allow":["GET"]}}],"collection":[{"href":"https:\/\/institutchiaribcn.com\/ca\/wp-json\/wp\/v2\/comunicacion"}],"about":[{"href":"https:\/\/institutchiaribcn.com\/ca\/wp-json\/wp\/v2\/types\/comunicacion"}],"wp:featuredmedia":[{"embeddable":true,"href":"https:\/\/institutchiaribcn.com\/ca\/wp-json\/wp\/v2\/media\/76795"}],"wp:attachment":[{"href":"https:\/\/institutchiaribcn.com\/ca\/wp-json\/wp\/v2\/media?parent=76794"}],"wp:term":[{"taxonomy":"tipos-de-comunicacion","embeddable":true,"href":"https:\/\/institutchiaribcn.com\/ca\/wp-json\/wp\/v2\/tipos-de-comunicacion?post=76794"}],"curies":[{"name":"wp","href":"https:\/\/api.w.org\/{rel}","templated":true}]}}