{"id":76749,"date":"2018-06-19T00:00:00","date_gmt":"2018-06-18T22:00:00","guid":{"rendered":"https:\/\/dev.institutchiaribcn.com\/comunicacion\/professionals-de-lambit-sanitari-i-administratiu-feliciten-el-dr-royo-i-linstitut-chiari-siringomielia-escoliosis-de-barcelona-en-el-seu-10e-aniversari\/"},"modified":"2026-03-19T12:26:00","modified_gmt":"2026-03-19T11:26:00","slug":"professionals-lambit-sanitari-administratiu-feliciten-dr-royo-linstitut-chiari-siringomielia-escoliosis-barcelona-10e-aniversari","status":"publish","type":"comunicacion","link":"https:\/\/institutchiaribcn.com\/ca\/professionals-lambit-sanitari-administratiu-feliciten-dr-royo-linstitut-chiari-siringomielia-escoliosis-barcelona-10e-aniversari\/","title":{"rendered":"Professionals de l\u2019\u00e0mbit sanitari i administratiu feliciten el Dr. Royo i l\u2019Institut Chiari &#038; Siringomielia &#038; Escoliosis de Barcelona en el seu 10\u00e8 aniversari."},"content":{"rendered":"<p class=\"text-muted aniview centerTXT\">Publicat per\u00a0<a title=\"Entrades de ICSEB\" href=\"https:\/\/institutchiaribcn.com\/ca\/author\/chiari\/\" rel=\"author\">ICSEB<\/a>\u00a0el 19 juny, 2018<\/p>\n<p>&nbsp;<\/p>\n<div align=\"center\"><a href=\"https:\/\/youtu.be\/yvso2WPQ1KI\" target=\"_blank\" rel=\"noopener\"><img decoding=\"async\" class=\"img-responsive\" src=\"https:\/\/institutchiaribcn.com\/wp-content\/uploads\/2018\/06\/profesionales-felicitan-DrRoyo-ICSEB.png\" alt=\"\" \/><\/a><\/div>\n<p>&nbsp;<\/p>\n<div class=\"jumbotron\">\n<p><strong>12 de juny del 2018<\/strong><\/p>\n<p>Amb motiu del 10\u00e8 aniversari de\u00a0<i>l\u2019Institut Chiari &amp; Siringomielia &amp; Escoliosis de Barcelona<\/i>, diferents professionals que col\u00b7laboren amb l\u2019ICSEB i amb el Dr. Royo des de fa temps, han volgut transmetre les seves felicitacions i els seus testimonis de la feina realitzada colze a colze pel coneixement, el diagn\u00f2stic i el tractament de la\u00a0<i>Malaltia del Filum.<\/i><\/p>\n<\/div>\n<p><strong>Prof. Alfonso Rodr\u00edguez Baeza<\/strong><\/p>\n<p><em>Catedr\u00e0tic d\u2019Anatomia a la Universitat Aut\u00f2noma de Barcelona (UAB)<\/em><\/p>\n<p><em>\u00a0<\/em>\u201cDr. Royo, el vull felicitar pel d\u00e8cim aniversari de l\u2019Institut. \u00c9s vost\u00e8 un gran treballador i una persona molt dedicada. Rebi una forta abra\u00e7ada i, ja sap, estem aqu\u00ed sempre a la seva disposici\u00f3.\u201d<\/p>\n<p>&nbsp;<\/p>\n<p><strong>Dr. Giacomo Caruso<\/strong><\/p>\n<p><em>Neurocirurgi\u00e0, Neurofisiopat\u00f2leg<\/em><\/p>\n<p><strong>Dra. Rosaria Florio<\/strong><\/p>\n<p><em>Ginec\u00f2loga<\/em><\/p>\n<p>\u201cEstimat Miguel, (..) vull felicitar-te per haver arribat fins a aquesta important fita, conscient dels sacrificis que els teus col\u00b7laboradors i tu mateix heu fet i de les dificultats que heu superat. Ja us coneixen a nivell mundial, (\u2026) malgrat les diferents opinions que alguns tenen (\u2026). Els millors desitjos, de part meva, de la meva dona i de totes aquelles persones que em coneixen i et coneixen (\u2026). Ciao Miguel, felicitats en el 10\u00e8 aniversari d\u2019aquest important Institut!.\u201d<\/p>\n<p>&nbsp;<\/p>\n<p><strong>Dr. Francesco Croc\u00e8<\/strong><\/p>\n<p><em>Metge general i pneum\u00f2leg<\/em><\/p>\n<p>\u201cEstimad\u00edssim Prof. Royo (\u2026) han passat 10 meravellosos anys. No puc oblidar (\u2026) els congressos de Palerm, Trieste, Roma, Orist\u00e0, Bari i Li\u00f3, on vaig tenir l\u2019honor de participar com a ponent i com a metge-pacient, esperant haver contribu\u00eft al coneixement d\u2019aquesta malaltia rara (\u2026). El meu millor desig (\u2026) \u00e9s que tot el que vost\u00e8 va fer en aquests anys li sigui finalment reconegut (\u2026), i ja es publiqui en els textos universitaris de Medicina.\u00a0<em>Ad mayora, semper\u00a0<\/em>(que sempre vagi a millor).\u201d<\/p>\n<p>&nbsp;<\/p>\n<p><strong>Dr. Antoni Hern\u00e1ndez<\/strong><\/p>\n<p><em>Neur\u00f2leg<\/em><em>\u00a0<\/em><\/p>\n<p>\u201cEstimat Miguel,<\/p>\n<p>S\u00f3n 10 anys que portes treballant en un tema molt concret, en el qual has innovat molt. S\u00f3n molts m\u00e9s anys els que fa que ens coneixem i hem estat col\u00b7laborant, i espero que segueixi aix\u00ed durant encara molts m\u00e9s anys. Moltes felicitats.\u201d<\/p>\n<p>&nbsp;<\/p>\n<p><strong>Dr. Filippo Lafanti<\/strong><\/p>\n<p><em>Ortopeda i Rehabilitador<\/em><\/p>\n<p>\u201cHola, s\u00f3c el Dr. Iafanti, porto ja tres anys col\u00b7laborant amb l\u2019Institut Chiari i he tingut l\u2019oportunitat d\u2019atendre molts pacients amb Siringomi\u00e8lia, Arnold Chiari, Escoliosi i Discopaties m\u00faltiples. La meva experi\u00e8ncia \u00e9s, sense dubte, possitiva. Considero indispensable el diagn\u00f2stic preco\u00e7 per a que, amb la secci\u00f3 del filum terminale, s\u2019aconsegueixin els millors resultats. Aprofito l\u2019ocasi\u00f3 per felicitar \u00a0l\u2019Institut pel seu 10\u00e8 aniversari i, especialment, el Dr. Royo.\u00a0<em>Ad mayora (<\/em>que sempre vagi a millor).\u201d<\/p>\n<p>&nbsp;<\/p>\n<p><strong>Dr. Gabriel Oll\u00e9 Fortuny<\/strong><\/p>\n<p><em>Anestesista<\/em><\/p>\n<p>\u201cHola. Les meves m\u00e9s sinceres felicitacions per al Dr. Royo i \u00a0per a tot el seu equip de l\u2019Institut Chiari. Em sento molt feli\u00e7 de pert\u00e0nyer, o d\u2019aportar la meva part en l\u2019anest\u00e8sia dels pacients d\u2019aquestes patologies que ateneu a l\u2019Institut (\u2026). Nom\u00e9s voldria felicitar i que aquest treball pugui durar molts anys\u201d.<\/p>\n<p>&nbsp;<\/p>\n<p><strong>Dr. Roberto Mantia<\/strong><\/p>\n<p><em>Ortopeda i Rehabilitador \u2013 Centre M\u00e8dic Mantia<\/em><\/p>\n<p>\u201cEstimat Miguel, celebrem amb tu una meravellosa ocasi\u00f3, els deu anys de l\u2019Institut Chiari!\u201d El Dr. Mantia relata com ell i els seus col\u00b7laboradors estan molt orgullosos d\u2019haver acompanyat un equip com el de l\u2019ICSEB, d\u2019absolut valor i de refer\u00e8ncia internacional, que ha determinat i promulgat un grand\u00edssim descobriment m\u00e8dic, essent els precursors d\u2019una tend\u00e8ncia que, per fi, cada vegada \u00e9s m\u00e9s compartida.<\/p>\n<p>Per aquests 10 anys, no sempre f\u00e0cils, dels quals en els vuit \u00faltims han estat col\u00b7laborant estretament, el Dr. Roberto Mantia felicita el Dr. Royo, la Sra. Espino i \u00a0tot l\u2019equip: \u201c<em>Per molts m\u00e9s anys d\u2019\u00e8xits futurs!\u201d.<\/em><\/p>\n<p>&nbsp;<\/p>\n<p><strong>Dr. Antonio Victoria Ram\u00edrez<\/strong><\/p>\n<p><em>Cardi\u00f2leg a l\u2019Hospital de Cartagena<\/em><\/p>\n<p><em>\u00a0<\/em>(\u2026) Voldria dir dues paraules breus respecte al des\u00e8 aniversari de l\u2019ICSEB, que dirigeix magistralment el Dr. Royo, aix\u00ed com a tot el seu equip de col\u00b7laboradors; instant els pacients a que tinguin una gran confian\u00e7a en aquest Institut (\u2026). No t\u00e9 res a envejar a cap centre de cap altre tipus o de pa\u00eds, i que segueixin complint, en el futur, amb l\u2019activitat assistencial que magistralment duen a terme, amb l\u2019activitat docent (\u2026) i amb l\u2019activitat investigadora que (\u2026) es realitza, amb l\u2019esperit tena\u00e7, inquiet i la perseveran\u00e7a del seu director.<\/p>\n<p>No vull acabar sense agrair a la Mara, com alma mater (\u2026) d\u2019aquest organisme, i aix\u00ed fer-ho extensiu a la resta de col\u00b7laboradors: tamb\u00e9 al Dr. Fiallos i al Dr. Salca (\u2026).<\/p>\n<p>Una abra\u00e7ada molt forta, a seguir funcionant 200 anys m\u00e9s, i als pacients que tinguin la total confian\u00e7a, perqu\u00e8 crec que en pocs llocs ho podran resoldre com ells ho fan, tan b\u00e9, tan efica\u00e7ment i amb tanta efici\u00e8ncia. Moltes gr\u00e0cies.\u201d<\/p>\n<p>&nbsp;<\/p>\n<p><strong>Dr. Fabrizio Mantia<\/strong><\/p>\n<p><em>Doctor en Fisioter\u00e0pia i osteopatia \u2013 Centre M\u00e8dic Mantia<\/em><\/p>\n<p>\u201cEstimat Miguel, moltes felicitats pel vostre des\u00e8 aniversari\u201d.<\/p>\n<p>El Dr. Fabrizio Mantia recorda el dia en el que els seus col\u00b7laboradors i ell mateix van anar, per primera vegada, a con\u00e8ixer l\u2019equip de l\u2019ICSEB a Barcelona. \u00a0Quantes fites s\u2019 han aconseguit a partir d\u2019aleshores i quants obstacles s\u2019han superat fins ara amb aquesta col\u00b7laboraci\u00f3. Entre d\u2019altres, els doctors han confeccionat el Protocol de Rehabilitaci\u00f3 Mantia-Royo\/ Royo-Mantia i, aix\u00ed \u00a0s\u2019ha pogut fer seguiment a molts pacients operats, malgrat la dist\u00e0ncia entre els dos centres.<\/p>\n<p>Esperant que en el futur es puguin aconseguir ulteriors i nous objectius, renova les seves felicitacions!<\/p>\n<p>&nbsp;<\/p>\n<p><strong>Srta. Ana Isabel Alarc\u00f3n S\u00e1nchez, Sra. Anna Lafarga Capella i Sra. Adela Molina Molina<\/strong><\/p>\n<p><em>Instrumentistes de l\u2019equip quir\u00fargic de l\u2019ICSEB<\/em><\/p>\n<p>\u201cEn primer lloc, voldr\u00edem felicitar l\u2019equip de l\u2019Institut Chiari &amp; Siringomielia &amp; Escoliosis de Barcelona i el capit\u00e0 del vaixell, el Dr. Miguel B. Royo Salvador, pels seus deu anys de feina i professionalitat\u201d.<\/p>\n<p>\u201cEn segon lloc, agra\u00efm poder formar part d\u2019aquest equip i seguir col\u00b7laborant durant molts anys m\u00e9s\u201d.<\/p>\n<p>Moltes felicitats!!!\u201d<\/p>\n<p>&nbsp;<\/p>\n<p><strong>Sra. Joana Mar\u00edn Fonseca<\/strong><\/p>\n<p><em>Advocada i Patrona de la Chiari &amp; Scoliosis &amp; Syringomyelia Foundation (CSSf)<\/em><\/p>\n<p>\u201cDr. Royo, no podia faltar a la important celebraci\u00f3 del 10\u00e8 aniversari de l\u2019Institut Chiari. Estic orgullosa d\u2019haver pogut acompanyar-lo durant aquests anys en la creaci\u00f3 d\u2019un centre que ha salvat vides (\u2026) malgrat les dificultats i traves jur\u00eddiques a les que hem hagut d\u2019enfrontar-nos (\u2026). Sense el seu treball i sense la seva dedicaci\u00f3 cient\u00edfica de m\u00e9s de 40 anys i el seu inter\u00e8s, no hagu\u00e9s estat possible.<\/p>\n<p>\u00c9s un honor tamb\u00e9 per a mi formar part com a Patrona de la Fundaci\u00f3 Institut Chiari des de la seva constituci\u00f3 (\u2026), ocupant-me com fins ara de resoldre els temes jur\u00eddics (\u2026).<\/p>\n<p>Per aix\u00f2, no puc m\u00e9s que felicitar-lo per un decenni d\u2019\u00e8xits humans i cient\u00edfics.<\/p>\n<p>Rebi una abra\u00e7ada i li dono el meu m\u00e9s absolut agra\u00efment per deixar-me formar part d\u2019aquest projecte.\u201d<\/p>\n<p>&nbsp;<\/p>\n<p><strong>Sr. Pablo Landecho i Sr. Francisco Cardells<\/strong><\/p>\n<p><em>Consultoria Biconsulting<\/em><em>\u00a0<\/em><\/p>\n<p>\u201cNo vol\u00edem faltar a la celebraci\u00f3 del 10\u00e8 aniversari de l\u2019Institut Chiari. No s\u2019oblidin\u00a0 de continuar realitzant molta investigaci\u00f3, \u00a0ja que hem de continuar acreditant junts!\u201d.<\/p>\n<p>\u201cMoltes felicitats, Dr. Royo. A vost\u00e8 i a tot el seu equip, per aquest gran \u00e8xit!\u201d.<\/p>\n<p><strong>Sra. Bego\u00f1a Guerrero Gilabert<\/strong><\/p>\n<p><em>Advocada del Bufete Guerrero de Castro<\/em><\/p>\n<p>\u201cMiguel, amb molt de treball has arribat fins avui, on amb orgull pots celebrar el 10\u00e8 aniversari de l\u2019Institut Chiari (\u2026).<br \/>\nV\u00e9ns d\u2019una hist\u00f2ria plena de lluita, d\u2019esfor\u00e7, d\u2019estudi, d\u2019investigaci\u00f3; una vida professional sencera dedicada a la Medicina, on sempre has posat per davant fer b\u00e9 la feina, l\u2019\u00e8tica, els teus pacients i el teu equip (\u2026). Crec que en pots estar orgull\u00f3s (\u2026). Tan sols que una \u00fanica persona impossibilitada surti de la teva consulta caminant, despr\u00e9s d\u2019haver estat operat a l\u2019Institut Chiari, ja d\u00f3na sentit a tota una vida.<\/p>\n<p>I en aquest cam\u00ed sempre has tingut la Mara, qui t\u2019ha recolzat en tot (\u2026), per aix\u00f2 tamb\u00e9 vull donar-li les gr\u00e0cies a ella: per la seva feina i la seva humanitat.<\/p>\n<p>Tots els professionals del Bufete Guerrero estem, des de fa molts anys, al vostre costat (\u2026) defensant els vostres interessos. Gr\u00e0cies.<\/p>\n<p>Felicitats! A tu, Miguel, a tu, Mara, a l\u2019Institut i a tot l\u2019equip. Tamb\u00e9 a tots els pacients (\u2026) perqu\u00e8 han cregut en tu, en vosaltres (\u2026). \u201d<\/p>\n<div class=\"jumbotron\">\n<p>Des de\u00a0<i>l\u2019Institut Chiari &amp; Siringomielia &amp; Escoliosis de Barcelona<\/i>\u00a0agra\u00efm la col\u00b7laboraci\u00f3 i el recolzament de tots els professionals que ens han acompanyat durant aquests anys, i que formen part de la nostra hist\u00f2ria en la lluita contra la\u00a0<i>Malaltia del Filum.<\/i><\/p>\n<\/div>\n","protected":false},"featured_media":76750,"template":"","tipos-de-comunicacion":[509],"class_list":["post-76749","comunicacion","type-comunicacion","status-publish","has-post-thumbnail","hentry","tipos-de-comunicacion-noticies"],"yoast_head":"<!-- This site is optimized with the Yoast SEO plugin v27.4 - https:\/\/yoast.com\/product\/yoast-seo-wordpress\/ -->\n<title>Professionals feliciten Dr. Royo pel 10\u00e8 aniversari | ICSEB<\/title>\n<meta name=\"description\" content=\"12 de juny del 2018 Amb motiu del 10\u00e8 aniversari de l\u2019Institut Chiari &amp; Siringomielia &amp; Escoliosis de Barcelona, diferents... \u00a0 Llegir m\u00e9s \u2192\" \/>\n<meta name=\"robots\" content=\"index, follow, max-snippet:-1, max-image-preview:large, max-video-preview:-1\" \/>\n<link rel=\"canonical\" href=\"https:\/\/institutchiaribcn.com\/ca\/professionals-lambit-sanitari-administratiu-feliciten-dr-royo-linstitut-chiari-siringomielia-escoliosis-barcelona-10e-aniversari\/\" \/>\n<meta property=\"og:locale\" content=\"ca_ES\" \/>\n<meta property=\"og:type\" content=\"article\" \/>\n<meta property=\"og:title\" content=\"Professionals feliciten Dr. Royo pel 10\u00e8 aniversari | ICSEB\" \/>\n<meta property=\"og:description\" content=\"12 de juny del 2018 Amb motiu del 10\u00e8 aniversari de l\u2019Institut Chiari &amp; Siringomielia &amp; Escoliosis de Barcelona, diferents... \u00a0 Llegir m\u00e9s \u2192\" \/>\n<meta property=\"og:url\" content=\"https:\/\/institutchiaribcn.com\/ca\/professionals-lambit-sanitari-administratiu-feliciten-dr-royo-linstitut-chiari-siringomielia-escoliosis-barcelona-10e-aniversari\/\" \/>\n<meta property=\"og:site_name\" content=\"Institut Chiari Barcelona\" \/>\n<meta property=\"article:modified_time\" content=\"2026-03-19T11:26:00+00:00\" \/>\n<meta property=\"og:image\" content=\"https:\/\/institutchiaribcn.com\/wp-content\/uploads\/2025\/10\/profesionales-felicitan-DrRoyo-ICSEB.png\" \/>\n\t<meta property=\"og:image:width\" content=\"200\" \/>\n\t<meta property=\"og:image:height\" content=\"200\" \/>\n\t<meta property=\"og:image:type\" content=\"image\/png\" \/>\n<meta name=\"twitter:card\" content=\"summary_large_image\" \/>\n<meta name=\"twitter:label1\" content=\"Temps estimat de lectura\" \/>\n\t<meta name=\"twitter:data1\" content=\"7 minuts\" \/>\n<script type=\"application\/ld+json\" class=\"yoast-schema-graph\">{\"@context\":\"https:\\\/\\\/schema.org\",\"@graph\":[{\"@type\":\"WebPage\",\"@id\":\"https:\\\/\\\/institutchiaribcn.com\\\/ca\\\/professionals-lambit-sanitari-administratiu-feliciten-dr-royo-linstitut-chiari-siringomielia-escoliosis-barcelona-10e-aniversari\\\/\",\"url\":\"https:\\\/\\\/institutchiaribcn.com\\\/ca\\\/professionals-lambit-sanitari-administratiu-feliciten-dr-royo-linstitut-chiari-siringomielia-escoliosis-barcelona-10e-aniversari\\\/\",\"name\":\"Professionals feliciten Dr. Royo pel 10\u00e8 aniversari | ICSEB\",\"isPartOf\":{\"@id\":\"https:\\\/\\\/institutchiaribcn.com\\\/ca\\\/#website\"},\"primaryImageOfPage\":{\"@id\":\"https:\\\/\\\/institutchiaribcn.com\\\/ca\\\/professionals-lambit-sanitari-administratiu-feliciten-dr-royo-linstitut-chiari-siringomielia-escoliosis-barcelona-10e-aniversari\\\/#primaryimage\"},\"image\":{\"@id\":\"https:\\\/\\\/institutchiaribcn.com\\\/ca\\\/professionals-lambit-sanitari-administratiu-feliciten-dr-royo-linstitut-chiari-siringomielia-escoliosis-barcelona-10e-aniversari\\\/#primaryimage\"},\"thumbnailUrl\":\"https:\\\/\\\/institutchiaribcn.com\\\/wp-content\\\/uploads\\\/2025\\\/10\\\/profesionales-felicitan-DrRoyo-ICSEB.png\",\"datePublished\":\"2018-06-18T22:00:00+00:00\",\"dateModified\":\"2026-03-19T11:26:00+00:00\",\"description\":\"12 de juny del 2018 Amb motiu del 10\u00e8 aniversari de l\u2019Institut Chiari & Siringomielia & Escoliosis de Barcelona, diferents... \u00a0 Llegir m\u00e9s \u2192\",\"breadcrumb\":{\"@id\":\"https:\\\/\\\/institutchiaribcn.com\\\/ca\\\/professionals-lambit-sanitari-administratiu-feliciten-dr-royo-linstitut-chiari-siringomielia-escoliosis-barcelona-10e-aniversari\\\/#breadcrumb\"},\"inLanguage\":\"ca\",\"potentialAction\":[{\"@type\":\"ReadAction\",\"target\":[\"https:\\\/\\\/institutchiaribcn.com\\\/ca\\\/professionals-lambit-sanitari-administratiu-feliciten-dr-royo-linstitut-chiari-siringomielia-escoliosis-barcelona-10e-aniversari\\\/\"]}]},{\"@type\":\"ImageObject\",\"inLanguage\":\"ca\",\"@id\":\"https:\\\/\\\/institutchiaribcn.com\\\/ca\\\/professionals-lambit-sanitari-administratiu-feliciten-dr-royo-linstitut-chiari-siringomielia-escoliosis-barcelona-10e-aniversari\\\/#primaryimage\",\"url\":\"https:\\\/\\\/institutchiaribcn.com\\\/wp-content\\\/uploads\\\/2025\\\/10\\\/profesionales-felicitan-DrRoyo-ICSEB.png\",\"contentUrl\":\"https:\\\/\\\/institutchiaribcn.com\\\/wp-content\\\/uploads\\\/2025\\\/10\\\/profesionales-felicitan-DrRoyo-ICSEB.png\",\"width\":200,\"height\":200},{\"@type\":\"BreadcrumbList\",\"@id\":\"https:\\\/\\\/institutchiaribcn.com\\\/ca\\\/professionals-lambit-sanitari-administratiu-feliciten-dr-royo-linstitut-chiari-siringomielia-escoliosis-barcelona-10e-aniversari\\\/#breadcrumb\",\"itemListElement\":[{\"@type\":\"ListItem\",\"position\":1,\"name\":\"Portada\",\"item\":\"https:\\\/\\\/institutchiaribcn.com\\\/ca\\\/\"},{\"@type\":\"ListItem\",\"position\":2,\"name\":\"Comunicaci\u00f3n\",\"item\":\"https:\\\/\\\/institutchiaribcn.com\\\/ca\\\/comunicacion\\\/\"},{\"@type\":\"ListItem\",\"position\":3,\"name\":\"Professionals de l\u2019\u00e0mbit sanitari i administratiu feliciten el Dr. Royo i l\u2019Institut Chiari &#038; Siringomielia &#038; Escoliosis de Barcelona en el seu 10\u00e8 aniversari.\"}]},{\"@type\":\"WebSite\",\"@id\":\"https:\\\/\\\/institutchiaribcn.com\\\/ca\\\/#website\",\"url\":\"https:\\\/\\\/institutchiaribcn.com\\\/ca\\\/\",\"name\":\"Institut Chiari de Barcelona\",\"description\":\"\",\"publisher\":{\"@id\":\"https:\\\/\\\/institutchiaribcn.com\\\/ca\\\/#organization\"},\"potentialAction\":[{\"@type\":\"SearchAction\",\"target\":{\"@type\":\"EntryPoint\",\"urlTemplate\":\"https:\\\/\\\/institutchiaribcn.com\\\/ca\\\/?s={search_term_string}\"},\"query-input\":{\"@type\":\"PropertyValueSpecification\",\"valueRequired\":true,\"valueName\":\"search_term_string\"}}],\"inLanguage\":\"ca\"},{\"@type\":\"Organization\",\"@id\":\"https:\\\/\\\/institutchiaribcn.com\\\/ca\\\/#organization\",\"name\":\"Institut Chiari de Barcelona\",\"url\":\"https:\\\/\\\/institutchiaribcn.com\\\/ca\\\/\",\"logo\":{\"@type\":\"ImageObject\",\"inLanguage\":\"ca\",\"@id\":\"https:\\\/\\\/institutchiaribcn.com\\\/ca\\\/#\\\/schema\\\/logo\\\/image\\\/\",\"url\":\"https:\\\/\\\/institutchiaribcn.com\\\/wp-content\\\/uploads\\\/2025\\\/10\\\/cropped-cropped-icsebNavLogo-1.png\",\"contentUrl\":\"https:\\\/\\\/institutchiaribcn.com\\\/wp-content\\\/uploads\\\/2025\\\/10\\\/cropped-cropped-icsebNavLogo-1.png\",\"width\":245,\"height\":99,\"caption\":\"Institut Chiari de Barcelona\"},\"image\":{\"@id\":\"https:\\\/\\\/institutchiaribcn.com\\\/ca\\\/#\\\/schema\\\/logo\\\/image\\\/\"}}]}<\/script>\n<!-- \/ Yoast SEO plugin. -->","yoast_head_json":{"title":"Professionals feliciten Dr. Royo pel 10\u00e8 aniversari | ICSEB","description":"12 de juny del 2018 Amb motiu del 10\u00e8 aniversari de l\u2019Institut Chiari & Siringomielia & Escoliosis de Barcelona, diferents... \u00a0 Llegir m\u00e9s \u2192","robots":{"index":"index","follow":"follow","max-snippet":"max-snippet:-1","max-image-preview":"max-image-preview:large","max-video-preview":"max-video-preview:-1"},"canonical":"https:\/\/institutchiaribcn.com\/ca\/professionals-lambit-sanitari-administratiu-feliciten-dr-royo-linstitut-chiari-siringomielia-escoliosis-barcelona-10e-aniversari\/","og_locale":"ca_ES","og_type":"article","og_title":"Professionals feliciten Dr. Royo pel 10\u00e8 aniversari | ICSEB","og_description":"12 de juny del 2018 Amb motiu del 10\u00e8 aniversari de l\u2019Institut Chiari & Siringomielia & Escoliosis de Barcelona, diferents... \u00a0 Llegir m\u00e9s \u2192","og_url":"https:\/\/institutchiaribcn.com\/ca\/professionals-lambit-sanitari-administratiu-feliciten-dr-royo-linstitut-chiari-siringomielia-escoliosis-barcelona-10e-aniversari\/","og_site_name":"Institut Chiari Barcelona","article_modified_time":"2026-03-19T11:26:00+00:00","og_image":[{"width":200,"height":200,"url":"https:\/\/institutchiaribcn.com\/wp-content\/uploads\/2025\/10\/profesionales-felicitan-DrRoyo-ICSEB.png","type":"image\/png"}],"twitter_card":"summary_large_image","twitter_misc":{"Temps estimat de lectura":"7 minuts"},"schema":{"@context":"https:\/\/schema.org","@graph":[{"@type":"WebPage","@id":"https:\/\/institutchiaribcn.com\/ca\/professionals-lambit-sanitari-administratiu-feliciten-dr-royo-linstitut-chiari-siringomielia-escoliosis-barcelona-10e-aniversari\/","url":"https:\/\/institutchiaribcn.com\/ca\/professionals-lambit-sanitari-administratiu-feliciten-dr-royo-linstitut-chiari-siringomielia-escoliosis-barcelona-10e-aniversari\/","name":"Professionals feliciten Dr. Royo pel 10\u00e8 aniversari | ICSEB","isPartOf":{"@id":"https:\/\/institutchiaribcn.com\/ca\/#website"},"primaryImageOfPage":{"@id":"https:\/\/institutchiaribcn.com\/ca\/professionals-lambit-sanitari-administratiu-feliciten-dr-royo-linstitut-chiari-siringomielia-escoliosis-barcelona-10e-aniversari\/#primaryimage"},"image":{"@id":"https:\/\/institutchiaribcn.com\/ca\/professionals-lambit-sanitari-administratiu-feliciten-dr-royo-linstitut-chiari-siringomielia-escoliosis-barcelona-10e-aniversari\/#primaryimage"},"thumbnailUrl":"https:\/\/institutchiaribcn.com\/wp-content\/uploads\/2025\/10\/profesionales-felicitan-DrRoyo-ICSEB.png","datePublished":"2018-06-18T22:00:00+00:00","dateModified":"2026-03-19T11:26:00+00:00","description":"12 de juny del 2018 Amb motiu del 10\u00e8 aniversari de l\u2019Institut Chiari & Siringomielia & Escoliosis de Barcelona, diferents... \u00a0 Llegir m\u00e9s \u2192","breadcrumb":{"@id":"https:\/\/institutchiaribcn.com\/ca\/professionals-lambit-sanitari-administratiu-feliciten-dr-royo-linstitut-chiari-siringomielia-escoliosis-barcelona-10e-aniversari\/#breadcrumb"},"inLanguage":"ca","potentialAction":[{"@type":"ReadAction","target":["https:\/\/institutchiaribcn.com\/ca\/professionals-lambit-sanitari-administratiu-feliciten-dr-royo-linstitut-chiari-siringomielia-escoliosis-barcelona-10e-aniversari\/"]}]},{"@type":"ImageObject","inLanguage":"ca","@id":"https:\/\/institutchiaribcn.com\/ca\/professionals-lambit-sanitari-administratiu-feliciten-dr-royo-linstitut-chiari-siringomielia-escoliosis-barcelona-10e-aniversari\/#primaryimage","url":"https:\/\/institutchiaribcn.com\/wp-content\/uploads\/2025\/10\/profesionales-felicitan-DrRoyo-ICSEB.png","contentUrl":"https:\/\/institutchiaribcn.com\/wp-content\/uploads\/2025\/10\/profesionales-felicitan-DrRoyo-ICSEB.png","width":200,"height":200},{"@type":"BreadcrumbList","@id":"https:\/\/institutchiaribcn.com\/ca\/professionals-lambit-sanitari-administratiu-feliciten-dr-royo-linstitut-chiari-siringomielia-escoliosis-barcelona-10e-aniversari\/#breadcrumb","itemListElement":[{"@type":"ListItem","position":1,"name":"Portada","item":"https:\/\/institutchiaribcn.com\/ca\/"},{"@type":"ListItem","position":2,"name":"Comunicaci\u00f3n","item":"https:\/\/institutchiaribcn.com\/ca\/comunicacion\/"},{"@type":"ListItem","position":3,"name":"Professionals de l\u2019\u00e0mbit sanitari i administratiu feliciten el Dr. Royo i l\u2019Institut Chiari &#038; Siringomielia &#038; Escoliosis de Barcelona en el seu 10\u00e8 aniversari."}]},{"@type":"WebSite","@id":"https:\/\/institutchiaribcn.com\/ca\/#website","url":"https:\/\/institutchiaribcn.com\/ca\/","name":"Institut Chiari de Barcelona","description":"","publisher":{"@id":"https:\/\/institutchiaribcn.com\/ca\/#organization"},"potentialAction":[{"@type":"SearchAction","target":{"@type":"EntryPoint","urlTemplate":"https:\/\/institutchiaribcn.com\/ca\/?s={search_term_string}"},"query-input":{"@type":"PropertyValueSpecification","valueRequired":true,"valueName":"search_term_string"}}],"inLanguage":"ca"},{"@type":"Organization","@id":"https:\/\/institutchiaribcn.com\/ca\/#organization","name":"Institut Chiari de Barcelona","url":"https:\/\/institutchiaribcn.com\/ca\/","logo":{"@type":"ImageObject","inLanguage":"ca","@id":"https:\/\/institutchiaribcn.com\/ca\/#\/schema\/logo\/image\/","url":"https:\/\/institutchiaribcn.com\/wp-content\/uploads\/2025\/10\/cropped-cropped-icsebNavLogo-1.png","contentUrl":"https:\/\/institutchiaribcn.com\/wp-content\/uploads\/2025\/10\/cropped-cropped-icsebNavLogo-1.png","width":245,"height":99,"caption":"Institut Chiari de Barcelona"},"image":{"@id":"https:\/\/institutchiaribcn.com\/ca\/#\/schema\/logo\/image\/"}}]}},"_links":{"self":[{"href":"https:\/\/institutchiaribcn.com\/ca\/wp-json\/wp\/v2\/comunicacion\/76749","targetHints":{"allow":["GET"]}}],"collection":[{"href":"https:\/\/institutchiaribcn.com\/ca\/wp-json\/wp\/v2\/comunicacion"}],"about":[{"href":"https:\/\/institutchiaribcn.com\/ca\/wp-json\/wp\/v2\/types\/comunicacion"}],"wp:featuredmedia":[{"embeddable":true,"href":"https:\/\/institutchiaribcn.com\/ca\/wp-json\/wp\/v2\/media\/76750"}],"wp:attachment":[{"href":"https:\/\/institutchiaribcn.com\/ca\/wp-json\/wp\/v2\/media?parent=76749"}],"wp:term":[{"taxonomy":"tipos-de-comunicacion","embeddable":true,"href":"https:\/\/institutchiaribcn.com\/ca\/wp-json\/wp\/v2\/tipos-de-comunicacion?post=76749"}],"curies":[{"name":"wp","href":"https:\/\/api.w.org\/{rel}","templated":true}]}}