{"id":76523,"date":"2020-03-17T00:00:00","date_gmt":"2020-03-16T23:00:00","guid":{"rendered":"https:\/\/dev.institutchiaribcn.com\/comunicacion\/quina-relacio-existeix-entre-la-malaltia-del-filum-i-la-covid-19\/"},"modified":"2026-03-19T09:27:09","modified_gmt":"2026-03-19T08:27:09","slug":"quina-relacio-existeix-entre-la-malaltia-del-filum-i-la-covid-19","status":"publish","type":"comunicacion","link":"https:\/\/institutchiaribcn.com\/ca\/quina-relacio-existeix-entre-la-malaltia-del-filum-i-la-covid-19\/","title":{"rendered":"Quina relaci\u00f3 existeix entre la Malaltia del Filum i la COVID-19?"},"content":{"rendered":"<p class=\"text-muted aniview centerTXT\">Publicat per\u00a0<a title=\"Entrades de ICSEB\" href=\"https:\/\/institutchiaribcn.com\/ca\/author\/anoop\/\" rel=\"author\">ICSEB<\/a>\u00a0el 17 mar\u00e7, 2020<\/p>\n<p>&nbsp;<\/p>\n<p><a href=\"https:\/\/institutchiaribcn.com\/wp-content\/uploads\/2020\/03\/Covid-19-filum-diease.jpg\"><img fetchpriority=\"high\" decoding=\"async\" class=\"text-wrap img-responsive\" src=\"https:\/\/institutchiaribcn.com\/wp-content\/uploads\/2020\/03\/Covid-19-filum-diease.jpg\" alt=\"\" width=\"400\" height=\"200\" \/><\/a><\/p>\n<p>Per respondre a aquesta pregunta, hem considerat alguns arguments:<\/p>\n<p>&nbsp;<\/p>\n<ol>\n<li>1. La Malaltia COVID-19 \u00e9s nova i recentment transferida des d\u2019una esp\u00e8cie animal als humans. En sabem molt poc sobre ella, nom\u00e9s que t\u00e9 tres mesos i divuit dies d\u2019exist\u00e8ncia.<\/li>\n<li>2. No ens consta cap cas de Malaltia del Filum amb COVID-19. Encara que el m\u00e9s probable \u00e9s que n\u2019hi hagi milers de desenes.<\/li>\n<li>3. Sabem que la COVID-19 cursa amb un quadre febril, cefalea, tos seca i en els casos m\u00e9s greus insufici\u00e8ncia respirat\u00f2ria per afectaci\u00f3 als pulmons.<\/li>\n<li>4. La COVID-19 es comporta de manera semblant a una grip comuna, en la majoria dels casos, un 80% pot passar desapercebuda o amb molt pocs s\u00edmptomes.<\/li>\n<\/ol>\n<p>&nbsp;<\/p>\n<p>Considerant els anteriors arguments, podem suposar que:<\/p>\n<p>&nbsp;<\/p>\n<ul>\n<li>1. La COVID-19 pot augmentar el quadre de cefalea en augmentar la pressi\u00f3 intracranial pel proc\u00e9s infecci\u00f3s i per la tos, com la maniobra de Valsava. Agreujant la simptomatologia d\u2019un probable descens d\u2019am\u00edgdales cerebel\u00b7loses o la S\u00edndrome d\u2019Arnold Chiari I.<\/li>\n<li>2. La tos de la COVID-19 tamb\u00e9 pot agreujar la simptomatologia d\u2019una cavitat siringomi\u00e8lica, de forma semblant com ho faria la tos d\u2019una grip comuna, \u00e9s a dir, generalment m\u00e9s aviat poc.<\/li>\n<li>3. L\u2019afectaci\u00f3 pulmonar de la COVID-19 es pot sumar a l\u2019afectaci\u00f3 del centre respiratori en el tronc cerebral, que pot existir en la Malaltia del Filum. I tamb\u00e9, pot agreujar una s\u00edndrome restrictiva-pulmonar per una Escoliosi Idiop\u00e0tica severa (en casos excepcionals).<\/li>\n<li>4. M\u00e9s endavant, veurem si la COVID-19 afecta altres \u00f2rgans com al sistema nervi\u00f3s, card\u00edac o d\u2019altres, condicionant el pron\u00f2stic de l\u2019associaci\u00f3 Malaltia del Filum i COVID-19. Pel que s\u2019ha observat fins ara, \u00e9s poca o nul\u00b7la la possible afectaci\u00f3 d\u2019altres \u00f2rgans per la COVID-19.<\/li>\n<li>5. En general, la Malaltia del Filum no suposa un augment de risc per la CODIV-19.<\/li>\n<\/ul>\n","protected":false},"featured_media":76524,"template":"","tipos-de-comunicacion":[509],"class_list":["post-76523","comunicacion","type-comunicacion","status-publish","has-post-thumbnail","hentry","tipos-de-comunicacion-noticies"],"yoast_head":"<!-- This site is optimized with the Yoast SEO plugin v27.4 - https:\/\/yoast.com\/product\/yoast-seo-wordpress\/ -->\n<title>Relaci\u00f3 Filum i COVID-19: s\u00edmptomes i risc | ICSEB<\/title>\n<meta name=\"description\" content=\"Per respondre a aquesta pregunta, hem considerat alguns arguments: 1. La Malaltia COVID-19 \u00e9s nova i recentment transferida... \u00a0 Llegir m\u00e9s \u2192\" \/>\n<meta name=\"robots\" content=\"index, follow, max-snippet:-1, max-image-preview:large, max-video-preview:-1\" \/>\n<link rel=\"canonical\" href=\"https:\/\/institutchiaribcn.com\/ca\/quina-relacio-existeix-entre-la-malaltia-del-filum-i-la-covid-19\/\" \/>\n<meta property=\"og:locale\" content=\"ca_ES\" \/>\n<meta property=\"og:type\" content=\"article\" \/>\n<meta property=\"og:title\" content=\"Relaci\u00f3 Filum i COVID-19: s\u00edmptomes i risc | ICSEB\" \/>\n<meta property=\"og:description\" content=\"Per respondre a aquesta pregunta, hem considerat alguns arguments: 1. La Malaltia COVID-19 \u00e9s nova i recentment transferida... \u00a0 Llegir m\u00e9s \u2192\" \/>\n<meta property=\"og:url\" content=\"https:\/\/institutchiaribcn.com\/ca\/quina-relacio-existeix-entre-la-malaltia-del-filum-i-la-covid-19\/\" \/>\n<meta property=\"og:site_name\" content=\"Institut Chiari Barcelona\" \/>\n<meta property=\"article:modified_time\" content=\"2026-03-19T08:27:09+00:00\" \/>\n<meta property=\"og:image\" content=\"https:\/\/institutchiaribcn.com\/wp-content\/uploads\/2025\/10\/covid-19-EF-icseb.jpg\" \/>\n\t<meta property=\"og:image:width\" content=\"200\" \/>\n\t<meta property=\"og:image:height\" content=\"200\" \/>\n\t<meta property=\"og:image:type\" content=\"image\/jpeg\" \/>\n<meta name=\"twitter:card\" content=\"summary_large_image\" \/>\n<meta name=\"twitter:label1\" content=\"Temps estimat de lectura\" \/>\n\t<meta name=\"twitter:data1\" content=\"2 minuts\" \/>\n<script type=\"application\/ld+json\" class=\"yoast-schema-graph\">{\"@context\":\"https:\\\/\\\/schema.org\",\"@graph\":[{\"@type\":\"WebPage\",\"@id\":\"https:\\\/\\\/institutchiaribcn.com\\\/ca\\\/quina-relacio-existeix-entre-la-malaltia-del-filum-i-la-covid-19\\\/\",\"url\":\"https:\\\/\\\/institutchiaribcn.com\\\/ca\\\/quina-relacio-existeix-entre-la-malaltia-del-filum-i-la-covid-19\\\/\",\"name\":\"Relaci\u00f3 Filum i COVID-19: s\u00edmptomes i risc | ICSEB\",\"isPartOf\":{\"@id\":\"https:\\\/\\\/institutchiaribcn.com\\\/ca\\\/#website\"},\"primaryImageOfPage\":{\"@id\":\"https:\\\/\\\/institutchiaribcn.com\\\/ca\\\/quina-relacio-existeix-entre-la-malaltia-del-filum-i-la-covid-19\\\/#primaryimage\"},\"image\":{\"@id\":\"https:\\\/\\\/institutchiaribcn.com\\\/ca\\\/quina-relacio-existeix-entre-la-malaltia-del-filum-i-la-covid-19\\\/#primaryimage\"},\"thumbnailUrl\":\"https:\\\/\\\/institutchiaribcn.com\\\/wp-content\\\/uploads\\\/2025\\\/10\\\/covid-19-EF-icseb.jpg\",\"datePublished\":\"2020-03-16T23:00:00+00:00\",\"dateModified\":\"2026-03-19T08:27:09+00:00\",\"description\":\"Per respondre a aquesta pregunta, hem considerat alguns arguments: 1. La Malaltia COVID-19 \u00e9s nova i recentment transferida... \u00a0 Llegir m\u00e9s \u2192\",\"breadcrumb\":{\"@id\":\"https:\\\/\\\/institutchiaribcn.com\\\/ca\\\/quina-relacio-existeix-entre-la-malaltia-del-filum-i-la-covid-19\\\/#breadcrumb\"},\"inLanguage\":\"ca\",\"potentialAction\":[{\"@type\":\"ReadAction\",\"target\":[\"https:\\\/\\\/institutchiaribcn.com\\\/ca\\\/quina-relacio-existeix-entre-la-malaltia-del-filum-i-la-covid-19\\\/\"]}]},{\"@type\":\"ImageObject\",\"inLanguage\":\"ca\",\"@id\":\"https:\\\/\\\/institutchiaribcn.com\\\/ca\\\/quina-relacio-existeix-entre-la-malaltia-del-filum-i-la-covid-19\\\/#primaryimage\",\"url\":\"https:\\\/\\\/institutchiaribcn.com\\\/wp-content\\\/uploads\\\/2025\\\/10\\\/covid-19-EF-icseb.jpg\",\"contentUrl\":\"https:\\\/\\\/institutchiaribcn.com\\\/wp-content\\\/uploads\\\/2025\\\/10\\\/covid-19-EF-icseb.jpg\",\"width\":200,\"height\":200},{\"@type\":\"BreadcrumbList\",\"@id\":\"https:\\\/\\\/institutchiaribcn.com\\\/ca\\\/quina-relacio-existeix-entre-la-malaltia-del-filum-i-la-covid-19\\\/#breadcrumb\",\"itemListElement\":[{\"@type\":\"ListItem\",\"position\":1,\"name\":\"Portada\",\"item\":\"https:\\\/\\\/institutchiaribcn.com\\\/ca\\\/\"},{\"@type\":\"ListItem\",\"position\":2,\"name\":\"Comunicaci\u00f3n\",\"item\":\"https:\\\/\\\/institutchiaribcn.com\\\/ca\\\/comunicacion\\\/\"},{\"@type\":\"ListItem\",\"position\":3,\"name\":\"Quina relaci\u00f3 existeix entre la Malaltia del Filum i la COVID-19?\"}]},{\"@type\":\"WebSite\",\"@id\":\"https:\\\/\\\/institutchiaribcn.com\\\/ca\\\/#website\",\"url\":\"https:\\\/\\\/institutchiaribcn.com\\\/ca\\\/\",\"name\":\"Institut Chiari de Barcelona\",\"description\":\"\",\"publisher\":{\"@id\":\"https:\\\/\\\/institutchiaribcn.com\\\/ca\\\/#organization\"},\"potentialAction\":[{\"@type\":\"SearchAction\",\"target\":{\"@type\":\"EntryPoint\",\"urlTemplate\":\"https:\\\/\\\/institutchiaribcn.com\\\/ca\\\/?s={search_term_string}\"},\"query-input\":{\"@type\":\"PropertyValueSpecification\",\"valueRequired\":true,\"valueName\":\"search_term_string\"}}],\"inLanguage\":\"ca\"},{\"@type\":\"Organization\",\"@id\":\"https:\\\/\\\/institutchiaribcn.com\\\/ca\\\/#organization\",\"name\":\"Institut Chiari de Barcelona\",\"url\":\"https:\\\/\\\/institutchiaribcn.com\\\/ca\\\/\",\"logo\":{\"@type\":\"ImageObject\",\"inLanguage\":\"ca\",\"@id\":\"https:\\\/\\\/institutchiaribcn.com\\\/ca\\\/#\\\/schema\\\/logo\\\/image\\\/\",\"url\":\"https:\\\/\\\/institutchiaribcn.com\\\/wp-content\\\/uploads\\\/2025\\\/10\\\/cropped-cropped-icsebNavLogo-1.png\",\"contentUrl\":\"https:\\\/\\\/institutchiaribcn.com\\\/wp-content\\\/uploads\\\/2025\\\/10\\\/cropped-cropped-icsebNavLogo-1.png\",\"width\":245,\"height\":99,\"caption\":\"Institut Chiari de Barcelona\"},\"image\":{\"@id\":\"https:\\\/\\\/institutchiaribcn.com\\\/ca\\\/#\\\/schema\\\/logo\\\/image\\\/\"}}]}<\/script>\n<!-- \/ Yoast SEO plugin. -->","yoast_head_json":{"title":"Relaci\u00f3 Filum i COVID-19: s\u00edmptomes i risc | ICSEB","description":"Per respondre a aquesta pregunta, hem considerat alguns arguments: 1. La Malaltia COVID-19 \u00e9s nova i recentment transferida... \u00a0 Llegir m\u00e9s \u2192","robots":{"index":"index","follow":"follow","max-snippet":"max-snippet:-1","max-image-preview":"max-image-preview:large","max-video-preview":"max-video-preview:-1"},"canonical":"https:\/\/institutchiaribcn.com\/ca\/quina-relacio-existeix-entre-la-malaltia-del-filum-i-la-covid-19\/","og_locale":"ca_ES","og_type":"article","og_title":"Relaci\u00f3 Filum i COVID-19: s\u00edmptomes i risc | ICSEB","og_description":"Per respondre a aquesta pregunta, hem considerat alguns arguments: 1. La Malaltia COVID-19 \u00e9s nova i recentment transferida... \u00a0 Llegir m\u00e9s \u2192","og_url":"https:\/\/institutchiaribcn.com\/ca\/quina-relacio-existeix-entre-la-malaltia-del-filum-i-la-covid-19\/","og_site_name":"Institut Chiari Barcelona","article_modified_time":"2026-03-19T08:27:09+00:00","og_image":[{"width":200,"height":200,"url":"https:\/\/institutchiaribcn.com\/wp-content\/uploads\/2025\/10\/covid-19-EF-icseb.jpg","type":"image\/jpeg"}],"twitter_card":"summary_large_image","twitter_misc":{"Temps estimat de lectura":"2 minuts"},"schema":{"@context":"https:\/\/schema.org","@graph":[{"@type":"WebPage","@id":"https:\/\/institutchiaribcn.com\/ca\/quina-relacio-existeix-entre-la-malaltia-del-filum-i-la-covid-19\/","url":"https:\/\/institutchiaribcn.com\/ca\/quina-relacio-existeix-entre-la-malaltia-del-filum-i-la-covid-19\/","name":"Relaci\u00f3 Filum i COVID-19: s\u00edmptomes i risc | ICSEB","isPartOf":{"@id":"https:\/\/institutchiaribcn.com\/ca\/#website"},"primaryImageOfPage":{"@id":"https:\/\/institutchiaribcn.com\/ca\/quina-relacio-existeix-entre-la-malaltia-del-filum-i-la-covid-19\/#primaryimage"},"image":{"@id":"https:\/\/institutchiaribcn.com\/ca\/quina-relacio-existeix-entre-la-malaltia-del-filum-i-la-covid-19\/#primaryimage"},"thumbnailUrl":"https:\/\/institutchiaribcn.com\/wp-content\/uploads\/2025\/10\/covid-19-EF-icseb.jpg","datePublished":"2020-03-16T23:00:00+00:00","dateModified":"2026-03-19T08:27:09+00:00","description":"Per respondre a aquesta pregunta, hem considerat alguns arguments: 1. La Malaltia COVID-19 \u00e9s nova i recentment transferida... \u00a0 Llegir m\u00e9s \u2192","breadcrumb":{"@id":"https:\/\/institutchiaribcn.com\/ca\/quina-relacio-existeix-entre-la-malaltia-del-filum-i-la-covid-19\/#breadcrumb"},"inLanguage":"ca","potentialAction":[{"@type":"ReadAction","target":["https:\/\/institutchiaribcn.com\/ca\/quina-relacio-existeix-entre-la-malaltia-del-filum-i-la-covid-19\/"]}]},{"@type":"ImageObject","inLanguage":"ca","@id":"https:\/\/institutchiaribcn.com\/ca\/quina-relacio-existeix-entre-la-malaltia-del-filum-i-la-covid-19\/#primaryimage","url":"https:\/\/institutchiaribcn.com\/wp-content\/uploads\/2025\/10\/covid-19-EF-icseb.jpg","contentUrl":"https:\/\/institutchiaribcn.com\/wp-content\/uploads\/2025\/10\/covid-19-EF-icseb.jpg","width":200,"height":200},{"@type":"BreadcrumbList","@id":"https:\/\/institutchiaribcn.com\/ca\/quina-relacio-existeix-entre-la-malaltia-del-filum-i-la-covid-19\/#breadcrumb","itemListElement":[{"@type":"ListItem","position":1,"name":"Portada","item":"https:\/\/institutchiaribcn.com\/ca\/"},{"@type":"ListItem","position":2,"name":"Comunicaci\u00f3n","item":"https:\/\/institutchiaribcn.com\/ca\/comunicacion\/"},{"@type":"ListItem","position":3,"name":"Quina relaci\u00f3 existeix entre la Malaltia del Filum i la COVID-19?"}]},{"@type":"WebSite","@id":"https:\/\/institutchiaribcn.com\/ca\/#website","url":"https:\/\/institutchiaribcn.com\/ca\/","name":"Institut Chiari de Barcelona","description":"","publisher":{"@id":"https:\/\/institutchiaribcn.com\/ca\/#organization"},"potentialAction":[{"@type":"SearchAction","target":{"@type":"EntryPoint","urlTemplate":"https:\/\/institutchiaribcn.com\/ca\/?s={search_term_string}"},"query-input":{"@type":"PropertyValueSpecification","valueRequired":true,"valueName":"search_term_string"}}],"inLanguage":"ca"},{"@type":"Organization","@id":"https:\/\/institutchiaribcn.com\/ca\/#organization","name":"Institut Chiari de Barcelona","url":"https:\/\/institutchiaribcn.com\/ca\/","logo":{"@type":"ImageObject","inLanguage":"ca","@id":"https:\/\/institutchiaribcn.com\/ca\/#\/schema\/logo\/image\/","url":"https:\/\/institutchiaribcn.com\/wp-content\/uploads\/2025\/10\/cropped-cropped-icsebNavLogo-1.png","contentUrl":"https:\/\/institutchiaribcn.com\/wp-content\/uploads\/2025\/10\/cropped-cropped-icsebNavLogo-1.png","width":245,"height":99,"caption":"Institut Chiari de Barcelona"},"image":{"@id":"https:\/\/institutchiaribcn.com\/ca\/#\/schema\/logo\/image\/"}}]}},"_links":{"self":[{"href":"https:\/\/institutchiaribcn.com\/ca\/wp-json\/wp\/v2\/comunicacion\/76523","targetHints":{"allow":["GET"]}}],"collection":[{"href":"https:\/\/institutchiaribcn.com\/ca\/wp-json\/wp\/v2\/comunicacion"}],"about":[{"href":"https:\/\/institutchiaribcn.com\/ca\/wp-json\/wp\/v2\/types\/comunicacion"}],"wp:featuredmedia":[{"embeddable":true,"href":"https:\/\/institutchiaribcn.com\/ca\/wp-json\/wp\/v2\/media\/76524"}],"wp:attachment":[{"href":"https:\/\/institutchiaribcn.com\/ca\/wp-json\/wp\/v2\/media?parent=76523"}],"wp:term":[{"taxonomy":"tipos-de-comunicacion","embeddable":true,"href":"https:\/\/institutchiaribcn.com\/ca\/wp-json\/wp\/v2\/tipos-de-comunicacion?post=76523"}],"curies":[{"name":"wp","href":"https:\/\/api.w.org\/{rel}","templated":true}]}}