{"id":59402,"date":"2012-10-17T00:00:00","date_gmt":"2012-10-16T22:00:00","guid":{"rendered":"https:\/\/dev.institutchiaribcn.com\/testimonios\/%d8%a3%d9%86%d8%a7-%d8%a3%d8%af%d9%84-%d9%85%d8%aa%d9%84%d8%a7%d8%b2%d9%85%d8%a9-%d8%ac%d8%b1-%d8%a7%d9%84%d8%ad%d8%a8%d9%84-%d8%a7%d9%84%d8%b4%d9%88%d9%83%d9%8a-%d8%b3%d9%8a%d8%b1%d9%8a%d9%86%d9%82\/"},"modified":"2026-04-15T12:52:44","modified_gmt":"2026-04-15T10:52:44","slug":"anna-adell-querol-cord-traction-syndrome-idiopathic-syringomyelia-2","status":"publish","type":"testimonios","link":"https:\/\/institutchiaribcn.com\/ar\/anna-adell-querol-cord-traction-syndrome-idiopathic-syringomyelia-2\/","title":{"rendered":"\u0623\u0646\u0627 \u0623\u062f\u0644. \u0645\u062a\u0644\u0627\u0632\u0645\u0629 \u062c\u0631 \u0627\u0644\u062d\u0628\u0644 \u0627\u0644\u0634\u0648\u0643\u064a. \u0633\u064a\u0631\u064a\u0646\u0642\u0648\u0645\u064a\u0644\u064a\u0627 (\u062a\u0643\u0647\u0641 \u0627\u0644\u0646\u062e\u0627\u0639) \u0645\u062c\u0647\u0648\u0644 \u0627\u0644\u0633\u0628\u0628"},"content":{"rendered":"<p>&nbsp;<\/p>\n<div style=\"text-align: right;\"><strong><span dir=\"auto\" style=\"vertical-align: inherit;\"><span dir=\"auto\" style=\"vertical-align: inherit;\">Fecha de la cirug\u00eda: julio <\/span><\/span><\/strong><strong><span dir=\"auto\" style=\"vertical-align: inherit;\"><span dir=\"auto\" style=\"vertical-align: inherit;\">de 2012<\/span><\/span><\/strong><\/div>\n<div style=\"text-align: right;\"><\/div>\n<div style=\"text-align: right;\"><img decoding=\"async\" class=\"alignnone size-full wp-image-1982\" src=\"https:\/\/institutchiaribcn.com\/ar\/wp-content\/pics\/2015\/05\/esp.gif\" alt=\"\" width=\"20\" height=\"14\" \/><\/div>\n<div style=\"text-align: right;\"><\/div>\n<div style=\"text-align: right;\"><span dir=\"auto\" style=\"vertical-align: inherit;\"><span dir=\"auto\" style=\"vertical-align: inherit;\">\u00a0Hace unos 10 a\u00f1os, comenc\u00e9 a sentir molestias en los brazos. En aquel entonces, los m\u00e9dicos dijeron que se deb\u00eda a una tendinitis y a un mal movimiento que hab\u00eda hecho&#8230; pero el dolor fue empeorando y comenc\u00e9 a perder fuerza.<\/span><\/span><\/div>\n<div style=\"text-align: right;\"><\/div>\n<div style=\"text-align: right;\"><span dir=\"auto\" style=\"vertical-align: inherit;\"><span dir=\"auto\" style=\"vertical-align: inherit;\">El a\u00f1o pasado me hicieron una electromiograf\u00eda (EMG). En ese momento ni siquiera pod\u00eda sostener un bol\u00edgrafo, y me dijeron que ten\u00eda s\u00edndrome del t\u00fanel carpiano. Sin embargo, no me sent\u00ed mejor despu\u00e9s del procedimiento, y luego los m\u00e9dicos me diagnosticaron s\u00edndrome depresivo.<\/span><\/span><\/div>\n<div style=\"text-align: right;\"><span dir=\"auto\" style=\"vertical-align: inherit;\"><span dir=\"auto\" style=\"vertical-align: inherit;\">Por eso, contactamos al Dr. Royo para que diagnosticara mi afecci\u00f3n con precisi\u00f3n. El d\u00eda que fui a su cl\u00ednica, me examin\u00f3 neurol\u00f3gicamente y, seg\u00fan los resultados, me pidi\u00f3 que me hiciera otras pruebas, incluyendo resonancias magn\u00e9ticas.<\/span><\/span><\/div>\n<div style=\"text-align: right;\"><span dir=\"auto\" style=\"vertical-align: inherit;\"><span dir=\"auto\" style=\"vertical-align: inherit;\">Electromiograma<\/span><\/span><\/div>\n<div style=\"text-align: right;\"><\/div>\n<div style=\"text-align: right;\"><span dir=\"auto\" style=\"vertical-align: inherit;\"><span dir=\"auto\" style=\"vertical-align: inherit;\">Tras recibir los resultados, me diagnosticaron espina b\u00edfida y siringomielia de causa desconocida. Esto explicaba todos los s\u00edntomas que hab\u00eda estado experimentando.<\/span><\/span><\/div>\n<div style=\"text-align: right;\"><\/div>\n<div style=\"text-align: right;\"><span dir=\"auto\" style=\"vertical-align: inherit;\"><span dir=\"auto\" style=\"vertical-align: inherit;\">El 3 de julio de 2012 me somet\u00ed a una secci\u00f3n del peron\u00e9 terminal y, tan solo 8 horas despu\u00e9s de la cirug\u00eda, recuper\u00e9 un kilogramo de fuerza en la mano.<\/span><\/span><\/div>\n<div style=\"text-align: right;\"><\/div>\n<div style=\"text-align: right;\"><span dir=\"auto\" style=\"vertical-align: inherit;\"><span dir=\"auto\" style=\"vertical-align: inherit;\">Diez d\u00edas despu\u00e9s, regres\u00e9 a la cl\u00ednica del Dr. Royo y para entonces hab\u00eda recuperado el doble de fuerza en ambos brazos. Durante este tiempo, ya no sent\u00eda ninguna molestia en ellos; nunca los sent\u00ed entumecidos ni nada por el estilo, como si nunca les hubiera pasado nada.<\/span><\/span><\/div>\n<div style=\"text-align: right;\"><\/div>\n<div style=\"text-align: right;\"><span dir=\"auto\" style=\"vertical-align: inherit;\"><strong><span dir=\"auto\" style=\"vertical-align: inherit;\">Tel\u00e9fono<\/span><\/strong><span dir=\"auto\" style=\"vertical-align: inherit;\"> :\u00a0 <\/span><strong><span dir=\"auto\" style=\"vertical-align: inherit;\">649191231<\/span><\/strong><\/span><\/div>\n<div style=\"text-align: right;\"><strong>\u00a0<\/strong><\/div>\n<div style=\"text-align: right;\"><strong><strong>\u00a0<a href=\"mailto:Ad.anna@hotmail.com\" target=\"_blank\" rel=\"noopener\"><span dir=\"auto\" style=\"vertical-align: inherit;\"><span dir=\"auto\" style=\"vertical-align: inherit;\">Ad.anna@hotmail.com<\/span><\/span><\/a><\/strong><\/strong><\/div>\n<p><a class=\"btn btn-default fade-hover\" href=\"https:\/\/institutchiaribcn.com\/ar\/anna-adell-querol-cord-traction-syndrome-idiopathic-syringomyelia\/\"><span dir=\"auto\" style=\"vertical-align: inherit;\"><span dir=\"auto\" style=\"vertical-align: inherit;\">Ve al <\/span><\/span><strong><span dir=\"auto\" style=\"vertical-align: inherit;\"><span dir=\"auto\" style=\"vertical-align: inherit;\">testimonio de Anna<\/span><\/span><\/strong><\/a><\/p>\n","protected":false},"featured_media":59403,"template":"","tipos-de-testimonio":[362,385],"class_list":["post-59402","testimonios","type-testimonios","status-publish","has-post-thumbnail","hentry","tipos-de-testimonio-362","tipos-de-testimonio-385"],"yoast_head":"<!-- This site is optimized with the Yoast SEO plugin v27.4 - https:\/\/yoast.com\/product\/yoast-seo-wordpress\/ -->\n<title>\u0622\u0646\u0627 \u0623\u062f\u064a\u0644 \u0643\u064a\u0631\u0648\u0644: \u062a\u0643\u0647\u0641 \u0627\u0644\u0646\u062e\u0627\u0639 | ICSEB<\/title>\n<meta name=\"description\" content=\"\u062a\u0641\u0627\u0635\u064a\u0644 \u062d\u0627\u0644\u0629 \u0622\u0646\u0627 \u0623\u062f\u064a\u0644 \u0643\u064a\u0631\u0648\u0644 \u0645\u0639 \u0645\u062a\u0644\u0627\u0632\u0645\u0629 \u0634\u062f \u0627\u0644\u062d\u0628\u0644 \u0627\u0644\u0634\u0648\u0643\u064a \u0648\u0627\u0644\u062a\u0643\u0647\u0641\u060c \u0645\u0639 \u0634\u0631\u062d \u0627\u0644\u062a\u062f\u062e\u0644 \u0627\u0644\u0637\u0628\u064a \u0648\u0645\u0631\u0627\u062d\u0644 \u0627\u0644\u0645\u062a\u0627\u0628\u0639\u0629.\" \/>\n<meta name=\"robots\" content=\"index, follow, max-snippet:-1, max-image-preview:large, max-video-preview:-1\" \/>\n<link rel=\"canonical\" href=\"https:\/\/institutchiaribcn.com\/ar\/anna-adell-querol-cord-traction-syndrome-idiopathic-syringomyelia-2\/\" \/>\n<meta property=\"og:locale\" content=\"ar_AR\" \/>\n<meta property=\"og:type\" content=\"article\" \/>\n<meta property=\"og:title\" content=\"\u0622\u0646\u0627 \u0623\u062f\u064a\u0644 \u0643\u064a\u0631\u0648\u0644: \u062a\u0643\u0647\u0641 \u0627\u0644\u0646\u062e\u0627\u0639 | ICSEB\" \/>\n<meta property=\"og:description\" content=\"\u062a\u0641\u0627\u0635\u064a\u0644 \u062d\u0627\u0644\u0629 \u0622\u0646\u0627 \u0623\u062f\u064a\u0644 \u0643\u064a\u0631\u0648\u0644 \u0645\u0639 \u0645\u062a\u0644\u0627\u0632\u0645\u0629 \u0634\u062f \u0627\u0644\u062d\u0628\u0644 \u0627\u0644\u0634\u0648\u0643\u064a \u0648\u0627\u0644\u062a\u0643\u0647\u0641\u060c \u0645\u0639 \u0634\u0631\u062d \u0627\u0644\u062a\u062f\u062e\u0644 \u0627\u0644\u0637\u0628\u064a \u0648\u0645\u0631\u0627\u062d\u0644 \u0627\u0644\u0645\u062a\u0627\u0628\u0639\u0629.\" \/>\n<meta property=\"og:url\" content=\"https:\/\/institutchiaribcn.com\/ar\/anna-adell-querol-cord-traction-syndrome-idiopathic-syringomyelia-2\/\" \/>\n<meta property=\"og:site_name\" content=\"Institut Chiari Barcelona\" \/>\n<meta property=\"article:modified_time\" content=\"2026-04-15T10:52:44+00:00\" \/>\n<meta property=\"og:image\" content=\"https:\/\/institutchiaribcn.com\/wp-content\/uploads\/2025\/09\/anna_adell_querol-7.jpeg\" \/>\n\t<meta property=\"og:image:width\" content=\"200\" \/>\n\t<meta property=\"og:image:height\" content=\"200\" \/>\n\t<meta property=\"og:image:type\" content=\"image\/jpeg\" \/>\n<meta name=\"twitter:card\" content=\"summary_large_image\" \/>\n<meta name=\"twitter:label1\" content=\"\u0648\u0642\u062a \u0627\u0644\u0642\u0631\u0627\u0621\u0629 \u0627\u0644\u0645\u064f\u0642\u062f\u0651\u0631\" \/>\n\t<meta name=\"twitter:data1\" content=\"\u062f\u0642\u064a\u0642\u062a\u0627\u0646\" \/>\n<script type=\"application\/ld+json\" class=\"yoast-schema-graph\">{\"@context\":\"https:\\\/\\\/schema.org\",\"@graph\":[{\"@type\":\"WebPage\",\"@id\":\"https:\\\/\\\/institutchiaribcn.com\\\/ar\\\/anna-adell-querol-cord-traction-syndrome-idiopathic-syringomyelia-2\\\/\",\"url\":\"https:\\\/\\\/institutchiaribcn.com\\\/ar\\\/anna-adell-querol-cord-traction-syndrome-idiopathic-syringomyelia-2\\\/\",\"name\":\"\u0622\u0646\u0627 \u0623\u062f\u064a\u0644 \u0643\u064a\u0631\u0648\u0644: \u062a\u0643\u0647\u0641 \u0627\u0644\u0646\u062e\u0627\u0639 | ICSEB\",\"isPartOf\":{\"@id\":\"https:\\\/\\\/institutchiaribcn.com\\\/ar\\\/#website\"},\"primaryImageOfPage\":{\"@id\":\"https:\\\/\\\/institutchiaribcn.com\\\/ar\\\/anna-adell-querol-cord-traction-syndrome-idiopathic-syringomyelia-2\\\/#primaryimage\"},\"image\":{\"@id\":\"https:\\\/\\\/institutchiaribcn.com\\\/ar\\\/anna-adell-querol-cord-traction-syndrome-idiopathic-syringomyelia-2\\\/#primaryimage\"},\"thumbnailUrl\":\"https:\\\/\\\/institutchiaribcn.com\\\/wp-content\\\/uploads\\\/2025\\\/09\\\/anna_adell_querol-7.jpeg\",\"datePublished\":\"2012-10-16T22:00:00+00:00\",\"dateModified\":\"2026-04-15T10:52:44+00:00\",\"description\":\"\u062a\u0641\u0627\u0635\u064a\u0644 \u062d\u0627\u0644\u0629 \u0622\u0646\u0627 \u0623\u062f\u064a\u0644 \u0643\u064a\u0631\u0648\u0644 \u0645\u0639 \u0645\u062a\u0644\u0627\u0632\u0645\u0629 \u0634\u062f \u0627\u0644\u062d\u0628\u0644 \u0627\u0644\u0634\u0648\u0643\u064a \u0648\u0627\u0644\u062a\u0643\u0647\u0641\u060c \u0645\u0639 \u0634\u0631\u062d \u0627\u0644\u062a\u062f\u062e\u0644 \u0627\u0644\u0637\u0628\u064a \u0648\u0645\u0631\u0627\u062d\u0644 \u0627\u0644\u0645\u062a\u0627\u0628\u0639\u0629.\",\"breadcrumb\":{\"@id\":\"https:\\\/\\\/institutchiaribcn.com\\\/ar\\\/anna-adell-querol-cord-traction-syndrome-idiopathic-syringomyelia-2\\\/#breadcrumb\"},\"inLanguage\":\"ar\",\"potentialAction\":[{\"@type\":\"ReadAction\",\"target\":[\"https:\\\/\\\/institutchiaribcn.com\\\/ar\\\/anna-adell-querol-cord-traction-syndrome-idiopathic-syringomyelia-2\\\/\"]}]},{\"@type\":\"ImageObject\",\"inLanguage\":\"ar\",\"@id\":\"https:\\\/\\\/institutchiaribcn.com\\\/ar\\\/anna-adell-querol-cord-traction-syndrome-idiopathic-syringomyelia-2\\\/#primaryimage\",\"url\":\"https:\\\/\\\/institutchiaribcn.com\\\/wp-content\\\/uploads\\\/2025\\\/09\\\/anna_adell_querol-7.jpeg\",\"contentUrl\":\"https:\\\/\\\/institutchiaribcn.com\\\/wp-content\\\/uploads\\\/2025\\\/09\\\/anna_adell_querol-7.jpeg\",\"width\":200,\"height\":200},{\"@type\":\"BreadcrumbList\",\"@id\":\"https:\\\/\\\/institutchiaribcn.com\\\/ar\\\/anna-adell-querol-cord-traction-syndrome-idiopathic-syringomyelia-2\\\/#breadcrumb\",\"itemListElement\":[{\"@type\":\"ListItem\",\"position\":1,\"name\":\"Portada\",\"item\":\"https:\\\/\\\/institutchiaribcn.com\\\/ar\\\/\"},{\"@type\":\"ListItem\",\"position\":2,\"name\":\"Testimonios\",\"item\":\"https:\\\/\\\/institutchiaribcn.com\\\/ar\\\/testimonios\\\/\"},{\"@type\":\"ListItem\",\"position\":3,\"name\":\"\u0623\u0646\u0627 \u0623\u062f\u0644. \u0645\u062a\u0644\u0627\u0632\u0645\u0629 \u062c\u0631 \u0627\u0644\u062d\u0628\u0644 \u0627\u0644\u0634\u0648\u0643\u064a. \u0633\u064a\u0631\u064a\u0646\u0642\u0648\u0645\u064a\u0644\u064a\u0627 (\u062a\u0643\u0647\u0641 \u0627\u0644\u0646\u062e\u0627\u0639) \u0645\u062c\u0647\u0648\u0644 \u0627\u0644\u0633\u0628\u0628\"}]},{\"@type\":\"WebSite\",\"@id\":\"https:\\\/\\\/institutchiaribcn.com\\\/ar\\\/#website\",\"url\":\"https:\\\/\\\/institutchiaribcn.com\\\/ar\\\/\",\"name\":\"Institut Chiari de Barcelona\",\"description\":\"\",\"publisher\":{\"@id\":\"https:\\\/\\\/institutchiaribcn.com\\\/ar\\\/#organization\"},\"potentialAction\":[{\"@type\":\"SearchAction\",\"target\":{\"@type\":\"EntryPoint\",\"urlTemplate\":\"https:\\\/\\\/institutchiaribcn.com\\\/ar\\\/?s={search_term_string}\"},\"query-input\":{\"@type\":\"PropertyValueSpecification\",\"valueRequired\":true,\"valueName\":\"search_term_string\"}}],\"inLanguage\":\"ar\"},{\"@type\":\"Organization\",\"@id\":\"https:\\\/\\\/institutchiaribcn.com\\\/ar\\\/#organization\",\"name\":\"Institut Chiari de Barcelona\",\"url\":\"https:\\\/\\\/institutchiaribcn.com\\\/ar\\\/\",\"logo\":{\"@type\":\"ImageObject\",\"inLanguage\":\"ar\",\"@id\":\"https:\\\/\\\/institutchiaribcn.com\\\/ar\\\/#\\\/schema\\\/logo\\\/image\\\/\",\"url\":\"https:\\\/\\\/institutchiaribcn.com\\\/wp-content\\\/uploads\\\/2025\\\/10\\\/cropped-cropped-icsebNavLogo-1.png\",\"contentUrl\":\"https:\\\/\\\/institutchiaribcn.com\\\/wp-content\\\/uploads\\\/2025\\\/10\\\/cropped-cropped-icsebNavLogo-1.png\",\"width\":245,\"height\":99,\"caption\":\"Institut Chiari de Barcelona\"},\"image\":{\"@id\":\"https:\\\/\\\/institutchiaribcn.com\\\/ar\\\/#\\\/schema\\\/logo\\\/image\\\/\"}}]}<\/script>\n<!-- \/ Yoast SEO plugin. -->","yoast_head_json":{"title":"\u0622\u0646\u0627 \u0623\u062f\u064a\u0644 \u0643\u064a\u0631\u0648\u0644: \u062a\u0643\u0647\u0641 \u0627\u0644\u0646\u062e\u0627\u0639 | ICSEB","description":"\u062a\u0641\u0627\u0635\u064a\u0644 \u062d\u0627\u0644\u0629 \u0622\u0646\u0627 \u0623\u062f\u064a\u0644 \u0643\u064a\u0631\u0648\u0644 \u0645\u0639 \u0645\u062a\u0644\u0627\u0632\u0645\u0629 \u0634\u062f \u0627\u0644\u062d\u0628\u0644 \u0627\u0644\u0634\u0648\u0643\u064a \u0648\u0627\u0644\u062a\u0643\u0647\u0641\u060c \u0645\u0639 \u0634\u0631\u062d \u0627\u0644\u062a\u062f\u062e\u0644 \u0627\u0644\u0637\u0628\u064a \u0648\u0645\u0631\u0627\u062d\u0644 \u0627\u0644\u0645\u062a\u0627\u0628\u0639\u0629.","robots":{"index":"index","follow":"follow","max-snippet":"max-snippet:-1","max-image-preview":"max-image-preview:large","max-video-preview":"max-video-preview:-1"},"canonical":"https:\/\/institutchiaribcn.com\/ar\/anna-adell-querol-cord-traction-syndrome-idiopathic-syringomyelia-2\/","og_locale":"ar_AR","og_type":"article","og_title":"\u0622\u0646\u0627 \u0623\u062f\u064a\u0644 \u0643\u064a\u0631\u0648\u0644: \u062a\u0643\u0647\u0641 \u0627\u0644\u0646\u062e\u0627\u0639 | ICSEB","og_description":"\u062a\u0641\u0627\u0635\u064a\u0644 \u062d\u0627\u0644\u0629 \u0622\u0646\u0627 \u0623\u062f\u064a\u0644 \u0643\u064a\u0631\u0648\u0644 \u0645\u0639 \u0645\u062a\u0644\u0627\u0632\u0645\u0629 \u0634\u062f \u0627\u0644\u062d\u0628\u0644 \u0627\u0644\u0634\u0648\u0643\u064a \u0648\u0627\u0644\u062a\u0643\u0647\u0641\u060c \u0645\u0639 \u0634\u0631\u062d \u0627\u0644\u062a\u062f\u062e\u0644 \u0627\u0644\u0637\u0628\u064a \u0648\u0645\u0631\u0627\u062d\u0644 \u0627\u0644\u0645\u062a\u0627\u0628\u0639\u0629.","og_url":"https:\/\/institutchiaribcn.com\/ar\/anna-adell-querol-cord-traction-syndrome-idiopathic-syringomyelia-2\/","og_site_name":"Institut Chiari Barcelona","article_modified_time":"2026-04-15T10:52:44+00:00","og_image":[{"width":200,"height":200,"url":"https:\/\/institutchiaribcn.com\/wp-content\/uploads\/2025\/09\/anna_adell_querol-7.jpeg","type":"image\/jpeg"}],"twitter_card":"summary_large_image","twitter_misc":{"\u0648\u0642\u062a \u0627\u0644\u0642\u0631\u0627\u0621\u0629 \u0627\u0644\u0645\u064f\u0642\u062f\u0651\u0631":"\u062f\u0642\u064a\u0642\u062a\u0627\u0646"},"schema":{"@context":"https:\/\/schema.org","@graph":[{"@type":"WebPage","@id":"https:\/\/institutchiaribcn.com\/ar\/anna-adell-querol-cord-traction-syndrome-idiopathic-syringomyelia-2\/","url":"https:\/\/institutchiaribcn.com\/ar\/anna-adell-querol-cord-traction-syndrome-idiopathic-syringomyelia-2\/","name":"\u0622\u0646\u0627 \u0623\u062f\u064a\u0644 \u0643\u064a\u0631\u0648\u0644: \u062a\u0643\u0647\u0641 \u0627\u0644\u0646\u062e\u0627\u0639 | ICSEB","isPartOf":{"@id":"https:\/\/institutchiaribcn.com\/ar\/#website"},"primaryImageOfPage":{"@id":"https:\/\/institutchiaribcn.com\/ar\/anna-adell-querol-cord-traction-syndrome-idiopathic-syringomyelia-2\/#primaryimage"},"image":{"@id":"https:\/\/institutchiaribcn.com\/ar\/anna-adell-querol-cord-traction-syndrome-idiopathic-syringomyelia-2\/#primaryimage"},"thumbnailUrl":"https:\/\/institutchiaribcn.com\/wp-content\/uploads\/2025\/09\/anna_adell_querol-7.jpeg","datePublished":"2012-10-16T22:00:00+00:00","dateModified":"2026-04-15T10:52:44+00:00","description":"\u062a\u0641\u0627\u0635\u064a\u0644 \u062d\u0627\u0644\u0629 \u0622\u0646\u0627 \u0623\u062f\u064a\u0644 \u0643\u064a\u0631\u0648\u0644 \u0645\u0639 \u0645\u062a\u0644\u0627\u0632\u0645\u0629 \u0634\u062f \u0627\u0644\u062d\u0628\u0644 \u0627\u0644\u0634\u0648\u0643\u064a \u0648\u0627\u0644\u062a\u0643\u0647\u0641\u060c \u0645\u0639 \u0634\u0631\u062d \u0627\u0644\u062a\u062f\u062e\u0644 \u0627\u0644\u0637\u0628\u064a \u0648\u0645\u0631\u0627\u062d\u0644 \u0627\u0644\u0645\u062a\u0627\u0628\u0639\u0629.","breadcrumb":{"@id":"https:\/\/institutchiaribcn.com\/ar\/anna-adell-querol-cord-traction-syndrome-idiopathic-syringomyelia-2\/#breadcrumb"},"inLanguage":"ar","potentialAction":[{"@type":"ReadAction","target":["https:\/\/institutchiaribcn.com\/ar\/anna-adell-querol-cord-traction-syndrome-idiopathic-syringomyelia-2\/"]}]},{"@type":"ImageObject","inLanguage":"ar","@id":"https:\/\/institutchiaribcn.com\/ar\/anna-adell-querol-cord-traction-syndrome-idiopathic-syringomyelia-2\/#primaryimage","url":"https:\/\/institutchiaribcn.com\/wp-content\/uploads\/2025\/09\/anna_adell_querol-7.jpeg","contentUrl":"https:\/\/institutchiaribcn.com\/wp-content\/uploads\/2025\/09\/anna_adell_querol-7.jpeg","width":200,"height":200},{"@type":"BreadcrumbList","@id":"https:\/\/institutchiaribcn.com\/ar\/anna-adell-querol-cord-traction-syndrome-idiopathic-syringomyelia-2\/#breadcrumb","itemListElement":[{"@type":"ListItem","position":1,"name":"Portada","item":"https:\/\/institutchiaribcn.com\/ar\/"},{"@type":"ListItem","position":2,"name":"Testimonios","item":"https:\/\/institutchiaribcn.com\/ar\/testimonios\/"},{"@type":"ListItem","position":3,"name":"\u0623\u0646\u0627 \u0623\u062f\u0644. \u0645\u062a\u0644\u0627\u0632\u0645\u0629 \u062c\u0631 \u0627\u0644\u062d\u0628\u0644 \u0627\u0644\u0634\u0648\u0643\u064a. \u0633\u064a\u0631\u064a\u0646\u0642\u0648\u0645\u064a\u0644\u064a\u0627 (\u062a\u0643\u0647\u0641 \u0627\u0644\u0646\u062e\u0627\u0639) \u0645\u062c\u0647\u0648\u0644 \u0627\u0644\u0633\u0628\u0628"}]},{"@type":"WebSite","@id":"https:\/\/institutchiaribcn.com\/ar\/#website","url":"https:\/\/institutchiaribcn.com\/ar\/","name":"Institut Chiari de Barcelona","description":"","publisher":{"@id":"https:\/\/institutchiaribcn.com\/ar\/#organization"},"potentialAction":[{"@type":"SearchAction","target":{"@type":"EntryPoint","urlTemplate":"https:\/\/institutchiaribcn.com\/ar\/?s={search_term_string}"},"query-input":{"@type":"PropertyValueSpecification","valueRequired":true,"valueName":"search_term_string"}}],"inLanguage":"ar"},{"@type":"Organization","@id":"https:\/\/institutchiaribcn.com\/ar\/#organization","name":"Institut Chiari de Barcelona","url":"https:\/\/institutchiaribcn.com\/ar\/","logo":{"@type":"ImageObject","inLanguage":"ar","@id":"https:\/\/institutchiaribcn.com\/ar\/#\/schema\/logo\/image\/","url":"https:\/\/institutchiaribcn.com\/wp-content\/uploads\/2025\/10\/cropped-cropped-icsebNavLogo-1.png","contentUrl":"https:\/\/institutchiaribcn.com\/wp-content\/uploads\/2025\/10\/cropped-cropped-icsebNavLogo-1.png","width":245,"height":99,"caption":"Institut Chiari de Barcelona"},"image":{"@id":"https:\/\/institutchiaribcn.com\/ar\/#\/schema\/logo\/image\/"}}]}},"_links":{"self":[{"href":"https:\/\/institutchiaribcn.com\/ar\/wp-json\/wp\/v2\/testimonios\/59402","targetHints":{"allow":["GET"]}}],"collection":[{"href":"https:\/\/institutchiaribcn.com\/ar\/wp-json\/wp\/v2\/testimonios"}],"about":[{"href":"https:\/\/institutchiaribcn.com\/ar\/wp-json\/wp\/v2\/types\/testimonios"}],"wp:featuredmedia":[{"embeddable":true,"href":"https:\/\/institutchiaribcn.com\/ar\/wp-json\/wp\/v2\/media\/59403"}],"wp:attachment":[{"href":"https:\/\/institutchiaribcn.com\/ar\/wp-json\/wp\/v2\/media?parent=59402"}],"wp:term":[{"taxonomy":"tipos-de-testimonio","embeddable":true,"href":"https:\/\/institutchiaribcn.com\/ar\/wp-json\/wp\/v2\/tipos-de-testimonio?post=59402"}],"curies":[{"name":"wp","href":"https:\/\/api.w.org\/{rel}","templated":true}]}}