{"id":59154,"date":"2011-10-20T00:00:00","date_gmt":"2011-10-19T22:00:00","guid":{"rendered":"https:\/\/dev.institutchiaribcn.com\/testimonios\/%d9%81%d9%8a%d9%83%d8%aa%d9%88%d8%b1%d9%8a%d8%a7-%d8%a5%d9%84%d9%8a%d9%86%d8%a7-%d9%85%d8%aa%d9%84%d8%a7%d8%b2%d9%85%d8%a9-%d8%a7%d9%84%d8%ac%d8%b1-%d9%81%d9%8a-%d8%a7%d9%84%d8%ad%d8%a8%d9%84-%d8%a7\/"},"modified":"2026-04-15T12:33:32","modified_gmt":"2026-04-15T10:33:32","slug":"victoria-elena-estrada-medullar-traction-syndrome-arnold-chiari-i-syndrome-idiopathic-scoliosis","status":"publish","type":"testimonios","link":"https:\/\/institutchiaribcn.com\/ar\/victoria-elena-estrada-medullar-traction-syndrome-arnold-chiari-i-syndrome-idiopathic-scoliosis\/","title":{"rendered":"\u0641\u064a\u0643\u062a\u0648\u0631\u064a\u0627 \u0625\u0644\u064a\u0646\u0627. \u0645\u062a\u0644\u0627\u0632\u0645\u0629 \u0627\u0644\u062c\u0631 \u0641\u064a \u0627\u0644\u062d\u0628\u0644 \u0627\u0644\u0634\u0648\u0643\u064a. \u062a\u0644\u0627\u0632\u0645\u0629 \u0623\u0631\u0646\u0648\u0644\u062f \u0643\u064a\u0627\u0631\u064a \u0627\u0644\u0623\u0648\u0644\u060c \u0648 \u0627\u0644\u062c\u0646\u0641 \u0645\u062c\u0647\u0648\u0644 \u0627\u0644\u0633\u0628\u0628"},"content":{"rendered":"<p>&nbsp;<\/p>\n<p style=\"text-align: right;\"><strong><span dir=\"auto\" style=\"vertical-align: inherit;\"><span dir=\"auto\" style=\"vertical-align: inherit;\">Fecha de la cirug\u00eda: febrero de 2011<\/span><\/span><\/strong><\/p>\n<div style=\"text-align: right;\"><span dir=\"auto\" style=\"vertical-align: inherit;\"><span dir=\"auto\" style=\"vertical-align: inherit;\">Mi nombre es Victoria Elena Estrada, soy de Medell\u00edn, Colombia. Tengo 51 a\u00f1os. Hace cuatro a\u00f1os me diagnosticaron s\u00edndrome de Chiari-Arnold. Recib\u00ed terapia de descompresi\u00f3n, que no me ayud\u00f3 en absoluto, y estuve relativamente bien durante seis meses. Sin embargo, los s\u00edntomas han regresado y han disminuido significativamente mi calidad de vida. Sufro fuertes dolores de cabeza a diario que me impiden re\u00edr, toser, estornudar y hacer ejercicio. Estas cosas me recuerdan mi enfermedad todos los d\u00edas. Mis manos est\u00e1n cada vez m\u00e1s entumecidas, y una noche me despert\u00e9 con un dolor intenso en ellas. Tuve que levantarme para sacudirlas. Tambi\u00e9n experiment\u00e9 un dolor intenso en el coxis, que me acompa\u00f1a desde hace ocho a\u00f1os. Tengo que sentarme en un coj\u00edn especial. Me extirparon una masa caudal bajo anestesia general, lo cual no me ha ayudado.<\/span><\/span><\/div>\n<div style=\"text-align: right;\"><\/div>\n<div style=\"text-align: right;\"><span dir=\"auto\" style=\"vertical-align: inherit;\"><span dir=\"auto\" style=\"vertical-align: inherit;\">Finalmente, varios factores me llevaron a considerar otras opciones y encontr\u00e9 una soluci\u00f3n a mi problema en el Instituto Khyari de Barcelona. Present\u00e9 mis ex\u00e1menes y me dijeron que parte del tratamiento me ayudar\u00eda a tener una mejor calidad de vida. No pod\u00eda eliminar la enfermedad, pero al menos pod\u00eda controlarla. As\u00ed que decid\u00ed viajar a Barcelona y someterme al procedimiento.<\/span><\/span><\/div>\n<div style=\"text-align: right;\"><\/div>\n<div style=\"text-align: right;\"><span dir=\"auto\" style=\"vertical-align: inherit;\"><span dir=\"auto\" style=\"vertical-align: inherit;\">Hace ocho meses me operaron y ahora he recuperado mi vitalidad. Estoy feliz. Sigo igual que antes, con todos los s\u00edntomas y la agresividad de siempre. Ahora puedo cantar, bailar, re\u00edr y hacer ejercicio, y no me preocupa que algo est\u00e9 mal. Mis hijos y mi marido est\u00e1n muy contentos de verme en este nuevo estado, disfrutando de ser madre y esposa por un momento.<\/span><\/span><\/div>\n<div style=\"text-align: right;\"><\/div>\n<div style=\"text-align: right;\"><span dir=\"auto\" style=\"vertical-align: inherit;\"><span dir=\"auto\" style=\"vertical-align: inherit;\">Es incre\u00edble, pero la cirug\u00eda no fue dolorosa. Fue solo un error debido a una peque\u00f1a incisi\u00f3n en la parte posterior del muslo, pero despu\u00e9s de 8 d\u00edas ya me hab\u00eda olvidado de que me hab\u00edan operado la espalda. En Colombia, no tuve ning\u00fan problema con el viaje (aunque dur\u00f3 11 horas). En 2 meses, comenc\u00e9 a hacer ejercicio poco a poco y sin complicaciones.<\/span><\/span><\/div>\n<div style=\"text-align: right;\"><\/div>\n<div style=\"text-align: right;\"><span dir=\"auto\" style=\"vertical-align: inherit;\"><span dir=\"auto\" style=\"vertical-align: inherit;\">Esto significa que quien lea este certificado no deber\u00eda tener miedo de considerar este procedimiento y una soluci\u00f3n alternativa a este problema. Se trata de un grupo de m\u00e9dicos altamente cualificados bajo la supervisi\u00f3n del Dr. Royo, quien es muy diligente y ha informado sobre este tema, tras haber dedicado muchos a\u00f1os de su vida a investigar las enfermedades que nos aquejan. Solo puedo decir: Doctor, gracias por la lista.<\/span><\/span><\/div>\n<p style=\"text-align: right;\"><strong><span dir=\"auto\" style=\"vertical-align: inherit;\"><span dir=\"auto\" style=\"vertical-align: inherit;\">Tel\u00e9fono: (011574) 3165295566<\/span><\/span><\/strong><\/p>\n<div style=\"text-align: right;\"><strong>\u00a0<a href=\"mailto:vito.estrada.lopez@hotmail.com\" target=\"_blank\" rel=\"noopener\"><span dir=\"auto\" style=\"vertical-align: inherit;\"><span dir=\"auto\" style=\"vertical-align: inherit;\">vio.estrada.lopez@hotmail.com<\/span><\/span><\/a><span dir=\"auto\" style=\"vertical-align: inherit;\"><span dir=\"auto\" style=\"vertical-align: inherit;\"> : Correo electr\u00f3nico\u00a0 <\/span><\/span><\/strong><\/div>\n<p style=\"text-align: right;\"><strong><span dir=\"auto\" style=\"vertical-align: inherit;\"><span dir=\"auto\" style=\"vertical-align: inherit;\">Testimonio en v\u00eddeo de Victoria:<\/span><\/span><\/strong><\/p>\n","protected":false},"featured_media":59155,"template":"","tipos-de-testimonio":[362,361],"class_list":["post-59154","testimonios","type-testimonios","status-publish","has-post-thumbnail","hentry","tipos-de-testimonio-362","tipos-de-testimonio-361"],"yoast_head":"<!-- This site is optimized with the Yoast SEO plugin v27.4 - https:\/\/yoast.com\/product\/yoast-seo-wordpress\/ -->\n<title>\u0641\u064a\u0643\u062a\u0648\u0631\u064a\u0627 \u0625\u064a\u0644\u064a\u0646\u0627 \u0625\u0633\u062a\u0631\u0627\u062f\u0627: \u062a\u0634\u064a\u0627\u0631\u064a I \u0648\u0627\u0644\u0639\u0645\u0648\u062f \u0627\u0644\u0641\u0642\u0631\u064a | ICSEB<\/title>\n<meta name=\"description\" content=\"\u062a\u062c\u0631\u0628\u0629 \u0641\u064a\u0643\u062a\u0648\u0631\u064a\u0627 \u0625\u064a\u0644\u064a\u0646\u0627 \u0625\u0633\u062a\u0631\u0627\u062f\u0627 \u0645\u0639 \u0645\u062a\u0644\u0627\u0632\u0645\u0629 \u0627\u0644\u0633\u062d\u0628 \u0627\u0644\u0639\u0635\u0628\u064a\u060c \u0645\u062a\u0644\u0627\u0632\u0645\u0629 \u0623\u0631\u0646\u0648\u0644\u062f \u0643\u064a\u0627\u0631\u064a I \u0648\u0627\u0644\u0627\u0646\u062d\u0646\u0627\u0621 \u0627\u0644\u0641\u0642\u0631\u064a \u0645\u062c\u0647\u0648\u0644 \u0627\u0644\u0633\u0628\u0628\u061b \u062a\u062d\u0633\u0646 \u0645\u0644\u062d\u0648\u0638 \u0628\u0639\u062f \u0639\u0644\u0627\u062c ICSEB.\" \/>\n<meta name=\"robots\" content=\"index, follow, max-snippet:-1, max-image-preview:large, max-video-preview:-1\" \/>\n<link rel=\"canonical\" href=\"https:\/\/institutchiaribcn.com\/ar\/victoria-elena-estrada-medullar-traction-syndrome-arnold-chiari-i-syndrome-idiopathic-scoliosis\/\" \/>\n<meta property=\"og:locale\" content=\"ar_AR\" \/>\n<meta property=\"og:type\" content=\"article\" \/>\n<meta property=\"og:title\" content=\"\u0641\u064a\u0643\u062a\u0648\u0631\u064a\u0627 \u0625\u064a\u0644\u064a\u0646\u0627 \u0625\u0633\u062a\u0631\u0627\u062f\u0627: \u062a\u0634\u064a\u0627\u0631\u064a I \u0648\u0627\u0644\u0639\u0645\u0648\u062f \u0627\u0644\u0641\u0642\u0631\u064a | ICSEB\" \/>\n<meta property=\"og:description\" content=\"\u062a\u062c\u0631\u0628\u0629 \u0641\u064a\u0643\u062a\u0648\u0631\u064a\u0627 \u0625\u064a\u0644\u064a\u0646\u0627 \u0625\u0633\u062a\u0631\u0627\u062f\u0627 \u0645\u0639 \u0645\u062a\u0644\u0627\u0632\u0645\u0629 \u0627\u0644\u0633\u062d\u0628 \u0627\u0644\u0639\u0635\u0628\u064a\u060c \u0645\u062a\u0644\u0627\u0632\u0645\u0629 \u0623\u0631\u0646\u0648\u0644\u062f \u0643\u064a\u0627\u0631\u064a I \u0648\u0627\u0644\u0627\u0646\u062d\u0646\u0627\u0621 \u0627\u0644\u0641\u0642\u0631\u064a \u0645\u062c\u0647\u0648\u0644 \u0627\u0644\u0633\u0628\u0628\u061b \u062a\u062d\u0633\u0646 \u0645\u0644\u062d\u0648\u0638 \u0628\u0639\u062f \u0639\u0644\u0627\u062c ICSEB.\" \/>\n<meta property=\"og:url\" content=\"https:\/\/institutchiaribcn.com\/ar\/victoria-elena-estrada-medullar-traction-syndrome-arnold-chiari-i-syndrome-idiopathic-scoliosis\/\" \/>\n<meta property=\"og:site_name\" content=\"Institut Chiari Barcelona\" \/>\n<meta property=\"article:modified_time\" content=\"2026-04-15T10:33:32+00:00\" \/>\n<meta property=\"og:image\" content=\"https:\/\/institutchiaribcn.com\/wp-content\/uploads\/2025\/09\/victoria_elena_estrada-9.png\" \/>\n\t<meta property=\"og:image:width\" content=\"200\" \/>\n\t<meta property=\"og:image:height\" content=\"200\" \/>\n\t<meta property=\"og:image:type\" content=\"image\/png\" \/>\n<meta name=\"twitter:card\" content=\"summary_large_image\" \/>\n<meta name=\"twitter:label1\" content=\"\u0648\u0642\u062a \u0627\u0644\u0642\u0631\u0627\u0621\u0629 \u0627\u0644\u0645\u064f\u0642\u062f\u0651\u0631\" \/>\n\t<meta name=\"twitter:data1\" content=\"\u062f\u0642\u064a\u0642\u062a\u0627\u0646\" \/>\n<script type=\"application\/ld+json\" class=\"yoast-schema-graph\">{\"@context\":\"https:\\\/\\\/schema.org\",\"@graph\":[{\"@type\":\"WebPage\",\"@id\":\"https:\\\/\\\/institutchiaribcn.com\\\/ar\\\/victoria-elena-estrada-medullar-traction-syndrome-arnold-chiari-i-syndrome-idiopathic-scoliosis\\\/\",\"url\":\"https:\\\/\\\/institutchiaribcn.com\\\/ar\\\/victoria-elena-estrada-medullar-traction-syndrome-arnold-chiari-i-syndrome-idiopathic-scoliosis\\\/\",\"name\":\"\u0641\u064a\u0643\u062a\u0648\u0631\u064a\u0627 \u0625\u064a\u0644\u064a\u0646\u0627 \u0625\u0633\u062a\u0631\u0627\u062f\u0627: \u062a\u0634\u064a\u0627\u0631\u064a I \u0648\u0627\u0644\u0639\u0645\u0648\u062f \u0627\u0644\u0641\u0642\u0631\u064a | ICSEB\",\"isPartOf\":{\"@id\":\"https:\\\/\\\/institutchiaribcn.com\\\/ar\\\/#website\"},\"primaryImageOfPage\":{\"@id\":\"https:\\\/\\\/institutchiaribcn.com\\\/ar\\\/victoria-elena-estrada-medullar-traction-syndrome-arnold-chiari-i-syndrome-idiopathic-scoliosis\\\/#primaryimage\"},\"image\":{\"@id\":\"https:\\\/\\\/institutchiaribcn.com\\\/ar\\\/victoria-elena-estrada-medullar-traction-syndrome-arnold-chiari-i-syndrome-idiopathic-scoliosis\\\/#primaryimage\"},\"thumbnailUrl\":\"https:\\\/\\\/institutchiaribcn.com\\\/wp-content\\\/uploads\\\/2025\\\/09\\\/victoria_elena_estrada-9.png\",\"datePublished\":\"2011-10-19T22:00:00+00:00\",\"dateModified\":\"2026-04-15T10:33:32+00:00\",\"description\":\"\u062a\u062c\u0631\u0628\u0629 \u0641\u064a\u0643\u062a\u0648\u0631\u064a\u0627 \u0625\u064a\u0644\u064a\u0646\u0627 \u0625\u0633\u062a\u0631\u0627\u062f\u0627 \u0645\u0639 \u0645\u062a\u0644\u0627\u0632\u0645\u0629 \u0627\u0644\u0633\u062d\u0628 \u0627\u0644\u0639\u0635\u0628\u064a\u060c \u0645\u062a\u0644\u0627\u0632\u0645\u0629 \u0623\u0631\u0646\u0648\u0644\u062f \u0643\u064a\u0627\u0631\u064a I \u0648\u0627\u0644\u0627\u0646\u062d\u0646\u0627\u0621 \u0627\u0644\u0641\u0642\u0631\u064a \u0645\u062c\u0647\u0648\u0644 \u0627\u0644\u0633\u0628\u0628\u061b \u062a\u062d\u0633\u0646 \u0645\u0644\u062d\u0648\u0638 \u0628\u0639\u062f \u0639\u0644\u0627\u062c ICSEB.\",\"breadcrumb\":{\"@id\":\"https:\\\/\\\/institutchiaribcn.com\\\/ar\\\/victoria-elena-estrada-medullar-traction-syndrome-arnold-chiari-i-syndrome-idiopathic-scoliosis\\\/#breadcrumb\"},\"inLanguage\":\"ar\",\"potentialAction\":[{\"@type\":\"ReadAction\",\"target\":[\"https:\\\/\\\/institutchiaribcn.com\\\/ar\\\/victoria-elena-estrada-medullar-traction-syndrome-arnold-chiari-i-syndrome-idiopathic-scoliosis\\\/\"]}]},{\"@type\":\"ImageObject\",\"inLanguage\":\"ar\",\"@id\":\"https:\\\/\\\/institutchiaribcn.com\\\/ar\\\/victoria-elena-estrada-medullar-traction-syndrome-arnold-chiari-i-syndrome-idiopathic-scoliosis\\\/#primaryimage\",\"url\":\"https:\\\/\\\/institutchiaribcn.com\\\/wp-content\\\/uploads\\\/2025\\\/09\\\/victoria_elena_estrada-9.png\",\"contentUrl\":\"https:\\\/\\\/institutchiaribcn.com\\\/wp-content\\\/uploads\\\/2025\\\/09\\\/victoria_elena_estrada-9.png\",\"width\":200,\"height\":200},{\"@type\":\"BreadcrumbList\",\"@id\":\"https:\\\/\\\/institutchiaribcn.com\\\/ar\\\/victoria-elena-estrada-medullar-traction-syndrome-arnold-chiari-i-syndrome-idiopathic-scoliosis\\\/#breadcrumb\",\"itemListElement\":[{\"@type\":\"ListItem\",\"position\":1,\"name\":\"Portada\",\"item\":\"https:\\\/\\\/institutchiaribcn.com\\\/ar\\\/\"},{\"@type\":\"ListItem\",\"position\":2,\"name\":\"Testimonios\",\"item\":\"https:\\\/\\\/institutchiaribcn.com\\\/ar\\\/testimonios\\\/\"},{\"@type\":\"ListItem\",\"position\":3,\"name\":\"\u0641\u064a\u0643\u062a\u0648\u0631\u064a\u0627 \u0625\u0644\u064a\u0646\u0627. \u0645\u062a\u0644\u0627\u0632\u0645\u0629 \u0627\u0644\u062c\u0631 \u0641\u064a \u0627\u0644\u062d\u0628\u0644 \u0627\u0644\u0634\u0648\u0643\u064a. \u062a\u0644\u0627\u0632\u0645\u0629 \u0623\u0631\u0646\u0648\u0644\u062f \u0643\u064a\u0627\u0631\u064a \u0627\u0644\u0623\u0648\u0644\u060c \u0648 \u0627\u0644\u062c\u0646\u0641 \u0645\u062c\u0647\u0648\u0644 \u0627\u0644\u0633\u0628\u0628\"}]},{\"@type\":\"WebSite\",\"@id\":\"https:\\\/\\\/institutchiaribcn.com\\\/ar\\\/#website\",\"url\":\"https:\\\/\\\/institutchiaribcn.com\\\/ar\\\/\",\"name\":\"Institut Chiari de Barcelona\",\"description\":\"\",\"publisher\":{\"@id\":\"https:\\\/\\\/institutchiaribcn.com\\\/ar\\\/#organization\"},\"potentialAction\":[{\"@type\":\"SearchAction\",\"target\":{\"@type\":\"EntryPoint\",\"urlTemplate\":\"https:\\\/\\\/institutchiaribcn.com\\\/ar\\\/?s={search_term_string}\"},\"query-input\":{\"@type\":\"PropertyValueSpecification\",\"valueRequired\":true,\"valueName\":\"search_term_string\"}}],\"inLanguage\":\"ar\"},{\"@type\":\"Organization\",\"@id\":\"https:\\\/\\\/institutchiaribcn.com\\\/ar\\\/#organization\",\"name\":\"Institut Chiari de Barcelona\",\"url\":\"https:\\\/\\\/institutchiaribcn.com\\\/ar\\\/\",\"logo\":{\"@type\":\"ImageObject\",\"inLanguage\":\"ar\",\"@id\":\"https:\\\/\\\/institutchiaribcn.com\\\/ar\\\/#\\\/schema\\\/logo\\\/image\\\/\",\"url\":\"https:\\\/\\\/institutchiaribcn.com\\\/wp-content\\\/uploads\\\/2025\\\/10\\\/cropped-cropped-icsebNavLogo-1.png\",\"contentUrl\":\"https:\\\/\\\/institutchiaribcn.com\\\/wp-content\\\/uploads\\\/2025\\\/10\\\/cropped-cropped-icsebNavLogo-1.png\",\"width\":245,\"height\":99,\"caption\":\"Institut Chiari de Barcelona\"},\"image\":{\"@id\":\"https:\\\/\\\/institutchiaribcn.com\\\/ar\\\/#\\\/schema\\\/logo\\\/image\\\/\"}}]}<\/script>\n<!-- \/ Yoast SEO plugin. -->","yoast_head_json":{"title":"\u0641\u064a\u0643\u062a\u0648\u0631\u064a\u0627 \u0625\u064a\u0644\u064a\u0646\u0627 \u0625\u0633\u062a\u0631\u0627\u062f\u0627: \u062a\u0634\u064a\u0627\u0631\u064a I \u0648\u0627\u0644\u0639\u0645\u0648\u062f \u0627\u0644\u0641\u0642\u0631\u064a | ICSEB","description":"\u062a\u062c\u0631\u0628\u0629 \u0641\u064a\u0643\u062a\u0648\u0631\u064a\u0627 \u0625\u064a\u0644\u064a\u0646\u0627 \u0625\u0633\u062a\u0631\u0627\u062f\u0627 \u0645\u0639 \u0645\u062a\u0644\u0627\u0632\u0645\u0629 \u0627\u0644\u0633\u062d\u0628 \u0627\u0644\u0639\u0635\u0628\u064a\u060c \u0645\u062a\u0644\u0627\u0632\u0645\u0629 \u0623\u0631\u0646\u0648\u0644\u062f \u0643\u064a\u0627\u0631\u064a I \u0648\u0627\u0644\u0627\u0646\u062d\u0646\u0627\u0621 \u0627\u0644\u0641\u0642\u0631\u064a \u0645\u062c\u0647\u0648\u0644 \u0627\u0644\u0633\u0628\u0628\u061b \u062a\u062d\u0633\u0646 \u0645\u0644\u062d\u0648\u0638 \u0628\u0639\u062f \u0639\u0644\u0627\u062c ICSEB.","robots":{"index":"index","follow":"follow","max-snippet":"max-snippet:-1","max-image-preview":"max-image-preview:large","max-video-preview":"max-video-preview:-1"},"canonical":"https:\/\/institutchiaribcn.com\/ar\/victoria-elena-estrada-medullar-traction-syndrome-arnold-chiari-i-syndrome-idiopathic-scoliosis\/","og_locale":"ar_AR","og_type":"article","og_title":"\u0641\u064a\u0643\u062a\u0648\u0631\u064a\u0627 \u0625\u064a\u0644\u064a\u0646\u0627 \u0625\u0633\u062a\u0631\u0627\u062f\u0627: \u062a\u0634\u064a\u0627\u0631\u064a I \u0648\u0627\u0644\u0639\u0645\u0648\u062f \u0627\u0644\u0641\u0642\u0631\u064a | ICSEB","og_description":"\u062a\u062c\u0631\u0628\u0629 \u0641\u064a\u0643\u062a\u0648\u0631\u064a\u0627 \u0625\u064a\u0644\u064a\u0646\u0627 \u0625\u0633\u062a\u0631\u0627\u062f\u0627 \u0645\u0639 \u0645\u062a\u0644\u0627\u0632\u0645\u0629 \u0627\u0644\u0633\u062d\u0628 \u0627\u0644\u0639\u0635\u0628\u064a\u060c \u0645\u062a\u0644\u0627\u0632\u0645\u0629 \u0623\u0631\u0646\u0648\u0644\u062f \u0643\u064a\u0627\u0631\u064a I \u0648\u0627\u0644\u0627\u0646\u062d\u0646\u0627\u0621 \u0627\u0644\u0641\u0642\u0631\u064a \u0645\u062c\u0647\u0648\u0644 \u0627\u0644\u0633\u0628\u0628\u061b \u062a\u062d\u0633\u0646 \u0645\u0644\u062d\u0648\u0638 \u0628\u0639\u062f \u0639\u0644\u0627\u062c ICSEB.","og_url":"https:\/\/institutchiaribcn.com\/ar\/victoria-elena-estrada-medullar-traction-syndrome-arnold-chiari-i-syndrome-idiopathic-scoliosis\/","og_site_name":"Institut Chiari Barcelona","article_modified_time":"2026-04-15T10:33:32+00:00","og_image":[{"width":200,"height":200,"url":"https:\/\/institutchiaribcn.com\/wp-content\/uploads\/2025\/09\/victoria_elena_estrada-9.png","type":"image\/png"}],"twitter_card":"summary_large_image","twitter_misc":{"\u0648\u0642\u062a \u0627\u0644\u0642\u0631\u0627\u0621\u0629 \u0627\u0644\u0645\u064f\u0642\u062f\u0651\u0631":"\u062f\u0642\u064a\u0642\u062a\u0627\u0646"},"schema":{"@context":"https:\/\/schema.org","@graph":[{"@type":"WebPage","@id":"https:\/\/institutchiaribcn.com\/ar\/victoria-elena-estrada-medullar-traction-syndrome-arnold-chiari-i-syndrome-idiopathic-scoliosis\/","url":"https:\/\/institutchiaribcn.com\/ar\/victoria-elena-estrada-medullar-traction-syndrome-arnold-chiari-i-syndrome-idiopathic-scoliosis\/","name":"\u0641\u064a\u0643\u062a\u0648\u0631\u064a\u0627 \u0625\u064a\u0644\u064a\u0646\u0627 \u0625\u0633\u062a\u0631\u0627\u062f\u0627: \u062a\u0634\u064a\u0627\u0631\u064a I \u0648\u0627\u0644\u0639\u0645\u0648\u062f \u0627\u0644\u0641\u0642\u0631\u064a | ICSEB","isPartOf":{"@id":"https:\/\/institutchiaribcn.com\/ar\/#website"},"primaryImageOfPage":{"@id":"https:\/\/institutchiaribcn.com\/ar\/victoria-elena-estrada-medullar-traction-syndrome-arnold-chiari-i-syndrome-idiopathic-scoliosis\/#primaryimage"},"image":{"@id":"https:\/\/institutchiaribcn.com\/ar\/victoria-elena-estrada-medullar-traction-syndrome-arnold-chiari-i-syndrome-idiopathic-scoliosis\/#primaryimage"},"thumbnailUrl":"https:\/\/institutchiaribcn.com\/wp-content\/uploads\/2025\/09\/victoria_elena_estrada-9.png","datePublished":"2011-10-19T22:00:00+00:00","dateModified":"2026-04-15T10:33:32+00:00","description":"\u062a\u062c\u0631\u0628\u0629 \u0641\u064a\u0643\u062a\u0648\u0631\u064a\u0627 \u0625\u064a\u0644\u064a\u0646\u0627 \u0625\u0633\u062a\u0631\u0627\u062f\u0627 \u0645\u0639 \u0645\u062a\u0644\u0627\u0632\u0645\u0629 \u0627\u0644\u0633\u062d\u0628 \u0627\u0644\u0639\u0635\u0628\u064a\u060c \u0645\u062a\u0644\u0627\u0632\u0645\u0629 \u0623\u0631\u0646\u0648\u0644\u062f \u0643\u064a\u0627\u0631\u064a I \u0648\u0627\u0644\u0627\u0646\u062d\u0646\u0627\u0621 \u0627\u0644\u0641\u0642\u0631\u064a \u0645\u062c\u0647\u0648\u0644 \u0627\u0644\u0633\u0628\u0628\u061b \u062a\u062d\u0633\u0646 \u0645\u0644\u062d\u0648\u0638 \u0628\u0639\u062f \u0639\u0644\u0627\u062c ICSEB.","breadcrumb":{"@id":"https:\/\/institutchiaribcn.com\/ar\/victoria-elena-estrada-medullar-traction-syndrome-arnold-chiari-i-syndrome-idiopathic-scoliosis\/#breadcrumb"},"inLanguage":"ar","potentialAction":[{"@type":"ReadAction","target":["https:\/\/institutchiaribcn.com\/ar\/victoria-elena-estrada-medullar-traction-syndrome-arnold-chiari-i-syndrome-idiopathic-scoliosis\/"]}]},{"@type":"ImageObject","inLanguage":"ar","@id":"https:\/\/institutchiaribcn.com\/ar\/victoria-elena-estrada-medullar-traction-syndrome-arnold-chiari-i-syndrome-idiopathic-scoliosis\/#primaryimage","url":"https:\/\/institutchiaribcn.com\/wp-content\/uploads\/2025\/09\/victoria_elena_estrada-9.png","contentUrl":"https:\/\/institutchiaribcn.com\/wp-content\/uploads\/2025\/09\/victoria_elena_estrada-9.png","width":200,"height":200},{"@type":"BreadcrumbList","@id":"https:\/\/institutchiaribcn.com\/ar\/victoria-elena-estrada-medullar-traction-syndrome-arnold-chiari-i-syndrome-idiopathic-scoliosis\/#breadcrumb","itemListElement":[{"@type":"ListItem","position":1,"name":"Portada","item":"https:\/\/institutchiaribcn.com\/ar\/"},{"@type":"ListItem","position":2,"name":"Testimonios","item":"https:\/\/institutchiaribcn.com\/ar\/testimonios\/"},{"@type":"ListItem","position":3,"name":"\u0641\u064a\u0643\u062a\u0648\u0631\u064a\u0627 \u0625\u0644\u064a\u0646\u0627. \u0645\u062a\u0644\u0627\u0632\u0645\u0629 \u0627\u0644\u062c\u0631 \u0641\u064a \u0627\u0644\u062d\u0628\u0644 \u0627\u0644\u0634\u0648\u0643\u064a. \u062a\u0644\u0627\u0632\u0645\u0629 \u0623\u0631\u0646\u0648\u0644\u062f \u0643\u064a\u0627\u0631\u064a \u0627\u0644\u0623\u0648\u0644\u060c \u0648 \u0627\u0644\u062c\u0646\u0641 \u0645\u062c\u0647\u0648\u0644 \u0627\u0644\u0633\u0628\u0628"}]},{"@type":"WebSite","@id":"https:\/\/institutchiaribcn.com\/ar\/#website","url":"https:\/\/institutchiaribcn.com\/ar\/","name":"Institut Chiari de Barcelona","description":"","publisher":{"@id":"https:\/\/institutchiaribcn.com\/ar\/#organization"},"potentialAction":[{"@type":"SearchAction","target":{"@type":"EntryPoint","urlTemplate":"https:\/\/institutchiaribcn.com\/ar\/?s={search_term_string}"},"query-input":{"@type":"PropertyValueSpecification","valueRequired":true,"valueName":"search_term_string"}}],"inLanguage":"ar"},{"@type":"Organization","@id":"https:\/\/institutchiaribcn.com\/ar\/#organization","name":"Institut Chiari de Barcelona","url":"https:\/\/institutchiaribcn.com\/ar\/","logo":{"@type":"ImageObject","inLanguage":"ar","@id":"https:\/\/institutchiaribcn.com\/ar\/#\/schema\/logo\/image\/","url":"https:\/\/institutchiaribcn.com\/wp-content\/uploads\/2025\/10\/cropped-cropped-icsebNavLogo-1.png","contentUrl":"https:\/\/institutchiaribcn.com\/wp-content\/uploads\/2025\/10\/cropped-cropped-icsebNavLogo-1.png","width":245,"height":99,"caption":"Institut Chiari de Barcelona"},"image":{"@id":"https:\/\/institutchiaribcn.com\/ar\/#\/schema\/logo\/image\/"}}]}},"_links":{"self":[{"href":"https:\/\/institutchiaribcn.com\/ar\/wp-json\/wp\/v2\/testimonios\/59154","targetHints":{"allow":["GET"]}}],"collection":[{"href":"https:\/\/institutchiaribcn.com\/ar\/wp-json\/wp\/v2\/testimonios"}],"about":[{"href":"https:\/\/institutchiaribcn.com\/ar\/wp-json\/wp\/v2\/types\/testimonios"}],"wp:featuredmedia":[{"embeddable":true,"href":"https:\/\/institutchiaribcn.com\/ar\/wp-json\/wp\/v2\/media\/59155"}],"wp:attachment":[{"href":"https:\/\/institutchiaribcn.com\/ar\/wp-json\/wp\/v2\/media?parent=59154"}],"wp:term":[{"taxonomy":"tipos-de-testimonio","embeddable":true,"href":"https:\/\/institutchiaribcn.com\/ar\/wp-json\/wp\/v2\/tipos-de-testimonio?post=59154"}],"curies":[{"name":"wp","href":"https:\/\/api.w.org\/{rel}","templated":true}]}}