{"id":58959,"date":"2009-04-14T00:00:00","date_gmt":"2009-04-13T22:00:00","guid":{"rendered":"https:\/\/dev.institutchiaribcn.com\/testimonios\/%d8%b3%d9%8a%d9%84%d9%8a%d8%a7-%d9%86%d9%8a%d8%a8%d9%88%d8%aa-%d9%85%d8%aa%d9%84%d8%a7%d8%b2%d9%85%d8%a9-%d8%a3%d8%b1%d9%86%d9%88%d9%84%d8%af-%d9%83%d9%8a%d8%a7%d8%b1%d9%8a-%d9%88-%d8%a7%d9%84%d8%ac\/"},"modified":"2026-04-15T11:05:40","modified_gmt":"2026-04-15T09:05:40","slug":"celia-nebot-arnold-chiari-i-syndrome-syringomyelia","status":"publish","type":"testimonios","link":"https:\/\/institutchiaribcn.com\/ar\/celia-nebot-arnold-chiari-i-syndrome-syringomyelia\/","title":{"rendered":"\u0633\u064a\u0644\u064a\u0627 \u0646\u064a\u0628\u0648\u062a. \u0645\u062a\u0644\u0627\u0632\u0645\u0629 \u0623\u0631\u0646\u0648\u0644\u062f \u0643\u064a\u0627\u0631\u064a \u0648 \u0627\u0644\u062c\u0646\u0641"},"content":{"rendered":"<p>&nbsp;<\/p>\n<p style=\"text-align: right;\"><span dir=\"auto\" style=\"vertical-align: inherit;\"><span dir=\"auto\" style=\"vertical-align: inherit;\">Hola, me llamo Celia Nebot, tengo 43 a\u00f1os y vivo en Barcelona. Tengo criptomielitis y s\u00edndrome de Arnold-Chiari tipo 1.<\/span><\/span><\/p>\n<p><span dir=\"auto\" style=\"vertical-align: inherit;\"><span dir=\"auto\" style=\"vertical-align: inherit;\">Desde peque\u00f1a he sufrido de dolor de espalda y cuello, y fue entonces cuando comenc\u00e9 mi arduo camino por consultorios m\u00e9dicos y centros de salud. Solo me recetaban radiograf\u00edas, y el diagn\u00f3stico siempre era el mismo: mi trabajo era el responsable de todo mi dolor. Despu\u00e9s de varios a\u00f1os, esper\u00e9 nueve meses para una cita m\u00e9dica, pero no perd\u00ed la esperanza. Cuando finalmente lleg\u00f3 la cita, me volvieron a recetar radiograf\u00edas.<\/span><\/span><\/p>\n<p style=\"text-align: right;\"><span dir=\"auto\" style=\"vertical-align: inherit;\"><span dir=\"auto\" style=\"vertical-align: inherit;\">Cuando el m\u00e9dico vio las radiograf\u00edas, me dijo con toda franqueza que no pod\u00eda interpretarlas. Le ped\u00ed m\u00e1s pruebas, pero me dijo que no eran necesarias, ya que las radiograf\u00edas no hab\u00edan revelado nada. Sal\u00ed de su consulta llorando de rabia e impotencia.<\/span><\/span><\/p>\n<p><span dir=\"auto\" style=\"vertical-align: inherit;\"><span dir=\"auto\" style=\"vertical-align: inherit;\">Con el paso del tiempo, mi salud fue empeorando progresivamente hasta que un d\u00eda mi cuello se puso tan r\u00edgido que no pod\u00eda moverlo en el trabajo. Cuando solicit\u00e9 una baja m\u00e9dica en el Hospital Sant Andreu de Barcelona, \u200b\u200bme atendi\u00f3 un m\u00e9dico llamado Sancho, que ni siquiera me mir\u00f3 durante medio minuto. Me dijo que si quer\u00eda sentirme mejor, ten\u00eda que adelgazar, y que esa ser\u00eda mi \u00faltima visita con \u00e9l. Tambi\u00e9n me dijo que, al quitarme la corbata, deb\u00eda vigilarme y, si el dolor se extend\u00eda, deb\u00eda consultar con un especialista en artritis.<\/span><\/span><\/p>\n<p><span dir=\"auto\" style=\"vertical-align: inherit;\"><span dir=\"auto\" style=\"vertical-align: inherit;\">Lleg\u00f3 ese d\u00eda y fui a mi cita con el reumat\u00f3logo. Me dijo que ten\u00eda milpi\u00e9s y una crisis psicol\u00f3gica, algo normal en mi caso. Con el tiempo, mi estado empeor\u00f3: mareos, dolores de cabeza, v\u00e9rtigo, dolor, fatiga y otros s\u00edntomas. No pod\u00eda trabajar fuera de casa y mi capacidad para desenvolverme en el hogar se vio muy limitada.<\/span><\/span><\/p>\n<p><span dir=\"auto\" style=\"vertical-align: inherit;\"><span dir=\"auto\" style=\"vertical-align: inherit;\">Un d\u00eda me despert\u00e9 con una fuerte opresi\u00f3n en el cuello. Acud\u00ed a urgencias del Hospital Tres Torres de Barcelona, \u200b\u200bdonde me atendi\u00f3 el Dr. Humeds, un m\u00e9dico muy competente que me escuch\u00f3 atentamente. Despu\u00e9s fui al Instituto Neurol\u00f3gico de Barcelona y me realiz\u00f3 una exploraci\u00f3n m\u00e9dica el Dr. Royo Salvador.<\/span><\/span><\/p>\n<p><span dir=\"auto\" style=\"vertical-align: inherit;\"><span dir=\"auto\" style=\"vertical-align: inherit;\">Durante mi primera visita con \u00e9l, me sent\u00ed incre\u00edblemente especial porque fue el \u00fanico m\u00e9dico que me hizo tantas preguntas y me realiz\u00f3 pruebas de sensibilidad y reflejos en manos y pies. Tambi\u00e9n me pidi\u00f3 una resonancia magn\u00e9tica y radiograf\u00edas de la columna. Tras esperar los resultados, el Dr. Royo me diagnostic\u00f3 una afecci\u00f3n de la que nunca hab\u00eda o\u00eddo hablar: siringomielia y s\u00edndrome de Arnold-Chiari. Durante la consulta, me explic\u00f3 las causas y el origen de estas afecciones, as\u00ed como los dos tratamientos disponibles. En el Hospital Vall d&#8217;Hebron de Barcelona, \u200b\u200bel procedimiento es muy complejo, largo y arriesgado, y la mayor\u00eda de los pacientes que se han sometido a \u00e9l no han mejorado, sino que han empeorado. La cirug\u00eda realizada por el Dr. Royo y su equipo es muy sencilla, r\u00e1pida y segura, y los pacientes que se han sometido a ella han mejorado r\u00e1pidamente. Mi decisi\u00f3n fue clara, gracias a la gran confianza que ten\u00eda en el Dr. Royo. Me registr\u00e9 como paciente n\u00famero 21, y el doctor no dud\u00f3 en operarme. <\/span><\/span><br \/>\n<span dir=\"auto\" style=\"vertical-align: inherit;\"><span dir=\"auto\" style=\"vertical-align: inherit;\">Al llegar a casa, busqu\u00e9 informaci\u00f3n sobre mi enfermedad en internet y empec\u00e9 a comprender su alcance y la veracidad de todo lo que el Dr. Royo me hab\u00eda dicho. Poco a poco, muchas cosas se aclararon y comprend\u00ed los testimonios de pacientes que hab\u00eda le\u00eddo. Sin duda, creo que tom\u00e9 una decisi\u00f3n acertada.<\/span><\/span><\/p>\n<p><span dir=\"auto\" style=\"vertical-align: inherit;\"><span dir=\"auto\" style=\"vertical-align: inherit;\">Cinco d\u00edas despu\u00e9s, entr\u00e9 al quir\u00f3fano. Unas horas despu\u00e9s de la cirug\u00eda, not\u00e9 que hab\u00eda recuperado la sensibilidad en las manos y la pierna izquierda, y el dolor de cuello hab\u00eda desaparecido. Mi recuperaci\u00f3n es asombrosa cada d\u00eda. Por la noche, no necesito cinco almohadas para dormir. No sufro de estr\u00e9s y tengo que tener cuidado al tocar cosas calientes porque antes no sent\u00eda el calor y ahora me quemo. Esta operaci\u00f3n ha cambiado mi vida por completo: he vuelto al trabajo, mi estado de \u00e1nimo ha mejorado y mi vida familiar es mejor.<\/span><\/span><\/p>\n<p><span dir=\"auto\" style=\"vertical-align: inherit;\"><span dir=\"auto\" style=\"vertical-align: inherit;\">Me tom\u00e9 un tiempo para escribir esta carta. No soy escritora, y quer\u00eda expresar mis sentimientos hacia el Dr. Royo y su equipo, cu\u00e1nto me han ayudado y c\u00f3mo mi vida ha cambiado gracias a ellos. Esta enfermedad afecta a minor\u00edas, y por eso los pacientes deber\u00edan unirse y apoyar a un m\u00e9dico que ha invertido sus recursos en estudiar y explorar la posibilidad de encontrar una manera de detener esta enfermedad mediante un procedimiento simple y efectivo. Su investigaci\u00f3n continua puede allanar el camino para curar las consecuencias de estas enfermedades y brindar a otros pacientes la oportunidad de recibir tratamiento. No entiendo por qu\u00e9 sus especialistas no lo han reconocido. Quiz\u00e1s su enfoque para implementar este procedimiento no sea rentable para algunos miembros del sistema de salud\u2026 <\/span><\/span><br \/>\n<span dir=\"auto\" style=\"vertical-align: inherit;\"><span dir=\"auto\" style=\"vertical-align: inherit;\">Tambi\u00e9n quisiera expresar mi gratitud a mi esposo, quien me ha apoyado en todo momento y me ha ayudado a superar la enfermedad. <\/span><\/span><br \/>\n<span dir=\"auto\" style=\"vertical-align: inherit;\"><span dir=\"auto\" style=\"vertical-align: inherit;\">Atentamente, <\/span><\/span><br \/>\n<span dir=\"auto\" style=\"vertical-align: inherit;\"><span dir=\"auto\" style=\"vertical-align: inherit;\">Silva Nebot Noguera. <\/span><\/span><br \/>\n<span dir=\"auto\" style=\"vertical-align: inherit;\"><span dir=\"auto\" style=\"vertical-align: inherit;\">Barcelona, \u200b\u200b14 de abril de 2009. <\/span><\/span><br \/>\n<span dir=\"auto\" style=\"vertical-align: inherit;\"><span dir=\"auto\" style=\"vertical-align: inherit;\">Por favor, cont\u00e1cteme en: <\/span><\/span><br \/>\n<a href=\"mailto:l%20cn@xamfra113.com\"><span dir=\"auto\" style=\"vertical-align: inherit;\"><span dir=\"auto\" style=\"vertical-align: inherit;\">l cn@xamfra113.com<\/span><\/span><\/a><\/p>\n","protected":false},"featured_media":58960,"template":"","tipos-de-testimonio":[362,360],"class_list":["post-58959","testimonios","type-testimonios","status-publish","has-post-thumbnail","hentry","tipos-de-testimonio-362","tipos-de-testimonio-360"],"yoast_head":"<!-- This site is optimized with the Yoast SEO plugin v27.4 - https:\/\/yoast.com\/product\/yoast-seo-wordpress\/ -->\n<title>\u0633\u064a\u0644\u064a\u0627 \u0646\u064a\u0628\u0648\u0637: \u0645\u062a\u0644\u0627\u0632\u0645\u0629 \u0623\u0631\u0646\u0648\u0644\u062f-\u0643\u064a\u0627\u0631\u064a \u0648\u0633\u064a\u0631\u064a\u0646\u063a\u0648\u0645\u064a\u0644\u064a\u0627 | ICSEB<\/title>\n<meta name=\"description\" content=\"\u0634\u0647\u0627\u062f\u0629 \u0627\u0644\u0645\u0631\u064a\u0636\u0629 \u0633\u064a\u0644\u064a\u0627 \u0646\u064a\u0628\u0648\u0637 \u0639\u0646 \u0645\u062a\u0644\u0627\u0632\u0645\u0629 \u0623\u0631\u0646\u0648\u0644\u062f-\u0643\u064a\u0627\u0631\u064a \u0627\u0644\u0623\u0648\u0644\u0649 \u0648\u0633\u064a\u0631\u064a\u0646\u063a\u0648\u0645\u064a\u0644\u064a\u0627. \u0628\u0639\u062f \u0627\u0644\u062c\u0631\u0627\u062d\u0629 \u0641\u064a ICSEB \u062a\u062d\u0633\u0646 \u0627\u0644\u0635\u062f\u0627\u0639 \u0648\u0623\u0639\u0631\u0627\u0636 \u0627\u0644\u0631\u0642\u0628\u0629.\" \/>\n<meta name=\"robots\" content=\"index, follow, max-snippet:-1, max-image-preview:large, max-video-preview:-1\" \/>\n<link rel=\"canonical\" href=\"https:\/\/institutchiaribcn.com\/ar\/celia-nebot-arnold-chiari-i-syndrome-syringomyelia\/\" \/>\n<meta property=\"og:locale\" content=\"ar_AR\" \/>\n<meta property=\"og:type\" content=\"article\" \/>\n<meta property=\"og:title\" content=\"\u0633\u064a\u0644\u064a\u0627 \u0646\u064a\u0628\u0648\u0637: \u0645\u062a\u0644\u0627\u0632\u0645\u0629 \u0623\u0631\u0646\u0648\u0644\u062f-\u0643\u064a\u0627\u0631\u064a \u0648\u0633\u064a\u0631\u064a\u0646\u063a\u0648\u0645\u064a\u0644\u064a\u0627 | ICSEB\" \/>\n<meta property=\"og:description\" content=\"\u0634\u0647\u0627\u062f\u0629 \u0627\u0644\u0645\u0631\u064a\u0636\u0629 \u0633\u064a\u0644\u064a\u0627 \u0646\u064a\u0628\u0648\u0637 \u0639\u0646 \u0645\u062a\u0644\u0627\u0632\u0645\u0629 \u0623\u0631\u0646\u0648\u0644\u062f-\u0643\u064a\u0627\u0631\u064a \u0627\u0644\u0623\u0648\u0644\u0649 \u0648\u0633\u064a\u0631\u064a\u0646\u063a\u0648\u0645\u064a\u0644\u064a\u0627. \u0628\u0639\u062f \u0627\u0644\u062c\u0631\u0627\u062d\u0629 \u0641\u064a ICSEB \u062a\u062d\u0633\u0646 \u0627\u0644\u0635\u062f\u0627\u0639 \u0648\u0623\u0639\u0631\u0627\u0636 \u0627\u0644\u0631\u0642\u0628\u0629.\" \/>\n<meta property=\"og:url\" content=\"https:\/\/institutchiaribcn.com\/ar\/celia-nebot-arnold-chiari-i-syndrome-syringomyelia\/\" \/>\n<meta property=\"og:site_name\" content=\"Institut Chiari Barcelona\" \/>\n<meta property=\"article:modified_time\" content=\"2026-04-15T09:05:40+00:00\" \/>\n<meta property=\"og:image\" content=\"https:\/\/institutchiaribcn.com\/wp-content\/uploads\/2025\/09\/Celia_Nebot-6.jpg\" \/>\n\t<meta property=\"og:image:width\" content=\"200\" \/>\n\t<meta property=\"og:image:height\" content=\"200\" \/>\n\t<meta property=\"og:image:type\" content=\"image\/jpeg\" \/>\n<meta name=\"twitter:card\" content=\"summary_large_image\" \/>\n<meta name=\"twitter:label1\" content=\"\u0648\u0642\u062a \u0627\u0644\u0642\u0631\u0627\u0621\u0629 \u0627\u0644\u0645\u064f\u0642\u062f\u0651\u0631\" \/>\n\t<meta name=\"twitter:data1\" content=\"5 \u062f\u0642\u0627\u0626\u0642\" \/>\n<script type=\"application\/ld+json\" class=\"yoast-schema-graph\">{\"@context\":\"https:\\\/\\\/schema.org\",\"@graph\":[{\"@type\":\"WebPage\",\"@id\":\"https:\\\/\\\/institutchiaribcn.com\\\/ar\\\/celia-nebot-arnold-chiari-i-syndrome-syringomyelia\\\/\",\"url\":\"https:\\\/\\\/institutchiaribcn.com\\\/ar\\\/celia-nebot-arnold-chiari-i-syndrome-syringomyelia\\\/\",\"name\":\"\u0633\u064a\u0644\u064a\u0627 \u0646\u064a\u0628\u0648\u0637: \u0645\u062a\u0644\u0627\u0632\u0645\u0629 \u0623\u0631\u0646\u0648\u0644\u062f-\u0643\u064a\u0627\u0631\u064a \u0648\u0633\u064a\u0631\u064a\u0646\u063a\u0648\u0645\u064a\u0644\u064a\u0627 | ICSEB\",\"isPartOf\":{\"@id\":\"https:\\\/\\\/institutchiaribcn.com\\\/ar\\\/#website\"},\"primaryImageOfPage\":{\"@id\":\"https:\\\/\\\/institutchiaribcn.com\\\/ar\\\/celia-nebot-arnold-chiari-i-syndrome-syringomyelia\\\/#primaryimage\"},\"image\":{\"@id\":\"https:\\\/\\\/institutchiaribcn.com\\\/ar\\\/celia-nebot-arnold-chiari-i-syndrome-syringomyelia\\\/#primaryimage\"},\"thumbnailUrl\":\"https:\\\/\\\/institutchiaribcn.com\\\/wp-content\\\/uploads\\\/2025\\\/09\\\/Celia_Nebot-6.jpg\",\"datePublished\":\"2009-04-13T22:00:00+00:00\",\"dateModified\":\"2026-04-15T09:05:40+00:00\",\"description\":\"\u0634\u0647\u0627\u062f\u0629 \u0627\u0644\u0645\u0631\u064a\u0636\u0629 \u0633\u064a\u0644\u064a\u0627 \u0646\u064a\u0628\u0648\u0637 \u0639\u0646 \u0645\u062a\u0644\u0627\u0632\u0645\u0629 \u0623\u0631\u0646\u0648\u0644\u062f-\u0643\u064a\u0627\u0631\u064a \u0627\u0644\u0623\u0648\u0644\u0649 \u0648\u0633\u064a\u0631\u064a\u0646\u063a\u0648\u0645\u064a\u0644\u064a\u0627. \u0628\u0639\u062f \u0627\u0644\u062c\u0631\u0627\u062d\u0629 \u0641\u064a ICSEB \u062a\u062d\u0633\u0646 \u0627\u0644\u0635\u062f\u0627\u0639 \u0648\u0623\u0639\u0631\u0627\u0636 \u0627\u0644\u0631\u0642\u0628\u0629.\",\"breadcrumb\":{\"@id\":\"https:\\\/\\\/institutchiaribcn.com\\\/ar\\\/celia-nebot-arnold-chiari-i-syndrome-syringomyelia\\\/#breadcrumb\"},\"inLanguage\":\"ar\",\"potentialAction\":[{\"@type\":\"ReadAction\",\"target\":[\"https:\\\/\\\/institutchiaribcn.com\\\/ar\\\/celia-nebot-arnold-chiari-i-syndrome-syringomyelia\\\/\"]}]},{\"@type\":\"ImageObject\",\"inLanguage\":\"ar\",\"@id\":\"https:\\\/\\\/institutchiaribcn.com\\\/ar\\\/celia-nebot-arnold-chiari-i-syndrome-syringomyelia\\\/#primaryimage\",\"url\":\"https:\\\/\\\/institutchiaribcn.com\\\/wp-content\\\/uploads\\\/2025\\\/09\\\/Celia_Nebot-6.jpg\",\"contentUrl\":\"https:\\\/\\\/institutchiaribcn.com\\\/wp-content\\\/uploads\\\/2025\\\/09\\\/Celia_Nebot-6.jpg\",\"width\":200,\"height\":200},{\"@type\":\"BreadcrumbList\",\"@id\":\"https:\\\/\\\/institutchiaribcn.com\\\/ar\\\/celia-nebot-arnold-chiari-i-syndrome-syringomyelia\\\/#breadcrumb\",\"itemListElement\":[{\"@type\":\"ListItem\",\"position\":1,\"name\":\"Portada\",\"item\":\"https:\\\/\\\/institutchiaribcn.com\\\/ar\\\/\"},{\"@type\":\"ListItem\",\"position\":2,\"name\":\"Testimonios\",\"item\":\"https:\\\/\\\/institutchiaribcn.com\\\/ar\\\/testimonios\\\/\"},{\"@type\":\"ListItem\",\"position\":3,\"name\":\"\u0633\u064a\u0644\u064a\u0627 \u0646\u064a\u0628\u0648\u062a. \u0645\u062a\u0644\u0627\u0632\u0645\u0629 \u0623\u0631\u0646\u0648\u0644\u062f \u0643\u064a\u0627\u0631\u064a \u0648 \u0627\u0644\u062c\u0646\u0641\"}]},{\"@type\":\"WebSite\",\"@id\":\"https:\\\/\\\/institutchiaribcn.com\\\/ar\\\/#website\",\"url\":\"https:\\\/\\\/institutchiaribcn.com\\\/ar\\\/\",\"name\":\"Institut Chiari de Barcelona\",\"description\":\"\",\"publisher\":{\"@id\":\"https:\\\/\\\/institutchiaribcn.com\\\/ar\\\/#organization\"},\"potentialAction\":[{\"@type\":\"SearchAction\",\"target\":{\"@type\":\"EntryPoint\",\"urlTemplate\":\"https:\\\/\\\/institutchiaribcn.com\\\/ar\\\/?s={search_term_string}\"},\"query-input\":{\"@type\":\"PropertyValueSpecification\",\"valueRequired\":true,\"valueName\":\"search_term_string\"}}],\"inLanguage\":\"ar\"},{\"@type\":\"Organization\",\"@id\":\"https:\\\/\\\/institutchiaribcn.com\\\/ar\\\/#organization\",\"name\":\"Institut Chiari de Barcelona\",\"url\":\"https:\\\/\\\/institutchiaribcn.com\\\/ar\\\/\",\"logo\":{\"@type\":\"ImageObject\",\"inLanguage\":\"ar\",\"@id\":\"https:\\\/\\\/institutchiaribcn.com\\\/ar\\\/#\\\/schema\\\/logo\\\/image\\\/\",\"url\":\"https:\\\/\\\/institutchiaribcn.com\\\/wp-content\\\/uploads\\\/2025\\\/10\\\/cropped-cropped-icsebNavLogo-1.png\",\"contentUrl\":\"https:\\\/\\\/institutchiaribcn.com\\\/wp-content\\\/uploads\\\/2025\\\/10\\\/cropped-cropped-icsebNavLogo-1.png\",\"width\":245,\"height\":99,\"caption\":\"Institut Chiari de Barcelona\"},\"image\":{\"@id\":\"https:\\\/\\\/institutchiaribcn.com\\\/ar\\\/#\\\/schema\\\/logo\\\/image\\\/\"}}]}<\/script>\n<!-- \/ Yoast SEO plugin. -->","yoast_head_json":{"title":"\u0633\u064a\u0644\u064a\u0627 \u0646\u064a\u0628\u0648\u0637: \u0645\u062a\u0644\u0627\u0632\u0645\u0629 \u0623\u0631\u0646\u0648\u0644\u062f-\u0643\u064a\u0627\u0631\u064a \u0648\u0633\u064a\u0631\u064a\u0646\u063a\u0648\u0645\u064a\u0644\u064a\u0627 | ICSEB","description":"\u0634\u0647\u0627\u062f\u0629 \u0627\u0644\u0645\u0631\u064a\u0636\u0629 \u0633\u064a\u0644\u064a\u0627 \u0646\u064a\u0628\u0648\u0637 \u0639\u0646 \u0645\u062a\u0644\u0627\u0632\u0645\u0629 \u0623\u0631\u0646\u0648\u0644\u062f-\u0643\u064a\u0627\u0631\u064a \u0627\u0644\u0623\u0648\u0644\u0649 \u0648\u0633\u064a\u0631\u064a\u0646\u063a\u0648\u0645\u064a\u0644\u064a\u0627. \u0628\u0639\u062f \u0627\u0644\u062c\u0631\u0627\u062d\u0629 \u0641\u064a ICSEB \u062a\u062d\u0633\u0646 \u0627\u0644\u0635\u062f\u0627\u0639 \u0648\u0623\u0639\u0631\u0627\u0636 \u0627\u0644\u0631\u0642\u0628\u0629.","robots":{"index":"index","follow":"follow","max-snippet":"max-snippet:-1","max-image-preview":"max-image-preview:large","max-video-preview":"max-video-preview:-1"},"canonical":"https:\/\/institutchiaribcn.com\/ar\/celia-nebot-arnold-chiari-i-syndrome-syringomyelia\/","og_locale":"ar_AR","og_type":"article","og_title":"\u0633\u064a\u0644\u064a\u0627 \u0646\u064a\u0628\u0648\u0637: \u0645\u062a\u0644\u0627\u0632\u0645\u0629 \u0623\u0631\u0646\u0648\u0644\u062f-\u0643\u064a\u0627\u0631\u064a \u0648\u0633\u064a\u0631\u064a\u0646\u063a\u0648\u0645\u064a\u0644\u064a\u0627 | ICSEB","og_description":"\u0634\u0647\u0627\u062f\u0629 \u0627\u0644\u0645\u0631\u064a\u0636\u0629 \u0633\u064a\u0644\u064a\u0627 \u0646\u064a\u0628\u0648\u0637 \u0639\u0646 \u0645\u062a\u0644\u0627\u0632\u0645\u0629 \u0623\u0631\u0646\u0648\u0644\u062f-\u0643\u064a\u0627\u0631\u064a \u0627\u0644\u0623\u0648\u0644\u0649 \u0648\u0633\u064a\u0631\u064a\u0646\u063a\u0648\u0645\u064a\u0644\u064a\u0627. \u0628\u0639\u062f \u0627\u0644\u062c\u0631\u0627\u062d\u0629 \u0641\u064a ICSEB \u062a\u062d\u0633\u0646 \u0627\u0644\u0635\u062f\u0627\u0639 \u0648\u0623\u0639\u0631\u0627\u0636 \u0627\u0644\u0631\u0642\u0628\u0629.","og_url":"https:\/\/institutchiaribcn.com\/ar\/celia-nebot-arnold-chiari-i-syndrome-syringomyelia\/","og_site_name":"Institut Chiari Barcelona","article_modified_time":"2026-04-15T09:05:40+00:00","og_image":[{"width":200,"height":200,"url":"https:\/\/institutchiaribcn.com\/wp-content\/uploads\/2025\/09\/Celia_Nebot-6.jpg","type":"image\/jpeg"}],"twitter_card":"summary_large_image","twitter_misc":{"\u0648\u0642\u062a \u0627\u0644\u0642\u0631\u0627\u0621\u0629 \u0627\u0644\u0645\u064f\u0642\u062f\u0651\u0631":"5 \u062f\u0642\u0627\u0626\u0642"},"schema":{"@context":"https:\/\/schema.org","@graph":[{"@type":"WebPage","@id":"https:\/\/institutchiaribcn.com\/ar\/celia-nebot-arnold-chiari-i-syndrome-syringomyelia\/","url":"https:\/\/institutchiaribcn.com\/ar\/celia-nebot-arnold-chiari-i-syndrome-syringomyelia\/","name":"\u0633\u064a\u0644\u064a\u0627 \u0646\u064a\u0628\u0648\u0637: \u0645\u062a\u0644\u0627\u0632\u0645\u0629 \u0623\u0631\u0646\u0648\u0644\u062f-\u0643\u064a\u0627\u0631\u064a \u0648\u0633\u064a\u0631\u064a\u0646\u063a\u0648\u0645\u064a\u0644\u064a\u0627 | ICSEB","isPartOf":{"@id":"https:\/\/institutchiaribcn.com\/ar\/#website"},"primaryImageOfPage":{"@id":"https:\/\/institutchiaribcn.com\/ar\/celia-nebot-arnold-chiari-i-syndrome-syringomyelia\/#primaryimage"},"image":{"@id":"https:\/\/institutchiaribcn.com\/ar\/celia-nebot-arnold-chiari-i-syndrome-syringomyelia\/#primaryimage"},"thumbnailUrl":"https:\/\/institutchiaribcn.com\/wp-content\/uploads\/2025\/09\/Celia_Nebot-6.jpg","datePublished":"2009-04-13T22:00:00+00:00","dateModified":"2026-04-15T09:05:40+00:00","description":"\u0634\u0647\u0627\u062f\u0629 \u0627\u0644\u0645\u0631\u064a\u0636\u0629 \u0633\u064a\u0644\u064a\u0627 \u0646\u064a\u0628\u0648\u0637 \u0639\u0646 \u0645\u062a\u0644\u0627\u0632\u0645\u0629 \u0623\u0631\u0646\u0648\u0644\u062f-\u0643\u064a\u0627\u0631\u064a \u0627\u0644\u0623\u0648\u0644\u0649 \u0648\u0633\u064a\u0631\u064a\u0646\u063a\u0648\u0645\u064a\u0644\u064a\u0627. \u0628\u0639\u062f \u0627\u0644\u062c\u0631\u0627\u062d\u0629 \u0641\u064a ICSEB \u062a\u062d\u0633\u0646 \u0627\u0644\u0635\u062f\u0627\u0639 \u0648\u0623\u0639\u0631\u0627\u0636 \u0627\u0644\u0631\u0642\u0628\u0629.","breadcrumb":{"@id":"https:\/\/institutchiaribcn.com\/ar\/celia-nebot-arnold-chiari-i-syndrome-syringomyelia\/#breadcrumb"},"inLanguage":"ar","potentialAction":[{"@type":"ReadAction","target":["https:\/\/institutchiaribcn.com\/ar\/celia-nebot-arnold-chiari-i-syndrome-syringomyelia\/"]}]},{"@type":"ImageObject","inLanguage":"ar","@id":"https:\/\/institutchiaribcn.com\/ar\/celia-nebot-arnold-chiari-i-syndrome-syringomyelia\/#primaryimage","url":"https:\/\/institutchiaribcn.com\/wp-content\/uploads\/2025\/09\/Celia_Nebot-6.jpg","contentUrl":"https:\/\/institutchiaribcn.com\/wp-content\/uploads\/2025\/09\/Celia_Nebot-6.jpg","width":200,"height":200},{"@type":"BreadcrumbList","@id":"https:\/\/institutchiaribcn.com\/ar\/celia-nebot-arnold-chiari-i-syndrome-syringomyelia\/#breadcrumb","itemListElement":[{"@type":"ListItem","position":1,"name":"Portada","item":"https:\/\/institutchiaribcn.com\/ar\/"},{"@type":"ListItem","position":2,"name":"Testimonios","item":"https:\/\/institutchiaribcn.com\/ar\/testimonios\/"},{"@type":"ListItem","position":3,"name":"\u0633\u064a\u0644\u064a\u0627 \u0646\u064a\u0628\u0648\u062a. \u0645\u062a\u0644\u0627\u0632\u0645\u0629 \u0623\u0631\u0646\u0648\u0644\u062f \u0643\u064a\u0627\u0631\u064a \u0648 \u0627\u0644\u062c\u0646\u0641"}]},{"@type":"WebSite","@id":"https:\/\/institutchiaribcn.com\/ar\/#website","url":"https:\/\/institutchiaribcn.com\/ar\/","name":"Institut Chiari de Barcelona","description":"","publisher":{"@id":"https:\/\/institutchiaribcn.com\/ar\/#organization"},"potentialAction":[{"@type":"SearchAction","target":{"@type":"EntryPoint","urlTemplate":"https:\/\/institutchiaribcn.com\/ar\/?s={search_term_string}"},"query-input":{"@type":"PropertyValueSpecification","valueRequired":true,"valueName":"search_term_string"}}],"inLanguage":"ar"},{"@type":"Organization","@id":"https:\/\/institutchiaribcn.com\/ar\/#organization","name":"Institut Chiari de Barcelona","url":"https:\/\/institutchiaribcn.com\/ar\/","logo":{"@type":"ImageObject","inLanguage":"ar","@id":"https:\/\/institutchiaribcn.com\/ar\/#\/schema\/logo\/image\/","url":"https:\/\/institutchiaribcn.com\/wp-content\/uploads\/2025\/10\/cropped-cropped-icsebNavLogo-1.png","contentUrl":"https:\/\/institutchiaribcn.com\/wp-content\/uploads\/2025\/10\/cropped-cropped-icsebNavLogo-1.png","width":245,"height":99,"caption":"Institut Chiari de Barcelona"},"image":{"@id":"https:\/\/institutchiaribcn.com\/ar\/#\/schema\/logo\/image\/"}}]}},"_links":{"self":[{"href":"https:\/\/institutchiaribcn.com\/ar\/wp-json\/wp\/v2\/testimonios\/58959","targetHints":{"allow":["GET"]}}],"collection":[{"href":"https:\/\/institutchiaribcn.com\/ar\/wp-json\/wp\/v2\/testimonios"}],"about":[{"href":"https:\/\/institutchiaribcn.com\/ar\/wp-json\/wp\/v2\/types\/testimonios"}],"wp:featuredmedia":[{"embeddable":true,"href":"https:\/\/institutchiaribcn.com\/ar\/wp-json\/wp\/v2\/media\/58960"}],"wp:attachment":[{"href":"https:\/\/institutchiaribcn.com\/ar\/wp-json\/wp\/v2\/media?parent=58959"}],"wp:term":[{"taxonomy":"tipos-de-testimonio","embeddable":true,"href":"https:\/\/institutchiaribcn.com\/ar\/wp-json\/wp\/v2\/tipos-de-testimonio?post=58959"}],"curies":[{"name":"wp","href":"https:\/\/api.w.org\/{rel}","templated":true}]}}