{"id":58738,"date":"2013-09-10T00:00:00","date_gmt":"2013-09-09T22:00:00","guid":{"rendered":"https:\/\/dev.institutchiaribcn.com\/testimonios\/%d8%b3%d9%84%d8%b3%d8%aa%d9%8a%d9%86%d8%a7-%d9%85%d8%a7%d8%b1%d9%83%d9%8a%d8%b2-%d8%ac%d9%88%d9%86%d8%b2%d8%a7%d9%84%d9%81%d8%b3-%d9%85%d8%aa%d9%84%d8%a7%d8%b2%d9%85%d8%a9-%d8%a7%d9%84%d8%ac%d8%b1\/"},"modified":"2026-04-14T09:21:32","modified_gmt":"2026-04-14T07:21:32","slug":"celestina-marques-goncalves-cord-traction-syndrome-arnold-chiari-i-syndrome-idiopathic-scoliosis-polydiscopathia","status":"publish","type":"testimonios","link":"https:\/\/institutchiaribcn.com\/ar\/celestina-marques-goncalves-cord-traction-syndrome-arnold-chiari-i-syndrome-idiopathic-scoliosis-polydiscopathia\/","title":{"rendered":"\u0633\u0644\u0633\u062a\u064a\u0646\u0627 \u0645\u0627\u0631\u0643\u064a\u0632 \u062c\u0648\u0646\u0632\u0627\u0644\u0641\u0633. \u0645\u062a\u0644\u0627\u0632\u0645\u0629 \u0627\u0644\u062c\u0631 \u0641\u064a \u0627\u0644\u062d\u0628\u0644 \u0627\u0644\u0634\u0648\u0643\u064a. \u0645\u062a\u0644\u0627\u0632\u0645\u0629 \u0623\u0631\u0646\u0648\u0644\u062f \u0634\u064a\u0627\u0631\u064a \u0627\u0644\u0623\u0648\u0644. \u062c\u0646\u0641 \u0645\u062c\u0647\u0648\u0644 \u0627\u0644\u0633\u0628\u0628. \u0627\u0646\u0632\u0644\u0627\u0642\u0627\u062a \u063a\u0636\u0631\u0648\u0641\u064a\u0629 \u0645\u062a\u0639\u062f\u062f\u0629"},"content":{"rendered":"<p>&nbsp;<\/p>\n<p align=\"RIGHT\"><strong><span dir=\"auto\" style=\"vertical-align: inherit;\"><span dir=\"auto\" style=\"vertical-align: inherit;\">Fecha de la cirug\u00eda: julio de 2011<\/span><\/span><\/strong><\/p>\n<p align=\"RIGHT\"><span dir=\"auto\" style=\"vertical-align: inherit;\"><span dir=\"auto\" style=\"vertical-align: inherit;\">Mi nombre es Celestina Marques Gon\u00e7alves y vivo en Oporto, Brasil. Hoy soy una persona feliz y optimista. Durante mucho tiempo sufr\u00ed de migra\u00f1as y problemas de columna. En noviembre de 2006 viaj\u00e9 a China para recibir tratamiento de acupuntura, que alivi\u00f3 un poco el dolor, pero este regres\u00f3 a los 30 d\u00edas al volver a Brasil. Pens\u00e9 que se deb\u00eda al cansancio y a las largas horas de viaje. Desde entonces, he tenido dolores de cabeza frecuentes y desmayos que requieren hospitalizaci\u00f3n. Me recetaban medicamentos durante tres meses, tras los cuales los s\u00edntomas reaparec\u00edan. Fue entonces cuando descubr\u00ed un medicamento que se coloca debajo de la lengua para un alivio r\u00e1pido del dolor.<\/span><\/span><\/p>\n<p align=\"RIGHT\"><span dir=\"auto\" style=\"vertical-align: inherit;\"><span dir=\"auto\" style=\"vertical-align: inherit;\">En 2009, comenc\u00e9 a tener dolores de cabeza casi a diario, y en 2010, empec\u00e9 a experimentar dificultades para hablar e incluso ronquera. Soy acupunturista certificada e imparto cursos de formaci\u00f3n, y con frecuencia he sufrido trastornos del habla o incluso la p\u00e9rdida total de la voz.<\/span><\/span><\/p>\n<p align=\"RIGHT\"><span dir=\"auto\" style=\"vertical-align: inherit;\"><span dir=\"auto\" style=\"vertical-align: inherit;\">Empec\u00e9 a buscar una soluci\u00f3n cuanto antes. Encontr\u00e9 un especialista que no pudo determinar la causa de mi enfermedad y me deriv\u00f3 a otro. Pero ninguno pudo encontrar la causa de mis dificultades del habla. Ese mismo a\u00f1o, y con bastante rapidez, aparecieron otros s\u00edntomas, como una sensaci\u00f3n de presi\u00f3n en la cabeza, fuertes dolores de cabeza que me imped\u00edan dormir y problemas de visi\u00f3n. Con el paso de las semanas, empec\u00e9 a notar que los s\u00edntomas empeoraban, incluyendo palpitaciones. Pas\u00e9 meses consultando con numerosos especialistas, entre ellos ocho m\u00e9dicos generales y cinco especialistas en otras \u00e1reas, pero ninguno pudo determinar la causa mediante las pruebas que me realizaron. Lo \u00fanico que pudieron constatar fue que ten\u00eda un problema en el cuello y, por lo tanto, no me recomendaron ninguna cirug\u00eda, a pesar de que las pruebas de la \u00e9poca indicaban que ten\u00eda el s\u00edndrome de Barnold-Chiari, un diagn\u00f3stico que supe diez a\u00f1os despu\u00e9s.<\/span><\/span><\/p>\n<p align=\"RIGHT\"><span dir=\"auto\" style=\"vertical-align: inherit;\"><span dir=\"auto\" style=\"vertical-align: inherit;\">Un d\u00eda so\u00f1\u00e9 que me hac\u00edan una resonancia magn\u00e9tica cerebral. Era lunes. En cuanto me despert\u00e9, llam\u00e9 a mi neur\u00f3logo y le ped\u00ed que me derivara para la prueba. Sin embargo, se neg\u00f3 porque, tras examinarme, no encontr\u00f3 nada anormal. Pero insist\u00ed, as\u00ed que me la hicieron al d\u00eda siguiente, y esa misma semana volv\u00ed a su consulta con un diagn\u00f3stico de s\u00edndrome de Barnold-Chiari. No hizo m\u00e1s que derivarme a otro especialista, y as\u00ed sucesivamente hasta que&#8230;<\/span><\/span><\/p>\n<p align=\"RIGHT\"><span dir=\"auto\" style=\"vertical-align: inherit;\"><span dir=\"auto\" style=\"vertical-align: inherit;\">Hab\u00eda siete m\u00e9dicos, y solo uno de ellos realiz\u00f3 la craneotom\u00eda occipital para extirpar la parte descendente de las am\u00edgdalas cerebelosas.<\/span><\/span><\/p>\n<p align=\"RIGHT\"><span dir=\"auto\" style=\"vertical-align: inherit;\"><span dir=\"auto\" style=\"vertical-align: inherit;\">Esta \u00faltima me explic\u00f3 el procedimiento y los riesgos que conlleva, as\u00ed que decid\u00ed no someterme a \u00e9l.<\/span><\/span><\/p>\n<p align=\"RIGHT\"><span dir=\"auto\" style=\"vertical-align: inherit;\"><span dir=\"auto\" style=\"vertical-align: inherit;\">Despu\u00e9s de eso, empec\u00e9 a perder toda esperanza, y por eso mi hija comenz\u00f3 a buscar una soluci\u00f3n a mi problema. Durante su investigaci\u00f3n, descubri\u00f3 que mi enfermedad era hereditaria y que la \u00fanica soluci\u00f3n era someterme a esa cirug\u00eda de alto riesgo. Ella no perdi\u00f3 la esperanza, sino que continu\u00f3 buscando en internet otras alternativas.<\/span><\/span><\/p>\n<p align=\"RIGHT\"><span dir=\"auto\" style=\"vertical-align: inherit;\"><span dir=\"auto\" style=\"vertical-align: inherit;\">Tres d\u00edas despu\u00e9s, vino a mi casa con informaci\u00f3n en su computadora. Hab\u00eda contactado a algunos pacientes que se hab\u00edan sometido al procedimiento con el Dr. Royo, y tambi\u00e9n al propio Dr. Royo en el instituto de Barcelona. Volvimos a sentir esperanza. Intercambiamos la informaci\u00f3n necesaria para enviar los resultados de las pruebas por correo para que el Dr. Royo pudiera revisarlos. Despu\u00e9s, recibimos la respuesta: era candidata para la cirug\u00eda de extracci\u00f3n de la pel\u00edcula terminal. Mientras tanto, comenzamos a dudar de la informaci\u00f3n que hab\u00edamos recibido, creyendo que lo que dec\u00eda el Dr. Royo era imposible porque carec\u00edamos de las t\u00e9cnicas de tratamiento necesarias aqu\u00ed en Brasil. Comenc\u00e9 a reunir fuerzas y a aferrarme a la esperanza que me quedaba de volver a caminar, respirar bien, dormir\u2026 y para entonces, ya hab\u00eda recibido mucha ayuda de mucha gente.<\/span><\/span><\/p>\n<p align=\"RIGHT\"><span dir=\"auto\" style=\"vertical-align: inherit;\"><span dir=\"auto\" style=\"vertical-align: inherit;\">Decid\u00ed operarme en Barcelona en julio de 2011. Me realizaron una incisi\u00f3n en la f\u00edbula terminal y me dieron el alta al d\u00eda siguiente sin dolor. Permanec\u00ed en Barcelona diez d\u00edas, durante los cuales pude caminar y explorar sin molestias. Al regresar a Brasil, descubr\u00ed que la presi\u00f3n en la cabeza que sent\u00eda tras horas de vuelo tambi\u00e9n hab\u00eda desaparecido. El Dr. Royo me indic\u00f3 que necesitaba otra cirug\u00eda de columna debido a tres hernias discales. Me operaron en Brasil cinco meses despu\u00e9s de la incisi\u00f3n en la f\u00edbula terminal realizada por el Dr. Royo, donde me insertaron tres placas y ocho tornillos. Tras esta \u00faltima cirug\u00eda, mejor\u00f3 la movilidad de mi cuello, desapareci\u00f3 el dolor y recuper\u00e9 la sensibilidad t\u00e1ctil en los dedos. Estoy muy agradecido al Dr. Royo.<\/span><\/span><\/p>\n<p align=\"RIGHT\"><span dir=\"auto\" style=\"vertical-align: inherit;\"><span dir=\"auto\" style=\"vertical-align: inherit;\">Tras regresar de Espa\u00f1a, les cont\u00e9 a los m\u00e9dicos en Brasil lo que me hab\u00eda sucedido, lo cual ayud\u00f3 a diagnosticar la enfermedad de un ni\u00f1o de nueve a\u00f1os.<\/span><\/span><\/p>\n<p align=\"RIGHT\"><span dir=\"auto\" style=\"vertical-align: inherit;\"><span dir=\"auto\" style=\"vertical-align: inherit;\">Sinceramente espero poder ayudar a quienes tienen dudas sobre este tipo de tratamiento. Recomiendo ampliamente este tratamiento eficaz y serio que ofrece el Dr. Royo.<\/span><\/span><\/p>\n<p align=\"RIGHT\"><span dir=\"auto\" style=\"vertical-align: inherit;\"><span dir=\"auto\" style=\"vertical-align: inherit;\">Gracias<\/span><\/span><\/p>\n<p align=\"RIGHT\"><span dir=\"auto\" style=\"vertical-align: inherit;\"><span dir=\"auto\" style=\"vertical-align: inherit;\">Celestina Gon\u00e7alves<\/span><\/span><\/p>\n<p align=\"RIGHT\"><strong><span dir=\"auto\" style=\"vertical-align: inherit;\"><span dir=\"auto\" style=\"vertical-align: inherit;\">Correo electr\u00f3nico: celestinha@terra.com.br<\/span><\/span><\/strong><\/p>\n","protected":false},"featured_media":0,"template":"","tipos-de-testimonio":[360],"class_list":["post-58738","testimonios","type-testimonios","status-publish","hentry","tipos-de-testimonio-360"],"yoast_head":"<!-- This site is optimized with the Yoast SEO plugin v27.4 - https:\/\/yoast.com\/product\/yoast-seo-wordpress\/ -->\n<title>\u0633\u064a\u0644\u064a\u0633\u062a\u064a\u0646\u0627 \u0645\u0627\u0631\u0643\u064a\u0632: \u062a\u0634\u064a\u0627\u0631\u064a I \u0648\u0627\u0646\u062d\u0646\u0627\u0621 \u0627\u0644\u0639\u0645\u0648\u062f \u0627\u0644\u0641\u0642\u0631\u064a | ICSEB<\/title>\n<meta name=\"description\" content=\"\u062a\u0631\u0648\u064a \u0633\u064a\u0644\u0633\u062a\u064a\u0646\u0627 \u0645\u0627\u0631\u0643\u064a\u0632 \u063a\u0648\u0646\u0643\u0627\u0644\u0641\u064a\u0633 \u062a\u062c\u0631\u0628\u062a\u0647\u0627 \u0645\u0639 \u0645\u062a\u0644\u0627\u0632\u0645\u0629 \u062c\u0630\u0628 \u0627\u0644\u062d\u0628\u0644 \u0648Arnold\u2011Chiari I \u0648\u0627\u0644\u062c\u0646\u0641 \u0645\u062c\u0647\u0648\u0644 \u0627\u0644\u0633\u0628\u0628 \u0628\u0639\u062f \u0639\u0644\u0627\u062c Filum System \u0641\u064a \u0628\u0631\u0634\u0644\u0648\u0646\u0629.\" \/>\n<meta name=\"robots\" content=\"index, follow, max-snippet:-1, max-image-preview:large, max-video-preview:-1\" \/>\n<link rel=\"canonical\" href=\"https:\/\/institutchiaribcn.com\/ar\/celestina-marques-goncalves-cord-traction-syndrome-arnold-chiari-i-syndrome-idiopathic-scoliosis-polydiscopathia\/\" \/>\n<meta property=\"og:locale\" content=\"ar_AR\" \/>\n<meta property=\"og:type\" content=\"article\" \/>\n<meta property=\"og:title\" content=\"\u0633\u064a\u0644\u064a\u0633\u062a\u064a\u0646\u0627 \u0645\u0627\u0631\u0643\u064a\u0632: \u062a\u0634\u064a\u0627\u0631\u064a I \u0648\u0627\u0646\u062d\u0646\u0627\u0621 \u0627\u0644\u0639\u0645\u0648\u062f \u0627\u0644\u0641\u0642\u0631\u064a | ICSEB\" \/>\n<meta property=\"og:description\" content=\"\u062a\u0631\u0648\u064a \u0633\u064a\u0644\u0633\u062a\u064a\u0646\u0627 \u0645\u0627\u0631\u0643\u064a\u0632 \u063a\u0648\u0646\u0643\u0627\u0644\u0641\u064a\u0633 \u062a\u062c\u0631\u0628\u062a\u0647\u0627 \u0645\u0639 \u0645\u062a\u0644\u0627\u0632\u0645\u0629 \u062c\u0630\u0628 \u0627\u0644\u062d\u0628\u0644 \u0648Arnold\u2011Chiari I \u0648\u0627\u0644\u062c\u0646\u0641 \u0645\u062c\u0647\u0648\u0644 \u0627\u0644\u0633\u0628\u0628 \u0628\u0639\u062f \u0639\u0644\u0627\u062c Filum System \u0641\u064a \u0628\u0631\u0634\u0644\u0648\u0646\u0629.\" \/>\n<meta property=\"og:url\" content=\"https:\/\/institutchiaribcn.com\/ar\/celestina-marques-goncalves-cord-traction-syndrome-arnold-chiari-i-syndrome-idiopathic-scoliosis-polydiscopathia\/\" \/>\n<meta property=\"og:site_name\" content=\"Institut Chiari Barcelona\" \/>\n<meta property=\"article:modified_time\" content=\"2026-04-14T07:21:32+00:00\" \/>\n<meta name=\"twitter:card\" content=\"summary_large_image\" \/>\n<meta name=\"twitter:label1\" content=\"\u0648\u0642\u062a \u0627\u0644\u0642\u0631\u0627\u0621\u0629 \u0627\u0644\u0645\u064f\u0642\u062f\u0651\u0631\" \/>\n\t<meta name=\"twitter:data1\" content=\"4 \u062f\u0642\u0627\u0626\u0642\" \/>\n<script type=\"application\/ld+json\" class=\"yoast-schema-graph\">{\"@context\":\"https:\\\/\\\/schema.org\",\"@graph\":[{\"@type\":\"WebPage\",\"@id\":\"https:\\\/\\\/institutchiaribcn.com\\\/ar\\\/celestina-marques-goncalves-cord-traction-syndrome-arnold-chiari-i-syndrome-idiopathic-scoliosis-polydiscopathia\\\/\",\"url\":\"https:\\\/\\\/institutchiaribcn.com\\\/ar\\\/celestina-marques-goncalves-cord-traction-syndrome-arnold-chiari-i-syndrome-idiopathic-scoliosis-polydiscopathia\\\/\",\"name\":\"\u0633\u064a\u0644\u064a\u0633\u062a\u064a\u0646\u0627 \u0645\u0627\u0631\u0643\u064a\u0632: \u062a\u0634\u064a\u0627\u0631\u064a I \u0648\u0627\u0646\u062d\u0646\u0627\u0621 \u0627\u0644\u0639\u0645\u0648\u062f \u0627\u0644\u0641\u0642\u0631\u064a | ICSEB\",\"isPartOf\":{\"@id\":\"https:\\\/\\\/institutchiaribcn.com\\\/ar\\\/#website\"},\"datePublished\":\"2013-09-09T22:00:00+00:00\",\"dateModified\":\"2026-04-14T07:21:32+00:00\",\"description\":\"\u062a\u0631\u0648\u064a \u0633\u064a\u0644\u0633\u062a\u064a\u0646\u0627 \u0645\u0627\u0631\u0643\u064a\u0632 \u063a\u0648\u0646\u0643\u0627\u0644\u0641\u064a\u0633 \u062a\u062c\u0631\u0628\u062a\u0647\u0627 \u0645\u0639 \u0645\u062a\u0644\u0627\u0632\u0645\u0629 \u062c\u0630\u0628 \u0627\u0644\u062d\u0628\u0644 \u0648Arnold\u2011Chiari I \u0648\u0627\u0644\u062c\u0646\u0641 \u0645\u062c\u0647\u0648\u0644 \u0627\u0644\u0633\u0628\u0628 \u0628\u0639\u062f \u0639\u0644\u0627\u062c Filum System \u0641\u064a \u0628\u0631\u0634\u0644\u0648\u0646\u0629.\",\"breadcrumb\":{\"@id\":\"https:\\\/\\\/institutchiaribcn.com\\\/ar\\\/celestina-marques-goncalves-cord-traction-syndrome-arnold-chiari-i-syndrome-idiopathic-scoliosis-polydiscopathia\\\/#breadcrumb\"},\"inLanguage\":\"ar\",\"potentialAction\":[{\"@type\":\"ReadAction\",\"target\":[\"https:\\\/\\\/institutchiaribcn.com\\\/ar\\\/celestina-marques-goncalves-cord-traction-syndrome-arnold-chiari-i-syndrome-idiopathic-scoliosis-polydiscopathia\\\/\"]}]},{\"@type\":\"BreadcrumbList\",\"@id\":\"https:\\\/\\\/institutchiaribcn.com\\\/ar\\\/celestina-marques-goncalves-cord-traction-syndrome-arnold-chiari-i-syndrome-idiopathic-scoliosis-polydiscopathia\\\/#breadcrumb\",\"itemListElement\":[{\"@type\":\"ListItem\",\"position\":1,\"name\":\"Portada\",\"item\":\"https:\\\/\\\/institutchiaribcn.com\\\/ar\\\/\"},{\"@type\":\"ListItem\",\"position\":2,\"name\":\"Testimonios\",\"item\":\"https:\\\/\\\/institutchiaribcn.com\\\/ar\\\/testimonios\\\/\"},{\"@type\":\"ListItem\",\"position\":3,\"name\":\"\u0633\u0644\u0633\u062a\u064a\u0646\u0627 \u0645\u0627\u0631\u0643\u064a\u0632 \u062c\u0648\u0646\u0632\u0627\u0644\u0641\u0633. \u0645\u062a\u0644\u0627\u0632\u0645\u0629 \u0627\u0644\u062c\u0631 \u0641\u064a \u0627\u0644\u062d\u0628\u0644 \u0627\u0644\u0634\u0648\u0643\u064a. \u0645\u062a\u0644\u0627\u0632\u0645\u0629 \u0623\u0631\u0646\u0648\u0644\u062f \u0634\u064a\u0627\u0631\u064a \u0627\u0644\u0623\u0648\u0644. \u062c\u0646\u0641 \u0645\u062c\u0647\u0648\u0644 \u0627\u0644\u0633\u0628\u0628. \u0627\u0646\u0632\u0644\u0627\u0642\u0627\u062a \u063a\u0636\u0631\u0648\u0641\u064a\u0629 \u0645\u062a\u0639\u062f\u062f\u0629\"}]},{\"@type\":\"WebSite\",\"@id\":\"https:\\\/\\\/institutchiaribcn.com\\\/ar\\\/#website\",\"url\":\"https:\\\/\\\/institutchiaribcn.com\\\/ar\\\/\",\"name\":\"Institut Chiari de Barcelona\",\"description\":\"\",\"publisher\":{\"@id\":\"https:\\\/\\\/institutchiaribcn.com\\\/ar\\\/#organization\"},\"potentialAction\":[{\"@type\":\"SearchAction\",\"target\":{\"@type\":\"EntryPoint\",\"urlTemplate\":\"https:\\\/\\\/institutchiaribcn.com\\\/ar\\\/?s={search_term_string}\"},\"query-input\":{\"@type\":\"PropertyValueSpecification\",\"valueRequired\":true,\"valueName\":\"search_term_string\"}}],\"inLanguage\":\"ar\"},{\"@type\":\"Organization\",\"@id\":\"https:\\\/\\\/institutchiaribcn.com\\\/ar\\\/#organization\",\"name\":\"Institut Chiari de Barcelona\",\"url\":\"https:\\\/\\\/institutchiaribcn.com\\\/ar\\\/\",\"logo\":{\"@type\":\"ImageObject\",\"inLanguage\":\"ar\",\"@id\":\"https:\\\/\\\/institutchiaribcn.com\\\/ar\\\/#\\\/schema\\\/logo\\\/image\\\/\",\"url\":\"https:\\\/\\\/institutchiaribcn.com\\\/wp-content\\\/uploads\\\/2025\\\/10\\\/cropped-cropped-icsebNavLogo-1.png\",\"contentUrl\":\"https:\\\/\\\/institutchiaribcn.com\\\/wp-content\\\/uploads\\\/2025\\\/10\\\/cropped-cropped-icsebNavLogo-1.png\",\"width\":245,\"height\":99,\"caption\":\"Institut Chiari de Barcelona\"},\"image\":{\"@id\":\"https:\\\/\\\/institutchiaribcn.com\\\/ar\\\/#\\\/schema\\\/logo\\\/image\\\/\"}}]}<\/script>\n<!-- \/ Yoast SEO plugin. -->","yoast_head_json":{"title":"\u0633\u064a\u0644\u064a\u0633\u062a\u064a\u0646\u0627 \u0645\u0627\u0631\u0643\u064a\u0632: \u062a\u0634\u064a\u0627\u0631\u064a I \u0648\u0627\u0646\u062d\u0646\u0627\u0621 \u0627\u0644\u0639\u0645\u0648\u062f \u0627\u0644\u0641\u0642\u0631\u064a | ICSEB","description":"\u062a\u0631\u0648\u064a \u0633\u064a\u0644\u0633\u062a\u064a\u0646\u0627 \u0645\u0627\u0631\u0643\u064a\u0632 \u063a\u0648\u0646\u0643\u0627\u0644\u0641\u064a\u0633 \u062a\u062c\u0631\u0628\u062a\u0647\u0627 \u0645\u0639 \u0645\u062a\u0644\u0627\u0632\u0645\u0629 \u062c\u0630\u0628 \u0627\u0644\u062d\u0628\u0644 \u0648Arnold\u2011Chiari I \u0648\u0627\u0644\u062c\u0646\u0641 \u0645\u062c\u0647\u0648\u0644 \u0627\u0644\u0633\u0628\u0628 \u0628\u0639\u062f \u0639\u0644\u0627\u062c Filum System \u0641\u064a \u0628\u0631\u0634\u0644\u0648\u0646\u0629.","robots":{"index":"index","follow":"follow","max-snippet":"max-snippet:-1","max-image-preview":"max-image-preview:large","max-video-preview":"max-video-preview:-1"},"canonical":"https:\/\/institutchiaribcn.com\/ar\/celestina-marques-goncalves-cord-traction-syndrome-arnold-chiari-i-syndrome-idiopathic-scoliosis-polydiscopathia\/","og_locale":"ar_AR","og_type":"article","og_title":"\u0633\u064a\u0644\u064a\u0633\u062a\u064a\u0646\u0627 \u0645\u0627\u0631\u0643\u064a\u0632: \u062a\u0634\u064a\u0627\u0631\u064a I \u0648\u0627\u0646\u062d\u0646\u0627\u0621 \u0627\u0644\u0639\u0645\u0648\u062f \u0627\u0644\u0641\u0642\u0631\u064a | ICSEB","og_description":"\u062a\u0631\u0648\u064a \u0633\u064a\u0644\u0633\u062a\u064a\u0646\u0627 \u0645\u0627\u0631\u0643\u064a\u0632 \u063a\u0648\u0646\u0643\u0627\u0644\u0641\u064a\u0633 \u062a\u062c\u0631\u0628\u062a\u0647\u0627 \u0645\u0639 \u0645\u062a\u0644\u0627\u0632\u0645\u0629 \u062c\u0630\u0628 \u0627\u0644\u062d\u0628\u0644 \u0648Arnold\u2011Chiari I \u0648\u0627\u0644\u062c\u0646\u0641 \u0645\u062c\u0647\u0648\u0644 \u0627\u0644\u0633\u0628\u0628 \u0628\u0639\u062f \u0639\u0644\u0627\u062c Filum System \u0641\u064a \u0628\u0631\u0634\u0644\u0648\u0646\u0629.","og_url":"https:\/\/institutchiaribcn.com\/ar\/celestina-marques-goncalves-cord-traction-syndrome-arnold-chiari-i-syndrome-idiopathic-scoliosis-polydiscopathia\/","og_site_name":"Institut Chiari Barcelona","article_modified_time":"2026-04-14T07:21:32+00:00","twitter_card":"summary_large_image","twitter_misc":{"\u0648\u0642\u062a \u0627\u0644\u0642\u0631\u0627\u0621\u0629 \u0627\u0644\u0645\u064f\u0642\u062f\u0651\u0631":"4 \u062f\u0642\u0627\u0626\u0642"},"schema":{"@context":"https:\/\/schema.org","@graph":[{"@type":"WebPage","@id":"https:\/\/institutchiaribcn.com\/ar\/celestina-marques-goncalves-cord-traction-syndrome-arnold-chiari-i-syndrome-idiopathic-scoliosis-polydiscopathia\/","url":"https:\/\/institutchiaribcn.com\/ar\/celestina-marques-goncalves-cord-traction-syndrome-arnold-chiari-i-syndrome-idiopathic-scoliosis-polydiscopathia\/","name":"\u0633\u064a\u0644\u064a\u0633\u062a\u064a\u0646\u0627 \u0645\u0627\u0631\u0643\u064a\u0632: \u062a\u0634\u064a\u0627\u0631\u064a I \u0648\u0627\u0646\u062d\u0646\u0627\u0621 \u0627\u0644\u0639\u0645\u0648\u062f \u0627\u0644\u0641\u0642\u0631\u064a | ICSEB","isPartOf":{"@id":"https:\/\/institutchiaribcn.com\/ar\/#website"},"datePublished":"2013-09-09T22:00:00+00:00","dateModified":"2026-04-14T07:21:32+00:00","description":"\u062a\u0631\u0648\u064a \u0633\u064a\u0644\u0633\u062a\u064a\u0646\u0627 \u0645\u0627\u0631\u0643\u064a\u0632 \u063a\u0648\u0646\u0643\u0627\u0644\u0641\u064a\u0633 \u062a\u062c\u0631\u0628\u062a\u0647\u0627 \u0645\u0639 \u0645\u062a\u0644\u0627\u0632\u0645\u0629 \u062c\u0630\u0628 \u0627\u0644\u062d\u0628\u0644 \u0648Arnold\u2011Chiari I \u0648\u0627\u0644\u062c\u0646\u0641 \u0645\u062c\u0647\u0648\u0644 \u0627\u0644\u0633\u0628\u0628 \u0628\u0639\u062f \u0639\u0644\u0627\u062c Filum System \u0641\u064a \u0628\u0631\u0634\u0644\u0648\u0646\u0629.","breadcrumb":{"@id":"https:\/\/institutchiaribcn.com\/ar\/celestina-marques-goncalves-cord-traction-syndrome-arnold-chiari-i-syndrome-idiopathic-scoliosis-polydiscopathia\/#breadcrumb"},"inLanguage":"ar","potentialAction":[{"@type":"ReadAction","target":["https:\/\/institutchiaribcn.com\/ar\/celestina-marques-goncalves-cord-traction-syndrome-arnold-chiari-i-syndrome-idiopathic-scoliosis-polydiscopathia\/"]}]},{"@type":"BreadcrumbList","@id":"https:\/\/institutchiaribcn.com\/ar\/celestina-marques-goncalves-cord-traction-syndrome-arnold-chiari-i-syndrome-idiopathic-scoliosis-polydiscopathia\/#breadcrumb","itemListElement":[{"@type":"ListItem","position":1,"name":"Portada","item":"https:\/\/institutchiaribcn.com\/ar\/"},{"@type":"ListItem","position":2,"name":"Testimonios","item":"https:\/\/institutchiaribcn.com\/ar\/testimonios\/"},{"@type":"ListItem","position":3,"name":"\u0633\u0644\u0633\u062a\u064a\u0646\u0627 \u0645\u0627\u0631\u0643\u064a\u0632 \u062c\u0648\u0646\u0632\u0627\u0644\u0641\u0633. \u0645\u062a\u0644\u0627\u0632\u0645\u0629 \u0627\u0644\u062c\u0631 \u0641\u064a \u0627\u0644\u062d\u0628\u0644 \u0627\u0644\u0634\u0648\u0643\u064a. \u0645\u062a\u0644\u0627\u0632\u0645\u0629 \u0623\u0631\u0646\u0648\u0644\u062f \u0634\u064a\u0627\u0631\u064a \u0627\u0644\u0623\u0648\u0644. \u062c\u0646\u0641 \u0645\u062c\u0647\u0648\u0644 \u0627\u0644\u0633\u0628\u0628. \u0627\u0646\u0632\u0644\u0627\u0642\u0627\u062a \u063a\u0636\u0631\u0648\u0641\u064a\u0629 \u0645\u062a\u0639\u062f\u062f\u0629"}]},{"@type":"WebSite","@id":"https:\/\/institutchiaribcn.com\/ar\/#website","url":"https:\/\/institutchiaribcn.com\/ar\/","name":"Institut Chiari de Barcelona","description":"","publisher":{"@id":"https:\/\/institutchiaribcn.com\/ar\/#organization"},"potentialAction":[{"@type":"SearchAction","target":{"@type":"EntryPoint","urlTemplate":"https:\/\/institutchiaribcn.com\/ar\/?s={search_term_string}"},"query-input":{"@type":"PropertyValueSpecification","valueRequired":true,"valueName":"search_term_string"}}],"inLanguage":"ar"},{"@type":"Organization","@id":"https:\/\/institutchiaribcn.com\/ar\/#organization","name":"Institut Chiari de Barcelona","url":"https:\/\/institutchiaribcn.com\/ar\/","logo":{"@type":"ImageObject","inLanguage":"ar","@id":"https:\/\/institutchiaribcn.com\/ar\/#\/schema\/logo\/image\/","url":"https:\/\/institutchiaribcn.com\/wp-content\/uploads\/2025\/10\/cropped-cropped-icsebNavLogo-1.png","contentUrl":"https:\/\/institutchiaribcn.com\/wp-content\/uploads\/2025\/10\/cropped-cropped-icsebNavLogo-1.png","width":245,"height":99,"caption":"Institut Chiari de Barcelona"},"image":{"@id":"https:\/\/institutchiaribcn.com\/ar\/#\/schema\/logo\/image\/"}}]}},"_links":{"self":[{"href":"https:\/\/institutchiaribcn.com\/ar\/wp-json\/wp\/v2\/testimonios\/58738","targetHints":{"allow":["GET"]}}],"collection":[{"href":"https:\/\/institutchiaribcn.com\/ar\/wp-json\/wp\/v2\/testimonios"}],"about":[{"href":"https:\/\/institutchiaribcn.com\/ar\/wp-json\/wp\/v2\/types\/testimonios"}],"wp:attachment":[{"href":"https:\/\/institutchiaribcn.com\/ar\/wp-json\/wp\/v2\/media?parent=58738"}],"wp:term":[{"taxonomy":"tipos-de-testimonio","embeddable":true,"href":"https:\/\/institutchiaribcn.com\/ar\/wp-json\/wp\/v2\/tipos-de-testimonio?post=58738"}],"curies":[{"name":"wp","href":"https:\/\/api.w.org\/{rel}","templated":true}]}}